{"id":3275,"date":"2023-10-03T10:53:57","date_gmt":"2023-10-03T08:53:57","guid":{"rendered":"http:\/\/www.lesautographes.com\/?page_id=3275"},"modified":"2023-10-03T11:05:40","modified_gmt":"2023-10-03T09:05:40","slug":"catalogue-2023","status":"publish","type":"page","link":"http:\/\/www.lesautographes.com\/?page_id=3275","title":{"rendered":"Catalogue 2023"},"content":{"rendered":"<div class='upcp-Hide-Item' id='upcp-shortcode-atts'><div class='shortcode-attr' id='upcp-catalogue-id'>23<\/div><div class='shortcode-attr' id='upcp-catalogue-sidebar'>Yes<\/div><div class='shortcode-attr' id='upcp-starting-layout'><\/div><div class='shortcode-attr' id='upcp-current-layout'><\/div><div class='shortcode-attr' id='upcp-exclude-layouts'>None<\/div><div class='shortcode-attr' id='upcp-current-page'>1<\/div><div class='shortcode-attr' id='upcp-products-per-page'>26<\/div><div class='shortcode-attr' id='upcp-default-search-text'> <\/div><div class='shortcode-attr' id='upcp-base-url'>\/index.php<\/div><\/div><div class='prod-cat-container'><style>.upcp-product-comparison-button { }\n.upcp-product-comparison-button span.compareSpan { }\n.upcp-product-comparison-button.comparisonClicked { }\n.upcp-product-comparison-button.comparisonClicked span.compareSpan { }\n.upcp-sale-flag { }\n.upcp-sale-flag span.saleSpan { }\n.upcp-details-icon {opacity: 0;}\ndiv.upcp-thumb-image-div img { border: None; }\n.upcp-thumb-image-div { }\n.upcp-thumb-image-div a { }\n.upcp-thumb-item {padding:0px;border-color:;}\n.upcp-thumb-title a {}\n.upcp-thumb-price {}\n.upcp-thumb-details-link {}\n.upcp-list-image-div img { }\n.upcp-list-image-div { height:200px ;background-color:#fafafa;}\n.upcp-list-item { margin-left:5px;margin-top:10px;padding:0px;}\n.upcp-list-details {min-height:240px;}\n.upcp-list-title {color:#1b8be0;}\n.upcp-list-price {color:#2e8f9a;}\n.upcp-list-details-link {}\ndiv.upcp-detail-image-div img { }\ndiv.upcp-detail-image-div { }\n.upcp-detail-item { padding:0px;margin:15px autopx;}\n.upcp-detail-title { color:#1b8be0;}\n.upcp-detail-price {}\n.upcp-detail-details-link { }\n.upcp-mid-detail-div { }\n.prod-cat-sidebar-cat-title h3 { }\n.prod-cat-sort-by, .prod-cat-text-search, .prod-cat-sidebar-cat-title span { }\n.prod-cat-sidebar-content .upcp-label { }\n.prod-cat-back-link a, .upcp-product-page-breadcrumbs a, .prod-cat-back-link, .upcp-product-page-breadcrumbs { }\n.prod-cat-back-link a:hover, .upcp-product-page-breadcrumbs a:hover { }\n.upcp-product-comparison-title a { }\n.upcp-product-comparison-price { }\n.prod-cat .pagination-links a { border: none;}\n.prod-cat .pagination-links a:hover { }\n<\/style><style type='text\/css'>.upcp-thumb-details-link, .upcp-list-details-link, .upcp-detail-details-link {background: url('http:\/\/www.lesautographes.com\/wp-content\/2017\/09\/FFFFFF-0.png') no-repeat;}<\/style><script language='JavaScript' type='text\/javascript'>var maintain_filtering = 'Yes';<\/script><form id='upcp-hidden-filtering-form' method='post' target='_self'><input type='hidden' id='upcp-selected-categories' name='categories' value='' \/><input type='hidden' id='upcp-selected-subcategories' name='sub-categories' value='' \/><input type='hidden' id='upcp-selected-tags' name='tags' value='' \/><input type='hidden' id='upcp-selected-prod-name' name='prod_name' value='' \/><input type='hidden' id='upcp-selected-current-page' name='current_page' value='' \/><input type='hidden' id='upcp-selected-current-url' name='current_url' value='http:\/\/www.lesautographes.com\/?page_id=3275' \/><\/form><script language='JavaScript' type='text\/javascript'>var max_price = '0';var min_price = '0';var currency_symbol = ' \u20ac';var symbol_position = 'After';var filtering_values = '[{\"ID\":\"4402\",\"Price\":\"3\\u00a0500 \",\"Category\":\"12\",\"SubCategory\":\"0\",\"Tags\":[],\"CustomFields\":[]},{\"ID\":\"4379\",\"Price\":\"4\\u00a0500 \",\"Category\":\"12\",\"SubCategory\":\"0\",\"Tags\":[],\"CustomFields\":[]},{\"ID\":\"4378\",\"Price\":\"12\\u00a0000 \",\"Category\":\"12\",\"SubCategory\":\"0\",\"Tags\":[],\"CustomFields\":[]},{\"ID\":\"4377\",\"Price\":\"7\\u00a0500 \",\"Category\":\"12\",\"SubCategory\":\"0\",\"Tags\":[],\"CustomFields\":[]},{\"ID\":\"4376\",\"Price\":\"4\\u00a0500 \",\"Category\":\"12\",\"SubCategory\":\"0\",\"Tags\":[],\"CustomFields\":[]},{\"ID\":\"4373\",\"Price\":\"5\\u00a0000 \",\"Category\":\"12\",\"SubCategory\":\"0\",\"Tags\":[],\"CustomFields\":[]},{\"ID\":\"4372\",\"Price\":\"13\\u00a0000 \",\"Category\":\"12\",\"SubCategory\":\"0\",\"Tags\":[],\"CustomFields\":[]},{\"ID\":\"4370\",\"Price\":\"3\\u00a0500 \",\"Category\":\"12\",\"SubCategory\":\"0\",\"Tags\":[],\"CustomFields\":[]},{\"ID\":\"4369\",\"Price\":\"3\\u00a0800 \",\"Category\":\"12\",\"SubCategory\":\"0\",\"Tags\":[],\"CustomFields\":[]},{\"ID\":\"4368\",\"Price\":\"4\\u00a0000 \",\"Category\":\"12\",\"SubCategory\":\"0\",\"Tags\":[],\"CustomFields\":[]},{\"ID\":\"4364\",\"Price\":\"5\\u00a0000 \",\"Category\":\"12\",\"SubCategory\":\"0\",\"Tags\":[],\"CustomFields\":[]},{\"ID\":\"4362\",\"Price\":\"16\\u00a0000 \",\"Category\":\"12\",\"SubCategory\":\"0\",\"Tags\":[],\"CustomFields\":[]},{\"ID\":\"4361\",\"Price\":\"5\\u00a0000 \",\"Category\":\"12\",\"SubCategory\":\"0\",\"Tags\":[],\"CustomFields\":[]},{\"ID\":\"4358\",\"Price\":\"2\\u00a0800 \",\"Category\":\"12\",\"SubCategory\":\"0\",\"Tags\":[],\"CustomFields\":[]},{\"ID\":\"4380\",\"Price\":\"6\\u00a0000 \",\"Category\":\"12\",\"SubCategory\":\"0\",\"Tags\":[],\"CustomFields\":[]},{\"ID\":\"4382\",\"Price\":\"8\\u00a0000 \",\"Category\":\"12\",\"SubCategory\":\"0\",\"Tags\":[],\"CustomFields\":[]},{\"ID\":\"4384\",\"Price\":\"10\\u00a0000 \",\"Category\":\"12\",\"SubCategory\":\"0\",\"Tags\":[],\"CustomFields\":[]},{\"ID\":\"4401\",\"Price\":\"6\\u00a0000 \",\"Category\":\"12\",\"SubCategory\":\"0\",\"Tags\":[],\"CustomFields\":[]},{\"ID\":\"4400\",\"Price\":\"3\\u00a0000 \",\"Category\":\"12\",\"SubCategory\":\"0\",\"Tags\":[],\"CustomFields\":[]},{\"ID\":\"4398\",\"Price\":\"3\\u00a0500 \",\"Category\":\"12\",\"SubCategory\":\"0\",\"Tags\":[],\"CustomFields\":[]},{\"ID\":\"4397\",\"Price\":\"5\\u00a0000 \",\"Category\":\"12\",\"SubCategory\":\"0\",\"Tags\":[],\"CustomFields\":[]},{\"ID\":\"4396\",\"Price\":\"5\\u00a0000 \",\"Category\":\"12\",\"SubCategory\":\"0\",\"Tags\":[],\"CustomFields\":[]},{\"ID\":\"4395\",\"Price\":\"4\\u00a0000 \",\"Category\":\"12\",\"SubCategory\":\"0\",\"Tags\":[],\"CustomFields\":[]},{\"ID\":\"4394\",\"Price\":\"15\\u00a0000 \",\"Category\":\"12\",\"SubCategory\":\"0\",\"Tags\":[],\"CustomFields\":[]},{\"ID\":\"4393\",\"Price\":\"6\\u00a0000 \",\"Category\":\"12\",\"SubCategory\":\"0\",\"Tags\":[],\"CustomFields\":[]},{\"ID\":\"4391\",\"Price\":\"3\\u00a0000 \",\"Category\":\"12\",\"SubCategory\":\"0\",\"Tags\":[],\"CustomFields\":[]},{\"ID\":\"4389\",\"Price\":\"2\\u00a0500 \",\"Category\":\"12\",\"SubCategory\":\"0\",\"Tags\":[],\"CustomFields\":[]},{\"ID\":\"4388\",\"Price\":\"4\\u00a0500 \",\"Category\":\"12\",\"SubCategory\":\"0\",\"Tags\":[],\"CustomFields\":[]},{\"ID\":\"4387\",\"Price\":\"8\\u00a0000 \",\"Category\":\"12\",\"SubCategory\":\"0\",\"Tags\":[],\"CustomFields\":[]},{\"ID\":\"4386\",\"Price\":\"3\\u00a0000 \",\"Category\":\"12\",\"SubCategory\":\"0\",\"Tags\":[],\"CustomFields\":[]},{\"ID\":\"4357\",\"Price\":\"6\\u00a0500 \",\"Category\":\"12\",\"SubCategory\":\"0\",\"Tags\":[],\"CustomFields\":[]},{\"ID\":\"4356\",\"Price\":\"15\\u00a0000 \",\"Category\":\"12\",\"SubCategory\":\"0\",\"Tags\":[],\"CustomFields\":[]},{\"ID\":\"4355\",\"Price\":\"2\\u00a0500 \",\"Category\":\"12\",\"SubCategory\":\"0\",\"Tags\":[],\"CustomFields\":[]},{\"ID\":\"4323\",\"Price\":\"30\\u00a0000 \",\"Category\":\"12\",\"SubCategory\":\"0\",\"Tags\":[],\"CustomFields\":[]},{\"ID\":\"4321\",\"Price\":\"2\\u00a0500 \",\"Category\":\"12\",\"SubCategory\":\"0\",\"Tags\":[],\"CustomFields\":[]},{\"ID\":\"4320\",\"Price\":\"3\\u00a0000 \",\"Category\":\"12\",\"SubCategory\":\"0\",\"Tags\":[],\"CustomFields\":[]},{\"ID\":\"4319\",\"Price\":\"3\\u00a0000 \",\"Category\":\"12\",\"SubCategory\":\"0\",\"Tags\":[],\"CustomFields\":[]},{\"ID\":\"4312\",\"Price\":\"15\\u00a0000 \",\"Category\":\"12\",\"SubCategory\":\"0\",\"Tags\":[],\"CustomFields\":[]},{\"ID\":\"4304\",\"Price\":\"50\\u00a0000 \",\"Category\":\"12\",\"SubCategory\":\"0\",\"Tags\":[],\"CustomFields\":[]},{\"ID\":\"4303\",\"Price\":\"27\\u00a0000 \",\"Category\":\"12\",\"SubCategory\":\"0\",\"Tags\":[],\"CustomFields\":[]},{\"ID\":\"4301\",\"Price\":\"\\u00a0\",\"Category\":\"12\",\"SubCategory\":\"0\",\"Tags\":[],\"CustomFields\":[]},{\"ID\":\"4300\",\"Price\":\"8\\u00a0000 \",\"Category\":\"12\",\"SubCategory\":\"0\",\"Tags\":[],\"CustomFields\":[]},{\"ID\":\"4299\",\"Price\":\"3\\u00a0000 \",\"Category\":\"12\",\"SubCategory\":\"0\",\"Tags\":[],\"CustomFields\":[]},{\"ID\":\"4298\",\"Price\":\"7\\u00a0000 \",\"Category\":\"12\",\"SubCategory\":\"0\",\"Tags\":[],\"CustomFields\":[]},{\"ID\":\"4297\",\"Price\":\"15\\u00a0000 \",\"Category\":\"12\",\"SubCategory\":\"0\",\"Tags\":[],\"CustomFields\":[]},{\"ID\":\"4296\",\"Price\":\"18\\u00a0000 \",\"Category\":\"12\",\"SubCategory\":\"0\",\"Tags\":[],\"CustomFields\":[]},{\"ID\":\"4324\",\"Price\":\"8\\u00a0000 \",\"Category\":\"12\",\"SubCategory\":\"0\",\"Tags\":[],\"CustomFields\":[]},{\"ID\":\"4325\",\"Price\":\"30\\u00a0000 \",\"Category\":\"12\",\"SubCategory\":\"0\",\"Tags\":[],\"CustomFields\":[]},{\"ID\":\"4328\",\"Price\":\"15\\u00a0000 \",\"Category\":\"12\",\"SubCategory\":\"0\",\"Tags\":[],\"CustomFields\":[]},{\"ID\":\"4354\",\"Price\":\"9\\u00a0500 \",\"Category\":\"12\",\"SubCategory\":\"0\",\"Tags\":[],\"CustomFields\":[]},{\"ID\":\"4350\",\"Price\":\"15\\u00a0000 \",\"Category\":\"12\",\"SubCategory\":\"0\",\"Tags\":[],\"CustomFields\":[]},{\"ID\":\"4349\",\"Price\":\"2\\u00a0500 \",\"Category\":\"12\",\"SubCategory\":\"0\",\"Tags\":[],\"CustomFields\":[]},{\"ID\":\"4348\",\"Price\":\"5\\u00a0000 \",\"Category\":\"12\",\"SubCategory\":\"0\",\"Tags\":[],\"CustomFields\":[]},{\"ID\":\"4347\",\"Price\":\"28\\u00a0000 \",\"Category\":\"12\",\"SubCategory\":\"0\",\"Tags\":[],\"CustomFields\":[]},{\"ID\":\"4346\",\"Price\":\"3\\u00a0800 \",\"Category\":\"12\",\"SubCategory\":\"0\",\"Tags\":[],\"CustomFields\":[]},{\"ID\":\"4345\",\"Price\":\"6\\u00a0000 \",\"Category\":\"12\",\"SubCategory\":\"0\",\"Tags\":[],\"CustomFields\":[]},{\"ID\":\"4344\",\"Price\":\"20\\u00a0000 \",\"Category\":\"12\",\"SubCategory\":\"0\",\"Tags\":[],\"CustomFields\":[]},{\"ID\":\"4336\",\"Price\":\"6\\u00a0500 \",\"Category\":\"12\",\"SubCategory\":\"0\",\"Tags\":[],\"CustomFields\":[]},{\"ID\":\"4335\",\"Price\":\"7\\u00a0500 \",\"Category\":\"12\",\"SubCategory\":\"0\",\"Tags\":[],\"CustomFields\":[]},{\"ID\":\"4334\",\"Price\":\"60\\u00a0000 \",\"Category\":\"12\",\"SubCategory\":\"0\",\"Tags\":[],\"CustomFields\":[]},{\"ID\":\"4332\",\"Price\":\"12\\u00a0000 \",\"Category\":\"12\",\"SubCategory\":\"0\",\"Tags\":[],\"CustomFields\":[]},{\"ID\":\"4330\",\"Price\":\"5\\u00a0000 \",\"Category\":\"12\",\"SubCategory\":\"0\",\"Tags\":[],\"CustomFields\":[]},{\"ID\":\"4295\",\"Price\":\"3\\u00a0500 \",\"Category\":\"12\",\"SubCategory\":\"0\",\"Tags\":[],\"CustomFields\":[]}]';<\/script><div class='prod-cat-header-div Black-prod-cat-header-div'><div class='prod-cat-header-padding'><\/div><div id='starting-layout' class='hidden-field'>Thumbnail<\/div><a href='#' onclick='ToggleView(\"Thumbnail\");return false;' title='Thumbnail'><div class='upcp-thumb-toggle-icon Black-thumb-icon'><\/div><\/a><a href='#' onclick='ToggleView(\"List\"); return false;' title='List'><div class='upcp-list-toggle-icon Black-list-icon'><\/div><\/a><a href='#' onclick='ToggleView(\"Detail\"); return false;' title='Detail'><div class='upcp-details-toggle-icon Black-details-icon'><\/div><\/a><div class='upcp-clear'><\/div><\/div><div id='prod-cat-sidebar-' class='prod-cat-sidebar '>\n<form onsubmit='return false;' name='Product_Catalog_Sidebar_Form'>\n<div id='prod-cat-text-search' class='prod-cat-text-search'>\nRechercher un produit<br \/><div class='styled-input'><input type='text' id='upcp-name-search' class='jquery-prod-name-text' name='Text_Search' value=' ' onfocus='FieldFocus(this);' onblur='FieldBlur(this);' onkeyup='UPCP_DisplayPage(\"1\");'>\n<\/div><\/div>\n<div id='prod-cat-sidebar-category-div-' class='prod-cat-sidebar-category-div'>\n<div id='prod-cat-sidebar-category-title-' class='prod-cat-sidebar-cat-title prod-cat-sidebar-category-title prod-cat-sidebar-hover-none' data-title='1'><h3>Cat\u00e9gories:<\/h3><\/div>\n<div class='prod-cat-sidebar-content prod-cat-sidebar-category-content ' data-title='1' >\n<div id='prod-cat-sidebar-category-item-12' class='prod-cat-sidebar-category prod-sidebar-checkbox-none checkbox-color-Black'>\n<input type='checkbox' name='Category' value='12' onclick='UPCP_DisplayPage(\"1\"); UPCPHighlight(this, \"Black\");' id='cat-12' class='jquery-prod-cat-value'><label class='upcp-label' for='cat-12'> <span>Catalogue 2023 <span>(63)<\/span><\/span><\/label>\n<\/div>\n<\/div>\n<\/div>\n<\/form>\n<\/div>\n<div class='prod-cat-inner upcp-infinite-scroll'><div id='prod-cat-23' class='prod-cat thumb-display '>\n<div id='prod-cat-category-12' class='prod-cat-category upcp-thumb-category'>\n<div id='prod-cat-category-label-12' class='prod-cat-category-label upcp-thumb-category-label'><div class='prod-cat-category-name'>Catalogue 2023<\/div><\/div><div id='prod-cat-thumb-item-4402' class='prod-cat-item upcp-thumb-item  ' data-itemid='4402'>\n<div id='prod-cat-thumb-div-4402' class='prod-cat-thumb-image-div upcp-thumb-image-div'><a class='upcp-catalogue-link '  href='\/index.php?rest_route=%2Fwp%2Fv2%2Fpages%2F3275&SingleProduct=4402' onclick='RecordView(4402);'><img src='http:\/\/www.lesautographes.com\/wp-content\/uploads\/2023\/10\/109.jpg' alt='109 Jacques PR\u00c9VERT (1900-1977) po\u00e8te Image' id='prod-cat-thumb-4402' class='prod-cat-thumb-image upcp-thumb-image'><\/a><\/div>\n<div id='prod-cat-title-4402' class='prod-cat-title upcp-thumb-title'><a class='upcp-catalogue-link no-underline '  href='\/index.php?rest_route=%2Fwp%2Fv2%2Fpages%2F3275&SingleProduct=4402' onclick='RecordView(4402);'>109 Jacques PR\u00c9VERT (1900-1977) po\u00e8te<\/a><div class='upcp-prod-desc-custom-fields upcp-custom-field-thumbs'><\/div><\/div>\n<div id='prod-cat-price-4402' class='prod-cat-price upcp-thumb-price' data-item_price='3\u00a0500  \u20ac'><span class='full-price' itemprop='offers' itemscope itemtype='http:\/\/schema.org\/Offer'><span itemprop='price' content='3\u00a0500 '>3\u00a0500 <\/span><span itemprop='priceCurrency' content=''> \u20ac<\/span><\/span><\/div>\n<a class='upcp-catalogue-link '  href='\/index.php?rest_route=%2Fwp%2Fv2%2Fpages%2F3275&SingleProduct=4402' onclick='RecordView(4402);'><div id='prod-cat-details-link-4402' class='prod-cat-details-link upcp-thumb-details-link'><span class='upcp-details-text'>d\u00e9tails<\/span><span class='upcp-details-icon'>s<\/span><\/div>\n<\/a><\/div>\n<div id='prod-cat-thumb-item-4379' class='prod-cat-item upcp-thumb-item  ' data-itemid='4379'>\n<div id='prod-cat-thumb-div-4379' class='prod-cat-thumb-image-div upcp-thumb-image-div'><a class='upcp-catalogue-link '  href='\/index.php?rest_route=%2Fwp%2Fv2%2Fpages%2F3275&SingleProduct=4379' onclick='RecordView(4379);'><img src='http:\/\/www.lesautographes.com\/wp-content\/uploads\/2023\/10\/86.jpg' alt='086 Valery LARBAUD (1881-1957) \u00e9crivain Image' id='prod-cat-thumb-4379' class='prod-cat-thumb-image upcp-thumb-image'><\/a><\/div>\n<div id='prod-cat-title-4379' class='prod-cat-title upcp-thumb-title'><a class='upcp-catalogue-link no-underline '  href='\/index.php?rest_route=%2Fwp%2Fv2%2Fpages%2F3275&SingleProduct=4379' onclick='RecordView(4379);'>086 Valery LARBAUD (1881-1957) \u00e9crivain<\/a><div class='upcp-prod-desc-custom-fields upcp-custom-field-thumbs'><\/div><\/div>\n<div id='prod-cat-price-4379' class='prod-cat-price upcp-thumb-price' data-item_price='4\u00a0500  \u20ac'><span class='full-price' itemprop='offers' itemscope itemtype='http:\/\/schema.org\/Offer'><span itemprop='price' content='4\u00a0500 '>4\u00a0500 <\/span><span itemprop='priceCurrency' content=''> \u20ac<\/span><\/span><\/div>\n<a class='upcp-catalogue-link '  href='\/index.php?rest_route=%2Fwp%2Fv2%2Fpages%2F3275&SingleProduct=4379' onclick='RecordView(4379);'><div id='prod-cat-details-link-4379' class='prod-cat-details-link upcp-thumb-details-link'><span class='upcp-details-text'>d\u00e9tails<\/span><span class='upcp-details-icon'>s<\/span><\/div>\n<\/a><\/div>\n<div id='prod-cat-thumb-item-4378' class='prod-cat-item upcp-thumb-item  ' data-itemid='4378'>\n<div id='prod-cat-thumb-div-4378' class='prod-cat-thumb-image-div upcp-thumb-image-div'><a class='upcp-catalogue-link '  href='\/index.php?rest_route=%2Fwp%2Fv2%2Fpages%2F3275&SingleProduct=4378' onclick='RecordView(4378);'><img src='http:\/\/www.lesautographes.com\/wp-content\/uploads\/2023\/10\/85.jpg' alt='085 Francis POULENC (1899-1963) compositeur Image' id='prod-cat-thumb-4378' class='prod-cat-thumb-image upcp-thumb-image'><\/a><\/div>\n<div id='prod-cat-title-4378' class='prod-cat-title upcp-thumb-title'><a class='upcp-catalogue-link no-underline '  href='\/index.php?rest_route=%2Fwp%2Fv2%2Fpages%2F3275&SingleProduct=4378' onclick='RecordView(4378);'>085 Francis POULENC (1899-1963) compositeur<\/a><div class='upcp-prod-desc-custom-fields upcp-custom-field-thumbs'><\/div><\/div>\n<div id='prod-cat-price-4378' class='prod-cat-price upcp-thumb-price' data-item_price='12\u00a0000  \u20ac'><span class='full-price' itemprop='offers' itemscope itemtype='http:\/\/schema.org\/Offer'><span itemprop='price' content='12\u00a0000 '>12\u00a0000 <\/span><span itemprop='priceCurrency' content=''> \u20ac<\/span><\/span><\/div>\n<a class='upcp-catalogue-link '  href='\/index.php?rest_route=%2Fwp%2Fv2%2Fpages%2F3275&SingleProduct=4378' onclick='RecordView(4378);'><div id='prod-cat-details-link-4378' class='prod-cat-details-link upcp-thumb-details-link'><span class='upcp-details-text'>d\u00e9tails<\/span><span class='upcp-details-icon'>s<\/span><\/div>\n<\/a><\/div>\n<div id='prod-cat-thumb-item-4377' class='prod-cat-item upcp-thumb-item  ' data-itemid='4377'>\n<div id='prod-cat-thumb-div-4377' class='prod-cat-thumb-image-div upcp-thumb-image-div'><a class='upcp-catalogue-link '  href='\/index.php?rest_route=%2Fwp%2Fv2%2Fpages%2F3275&SingleProduct=4377' onclick='RecordView(4377);'><img src='http:\/\/www.lesautographes.com\/wp-content\/uploads\/2023\/10\/83.jpg' alt='083 Andr\u00e9 MESSAGER (1853-1929) compositeur Image' id='prod-cat-thumb-4377' class='prod-cat-thumb-image upcp-thumb-image'><\/a><\/div>\n<div id='prod-cat-title-4377' class='prod-cat-title upcp-thumb-title'><a class='upcp-catalogue-link no-underline '  href='\/index.php?rest_route=%2Fwp%2Fv2%2Fpages%2F3275&SingleProduct=4377' onclick='RecordView(4377);'>083 Andr\u00e9 MESSAGER (1853-1929) compositeur<\/a><div class='upcp-prod-desc-custom-fields upcp-custom-field-thumbs'><\/div><\/div>\n<div id='prod-cat-price-4377' class='prod-cat-price upcp-thumb-price' data-item_price='7\u00a0500  \u20ac'><span class='full-price' itemprop='offers' itemscope itemtype='http:\/\/schema.org\/Offer'><span itemprop='price' content='7\u00a0500 '>7\u00a0500 <\/span><span itemprop='priceCurrency' content=''> \u20ac<\/span><\/span><\/div>\n<a class='upcp-catalogue-link '  href='\/index.php?rest_route=%2Fwp%2Fv2%2Fpages%2F3275&SingleProduct=4377' onclick='RecordView(4377);'><div id='prod-cat-details-link-4377' class='prod-cat-details-link upcp-thumb-details-link'><span class='upcp-details-text'>d\u00e9tails<\/span><span class='upcp-details-icon'>s<\/span><\/div>\n<\/a><\/div>\n<div id='prod-cat-thumb-item-4376' class='prod-cat-item upcp-thumb-item  ' data-itemid='4376'>\n<div id='prod-cat-thumb-div-4376' class='prod-cat-thumb-image-div upcp-thumb-image-div'><a class='upcp-catalogue-link '  href='\/index.php?rest_route=%2Fwp%2Fv2%2Fpages%2F3275&SingleProduct=4376' onclick='RecordView(4376);'><img src='http:\/\/www.lesautographes.com\/wp-content\/uploads\/2023\/10\/82.jpg' alt='082 Pierre DRIEU LA ROCHELLE (1893-1945) \u00e9crivain Image' id='prod-cat-thumb-4376' class='prod-cat-thumb-image upcp-thumb-image'><\/a><\/div>\n<div id='prod-cat-title-4376' class='prod-cat-title upcp-thumb-title'><a class='upcp-catalogue-link no-underline '  href='\/index.php?rest_route=%2Fwp%2Fv2%2Fpages%2F3275&SingleProduct=4376' onclick='RecordView(4376);'>082 Pierre DRIEU LA ROCHELLE (1893-1945) \u00e9crivain<\/a><div class='upcp-prod-desc-custom-fields upcp-custom-field-thumbs'><\/div><\/div>\n<div id='prod-cat-price-4376' class='prod-cat-price upcp-thumb-price' data-item_price='4\u00a0500  \u20ac'><span class='full-price' itemprop='offers' itemscope itemtype='http:\/\/schema.org\/Offer'><span itemprop='price' content='4\u00a0500 '>4\u00a0500 <\/span><span itemprop='priceCurrency' content=''> \u20ac<\/span><\/span><\/div>\n<a class='upcp-catalogue-link '  href='\/index.php?rest_route=%2Fwp%2Fv2%2Fpages%2F3275&SingleProduct=4376' onclick='RecordView(4376);'><div id='prod-cat-details-link-4376' class='prod-cat-details-link upcp-thumb-details-link'><span class='upcp-details-text'>d\u00e9tails<\/span><span class='upcp-details-icon'>s<\/span><\/div>\n<\/a><\/div>\n<div id='prod-cat-thumb-item-4373' class='prod-cat-item upcp-thumb-item  ' data-itemid='4373'>\n<div id='prod-cat-thumb-div-4373' class='prod-cat-thumb-image-div upcp-thumb-image-div'><a class='upcp-catalogue-link '  href='\/index.php?rest_route=%2Fwp%2Fv2%2Fpages%2F3275&SingleProduct=4373' onclick='RecordView(4373);'><img src='http:\/\/www.lesautographes.com\/wp-content\/uploads\/2023\/10\/79.jpg' alt='079 Andr\u00e9 BRETON (1896-1966) po\u00e8te Image' id='prod-cat-thumb-4373' class='prod-cat-thumb-image upcp-thumb-image'><\/a><\/div>\n<div id='prod-cat-title-4373' class='prod-cat-title upcp-thumb-title'><a class='upcp-catalogue-link no-underline '  href='\/index.php?rest_route=%2Fwp%2Fv2%2Fpages%2F3275&SingleProduct=4373' onclick='RecordView(4373);'>079 Andr\u00e9 BRETON (1896-1966) po\u00e8te<\/a><div class='upcp-prod-desc-custom-fields upcp-custom-field-thumbs'><\/div><\/div>\n<div id='prod-cat-price-4373' class='prod-cat-price upcp-thumb-price' data-item_price='5\u00a0000  \u20ac'><span class='full-price' itemprop='offers' itemscope itemtype='http:\/\/schema.org\/Offer'><span itemprop='price' content='5\u00a0000 '>5\u00a0000 <\/span><span itemprop='priceCurrency' content=''> \u20ac<\/span><\/span><\/div>\n<a class='upcp-catalogue-link '  href='\/index.php?rest_route=%2Fwp%2Fv2%2Fpages%2F3275&SingleProduct=4373' onclick='RecordView(4373);'><div id='prod-cat-details-link-4373' class='prod-cat-details-link upcp-thumb-details-link'><span class='upcp-details-text'>d\u00e9tails<\/span><span class='upcp-details-icon'>s<\/span><\/div>\n<\/a><\/div>\n<div id='prod-cat-thumb-item-4372' class='prod-cat-item upcp-thumb-item  ' data-itemid='4372'>\n<div id='prod-cat-thumb-div-4372' class='prod-cat-thumb-image-div upcp-thumb-image-div'><a class='upcp-catalogue-link '  href='\/index.php?rest_route=%2Fwp%2Fv2%2Fpages%2F3275&SingleProduct=4372' onclick='RecordView(4372);'><img src='http:\/\/www.lesautographes.com\/wp-content\/uploads\/2023\/10\/78.jpg' alt='078 Claude DEBUSSY (1862-1918) compositeur Image' id='prod-cat-thumb-4372' class='prod-cat-thumb-image upcp-thumb-image'><\/a><\/div>\n<div id='prod-cat-title-4372' class='prod-cat-title upcp-thumb-title'><a class='upcp-catalogue-link no-underline '  href='\/index.php?rest_route=%2Fwp%2Fv2%2Fpages%2F3275&SingleProduct=4372' onclick='RecordView(4372);'>078 Claude DEBUSSY (1862-1918) compositeur<\/a><div class='upcp-prod-desc-custom-fields upcp-custom-field-thumbs'><\/div><\/div>\n<div id='prod-cat-price-4372' class='prod-cat-price upcp-thumb-price' data-item_price='13\u00a0000  \u20ac'><span class='full-price' itemprop='offers' itemscope itemtype='http:\/\/schema.org\/Offer'><span itemprop='price' content='13\u00a0000 '>13\u00a0000 <\/span><span itemprop='priceCurrency' content=''> \u20ac<\/span><\/span><\/div>\n<a class='upcp-catalogue-link '  href='\/index.php?rest_route=%2Fwp%2Fv2%2Fpages%2F3275&SingleProduct=4372' onclick='RecordView(4372);'><div id='prod-cat-details-link-4372' class='prod-cat-details-link upcp-thumb-details-link'><span class='upcp-details-text'>d\u00e9tails<\/span><span class='upcp-details-icon'>s<\/span><\/div>\n<\/a><\/div>\n<div id='prod-cat-thumb-item-4370' class='prod-cat-item upcp-thumb-item  ' data-itemid='4370'>\n<div id='prod-cat-thumb-div-4370' class='prod-cat-thumb-image-div upcp-thumb-image-div'><a class='upcp-catalogue-link '  href='\/index.php?rest_route=%2Fwp%2Fv2%2Fpages%2F3275&SingleProduct=4370' onclick='RecordView(4370);'><img src='http:\/\/www.lesautographes.com\/wp-content\/uploads\/2023\/10\/76.jpg' alt='076 Charles P\u00c9GUY (1873-1914) \u00e9crivain Image' id='prod-cat-thumb-4370' class='prod-cat-thumb-image upcp-thumb-image'><\/a><\/div>\n<div id='prod-cat-title-4370' class='prod-cat-title upcp-thumb-title'><a class='upcp-catalogue-link no-underline '  href='\/index.php?rest_route=%2Fwp%2Fv2%2Fpages%2F3275&SingleProduct=4370' onclick='RecordView(4370);'>076 Charles P\u00c9GUY (1873-1914) \u00e9crivain<\/a><div class='upcp-prod-desc-custom-fields upcp-custom-field-thumbs'><\/div><\/div>\n<div id='prod-cat-price-4370' class='prod-cat-price upcp-thumb-price' data-item_price='3\u00a0500  \u20ac'><span class='full-price' itemprop='offers' itemscope itemtype='http:\/\/schema.org\/Offer'><span itemprop='price' content='3\u00a0500 '>3\u00a0500 <\/span><span itemprop='priceCurrency' content=''> \u20ac<\/span><\/span><\/div>\n<a class='upcp-catalogue-link '  href='\/index.php?rest_route=%2Fwp%2Fv2%2Fpages%2F3275&SingleProduct=4370' onclick='RecordView(4370);'><div id='prod-cat-details-link-4370' class='prod-cat-details-link upcp-thumb-details-link'><span class='upcp-details-text'>d\u00e9tails<\/span><span class='upcp-details-icon'>s<\/span><\/div>\n<\/a><\/div>\n<div id='prod-cat-thumb-item-4369' class='prod-cat-item upcp-thumb-item  ' data-itemid='4369'>\n<div id='prod-cat-thumb-div-4369' class='prod-cat-thumb-image-div upcp-thumb-image-div'><a class='upcp-catalogue-link '  href='\/index.php?rest_route=%2Fwp%2Fv2%2Fpages%2F3275&SingleProduct=4369' onclick='RecordView(4369);'><img src='http:\/\/www.lesautographes.com\/wp-content\/uploads\/2023\/10\/75.jpg' alt='075 Paul L\u00c9AUTAUD (1872-1956) \u00e9crivain Image' id='prod-cat-thumb-4369' class='prod-cat-thumb-image upcp-thumb-image'><\/a><\/div>\n<div id='prod-cat-title-4369' class='prod-cat-title upcp-thumb-title'><a class='upcp-catalogue-link no-underline '  href='\/index.php?rest_route=%2Fwp%2Fv2%2Fpages%2F3275&SingleProduct=4369' onclick='RecordView(4369);'>075 Paul L\u00c9AUTAUD (1872-1956) \u00e9crivain<\/a><div class='upcp-prod-desc-custom-fields upcp-custom-field-thumbs'><\/div><\/div>\n<div id='prod-cat-price-4369' class='prod-cat-price upcp-thumb-price' data-item_price='3\u00a0800  \u20ac'><span class='full-price' itemprop='offers' itemscope itemtype='http:\/\/schema.org\/Offer'><span itemprop='price' content='3\u00a0800 '>3\u00a0800 <\/span><span itemprop='priceCurrency' content=''> \u20ac<\/span><\/span><\/div>\n<a class='upcp-catalogue-link '  href='\/index.php?rest_route=%2Fwp%2Fv2%2Fpages%2F3275&SingleProduct=4369' onclick='RecordView(4369);'><div id='prod-cat-details-link-4369' class='prod-cat-details-link upcp-thumb-details-link'><span class='upcp-details-text'>d\u00e9tails<\/span><span class='upcp-details-icon'>s<\/span><\/div>\n<\/a><\/div>\n<div id='prod-cat-thumb-item-4368' class='prod-cat-item upcp-thumb-item  ' data-itemid='4368'>\n<div id='prod-cat-thumb-div-4368' class='prod-cat-thumb-image-div upcp-thumb-image-div'><a class='upcp-catalogue-link '  href='\/index.php?rest_route=%2Fwp%2Fv2%2Fpages%2F3275&SingleProduct=4368' onclick='RecordView(4368);'><img src='http:\/\/www.lesautographes.com\/wp-content\/uploads\/2023\/10\/74.jpg' alt='074 Jean GIRAUDOUX (1882-1944) \u00e9crivain Image' id='prod-cat-thumb-4368' class='prod-cat-thumb-image upcp-thumb-image'><\/a><\/div>\n<div id='prod-cat-title-4368' class='prod-cat-title upcp-thumb-title'><a class='upcp-catalogue-link no-underline '  href='\/index.php?rest_route=%2Fwp%2Fv2%2Fpages%2F3275&SingleProduct=4368' onclick='RecordView(4368);'>074 Jean GIRAUDOUX (1882-1944) \u00e9crivain<\/a><div class='upcp-prod-desc-custom-fields upcp-custom-field-thumbs'><\/div><\/div>\n<div id='prod-cat-price-4368' class='prod-cat-price upcp-thumb-price' data-item_price='4\u00a0000  \u20ac'><span class='full-price' itemprop='offers' itemscope itemtype='http:\/\/schema.org\/Offer'><span itemprop='price' content='4\u00a0000 '>4\u00a0000 <\/span><span itemprop='priceCurrency' content=''> \u20ac<\/span><\/span><\/div>\n<a class='upcp-catalogue-link '  href='\/index.php?rest_route=%2Fwp%2Fv2%2Fpages%2F3275&SingleProduct=4368' onclick='RecordView(4368);'><div id='prod-cat-details-link-4368' class='prod-cat-details-link upcp-thumb-details-link'><span class='upcp-details-text'>d\u00e9tails<\/span><span class='upcp-details-icon'>s<\/span><\/div>\n<\/a><\/div>\n<div id='prod-cat-thumb-item-4364' class='prod-cat-item upcp-thumb-item  ' data-itemid='4364'>\n<div id='prod-cat-thumb-div-4364' class='prod-cat-thumb-image-div upcp-thumb-image-div'><a class='upcp-catalogue-link '  href='\/index.php?rest_route=%2Fwp%2Fv2%2Fpages%2F3275&SingleProduct=4364' onclick='RecordView(4364);'><img src='http:\/\/www.lesautographes.com\/wp-content\/uploads\/2023\/10\/70.jpg' alt='070 Joris-Karl HUYSMANS (1848-1907) \u00e9crivain Image' id='prod-cat-thumb-4364' class='prod-cat-thumb-image upcp-thumb-image'><\/a><\/div>\n<div id='prod-cat-title-4364' class='prod-cat-title upcp-thumb-title'><a class='upcp-catalogue-link no-underline '  href='\/index.php?rest_route=%2Fwp%2Fv2%2Fpages%2F3275&SingleProduct=4364' onclick='RecordView(4364);'>070 Joris-Karl HUYSMANS (1848-1907) \u00e9crivain<\/a><div class='upcp-prod-desc-custom-fields upcp-custom-field-thumbs'><\/div><\/div>\n<div id='prod-cat-price-4364' class='prod-cat-price upcp-thumb-price' data-item_price='5\u00a0000  \u20ac'><span class='full-price' itemprop='offers' itemscope itemtype='http:\/\/schema.org\/Offer'><span itemprop='price' content='5\u00a0000 '>5\u00a0000 <\/span><span itemprop='priceCurrency' content=''> \u20ac<\/span><\/span><\/div>\n<a class='upcp-catalogue-link '  href='\/index.php?rest_route=%2Fwp%2Fv2%2Fpages%2F3275&SingleProduct=4364' onclick='RecordView(4364);'><div id='prod-cat-details-link-4364' class='prod-cat-details-link upcp-thumb-details-link'><span class='upcp-details-text'>d\u00e9tails<\/span><span class='upcp-details-icon'>s<\/span><\/div>\n<\/a><\/div>\n<div id='prod-cat-thumb-item-4362' class='prod-cat-item upcp-thumb-item  ' data-itemid='4362'>\n<div id='prod-cat-thumb-div-4362' class='prod-cat-thumb-image-div upcp-thumb-image-div'><a class='upcp-catalogue-link '  href='\/index.php?rest_route=%2Fwp%2Fv2%2Fpages%2F3275&SingleProduct=4362' onclick='RecordView(4362);'><img src='http:\/\/www.lesautographes.com\/wp-content\/uploads\/2023\/10\/68.jpg' alt='068 Jean de TINAN (1874-1898) \u00e9crivain Image' id='prod-cat-thumb-4362' class='prod-cat-thumb-image upcp-thumb-image'><\/a><\/div>\n<div id='prod-cat-title-4362' class='prod-cat-title upcp-thumb-title'><a class='upcp-catalogue-link no-underline '  href='\/index.php?rest_route=%2Fwp%2Fv2%2Fpages%2F3275&SingleProduct=4362' onclick='RecordView(4362);'>068 Jean de TINAN (1874-1898) \u00e9crivain<\/a><div class='upcp-prod-desc-custom-fields upcp-custom-field-thumbs'><\/div><\/div>\n<div id='prod-cat-price-4362' class='prod-cat-price upcp-thumb-price' data-item_price='16\u00a0000  \u20ac'><span class='full-price' itemprop='offers' itemscope itemtype='http:\/\/schema.org\/Offer'><span itemprop='price' content='16\u00a0000 '>16\u00a0000 <\/span><span itemprop='priceCurrency' content=''> \u20ac<\/span><\/span><\/div>\n<a class='upcp-catalogue-link '  href='\/index.php?rest_route=%2Fwp%2Fv2%2Fpages%2F3275&SingleProduct=4362' onclick='RecordView(4362);'><div id='prod-cat-details-link-4362' class='prod-cat-details-link upcp-thumb-details-link'><span class='upcp-details-text'>d\u00e9tails<\/span><span class='upcp-details-icon'>s<\/span><\/div>\n<\/a><\/div>\n<div id='prod-cat-thumb-item-4361' class='prod-cat-item upcp-thumb-item  ' data-itemid='4361'>\n<div id='prod-cat-thumb-div-4361' class='prod-cat-thumb-image-div upcp-thumb-image-div'><a class='upcp-catalogue-link '  href='\/index.php?rest_route=%2Fwp%2Fv2%2Fpages%2F3275&SingleProduct=4361' onclick='RecordView(4361);'><img src='http:\/\/www.lesautographes.com\/wp-content\/uploads\/2023\/10\/67.jpg' alt='067 Ernest CHAUSSON (1855-1899) compositeur Image' id='prod-cat-thumb-4361' class='prod-cat-thumb-image upcp-thumb-image'><\/a><\/div>\n<div id='prod-cat-title-4361' class='prod-cat-title upcp-thumb-title'><a class='upcp-catalogue-link no-underline '  href='\/index.php?rest_route=%2Fwp%2Fv2%2Fpages%2F3275&SingleProduct=4361' onclick='RecordView(4361);'>067 Ernest CHAUSSON (1855-1899) compositeur<\/a><div class='upcp-prod-desc-custom-fields upcp-custom-field-thumbs'><\/div><\/div>\n<div id='prod-cat-price-4361' class='prod-cat-price upcp-thumb-price' data-item_price='5\u00a0000  \u20ac'><span class='full-price' itemprop='offers' itemscope itemtype='http:\/\/schema.org\/Offer'><span itemprop='price' content='5\u00a0000 '>5\u00a0000 <\/span><span itemprop='priceCurrency' content=''> \u20ac<\/span><\/span><\/div>\n<a class='upcp-catalogue-link '  href='\/index.php?rest_route=%2Fwp%2Fv2%2Fpages%2F3275&SingleProduct=4361' onclick='RecordView(4361);'><div id='prod-cat-details-link-4361' class='prod-cat-details-link upcp-thumb-details-link'><span class='upcp-details-text'>d\u00e9tails<\/span><span class='upcp-details-icon'>s<\/span><\/div>\n<\/a><\/div>\n<div id='prod-cat-thumb-item-4358' class='prod-cat-item upcp-thumb-item  ' data-itemid='4358'>\n<div id='prod-cat-thumb-div-4358' class='prod-cat-thumb-image-div upcp-thumb-image-div'><a class='upcp-catalogue-link '  href='\/index.php?rest_route=%2Fwp%2Fv2%2Fpages%2F3275&SingleProduct=4358' onclick='RecordView(4358);'><img src='http:\/\/www.lesautographes.com\/wp-content\/uploads\/2023\/10\/64.jpg' alt='064 Octave MIRBEAU (1848-1917) \u00e9crivain Image' id='prod-cat-thumb-4358' class='prod-cat-thumb-image upcp-thumb-image'><\/a><\/div>\n<div id='prod-cat-title-4358' class='prod-cat-title upcp-thumb-title'><a class='upcp-catalogue-link no-underline '  href='\/index.php?rest_route=%2Fwp%2Fv2%2Fpages%2F3275&SingleProduct=4358' onclick='RecordView(4358);'>064 Octave MIRBEAU (1848-1917) \u00e9crivain<\/a><div class='upcp-prod-desc-custom-fields upcp-custom-field-thumbs'><\/div><\/div>\n<div id='prod-cat-price-4358' class='prod-cat-price upcp-thumb-price' data-item_price='2\u00a0800  \u20ac'><span class='full-price' itemprop='offers' itemscope itemtype='http:\/\/schema.org\/Offer'><span itemprop='price' content='2\u00a0800 '>2\u00a0800 <\/span><span itemprop='priceCurrency' content=''> \u20ac<\/span><\/span><\/div>\n<a class='upcp-catalogue-link '  href='\/index.php?rest_route=%2Fwp%2Fv2%2Fpages%2F3275&SingleProduct=4358' onclick='RecordView(4358);'><div id='prod-cat-details-link-4358' class='prod-cat-details-link upcp-thumb-details-link'><span class='upcp-details-text'>d\u00e9tails<\/span><span class='upcp-details-icon'>s<\/span><\/div>\n<\/a><\/div>\n<div id='prod-cat-thumb-item-4380' class='prod-cat-item upcp-thumb-item  ' data-itemid='4380'>\n<div id='prod-cat-thumb-div-4380' class='prod-cat-thumb-image-div upcp-thumb-image-div'><a class='upcp-catalogue-link '  href='\/index.php?rest_route=%2Fwp%2Fv2%2Fpages%2F3275&SingleProduct=4380' onclick='RecordView(4380);'><img src='http:\/\/www.lesautographes.com\/wp-content\/uploads\/2023\/10\/87.jpg' alt='087 Heitor VILLA-LOBOS (1887-1959) compositeur br\u00e9silien Image' id='prod-cat-thumb-4380' class='prod-cat-thumb-image upcp-thumb-image'><\/a><\/div>\n<div id='prod-cat-title-4380' class='prod-cat-title upcp-thumb-title'><a class='upcp-catalogue-link no-underline '  href='\/index.php?rest_route=%2Fwp%2Fv2%2Fpages%2F3275&SingleProduct=4380' onclick='RecordView(4380);'>087 Heitor VILLA-LOBOS (1887-1959) compositeur br\u00e9silien<\/a><div class='upcp-prod-desc-custom-fields upcp-custom-field-thumbs'><\/div><\/div>\n<div id='prod-cat-price-4380' class='prod-cat-price upcp-thumb-price' data-item_price='6\u00a0000  \u20ac'><span class='full-price' itemprop='offers' itemscope itemtype='http:\/\/schema.org\/Offer'><span itemprop='price' content='6\u00a0000 '>6\u00a0000 <\/span><span itemprop='priceCurrency' content=''> \u20ac<\/span><\/span><\/div>\n<a class='upcp-catalogue-link '  href='\/index.php?rest_route=%2Fwp%2Fv2%2Fpages%2F3275&SingleProduct=4380' onclick='RecordView(4380);'><div id='prod-cat-details-link-4380' class='prod-cat-details-link upcp-thumb-details-link'><span class='upcp-details-text'>d\u00e9tails<\/span><span class='upcp-details-icon'>s<\/span><\/div>\n<\/a><\/div>\n<div id='prod-cat-thumb-item-4382' class='prod-cat-item upcp-thumb-item  ' data-itemid='4382'>\n<div id='prod-cat-thumb-div-4382' class='prod-cat-thumb-image-div upcp-thumb-image-div'><a class='upcp-catalogue-link '  href='\/index.php?rest_route=%2Fwp%2Fv2%2Fpages%2F3275&SingleProduct=4382' onclick='RecordView(4382);'><img src='http:\/\/www.lesautographes.com\/wp-content\/uploads\/2023\/10\/89.jpg' alt='089 Georges BERNANOS (1888-1948) \u00e9crivain Image' id='prod-cat-thumb-4382' class='prod-cat-thumb-image upcp-thumb-image'><\/a><\/div>\n<div id='prod-cat-title-4382' class='prod-cat-title upcp-thumb-title'><a class='upcp-catalogue-link no-underline '  href='\/index.php?rest_route=%2Fwp%2Fv2%2Fpages%2F3275&SingleProduct=4382' onclick='RecordView(4382);'>089 Georges BERNANOS (1888-1948) \u00e9crivain<\/a><div class='upcp-prod-desc-custom-fields upcp-custom-field-thumbs'><\/div><\/div>\n<div id='prod-cat-price-4382' class='prod-cat-price upcp-thumb-price' data-item_price='8\u00a0000  \u20ac'><span class='full-price' itemprop='offers' itemscope itemtype='http:\/\/schema.org\/Offer'><span itemprop='price' content='8\u00a0000 '>8\u00a0000 <\/span><span itemprop='priceCurrency' content=''> \u20ac<\/span><\/span><\/div>\n<a class='upcp-catalogue-link '  href='\/index.php?rest_route=%2Fwp%2Fv2%2Fpages%2F3275&SingleProduct=4382' onclick='RecordView(4382);'><div id='prod-cat-details-link-4382' class='prod-cat-details-link upcp-thumb-details-link'><span class='upcp-details-text'>d\u00e9tails<\/span><span class='upcp-details-icon'>s<\/span><\/div>\n<\/a><\/div>\n<div id='prod-cat-thumb-item-4384' class='prod-cat-item upcp-thumb-item  ' data-itemid='4384'>\n<div id='prod-cat-thumb-div-4384' class='prod-cat-thumb-image-div upcp-thumb-image-div'><a class='upcp-catalogue-link '  href='\/index.php?rest_route=%2Fwp%2Fv2%2Fpages%2F3275&SingleProduct=4384' onclick='RecordView(4384);'><img src='http:\/\/www.lesautographes.com\/wp-content\/uploads\/2023\/10\/91.jpg' alt='091 Marcel JOUHANDEAU (1888-1979) \u00e9crivain Image' id='prod-cat-thumb-4384' class='prod-cat-thumb-image upcp-thumb-image'><\/a><\/div>\n<div id='prod-cat-title-4384' class='prod-cat-title upcp-thumb-title'><a class='upcp-catalogue-link no-underline '  href='\/index.php?rest_route=%2Fwp%2Fv2%2Fpages%2F3275&SingleProduct=4384' onclick='RecordView(4384);'>091 Marcel JOUHANDEAU (1888-1979) \u00e9crivain<\/a><div class='upcp-prod-desc-custom-fields upcp-custom-field-thumbs'><\/div><\/div>\n<div id='prod-cat-price-4384' class='prod-cat-price upcp-thumb-price' data-item_price='10\u00a0000  \u20ac'><span class='full-price' itemprop='offers' itemscope itemtype='http:\/\/schema.org\/Offer'><span itemprop='price' content='10\u00a0000 '>10\u00a0000 <\/span><span itemprop='priceCurrency' content=''> \u20ac<\/span><\/span><\/div>\n<a class='upcp-catalogue-link '  href='\/index.php?rest_route=%2Fwp%2Fv2%2Fpages%2F3275&SingleProduct=4384' onclick='RecordView(4384);'><div id='prod-cat-details-link-4384' class='prod-cat-details-link upcp-thumb-details-link'><span class='upcp-details-text'>d\u00e9tails<\/span><span class='upcp-details-icon'>s<\/span><\/div>\n<\/a><\/div>\n<div id='prod-cat-thumb-item-4401' class='prod-cat-item upcp-thumb-item  ' data-itemid='4401'>\n<div id='prod-cat-thumb-div-4401' class='prod-cat-thumb-image-div upcp-thumb-image-div'><a class='upcp-catalogue-link '  href='\/index.php?rest_route=%2Fwp%2Fv2%2Fpages%2F3275&SingleProduct=4401' onclick='RecordView(4401);'><img src='http:\/\/www.lesautographes.com\/wp-content\/uploads\/2023\/10\/108.jpg' alt='108 Louis ARAGON (1897-1982) po\u00e8te Image' id='prod-cat-thumb-4401' class='prod-cat-thumb-image upcp-thumb-image'><\/a><\/div>\n<div id='prod-cat-title-4401' class='prod-cat-title upcp-thumb-title'><a class='upcp-catalogue-link no-underline '  href='\/index.php?rest_route=%2Fwp%2Fv2%2Fpages%2F3275&SingleProduct=4401' onclick='RecordView(4401);'>108 Louis ARAGON (1897-1982) po\u00e8te<\/a><div class='upcp-prod-desc-custom-fields upcp-custom-field-thumbs'><\/div><\/div>\n<div id='prod-cat-price-4401' class='prod-cat-price upcp-thumb-price' data-item_price='6\u00a0000  \u20ac'><span class='full-price' itemprop='offers' itemscope itemtype='http:\/\/schema.org\/Offer'><span itemprop='price' content='6\u00a0000 '>6\u00a0000 <\/span><span itemprop='priceCurrency' content=''> \u20ac<\/span><\/span><\/div>\n<a class='upcp-catalogue-link '  href='\/index.php?rest_route=%2Fwp%2Fv2%2Fpages%2F3275&SingleProduct=4401' onclick='RecordView(4401);'><div id='prod-cat-details-link-4401' class='prod-cat-details-link upcp-thumb-details-link'><span class='upcp-details-text'>d\u00e9tails<\/span><span class='upcp-details-icon'>s<\/span><\/div>\n<\/a><\/div>\n<div id='prod-cat-thumb-item-4400' class='prod-cat-item upcp-thumb-item  ' data-itemid='4400'>\n<div id='prod-cat-thumb-div-4400' class='prod-cat-thumb-image-div upcp-thumb-image-div'><a class='upcp-catalogue-link '  href='\/index.php?rest_route=%2Fwp%2Fv2%2Fpages%2F3275&SingleProduct=4400' onclick='RecordView(4400);'><img src='http:\/\/www.lesautographes.com\/wp-content\/uploads\/2023\/10\/107.jpg' alt='107 Gaston CHAISSAC (1910-1964) peintre Image' id='prod-cat-thumb-4400' class='prod-cat-thumb-image upcp-thumb-image'><\/a><\/div>\n<div id='prod-cat-title-4400' class='prod-cat-title upcp-thumb-title'><a class='upcp-catalogue-link no-underline '  href='\/index.php?rest_route=%2Fwp%2Fv2%2Fpages%2F3275&SingleProduct=4400' onclick='RecordView(4400);'>107 Gaston CHAISSAC (1910-1964) peintre<\/a><div class='upcp-prod-desc-custom-fields upcp-custom-field-thumbs'><\/div><\/div>\n<div id='prod-cat-price-4400' class='prod-cat-price upcp-thumb-price' data-item_price='3\u00a0000  \u20ac'><span class='full-price' itemprop='offers' itemscope itemtype='http:\/\/schema.org\/Offer'><span itemprop='price' content='3\u00a0000 '>3\u00a0000 <\/span><span itemprop='priceCurrency' content=''> \u20ac<\/span><\/span><\/div>\n<a class='upcp-catalogue-link '  href='\/index.php?rest_route=%2Fwp%2Fv2%2Fpages%2F3275&SingleProduct=4400' onclick='RecordView(4400);'><div id='prod-cat-details-link-4400' class='prod-cat-details-link upcp-thumb-details-link'><span class='upcp-details-text'>d\u00e9tails<\/span><span class='upcp-details-icon'>s<\/span><\/div>\n<\/a><\/div>\n<div id='prod-cat-thumb-item-4398' class='prod-cat-item upcp-thumb-item  ' data-itemid='4398'>\n<div id='prod-cat-thumb-div-4398' class='prod-cat-thumb-image-div upcp-thumb-image-div'><a class='upcp-catalogue-link '  href='\/index.php?rest_route=%2Fwp%2Fv2%2Fpages%2F3275&SingleProduct=4398' onclick='RecordView(4398);'><img src='http:\/\/www.lesautographes.com\/wp-content\/uploads\/2023\/10\/105.jpg' alt='105 Jacques AUDIBERTI (1899-1965) \u00e9crivain Image' id='prod-cat-thumb-4398' class='prod-cat-thumb-image upcp-thumb-image'><\/a><\/div>\n<div id='prod-cat-title-4398' class='prod-cat-title upcp-thumb-title'><a class='upcp-catalogue-link no-underline '  href='\/index.php?rest_route=%2Fwp%2Fv2%2Fpages%2F3275&SingleProduct=4398' onclick='RecordView(4398);'>105 Jacques AUDIBERTI (1899-1965) \u00e9crivain<\/a><div class='upcp-prod-desc-custom-fields upcp-custom-field-thumbs'><\/div><\/div>\n<div id='prod-cat-price-4398' class='prod-cat-price upcp-thumb-price' data-item_price='3\u00a0500  \u20ac'><span class='full-price' itemprop='offers' itemscope itemtype='http:\/\/schema.org\/Offer'><span itemprop='price' content='3\u00a0500 '>3\u00a0500 <\/span><span itemprop='priceCurrency' content=''> \u20ac<\/span><\/span><\/div>\n<a class='upcp-catalogue-link '  href='\/index.php?rest_route=%2Fwp%2Fv2%2Fpages%2F3275&SingleProduct=4398' onclick='RecordView(4398);'><div id='prod-cat-details-link-4398' class='prod-cat-details-link upcp-thumb-details-link'><span class='upcp-details-text'>d\u00e9tails<\/span><span class='upcp-details-icon'>s<\/span><\/div>\n<\/a><\/div>\n<div id='prod-cat-thumb-item-4397' class='prod-cat-item upcp-thumb-item  ' data-itemid='4397'>\n<div id='prod-cat-thumb-div-4397' class='prod-cat-thumb-image-div upcp-thumb-image-div'><a class='upcp-catalogue-link '  href='\/index.php?rest_route=%2Fwp%2Fv2%2Fpages%2F3275&SingleProduct=4397' onclick='RecordView(4397);'><img src='http:\/\/www.lesautographes.com\/wp-content\/uploads\/2023\/10\/104.jpg' alt='104 Boris VIAN (1920-1959) \u00e9crivain Image' id='prod-cat-thumb-4397' class='prod-cat-thumb-image upcp-thumb-image'><\/a><\/div>\n<div id='prod-cat-title-4397' class='prod-cat-title upcp-thumb-title'><a class='upcp-catalogue-link no-underline '  href='\/index.php?rest_route=%2Fwp%2Fv2%2Fpages%2F3275&SingleProduct=4397' onclick='RecordView(4397);'>104 Boris VIAN (1920-1959) \u00e9crivain<\/a><div class='upcp-prod-desc-custom-fields upcp-custom-field-thumbs'><\/div><\/div>\n<div id='prod-cat-price-4397' class='prod-cat-price upcp-thumb-price' data-item_price='5\u00a0000  \u20ac'><span class='full-price' itemprop='offers' itemscope itemtype='http:\/\/schema.org\/Offer'><span itemprop='price' content='5\u00a0000 '>5\u00a0000 <\/span><span itemprop='priceCurrency' content=''> \u20ac<\/span><\/span><\/div>\n<a class='upcp-catalogue-link '  href='\/index.php?rest_route=%2Fwp%2Fv2%2Fpages%2F3275&SingleProduct=4397' onclick='RecordView(4397);'><div id='prod-cat-details-link-4397' class='prod-cat-details-link upcp-thumb-details-link'><span class='upcp-details-text'>d\u00e9tails<\/span><span class='upcp-details-icon'>s<\/span><\/div>\n<\/a><\/div>\n<div id='prod-cat-thumb-item-4396' class='prod-cat-item upcp-thumb-item  ' data-itemid='4396'>\n<div id='prod-cat-thumb-div-4396' class='prod-cat-thumb-image-div upcp-thumb-image-div'><a class='upcp-catalogue-link '  href='\/index.php?rest_route=%2Fwp%2Fv2%2Fpages%2F3275&SingleProduct=4396' onclick='RecordView(4396);'><img src='http:\/\/www.lesautographes.com\/wp-content\/uploads\/2023\/10\/103.jpg' alt='103 Francis PICABIA (1879-1953) peintre et \u00e9crivain Image' id='prod-cat-thumb-4396' class='prod-cat-thumb-image upcp-thumb-image'><\/a><\/div>\n<div id='prod-cat-title-4396' class='prod-cat-title upcp-thumb-title'><a class='upcp-catalogue-link no-underline '  href='\/index.php?rest_route=%2Fwp%2Fv2%2Fpages%2F3275&SingleProduct=4396' onclick='RecordView(4396);'>103 Francis PICABIA (1879-1953) peintre et \u00e9crivain<\/a><div class='upcp-prod-desc-custom-fields upcp-custom-field-thumbs'><\/div><\/div>\n<div id='prod-cat-price-4396' class='prod-cat-price upcp-thumb-price' data-item_price='5\u00a0000  \u20ac'><span class='full-price' itemprop='offers' itemscope itemtype='http:\/\/schema.org\/Offer'><span itemprop='price' content='5\u00a0000 '>5\u00a0000 <\/span><span itemprop='priceCurrency' content=''> \u20ac<\/span><\/span><\/div>\n<a class='upcp-catalogue-link '  href='\/index.php?rest_route=%2Fwp%2Fv2%2Fpages%2F3275&SingleProduct=4396' onclick='RecordView(4396);'><div id='prod-cat-details-link-4396' class='prod-cat-details-link upcp-thumb-details-link'><span class='upcp-details-text'>d\u00e9tails<\/span><span class='upcp-details-icon'>s<\/span><\/div>\n<\/a><\/div>\n<div id='prod-cat-thumb-item-4395' class='prod-cat-item upcp-thumb-item  ' data-itemid='4395'>\n<div id='prod-cat-thumb-div-4395' class='prod-cat-thumb-image-div upcp-thumb-image-div'><a class='upcp-catalogue-link '  href='\/index.php?rest_route=%2Fwp%2Fv2%2Fpages%2F3275&SingleProduct=4395' onclick='RecordView(4395);'><img src='http:\/\/www.lesautographes.com\/wp-content\/uploads\/2023\/10\/102.jpg' alt='102 Jean GENET (1910-1986) \u00e9crivain Image' id='prod-cat-thumb-4395' class='prod-cat-thumb-image upcp-thumb-image'><\/a><\/div>\n<div id='prod-cat-title-4395' class='prod-cat-title upcp-thumb-title'><a class='upcp-catalogue-link no-underline '  href='\/index.php?rest_route=%2Fwp%2Fv2%2Fpages%2F3275&SingleProduct=4395' onclick='RecordView(4395);'>102 Jean GENET (1910-1986) \u00e9crivain<\/a><div class='upcp-prod-desc-custom-fields upcp-custom-field-thumbs'><\/div><\/div>\n<div id='prod-cat-price-4395' class='prod-cat-price upcp-thumb-price' data-item_price='4\u00a0000  \u20ac'><span class='full-price' itemprop='offers' itemscope itemtype='http:\/\/schema.org\/Offer'><span itemprop='price' content='4\u00a0000 '>4\u00a0000 <\/span><span itemprop='priceCurrency' content=''> \u20ac<\/span><\/span><\/div>\n<a class='upcp-catalogue-link '  href='\/index.php?rest_route=%2Fwp%2Fv2%2Fpages%2F3275&SingleProduct=4395' onclick='RecordView(4395);'><div id='prod-cat-details-link-4395' class='prod-cat-details-link upcp-thumb-details-link'><span class='upcp-details-text'>d\u00e9tails<\/span><span class='upcp-details-icon'>s<\/span><\/div>\n<\/a><\/div>\n<div id='prod-cat-thumb-item-4394' class='prod-cat-item upcp-thumb-item  ' data-itemid='4394'>\n<div id='prod-cat-thumb-div-4394' class='prod-cat-thumb-image-div upcp-thumb-image-div'><a class='upcp-catalogue-link '  href='\/index.php?rest_route=%2Fwp%2Fv2%2Fpages%2F3275&SingleProduct=4394' onclick='RecordView(4394);'><img src='http:\/\/www.lesautographes.com\/wp-content\/uploads\/2023\/10\/101.jpg' alt='101 Louis-Ferdinand C\u00c9LINE (1894-1961) romancier Image' id='prod-cat-thumb-4394' class='prod-cat-thumb-image upcp-thumb-image'><\/a><\/div>\n<div id='prod-cat-title-4394' class='prod-cat-title upcp-thumb-title'><a class='upcp-catalogue-link no-underline '  href='\/index.php?rest_route=%2Fwp%2Fv2%2Fpages%2F3275&SingleProduct=4394' onclick='RecordView(4394);'>101 Louis-Ferdinand C\u00c9LINE (1894-1961) romancier<\/a><div class='upcp-prod-desc-custom-fields upcp-custom-field-thumbs'><\/div><\/div>\n<div id='prod-cat-price-4394' class='prod-cat-price upcp-thumb-price' data-item_price='15\u00a0000  \u20ac'><span class='full-price' itemprop='offers' itemscope itemtype='http:\/\/schema.org\/Offer'><span itemprop='price' content='15\u00a0000 '>15\u00a0000 <\/span><span itemprop='priceCurrency' content=''> \u20ac<\/span><\/span><\/div>\n<a class='upcp-catalogue-link '  href='\/index.php?rest_route=%2Fwp%2Fv2%2Fpages%2F3275&SingleProduct=4394' onclick='RecordView(4394);'><div id='prod-cat-details-link-4394' class='prod-cat-details-link upcp-thumb-details-link'><span class='upcp-details-text'>d\u00e9tails<\/span><span class='upcp-details-icon'>s<\/span><\/div>\n<\/a><\/div>\n<div id='prod-cat-thumb-item-4393' class='prod-cat-item upcp-thumb-item  ' data-itemid='4393'>\n<div id='prod-cat-thumb-div-4393' class='prod-cat-thumb-image-div upcp-thumb-image-div'><a class='upcp-catalogue-link '  href='\/index.php?rest_route=%2Fwp%2Fv2%2Fpages%2F3275&SingleProduct=4393' onclick='RecordView(4393);'><img src='http:\/\/www.lesautographes.com\/wp-content\/uploads\/2023\/10\/100.jpg' alt='100 Marcel AYM\u00c9 (1902-1967) \u00e9crivain Image' id='prod-cat-thumb-4393' class='prod-cat-thumb-image upcp-thumb-image'><\/a><\/div>\n<div id='prod-cat-title-4393' class='prod-cat-title upcp-thumb-title'><a class='upcp-catalogue-link no-underline '  href='\/index.php?rest_route=%2Fwp%2Fv2%2Fpages%2F3275&SingleProduct=4393' onclick='RecordView(4393);'>100 Marcel AYM\u00c9 (1902-1967) \u00e9crivain<\/a><div class='upcp-prod-desc-custom-fields upcp-custom-field-thumbs'><\/div><\/div>\n<div id='prod-cat-price-4393' class='prod-cat-price upcp-thumb-price' data-item_price='6\u00a0000  \u20ac'><span class='full-price' itemprop='offers' itemscope itemtype='http:\/\/schema.org\/Offer'><span itemprop='price' content='6\u00a0000 '>6\u00a0000 <\/span><span itemprop='priceCurrency' content=''> \u20ac<\/span><\/span><\/div>\n<a class='upcp-catalogue-link '  href='\/index.php?rest_route=%2Fwp%2Fv2%2Fpages%2F3275&SingleProduct=4393' onclick='RecordView(4393);'><div id='prod-cat-details-link-4393' class='prod-cat-details-link upcp-thumb-details-link'><span class='upcp-details-text'>d\u00e9tails<\/span><span class='upcp-details-icon'>s<\/span><\/div>\n<\/a><\/div>\n<div id='prod-cat-thumb-item-4391' class='prod-cat-item upcp-thumb-item  ' data-itemid='4391'>\n<div id='prod-cat-thumb-div-4391' class='prod-cat-thumb-image-div upcp-thumb-image-div'><a class='upcp-catalogue-link '  href='\/index.php?rest_route=%2Fwp%2Fv2%2Fpages%2F3275&SingleProduct=4391' onclick='RecordView(4391);'><img src='http:\/\/www.lesautographes.com\/wp-content\/uploads\/2023\/10\/98.jpg' alt='098 Henri MATISSE (1869-1954) peintre Image' id='prod-cat-thumb-4391' class='prod-cat-thumb-image upcp-thumb-image'><\/a><\/div>\n<div id='prod-cat-title-4391' class='prod-cat-title upcp-thumb-title'><a class='upcp-catalogue-link no-underline '  href='\/index.php?rest_route=%2Fwp%2Fv2%2Fpages%2F3275&SingleProduct=4391' onclick='RecordView(4391);'>098 Henri MATISSE (1869-1954) peintre<\/a><div class='upcp-prod-desc-custom-fields upcp-custom-field-thumbs'><\/div><\/div>\n<div id='prod-cat-price-4391' class='prod-cat-price upcp-thumb-price' data-item_price='3\u00a0000  \u20ac'><span class='full-price' itemprop='offers' itemscope itemtype='http:\/\/schema.org\/Offer'><span itemprop='price' content='3\u00a0000 '>3\u00a0000 <\/span><span itemprop='priceCurrency' content=''> \u20ac<\/span><\/span><\/div>\n<a class='upcp-catalogue-link '  href='\/index.php?rest_route=%2Fwp%2Fv2%2Fpages%2F3275&SingleProduct=4391' onclick='RecordView(4391);'><div id='prod-cat-details-link-4391' class='prod-cat-details-link upcp-thumb-details-link'><span class='upcp-details-text'>d\u00e9tails<\/span><span class='upcp-details-icon'>s<\/span><\/div>\n<\/a><\/div>\n<\/div><div class='upcp-clear'><\/div>\n<\/div>\n<div class='upcp-clear'><\/div><div id='prod-cat-23' class='prod-cat list-display hidden-field'>\n<div id='prod-cat-category-12' class='prod-cat-category upcp-list-category'>\n<div id='prod-cat-category-label-12' class='prod-cat-category-label upcp-list-category-label'><div class='prod-cat-category-name'>Catalogue 2023<\/div><\/div><div id='prod-cat-list-item-4402' class='prod-cat-item upcp-list-item ' data-itemid='4402'>\n<div id='prod-cat-title-4402' class='prod-cat-title upcp-list-title upcp-list-action-Expand' onclick='ToggleItem(4402);'>109 Jacques PR\u00c9VERT (1900-1977) po\u00e8te<\/div>\n<div id='prod-cat-price-4402' class='prod-cat-price upcp-list-price' data-item_price='3\u00a0500  \u20ac' onclick='ToggleItem(4402);'><span class='full-price' itemprop='offers' itemscope itemtype='http:\/\/schema.org\/Offer'><span itemprop='price' content='3\u00a0500 '>3\u00a0500 <\/span><span itemprop='priceCurrency' content=''> \u20ac<\/span><\/span><\/div>\n<div id='prod-cat-details-4402' class='prod-cat-details upcp-list-details hidden-field'>\n<div id='prod-cat-thumb-div-4402' class='prod-cat-thumb-image-div upcp-list-image-div'><a class='upcp-catalogue-link'  href='\/index.php?rest_route=%2Fwp%2Fv2%2Fpages%2F3275&SingleProduct=4402' onclick='RecordView(4402);'><img src='http:\/\/www.lesautographes.com\/wp-content\/uploads\/2023\/10\/109.jpg' alt='109 Jacques PR\u00c9VERT (1900-1977) po\u00e8te Image' id='prod-cat-thumb-4402' class='prod-cat-thumb-image upcp-thumb-image'><\/a><\/div>\n<div id='prod-cat-desc-4402' class='prod-cat-desc upcp-list-desc'><p style=\"text-align:justify;margin-left:0pt;margin-right:0pt;margin-top:0pt;margin-bottom:0pt;\"><span style=\"font-family:Times New Roman;font-size:12pt;font-weight: bold;text-transform: uppercase;\">Collage<\/span><span style=\"font-family:Times New Roman;font-size:12pt;font-weight: bold;\"> original sur carte postale avec L.A.S. \u00e0 Alexandre <\/span><span style=\"font-family:Times New Roman;font-size:12pt;font-weight: bold;text-transform: uppercase;\">Trauner<\/span><span style=\"font-family:Times New Roman;font-size:12pt;\">\u00a0; carte postale (15 x 10,5 cm) recto-verso (encadr\u00e9e). <\/span><\/p><p style=\"text-align:justify;margin-left:0pt;margin-right:0pt;margin-top:0pt;margin-bottom:0pt;\"><span style=\"font-family:Times New Roman;font-size:12pt;font-weight: bold;\">Joli collage pour son ami le d\u00e9corateur de cin\u00e9ma<\/span><span style=\"font-family:Times New Roman;font-size:12pt;\">.<\/span><\/p><p style=\"text-align:justify;margin-left:0pt;margin-right:0pt;margin-top:0pt;margin-bottom:0pt;\"><span style=\"font-family:Times New Roman;font-size:12pt;\">Alexandre <\/span><span style=\"font-family:Times New Roman;font-size:12pt;text-transform: uppercase;\">Trauner<\/span><span style=\"font-family:Times New Roman;font-size:12pt;\"> (1906-1993) \u00e9tait un ami proche de Pr\u00e9vert, et son voisin \u00e0 Omonville-la-Petite (Manche), o\u00f9 ils reposent tous deux pour l\u2019\u00e9ternit\u00e9. Il a notamment r\u00e9alis\u00e9 les d\u00e9cors de <\/span><span style=\"font-family:Times New Roman;font-size:12pt;font-style: italic;\">Dr\u00f4le de drame<\/span><span style=\"font-family:Times New Roman;font-size:12pt;\">, <\/span><span style=\"font-family:Times New Roman;font-size:12pt;font-style: italic;\">Quai des brumes<\/span><span style=\"font-family:Times New Roman;font-size:12pt;\">, <\/span><span style=\"font-family:Times New Roman;font-size:12pt;font-style: italic;\">Les Visiteurs du soir<\/span><span style=\"font-family:Times New Roman;font-size:12pt;\">, <\/span><span style=\"font-family:Times New Roman;font-size:12pt;font-style: italic;\">Les Enfants du paradis<\/span><span style=\"font-family:Times New Roman;font-size:12pt;\">, etc.<\/span><\/p><p style=\"text-align:justify;margin-left:0pt;margin-right:0pt;margin-top:0pt;margin-bottom:0pt;\"><span style=\"font-family:Times New Roman;font-size:12pt;\">Sur une carte postale en couleurs repr\u00e9sentant la place Vend\u00f4me, \u00e0 Paris, Pr\u00e9vert a coll\u00e9 un grand ch\u00eane chromolithographi\u00e9 qui occulte la colonne Vend\u00f4me, un wagon de chemin de fer parmi les voitures gar\u00e9es, et un \u00e9l\u00e9phant g\u00e9ant qui traverse la place. Pr\u00e9vert a \u00e9crit une lettre au verso\u00a0: \u00ab\u00a0Cher Petit Trau. Piero [son fr\u00e8re Pierre Pr\u00e9vert] m\u2019a dit que tu allais venir en oui-quand\u00a0? Je pense \u00e0 toi et \u00e0 ton exposition. Il fait un temps magnifique par rapport aux temps d\u2019ailleurs. Quand tu passeras aux studios de Boulogne, demande \u00e0 voir <\/span><span style=\"font-family:Times New Roman;font-size:12pt;\">\u201c<\/span><span style=\"font-family:Times New Roman;font-size:12pt;font-style: italic;\">Jean Pierre, de Puteaux<\/span><span style=\"font-family:Times New Roman;font-size:12pt;\">\u201d<\/span><span style=\"font-family:Times New Roman;font-size:12pt;\">. C\u2019est un merveilleux menuisier mais il d\u00e9bute au cin\u00e9. C\u2019est un ami, <\/span><span style=\"font-family:Times New Roman;font-size:12pt;font-style: italic;\">aide-le<\/span><span style=\"font-family:Times New Roman;font-size:12pt;\">. Il travaille avec Pierre Michaud dit Pierrot\u00a0\u00bb. La fin de la lettre avec la signature est sous le collage\u00a0: \u00ab\u00a0Affectueusement Jacques\u00a0\u00bb.<\/span><\/p><\/div>\n<div class='upcp-prod-desc-custom-fields upcp-custom-field-list'><\/div><a class='upcp-catalogue-link'  href='\/index.php?rest_route=%2Fwp%2Fv2%2Fpages%2F3275&SingleProduct=4402' onclick='RecordView(4402);'><div id='prod-cat-details-link-4402' class='prod-cat-details-link upcp-list-details-link'><span class='upcp-details-text'>d\u00e9tails<\/span><span class='upcp-details-icon'>s<\/span><\/div>\n<\/a><\/div><\/div>\n<div id='prod-cat-list-item-4379' class='prod-cat-item upcp-list-item ' data-itemid='4379'>\n<div id='prod-cat-title-4379' class='prod-cat-title upcp-list-title upcp-list-action-Expand' onclick='ToggleItem(4379);'>086 Valery LARBAUD (1881-1957) \u00e9crivain<\/div>\n<div id='prod-cat-price-4379' class='prod-cat-price upcp-list-price' data-item_price='4\u00a0500  \u20ac' onclick='ToggleItem(4379);'><span class='full-price' itemprop='offers' itemscope itemtype='http:\/\/schema.org\/Offer'><span itemprop='price' content='4\u00a0500 '>4\u00a0500 <\/span><span itemprop='priceCurrency' content=''> \u20ac<\/span><\/span><\/div>\n<div id='prod-cat-details-4379' class='prod-cat-details upcp-list-details hidden-field'>\n<div id='prod-cat-thumb-div-4379' class='prod-cat-thumb-image-div upcp-list-image-div'><a class='upcp-catalogue-link'  href='\/index.php?rest_route=%2Fwp%2Fv2%2Fpages%2F3275&SingleProduct=4379' onclick='RecordView(4379);'><img src='http:\/\/www.lesautographes.com\/wp-content\/uploads\/2023\/10\/86.jpg' alt='086 Valery LARBAUD (1881-1957) \u00e9crivain Image' id='prod-cat-thumb-4379' class='prod-cat-thumb-image upcp-thumb-image'><\/a><\/div>\n<div id='prod-cat-desc-4379' class='prod-cat-desc upcp-list-desc'><p style=\"text-align:justify;margin-left:0pt;margin-right:0pt;margin-top:0pt;margin-bottom:0pt;\"><span style=\"font-family:Times New Roman;font-size:12pt;font-weight: bold;text-transform: uppercase;\">Manuscrit<\/span><span style=\"font-family:Times New Roman;font-size:12pt;font-weight: bold;\"> autographe<\/span><span style=\"font-family:Times New Roman;font-size:12pt;\">, [<\/span><span style=\"font-family:Times New Roman;font-size:12pt;font-weight: bold;font-style: italic;\">Le Patron des traducteurs<\/span><span style=\"font-family:Times New Roman;font-size:12pt;\">, 1929 (fragments)]\u00a0; 37 pages petit in-4 sur papier lign\u00e9 d\u2019un cahier d\u2019\u00e9colier \u00e0 couverture illustr\u00e9e <\/span><span style=\"font-family:Times New Roman;font-size:12pt;font-style: italic;\">Le Regioni d\u2019Italia. La Venezia<\/span><span style=\"font-family:Times New Roman;font-size:12pt;\">, mont\u00e9es sur onglets avec texte imprim\u00e9 mont\u00e9 en regard du manuscrit, rel. demi-v\u00e9lin ivoire, pi\u00e8ce de titre au dos <\/span><span style=\"font-family:Times New Roman;font-size:12pt;font-style: italic;\">Les Voyages de saint J\u00e9r\u00f4me<\/span><span style=\"font-family:Times New Roman;font-size:12pt;\">. <\/span><\/p><p style=\"text-align:justify;margin-left:0pt;margin-right:0pt;margin-top:0pt;margin-bottom:0pt;\"><span style=\"font-family:Times New Roman;font-size:12pt;font-weight: bold;text-transform: uppercase;\">M<\/span><span style=\"font-family:Times New Roman;font-size:12pt;font-weight: bold;\">anuscrit partiel du beau texte sur Saint J\u00e9r\u00f4me<\/span><span style=\"font-family:Times New Roman;font-size:12pt;font-weight: bold;text-transform: uppercase;\">, <\/span><span style=\"font-family:Times New Roman;font-size:12pt;font-weight: bold;\">patron des traducteurs<\/span><span style=\"font-family:Times New Roman;font-size:12pt;\"> [publi\u00e9 dans la revue <\/span><span style=\"font-family:Times New Roman;font-size:12pt;font-style: italic;\">Commerce<\/span><span style=\"font-family:Times New Roman;font-size:12pt;\">, cahier XXI, automne 1929, et repris avec modifications dans <\/span><span style=\"font-family:Times New Roman;font-size:12pt;font-style: italic;\">Sous l\u2019invocation de saint J\u00e9r\u00f4me<\/span><span style=\"font-family:Times New Roman;font-size:12pt;\"> (Gallimard, 1946) o\u00f9 il constitue la Premi\u00e8re Partie du recueil]. Ces fragments manuscrits correspondent \u00e0 7 des 20 sections de l\u2019<\/span><span style=\"font-family:Times New Roman;font-size:12pt;font-style: italic;\">Invocation<\/span><span style=\"font-family:Times New Roman;font-size:12pt;\"> (dont des coupures figurent en regard)\u00a0: <\/span><span style=\"font-family:Times New Roman;font-size:12pt;text-transform: uppercase;\">xii<\/span><span style=\"font-family:Times New Roman;font-size:12pt;\">, <\/span><span style=\"font-family:Times New Roman;font-size:12pt;text-transform: uppercase;\">xiii (<\/span><span style=\"font-family:Times New Roman;font-size:12pt;\">chiffr\u00e9es <\/span><span style=\"font-family:Times New Roman;font-size:12pt;text-transform: uppercase;\">xi<\/span><span style=\"font-family:Times New Roman;font-size:12pt;\"> et <\/span><span style=\"font-family:Times New Roman;font-size:12pt;text-transform: uppercase;\">xii<\/span><span style=\"font-family:Times New Roman;font-size:12pt;\">, ici)<\/span><span style=\"font-family:Times New Roman;font-size:12pt;text-transform: uppercase;\">, xvi, xvii, xviii, xix <\/span><span style=\"font-family:Times New Roman;font-size:12pt;\">et<\/span><span style=\"font-family:Times New Roman;font-size:12pt;text-transform: uppercase;\"> xx<\/span><span style=\"font-family:Times New Roman;font-size:12pt;\">. Cette derni\u00e8re<\/span><span style=\"font-family:Times New Roman;font-size:12pt;text-transform: uppercase;\"> <\/span><span style=\"font-family:Times New Roman;font-size:12pt;\">porte \u00e0 la fin la mention \u00ab\u00a0<\/span><span style=\"font-family:Times New Roman;font-size:12pt;font-style: italic;\">Finis<\/span><span style=\"font-family:Times New Roman;font-size:12pt;\">\u00a0\u00bb. Certains feuillets sont \u00e9crits recto-verso, avec quelques corrections\u00a0; quelques-uns ont \u00e9t\u00e9 biff\u00e9s ou foliot\u00e9s au crayon vert, par Larbaud qui a not\u00e9, \u00e0 la fin de sa section <\/span><span style=\"font-family:Times New Roman;font-size:12pt;text-transform: uppercase;\">xii\u00a0<\/span><span style=\"font-family:Times New Roman;font-size:12pt;\">: \u00ab\u00a0reprendre \u00e0 la p. 9, \u00e0 la marque verte\u00a0\u00bb\u00a0; y figurent aussi quelques marques au crayon rouge. On rel\u00e8ve de nombreuses variantes, par rapport \u00e0 la version d\u00e9finitive de 1946\u00a0; notamment <\/span><span style=\"font-family:Times New Roman;font-size:12pt;\">un d\u00e9veloppement \u00e0 la fin de la section <\/span><span style=\"font-family:Times New Roman;font-size:12pt;text-transform: uppercase;\">xix<\/span><span style=\"font-family:Times New Roman;font-size:12pt;\">, qui sera r\u00e9duit \u00e0 quelques lignes dans le texte publi\u00e9<\/span><span style=\"font-family:Times New Roman;font-size:12pt;text-transform: uppercase;\">\u00a0<\/span><span style=\"font-family:Times New Roman;font-size:12pt;\">: \u00ab\u00a0Mais un temps viendra o\u00f9 il [J\u00e9r\u00f4me] dira, en parlant des philosophes grecs\u00a0: \u201cQu\u2019y a-t-il chez eux de clair et de simple\u00a0?\u201d <\/span><span style=\"font-family:Times New Roman;font-size:12pt;font-weight: bold;\">Un temps viendra o\u00f9 la beaut\u00e9 du texte paulinien le transportera d\u2019enthousiasme et lui inspirera des jugements comme celui-ci qui devance Bossuet\u00a0: \u201cChaque fois que je lis l\u2019ap\u00f4tre Paul, je crois entendre, non pas des mots, mais des coups de tonnerre.\u201d<\/span><span style=\"font-family:Times New Roman;font-size:12pt;\"> Et plus loin dans la m\u00eame Lettre\u00a0: \u201cOn se trouve en pr\u00e9sence de paroles simples et qu\u2019on dirait celles d\u2019un homme sans artifice, d\u2019un campagnard qui ne saurait ni tendre ni \u00e9viter es emb\u00fbches\u00a0; mais si vous regardez en arri\u00e8re, vous vous trouvez de toutes parts environn\u00e9 d\u2019\u00e9clairs.\u201d (\u201c... sed quocumque respexeris, fulmina sunt.\u201d) Or, le style de saint Paul est bien voisin de ce que nous appelons le \u201cstyle biblique\u201d, et il n\u2019est pas douteux que J\u00e9r\u00f4me a senti la beaut\u00e9 d\u2019Isa\u00efe, de Job, de J\u00e9r\u00e9mie, et des Psaumes, comme il a senti celle des \u00c9p\u00eetres. Et il a fait le miracle de la transposer en un latin qui est encore aujourd\u2019hui assez facilement accessible aux peuples de la Romania\u00a0\u00bb... En revanche, le manuscrit s\u2019ach\u00e8ve par une pri\u00e8re plus br\u00e8ve au patron des traducteurs, que celle de l\u2019<\/span><span style=\"font-family:Times New Roman;font-size:12pt;font-style: italic;\">Invocation\u00a0<\/span><span style=\"font-family:Times New Roman;font-size:12pt;\">; on n\u2019y lit pas non plus le paragraphe par lequel se conclut l\u2019essai imprim\u00e9 (<\/span><span style=\"font-family:Times New Roman;font-size:12pt;text-transform: uppercase;\">xx<\/span><span style=\"font-family:Times New Roman;font-size:12pt;\">)\u00a0: \u00ab\u00a0\u00d4 Docteur excellent, lumi\u00e8re de la sainte \u00e9glise, bienheureux J\u00e9r\u00f4me, ami de la loi divine, je vais entreprendre un ouvrage tr\u00e8s difficile\u00a0; mais fortifi\u00e9 du secours de vos saintes pri\u00e8res, je me souviendrai de ce verset\u00a0: \u201c<\/span><span style=\"font-family:Times New Roman;font-size:12pt;font-weight: bold;\">Le Seigneur donnera aux h\u00e9rauts de sa gloire une parole d\u2019une grande force<\/span><span style=\"font-family:Times New Roman;font-size:12pt;\">\u201d\u00a0\u00bb...<\/span><\/p><p style=\"text-align:justify;margin-left:0pt;margin-right:0pt;margin-top:0pt;margin-bottom:0pt;\"><span style=\"font-family:Times New Roman;font-size:12pt;\">On a mont\u00e9 en t\u00eate la couverture de <\/span><span style=\"font-family:Times New Roman;font-size:12pt;font-style: italic;\">Sous l\u2019invocation de saint J\u00e9r\u00f4me<\/span><span style=\"font-family:Times New Roman;font-size:12pt;\">.<\/span><\/p><\/div>\n<div class='upcp-prod-desc-custom-fields upcp-custom-field-list'><\/div><a class='upcp-catalogue-link'  href='\/index.php?rest_route=%2Fwp%2Fv2%2Fpages%2F3275&SingleProduct=4379' onclick='RecordView(4379);'><div id='prod-cat-details-link-4379' class='prod-cat-details-link upcp-list-details-link'><span class='upcp-details-text'>d\u00e9tails<\/span><span class='upcp-details-icon'>s<\/span><\/div>\n<\/a><\/div><\/div>\n<div id='prod-cat-list-item-4378' class='prod-cat-item upcp-list-item ' data-itemid='4378'>\n<div id='prod-cat-title-4378' class='prod-cat-title upcp-list-title upcp-list-action-Expand' onclick='ToggleItem(4378);'>085 Francis POULENC (1899-1963) compositeur<\/div>\n<div id='prod-cat-price-4378' class='prod-cat-price upcp-list-price' data-item_price='12\u00a0000  \u20ac' onclick='ToggleItem(4378);'><span class='full-price' itemprop='offers' itemscope itemtype='http:\/\/schema.org\/Offer'><span itemprop='price' content='12\u00a0000 '>12\u00a0000 <\/span><span itemprop='priceCurrency' content=''> \u20ac<\/span><\/span><\/div>\n<div id='prod-cat-details-4378' class='prod-cat-details upcp-list-details hidden-field'>\n<div id='prod-cat-thumb-div-4378' class='prod-cat-thumb-image-div upcp-list-image-div'><a class='upcp-catalogue-link'  href='\/index.php?rest_route=%2Fwp%2Fv2%2Fpages%2F3275&SingleProduct=4378' onclick='RecordView(4378);'><img src='http:\/\/www.lesautographes.com\/wp-content\/uploads\/2023\/10\/85.jpg' alt='085 Francis POULENC (1899-1963) compositeur Image' id='prod-cat-thumb-4378' class='prod-cat-thumb-image upcp-thumb-image'><\/a><\/div>\n<div id='prod-cat-desc-4378' class='prod-cat-desc upcp-list-desc'><p style=\"text-align:justify;margin-left:0pt;margin-right:0pt;margin-top:0pt;margin-bottom:0pt;\"><span style=\"font-family:Times New Roman;font-size:12pt;font-weight: bold;text-transform: uppercase;\">Manuscrit musical<\/span><span style=\"font-family:Times New Roman;font-size:12pt;font-weight: bold;\"> autographe sign\u00e9<\/span><span style=\"font-family:Times New Roman;font-size:12pt;\">, [<\/span><span style=\"font-family:Times New Roman;font-size:12pt;font-weight: bold;font-style: italic;\">Vocalise<\/span><span style=\"font-family:Times New Roman;font-size:12pt;\">], 1928\u00a0; titre et 5 pages in-4.<\/span><\/p><p style=\"text-align:justify;margin-left:0pt;margin-right:0pt;margin-top:0pt;margin-bottom:0pt;\"><span style=\"font-family:Times New Roman;font-size:12pt;font-weight: bold;text-transform: uppercase;\">V<\/span><span style=\"font-family:Times New Roman;font-size:12pt;font-weight: bold;\">ocalise pour chant et piano<\/span><span style=\"font-family:Times New Roman;font-size:12pt;\"> [FP\u00a044].<\/span><\/p><p style=\"text-align:justify;margin-left:0pt;margin-right:0pt;margin-top:0pt;margin-bottom:0pt;\"><span style=\"font-family:Times New Roman;font-size:12pt;\">La page de titre servant de couverture au manuscrit porte le titre\u00a0: <\/span><span style=\"font-family:Times New Roman;font-size:12pt;font-style: italic;\">Trois Airs sans paroles<\/span><span style=\"font-family:Times New Roman;font-size:12pt;\">, avec la d\u00e9dicace\u00a0: \u00ab\u00a0\u00e0 la m\u00e9moire d\u2019Evelyne <\/span><span style=\"font-family:Times New Roman;font-size:12pt;text-transform: uppercase;\">Br\u00e9lia<\/span><span style=\"font-family:Times New Roman;font-size:12pt;\">\u00a0\u00bb (cantatrice belge, assassin\u00e9e en juillet 1928). Au bas de cette page, Poulenc a not\u00e9\u00a0: \u00ab\u00a0Je pr\u00e9f\u00e8re que le 1<\/span><span style=\"font-family:Times New Roman;font-size:9pt;vertical-align: super;\">er<\/span><span style=\"font-family:Times New Roman;font-size:12pt;\"> air, plut\u00f4t qu\u2019un autre paraisse dans le recueil Hettich, \u00e0 cause de son allure plus scholastique. Francis Poulenc\u00a0\u00bb.<\/span><\/p><p style=\"text-align:justify;margin-left:0pt;margin-right:0pt;margin-top:0pt;margin-bottom:0pt;\"><span style=\"font-family:Times New Roman;font-size:12pt;\">Cette pi\u00e8ce (plus tard intitul\u00e9e <\/span><span style=\"font-family:Times New Roman;font-size:12pt;font-style: italic;\">Vocalise<\/span><span style=\"font-family:Times New Roman;font-size:12pt;\">) porte ici le num\u00e9ro I biff\u00e9, et l\u2019indication <\/span><span style=\"font-family:Times New Roman;font-size:12pt;font-style: italic;\">Andante con moto\u00a0<\/span><span style=\"font-family:Times New Roman;font-size:12pt;\">; elle est en si mineur \u00e0 3\/4.<\/span><\/p><p style=\"text-align:justify;margin-left:0pt;margin-right:0pt;margin-top:0pt;margin-bottom:0pt;\"><span style=\"font-family:Times New Roman;font-size:12pt;\">Le manuscrit, \u00e0 l\u2019encre noire sur papier \u00e0 16 lignes, pr\u00e9sente des corrections par grattage\u00a0; il est dat\u00e9 en fin \u00ab\u00a0mars 1928\u00a0\u00bb. Il a servi pour la gravure de l\u2019\u00e9dition chez Alphonse Leduc en 1929 dans le 9<\/span><span style=\"font-family:Times New Roman;font-size:9pt;vertical-align: super;\">e<\/span><span style=\"font-family:Times New Roman;font-size:12pt;\"> volume du <\/span><span style=\"font-family:Times New Roman;font-size:12pt;font-style: italic;\">R\u00e9pertoire moderne de vocalises-\u00e9tudes<\/span><span style=\"font-family:Times New Roman;font-size:12pt;\">, dirig\u00e9 par A.L. Hettich.<\/span><\/p><p style=\"text-align:justify;margin-left:0pt;margin-right:0pt;margin-top:0pt;margin-bottom:0pt;\"><span style=\"font-family:Times New Roman;font-size:12pt;\">La <\/span><span style=\"font-family:Times New Roman;font-size:12pt;font-style: italic;\">Vocalise<\/span><span style=\"font-family:Times New Roman;font-size:12pt;\"> fut cr\u00e9\u00e9e par Jane Bathori, avec Poulenc au piano, le 3 mars 1928, au Th\u00e9\u00e2tre du Vieux-Colombier.<\/span><\/p><\/div>\n<div class='upcp-prod-desc-custom-fields upcp-custom-field-list'><\/div><a class='upcp-catalogue-link'  href='\/index.php?rest_route=%2Fwp%2Fv2%2Fpages%2F3275&SingleProduct=4378' onclick='RecordView(4378);'><div id='prod-cat-details-link-4378' class='prod-cat-details-link upcp-list-details-link'><span class='upcp-details-text'>d\u00e9tails<\/span><span class='upcp-details-icon'>s<\/span><\/div>\n<\/a><\/div><\/div>\n<div id='prod-cat-list-item-4377' class='prod-cat-item upcp-list-item ' data-itemid='4377'>\n<div id='prod-cat-title-4377' class='prod-cat-title upcp-list-title upcp-list-action-Expand' onclick='ToggleItem(4377);'>083 Andr\u00e9 MESSAGER (1853-1929) compositeur<\/div>\n<div id='prod-cat-price-4377' class='prod-cat-price upcp-list-price' data-item_price='7\u00a0500  \u20ac' onclick='ToggleItem(4377);'><span class='full-price' itemprop='offers' itemscope itemtype='http:\/\/schema.org\/Offer'><span itemprop='price' content='7\u00a0500 '>7\u00a0500 <\/span><span itemprop='priceCurrency' content=''> \u20ac<\/span><\/span><\/div>\n<div id='prod-cat-details-4377' class='prod-cat-details upcp-list-details hidden-field'>\n<div id='prod-cat-thumb-div-4377' class='prod-cat-thumb-image-div upcp-list-image-div'><a class='upcp-catalogue-link'  href='\/index.php?rest_route=%2Fwp%2Fv2%2Fpages%2F3275&SingleProduct=4377' onclick='RecordView(4377);'><img src='http:\/\/www.lesautographes.com\/wp-content\/uploads\/2023\/10\/83.jpg' alt='083 Andr\u00e9 MESSAGER (1853-1929) compositeur Image' id='prod-cat-thumb-4377' class='prod-cat-thumb-image upcp-thumb-image'><\/a><\/div>\n<div id='prod-cat-desc-4377' class='prod-cat-desc upcp-list-desc'><p style=\"text-align:justify;margin-left:0pt;margin-right:0pt;margin-top:0pt;margin-bottom:0pt;\"><span style=\"font-family:Times New Roman;font-size:12pt;font-weight: bold;text-transform: uppercase;\">Manuscrit musical<\/span><span style=\"font-family:Times New Roman;font-size:12pt;font-weight: bold;\"> autographe<\/span><span style=\"font-family:Times New Roman;font-size:12pt;\">, [<\/span><span style=\"font-family:Times New Roman;font-size:12pt;font-weight: bold;font-style: italic;\">L\u2019Amour masqu\u00e9<\/span><span style=\"font-family:Times New Roman;font-size:12pt;\">, vers 1923]\u00a0; 420 pages grand in-fol. plus qqs ff. vierges. <\/span><\/p><p style=\"text-align:justify;margin-left:0pt;margin-right:0pt;margin-top:0pt;margin-bottom:0pt;\"><span style=\"font-family:Times New Roman;font-size:12pt;font-weight: bold;text-transform: uppercase;\">Partition d\u2019orchestre, compl\u00e8te, de <\/span><span style=\"font-family:Times New Roman;font-size:12pt;font-weight: bold;font-style: italic;text-transform: uppercase;\">L\u2019Amour masqu\u00e9<\/span><span style=\"font-family:Times New Roman;font-size:12pt;font-weight: bold;text-transform: uppercase;\">, com\u00e9die musicale de Sacha<\/span><span style=\"font-family:Times New Roman;font-size:12pt;font-weight: bold;\"> <\/span><span style=\"font-family:Times New Roman;font-size:12pt;font-weight: bold;text-transform: uppercase;\">Guitry<\/span><span style=\"font-family:Times New Roman;font-size:12pt;\">.<\/span><\/p><p style=\"text-align:justify;margin-left:0pt;margin-right:0pt;margin-top:0pt;margin-bottom:0pt;\"><span style=\"font-family:Times New Roman;font-size:12pt;font-weight: bold;font-style: italic;\">L\u2019Amour masqu\u00e9<\/span><span style=\"font-family:Times New Roman;font-size:12pt;\">, com\u00e9die musicale en 3 actes et en vers libres de Sacha <\/span><span style=\"font-family:Times New Roman;font-size:12pt;text-transform: uppercase;\">Guitry<\/span><span style=\"font-family:Times New Roman;font-size:12pt;\">, cr\u00e9\u00e9e au Th\u00e9\u00e2tre \u00c9douard VII le 15 f\u00e9vrier 1923 avec Guitry (Lui) et Yvonne Printemps (Elle) dans les premiers r\u00f4les, et sous la direction musicale de Messager lui-m\u00eame. D\u2019Yvonne <\/span><span style=\"font-family:Times New Roman;font-size:12pt;text-transform: uppercase;\">Printemps<\/span><span style=\"font-family:Times New Roman;font-size:12pt;\">, qui rendit c\u00e9l\u00e8bres les fameux couplets\u00a0: \u00ab\u00a0<\/span><span style=\"font-family:Times New Roman;font-size:12pt;font-style: italic;\">J\u2019ai deux amants<\/span><span style=\"font-family:Times New Roman;font-size:12pt;\">\u00a0\u00bb, Messager dira\u00a0: \u00ab\u00a0Mademoiselle Yvonne Printemps est une artiste admirable. Elle n\u2019avait jamais \u00e9t\u00e9 entendue dans une \u0153uvre lyrique de cette importance\u2026 Beaucoup de cantatrices pourraient prendre exemple sur elle\u00a0\u00bb.<\/span><\/p><p style=\"text-align:justify;margin-left:0pt;margin-right:0pt;margin-top:0pt;margin-bottom:0pt;\"><span style=\"font-family:Times New Roman;font-size:12pt;\">\u00ab\u00a0Elle\u00a0\u00bb, jeune cocotte de vingt ans, est entretenue par deux riches amants, le Baron d\u2019Agnot et un Maharadjah. Mais elle est tomb\u00e9e amoureuse d\u2019un jeune inconnu, au vu d\u2019un portrait qu\u2019elle a d\u00e9rob\u00e9 chez un photographe. Or la photo est ancienne, et \u00ab\u00a0Lui\u00a0\u00bb a maintenant quarante-cinq ans. Lui se rend chez Elle pour r\u00e9cup\u00e9rer la photo\u00a0; Elle le prend pour le p\u00e8re du jeune homme, dont elle accepte l\u2019invitation \u00e0 un bal masqu\u00e9, en costumes birmans, pour le soir m\u00eame. Lors de la f\u00eate, Elle charge ses deux soubrettes, habill\u00e9es comme leur ma\u00eetresse, de s\u2019occuper du Baron et du Maharadjah, tandis qu\u2019Elle passera la nuit avec le pr\u00e9tendu jeune homme. &nbsp;Lui, tout heureux de sa nuit, ne pensera qu\u2019\u00e0 garder sa ma\u00eetresse\u00a0; quant \u00e0 elle, elle aura ses deux amants, le p\u00e8re et le fils, en une seule personne.<\/span><\/p><p style=\"text-align:justify;margin-left:0pt;margin-right:0pt;margin-top:0pt;margin-bottom:0pt;\"><span style=\"font-family:Times New Roman;font-size:12pt;\">Gabriel Faur\u00e9 a salu\u00e9 l\u2019esprit et le charme de cette \u00ab\u00a0musique si personnelle et qui reste de l\u2019exquise musique, m\u00eame dans la bouffonnerie la plus vive\u00a0\u00bb.<\/span><\/p><p style=\"text-align:justify;margin-left:0pt;margin-right:0pt;margin-top:0pt;margin-bottom:0pt;\"><span style=\"font-family:Times New Roman;font-size:12pt;\">Dans sa pi\u00e8ce publi\u00e9e, Guitry rendit hommage \u00e0 la \u00ab\u00a0<\/span><span style=\"font-family:Times New Roman;font-size:12pt;font-weight: bold;\">musique incomparable <\/span><span style=\"font-family:Times New Roman;font-size:12pt;\">et d\u2019ailleurs n\u00e9cessaire de Andr\u00e9 Messager\u00a0\u00bb. L\u2019\u00e9dition originale de la partition (chant et piano) parut en 1923 aux \u00c9ditions Francis Salabert, ainsi que divers extraits, tels que le tango, la valse-h\u00e9sitation, la chanson des bonnes, le chant birman, etc., pour chant et piano ou arrang\u00e9s pour orchestre avec piano conducteur.<\/span><\/p><p style=\"text-align:justify;margin-left:0pt;margin-right:0pt;margin-top:0pt;margin-bottom:0pt;\"><span style=\"font-family:Times New Roman;font-size:12pt;font-weight: bold;\">Cette partition d\u2019orchestre est r\u00e9alis\u00e9e par Messager<\/span><span style=\"font-family:Times New Roman;font-size:12pt;\"> \u00e0 l\u2019encre noire ou \u00e0 l\u2019encre bleue, sur des bifeuillets de papier \u00e0 18 lignes. Pour la plupart des num\u00e9ros, la ligne vocale et les paroles ont \u00e9t\u00e9 au pr\u00e9alable \u00e9crites par un copiste d\u2019apr\u00e8s le manuscrit chant-piano [conserv\u00e9 \u00e0 la Pierpont Morgan Library], ainsi que les armatures, pour permettre au compositeur de r\u00e9aliser lui-m\u00eame l\u2019orchestration. La pagination et la num\u00e9rotation des airs t\u00e9moignent d\u2019ajouts et remaniements, ainsi que quelques ratures et corrections et des passages biff\u00e9s. Le manuscrit a servi de conducteur pour la direction d\u2019orchestre, comme l\u2019attestent des notes au crayon\u00a0: avec fins ou d\u00e9buts de r\u00e9pliques, entr\u00e9es ou sorties et lever ou baisser de rideau (\u00ab\u00a0Le lever \u00e0 la sortie de M. Guitry\u00a0\u00bb en t\u00eate du n\u00b0 6).<\/span><\/p><p style=\"text-align:justify;margin-left:0pt;margin-right:0pt;margin-top:0pt;margin-bottom:0pt;\"><span style=\"font-family:Times New Roman;font-size:12pt;font-weight: bold;font-style: italic;\">Ouverture<\/span><span style=\"font-family:Times New Roman;font-size:12pt;\"> (16\u00a0pages), enti\u00e8rement autographe, marqu\u00e9e <\/span><span style=\"font-family:Times New Roman;font-size:12pt;font-style: italic;\">All\u00b0 vivace<\/span><span style=\"font-family:Times New Roman;font-size:12pt;\">. L\u2019orchestre comprend\u00a0: fl\u00fbte, hautbois, clarinettes, basson, cors en fa, piano, 1<\/span><span style=\"font-family:Times New Roman;font-size:9pt;vertical-align: super;\">ers<\/span><span style=\"font-family:Times New Roman;font-size:12pt;\"> et 2<\/span><span style=\"font-family:Times New Roman;font-size:9pt;vertical-align: super;\">ds<\/span><span style=\"font-family:Times New Roman;font-size:12pt;\"> violons, altos, violoncelles et contrebasses.<\/span><\/p><p style=\"text-align:justify;margin-left:0pt;margin-right:0pt;margin-top:0pt;margin-bottom:0pt;\"><span style=\"font-family:Times New Roman;font-size:12pt;font-weight: bold;\">Acte I<\/span><span style=\"font-family:Times New Roman;font-size:12pt;\"> (chaque num\u00e9ro a sa propre pagination)\u00a0: \u2013 N\u00b0\u00a01, <\/span><span style=\"font-family:Times New Roman;font-size:12pt;font-style: italic;\">Allegretto<\/span><span style=\"font-family:Times New Roman;font-size:12pt;\"> (27\u00a0p.), Les deux Servantes\u00a0: \u00ab\u00a0Veuillez accepter quelques roses\u00a0\u00bb, puis Elle\u00a0: \u00ab\u00a0Vingt ans\u00a0! vingt ans\u00a0! D\u00e9j\u00e0 vingt ans\u00a0!\u00a0\u00bb\u2026 \u2013 N\u00b0\u00a02, <\/span><span style=\"font-family:Times New Roman;font-size:12pt;font-style: italic;\">Vivement<\/span><span style=\"font-family:Times New Roman;font-size:12pt;\"> (10\u00a0p.), les fameux couplets d\u2019Elle\u00a0: \u00ab\u00a0\u00ab\u00a0J\u2019ai deux amants\u00a0\u00bb\u2026 \u2013 N\u00b0\u00a03, <\/span><span style=\"font-family:Times New Roman;font-size:12pt;font-style: italic;\">M<\/span><span style=\"font-family:Times New Roman;font-size:9pt;font-style: italic;vertical-align: super;\">t<\/span><span style=\"font-family:Times New Roman;font-size:12pt;font-style: italic;\"> de Tango<\/span><span style=\"font-family:Times New Roman;font-size:12pt;\"> (12\u00a0p.), air du Baron\u00a0: \u00ab\u00a0Valentine a perdu la t\u00eate\u00a0\u00bb\u2026 \u2013 N\u00b04, <\/span><span style=\"font-family:Times New Roman;font-size:12pt;font-style: italic;\">Molto Mod<\/span><span style=\"font-family:Times New Roman;font-size:9pt;font-style: italic;vertical-align: super;\">to<\/span><span style=\"font-family:Times New Roman;font-size:12pt;\"> (58p.), Quintette (Elle, l\u2019Interpr\u00e8te, le Maharadjah, les deux Servantes)\u00a0: \u00ab\u00a0Kartoum belefft\u00a0\u00bb\u2026 \u2013 N\u00b0\u00a05, <\/span><span style=\"font-family:Times New Roman;font-size:12pt;font-style: italic;\">And<\/span><span style=\"font-family:Times New Roman;font-size:9pt;font-style: italic;vertical-align: super;\">te<\/span><span style=\"font-family:Times New Roman;font-size:12pt;\"> (20\u00a0p.), air d\u2019Elle\u00a0: \u00ab\u00a0Toute l\u2019histoire en quatre mots [\u2026] J\u2019avais un r\u00eave assur\u00e9ment\u00a0\u00bb\u2026 \u2013 N\u00b0\u00a06, <\/span><span style=\"font-family:Times New Roman;font-size:12pt;font-style: italic;\">All\u00b0 (mouv<\/span><span style=\"font-family:Times New Roman;font-size:9pt;font-style: italic;vertical-align: super;\">t<\/span><span style=\"font-family:Times New Roman;font-size:12pt;font-style: italic;\"> de Valse)<\/span><span style=\"font-family:Times New Roman;font-size:12pt;\"> (9\u00a0p.), [Final], air d\u2019Elle\u00a0: \u00ab\u00a0\u00ab\u00a0Je m\u2019\u00e9tais jur\u00e9 qu\u2019\u00e0 vingt ans\u00a0\u00bb\u2026 (au dos du dernier feuillet, le d\u00e9but de l\u2019acte II a \u00e9t\u00e9 biff\u00e9).<\/span><\/p><p style=\"text-align:justify;margin-left:0pt;margin-right:0pt;margin-top:0pt;margin-bottom:0pt;\"><span style=\"font-family:Times New Roman;font-size:12pt;font-weight: bold;\">Acte II<\/span><span style=\"font-family:Times New Roman;font-size:12pt;\"> (pagination discontinue, qui t\u00e9moigne de remaniements)\u00a0: \u2013 <\/span><span style=\"font-family:Times New Roman;font-size:12pt;font-weight: bold;font-style: italic;\">1<\/span><span style=\"font-family:Times New Roman;font-size:9pt;font-weight: bold;font-style: italic;vertical-align: super;\">er<\/span><span style=\"font-family:Times New Roman;font-size:12pt;\"> <\/span><span style=\"font-family:Times New Roman;font-size:12pt;font-weight: bold;font-style: italic;\">Entracte<\/span><span style=\"font-family:Times New Roman;font-size:12pt;\"> (p. 1-7), enti\u00e8rement autographe, <\/span><span style=\"font-family:Times New Roman;font-size:12pt;font-style: italic;\">Mouv<\/span><span style=\"font-family:Times New Roman;font-size:9pt;font-style: italic;vertical-align: super;\">t<\/span><span style=\"font-family:Times New Roman;font-size:12pt;font-style: italic;\"> de Valse<\/span><span style=\"font-family:Times New Roman;font-size:12pt;\">. \u2013 N\u00b0\u00a07, <\/span><span style=\"font-family:Times New Roman;font-size:12pt;font-style: italic;\">All\u00b0<\/span><span style=\"font-family:Times New Roman;font-size:12pt;\"> (p.\u00a0[10]-23), couplets d\u2019Elle et les Servantes\u00a0: \u00ab\u00a0Depuis l\u2019histoire de la pomm\u2019\u00a0\u00bb\u2026 (au verso du dernier f., le d\u00e9but du n\u00b0\u00a08 est biff\u00e9). \u2013 N\u00b0\u00a07\u00a0bis, <\/span><span style=\"font-family:Times New Roman;font-size:12pt;font-style: italic;\">All\u00b0<\/span><span style=\"font-family:Times New Roman;font-size:12pt;\"> (3\u00a0p. non chiffr\u00e9es), air d\u2019Elle\u00a0: \u00ab\u00a0Que si l\u2019plus grand plaisir de l\u2019homme est de s\u2019offrir le corps des femm\u2019\u00a0\u00bb\u2026 \u2013 N\u00b0\u00a08, <\/span><span style=\"font-family:Times New Roman;font-size:12pt;font-style: italic;\">All<\/span><span style=\"font-family:Times New Roman;font-size:12pt;\">\u00b0 (p.\u00a024-44), ch\u0153ur (les Dames, les Hommes)\u00a0: \u00ab\u00a0F\u00eate charmante\u00a0\u00bb\u2026 \u2013 N\u00b0\u00a08 bis, <\/span><span style=\"font-family:Times New Roman;font-size:12pt;font-style: italic;\">Sortie<\/span><span style=\"font-family:Times New Roman;font-size:12pt;\"> (avec reprise du ch\u0153ur) (p.\u00a045-50). \u2013 N\u00b0\u00a09, <\/span><span style=\"font-family:Times New Roman;font-size:12pt;font-style: italic;\">All<\/span><span style=\"font-family:Times New Roman;font-size:12pt;\">\u00b0 (p.\u00a051-72), Duo, Lui (parl\u00e9) et Elle\u00a0: \u00ab\u00a0Entre tes bras que tu me tends\u00a0\u00bb\u2026 \u2013 N\u00b0\u00a010 (\u00e0 l\u2019origine 9\u00a0bis [la num\u00e9rotation des num\u00e9ros suivants en sera modifi\u00e9e] (12\u00a0p. non ch.), enti\u00e8rement autographe, chanson du Baron\u00a0: \u00ab\u00a0J\u2019aim\u2019 pas les bonn\u2019\u00a0\u00bb\u2026 \u2013 N\u00b0\u00a011, <\/span><span style=\"font-family:Times New Roman;font-size:12pt;font-style: italic;\">Moderato (ma con moto)<\/span><span style=\"font-family:Times New Roman;font-size:12pt;\">, enti\u00e8rement autographe (15\u00a0p.), air du Maharadjah\u00a0: \u00ab\u00a0D\u2019une voix tr\u00e8s douce et chantante\u00a0\u00bb\u2026 [qui deviendra, avec des paroles de fantaisie, le \u00ab\u00a0Chant Birman\u00a0\u00bb\u00a0: \u00ab\u00a0Lalla vabim\u00a0\u00bb\u2026] \u2013 N\u00b0\u00a012, <\/span><span style=\"font-family:Times New Roman;font-size:12pt;font-style: italic;\">All<\/span><span style=\"font-family:Times New Roman;font-size:12pt;\">\u00b0 (p.\u00a053-82), ensemble (le ma\u00eetre d\u2019h\u00f4tel, les invit\u00e9s et l\u2019Interpr\u00e8te)\u00a0: &nbsp;\u00ab\u00a0Messieurs les invit\u00e9s\u00a0\u00bb\u2026, puis \u00ab\u00a0 \u00c0 table\u00a0\u00bb\u2026, et \u00ab\u00a0Le Koutchiska c\u2019est le ragout\u00a0\u00bb\u2026. \u2013 N\u00b0\u00a013, <\/span><span style=\"font-family:Times New Roman;font-size:12pt;font-style: italic;\">All<\/span><span style=\"font-family:Times New Roman;font-size:9pt;font-style: italic;vertical-align: super;\">tto<\/span><span style=\"font-family:Times New Roman;font-size:12pt;\"> (p.83-98), \u00ab\u00a0Couplets du charme\u00a0\u00bb par Elle\u00a0: \u00ab\u00a0Il est un pouvoir dont le temps\u00a0\u00bb\u2026 \u2013 N\u00b0\u00a014, \u00ab\u00a0Final\u00a0\u00bb, <\/span><span style=\"font-family:Times New Roman;font-size:12pt;font-style: italic;\">Mod<\/span><span style=\"font-family:Times New Roman;font-size:9pt;font-style: italic;vertical-align: super;\">to<\/span><span style=\"font-family:Times New Roman;font-size:12pt;\"> (pag. 1-42), ensemble\u00a0: \u00ab\u00a0\u00ab\u00a0Excusez-nous si nous partons\u00a0\u00bb\u2026<\/span><\/p><p style=\"text-align:justify;margin-left:0pt;margin-right:0pt;margin-top:0pt;margin-bottom:0pt;\"><span style=\"font-family:Times New Roman;font-size:12pt;font-weight: bold;\">Acte III<\/span><span style=\"font-family:Times New Roman;font-size:12pt;\"> (pagination discontinue, qui t\u00e9moigne de remaniements)\u00a0: \u2013 <\/span><span style=\"font-family:Times New Roman;font-size:12pt;font-weight: bold;font-style: italic;\">2<\/span><span style=\"font-family:Times New Roman;font-size:9pt;font-weight: bold;font-style: italic;vertical-align: super;\">e<\/span><span style=\"font-family:Times New Roman;font-size:12pt;font-weight: bold;font-style: italic;\"> Entr\u2019acte<\/span><span style=\"font-family:Times New Roman;font-size:12pt;\"> (pag. 1-9), enti\u00e8rement autographe, marqu\u00e9 <\/span><span style=\"font-family:Times New Roman;font-size:12pt;font-style: italic;\">Con moto<\/span><span style=\"font-family:Times New Roman;font-size:12pt;\">. \u2013 N\u00b0\u00a015 (pag. 99-108), Lui accompagn\u00e9 par un \u00ab\u00a0Violon solo\u00a0\u00bb\u00a0: \u00ab\u00a0Ah\u00a0! quelle nuit\u00a0! Quelle ma\u00eetresse\u00a0!\u00a0\u00bb\u2026 \u2013 N\u00b0\u00a016 (19\u00a0p.), <\/span><span style=\"font-family:Times New Roman;font-size:12pt;font-style: italic;\">Quatuor<\/span><span style=\"font-family:Times New Roman;font-size:12pt;\"> (l\u2019Interpr\u00e8te, Elle et les deux Servantes), marqu\u00e9 <\/span><span style=\"font-family:Times New Roman;font-size:12pt;font-style: italic;\">All\u00b0 molto moderato<\/span><span style=\"font-family:Times New Roman;font-size:12pt;\">\u00a0: \u00ab\u00a0Le Maradjah m\u2019disait\u00a0\u00bb\u2026 \u2013 N\u00b0\u00a017, Couplets, marqu\u00e9 <\/span><span style=\"font-family:Times New Roman;font-size:12pt;font-style: italic;\">Allegro<\/span><span style=\"font-family:Times New Roman;font-size:12pt;\">, enti\u00e8rement autographe (8\u00a0p.), Le Baron\u00a0: \u00ab\u00a0Ah\u00a0! quelle nuit\u00a0! Quelle ma\u00eetresse\u00a0!\u00a0\u00bb\u2026 \u2013 N\u00b018 (9\u00a0p.), <\/span><span style=\"font-family:Times New Roman;font-size:12pt;font-style: italic;\">And<\/span><span style=\"font-family:Times New Roman;font-size:9pt;font-style: italic;vertical-align: super;\">te<\/span><span style=\"font-family:Times New Roman;font-size:12pt;font-style: italic;\"> (assez lent)<\/span><span style=\"font-family:Times New Roman;font-size:12pt;\">, romance d\u2019Elle\u00a0: \u00ab\u00a0Pourquoi m\u2019en \u00e9crire un volume\u00a0?\u00a0\u00bb\u2026 \u2013 N\u00b0\u00a019, <\/span><span style=\"font-family:Times New Roman;font-size:12pt;font-style: italic;\">Duetto<\/span><span style=\"font-family:Times New Roman;font-size:12pt;\"> marqu\u00e9 <\/span><span style=\"font-family:Times New Roman;font-size:12pt;font-style: italic;\">All\u00b0 non troppo<\/span><span style=\"font-family:Times New Roman;font-size:12pt;\"> (15\u00a0p.), 1<\/span><span style=\"font-family:Times New Roman;font-size:9pt;vertical-align: super;\">\u00e8re<\/span><span style=\"font-family:Times New Roman;font-size:12pt;\"> Servante et l\u2019Interpr\u00e8te\u00a0: \u00ab\u00a0Excellente combinaison\u00a0\u00bb\u2026 \u2013 N\u00b0\u00a020, <\/span><span style=\"font-family:Times New Roman;font-size:12pt;font-style: italic;\">Final<\/span><span style=\"font-family:Times New Roman;font-size:12pt;\">, enti\u00e8rement autographe (7\u00a0p.), <\/span><span style=\"font-family:Times New Roman;font-size:12pt;font-style: italic;\">All\u00b0 molto<\/span><span style=\"font-family:Times New Roman;font-size:12pt;\">, l\u2019introduction instrumentale (36 mesures) a \u00e9t\u00e9 biff\u00e9e au crayon bleu\u00a0; puis air d\u2019Elle\u00a0: \u00ab\u00a0J\u2019ai deux amants, c\u2019est beaucoup mieux. L\u2019un est tr\u00e8s jeune quand je veux Et l\u2019autre est le Monsieur s\u00e9rieux\u00a0\u00bb\u2026<\/span><\/p><p style=\"text-align:justify;margin-left:0pt;margin-right:0pt;margin-top:0pt;margin-bottom:0pt;\"><span>&nbsp;<\/span><\/p><\/div>\n<div class='upcp-prod-desc-custom-fields upcp-custom-field-list'><\/div><a class='upcp-catalogue-link'  href='\/index.php?rest_route=%2Fwp%2Fv2%2Fpages%2F3275&SingleProduct=4377' onclick='RecordView(4377);'><div id='prod-cat-details-link-4377' class='prod-cat-details-link upcp-list-details-link'><span class='upcp-details-text'>d\u00e9tails<\/span><span class='upcp-details-icon'>s<\/span><\/div>\n<\/a><\/div><\/div>\n<div id='prod-cat-list-item-4376' class='prod-cat-item upcp-list-item ' data-itemid='4376'>\n<div id='prod-cat-title-4376' class='prod-cat-title upcp-list-title upcp-list-action-Expand' onclick='ToggleItem(4376);'>082 Pierre DRIEU LA ROCHELLE (1893-1945) \u00e9crivain<\/div>\n<div id='prod-cat-price-4376' class='prod-cat-price upcp-list-price' data-item_price='4\u00a0500  \u20ac' onclick='ToggleItem(4376);'><span class='full-price' itemprop='offers' itemscope itemtype='http:\/\/schema.org\/Offer'><span itemprop='price' content='4\u00a0500 '>4\u00a0500 <\/span><span itemprop='priceCurrency' content=''> \u20ac<\/span><\/span><\/div>\n<div id='prod-cat-details-4376' class='prod-cat-details upcp-list-details hidden-field'>\n<div id='prod-cat-thumb-div-4376' class='prod-cat-thumb-image-div upcp-list-image-div'><a class='upcp-catalogue-link'  href='\/index.php?rest_route=%2Fwp%2Fv2%2Fpages%2F3275&SingleProduct=4376' onclick='RecordView(4376);'><img src='http:\/\/www.lesautographes.com\/wp-content\/uploads\/2023\/10\/82.jpg' alt='082 Pierre DRIEU LA ROCHELLE (1893-1945) \u00e9crivain Image' id='prod-cat-thumb-4376' class='prod-cat-thumb-image upcp-thumb-image'><\/a><\/div>\n<div id='prod-cat-desc-4376' class='prod-cat-desc upcp-list-desc'><p style=\"text-align:justify;margin-left:0pt;margin-right:0pt;margin-top:0pt;margin-bottom:0pt;\"><span style=\"font-family:Times New Roman;font-size:12pt;font-weight: bold;\">18 L.A.S.<\/span><span style=\"font-family:Times New Roman;font-size:12pt;\">, 1921-[1937], <\/span><span style=\"font-family:Times New Roman;font-size:12pt;font-weight: bold;\">\u00e0 Daniel <\/span><span style=\"font-family:Times New Roman;font-size:12pt;font-weight: bold;text-transform: uppercase;\">Hal\u00e9vy<\/span><span style=\"font-family:Times New Roman;font-size:12pt;\"> (une \u00e0 Madame)<\/span><span style=\"font-family:Times New Roman;font-size:12pt;text-transform: uppercase;\">\u00a0<\/span><span style=\"font-family:Times New Roman;font-size:12pt;\">; 26 pages formats divers mont\u00e9es sur onglets sur des feuillets de papier v\u00e9lin fort, quelques adresses, en un volume in-4 dos box gris.<\/span><\/p><p style=\"text-align:justify;margin-left:0pt;margin-right:0pt;margin-top:0pt;margin-bottom:0pt;\"><span style=\"font-family:Times New Roman;font-size:12pt;font-weight: bold;text-transform: uppercase;\">Importante correspondance litt\u00e9raire et politique<\/span><span style=\"font-family:Times New Roman;font-size:12pt;\">, autour de la publication de <\/span><span style=\"font-family:Times New Roman;font-size:12pt;font-weight: bold;font-style: italic;\">Mesure de la France<\/span><span style=\"font-family:Times New Roman;font-size:12pt;\"> (d\u00e9cembre 1922), et t\u00e9moignant du respect que Drieu portait \u00e0 son a\u00een\u00e9, directeur des \u00ab\u00a0Cahiers verts\u00a0\u00bb chez Grasset.<\/span><\/p><p style=\"text-align:justify;margin-left:0pt;margin-right:0pt;margin-top:0pt;margin-bottom:0pt;\"><span style=\"font-family:Times New Roman;font-size:12pt;font-style: italic;\">[Paris 11 f\u00e9vrier <\/span><span style=\"font-family:Times New Roman;font-size:12pt;font-weight: bold;font-style: italic;\">1921<\/span><span style=\"font-family:Times New Roman;font-size:12pt;font-style: italic;\">]<\/span><span style=\"font-family:Times New Roman;font-size:12pt;\">. Il viendra chez Hal\u00e9vy\u00a0: \u00ab\u00a0Pour plusieurs raisons je serai content de me trouver en face de vous\u00a0\u00bb... <\/span><span style=\"font-family:Times New Roman;font-size:12pt;font-style: italic;\">[7 mars]<\/span><span style=\"font-family:Times New Roman;font-size:12pt;\">. \u00ab\u00a0J\u2019\u00e9tais en Angleterre au moment o\u00f9 vous m\u2019avez rappel\u00e9 votre invitation \u00e0 laquelle je me serais rendu avec un vrai plaisir\u00a0\u00bb... <\/span><span style=\"font-family:Times New Roman;font-size:12pt;font-style: italic;\">[18 mars]<\/span><span style=\"font-family:Times New Roman;font-size:12pt;\">. \u00ab\u00a0Je crains de ne pouvoir venir avec Jean <\/span><span style=\"font-family:Times New Roman;font-size:12pt;text-transform: uppercase;\">Bernier<\/span><span style=\"font-family:Times New Roman;font-size:12pt;\"> qui est en Province pour quelque temps encore\u00a0\u00bb...<\/span><\/p><p style=\"text-align:justify;margin-left:0pt;margin-right:0pt;margin-top:0pt;margin-bottom:0pt;\"><span style=\"font-family:Times New Roman;font-size:12pt;font-style: italic;\">Klobenstein 6 mai <\/span><span style=\"font-family:Times New Roman;font-size:12pt;font-weight: bold;font-style: italic;\">1922<\/span><span style=\"font-family:Times New Roman;font-size:12pt;\">. Il envoie \u00e0 son fr\u00e8re le manuscrit de <\/span><span style=\"font-family:Times New Roman;font-size:12pt;font-weight: bold;font-style: italic;\">La Mesure de la France<\/span><span style=\"font-family:Times New Roman;font-size:12pt;\">, pour qu\u2019il le fasse dactylographier, et il interroge Hal\u00e9vy sur les d\u00e9lais, et divers points\u00a0: \u00ab\u00a01\u00b0) L\u2019article vous pla\u00eet-il dans le titre\u00a0? 2\u00b0) Faut-il mettre des titres dans le texte de la mesure et de citoyens 3\u00b0) Croyez-vous que j\u2019aie assez retravaill\u00e9 ces deux morceaux qui n\u2019en forment plus qu\u2019un seul. 4\u00b0) La pr\u00e9face est-elle utile\u00a0? suffisante\u00a0? 5\u00b0) Je crois que l\u2019habitude des Cahiers Verts est d\u2019ouvrir chaque cahier par une note introductrice. Voulez-vous me faire l\u2019honneur de la r\u00e9diger\u00a0?\u00a0\u00bb... Il interroge Hal\u00e9vy sur le <\/span><span style=\"font-family:Times New Roman;font-size:12pt;font-weight: bold;\">rapprochement germano-sovi\u00e9tique<\/span><span style=\"font-family:Times New Roman;font-size:12pt;\">\u00a0: \u00ab\u00a0<\/span><span style=\"font-family:Times New Roman;font-size:12pt;font-weight: bold;\">Le trait\u00e9 de Rapallo <\/span><span style=\"font-family:Times New Roman;font-size:12pt;\">ne vous angoisse-t-il pas\u00a0? La politique de Poincar\u00e9 tardive, inefficace ne vaut rien\u00a0? Il faudrait franchement faire la part du feu\u00a0\u00bb... <\/span><span style=\"font-family:Times New Roman;font-size:12pt;font-style: italic;\">Paris [25 mai]<\/span><span style=\"font-family:Times New Roman;font-size:12pt;\">. \u00ab\u00a0Des \u00e9v\u00e9nements fortuits (et principalement la mauvaise sant\u00e9 de mon p\u00e8re) m\u2019ont oblig\u00e9 \u00e0 rentrer \u00e0 Paris. Les copies que m\u2019avait envoy\u00e9es mon fr\u00e8re voyagent encore. Est-il encore temps pour corriger la copie qui est entre vos mains\u00a0\u00bb... <\/span><span style=\"font-family:Times New Roman;font-size:12pt;font-style: italic;\">[D\u00e9but septembre]<\/span><span style=\"font-family:Times New Roman;font-size:12pt;\">. \u00ab\u00a0D\u2019abord, faut-il vous f\u00e9liciter de ce petit signe rouge\u00a0? J\u2019ai trop d\u2019estime pour vos qualit\u00e9s les plus hautes pour oser croire que vous \u00eates bien sensible \u00e0 cette marque gouvernementale. Et pourtant <\/span><span style=\"font-family:Times New Roman;font-size:12pt;font-weight: bold;\">c\u2019est rafra\u00eechissant de penser que dans les hauts lieux on se rend compte de l\u2019importance exemplaire de votre \u0153uvre et de votre vie<\/span><span style=\"font-family:Times New Roman;font-size:12pt;\">\u00a0\u00bb... Il demande aussi des nouvelles de la publication de son \u00ab\u00a0petit bouquin\u00a0\u00bb... <\/span><span style=\"font-family:Times New Roman;font-size:12pt;font-style: italic;\">[Septembre]<\/span><span style=\"font-family:Times New Roman;font-size:12pt;\">. \u00ab\u00a0Merci d\u2019avoir encore retouch\u00e9 cette pr\u00e9face dont quelques petits d\u00e9tails qui m\u2019ont accroch\u00e9 ne peuvent me cacher le mouvement d\u2019ensemble qui me porte g\u00e9n\u00e9reusement en avant. Au fond il sort de notre petit d\u00e9bat une le\u00e7on assez comique qui confirme bien ce que vous dites des <\/span><span style=\"font-family:Times New Roman;font-size:12pt;font-weight: bold;\">difficult\u00e9s de compr\u00e9hension d\u2019une g\u00e9n\u00e9ration \u00e0 l\u2019autre<\/span><span style=\"font-family:Times New Roman;font-size:12pt;\">\u00a0\u00bb... <\/span><span style=\"font-family:Times New Roman;font-size:12pt;font-style: italic;\">25 septembre<\/span><span style=\"font-family:Times New Roman;font-size:12pt;\">. Il remercie Hal\u00e9vy du soin qu\u2019il a pris de son \u00ab\u00a0informe copie\u00a0\u00bb, qu\u2019il aurait d\u00fb mieux corriger\u00a0: \u00ab\u00a0Mais il y a beaucoup de n\u00e9gligences de premier jet qui auraient encore \u00e9chapp\u00e9 \u00e0 ma r\u00e9vision. Vous verrez que presque partout j\u2019ai souscrit \u00e0 vos observations\u00a0\u00bb... Il demande de secondes \u00e9preuves \u00e0 Hy\u00e8res... <\/span><span style=\"font-family:Times New Roman;font-size:12pt;font-style: italic;\">Jeudi [octobre\u00a0?]<\/span><span style=\"font-family:Times New Roman;font-size:12pt;\">. Tr\u00e8s reconnaissant de sa vigoureuse pr\u00e9face, il craint n\u00e9anmoins de ne pas l\u2019avoir renseign\u00e9 exactement\u00a0: \u00ab\u00a01\u00b0) <\/span><span style=\"font-family:Times New Roman;font-size:12pt;font-weight: bold;\">au sujet des dadas<\/span><span style=\"font-family:Times New Roman;font-size:12pt;\">. Les mots <\/span><span style=\"font-family:Times New Roman;font-size:12pt;\">\u201cextravagance d\u00e9bile\u201d me heurtent. Je ne crois pas qu\u2019ils soient d\u00e9biles, ni m\u00eame qu\u2019ils voguent bien loin d\u2019un centre de pr\u00e9occupation commun \u00e0 nous tous\u00a0\u00bb... \u00ab\u00a02\u00b0) <\/span><span style=\"font-family:Times New Roman;font-size:12pt;font-weight: bold;\">Je n\u2019ai jamais <\/span><span style=\"font-family:Times New Roman;font-size:12pt;font-weight: bold;font-style: italic;\">fr\u00e9quent\u00e9<\/span><span style=\"font-family:Times New Roman;font-size:12pt;font-weight: bold;\"> les communistes, ni <\/span><span style=\"font-family:Times New Roman;font-size:12pt;font-weight: bold;font-style: italic;\">retrouv\u00e9<\/span><span style=\"font-family:Times New Roman;font-size:12pt;font-weight: bold;\"> parmi eux Lefebvre<\/span><span style=\"font-family:Times New Roman;font-size:12pt;\">. Mais au contraire, parce que j\u2019avais gard\u00e9 un contact intermittent avec Lef. j\u2019ai \u00e9t\u00e9 amen\u00e9 \u00e0 former des vues sur le milieu communiste <\/span><span style=\"font-family:Times New Roman;font-size:12pt;font-style: italic;\">o\u00f9 je ne connais personne<\/span><span style=\"font-family:Times New Roman;font-size:12pt;\"> et o\u00f9 personne ne m\u2019attire. De m\u00eame j\u2019ignorerais royalement <\/span><span style=\"font-family:Times New Roman;font-size:12pt;font-style: italic;\">Clart\u00e9<\/span><span style=\"font-family:Times New Roman;font-size:12pt;\"> si Bernier n\u2019\u00e9tait pas mon ami. J\u2019ai suivi bien plus attentivement le mouvement d\u2019A.F. que celui de Clart\u00e9\u00a0\u00bb... <\/span><span style=\"font-family:Times New Roman;font-size:12pt;font-weight: bold;\">Dada\u00efsme et communisme<\/span><span style=\"font-family:Times New Roman;font-size:12pt;\"> ne sont que deux choses entre dix auxquels il a port\u00e9 son regard, et il dirige celui-ci plus que Hal\u00e9vy ne le laisse entendre\u00a0: \u00ab\u00a0Je crois que dans <\/span><span style=\"font-family:Times New Roman;font-size:12pt;font-style: italic;\">Interrogation<\/span><span style=\"font-family:Times New Roman;font-size:12pt;\">, <\/span><span style=\"font-family:Times New Roman;font-size:12pt;font-style: italic;\">Fond de cantine<\/span><span style=\"font-family:Times New Roman;font-size:12pt;\"> et <\/span><span style=\"font-family:Times New Roman;font-size:12pt;font-style: italic;\">\u00c9tat-Civil<\/span><span style=\"font-family:Times New Roman;font-size:12pt;\">, il y a un d\u00e9veloppement coh\u00e9rent de <\/span><span style=\"font-family:Times New Roman;font-size:12pt;font-weight: bold;\">m\u00e9ditation sur la guerre et sur la vie moderne<\/span><span style=\"font-family:Times New Roman;font-size:12pt;\">\u00a0\u00bb... Benjamin <\/span><span style=\"font-family:Times New Roman;font-size:12pt;text-transform: uppercase;\">Cr\u00e9mieux<\/span><span style=\"font-family:Times New Roman;font-size:12pt;\"> a reconnu cette continuit\u00e9 et cette direction dans un article de la <\/span><span style=\"font-family:Times New Roman;font-size:12pt;font-style: italic;\">N.R.F<\/span><span style=\"font-family:Times New Roman;font-size:12pt;\">\u2026 <\/span><span style=\"font-family:Times New Roman;font-size:12pt;font-style: italic;\">[Novembre\u00a0?]<\/span><span style=\"font-family:Times New Roman;font-size:12pt;\">. Renvoi de <\/span><span style=\"font-family:Times New Roman;font-size:12pt;font-style: italic;\">Mesure de la France<\/span><span style=\"font-family:Times New Roman;font-size:12pt;\">, encore r\u00e9vis\u00e9, avec pri\u00e8re de faire imprimer son nom sans son pr\u00e9nom\u00a0; il aimerait une traduction anglaise...<\/span><\/p><p style=\"text-align:justify;margin-left:0pt;margin-right:0pt;margin-top:0pt;margin-bottom:0pt;\"><span style=\"font-family:Times New Roman;font-size:12pt;font-style: italic;\">22 f\u00e9vrier <\/span><span style=\"font-family:Times New Roman;font-size:12pt;font-weight: bold;font-style: italic;\">1923<\/span><span style=\"font-family:Times New Roman;font-size:12pt;\">. \u00ab\u00a0<\/span><span style=\"font-family:Times New Roman;font-size:12pt;text-transform: uppercase;\">Le Grix<\/span><span style=\"font-family:Times New Roman;font-size:12pt;\"> me demande pour la <\/span><span style=\"font-family:Times New Roman;font-size:12pt;font-style: italic;\">Revue Hebdomadaire<\/span><span style=\"font-family:Times New Roman;font-size:12pt;\"> de provoquer les r\u00e9flexions de quelques Fran\u00e7ais sur <\/span><span style=\"font-family:Times New Roman;font-size:12pt;font-weight: bold;\">le fascisme<\/span><span style=\"font-family:Times New Roman;font-size:12pt;\">. Est-ce que samedi, vers deux heures et demie je pourrais vous \u201cinterviewer\u201d pendant un bon moment\u00a0?\u00a0\u00bb... <\/span><span style=\"font-family:Times New Roman;font-size:12pt;font-style: italic;\">21 avril<\/span><span style=\"font-family:Times New Roman;font-size:12pt;\">. L\u2019article d\u2019Hal\u00e9vy dans la <\/span><span style=\"font-family:Times New Roman;font-size:12pt;font-style: italic;\">Revue de Gen\u00e8ve<\/span><span style=\"font-family:Times New Roman;font-size:12pt;\"> l\u2019emplit du \u00ab\u00a0sentiment fortifiant et d\u00e9licieux de notre entente\u00a0\u00bb\u00a0; il appr\u00e9cie les \u00ab\u00a0alliances intellectuelles\u00a0\u00bb tiss\u00e9es par Hal\u00e9vy. \u00ab\u00a0<\/span><span style=\"font-family:Times New Roman;font-size:12pt;font-weight: bold;\">Il y a, en d\u00e9pit de tous nos soucis et de tous nos doutes, en France un groupe d\u2019hommes de bonne volont\u00e9. Il y a vous, il y a Jacques Rivi\u00e8re, il y a moi qui red\u00e9bouchons ces avenues par o\u00f9 la France peut sortir d\u2019elle-m\u00eame et \u00e9chapper \u00e0 l\u2019obsession historique dont ses meilleurs gardiens veulent l\u2019\u00e9touffer<\/span><span style=\"font-family:Times New Roman;font-size:12pt;\">\u00a0\u00bb... Ainsi il pousse <\/span><span style=\"font-family:Times New Roman;font-size:12pt;text-transform: uppercase;\">Rivi\u00e8re<\/span><span style=\"font-family:Times New Roman;font-size:12pt;\"> \u00e0 publier une conf\u00e9rence faite en Suisse pour contribuer \u00e0 maintenir la fonction europ\u00e9enne de la France... Il voudrait aussi entretenir Hal\u00e9vy de deux livres am\u00e9ricains\u00a0: <\/span><span style=\"font-family:Times New Roman;font-size:12pt;font-style: italic;\">Babbit<\/span><span style=\"font-family:Times New Roman;font-size:12pt;\">, \u00ab\u00a0un roman de Sinclair <\/span><span style=\"font-family:Times New Roman;font-size:12pt;text-transform: uppercase;\">Lewis<\/span><span style=\"font-family:Times New Roman;font-size:12pt;\"> qui a eu un \u00e9norme succ\u00e8s et qui est une tr\u00e8s compl\u00e8te et tr\u00e8s solide critique de la civil. am\u00e9r.\u00a0\u00bb, et <\/span><span style=\"font-family:Times New Roman;font-size:12pt;font-style: italic;\">The Waste Land<\/span><span style=\"font-family:Times New Roman;font-size:12pt;\"> de T.S. <\/span><span style=\"font-family:Times New Roman;font-size:12pt;text-transform: uppercase;\">Eliot<\/span><span style=\"font-family:Times New Roman;font-size:12pt;\">, \u00ab\u00a0r\u00e9cent chef-d\u2019\u0153uvre du meilleur po\u00e8te am\u00e9ricain et qui me para\u00eet \u00eatre la somme intellectuelle, sentimentale et lyrique de notre \u00e9poque en 433 vers. J\u2019\u00e9cris des nouvelles [<\/span><span style=\"font-family:Times New Roman;font-size:12pt;font-style: italic;\">Plainte contre inconnu<\/span><span style=\"font-family:Times New Roman;font-size:12pt;\">], un roman [<\/span><span style=\"font-family:Times New Roman;font-size:12pt;font-style: italic;\">L\u2019Homme couvert de femmes<\/span><span style=\"font-family:Times New Roman;font-size:12pt;\">] qui satisferont je crois vos pressentiments sur un c\u00f4t\u00e9 de mon esprit. Bernier ach\u00e8ve son roman qui me donne de plus en plus d\u2019espoir\u00a0\u00bb... <\/span><span style=\"font-family:Times New Roman;font-size:12pt;font-style: italic;\">8 novembre<\/span><span style=\"font-family:Times New Roman;font-size:12pt;\">. Envoi d\u2019un article\u00a0: \u00ab\u00a0J\u2019ai \u00e9crit cette note sur <\/span><span style=\"font-family:Times New Roman;font-size:12pt;font-style: italic;\">Vauban<\/span><span style=\"font-family:Times New Roman;font-size:12pt;\"> dans le feu de l\u2019int\u00e9r\u00eat que je ressentais pour ce livre exemplaire et avec cette absence de prudence dont je jouis tant quand je suis en face de quelqu\u2019un qui peut tout comprendre\u00a0\u00bb...<\/span><\/p><p style=\"text-align:justify;margin-left:0pt;margin-right:0pt;margin-top:0pt;margin-bottom:0pt;\"><span style=\"font-family:Times New Roman;font-size:12pt;font-style: italic;\">15 janvier <\/span><span style=\"font-family:Times New Roman;font-size:12pt;font-weight: bold;font-style: italic;\">1930<\/span><span style=\"font-family:Times New Roman;font-size:12pt;\">. <\/span><span style=\"font-family:Times New Roman;font-size:12pt;font-style: italic;\">Trois D\u00eeners <\/span><span style=\"font-family:Times New Roman;font-size:12pt;\">[<\/span><span style=\"font-family:Times New Roman;font-size:12pt;font-style: italic;\">chez Gambetta<\/span><span style=\"font-family:Times New Roman;font-size:12pt;\">, de Ludovic Hal\u00e9vy, publi\u00e9 et annot\u00e9 par Daniel Hal\u00e9vy], est \u00ab\u00a0un petit morceau exquis. [\u2026] quelle tape pour <\/span><span style=\"font-family:Times New Roman;font-size:12pt;text-transform: uppercase;\">Gambetta<\/span><span style=\"font-family:Times New Roman;font-size:12pt;\">\u00a0! Au milieu de tous les plaisants prestiges dont le pare Ludovic Hal\u00e9vy\u00a0: \u00e9loquence et bonne volont\u00e9 litt\u00e9raire, honn\u00eatet\u00e9 et patriotisme, na\u00eff orgueil et vaniteuse bonhomie, c\u2019est <\/span><span style=\"font-family:Times New Roman;font-size:12pt;font-weight: bold;\">le faux grand homme dans toute son horreur<\/span><span style=\"font-family:Times New Roman;font-size:12pt;\"> qui nous appara\u00eet\u00a0! Et comme je suis choqu\u00e9 par<\/span><span style=\"font-family:Times New Roman;font-size:12pt;font-weight: bold;\"> ce m\u00e9pris m\u00e9ridional pour la libert\u00e9 qu\u2019on sent chez ce dictateur manqu\u00e9<\/span><span style=\"font-family:Times New Roman;font-size:12pt;\">. Il faudrait \u00e9crire un livre contre l\u2019influence des Italiens sur la polit. fran\u00e7aise\u00a0: les M\u00e9dicis (longue s\u00e9quelle), Mazarin, Bonaparte, Gambetta, Blanqui, Napol\u00e9on III, et les Corses\u00a0\u00bb... Il parle de l\u2019\u00e9volution de sa com\u00e9die [<\/span><span style=\"font-family:Times New Roman;font-size:12pt;font-style: italic;\">L\u2019Eau fra\u00eeche<\/span><span style=\"font-family:Times New Roman;font-size:12pt;\">] depuis<\/span><span style=\"font-family:Times New Roman;font-size:12pt;font-style: italic;\"> <\/span><span style=\"font-family:Times New Roman;font-size:12pt;\">sa lecture, et regrette de ne pouvoir donner son essai, \u00ab\u00a0L\u2019Art est action\u00a0\u00bb, aux <\/span><span style=\"font-family:Times New Roman;font-size:12pt;font-style: italic;\">Cahiers verts\u00a0<\/span><span style=\"font-family:Times New Roman;font-size:12pt;\">: \u00ab\u00a0d\u00e9cid\u00e9ment c\u2019est trop tard\u00a0\u00bb... <\/span><span style=\"font-family:Times New Roman;font-size:12pt;font-style: italic;\">Cap-Ferrat juillet<\/span><span style=\"font-family:Times New Roman;font-size:12pt;\">. Condol\u00e9ances\u00a0: \u00ab\u00a0J\u2019avais rencontr\u00e9 votre m\u00e8re deux ou trois fois, et elle m\u2019avait vivement frapp\u00e9\u00a0\u00bb... Plus quelques r\u00e9ponses \u00e0 des invitations, etc.<\/span><\/p><p style=\"text-align:justify;margin-left:0pt;margin-right:0pt;margin-top:0pt;margin-bottom:0pt;\"><span style=\"font-family:Times New Roman;font-size:12pt;font-weight: bold;\">On a joint 4 l.a.s. de Jean <\/span><span style=\"font-family:Times New Roman;font-size:12pt;font-weight: bold;text-transform: uppercase;\">Bernier<\/span><span style=\"font-family:Times New Roman;font-size:12pt;\"> (1894-1975) \u00e0 D. Hal\u00e9vy, 1921-1923\u00a0; et la coupure de l\u2019article que Drieu consacra au <\/span><span style=\"font-family:Times New Roman;font-size:12pt;font-style: italic;\">Vauban<\/span><span style=\"font-family:Times New Roman;font-size:12pt;\"> d\u2019Hal\u00e9vy dans la <\/span><span style=\"font-family:Times New Roman;font-size:12pt;font-style: italic;\">Nouvelle Revue Fran\u00e7aise<\/span><span style=\"font-family:Times New Roman;font-size:12pt;\"> du 1<\/span><span style=\"font-family:Times New Roman;font-size:9pt;vertical-align: super;\">er<\/span><span style=\"font-family:Times New Roman;font-size:12pt;\"> octobre 1923.<\/span><\/p><\/div>\n<div class='upcp-prod-desc-custom-fields upcp-custom-field-list'><\/div><a class='upcp-catalogue-link'  href='\/index.php?rest_route=%2Fwp%2Fv2%2Fpages%2F3275&SingleProduct=4376' onclick='RecordView(4376);'><div id='prod-cat-details-link-4376' class='prod-cat-details-link upcp-list-details-link'><span class='upcp-details-text'>d\u00e9tails<\/span><span class='upcp-details-icon'>s<\/span><\/div>\n<\/a><\/div><\/div>\n<div id='prod-cat-list-item-4373' class='prod-cat-item upcp-list-item ' data-itemid='4373'>\n<div id='prod-cat-title-4373' class='prod-cat-title upcp-list-title upcp-list-action-Expand' onclick='ToggleItem(4373);'>079 Andr\u00e9 BRETON (1896-1966) po\u00e8te<\/div>\n<div id='prod-cat-price-4373' class='prod-cat-price upcp-list-price' data-item_price='5\u00a0000  \u20ac' onclick='ToggleItem(4373);'><span class='full-price' itemprop='offers' itemscope itemtype='http:\/\/schema.org\/Offer'><span itemprop='price' content='5\u00a0000 '>5\u00a0000 <\/span><span itemprop='priceCurrency' content=''> \u20ac<\/span><\/span><\/div>\n<div id='prod-cat-details-4373' class='prod-cat-details upcp-list-details hidden-field'>\n<div id='prod-cat-thumb-div-4373' class='prod-cat-thumb-image-div upcp-list-image-div'><a class='upcp-catalogue-link'  href='\/index.php?rest_route=%2Fwp%2Fv2%2Fpages%2F3275&SingleProduct=4373' onclick='RecordView(4373);'><img src='http:\/\/www.lesautographes.com\/wp-content\/uploads\/2023\/10\/79.jpg' alt='079 Andr\u00e9 BRETON (1896-1966) po\u00e8te Image' id='prod-cat-thumb-4373' class='prod-cat-thumb-image upcp-thumb-image'><\/a><\/div>\n<div id='prod-cat-desc-4373' class='prod-cat-desc upcp-list-desc'><p style=\"text-align:justify;margin-left:0pt;margin-right:0pt;margin-top:0pt;margin-bottom:0pt;\"><span style=\"font-family:Times New Roman;font-size:12pt;font-weight: bold;text-transform: uppercase;\">Manuscrit<\/span><span style=\"font-family:Times New Roman;font-size:12pt;font-weight: bold;\"> autographe de 4 <\/span><span style=\"font-family:Times New Roman;font-size:12pt;font-weight: bold;text-transform: uppercase;\">po\u00e8mes<\/span><span style=\"font-family:Times New Roman;font-size:12pt;\">, <\/span><span style=\"font-family:Times New Roman;font-size:12pt;font-weight: bold;font-style: italic;\">Po\u00e8mes<\/span><span style=\"font-family:Times New Roman;font-size:12pt;\">, [1919\u00a0?]\u00a0; 4\u00a0pages in-4.<\/span><\/p><p style=\"text-align:justify;margin-left:0pt;margin-right:0pt;margin-top:0pt;margin-bottom:0pt;\"><span style=\"font-family:Times New Roman;font-size:12pt;font-weight: bold;\">Beau manuscrit de trois po\u00e8mes du premier livre d\u2019Andr\u00e9 Breton, et du po\u00e8me <\/span><span style=\"font-family:Times New Roman;font-size:12pt;font-weight: bold;font-style: italic;\">Tournesol<\/span><span style=\"font-family:Times New Roman;font-size:12pt;\">.<\/span><\/p><p style=\"text-align:justify;margin-left:0pt;margin-right:0pt;margin-top:0pt;margin-bottom:0pt;\"><span style=\"font-family:Times New Roman;font-size:12pt;font-weight: bold;font-style: italic;\">Mont-de-pi\u00e9t\u00e9<\/span><span style=\"font-family:Times New Roman;font-size:12pt;\">, rassemblant 15 po\u00e8mes compos\u00e9s entre 1913 et 1919, a \u00e9t\u00e9 publi\u00e9 en juin 1919 au Sans Pareil, avec deux dessins d\u2019Andr\u00e9 <\/span><span style=\"font-family:Times New Roman;font-size:12pt;text-transform: uppercase;\">Derain<\/span><span style=\"font-family:Times New Roman;font-size:12pt;\">, \u00e0 qui est consacr\u00e9 le premier po\u00e8me de ce manuscrit.<\/span><\/p><p style=\"text-align:justify;margin-left:0pt;margin-right:0pt;margin-top:0pt;margin-bottom:0pt;\"><span style=\"font-family:Times New Roman;font-size:12pt;\">Le manuscrit, soigneusement \u00e9crit \u00e0 l\u2019encre bleue au recto de 4 feuillets, a servi pour l\u2019impression dans une revue non identifi\u00e9e (avec des indications typographiques au crayon), et porte en marge le titre <\/span><span style=\"font-family:Times New Roman;font-size:12pt;font-style: italic;\">Po\u00e8mes<\/span><span style=\"font-family:Times New Roman;font-size:12pt;\">, calligraphi\u00e9 au crayon bleu. Il comprend les po\u00e8mes suivants, chacun sur une page\u00a0:<\/span><\/p><p style=\"text-align:justify;margin-left:0pt;margin-right:0pt;margin-top:0pt;margin-bottom:0pt;\"><span style=\"font-family:Times New Roman;font-size:12pt;font-weight: bold;font-style: italic;\">Andr\u00e9 Derain<\/span><span style=\"font-family:Times New Roman;font-size:12pt;\">\u00a0: \u00ab\u00a0chante \u2013 pinsons \u2013 dressoir et pots crus en po\u00e8te\u00a0\u00bb\u2026 (Premi\u00e8re publication dans la revue <\/span><span style=\"font-family:Times New Roman;font-size:12pt;font-style: italic;\">Nord-Sud<\/span><span style=\"font-family:Times New Roman;font-size:12pt;\"> en f\u00e9vrier 1918).<\/span><\/p><p style=\"text-align:justify;margin-left:0pt;margin-right:0pt;margin-top:0pt;margin-bottom:0pt;\"><span style=\"font-family:Times New Roman;font-size:12pt;font-weight: bold;font-style: italic;\">\u00c2ge<\/span><span style=\"font-family:Times New Roman;font-size:12pt;\">\u00a0: \u00ab\u00a0Aube, adieu\u00a0! Je sors du bois hant\u00e9\u00a0\u00bb\u2026\u00a0; dat\u00e9 en fin \u00ab\u00a019 f\u00e9vrier 1916\u00a0\u00bb [vingti\u00e8me anniversaire de Breton] (Premi\u00e8re publication dans la revue <\/span><span style=\"font-family:Times New Roman;font-size:12pt;font-style: italic;\">Les Trois Roses<\/span><span style=\"font-family:Times New Roman;font-size:12pt;\"> en juillet 1918, avec d\u00e9dicace \u00e0 L\u00e9on-Paul Fargue).<\/span><\/p><p style=\"text-align:justify;margin-left:0pt;margin-right:0pt;margin-top:0pt;margin-bottom:0pt;\"><span style=\"font-family:Times New Roman;font-size:12pt;font-weight: bold;font-style: italic;\">Une maison peu solide<\/span><span style=\"font-family:Times New Roman;font-size:12pt;\">\u00a0: \u00ab\u00a0<\/span><span style=\"font-family:Times New Roman;font-size:12pt;font-style: italic;\">Le gardien des travaux est victime de son d\u00e9vouement<\/span><span style=\"font-family:Times New Roman;font-size:12pt;\">. Depuis longtemps le mode de construction d\u2019un immeuble situ\u00e9 rue des Martyrs \u00e9tait jug\u00e9 d\u00e9raisonnable par les gens du quartier\u00a0\u00bb\u2026 (destin\u00e9 \u00e0 l\u2019origine \u00e0 la revue <\/span><span style=\"font-family:Times New Roman;font-size:12pt;font-style: italic;\">Dada\u00a05<\/span><span style=\"font-family:Times New Roman;font-size:12pt;\">, le po\u00e8me sera d\u00e9di\u00e9 \u00e0 Tristan Tzara dans l\u2019\u00e9dition).<\/span><\/p><p style=\"text-align:justify;margin-left:0pt;margin-right:0pt;margin-top:0pt;margin-bottom:0pt;\"><span style=\"font-family:Times New Roman;font-size:12pt;font-weight: bold;font-style: italic;\">Tournesol<\/span><span style=\"font-family:Times New Roman;font-size:12pt;\">\u00a0: \u00ab\u00a0La voyageuse qui traversa les Halles \u00e0 la tomb\u00e9e de l\u2019\u00e9t\u00e9\u00a0\u00bb\u2026 (le po\u00e8me a \u00e9t\u00e9 publi\u00e9 en novembre 1923 dans le recueil <\/span><span style=\"font-family:Times New Roman;font-size:12pt;font-style: italic;\">Clair de terre<\/span><span style=\"font-family:Times New Roman;font-size:12pt;\">, collection \u00ab\u00a0Litt\u00e9rature\u00a0\u00bb\u00a0; citons le commentaire de Marguerite Bonnet\u00a0: \u00ab\u00a0Ce po\u00e8me va prendre une importance majeure dans l\u2019histoire personnelle de Breton. En mai 1934, il y lit la pr\u00e9figuration de la rencontre qu\u2019il vient de faire de celle qui sera sa deuxi\u00e8me femme, Jacqueline Lamba\u00a0\u00bb, et il en donnera un commentaire au chapitre IV de <\/span><span style=\"font-family:Times New Roman;font-size:12pt;font-style: italic;\">L\u2019Amour fou<\/span><span style=\"font-family:Times New Roman;font-size:12pt;\">). Le po\u00e8me s\u2019ach\u00e8ve sur cette phrase devenue fameuse, qui donnera son titre au livre de Charles Duits sur Breton\u00a0: \u00ab\u00a0<\/span><span style=\"font-family:Times New Roman;font-size:12pt;font-weight: bold;\">Andr\u00e9 Breton a-t-il dit passe<\/span><span style=\"font-family:Times New Roman;font-size:12pt;\">\u00a0\u00bb.<\/span><\/p><p style=\"text-align:justify;margin-left:0pt;margin-right:0pt;margin-top:0pt;margin-bottom:0pt;\"><span>&nbsp;<\/span><\/p><\/div>\n<div class='upcp-prod-desc-custom-fields upcp-custom-field-list'><\/div><a class='upcp-catalogue-link'  href='\/index.php?rest_route=%2Fwp%2Fv2%2Fpages%2F3275&SingleProduct=4373' onclick='RecordView(4373);'><div id='prod-cat-details-link-4373' class='prod-cat-details-link upcp-list-details-link'><span class='upcp-details-text'>d\u00e9tails<\/span><span class='upcp-details-icon'>s<\/span><\/div>\n<\/a><\/div><\/div>\n<div id='prod-cat-list-item-4372' class='prod-cat-item upcp-list-item ' data-itemid='4372'>\n<div id='prod-cat-title-4372' class='prod-cat-title upcp-list-title upcp-list-action-Expand' onclick='ToggleItem(4372);'>078 Claude DEBUSSY (1862-1918) compositeur<\/div>\n<div id='prod-cat-price-4372' class='prod-cat-price upcp-list-price' data-item_price='13\u00a0000  \u20ac' onclick='ToggleItem(4372);'><span class='full-price' itemprop='offers' itemscope itemtype='http:\/\/schema.org\/Offer'><span itemprop='price' content='13\u00a0000 '>13\u00a0000 <\/span><span itemprop='priceCurrency' content=''> \u20ac<\/span><\/span><\/div>\n<div id='prod-cat-details-4372' class='prod-cat-details upcp-list-details hidden-field'>\n<div id='prod-cat-thumb-div-4372' class='prod-cat-thumb-image-div upcp-list-image-div'><a class='upcp-catalogue-link'  href='\/index.php?rest_route=%2Fwp%2Fv2%2Fpages%2F3275&SingleProduct=4372' onclick='RecordView(4372);'><img src='http:\/\/www.lesautographes.com\/wp-content\/uploads\/2023\/10\/78.jpg' alt='078 Claude DEBUSSY (1862-1918) compositeur Image' id='prod-cat-thumb-4372' class='prod-cat-thumb-image upcp-thumb-image'><\/a><\/div>\n<div id='prod-cat-desc-4372' class='prod-cat-desc upcp-list-desc'><p style=\"text-align:justify;margin-left:0pt;margin-right:0pt;margin-top:0pt;margin-bottom:0pt;\"><span style=\"font-family:Times New Roman;font-size:12pt;font-weight: bold;text-transform: uppercase;\">Manuscrit musical<\/span><span style=\"font-family:Times New Roman;font-size:12pt;font-weight: bold;\"> autographe<\/span><span style=\"font-family:Times New Roman;font-size:12pt;\">, [1917]\u00a0; 2 pages in-4 (petite trace de rouille en haut du premier feuillet). <\/span><\/p><p style=\"text-align:justify;margin-left:0pt;margin-right:0pt;margin-top:0pt;margin-bottom:0pt;\"><span style=\"font-family:Times New Roman;font-size:12pt;font-weight: bold;\">E<\/span><span style=\"font-family:Times New Roman;font-size:12pt;font-weight: bold;text-transform: uppercase;\">squisse pour la <\/span><span style=\"font-family:Times New Roman;font-size:12pt;font-weight: bold;font-style: italic;text-transform: uppercase;\">Sonate pour violon et piano<\/span><span style=\"font-family:Times New Roman;font-size:12pt;\">, compos\u00e9e par Debussy entre octobre 1916 et avril 1917 [Lesure 148].<\/span><\/p><p style=\"text-align:justify;margin-left:0pt;margin-right:0pt;margin-top:0pt;margin-bottom:0pt;\"><span style=\"font-family:Times New Roman;font-size:12pt;\">La premi\u00e8re audition eut lieu le 5 mai 1917 \u00e0 la salle Gaveau, dans un concert au b\u00e9n\u00e9fice du Foyer du soldat aveugle, par Gaston Poulet au violon et Debussy au piano. C\u2019est la troisi\u00e8me et derni\u00e8re des \u00ab\u00a0<\/span><span style=\"font-family:Times New Roman;font-size:12pt;font-weight: bold;\">Sonates pour divers instruments<\/span><span style=\"font-family:Times New Roman;font-size:12pt;\">\u00a0\u00bb compos\u00e9es par Debussy \u00ab\u00a0musicien fran\u00e7ais\u00a0\u00bb pendant la Guerre, apr\u00e8s celles pour violoncelle et piano et pour fl\u00fbte et piano, alors qu\u2019il envisageait un cycle de six sonates.<\/span><\/p><p style=\"text-align:justify;margin-left:0pt;margin-right:0pt;margin-top:0pt;margin-bottom:0pt;\"><span style=\"font-family:Times New Roman;font-size:12pt;\">Cette esquisse, soigneusement not\u00e9e \u00e0 l\u2019encre bleu nuit sur 2 feuillets de petit papier <\/span><span style=\"font-family:Times New Roman;font-size:12pt;font-style: italic;\">H. Lard-Esnault Ed. Bellamy S<\/span><span style=\"font-family:Times New Roman;font-size:9pt;font-style: italic;vertical-align: super;\">r<\/span><span style=\"font-family:Times New Roman;font-size:12pt;\"> \u00e0 12 port\u00e9es, sans rature ni correction, donne une <\/span><span style=\"font-family:Times New Roman;font-size:12pt;font-weight: bold;\">premi\u00e8re version du d\u00e9but du troisi\u00e8me et dernier mouvement<\/span><span style=\"font-family:Times New Roman;font-size:12pt;\"> (<\/span><span style=\"font-family:Times New Roman;font-size:12pt;font-style: italic;\">Finale. Tr\u00e8s anim\u00e9<\/span><span style=\"font-family:Times New Roman;font-size:12pt;\">), soit 27 mesures.<\/span><\/p><\/div>\n<div class='upcp-prod-desc-custom-fields upcp-custom-field-list'><\/div><a class='upcp-catalogue-link'  href='\/index.php?rest_route=%2Fwp%2Fv2%2Fpages%2F3275&SingleProduct=4372' onclick='RecordView(4372);'><div id='prod-cat-details-link-4372' class='prod-cat-details-link upcp-list-details-link'><span class='upcp-details-text'>d\u00e9tails<\/span><span class='upcp-details-icon'>s<\/span><\/div>\n<\/a><\/div><\/div>\n<div id='prod-cat-list-item-4370' class='prod-cat-item upcp-list-item ' data-itemid='4370'>\n<div id='prod-cat-title-4370' class='prod-cat-title upcp-list-title upcp-list-action-Expand' onclick='ToggleItem(4370);'>076 Charles P\u00c9GUY (1873-1914) \u00e9crivain<\/div>\n<div id='prod-cat-price-4370' class='prod-cat-price upcp-list-price' data-item_price='3\u00a0500  \u20ac' onclick='ToggleItem(4370);'><span class='full-price' itemprop='offers' itemscope itemtype='http:\/\/schema.org\/Offer'><span itemprop='price' content='3\u00a0500 '>3\u00a0500 <\/span><span itemprop='priceCurrency' content=''> \u20ac<\/span><\/span><\/div>\n<div id='prod-cat-details-4370' class='prod-cat-details upcp-list-details hidden-field'>\n<div id='prod-cat-thumb-div-4370' class='prod-cat-thumb-image-div upcp-list-image-div'><a class='upcp-catalogue-link'  href='\/index.php?rest_route=%2Fwp%2Fv2%2Fpages%2F3275&SingleProduct=4370' onclick='RecordView(4370);'><img src='http:\/\/www.lesautographes.com\/wp-content\/uploads\/2023\/10\/76.jpg' alt='076 Charles P\u00c9GUY (1873-1914) \u00e9crivain Image' id='prod-cat-thumb-4370' class='prod-cat-thumb-image upcp-thumb-image'><\/a><\/div>\n<div id='prod-cat-desc-4370' class='prod-cat-desc upcp-list-desc'><p style=\"text-align:justify;margin-left:0pt;margin-right:0pt;margin-top:0pt;margin-bottom:0pt;\"><span style=\"font-family:Times New Roman;font-size:12pt;font-weight: bold;text-transform: uppercase;\">Po\u00e8me<\/span><span style=\"font-family:Times New Roman;font-size:12pt;font-weight: bold;\"> autographe sign\u00e9<\/span><span style=\"font-family:Times New Roman;font-size:12pt;\">, <\/span><span style=\"font-family:Times New Roman;font-size:12pt;font-weight: bold;font-style: italic;\">L\u2019Urne<\/span><span style=\"font-family:Times New Roman;font-size:12pt;\">, [1912]\u00a0; 4\u00a0pages in-8 \u00e0 en-t\u00eate des <\/span><span style=\"font-family:Times New Roman;font-size:12pt;font-style: italic;\">Cahiers de la Quinzaine<\/span><span style=\"font-family:Times New Roman;font-size:12pt;\"> (papier l\u00e9g. jauni).<\/span><\/p><p style=\"text-align:justify;margin-left:0pt;margin-right:0pt;margin-top:0pt;margin-bottom:0pt;\"><span style=\"font-family:Times New Roman;font-size:12pt;font-weight: bold;text-transform: uppercase;\">Beau sonnet<\/span><span style=\"font-family:Times New Roman;font-size:12pt;\"> publi\u00e9 parmi les <\/span><span style=\"font-family:Times New Roman;font-size:12pt;font-style: italic;\">Sonnets<\/span><span style=\"font-family:Times New Roman;font-size:12pt;\"> et avec <\/span><span style=\"font-family:Times New Roman;font-size:12pt;font-style: italic;\">Les Sept contre Th\u00e8bes<\/span><span style=\"font-family:Times New Roman;font-size:12pt;\">, dans <\/span><span style=\"font-family:Times New Roman;font-size:12pt;font-style: italic;\">Le Correspondant<\/span><span style=\"font-family:Times New Roman;font-size:12pt;\"> du 10 novembre 1912.<\/span><\/p><p style=\"text-align:justify;margin-left:0pt;margin-right:0pt;margin-top:0pt;margin-bottom:0pt;\"><span style=\"font-family:Times New Roman;font-size:12pt;\">\u00ab\u00a0Un regret r\u00e9v\u00e9r\u00e9 comme une discipline<\/span><\/p><p style=\"text-align:justify;margin-left:0pt;margin-right:0pt;margin-top:0pt;margin-bottom:0pt;\"><span style=\"font-family:Times New Roman;font-size:12pt;\"> &nbsp; Repose dans ce c\u0153ur ennobli jusqu\u2019au bord.<\/span><\/p><p style=\"text-align:justify;margin-left:0pt;margin-right:0pt;margin-top:0pt;margin-bottom:0pt;\"><span style=\"font-family:Times New Roman;font-size:12pt;\"> &nbsp; Un limon plus sacr\u00e9 que la cendre d\u2019un mort<\/span><\/p><p style=\"text-align:justify;margin-left:0pt;margin-right:0pt;margin-top:0pt;margin-bottom:0pt;\"><span style=\"font-family:Times New Roman;font-size:12pt;\"> &nbsp; Est scell\u00e9 dans cette urne et dans cette poitrine.<\/span><\/p><p style=\"text-align:justify;margin-left:0pt;margin-right:0pt;margin-top:0pt;margin-bottom:0pt;\"><span>&nbsp;<\/span><\/p><p style=\"text-align:justify;margin-left:0pt;margin-right:0pt;margin-top:0pt;margin-bottom:0pt;\"><span style=\"font-family:Times New Roman;font-size:12pt;\"> &nbsp; La terre d\u00e9pos\u00e9e au creux de la ravine,<\/span><\/p><p style=\"text-align:justify;margin-left:0pt;margin-right:0pt;margin-top:0pt;margin-bottom:0pt;\"><span style=\"font-family:Times New Roman;font-size:12pt;\"> &nbsp; La poussi\u00e8re amass\u00e9e au long du contrefort<\/span><\/p><p style=\"text-align:justify;margin-left:0pt;margin-right:0pt;margin-top:0pt;margin-bottom:0pt;\"><span style=\"font-family:Times New Roman;font-size:12pt;\"> &nbsp; Ont lentement empli le vase au fin support,<\/span><\/p><p style=\"text-align:justify;margin-left:0pt;margin-right:0pt;margin-top:0pt;margin-bottom:0pt;\"><span style=\"font-family:Times New Roman;font-size:12pt;\"> &nbsp; Le marbre aux flancs courb\u00e9s jailli de la colline.<\/span><\/p><p style=\"text-align:justify;margin-left:0pt;margin-right:0pt;margin-top:0pt;margin-bottom:0pt;\"><span>&nbsp;<\/span><\/p><p style=\"text-align:justify;margin-left:0pt;margin-right:0pt;margin-top:0pt;margin-bottom:0pt;\"><span style=\"font-family:Times New Roman;font-size:12pt;\"> &nbsp; Quand le dur vendangeur brisera toute amphore<\/span><\/p><p style=\"text-align:justify;margin-left:0pt;margin-right:0pt;margin-top:0pt;margin-bottom:0pt;\"><span style=\"font-family:Times New Roman;font-size:12pt;\"> &nbsp; Et quand toute corbeille et quand toute doctrine<\/span><\/p><p style=\"text-align:justify;margin-left:0pt;margin-right:0pt;margin-top:0pt;margin-bottom:0pt;\"><span style=\"font-family:Times New Roman;font-size:12pt;\"> &nbsp; S\u2019\u00e9croulera des mains de toute can\u00e9phore,<\/span><\/p><p style=\"text-align:justify;margin-left:0pt;margin-right:0pt;margin-top:0pt;margin-bottom:0pt;\"><span>&nbsp;<\/span><\/p><p style=\"text-align:justify;margin-left:0pt;margin-right:0pt;margin-top:0pt;margin-bottom:0pt;\"><span style=\"font-family:Times New Roman;font-size:12pt;\"> &nbsp; \u00c9pouvant\u00e9s devant la col\u00e8re latine<\/span><\/p><p style=\"text-align:justify;margin-left:0pt;margin-right:0pt;margin-top:0pt;margin-bottom:0pt;\"><span style=\"font-family:Times New Roman;font-size:12pt;\"> &nbsp; Oserons-nous pleurer jusqu\u2019au seuil de l\u2019aurore<\/span><\/p><p style=\"text-align:justify;margin-left:0pt;margin-right:0pt;margin-top:0pt;margin-bottom:0pt;\"><span style=\"font-family:Times New Roman;font-size:12pt;\"> &nbsp; La poudre et le d\u00e9bris de cette humble terrine.\u00a0\u00bb<\/span><\/p><p style=\"text-align:justify;margin-left:0pt;margin-right:0pt;margin-top:0pt;margin-bottom:0pt;\"><span>&nbsp;<\/span><\/p><\/div>\n<div class='upcp-prod-desc-custom-fields upcp-custom-field-list'><\/div><a class='upcp-catalogue-link'  href='\/index.php?rest_route=%2Fwp%2Fv2%2Fpages%2F3275&SingleProduct=4370' onclick='RecordView(4370);'><div id='prod-cat-details-link-4370' class='prod-cat-details-link upcp-list-details-link'><span class='upcp-details-text'>d\u00e9tails<\/span><span class='upcp-details-icon'>s<\/span><\/div>\n<\/a><\/div><\/div>\n<div id='prod-cat-list-item-4369' class='prod-cat-item upcp-list-item ' data-itemid='4369'>\n<div id='prod-cat-title-4369' class='prod-cat-title upcp-list-title upcp-list-action-Expand' onclick='ToggleItem(4369);'>075 Paul L\u00c9AUTAUD (1872-1956) \u00e9crivain<\/div>\n<div id='prod-cat-price-4369' class='prod-cat-price upcp-list-price' data-item_price='3\u00a0800  \u20ac' onclick='ToggleItem(4369);'><span class='full-price' itemprop='offers' itemscope itemtype='http:\/\/schema.org\/Offer'><span itemprop='price' content='3\u00a0800 '>3\u00a0800 <\/span><span itemprop='priceCurrency' content=''> \u20ac<\/span><\/span><\/div>\n<div id='prod-cat-details-4369' class='prod-cat-details upcp-list-details hidden-field'>\n<div id='prod-cat-thumb-div-4369' class='prod-cat-thumb-image-div upcp-list-image-div'><a class='upcp-catalogue-link'  href='\/index.php?rest_route=%2Fwp%2Fv2%2Fpages%2F3275&SingleProduct=4369' onclick='RecordView(4369);'><img src='http:\/\/www.lesautographes.com\/wp-content\/uploads\/2023\/10\/75.jpg' alt='075 Paul L\u00c9AUTAUD (1872-1956) \u00e9crivain Image' id='prod-cat-thumb-4369' class='prod-cat-thumb-image upcp-thumb-image'><\/a><\/div>\n<div id='prod-cat-desc-4369' class='prod-cat-desc upcp-list-desc'><p style=\"text-align:justify;margin-left:0pt;margin-right:0pt;margin-top:0pt;margin-bottom:0pt;\"><span style=\"font-family:Times New Roman;font-size:12pt;font-weight: bold;text-transform: uppercase;\">Manuscrit<\/span><span style=\"font-family:Times New Roman;font-size:12pt;font-weight: bold;\"> autographe sign\u00e9 \u00ab\u00a0Maurice Boissard\u00a0\u00bb<\/span><span style=\"font-family:Times New Roman;font-size:12pt;text-transform: uppercase;\">, <\/span><span style=\"font-family:Times New Roman;font-size:12pt;font-weight: bold;font-style: italic;\">Les Th\u00e9\u00e2tres. Th\u00e9\u00e2tre R\u00e9jane\u00a0: L\u2019Oiseau bleu...<\/span><span style=\"font-family:Times New Roman;font-size:12pt;\">, [fin mars 1911]\u00a0; 8 pages in-fol. mont\u00e9es sur onglets sur feuillets de papier fort, reliure demi-maroquin bleu \u00e0 coins, filets dor\u00e9s, t\u00eate dor\u00e9e (<\/span><span style=\"font-family:Times New Roman;font-size:12pt;font-style: italic;\">Maylander<\/span><span style=\"font-family:Times New Roman;font-size:12pt;\">).<\/span><\/p><p style=\"text-align:justify;margin-left:0pt;margin-right:0pt;margin-top:0pt;margin-bottom:0pt;\"><span style=\"font-family:Times New Roman;font-size:12pt;font-weight: bold;\">Chronique dramatique consacr\u00e9e \u00e0 <\/span><span style=\"font-family:Times New Roman;font-size:12pt;font-weight: bold;font-style: italic;\">L\u2019Oiseau bleu <\/span><span style=\"font-family:Times New Roman;font-size:12pt;font-weight: bold;\">de Maurice <\/span><span style=\"font-family:Times New Roman;font-size:12pt;font-weight: bold;text-transform: uppercase;\">Maeterlinck<\/span><span style=\"font-family:Times New Roman;font-size:12pt;font-weight: bold;\"> et au <\/span><span style=\"font-family:Times New Roman;font-size:12pt;font-weight: bold;font-style: italic;\">Tribun<\/span><span style=\"font-family:Times New Roman;font-size:12pt;font-weight: bold;\"> de Paul <\/span><span style=\"font-family:Times New Roman;font-size:12pt;font-weight: bold;text-transform: uppercase;\">Bourget<\/span><span style=\"font-family:Times New Roman;font-size:12pt;\">.<\/span><\/p><p style=\"text-align:justify;margin-left:0pt;margin-right:0pt;margin-top:0pt;margin-bottom:0pt;\"><span style=\"font-family:Times New Roman;font-size:12pt;\">Le manuscrit pr\u00e9sente quelques ratures et corrections et plusieurs additions marginales\u00a0; il a servi pour l\u2019impression dans le <\/span><span style=\"font-family:Times New Roman;font-size:12pt;font-style: italic;\">Mercure de France<\/span><span style=\"font-family:Times New Roman;font-size:12pt;\"> du 1<\/span><span style=\"font-family:Times New Roman;font-size:9pt;vertical-align: super;\">er<\/span><span style=\"font-family:Times New Roman;font-size:12pt;\"> avril 1911. Il est sign\u00e9 du pseudonyme de L\u00e9autaud pour ses chroniques th\u00e9\u00e2trales\u00a0: \u00ab\u00a0Maurice Boissard\u00a0\u00bb.<\/span><\/p><p style=\"text-align:justify;margin-left:0pt;margin-right:0pt;margin-top:0pt;margin-bottom:0pt;\"><span style=\"font-family:Times New Roman;font-size:12pt;\">Maurice Boissard reprend son service de chronique dramatique, pour remplacer Andr\u00e9 Fontainas, malade. La premi\u00e8re partie de la chronique est consacr\u00e9e \u00e0 <\/span><span style=\"font-family:Times New Roman;font-size:12pt;font-weight: bold;font-style: italic;\">L\u2019Oiseau bleu<\/span><span style=\"font-family:Times New Roman;font-size:12pt;\"> de Maurice <\/span><span style=\"font-family:Times New Roman;font-size:12pt;text-transform: uppercase;\">Maeterlinck<\/span><span style=\"font-family:Times New Roman;font-size:12pt;\">, au Th\u00e9\u00e2tre R\u00e9jane. L\u00e9autaud y raconte longuement l\u2019action de cette f\u00e9erie, un \u00ab\u00a0beau conte philosophique\u00a0\u00bb qui fait un \u00ab\u00a0fort beau spectacle\u00a0\u00bb, et d\u2019une \u00ab\u00a0profonde po\u00e9sie\u00a0\u00bb... Maeterlinck, \u00ab\u00a0po\u00e8te du myst\u00e8re et du silence, [\u2026] a vu et entendu ce qui nous \u00e9chappe, il a compris ces \u00e2mes famili\u00e8res et immobiles, et il nous le raconte [\u2026] sous la forme d\u2019un r\u00eave que font deux simples enfants pendant une nuit de No\u00ebl\u00a0\u00bb\u2026 Il en loue la mise en sc\u00e8ne et les excellents interpr\u00e8tes, y compris les enfants, qui \u00ab\u00a0au th\u00e9\u00e2tre sont g\u00e9n\u00e9ralement aga\u00e7ants\u00a0\u00bb et sont ici \u00ab\u00a0si bien styl\u00e9s qu\u2019ils sont tous charmants\u00a0\u00bb\u00a0; il distingue en particulier Georgette <\/span><span style=\"font-family:Times New Roman;font-size:12pt;text-transform: uppercase;\">Leblanc<\/span><span style=\"font-family:Times New Roman;font-size:12pt;\">, qui joue la Lumi\u00e8re\u00a0: \u00ab\u00a0c\u2019est la clart\u00e9 et la po\u00e9sie m\u00eames\u00a0\u00bb...<\/span><\/p><p style=\"text-align:justify;margin-left:0pt;margin-right:0pt;margin-top:0pt;margin-bottom:0pt;\"><span style=\"font-family:Times New Roman;font-size:12pt;\">Suit le compte rendu acerbe du <\/span><span style=\"font-family:Times New Roman;font-size:12pt;font-weight: bold;font-style: italic;\">Tribun<\/span><span style=\"font-family:Times New Roman;font-size:12pt;font-style: italic;\"> <\/span><span style=\"font-family:Times New Roman;font-size:12pt;\">de Paul <\/span><span style=\"font-family:Times New Roman;font-size:12pt;text-transform: uppercase;\">Bourget<\/span><span style=\"font-family:Times New Roman;font-size:12pt;\">, au Vaudeville. \u00ab\u00a0Pauvre M. Bourget. Quel bel \u00e9crivain r\u00e9volutionnaire il serait, si on ne le savait si traditionnaliste, et quel chef-d\u2019\u0153uvre d\u2019ironie cruelle aurait pu \u00eatre <\/span><span style=\"font-family:Times New Roman;font-size:12pt;font-style: italic;\">le Tribun<\/span><span style=\"font-family:Times New Roman;font-size:12pt;\"> s\u2019il l\u2019avait voulu\u00a0\u00bb... Le critique n\u2019a pas non plus trouv\u00e9 \u00e0 Lucien <\/span><span style=\"font-family:Times New Roman;font-size:12pt;text-transform: uppercase;\">Guitry<\/span><span style=\"font-family:Times New Roman;font-size:12pt;\"> le physique du r\u00f4le-titre...<\/span><\/p><p style=\"text-align:justify;margin-left:0pt;margin-right:0pt;margin-top:0pt;margin-bottom:0pt;\"><span style=\"font-family:Times New Roman;font-size:12pt;\">Depuis qu\u2019il avait quitt\u00e9 sa chronique, Boissard est all\u00e9 \u00ab\u00a0voir un peu la com\u00e9die de la vie, autrement int\u00e9ressante, autrement vraie, autrement amusante, surtout\u00a0\u00bb, notamment dans les salons\u00a0; et il relate un amusant mot \u00e0 propos de Louis <\/span><span style=\"font-family:Times New Roman;font-size:12pt;text-transform: uppercase;\">Pergaud<\/span><span style=\"font-family:Times New Roman;font-size:12pt;\">. Pour finir, un <\/span><span style=\"font-family:Times New Roman;font-size:12pt;font-style: italic;\">Memento<\/span><span style=\"font-family:Times New Roman;font-size:12pt;\"> recense les divers spectacles du moment.<\/span><\/p><p style=\"text-align:justify;margin-left:0pt;margin-right:0pt;margin-top:0pt;margin-bottom:0pt;\"><span style=\"font-family:Times New Roman;font-size:12pt;\">On a mont\u00e9 \u00e0 la fin du volume les pages du <\/span><span style=\"font-family:Times New Roman;font-size:12pt;font-style: italic;\">Mercure de France<\/span><span style=\"font-family:Times New Roman;font-size:12pt;\"> du 1<\/span><span style=\"font-family:Times New Roman;font-size:9pt;vertical-align: super;\">er<\/span><span style=\"font-family:Times New Roman;font-size:12pt;\"> avril 1911 correspondant au compte rendu de <\/span><span style=\"font-family:Times New Roman;font-size:12pt;font-style: italic;\">L\u2019Oiseau bleu<\/span><span style=\"font-family:Times New Roman;font-size:12pt;\">.<\/span><\/p><p style=\"text-align:justify;margin-left:0pt;margin-right:0pt;margin-top:0pt;margin-bottom:0pt;\"><span style=\"font-family:Times New Roman;font-size:12pt;font-style: italic;\">Ex-libris Charles <\/span><span style=\"font-family:Times New Roman;font-size:12pt;font-style: italic;text-transform: uppercase;\">Hayoit<\/span><span style=\"font-family:Times New Roman;font-size:12pt;\">.<\/span><\/p><\/div>\n<div class='upcp-prod-desc-custom-fields upcp-custom-field-list'><\/div><a class='upcp-catalogue-link'  href='\/index.php?rest_route=%2Fwp%2Fv2%2Fpages%2F3275&SingleProduct=4369' onclick='RecordView(4369);'><div id='prod-cat-details-link-4369' class='prod-cat-details-link upcp-list-details-link'><span class='upcp-details-text'>d\u00e9tails<\/span><span class='upcp-details-icon'>s<\/span><\/div>\n<\/a><\/div><\/div>\n<div id='prod-cat-list-item-4368' class='prod-cat-item upcp-list-item ' data-itemid='4368'>\n<div id='prod-cat-title-4368' class='prod-cat-title upcp-list-title upcp-list-action-Expand' onclick='ToggleItem(4368);'>074 Jean GIRAUDOUX (1882-1944) \u00e9crivain<\/div>\n<div id='prod-cat-price-4368' class='prod-cat-price upcp-list-price' data-item_price='4\u00a0000  \u20ac' onclick='ToggleItem(4368);'><span class='full-price' itemprop='offers' itemscope itemtype='http:\/\/schema.org\/Offer'><span itemprop='price' content='4\u00a0000 '>4\u00a0000 <\/span><span itemprop='priceCurrency' content=''> \u20ac<\/span><\/span><\/div>\n<div id='prod-cat-details-4368' class='prod-cat-details upcp-list-details hidden-field'>\n<div id='prod-cat-thumb-div-4368' class='prod-cat-thumb-image-div upcp-list-image-div'><a class='upcp-catalogue-link'  href='\/index.php?rest_route=%2Fwp%2Fv2%2Fpages%2F3275&SingleProduct=4368' onclick='RecordView(4368);'><img src='http:\/\/www.lesautographes.com\/wp-content\/uploads\/2023\/10\/74.jpg' alt='074 Jean GIRAUDOUX (1882-1944) \u00e9crivain Image' id='prod-cat-thumb-4368' class='prod-cat-thumb-image upcp-thumb-image'><\/a><\/div>\n<div id='prod-cat-desc-4368' class='prod-cat-desc upcp-list-desc'><p style=\"text-align:justify;margin-left:0pt;margin-right:0pt;margin-top:0pt;margin-bottom:0pt;\"><span style=\"font-family:Times New Roman;font-size:12pt;font-weight: bold;text-transform: uppercase;\">Manuscrit<\/span><span style=\"font-family:Times New Roman;font-size:12pt;font-weight: bold;\"> autographe sign\u00e9<\/span><span style=\"font-family:Times New Roman;font-size:12pt;\">, [<\/span><span style=\"font-family:Times New Roman;font-size:12pt;font-weight: bold;font-style: italic;\">Jacques l\u2019\u00e9go\u00efste<\/span><span style=\"font-family:Times New Roman;font-size:12pt;\">, 1910]\u00a0; 12 pages petit in-4 mont\u00e9es sur feuillets de papier verg\u00e9 en un volume petit in-4, reliure demi-maroquin bleu nuit \u00e0 coins avec dentelle \u00e0 froid.<\/span><\/p><p style=\"text-align:justify;margin-left:0pt;margin-right:0pt;margin-top:0pt;margin-bottom:0pt;\"><span style=\"font-family:Times New Roman;font-size:12pt;font-weight: bold;text-transform: uppercase;\">Premi\u00e8re version du d\u00e9but de la premi\u00e8re des trois nouvelles de <\/span><span style=\"font-family:Times New Roman;font-size:12pt;font-weight: bold;font-style: italic;text-transform: uppercase;\">L\u2019\u00c9cole des indiff\u00e9rents<\/span><span style=\"font-family:Times New Roman;font-size:12pt;\">. Ce sont ici, dans une version primitive, les deux premiers chapitres (sur six) de la nouvelle publi\u00e9e dans <\/span><span style=\"font-family:Times New Roman;font-size:12pt;font-style: italic;\">La Nouvelle Revue Fran\u00e7aise<\/span><span style=\"font-family:Times New Roman;font-size:12pt;\"> des 1<\/span><span style=\"font-family:Times New Roman;font-size:9pt;vertical-align: super;\">er<\/span><span style=\"font-family:Times New Roman;font-size:12pt;\"> ao\u00fbt et 1<\/span><span style=\"font-family:Times New Roman;font-size:9pt;vertical-align: super;\">er<\/span><span style=\"font-family:Times New Roman;font-size:12pt;\"> septembre 1910, avant d\u2019ouvrir <\/span><span style=\"font-family:Times New Roman;font-size:12pt;font-style: italic;\">L\u2019\u00c9cole des indiff\u00e9rents<\/span><span style=\"font-family:Times New Roman;font-size:12pt;\"> (Grasset, 1911). Giraudoux s\u2019est un peu peint lui-m\u00eame dans le personnage de Jacques, \u00ab\u00a0m\u00e9lange d\u2019un c\u0153ur tr\u00e8s sec et d\u2019une tr\u00e8s vive imagination\u00a0\u00bb.<\/span><\/p><p style=\"text-align:justify;margin-left:0pt;margin-right:0pt;margin-top:0pt;margin-bottom:0pt;\"><span style=\"font-family:Times New Roman;font-size:12pt;\">Le manuscrit, \u00e0 l\u2019encre noire sur les rectos de six petits feuillets doubles, en deux sections chiffr\u00e9es I et II, pr\u00e9sente quelques corrections et additions, avec quelques blancs laiss\u00e9s en suspens par l\u2019auteur \u00e0 la recherche de l\u2019expression juste\u00a0; il pr\u00e9sente d\u2019<\/span><span style=\"font-family:Times New Roman;font-size:12pt;font-weight: bold;\">importantes variantes<\/span><span style=\"font-family:Times New Roman;font-size:12pt;\"> avec le texte d\u00e9finitif, encore in\u00e9dites (ce manuscrit \u00e9tant inconnu des \u00e9diteurs des \u0153uvres romanesques dans la Biblioth\u00e8que de la Pl\u00e9iade).<\/span><\/p><p style=\"text-align:justify;margin-left:0pt;margin-right:0pt;margin-top:0pt;margin-bottom:0pt;\"><span style=\"font-family:Times New Roman;font-size:12pt;\">Le chapitre I est consacr\u00e9 \u00e0 l\u2019ami, \u00c9tienne. Citons deux passages du manuscrit qui seront d\u00e9velopp\u00e9s dans le texte publi\u00e9\u00a0: \u00ab\u00a0Un oiseau lui donne l\u2019envie d\u2019aller au Jardin des Plantes, un fruit la nostalgie de l\u2019\u00e9quateur, un chapeau en vitrine le d\u00e9sir de voir une femme, et d\u2019aimer\u00a0\u00bb... \u00ab\u00a0Le voil\u00e0 qui joue avec un enfant. Debout dans le cerceau, il feint de ne pouvoir sortir du cercle. Et les m\u00e8res, qui laissent leur fils s\u2019approcher de cet inconnu, jouer avec lui, comme elles leur permettent d\u2019entrer jusqu\u2019aux genoux dans l\u2019Oc\u00e9ans, les m\u00e8res lui souri[en]t\u00a0\u00bb...<\/span><\/p><p style=\"text-align:justify;margin-left:0pt;margin-right:0pt;margin-top:0pt;margin-bottom:0pt;\"><span style=\"font-family:Times New Roman;font-size:12pt;\">Le chapitre II est consacr\u00e9 \u00e0 l\u2019amie, Dolly. Il s\u2019ach\u00e8ve ainsi\u00a0: \u00ab\u00a0Nous sortons. C\u2019est l\u2019heure de l\u2019ang\u00e9lus, o\u00f9 les glaneuses se redressent \u00e0 demi et peuvent cueillir un \u00e9pi qui ne fut pas moissonn\u00e9\u00a0\u00bb.<\/span><\/p><\/div>\n<div class='upcp-prod-desc-custom-fields upcp-custom-field-list'><\/div><a class='upcp-catalogue-link'  href='\/index.php?rest_route=%2Fwp%2Fv2%2Fpages%2F3275&SingleProduct=4368' onclick='RecordView(4368);'><div id='prod-cat-details-link-4368' class='prod-cat-details-link upcp-list-details-link'><span class='upcp-details-text'>d\u00e9tails<\/span><span class='upcp-details-icon'>s<\/span><\/div>\n<\/a><\/div><\/div>\n<div id='prod-cat-list-item-4364' class='prod-cat-item upcp-list-item ' data-itemid='4364'>\n<div id='prod-cat-title-4364' class='prod-cat-title upcp-list-title upcp-list-action-Expand' onclick='ToggleItem(4364);'>070 Joris-Karl HUYSMANS (1848-1907) \u00e9crivain<\/div>\n<div id='prod-cat-price-4364' class='prod-cat-price upcp-list-price' data-item_price='5\u00a0000  \u20ac' onclick='ToggleItem(4364);'><span class='full-price' itemprop='offers' itemscope itemtype='http:\/\/schema.org\/Offer'><span itemprop='price' content='5\u00a0000 '>5\u00a0000 <\/span><span itemprop='priceCurrency' content=''> \u20ac<\/span><\/span><\/div>\n<div id='prod-cat-details-4364' class='prod-cat-details upcp-list-details hidden-field'>\n<div id='prod-cat-thumb-div-4364' class='prod-cat-thumb-image-div upcp-list-image-div'><a class='upcp-catalogue-link'  href='\/index.php?rest_route=%2Fwp%2Fv2%2Fpages%2F3275&SingleProduct=4364' onclick='RecordView(4364);'><img src='http:\/\/www.lesautographes.com\/wp-content\/uploads\/2023\/10\/70.jpg' alt='070 Joris-Karl HUYSMANS (1848-1907) \u00e9crivain Image' id='prod-cat-thumb-4364' class='prod-cat-thumb-image upcp-thumb-image'><\/a><\/div>\n<div id='prod-cat-desc-4364' class='prod-cat-desc upcp-list-desc'><p style=\"text-align:justify;margin-left:0pt;margin-right:0pt;margin-top:0pt;margin-bottom:0pt;\"><span style=\"font-family:Times New Roman;font-size:12pt;font-weight: bold;\">2 <\/span><span style=\"font-family:Times New Roman;font-size:12pt;font-weight: bold;text-transform: uppercase;\">manuscrits<\/span><span style=\"font-family:Times New Roman;font-size:12pt;font-weight: bold;\"> autographes sign\u00e9s<\/span><span style=\"font-family:Times New Roman;font-size:12pt;\">, <\/span><span style=\"font-family:Times New Roman;font-size:12pt;font-weight: bold;font-style: italic;\">Bruges <\/span><span style=\"font-family:Times New Roman;font-size:12pt;\">et <\/span><span style=\"font-family:Times New Roman;font-size:12pt;font-weight: bold;font-style: italic;\">Le Quartier S<\/span><span style=\"font-family:Times New Roman;font-size:9pt;font-weight: bold;font-style: italic;vertical-align: super;\">t<\/span><span style=\"font-family:Times New Roman;font-size:12pt;font-weight: bold;font-style: italic;\"> Pauli <\/span><span style=\"font-family:Times New Roman;font-size:12pt;\">[1899]\u00a0; 4 pages in-fol. et 3 pages et demie in-fol. (l\u00e9g\u00e8res brunissures), avec coupures de presse correspondantes mont\u00e9es sur feuillets in-fol. \u00e0 la suite de chaque texte, le tout reli\u00e9 en un volume in-fol. bradel demi-percaline bleue, pi\u00e8ce de titre au dos (reliure un peu tach\u00e9e).<\/span><\/p><p style=\"text-align:justify;margin-left:0pt;margin-right:0pt;margin-top:0pt;margin-bottom:0pt;\"><span style=\"font-family:Times New Roman;font-size:12pt;font-weight: bold;text-transform: uppercase;\">Recueil de deux articles<\/span><span style=\"font-family:Times New Roman;font-size:12pt;\"> parus dans <\/span><span style=\"font-family:Times New Roman;font-size:12pt;font-style: italic;\">L\u2019\u00c9cho de Paris<\/span><span style=\"font-family:Times New Roman;font-size:12pt;\"> en 1899. Les manuscrits, \u00e0 l\u2019encre noire sur papier lign\u00e9, pr\u00e9sentent quelques additions et corrections. Le premier, consacr\u00e9 \u00e0 <\/span><span style=\"font-family:Times New Roman;font-size:12pt;font-weight: bold;text-transform: uppercase;\">Bruges<\/span><span style=\"font-family:Times New Roman;font-size:12pt;\">, montre le Huysmans mystique, inquiet et amateur d\u2019art\u00a0; le second est une plong\u00e9e dans les bas-fonds de <\/span><span style=\"font-family:Times New Roman;font-size:12pt;font-weight: bold;text-transform: uppercase;\">Hambourg<\/span><span style=\"font-family:Times New Roman;font-size:12pt;\">, dans la mani\u00e8re naturaliste et pittoresque du romancier des <\/span><span style=\"font-family:Times New Roman;font-size:12pt;font-style: italic;\">S\u0153urs Vatard<\/span><span style=\"font-family:Times New Roman;font-size:12pt;\">.<\/span><\/p><p style=\"text-align:justify;margin-left:0pt;margin-right:0pt;margin-top:0pt;margin-bottom:0pt;\"><span style=\"font-family:Times New Roman;font-size:12pt;font-weight: bold;font-style: italic;\">Bruges<\/span><span style=\"font-family:Times New Roman;font-size:12pt;\"> (paru dans <\/span><span style=\"font-family:Times New Roman;font-size:12pt;font-style: italic;\">L\u2019\u00c9cho de Paris<\/span><span style=\"font-family:Times New Roman;font-size:12pt;\"> du 1<\/span><span style=\"font-family:Times New Roman;font-size:9pt;vertical-align: super;\">er<\/span><span style=\"font-family:Times New Roman;font-size:12pt;\"> f\u00e9vrier 1899, et recueilli dans <\/span><span style=\"font-family:Times New Roman;font-size:12pt;font-style: italic;\">De Tout<\/span><span style=\"font-family:Times New Roman;font-size:12pt;\"> en 1902) s\u2019ouvre par un hommage appuy\u00e9 \u00e0 l\u2019auteur de <\/span><span style=\"font-family:Times New Roman;font-size:12pt;font-style: italic;\">Bruges-la-Morte<\/span><span style=\"font-family:Times New Roman;font-size:12pt;\">, <\/span><span style=\"font-family:Times New Roman;font-size:12pt;font-weight: bold;\">Georges <\/span><span style=\"font-family:Times New Roman;font-size:12pt;font-weight: bold;text-transform: uppercase;\">Rodenbach<\/span><span style=\"font-family:Times New Roman;font-size:12pt;\">, \u00ab\u00a0l\u2019un des plus extraordinaires virtuoses de ce temps\u00a0\u00bb, \u00ab\u00a0en vers surtout, le chantre des convalescences, le dilettante de musiques lointaines entendues du fond de pi\u00e8ces \u00e0 peine \u00e9clair\u00e9es\u00a0\u00bb, qui trouvait dans Bruges \u00ab\u00a0un fid\u00e8le tremplin de r\u00eaves\u00a0\u00bb, et avait su d\u00e9chiffrer \u00ab\u00a0sous son calme d\u2019emprunt on ne sait quoi de f\u00e9lin et d\u2019\u00e9trange. [...] de m\u00eame que toutes les cit\u00e9s mystiques, elle a un endroit et un envers, \u2013 et son envers est inqui\u00e9tant\u00a0\u00bb. En venant de Bruxelles, Bruges \u00ab\u00a0se r\u00e9v\u00e8le d\u00e9licieuse et ayant, seule, conserv\u00e9 l\u2019\u00e2me catholique des Flandres\u00a0\u00bb\u2026 Et Huysmans \u00e9voque ses souvenirs de pri\u00e8re dans plusieurs \u00e9glises o\u00f9 vibre une \u00e2me m\u00e9di\u00e9vale\u00a0; mais \u00ab\u00a0<\/span><span style=\"font-family:Times New Roman;font-size:12pt;font-weight: bold;\">le satanisme fleurit \u00e0 Bruges<\/span><span style=\"font-family:Times New Roman;font-size:12pt;\">\u00a0\u00bb, qui a \u00ab\u00a0le diable cach\u00e9 en elle\u00a0\u00bb, elle fleure l\u2019encens et le soufre\u00a0: \u00ab\u00a0<\/span><span style=\"font-family:Times New Roman;font-size:12pt;font-weight: bold;\">toujours l\u00e0 o\u00f9 le Seigneur est ma\u00eetre, Satan se glisse<\/span><span style=\"font-family:Times New Roman;font-size:12pt;\">\u00a0\u00bb... Huysmans mentionne plusieurs monuments, et s\u2019attarde \u00e0 \u00ab\u00a0<\/span><span style=\"font-family:Times New Roman;font-size:12pt;font-weight: bold;\">l\u2019h\u00f4pital Saint-Jean<\/span><span style=\"font-family:Times New Roman;font-size:12pt;\">, si intime [\u2026] la Bruges charmante d\u2019antan est l\u00e0, surtout dans l\u2019ancienne salle du chapitre, o\u00f9 s\u2019exhibent <\/span><span style=\"font-family:Times New Roman;font-size:12pt;font-weight: bold;\">les <\/span><span style=\"font-family:Times New Roman;font-size:12pt;font-weight: bold;text-transform: uppercase;\">Memling<\/span><span style=\"font-family:Times New Roman;font-size:12pt;\">\u00a0\u00bb, dont il \u00e9voque en quelques lignes les chefs-d\u2019\u0153uvre, notamment une <\/span><span style=\"font-family:Times New Roman;font-size:12pt;font-style: italic;\">Vierge<\/span><span style=\"font-family:Times New Roman;font-size:12pt;\">, \u00ab\u00a0peut-\u00eatre la plus belle Madone que Memling ait jamais peinte [\u2026] d\u2019une ing\u00e9nuit\u00e9, d\u2019une candeur et aussi d\u2019une distinction et d\u2019une beaut\u00e9 qui ne sont d\u00e9j\u00e0 plus, malgr\u00e9 la forme rest\u00e9e humaine, terrestres. [\u2026] L\u2019\u00e2me a \u00e9tir\u00e9, a aminci, a presque rong\u00e9 sa p\u00e2le et d\u00e9licate gaine, et elle appara\u00eet, si rayonnante, si pure, que les mots se taisent\u00a0\u00bb\u2026 Puis il se rend au Mus\u00e9e, qui \u00ab\u00a0renferme des pi\u00e8ces de premier ordre\u00a0\u00bb, dont <\/span><span style=\"font-family:Times New Roman;font-size:12pt;font-weight: bold;\">le <\/span><span style=\"font-family:Times New Roman;font-size:12pt;font-weight: bold;font-style: italic;\">Jugement de Cambyse<\/span><span style=\"font-family:Times New Roman;font-size:12pt;font-weight: bold;\"> de G\u00e9rard David<\/span><span style=\"font-family:Times New Roman;font-size:12pt;\">\u00a0: \u00ab\u00a0Cette sc\u00e8ne de tortionnaires n\u2019a pas cette senteur de basse boucherie dont plus tard les peintres de l\u2019\u00c9cole espagnole s\u2019\u00e9prirent\u00a0; elle est vivante et terrible, mais pas r\u00e9pugnante et vraiment noble. Ce G\u00e9rard David fut un tr\u00e8s personnel ma\u00eetre\u00a0\u00bb\u2026 Et Huysmans conclut que <\/span><span style=\"font-family:Times New Roman;font-size:12pt;font-weight: bold;\">Bruges<\/span><span style=\"font-family:Times New Roman;font-size:12pt;\"> \u00ab\u00a0<\/span><span style=\"font-family:Times New Roman;font-size:12pt;font-weight: bold;\">est \u00e0 la fois mystique et d\u00e9moniaque, pu\u00e9rile et grave<\/span><span style=\"font-family:Times New Roman;font-size:12pt;\">. Mystique par sa r\u00e9elle pi\u00e9t\u00e9, par ses mus\u00e9es uniques au point de vue de l\u2019art, par ses nombreux couvents et par son b\u00e9guinage\u00a0; \u2013 d\u00e9moniaque, par sa confr\u00e9rie secr\u00e8te de poss\u00e9d\u00e9s\u00a0; \u2013 pu\u00e9rile, par son go\u00fbt pour les insupportables verroteries des carillons, \u2013 et grave, par l\u2019allure m\u00eame de ses canaux et de ses places, de ses beffrois et de ses rues. Mais <\/span><span style=\"font-family:Times New Roman;font-size:12pt;font-weight: bold;\">ce qui domine, en somme, c\u2019est la note mystique\u00a0; et elle est une ville d\u00e9licieuse parce qu\u2019elle est d\u00e9nu\u00e9e de commerce et que, par cons\u00e9quent, ses chapelles sont vivantes et que ses rues sont mortes<\/span><span style=\"font-family:Times New Roman;font-size:12pt;\">\u00a0\u00bb.<\/span><\/p><p style=\"text-align:justify;margin-left:0pt;margin-right:0pt;margin-top:0pt;margin-bottom:0pt;\"><span style=\"font-family:Times New Roman;font-size:12pt;font-weight: bold;font-style: italic;\">Le Quartier S<\/span><span style=\"font-family:Times New Roman;font-size:9pt;font-weight: bold;font-style: italic;vertical-align: super;\">t<\/span><span style=\"font-family:Times New Roman;font-size:12pt;font-weight: bold;font-style: italic;\"> Pauli<\/span><span style=\"font-family:Times New Roman;font-size:12pt;\"> (paru le 24 mai 1899, recueilli en 1966 par Fr\u00e9d\u00e9ric Chaleil dans <\/span><span style=\"font-family:Times New Roman;font-size:12pt;font-style: italic;\">Croquis de Paris et d\u2019ailleurs<\/span><span style=\"font-family:Times New Roman;font-size:12pt;\">) se situe \u00e0 <\/span><span style=\"font-family:Times New Roman;font-size:12pt;font-weight: bold;\">Hambourg<\/span><span style=\"font-family:Times New Roman;font-size:12pt;\">, \u00ab\u00a0la ville la plus cosmopolite qui soit\u00a0\u00bb, et est un croquis plein de verve et pittoresque, o\u00f9 Huysmans enqu\u00eate sur les \u00ab\u00a0<\/span><span style=\"font-family:Times New Roman;font-size:12pt;font-weight: bold;\">beuglants<\/span><span style=\"font-family:Times New Roman;font-size:12pt;\">\u00a0\u00bb hambourgeois, d\u00e9crivant les salles et <\/span><span style=\"font-family:Times New Roman;font-size:12pt;font-weight: bold;\">les chanteuses<\/span><span style=\"font-family:Times New Roman;font-size:12pt;\">, comme celle-ci\u00a0: \u00ab\u00a0une fille \u00e9norme, dont les traits masculins, tr\u00e8s en relief, semblaient dessin\u00e9s au charbon sur une peau fronc\u00e9e et comme cendr\u00e9e par les noces. Elle secouait au-dessus d\u2019une jupe de velours vert des bras tremp\u00e9s dans du blanc\u00a0; et des bombes d\u2019anciens mortiers saupoudr\u00e9es de farine roulaient dans son corsage \u00e9tay\u00e9 par de puissants ressorts. Elle chanta et alors son ventre sans discipline, emplit la sc\u00e8ne; elle cria je ne sais quoi, vocif\u00e9ra des sons de scie en marche et des fils d\u2019or zigzagu\u00e8rent dans le trou \u00e9carlate sur les bords et noir dans le fond qui lui servait de bouche\u00a0; puis elle cl\u00f4tura ce trou et, tandis qu\u2019elle retournait s\u2019asseoir, une autre artiste s\u2019avan\u00e7a vers le public\u00a0\u00bb\u2026 Suivent d\u2019autres portraits atroces des \u00ab\u00a0viragos\u00a0\u00bb, des \u00ab\u00a0cabots\u00a0\u00bb et de leur public\u00a0: \u00ab\u00a0\u00e9videmment des commer\u00e7ants ais\u00e9s, \u00e7\u00e0 et l\u00e0, des types hircins de Juifs, de Juifs roux, avec des yeux en gomme, et des pattes sales, [...] puis les \u00e9ternelles t\u00eates des Allemands blonds, avec oreilles roses, aux yeux faux, fuyant sous des lunettes, des gens qui, apr\u00e8s \u00eatre all\u00e9 au pr\u00eache, se pochardent apr\u00e8s et s\u2019all\u00e8gent au hasard des rencontres, le soir. Mais que ces lourdes natures sont lentes \u00e0 s\u2019\u00e9mouvoir\u00a0!\u00a0\u00bb... Et dehors, sur la chauss\u00e9e, une foule qui se prom\u00e8ne la bouche pleine, des matelots, des prostitu\u00e9es, tous les accessoires d\u2019une \u00ab\u00a0Mecque crapuleuse\u00a0\u00bb. Mais \u00e0 Hambourg \u00ab\u00a0<\/span><span style=\"font-family:Times New Roman;font-size:12pt;font-weight: bold;\">l\u2019hypocrisie protestante<\/span><span style=\"font-family:Times New Roman;font-size:12pt;\"> est moindre que dans les autres centres de l\u2019Allemagne\u00a0\u00bb\u00a0: on y est \u00ab\u00a0<\/span><span style=\"font-family:Times New Roman;font-size:12pt;font-weight: bold;\">tr\u00e8s peu luth\u00e9rien, plus rastaquou\u00e8re m\u00eame qu\u2019allemand<\/span><span style=\"font-family:Times New Roman;font-size:12pt;\">\u00a0; mais quand l\u2019on a connu la tartufferie \u00e9vang\u00e9lique de Berlin et autres lieux, cela para\u00eet presque sain de trouver<\/span><span style=\"font-family:Times New Roman;font-size:12pt;font-weight: bold;\"> une ville qui a la sinc\u00e9rit\u00e9 de sa bassesse et la rondeur de son ordure<\/span><span style=\"font-family:Times New Roman;font-size:12pt;\">\u00a0!\u00a0\u00bb<\/span><\/p><p style=\"text-align:justify;margin-left:0pt;margin-right:0pt;margin-top:0pt;margin-bottom:0pt;\"><span style=\"font-family:Times New Roman;font-size:12pt;font-style: italic;\">Ancienne collection Victor <\/span><span style=\"font-family:Times New Roman;font-size:12pt;font-style: italic;text-transform: uppercase;\">Sanson<\/span><span style=\"font-family:Times New Roman;font-size:12pt;\"> (vente du 12 mars 1936, n\u00b0 72).<\/span><\/p><\/div>\n<div class='upcp-prod-desc-custom-fields upcp-custom-field-list'><\/div><a class='upcp-catalogue-link'  href='\/index.php?rest_route=%2Fwp%2Fv2%2Fpages%2F3275&SingleProduct=4364' onclick='RecordView(4364);'><div id='prod-cat-details-link-4364' class='prod-cat-details-link upcp-list-details-link'><span class='upcp-details-text'>d\u00e9tails<\/span><span class='upcp-details-icon'>s<\/span><\/div>\n<\/a><\/div><\/div>\n<div id='prod-cat-list-item-4362' class='prod-cat-item upcp-list-item ' data-itemid='4362'>\n<div id='prod-cat-title-4362' class='prod-cat-title upcp-list-title upcp-list-action-Expand' onclick='ToggleItem(4362);'>068 Jean de TINAN (1874-1898) \u00e9crivain<\/div>\n<div id='prod-cat-price-4362' class='prod-cat-price upcp-list-price' data-item_price='16\u00a0000  \u20ac' onclick='ToggleItem(4362);'><span class='full-price' itemprop='offers' itemscope itemtype='http:\/\/schema.org\/Offer'><span itemprop='price' content='16\u00a0000 '>16\u00a0000 <\/span><span itemprop='priceCurrency' content=''> \u20ac<\/span><\/span><\/div>\n<div id='prod-cat-details-4362' class='prod-cat-details upcp-list-details hidden-field'>\n<div id='prod-cat-thumb-div-4362' class='prod-cat-thumb-image-div upcp-list-image-div'><a class='upcp-catalogue-link'  href='\/index.php?rest_route=%2Fwp%2Fv2%2Fpages%2F3275&SingleProduct=4362' onclick='RecordView(4362);'><img src='http:\/\/www.lesautographes.com\/wp-content\/uploads\/2023\/10\/68.jpg' alt='068 Jean de TINAN (1874-1898) \u00e9crivain Image' id='prod-cat-thumb-4362' class='prod-cat-thumb-image upcp-thumb-image'><\/a><\/div>\n<div id='prod-cat-desc-4362' class='prod-cat-desc upcp-list-desc'><p style=\"text-align:justify;margin-left:0pt;margin-right:0pt;margin-top:0pt;margin-bottom:0pt;\"><span style=\"font-family:Times New Roman;font-size:12pt;font-weight: bold;text-transform: uppercase;\">Manuscrit<\/span><span style=\"font-family:Times New Roman;font-size:12pt;font-weight: bold;\"> autographe<\/span><span style=\"font-family:Times New Roman;font-size:12pt;\"> <\/span><span style=\"font-family:Times New Roman;font-size:12pt;font-weight: bold;\">du roman<\/span><span style=\"font-family:Times New Roman;font-size:12pt;\"> <\/span><span style=\"font-family:Times New Roman;font-size:12pt;font-weight: bold;font-style: italic;\">Ma\u00eetresse d\u2019Esth\u00e8tes<\/span><span style=\"font-family:Times New Roman;font-size:12pt;\">, 1896\u00a0; 165 feuillets petit in-4 (env. 20 x 15,5 cm) mont\u00e9s sur onglets et interfoli\u00e9s, en un volume in-4 reli\u00e9 demi-maroquin brun \u00e0 coins, dos \u00e0 nerfs dor\u00e9 avec fleurs mosa\u00efqu\u00e9es, t\u00eate dor\u00e9e (<\/span><span style=\"font-family:Times New Roman;font-size:12pt;font-style: italic;\">Semet &amp; Plumelle<\/span><span style=\"font-family:Times New Roman;font-size:12pt;\">).<\/span><\/p><p style=\"text-align:justify;margin-left:0pt;margin-right:0pt;margin-top:0pt;margin-bottom:0pt;\"><span style=\"font-family:Times New Roman;font-size:12pt;font-weight: bold;text-transform: uppercase;\">Manuscrit complet de <\/span><span style=\"font-family:Times New Roman;font-size:12pt;font-weight: bold;font-style: italic;text-transform: uppercase;\">Ma\u00eetresse d\u2019Esth\u00e8tes<\/span><span style=\"font-family:Times New Roman;font-size:12pt;font-weight: bold;text-transform: uppercase;\">, roman publi\u00e9 sous le nom de Willy<\/span><span style=\"font-family:Times New Roman;font-size:12pt;text-transform: uppercase;\"> <\/span><span style=\"font-family:Times New Roman;font-size:12pt;font-weight: bold;text-transform: uppercase;\">mais enti\u00e8rement r\u00e9dig\u00e9 par Jean de Tinan<\/span><span style=\"font-family:Times New Roman;font-size:12pt;\">.<\/span><\/p><p style=\"text-align:justify;margin-left:0pt;margin-right:0pt;margin-top:0pt;margin-bottom:0pt;\"><span style=\"font-family:Times New Roman;font-size:12pt;\">Publi\u00e9 chez H. Simonis Empis en mars 1897, <\/span><span style=\"font-family:Times New Roman;font-size:12pt;font-style: italic;\">Ma\u00eetresse d\u2019esth\u00e8tes<\/span><span style=\"font-family:Times New Roman;font-size:12pt;\"> est le second roman sign\u00e9 de <\/span><span style=\"font-family:Times New Roman;font-size:12pt;text-transform: uppercase;\">Willy<\/span><span style=\"font-family:Times New Roman;font-size:12pt;\">, apr\u00e8s <\/span><span style=\"font-family:Times New Roman;font-size:12pt;font-style: italic;\">Une Passade<\/span><span style=\"font-family:Times New Roman;font-size:12pt;\"> (1895). Le pr\u00e9sent manuscrit permet d\u2019attribuer la totale paternit\u00e9 du roman au jeune Jean de Tinan, qui a travaill\u00e9 comme n\u00e8gre pour le compte de Willy, le pr\u00e9tendu auteur s\u2019\u00e9tant content\u00e9 d\u2019ajouter quelques digressions ou calembours au texte de Tinan. Jean de Tinan avait seulement publi\u00e9 sans succ\u00e8s en 1894 <\/span><span style=\"font-family:Times New Roman;font-size:12pt;font-style: italic;\">Un document sur l\u2019impuissance d\u2019aimer<\/span><span style=\"font-family:Times New Roman;font-size:12pt;\">.<\/span><\/p><p style=\"text-align:justify;margin-left:0pt;margin-right:0pt;margin-top:0pt;margin-bottom:0pt;\"><span style=\"font-family:Times New Roman;font-size:12pt;\">Ce manuscrit rassemble <\/span><span style=\"font-family:Times New Roman;font-size:12pt;font-weight: bold;\">quatre versions successives<\/span><span style=\"font-family:Times New Roman;font-size:12pt;\">, <\/span><span style=\"font-family:Times New Roman;font-size:12pt;font-weight: bold;\">depuis le brouillon<\/span><span style=\"font-family:Times New Roman;font-size:12pt;\"> (dat\u00e9 \u00ab\u00a0Montigny-Jumi\u00e8ges, Juin et Juillet 1896\u00a0\u00bb) <\/span><span style=\"font-family:Times New Roman;font-size:12pt;font-weight: bold;\">jusqu\u2019\u00e0 la r\u00e9daction d\u00e9finitive<\/span><span style=\"font-family:Times New Roman;font-size:12pt;\">\u00a0; parmi les brouillons, on rel\u00e8ve deux versions primitives du chapitre I\u00a0; tous les <\/span><span style=\"font-family:Times New Roman;font-size:12pt;font-weight: bold;\">fragments pr\u00e9paratoires<\/span><span style=\"font-family:Times New Roman;font-size:12pt;\"> ont \u00e9t\u00e9 reli\u00e9s avec des feuillets intercalaires de couleur\u00a0: bleu pour les premiers jets, rose pour les r\u00e9\u00e9critures, jaune pour les troisi\u00e8mes \u00e9tats, le blanc \u00e9tant r\u00e9serv\u00e9 \u00e0 la version finale. Le manuscrit est enti\u00e8rement de la main de Jean de Tinan, \u00e0 l\u2019encre noire, bleue ou verte, au recto des feuillets\u00a0; il pr\u00e9sente des ratures et corrections, et des additions interlin\u00e9aires. On rel\u00e8ve quelques remarques au crayon d\u2019une autre main\u00a0; ainsi (f.\u00a018)\u00a0: \u00ab\u00a0\u00e9ternelllement froides\u00a0? parce qu\u2019il y a beaucoup d\u2019\u00e9pith\u00e8tes, d\u00e9j\u00e0\u00a0\u00bb. La fin est tr\u00e8s diff\u00e9rente de l\u2019\u00e9dition et a d\u00fb \u00eatre remani\u00e9e par Willy.<\/span><\/p><p style=\"text-align:justify;margin-left:0pt;margin-right:0pt;margin-top:0pt;margin-bottom:0pt;\"><span style=\"font-family:Times New Roman;font-size:12pt;\">Le roman s\u2019inspire de la liaison du sculpteur Fix-Masseau avec l\u2019ancienne ma\u00eetresse de Willy, Minna Schrader de Nyzot, aventuri\u00e8re qui hanta un temps les milieux artistiques et litt\u00e9raires. Le roman met en sc\u00e8ne, avec des clefs pour la plupart assez transparentes, le monde des lettres, des arts, des revues et des th\u00e9\u00e2tres d\u2019avant-garde et du Symbolisme. Outre Fix-Masseau (Franz Brotteaux) et Minna (Ysolde Vouillard), on y rencontre Jean de Tinan et Willy (Jim Smiley et Henry Maugis), le musicien Gaston Lemaire (Richard Buvard), le S\u00e2r P\u00e9ladan (Sotaukrack), Remy de Gourmont (Sixte Mouront), Camille Mauclair (Arill Vainpur), Lugn\u00e9-Poe et Suzanne Despr\u00e9s au Th\u00e9\u00e2tre de l\u2019\u0152uvre (Lug-Allan, Suzanne Gazon et le Th\u00e9\u00e2tre de l\u2019\u00c2me), Jean Mor\u00e9as (Constantin Bo\u00e9tis), Maurice Maeterlinck (Jef van der Kerkove), Jean Lorrain (Jean Nancy), Colette (Clarisse), Catulle Mend\u00e8s (Otto Bodens\u00e9e), la Rose+Croix (le Graal d\u2019Or), le <\/span><span style=\"font-family:Times New Roman;font-size:12pt;font-style: italic;\">Mercure de France<\/span><span style=\"font-family:Times New Roman;font-size:12pt;\"> (la <\/span><span style=\"font-family:Times New Roman;font-size:12pt;font-style: italic;\">Revue Mauve<\/span><span style=\"font-family:Times New Roman;font-size:12pt;\">), etc.<\/span><\/p><p style=\"text-align:justify;margin-left:0pt;margin-right:0pt;margin-top:0pt;margin-bottom:0pt;\"><span style=\"font-family:Times New Roman;font-size:12pt;\">Dans une lettre reli\u00e9e en t\u00eate du volume, <\/span><span style=\"font-family:Times New Roman;font-size:12pt;text-transform: uppercase;\">Willy<\/span><span style=\"font-family:Times New Roman;font-size:12pt;\"> demande \u00e0 Aur\u00e9lien <\/span><span style=\"font-family:Times New Roman;font-size:12pt;text-transform: uppercase;\">Scholl<\/span><span style=\"font-family:Times New Roman;font-size:12pt;\"> de faire un compte rendu de son roman, qui ne se vend pas. Il r\u00e9sume ainsi l\u2019intrigue de <\/span><span style=\"font-family:Times New Roman;font-size:12pt;font-style: italic;\">Ma\u00eetresse d\u2019Esth\u00e8tes\u00a0<\/span><span style=\"font-family:Times New Roman;font-size:12pt;\">: \u00ab\u00a0C\u2019est l\u2019histoire, banale, d\u2019un sculpteur coll\u00e9 \u00e0 une grue symboliste\u00a0; il commence \u00e0 cracher ses poumons quand un ami, \u00e0 temps, op\u00e8re le d\u00e9-collage\u00a0\u00bb... Outre la L.A.S. de Willy (2 pp. in-8), on a mont\u00e9 deux coupures de presse \u00e0 propos du roman, son auteur, et son attribution.<\/span><\/p><p style=\"text-align:justify;margin-left:0pt;margin-right:0pt;margin-top:0pt;margin-bottom:0pt;\"><span style=\"font-family:Times New Roman;font-size:12pt;text-transform: uppercase;\">Bibliographie<\/span><span style=\"font-family:Times New Roman;font-size:12pt;\">\u00a0: Willy [Jean de Tinan], <\/span><span style=\"font-family:Times New Roman;font-size:12pt;font-style: italic;\">Ma\u00eetresse d\u2019esth\u00e8tes<\/span><span style=\"font-family:Times New Roman;font-size:12pt;\">, \u00e9d. de Jean-Paul Goujon (Champ Vallon, 1995).<\/span><\/p><p style=\"text-align:justify;margin-left:0pt;margin-right:0pt;margin-top:0pt;margin-bottom:0pt;\"><span style=\"font-family:Times New Roman;font-size:12pt;font-style: italic;\">Anciennes collections Henri <\/span><span style=\"font-family:Times New Roman;font-size:12pt;font-style: italic;text-transform: uppercase;\">Leclercq<\/span><span style=\"font-family:Times New Roman;font-size:12pt;font-style: italic;\"> et Charles <\/span><span style=\"font-family:Times New Roman;font-size:12pt;font-style: italic;text-transform: uppercase;\">Hayoit<\/span><span style=\"font-family:Times New Roman;font-size:12pt;\">.<\/span><\/p><\/div>\n<div class='upcp-prod-desc-custom-fields upcp-custom-field-list'><\/div><a class='upcp-catalogue-link'  href='\/index.php?rest_route=%2Fwp%2Fv2%2Fpages%2F3275&SingleProduct=4362' onclick='RecordView(4362);'><div id='prod-cat-details-link-4362' class='prod-cat-details-link upcp-list-details-link'><span class='upcp-details-text'>d\u00e9tails<\/span><span class='upcp-details-icon'>s<\/span><\/div>\n<\/a><\/div><\/div>\n<div id='prod-cat-list-item-4361' class='prod-cat-item upcp-list-item ' data-itemid='4361'>\n<div id='prod-cat-title-4361' class='prod-cat-title upcp-list-title upcp-list-action-Expand' onclick='ToggleItem(4361);'>067 Ernest CHAUSSON (1855-1899) compositeur<\/div>\n<div id='prod-cat-price-4361' class='prod-cat-price upcp-list-price' data-item_price='5\u00a0000  \u20ac' onclick='ToggleItem(4361);'><span class='full-price' itemprop='offers' itemscope itemtype='http:\/\/schema.org\/Offer'><span itemprop='price' content='5\u00a0000 '>5\u00a0000 <\/span><span itemprop='priceCurrency' content=''> \u20ac<\/span><\/span><\/div>\n<div id='prod-cat-details-4361' class='prod-cat-details upcp-list-details hidden-field'>\n<div id='prod-cat-thumb-div-4361' class='prod-cat-thumb-image-div upcp-list-image-div'><a class='upcp-catalogue-link'  href='\/index.php?rest_route=%2Fwp%2Fv2%2Fpages%2F3275&SingleProduct=4361' onclick='RecordView(4361);'><img src='http:\/\/www.lesautographes.com\/wp-content\/uploads\/2023\/10\/67.jpg' alt='067 Ernest CHAUSSON (1855-1899) compositeur Image' id='prod-cat-thumb-4361' class='prod-cat-thumb-image upcp-thumb-image'><\/a><\/div>\n<div id='prod-cat-desc-4361' class='prod-cat-desc upcp-list-desc'><p style=\"text-align:justify;margin-left:0pt;margin-right:0pt;margin-top:0pt;margin-bottom:0pt;\"><span style=\"font-family:Times New Roman;font-size:12pt;font-weight: bold;text-transform: uppercase;\">Manuscrit musical<\/span><span style=\"font-family:Times New Roman;font-size:12pt;font-weight: bold;\"> autographe sign\u00e9<\/span><span style=\"font-family:Times New Roman;font-size:12pt;\">, <\/span><span style=\"font-family:Times New Roman;font-size:12pt;font-weight: bold;font-style: italic;\">Ballade<\/span><span style=\"font-family:Times New Roman;font-size:12pt;\">, 1896\u00a0; titre et 2 pages et demie in-fol.(quelques petites fentes marginales).<\/span><\/p><p style=\"text-align:justify;margin-left:0pt;margin-right:0pt;margin-top:0pt;margin-bottom:0pt;\"><span style=\"font-family:Times New Roman;font-size:12pt;font-weight: bold;\">M\u00e9lodie<\/span><span style=\"font-family:Times New Roman;font-size:12pt;\"> pour voix et piano, sur un po\u00e8me de Camille <\/span><span style=\"font-family:Times New Roman;font-size:12pt;text-transform: uppercase;\">Mauclair<\/span><span style=\"font-family:Times New Roman;font-size:12pt;\">\u00a0: \u00ab\u00a0Quand les anges se sont perdus\u00a0\u00bb\u2026 En la majeur \u00e0 6\/4, elle compte 64 mesures. C\u2019est le second des <\/span><span style=\"font-family:Times New Roman;font-size:12pt;font-style: italic;\">Trois Lieder<\/span><span style=\"font-family:Times New Roman;font-size:12pt;\"> sur des po\u00e8mes de Camille Mauclair, opus 27, publi\u00e9s chez Baudoux en 1897. Le manuscrit est soigneusement not\u00e9 \u00e0 l\u2019encre noire sur un bifeuillet \u00e0 24 port\u00e9es. Il est dat\u00e9 en fin \u00ab\u00a0Paris 13 mars 1896\u00e9, et sign\u00e9. Cette belle m\u00e9lodie prend la forme d\u2019une m\u00e9lop\u00e9e populaire ou m\u00e9di\u00e9vale, sur un accompagnement qui fait penser au battement des cloches, pour s\u2019achever par de d\u00e9licats arp\u00e8ges, comme un filigrane sur les mots du po\u00e8me.<\/span><\/p><\/div>\n<div class='upcp-prod-desc-custom-fields upcp-custom-field-list'><\/div><a class='upcp-catalogue-link'  href='\/index.php?rest_route=%2Fwp%2Fv2%2Fpages%2F3275&SingleProduct=4361' onclick='RecordView(4361);'><div id='prod-cat-details-link-4361' class='prod-cat-details-link upcp-list-details-link'><span class='upcp-details-text'>d\u00e9tails<\/span><span class='upcp-details-icon'>s<\/span><\/div>\n<\/a><\/div><\/div>\n<div id='prod-cat-list-item-4358' class='prod-cat-item upcp-list-item ' data-itemid='4358'>\n<div id='prod-cat-title-4358' class='prod-cat-title upcp-list-title upcp-list-action-Expand' onclick='ToggleItem(4358);'>064 Octave MIRBEAU (1848-1917) \u00e9crivain<\/div>\n<div id='prod-cat-price-4358' class='prod-cat-price upcp-list-price' data-item_price='2\u00a0800  \u20ac' onclick='ToggleItem(4358);'><span class='full-price' itemprop='offers' itemscope itemtype='http:\/\/schema.org\/Offer'><span itemprop='price' content='2\u00a0800 '>2\u00a0800 <\/span><span itemprop='priceCurrency' content=''> \u20ac<\/span><\/span><\/div>\n<div id='prod-cat-details-4358' class='prod-cat-details upcp-list-details hidden-field'>\n<div id='prod-cat-thumb-div-4358' class='prod-cat-thumb-image-div upcp-list-image-div'><a class='upcp-catalogue-link'  href='\/index.php?rest_route=%2Fwp%2Fv2%2Fpages%2F3275&SingleProduct=4358' onclick='RecordView(4358);'><img src='http:\/\/www.lesautographes.com\/wp-content\/uploads\/2023\/10\/64.jpg' alt='064 Octave MIRBEAU (1848-1917) \u00e9crivain Image' id='prod-cat-thumb-4358' class='prod-cat-thumb-image upcp-thumb-image'><\/a><\/div>\n<div id='prod-cat-desc-4358' class='prod-cat-desc upcp-list-desc'><p style=\"text-align:justify;margin-left:0pt;margin-right:0pt;margin-top:0pt;margin-bottom:0pt;\"><span style=\"font-family:Times New Roman;font-size:12pt;font-weight: bold;text-transform: uppercase;\">Manuscrit<\/span><span style=\"font-family:Times New Roman;font-size:12pt;font-weight: bold;\"> autographe<\/span><span style=\"font-family:Times New Roman;font-size:12pt;\">, <\/span><span style=\"font-family:Times New Roman;font-size:12pt;font-weight: bold;font-style: italic;\">Les Vieux M\u00e9nages<\/span><span style=\"font-family:Times New Roman;font-size:12pt;\">, [1894]\u00a0; 16 ff. in-4 mont\u00e9s sur onglets et reli\u00e9s en un volume in-4 maroquin rouge, cadre int. orn\u00e9 de filets dor\u00e9s et \u00e0 froid (<\/span><span style=\"font-family:Times New Roman;font-size:12pt;font-style: italic;\">Marius Michel<\/span><span style=\"font-family:Times New Roman;font-size:12pt;\">).<\/span><\/p><p style=\"text-align:justify;margin-left:0pt;margin-right:0pt;margin-top:0pt;margin-bottom:0pt;\"><span style=\"font-family:Times New Roman;font-size:12pt;font-weight: bold;text-transform: uppercase;\">Manuscrit complet de cette com\u00e9die en un acte<\/span><span style=\"font-family:Times New Roman;font-size:12pt;\">, cr\u00e9\u00e9e le 20 d\u00e9cembre 1894 au Th\u00e9\u00e2tre d\u2019Application.<\/span><\/p><p style=\"text-align:justify;margin-left:0pt;margin-right:0pt;margin-top:0pt;margin-bottom:0pt;\"><span style=\"font-family:Times New Roman;font-size:12pt;\">\u00c9l\u00e9mir Bourges a soulign\u00e9 \u00ab\u00a0<\/span><span style=\"font-family:Times New Roman;font-size:12pt;font-weight: bold;\">la douloureuse f\u00e9rocit\u00e9<\/span><span style=\"font-family:Times New Roman;font-size:12pt;\">\u00a0\u00bb de la pi\u00e8ce. \u00c0 travers les r\u00e8glements de comptes d\u2019un vieux couple, c\u2019est une cruelle d\u00e9nonciation de l\u2019hypocrisie de la soci\u00e9t\u00e9 bourgeoise.<\/span><\/p><p style=\"text-align:justify;margin-left:0pt;margin-right:0pt;margin-top:0pt;margin-bottom:0pt;\"><span style=\"font-family:Times New Roman;font-size:12pt;\">Le manuscrit, \u00e0 l\u2019encre noire au recto des feuillets, pr\u00e9sente des ratures et corrections, notamment un important passage biff\u00e9 vers la fin, et remplac\u00e9 par un nouveau texte, coll\u00e9 au verso de l\u2019avant-dernier feuillet. Il a servi pour l\u2019impression, avec des notes typographiques au crayon bleu, pour l\u2019\u00e9dition originale chez Fasquelle en 1901, sous le titre <\/span><span style=\"font-family:Times New Roman;font-size:12pt;font-style: italic;\">Vieux M\u00e9nages<\/span><span style=\"font-family:Times New Roman;font-size:12pt;\">. Le texte a ensuite \u00e9t\u00e9 recueilli en 1904, sous le titre <\/span><span style=\"font-family:Times New Roman;font-size:12pt;font-style: italic;\">Vieux M\u00e9nage<\/span><span style=\"font-family:Times New Roman;font-size:12pt;\">, dans <\/span><span style=\"font-family:Times New Roman;font-size:12pt;font-style: italic;\">Farces et moralit\u00e9s<\/span><span style=\"font-family:Times New Roman;font-size:12pt;\">. Une premi\u00e8re version des <\/span><span style=\"font-family:Times New Roman;font-size:12pt;font-style: italic;\">Vieux M\u00e9nages<\/span><span style=\"font-family:Times New Roman;font-size:12pt;\">, sous forme de dialogue entre le mari et la femme, avait \u00e9t\u00e9 publi\u00e9e dans <\/span><span style=\"font-family:Times New Roman;font-size:12pt;font-style: italic;\">Le Journal<\/span><span style=\"font-family:Times New Roman;font-size:12pt;\"> du 29 juillet 1894. Dans cette version th\u00e9\u00e2trale, Mirbeau y ajoute un troisi\u00e8me r\u00f4le, avec la femme de chambre.<\/span><\/p><p style=\"text-align:justify;margin-left:0pt;margin-right:0pt;margin-top:0pt;margin-bottom:0pt;\"><span style=\"font-family:Times New Roman;font-size:12pt;\">Il pr\u00e9sente ainsi ses personnages\u00a0: \u00ab\u00a0<\/span><span style=\"font-family:Times New Roman;font-size:12pt;text-transform: uppercase;\">Le mari<\/span><span style=\"font-family:Times New Roman;font-size:12pt;\">, soixante-cinq ans, grand, maigre. Figure s\u00e8che et sanguine dans des favoris grisonnants et durs. La tenue et l\u2019allure d\u2019un ancien magistrat. <\/span><span style=\"font-family:Times New Roman;font-size:12pt;text-transform: uppercase;\">La femme<\/span><span style=\"font-family:Times New Roman;font-size:12pt;\">, soixante ans. Infirme, presque paralys\u00e9e, \u00e9norme, les cheveux tout blancs. Visage bouffi de graisse maladive. <\/span><span style=\"font-family:Times New Roman;font-size:12pt;text-transform: uppercase;\">La femme de chambre<\/span><span style=\"font-family:Times New Roman;font-size:12pt;\">, jeune, jolie, effront\u00e9e\u00a0\u00bb. Les r\u00f4les \u00e9taient tenus respectivement en 1894 par M. Tinbot, Louise France et Mme Vinet.<\/span><\/p><p style=\"text-align:justify;margin-left:0pt;margin-right:0pt;margin-top:0pt;margin-bottom:0pt;\"><span style=\"font-family:Times New Roman;font-size:12pt;font-weight: bold;\">Provenance<\/span><span style=\"font-family:Times New Roman;font-size:12pt;\">\u00a0: Biblioth\u00e8que d\u2019Octave <\/span><span style=\"font-family:Times New Roman;font-size:12pt;text-transform: uppercase;\">Mirbeau<\/span><span style=\"font-family:Times New Roman;font-size:12pt;\"> (24-28 mars 1919, n\u00b0 819)\u00a0; puis Georges-Emmanuel <\/span><span style=\"font-family:Times New Roman;font-size:12pt;text-transform: uppercase;\">Lang<\/span><span style=\"font-family:Times New Roman;font-size:12pt;\"> (I, 16-17 d\u00e9cembre 1925, n\u00b0\u00a0288), Sacha <\/span><span style=\"font-family:Times New Roman;font-size:12pt;text-transform: uppercase;\">Guitry<\/span><span style=\"font-family:Times New Roman;font-size:12pt;\">, Daniel <\/span><span style=\"font-family:Times New Roman;font-size:12pt;text-transform: uppercase;\">Sickles<\/span><span style=\"font-family:Times New Roman;font-size:12pt;\"> (XV, 1993, n\u00b0\u00a06516), b\u00e2tonnier Jean-Claude <\/span><span style=\"font-family:Times New Roman;font-size:12pt;text-transform: uppercase;\">Delauney<\/span><span style=\"font-family:Times New Roman;font-size:12pt;\"> (7 novembre 2018, n\u00b0\u00a079, ex-libris).<\/span><\/p><p style=\"text-align:justify;margin-left:0pt;margin-right:0pt;margin-top:0pt;margin-bottom:0pt;\"><span>&nbsp;<\/span><\/p><\/div>\n<div class='upcp-prod-desc-custom-fields upcp-custom-field-list'><\/div><a class='upcp-catalogue-link'  href='\/index.php?rest_route=%2Fwp%2Fv2%2Fpages%2F3275&SingleProduct=4358' onclick='RecordView(4358);'><div id='prod-cat-details-link-4358' class='prod-cat-details-link upcp-list-details-link'><span class='upcp-details-text'>d\u00e9tails<\/span><span class='upcp-details-icon'>s<\/span><\/div>\n<\/a><\/div><\/div>\n<div id='prod-cat-list-item-4380' class='prod-cat-item upcp-list-item ' data-itemid='4380'>\n<div id='prod-cat-title-4380' class='prod-cat-title upcp-list-title upcp-list-action-Expand' onclick='ToggleItem(4380);'>087 Heitor VILLA-LOBOS (1887-1959) compositeur br\u00e9silien<\/div>\n<div id='prod-cat-price-4380' class='prod-cat-price upcp-list-price' data-item_price='6\u00a0000  \u20ac' onclick='ToggleItem(4380);'><span class='full-price' itemprop='offers' itemscope itemtype='http:\/\/schema.org\/Offer'><span itemprop='price' content='6\u00a0000 '>6\u00a0000 <\/span><span itemprop='priceCurrency' content=''> \u20ac<\/span><\/span><\/div>\n<div id='prod-cat-details-4380' class='prod-cat-details upcp-list-details hidden-field'>\n<div id='prod-cat-thumb-div-4380' class='prod-cat-thumb-image-div upcp-list-image-div'><a class='upcp-catalogue-link'  href='\/index.php?rest_route=%2Fwp%2Fv2%2Fpages%2F3275&SingleProduct=4380' onclick='RecordView(4380);'><img src='http:\/\/www.lesautographes.com\/wp-content\/uploads\/2023\/10\/87.jpg' alt='087 Heitor VILLA-LOBOS (1887-1959) compositeur br\u00e9silien Image' id='prod-cat-thumb-4380' class='prod-cat-thumb-image upcp-thumb-image'><\/a><\/div>\n<div id='prod-cat-desc-4380' class='prod-cat-desc upcp-list-desc'><p style=\"text-align:justify;margin-left:0pt;margin-right:0pt;margin-top:0pt;margin-bottom:0pt;\"><span style=\"font-family:Times New Roman;font-size:12pt;font-weight: bold;text-transform: uppercase;\">manuscrit musical<\/span><span style=\"font-family:Times New Roman;font-size:12pt;font-weight: bold;\"> autographe sign\u00e9, <\/span><span style=\"font-family:Times New Roman;font-size:12pt;font-weight: bold;font-style: italic;\">Vocalise-\u00e9tude<\/span><span style=\"font-family:Times New Roman;font-size:12pt;\">, [1929]\u00a0; 4 pages in-fol. <\/span><\/p><p style=\"text-align:justify;margin-left:0pt;margin-right:0pt;margin-top:0pt;margin-bottom:0pt;\"><span style=\"font-family:Times New Roman;font-size:12pt;font-weight: bold;\">Pi\u00e8ce pour chant et piano<\/span><span style=\"font-family:Times New Roman;font-size:12pt;\">, pour voix moyennes. Marqu\u00e9e <\/span><span style=\"font-family:Times New Roman;font-size:12pt;font-style: italic;\">Un peu anim\u00e9<\/span><span style=\"font-family:Times New Roman;font-size:12pt;\">, \u00e0 4\/4, elle compte 43 mesures et est ponctu\u00e9e de diverses nuances\u00a0: \u00ab\u00a0Tr\u00e8s rythm\u00e9\u00a0\u00bb, \u00ab\u00a0Moins anim\u00e9\u00a0\u00bb, \u00ab\u00a0Un peu lent\u00a0\u00bb, \u00ab\u00a0Tr\u00e8s lent\u00a0\u00bb...<\/span><\/p><p style=\"text-align:justify;margin-left:0pt;margin-right:0pt;margin-top:0pt;margin-bottom:0pt;\"><span style=\"font-family:Times New Roman;font-size:12pt;\">Le manuscrit, \u00e9crit \u00e0 l\u2019encre noire sur papier \u00e0 10 lignes, et sign\u00e9 en t\u00eate, a servi pour la gravure de l\u2019\u00e9dition en 1929 dans le <\/span><span style=\"font-family:Times New Roman;font-size:12pt;font-style: italic;\">R\u00e9pertoire moderne de Vocalises-\u00c9tudes figurant aux programmes des concours du Conservatoire de Paris<\/span><span style=\"font-family:Times New Roman;font-size:12pt;\">, 8<\/span><span style=\"font-family:Times New Roman;font-size:9pt;vertical-align: super;\">e<\/span><span style=\"font-family:Times New Roman;font-size:12pt;\"> volume, sous la direction de A. L. Hettich.<\/span><\/p><\/div>\n<div class='upcp-prod-desc-custom-fields upcp-custom-field-list'><\/div><a class='upcp-catalogue-link'  href='\/index.php?rest_route=%2Fwp%2Fv2%2Fpages%2F3275&SingleProduct=4380' onclick='RecordView(4380);'><div id='prod-cat-details-link-4380' class='prod-cat-details-link upcp-list-details-link'><span class='upcp-details-text'>d\u00e9tails<\/span><span class='upcp-details-icon'>s<\/span><\/div>\n<\/a><\/div><\/div>\n<div id='prod-cat-list-item-4382' class='prod-cat-item upcp-list-item ' data-itemid='4382'>\n<div id='prod-cat-title-4382' class='prod-cat-title upcp-list-title upcp-list-action-Expand' onclick='ToggleItem(4382);'>089 Georges BERNANOS (1888-1948) \u00e9crivain<\/div>\n<div id='prod-cat-price-4382' class='prod-cat-price upcp-list-price' data-item_price='8\u00a0000  \u20ac' onclick='ToggleItem(4382);'><span class='full-price' itemprop='offers' itemscope itemtype='http:\/\/schema.org\/Offer'><span itemprop='price' content='8\u00a0000 '>8\u00a0000 <\/span><span itemprop='priceCurrency' content=''> \u20ac<\/span><\/span><\/div>\n<div id='prod-cat-details-4382' class='prod-cat-details upcp-list-details hidden-field'>\n<div id='prod-cat-thumb-div-4382' class='prod-cat-thumb-image-div upcp-list-image-div'><a class='upcp-catalogue-link'  href='\/index.php?rest_route=%2Fwp%2Fv2%2Fpages%2F3275&SingleProduct=4382' onclick='RecordView(4382);'><img src='http:\/\/www.lesautographes.com\/wp-content\/uploads\/2023\/10\/89.jpg' alt='089 Georges BERNANOS (1888-1948) \u00e9crivain Image' id='prod-cat-thumb-4382' class='prod-cat-thumb-image upcp-thumb-image'><\/a><\/div>\n<div id='prod-cat-desc-4382' class='prod-cat-desc upcp-list-desc'><p style=\"text-align:justify;margin-left:0pt;margin-right:0pt;margin-top:0pt;margin-bottom:0pt;\"><span style=\"font-family:Times New Roman;font-size:12pt;font-weight: bold;text-transform: uppercase;\">Manuscrit<\/span><span style=\"font-family:Times New Roman;font-size:12pt;font-weight: bold;\"> autographe<\/span><span style=\"font-family:Times New Roman;font-size:12pt;\"> <\/span><span style=\"font-family:Times New Roman;font-size:12pt;font-weight: bold;\">pour<\/span><span style=\"font-family:Times New Roman;font-size:12pt;\"> <\/span><span style=\"font-family:Times New Roman;font-size:12pt;font-weight: bold;font-style: italic;\">Un mauvais r\u00eave<\/span><span style=\"font-family:Times New Roman;font-size:12pt;\">, [1934]\u00a0; 87 pages in-4 en feuilles.<\/span><\/p><p style=\"text-align:justify;margin-left:0pt;margin-right:0pt;margin-top:0pt;margin-bottom:0pt;\"><span style=\"font-family:Times New Roman;font-size:12pt;font-weight: bold;text-transform: uppercase;\">Premi\u00e8re version de la fin d\u2019<\/span><span style=\"font-family:Times New Roman;font-size:12pt;font-weight: bold;font-style: italic;text-transform: uppercase;\">Un mauvais r\u00eave<\/span><span style=\"font-family:Times New Roman;font-size:12pt;font-weight: bold;\">, roman policier con\u00e7u en 1931, remani\u00e9 en 1935 et paru posthum\u00e9ment en 1951<\/span><span style=\"font-family:Times New Roman;font-size:12pt;\">. La gen\u00e8se de ce roman est complexe. C\u2019est en janvier 1931 que Bernanos a \u00e9crit les premi\u00e8res pages de ce qui deviendra <\/span><span style=\"font-family:Times New Roman;font-size:12pt;font-style: italic;\">Un mauvais r\u00eave<\/span><span style=\"font-family:Times New Roman;font-size:12pt;\">, vite d\u00e9laiss\u00e9 pour <\/span><span style=\"font-family:Times New Roman;font-size:12pt;font-style: italic;\">Monsieur Ouine<\/span><span style=\"font-family:Times New Roman;font-size:12pt;\">. En 1934, face \u00e0 d\u2019atroces difficult\u00e9s financi\u00e8res, il d\u00e9cide d\u2019\u00e9crire un roman policier, <\/span><span style=\"font-family:Times New Roman;font-size:12pt;font-style: italic;\">Un crime<\/span><span style=\"font-family:Times New Roman;font-size:12pt;\">, pour la fin duquel il r\u00e9utilise le projet de 1931. Mais au d\u00e9but de 1935, Plon refuse les deux derni\u00e8res parties d\u2019<\/span><span style=\"font-family:Times New Roman;font-size:12pt;font-style: italic;\">Un crime<\/span><span style=\"font-family:Times New Roman;font-size:12pt;\">, qui sera publi\u00e9 en juin-juillet 1935, amput\u00e9 de sa fin\u00a0; c\u2019est cette fin, mise au point dans l\u2019automne 1934, que Bernanos commence \u00e0 remanier dans un nouveau roman qu\u2019il intitule <\/span><span style=\"font-family:Times New Roman;font-size:12pt;font-style: italic;\">Un mauvais r\u00eave<\/span><span style=\"font-family:Times New Roman;font-size:12pt;\">, rest\u00e9 inachev\u00e9 au profit du <\/span><span style=\"font-family:Times New Roman;font-size:12pt;font-style: italic;\">Journal d\u2019un cur\u00e9 de campagne<\/span><span style=\"font-family:Times New Roman;font-size:12pt;\">\u00a0; c\u2019est Albert B\u00e9guin qui \u00e9tablira l\u2019\u00e9dition posthume de ce roman en 1951. Une nouvelle \u00e9dition en a \u00e9t\u00e9 donn\u00e9e en 2015 au tome II des <\/span><span style=\"font-family:Times New Roman;font-size:12pt;font-style: italic;\">\u0152uvres romanesques compl\u00e8tes<\/span><span style=\"font-family:Times New Roman;font-size:12pt;\"> dans la Biblioth\u00e8que de la Pl\u00e9iade, par les soins de Sarah Lacoste et Guillaume Louet en s\u2019appuyant sur le pr\u00e9sent manuscrit\u00a0; c\u2019est \u00e0 cette \u00e9dition que nous renvoyons.<\/span><\/p><p style=\"text-align:justify;margin-left:0pt;margin-right:0pt;margin-top:0pt;margin-bottom:0pt;\"><span style=\"font-family:Times New Roman;font-size:12pt;\">Notre manuscrit est la <\/span><span style=\"font-family:Times New Roman;font-size:12pt;font-weight: bold;\">premi\u00e8re version de la fin du roman tel qu\u2019il a \u00e9t\u00e9 \u00e9labor\u00e9 \u00e0 l\u2019automne 1934<\/span><span style=\"font-family:Times New Roman;font-size:12pt;\">, et envoy\u00e9 par morceaux \u00e0 Plon, puis int\u00e9gr\u00e9, dans une version remani\u00e9e, dans le nouveau projet d\u2019<\/span><span style=\"font-family:Times New Roman;font-size:12pt;font-style: italic;\">Un mauvais r\u00eave<\/span><span style=\"font-family:Times New Roman;font-size:12pt;\">. Mis au net \u00e0 l\u2019encre bleu nuit au recto de feuillets lign\u00e9s, il pr\u00e9sente tr\u00e8s peu de corrections, avec quelques mots laiss\u00e9s en blanc\u00a0: il s\u2019agit souvent de noms de villes, que Bernanos n\u2019a pas encore choisis\u00a0; d\u2019autres noms propres seront choisis ou modifi\u00e9s ult\u00e9rieurement.<\/span><\/p><p style=\"text-align:justify;margin-left:0pt;margin-right:0pt;margin-top:0pt;margin-bottom:0pt;\"><span style=\"font-family:Times New Roman;font-size:12pt;font-style: italic;\">3<\/span><span style=\"font-family:Times New Roman;font-size:9pt;font-style: italic;vertical-align: super;\">me<\/span><span style=\"font-family:Times New Roman;font-size:12pt;font-style: italic;\"> Partie. Chapitre<\/span><span style=\"font-family:Times New Roman;font-size:12pt;\"> [non num\u00e9rot\u00e9], 11 et 49 pages, num\u00e9rot\u00e9es au crayon 41 \u00e0 51 (\u00e0 la fin, Bernanos a not\u00e9 \u00ab\u00a0\u00c0 suivre\u00a0\u00bb), puis 1 \u00e0 49, correspondant au chapitre X de l\u2019\u00e9dition de 1951, avec des variantes, et au chapitre VIII de la II<\/span><span style=\"font-family:Times New Roman;font-size:9pt;vertical-align: super;\">e<\/span><span style=\"font-family:Times New Roman;font-size:12pt;\"> partie dans l\u2019\u00e9dition de la Pl\u00e9iade (p.\u00a087-118). On y voit Simone Alfieri fausser compagnie au sous-chef de gare qui la surveille, changer prestement de train, et se livrer au r\u00eave du meurtre \u00e0 commettre... Au d\u00e9but de la seconde liasse, un long passage d\u00e9crivant Bragelonne, o\u00f9 descend Simone, a disparu de la version publi\u00e9e\u00a0: \u00ab\u00a0La petite ville au pied des montagnes sous la pluie, ressemblait moins \u00e0 une ville qu\u2019\u00e0 un amas de pierres d\u00e9color\u00e9es perdues dans la brume et Madame Alfieri qui l\u2019avait vue deux fois sous le soleil ne la reconnut pas\u00a0\u00bb\u2026 On suit les mouvements de Simone, qui s\u2019approche de la maison du crime\u00a0: sa rencontre fortuite du jeune pr\u00eatre est ici plus d\u00e9velopp\u00e9e que dans la version finale. Le chapitre s\u2019ach\u00e8ve ainsi\u00a0: \u00ab\u00a0\u201cVous avez eu toujours un ou deux cur\u00e9s dans votre vie\u201d disait le vieux Ganse, et le vieux Ganse n\u2019avait pas menti. Sa curiosit\u00e9 du pr\u00eatre date de loin, est toujours aussi vive qu\u2019\u00e0 onze ans lorsque tyrannis\u00e9e par un oncle de Saumur, tailleur pour eccl\u00e9siastiques et marguillier de sa paroisse, elle s\u2019est crue amoureuse du beau vicaire [\u2026] \u201cCe ne sont pas des hommes comme nous\u201d affirmait l\u2019oncle Baptiste qui, peu scrupuleux sur la messe et les sacrements, tenait \u00e0 sa client\u00e8le. Non\u00a0! ce n\u2019\u00e9tait pas des hommes comme les autres. Personne au monde n\u2019eut su, par exemple, poser aussi doucement que le vieil archipr\u00eatre, la main sur sa joue, ou la fixer d\u2019un regard \u00e0 la fois s\u00e9v\u00e8re et tendre \u2013 ce regard qui la hantait encore aujourd\u2019hui, \u00e0 son insu, apr\u00e8s tant d\u2019ann\u00e9es\u00a0!\u00a0\u00bb<\/span><\/p><p style=\"text-align:justify;margin-left:0pt;margin-right:0pt;margin-top:0pt;margin-bottom:0pt;\"><span style=\"font-family:Times New Roman;font-size:12pt;\">Texte complet du chapitre XI et dernier de l\u2019\u00e9d. B\u00e9guin (ici non chiffr\u00e9), pagin\u00e9 1 \u00e0 27 [chap. IX de la II<\/span><span style=\"font-family:Times New Roman;font-size:9pt;vertical-align: super;\">e<\/span><span style=\"font-family:Times New Roman;font-size:12pt;\"> partie dans l\u2019\u00e9dition de la Pl\u00e9iade (p.\u00a0 118-133), o\u00f9 Simone commet le crime, puis s\u2019enfuit et rencontre le pr\u00eatre\u00a0; il s\u2019ach\u00e8ve ainsi\u00a0: \u00ab\u00a0Avant m\u00eame que sa silhouette f\u00fbt sortie de l\u2019ombre, elle avait reconnu sa voix \u2013 cette inoubliable voix qui avait saisi son \u00e2me, quelques heures plus t\u00f4t, d\u2019un pr\u00e9sage sinistre \u2013 et elle cherchait son regard dans la nuit, avec \u00e9pouvante. Nul mensonge ne lui vint aux l\u00e8vres, et d\u2019ailleurs elle e\u00fbt jug\u00e9 vain n\u2019importe quel mensonge. Ce pr\u00eatre fantastique surgi deux fois des t\u00e9n\u00e8bres, savait tout. Une seule chance lui restait peut-\u00eatre \u2013 reconna\u00eetre sa fun\u00e8bre puissance, s\u2019avouer vaincue\u2026\u00a0\u00bb<\/span><\/p><\/div>\n<div class='upcp-prod-desc-custom-fields upcp-custom-field-list'><\/div><a class='upcp-catalogue-link'  href='\/index.php?rest_route=%2Fwp%2Fv2%2Fpages%2F3275&SingleProduct=4382' onclick='RecordView(4382);'><div id='prod-cat-details-link-4382' class='prod-cat-details-link upcp-list-details-link'><span class='upcp-details-text'>d\u00e9tails<\/span><span class='upcp-details-icon'>s<\/span><\/div>\n<\/a><\/div><\/div>\n<div id='prod-cat-list-item-4384' class='prod-cat-item upcp-list-item ' data-itemid='4384'>\n<div id='prod-cat-title-4384' class='prod-cat-title upcp-list-title upcp-list-action-Expand' onclick='ToggleItem(4384);'>091 Marcel JOUHANDEAU (1888-1979) \u00e9crivain<\/div>\n<div id='prod-cat-price-4384' class='prod-cat-price upcp-list-price' data-item_price='10\u00a0000  \u20ac' onclick='ToggleItem(4384);'><span class='full-price' itemprop='offers' itemscope itemtype='http:\/\/schema.org\/Offer'><span itemprop='price' content='10\u00a0000 '>10\u00a0000 <\/span><span itemprop='priceCurrency' content=''> \u20ac<\/span><\/span><\/div>\n<div id='prod-cat-details-4384' class='prod-cat-details upcp-list-details hidden-field'>\n<div id='prod-cat-thumb-div-4384' class='prod-cat-thumb-image-div upcp-list-image-div'><a class='upcp-catalogue-link'  href='\/index.php?rest_route=%2Fwp%2Fv2%2Fpages%2F3275&SingleProduct=4384' onclick='RecordView(4384);'><img src='http:\/\/www.lesautographes.com\/wp-content\/uploads\/2023\/10\/91.jpg' alt='091 Marcel JOUHANDEAU (1888-1979) \u00e9crivain Image' id='prod-cat-thumb-4384' class='prod-cat-thumb-image upcp-thumb-image'><\/a><\/div>\n<div id='prod-cat-desc-4384' class='prod-cat-desc upcp-list-desc'><p style=\"text-align:justify;margin-left:0pt;margin-right:0pt;margin-top:0pt;margin-bottom:0pt;\"><span style=\"font-family:Times New Roman;font-size:12pt;font-weight: bold;text-transform: uppercase;\">Manuscrit<\/span><span style=\"font-family:Times New Roman;font-size:12pt;font-weight: bold;\"> autographe<\/span><span style=\"font-family:Times New Roman;font-size:12pt;\"> des <\/span><span style=\"font-family:Times New Roman;font-size:12pt;font-weight: bold;font-style: italic;\">Chroniques maritales<\/span><span style=\"font-family:Times New Roman;font-size:12pt;\">, [1935]\u00a0; 350 pages petit in-4 (20 x 16 cm) sous chemises titr\u00e9es ou chiffr\u00e9es (quelques bords un peu effrang\u00e9s).<\/span><\/p><p style=\"text-align:justify;margin-left:0pt;margin-right:0pt;margin-top:0pt;margin-bottom:0pt;\"><span style=\"font-family:Times New Roman;font-size:12pt;font-weight: bold;text-transform: uppercase;\">M<\/span><span style=\"font-family:Times New Roman;font-size:12pt;font-weight: bold;\">anuscrit de premier jet et de travail de ce livre d\u00e9vastateur sur le mariage<\/span><span style=\"font-family:Times New Roman;font-size:12pt;\">.<\/span><\/p><p style=\"text-align:justify;margin-left:0pt;margin-right:0pt;margin-top:0pt;margin-bottom:0pt;\"><span style=\"font-family:Times New Roman;font-size:12pt;\">R\u00e9dig\u00e9 en 1935, le livre des <\/span><span style=\"font-family:Times New Roman;font-size:12pt;font-style: italic;\">Chroniques maritales<\/span><span style=\"font-family:Times New Roman;font-size:12pt;\"> a paru en 1938 chez Gallimard.<\/span><\/p><p style=\"text-align:justify;margin-left:0pt;margin-right:0pt;margin-top:0pt;margin-bottom:0pt;\"><span style=\"font-family:Times New Roman;font-size:12pt;\">Jouhandeau y retrace avec une pr\u00e9cision froide, souvent cruelle, sa vie conjugale avec la redoutable et extravagante \u00c9lise, et les atteintes incessantes \u00e0 sa ch\u00e8re solitude, sa dignit\u00e9, sa confiance, sa libert\u00e9, sa sensualit\u00e9 et son bonheur.<\/span><\/p><p style=\"text-align:justify;margin-left:0pt;margin-right:0pt;margin-top:0pt;margin-bottom:0pt;\"><span style=\"font-family:Times New Roman;font-size:12pt;\">Le manuscrit, \u00e0 l\u2019encre bleue, au recto de feuillets, la plupart class\u00e9s dans des bifeuillets chiffr\u00e9s ou titr\u00e9s, pr\u00e9sente de <\/span><span style=\"font-family:Times New Roman;font-size:12pt;font-weight: bold;\">nombreuses ratures et corrections<\/span><span style=\"font-family:Times New Roman;font-size:12pt;\">, des passages biff\u00e9s, et d\u2019<\/span><span style=\"font-family:Times New Roman;font-size:12pt;font-weight: bold;\">importantes variantes<\/span><span style=\"font-family:Times New Roman;font-size:12pt;\"> avec le texte publi\u00e9, et <\/span><span style=\"font-family:Times New Roman;font-size:12pt;font-weight: bold;\">des passages in\u00e9dits\u00a0<\/span><span style=\"font-family:Times New Roman;font-size:12pt;\">; quelques passages, qui ne figurent pas dans le manuscrit, ont d\u00fb \u00eatre ajout\u00e9s plus tard. La pagination est discontinue, parfois double.<\/span><\/p><p style=\"text-align:justify;margin-left:0pt;margin-right:0pt;margin-top:0pt;margin-bottom:0pt;\"><span style=\"font-family:Times New Roman;font-size:12pt;\">Le livre est divis\u00e9 en trois parties\u00a0: I <\/span><span style=\"font-family:Times New Roman;font-size:12pt;font-style: italic;\">La maison<\/span><span style=\"font-family:Times New Roman;font-size:12pt;\">, II <\/span><span style=\"font-family:Times New Roman;font-size:12pt;font-style: italic;\">L\u2019intimit\u00e9<\/span><span style=\"font-family:Times New Roman;font-size:12pt;\"> (titre ici biff\u00e9 et remplac\u00e9 par <\/span><span style=\"font-family:Times New Roman;font-size:12pt;font-style: italic;\">L\u2019alc\u00f4ve<\/span><span style=\"font-family:Times New Roman;font-size:12pt;\">), III <\/span><span style=\"font-family:Times New Roman;font-size:12pt;font-style: italic;\">La religion<\/span><span style=\"font-family:Times New Roman;font-size:12pt;\"> (ici \u00ab\u00a03<\/span><span style=\"font-family:Times New Roman;font-size:9pt;vertical-align: super;\">e<\/span><span style=\"font-family:Times New Roman;font-size:12pt;\"> partie\u00a0\u00bb).<\/span><\/p><p style=\"text-align:justify;margin-left:0pt;margin-right:0pt;margin-top:0pt;margin-bottom:0pt;\"><span style=\"font-family:Times New Roman;font-size:12pt;font-weight: bold;\">I<\/span><span style=\"font-family:Times New Roman;font-size:12pt;\"> <\/span><span style=\"font-family:Times New Roman;font-size:12pt;font-weight: bold;font-style: italic;\">La maison<\/span><span style=\"font-family:Times New Roman;font-size:12pt;\"> (107\u00a0pages). Cette premi\u00e8re partie est divis\u00e9e en quinze sections, avec des h\u00e9sitations dans la num\u00e9rotation en chiffres romains et dans la pagination. On rel\u00e8ve plusieurs paragraphes supprim\u00e9s dans l\u2019\u00e9dition. Ainsi p.\u00a023 (<\/span><span style=\"font-family:Times New Roman;font-size:12pt;text-transform: uppercase;\">ii<\/span><span style=\"font-family:Times New Roman;font-size:12pt;\">)\u00a0: \u00ab\u00a0Suis-je persuad\u00e9 maintenant, que l\u2019iniquit\u00e9 ne peut \u00eatre partag\u00e9e sans p\u00e9ch\u00e9, m\u00eame sous le couvert du Mariage \u2013 qui est un sacrement.\u00a0\/ Je crois parfois \u00eatre heureux, mais le bonheur qu\u2019elle donne repose sur trop d\u2019injustices pour \u00eatre v\u00e9ritable\u00a0\u00bb\u2026 P.\u00a030 (d\u00e9but de <\/span><span style=\"font-family:Times New Roman;font-size:12pt;text-transform: uppercase;\">iv<\/span><span style=\"font-family:Times New Roman;font-size:12pt;\">), ce paragraphe biff\u00e9\u00a0: \u00ab\u00a0Je suis le tenancier d\u2019un asile d\u2019ali\u00e9n\u00e9s et malgr\u00e9 moi j\u2019y ai mon utilit\u00e9\u00a0; sans l\u2019avoir pr\u00e9vu ni le pr\u00e9voir une seconde \u00e0 l\u2019avance j\u2019ai n\u00e9cessairement \u00e0 y intervenir, pour jouer un r\u00f4le, un peu plus t\u00f4t ou un peu plus tard, \u2013 quand un fou a bris\u00e9 sa cha\u00eene\u00a0\u00bb\u2026, et cet autre (p.\u00a031)\u00a0: \u00ab\u00a0Consid\u00e9rer encore ma propre demeure sous l\u2019aspect d\u2019une m\u00e9nagerie \u2013 qui r\u00e9unirait sous le m\u00eame toit un tigre, une cynhy\u00e8ne, une lionne fourbue, une panth\u00e8re aux yeux de verre, une ch\u00e8vre de Mongolie. Dompteuse au charme, \u00c9lise et moi, le dompteur \u00e0 la col\u00e8re\u00a0\u00bb\u2026 Etc.<\/span><\/p><p style=\"text-align:justify;margin-left:0pt;margin-right:0pt;margin-top:0pt;margin-bottom:0pt;\"><span style=\"font-family:Times New Roman;font-size:12pt;font-weight: bold;\">II <\/span><span style=\"font-family:Times New Roman;font-size:12pt;font-weight: bold;font-style: italic;\">L\u2019alc\u00f4ve<\/span><span style=\"font-family:Times New Roman;font-size:12pt;\"> [<\/span><span style=\"font-family:Times New Roman;font-size:12pt;font-style: italic;\">L\u2019intimit\u00e9<\/span><span style=\"font-family:Times New Roman;font-size:12pt;\"> dans l\u2019\u00e9dition, et en t\u00eate de la table des chapitres de cette partie] (107\u00a0pages, pagination continue). Cette partie est divis\u00e9e en neuf chapitres titr\u00e9s (dix dans l\u2019\u00e9dition), num\u00e9rot\u00e9s seulement dans la table\u00a0: I <\/span><span style=\"font-family:Times New Roman;font-size:12pt;font-style: italic;\">Je ne me lave plus<\/span><span style=\"font-family:Times New Roman;font-size:12pt;\">\u00a0; II <\/span><span style=\"font-family:Times New Roman;font-size:12pt;font-style: italic;\">Coquetteries<\/span><span style=\"font-family:Times New Roman;font-size:12pt;\">\u00a0; III <\/span><span style=\"font-family:Times New Roman;font-size:12pt;font-style: italic;\">Elle diminue tout<\/span><span style=\"font-family:Times New Roman;font-size:12pt;\">\u00a0; IV <\/span><span style=\"font-family:Times New Roman;font-size:12pt;font-style: italic;\">Ce qu\u2019elle pense de moi<\/span><span style=\"font-family:Times New Roman;font-size:12pt;\">\u00a0; V <\/span><span style=\"font-family:Times New Roman;font-size:12pt;font-style: italic;\">Le condamn\u00e9 \u00e0 mort<\/span><span style=\"font-family:Times New Roman;font-size:12pt;\">\u00a0; VI <\/span><span style=\"font-family:Times New Roman;font-size:12pt;font-style: italic;\">Solitude inali\u00e9nable<\/span><span style=\"font-family:Times New Roman;font-size:12pt;\"> (<\/span><span style=\"font-family:Times New Roman;font-size:12pt;font-style: italic;\">Duel et solitude<\/span><span style=\"font-family:Times New Roman;font-size:12pt;\"> dans l\u2019\u00e9dition)\u00a0; VII <\/span><span style=\"font-family:Times New Roman;font-size:12pt;font-style: italic;\">Plaisirs du duel<\/span><span style=\"font-family:Times New Roman;font-size:12pt;\">\u00a0; VIII <\/span><span style=\"font-family:Times New Roman;font-size:12pt;font-style: italic;\">L\u2019intimit\u00e9 avec elle<\/span><span style=\"font-family:Times New Roman;font-size:12pt;\"> (<\/span><span style=\"font-family:Times New Roman;font-size:12pt;font-style: italic;\">L\u2019alc\u00f4ve<\/span><span style=\"font-family:Times New Roman;font-size:12pt;\"> dans l\u2019\u00e9dition)\u00a0; [IX <\/span><span style=\"font-family:Times New Roman;font-size:12pt;font-style: italic;\">L\u2019amour maternel<\/span><span style=\"font-family:Times New Roman;font-size:12pt;\">, ici r\u00e9duit \u00e0 3 pages (88-90), diff\u00e9rentes de l\u2019\u00e9dition et sans titre\u00a0; ne figure pas dans la table]\u00a0; IX [X] <\/span><span style=\"font-family:Times New Roman;font-size:12pt;font-style: italic;\">L\u2019amour conjugal<\/span><span style=\"font-family:Times New Roman;font-size:12pt;\">.<\/span><\/p><p style=\"text-align:justify;margin-left:0pt;margin-right:0pt;margin-top:0pt;margin-bottom:0pt;\"><span style=\"font-family:Times New Roman;font-size:12pt;font-weight: bold;\">III <\/span><span style=\"font-family:Times New Roman;font-size:12pt;font-weight: bold;font-style: italic;\">La Religion<\/span><span style=\"font-family:Times New Roman;font-size:12pt;\"> (ici sans titre\u00a0; 136\u00a0pages [moins les p. 79-84]), avec en t\u00eate la table des 15 chapitres (16 dans l\u2019\u00e9dition, manque ici le chap. IX <\/span><span style=\"font-family:Times New Roman;font-size:12pt;font-style: italic;\">La religion de la Mante<\/span><span style=\"font-family:Times New Roman;font-size:12pt;\">, qui ne figure pas dans la table, mais correspond aux 6\u00a0p. manquantes). I <\/span><span style=\"font-family:Times New Roman;font-size:12pt;font-style: italic;\">Nos mensonges<\/span><span style=\"font-family:Times New Roman;font-size:12pt;\">\u00a0; II <\/span><span style=\"font-family:Times New Roman;font-size:12pt;font-style: italic;\">Absence du c\u0153ur<\/span><span style=\"font-family:Times New Roman;font-size:12pt;\">\u00a0; III <\/span><span style=\"font-family:Times New Roman;font-size:12pt;font-style: italic;\">D\u00e9finition de la Bont\u00e9<\/span><span style=\"font-family:Times New Roman;font-size:12pt;\">\u00a0; IV <\/span><span style=\"font-family:Times New Roman;font-size:12pt;font-style: italic;\">Naissance du c\u0153ur<\/span><span style=\"font-family:Times New Roman;font-size:12pt;\">\u00a0; V <\/span><span style=\"font-family:Times New Roman;font-size:12pt;font-style: italic;\">Le pr\u00eatre apostat<\/span><span style=\"font-family:Times New Roman;font-size:12pt;\">\u00a0; VI, <\/span><span style=\"font-family:Times New Roman;font-size:12pt;font-style: italic;\">Elle prie, elle chante<\/span><span style=\"font-family:Times New Roman;font-size:12pt;\">\u00a0; VII <\/span><span style=\"font-family:Times New Roman;font-size:12pt;font-style: italic;\">De la douceur<\/span><span style=\"font-family:Times New Roman;font-size:12pt;\">\u00a0; VIII <\/span><span style=\"font-family:Times New Roman;font-size:12pt;font-style: italic;\">La Religion de la Fourmi<\/span><span style=\"font-family:Times New Roman;font-size:12pt;\">\u00a0; X <\/span><span style=\"font-family:Times New Roman;font-size:12pt;font-style: italic;\">Tu ne te prom\u00e8neras pas<\/span><span style=\"font-family:Times New Roman;font-size:12pt;\">\u00a0; XI <\/span><span style=\"font-family:Times New Roman;font-size:12pt;font-style: italic;\">Sinc\u00e9rit\u00e9 de l\u2019acrobate<\/span><span style=\"font-family:Times New Roman;font-size:12pt;\">\u00a0; XII <\/span><span style=\"font-family:Times New Roman;font-size:12pt;font-style: italic;\">Le montreur d\u2019ours<\/span><span style=\"font-family:Times New Roman;font-size:12pt;\">\u00a0; XIII <\/span><span style=\"font-family:Times New Roman;font-size:12pt;font-style: italic;\">Sa nudit\u00e9<\/span><span style=\"font-family:Times New Roman;font-size:12pt;\">\u00a0; XIV <\/span><span style=\"font-family:Times New Roman;font-size:12pt;font-style: italic;\">Complices<\/span><span style=\"font-family:Times New Roman;font-size:12pt;\">\u00a0; XV <\/span><span style=\"font-family:Times New Roman;font-size:12pt;font-style: italic;\">Solitude du mari<\/span><span style=\"font-family:Times New Roman;font-size:12pt;\">\u00a0; XVI <\/span><span style=\"font-family:Times New Roman;font-size:12pt;font-style: italic;\">\u00c9pilogue<\/span><span style=\"font-family:Times New Roman;font-size:12pt;\"> (titre absent du livre). <\/span><span style=\"font-family:Times New Roman;font-size:12pt;font-style: italic;\">Solitude aussi d\u2019\u00c9lise<\/span><span style=\"font-family:Times New Roman;font-size:12pt;\">.<\/span><\/p><\/div>\n<div class='upcp-prod-desc-custom-fields upcp-custom-field-list'><\/div><a class='upcp-catalogue-link'  href='\/index.php?rest_route=%2Fwp%2Fv2%2Fpages%2F3275&SingleProduct=4384' onclick='RecordView(4384);'><div id='prod-cat-details-link-4384' class='prod-cat-details-link upcp-list-details-link'><span class='upcp-details-text'>d\u00e9tails<\/span><span class='upcp-details-icon'>s<\/span><\/div>\n<\/a><\/div><\/div>\n<div id='prod-cat-list-item-4401' class='prod-cat-item upcp-list-item ' data-itemid='4401'>\n<div id='prod-cat-title-4401' class='prod-cat-title upcp-list-title upcp-list-action-Expand' onclick='ToggleItem(4401);'>108 Louis ARAGON (1897-1982) po\u00e8te<\/div>\n<div id='prod-cat-price-4401' class='prod-cat-price upcp-list-price' data-item_price='6\u00a0000  \u20ac' onclick='ToggleItem(4401);'><span class='full-price' itemprop='offers' itemscope itemtype='http:\/\/schema.org\/Offer'><span itemprop='price' content='6\u00a0000 '>6\u00a0000 <\/span><span itemprop='priceCurrency' content=''> \u20ac<\/span><\/span><\/div>\n<div id='prod-cat-details-4401' class='prod-cat-details upcp-list-details hidden-field'>\n<div id='prod-cat-thumb-div-4401' class='prod-cat-thumb-image-div upcp-list-image-div'><a class='upcp-catalogue-link'  href='\/index.php?rest_route=%2Fwp%2Fv2%2Fpages%2F3275&SingleProduct=4401' onclick='RecordView(4401);'><img src='http:\/\/www.lesautographes.com\/wp-content\/uploads\/2023\/10\/108.jpg' alt='108 Louis ARAGON (1897-1982) po\u00e8te Image' id='prod-cat-thumb-4401' class='prod-cat-thumb-image upcp-thumb-image'><\/a><\/div>\n<div id='prod-cat-desc-4401' class='prod-cat-desc upcp-list-desc'><p style=\"text-align:justify;margin-left:0pt;margin-right:0pt;margin-top:0pt;margin-bottom:0pt;\"><span style=\"font-family:Times New Roman;font-size:12pt;font-weight: bold;text-transform: uppercase;\">Manuscrit<\/span><span style=\"font-family:Times New Roman;font-size:12pt;font-weight: bold;\"> autographe sign\u00e9<\/span><span style=\"font-family:Times New Roman;font-size:12pt;\"> (en t\u00eate), <\/span><span style=\"font-family:Times New Roman;font-size:12pt;font-weight: bold;font-style: italic;\">Sept Chagall\u00a0<\/span><span style=\"font-family:Times New Roman;font-size:12pt;\">; 12 feuillets in-4.<\/span><\/p><p style=\"text-align:justify;margin-left:0pt;margin-right:0pt;margin-top:0pt;margin-bottom:0pt;\"><span style=\"font-family:Times New Roman;font-size:12pt;\">\u00ab\u00a0Chapeau\u00a0\u00bb de pr\u00e9sentation, et <\/span><span style=\"font-family:Times New Roman;font-size:12pt;font-weight: bold;\">six po\u00e8mes consacr\u00e9s \u00e0 CHAGALL<\/span><span style=\"font-family:Times New Roman;font-size:12pt;\">, pour publication dans <\/span><span style=\"font-family:Times New Roman;font-size:12pt;font-style: italic;\">Les Lettres fran\u00e7aises<\/span><span style=\"font-family:Times New Roman;font-size:12pt;\"> (31 d\u00e9cembre 1969)<\/span><span style=\"font-family:Times New Roman;font-size:12pt;font-style: italic;\">\u00a0<\/span><span style=\"font-family:Times New Roman;font-size:12pt;\">: <\/span><span style=\"font-family:Times New Roman;font-size:12pt;font-style: italic;\">Chagall XVIII <\/span><span style=\"font-family:Times New Roman;font-size:12pt;\">et <\/span><span style=\"font-family:Times New Roman;font-size:12pt;font-style: italic;\">Cinq l\u00e9gendes<\/span><span style=\"font-family:Times New Roman;font-size:12pt;\"> pr\u00e9c\u00e9d\u00e9es d\u2019<\/span><span style=\"font-family:Times New Roman;font-size:12pt;font-style: italic;\">Ouverture <\/span><span style=\"font-family:Times New Roman;font-size:12pt;\">[pi\u00e8ces XVIII \u00e0 XXIV de <\/span><span style=\"font-family:Times New Roman;font-size:12pt;font-weight: bold;font-style: italic;\">Celui qui dit les choses sans rien dire<\/span><span style=\"font-family:Times New Roman;font-size:12pt;\">, illustr\u00e9 par Chagall, Maeght, 1976].<\/span><\/p><p style=\"text-align:justify;margin-left:0pt;margin-right:0pt;margin-top:0pt;margin-bottom:0pt;\"><span style=\"font-family:Times New Roman;font-size:12pt;\">\u00ab\u00a0Je d\u00e9tache ici, comme fait le boucher de la chair, d\u2019un ensemble de po\u00e8mes pour Chagall, \u00e9crits sans suite depuis 1965, quelques pages pour ce temps d\u2019hommage au peintre, ils accompagneront ici les tableaux reproduits sans rapport direct avec eux. J\u2019ai d\u00e9j\u00e0 donn\u00e9 dans <\/span><span style=\"font-family:Times New Roman;font-size:12pt;font-style: italic;\">Les Lettres fran\u00e7aises<\/span><span style=\"font-family:Times New Roman;font-size:12pt;\"> dans plusieurs endroits quelques-uns des autres po\u00e8mes intitul\u00e9s <\/span><span style=\"font-family:Times New Roman;font-size:12pt;font-style: italic;\">Chagall<\/span><span style=\"font-family:Times New Roman;font-size:12pt;\">, suivis d\u2019un num\u00e9ro. [\u2026] J\u2019en prends sept pour le num\u00e9ro que voici\u00a0: de <\/span><span style=\"font-family:Times New Roman;font-size:12pt;font-style: italic;\">Chagall XVIII<\/span><span style=\"font-family:Times New Roman;font-size:12pt;\"> \u00e0 <\/span><span style=\"font-family:Times New Roman;font-size:12pt;font-style: italic;\">Chagall XXIV<\/span><span style=\"font-family:Times New Roman;font-size:12pt;\"> (compris), le premier sans lien avec les suivants qui forment un ensemble, <\/span><span style=\"font-family:Times New Roman;font-size:12pt;font-style: italic;\">Cinq l\u00e9gendes<\/span><span style=\"font-family:Times New Roman;font-size:12pt;\">, distingu\u00e9es par les cinq premi\u00e8res lettres de l\u2019alphabet, et pr\u00e9c\u00e9d\u00e9es d\u2019une <\/span><span style=\"font-family:Times New Roman;font-size:12pt;font-style: italic;\">Ouverture<\/span><span style=\"font-family:Times New Roman;font-size:12pt;\">, qui est le <\/span><span style=\"font-family:Times New Roman;font-size:12pt;font-style: italic;\">Chagall XIX<\/span><span style=\"font-family:Times New Roman;font-size:12pt;\">\u00a0\u00bb\u2026<\/span><\/p><p style=\"text-align:justify;margin-left:0pt;margin-right:0pt;margin-top:0pt;margin-bottom:0pt;\"><span style=\"font-family:Times New Roman;font-size:12pt;\">Citons le d\u00e9but de <\/span><span style=\"font-family:Times New Roman;font-size:12pt;font-style: italic;\">Chagall XVIII\u00a0<\/span><span style=\"font-family:Times New Roman;font-size:12pt;\">:<\/span><\/p><p style=\"text-align:justify;margin-left:0pt;margin-right:0pt;margin-top:0pt;margin-bottom:0pt;\"><span style=\"font-family:Times New Roman;font-size:12pt;\"> \u00ab\u00a0Dieu<\/span><\/p><p style=\"text-align:justify;margin-left:0pt;margin-right:0pt;margin-top:0pt;margin-bottom:0pt;\"><span style=\"font-family:Times New Roman;font-size:12pt;\"> &nbsp; &nbsp; &nbsp; &nbsp; &nbsp; &nbsp;dit l\u2019homme pour son excuse<\/span><\/p><p style=\"text-align:justify;margin-left:0pt;margin-right:0pt;margin-top:0pt;margin-bottom:0pt;\"><span style=\"font-family:Times New Roman;font-size:12pt;\">On ne peut pas vivre sans cause<\/span><\/p><p style=\"text-align:justify;margin-left:0pt;margin-right:0pt;margin-top:0pt;margin-bottom:0pt;\"><span style=\"font-family:Times New Roman;font-size:12pt;\">Il faut expliquer les oiseaux<\/span><\/p><p style=\"text-align:justify;margin-left:0pt;margin-right:0pt;margin-top:0pt;margin-bottom:0pt;\"><span style=\"font-family:Times New Roman;font-size:12pt;\">Le vent la mer<\/span><\/p><p style=\"text-align:justify;margin-left:0pt;margin-right:0pt;margin-top:0pt;margin-bottom:0pt;\"><span style=\"font-family:Times New Roman;font-size:12pt;\"> &nbsp; &nbsp; &nbsp; &nbsp; &nbsp; &nbsp; &nbsp; &nbsp; &nbsp; &nbsp; &nbsp; &nbsp; &nbsp; &nbsp;L\u2019homme dit<\/span><\/p><p style=\"text-align:justify;margin-left:0pt;margin-right:0pt;margin-top:0pt;margin-bottom:0pt;\"><span style=\"font-family:Times New Roman;font-size:12pt;\"> &nbsp; &nbsp; &nbsp; &nbsp; &nbsp; &nbsp; &nbsp; &nbsp; &nbsp; &nbsp; &nbsp; &nbsp; &nbsp; &nbsp; &nbsp; &nbsp; &nbsp; &nbsp; &nbsp; &nbsp; &nbsp; &nbsp; &nbsp; &nbsp; &nbsp; Dieu<\/span><\/p><p style=\"text-align:justify;margin-left:0pt;margin-right:0pt;margin-top:0pt;margin-bottom:0pt;\"><span style=\"font-family:Times New Roman;font-size:12pt;\">\u00c0 partir de l\u00e0 tout change<\/span><\/p><p style=\"text-align:justify;margin-left:0pt;margin-right:0pt;margin-top:0pt;margin-bottom:0pt;\"><span style=\"font-family:Times New Roman;font-size:12pt;\">Rien n\u2019est autrement qu\u2019il fut<\/span><\/p><p style=\"text-align:justify;margin-left:0pt;margin-right:0pt;margin-top:0pt;margin-bottom:0pt;\"><span style=\"font-family:Times New Roman;font-size:12pt;\">Et<\/span><\/p><p style=\"text-align:justify;margin-left:0pt;margin-right:0pt;margin-top:0pt;margin-bottom:0pt;\"><span style=\"font-family:Times New Roman;font-size:12pt;\"> &nbsp; &nbsp; tout fait<\/span><\/p><p style=\"text-align:justify;margin-left:0pt;margin-right:0pt;margin-top:0pt;margin-bottom:0pt;\"><span style=\"font-family:Times New Roman;font-size:12pt;\"> &nbsp; &nbsp; &nbsp; &nbsp; &nbsp; &nbsp; &nbsp; &nbsp; &nbsp; &nbsp; &nbsp;dans le bras d\u2019un ange<\/span><\/p><p style=\"text-align:justify;margin-left:0pt;margin-right:0pt;margin-top:0pt;margin-bottom:0pt;\"><span style=\"font-family:Times New Roman;font-size:12pt;\">Tout nu dans ce monde est venu<\/span><\/p><p style=\"text-align:justify;margin-left:0pt;margin-right:0pt;margin-top:0pt;margin-bottom:0pt;\"><span style=\"font-family:Times New Roman;font-size:12pt;\">L\u2019homme\u00a0\u00bb\u2026<\/span><\/p><p style=\"text-align:justify;margin-left:0pt;margin-right:0pt;margin-top:0pt;margin-bottom:0pt;\"><span>&nbsp;<\/span><\/p><\/div>\n<div class='upcp-prod-desc-custom-fields upcp-custom-field-list'><\/div><a class='upcp-catalogue-link'  href='\/index.php?rest_route=%2Fwp%2Fv2%2Fpages%2F3275&SingleProduct=4401' onclick='RecordView(4401);'><div id='prod-cat-details-link-4401' class='prod-cat-details-link upcp-list-details-link'><span class='upcp-details-text'>d\u00e9tails<\/span><span class='upcp-details-icon'>s<\/span><\/div>\n<\/a><\/div><\/div>\n<div id='prod-cat-list-item-4400' class='prod-cat-item upcp-list-item ' data-itemid='4400'>\n<div id='prod-cat-title-4400' class='prod-cat-title upcp-list-title upcp-list-action-Expand' onclick='ToggleItem(4400);'>107 Gaston CHAISSAC (1910-1964) peintre<\/div>\n<div id='prod-cat-price-4400' class='prod-cat-price upcp-list-price' data-item_price='3\u00a0000  \u20ac' onclick='ToggleItem(4400);'><span class='full-price' itemprop='offers' itemscope itemtype='http:\/\/schema.org\/Offer'><span itemprop='price' content='3\u00a0000 '>3\u00a0000 <\/span><span itemprop='priceCurrency' content=''> \u20ac<\/span><\/span><\/div>\n<div id='prod-cat-details-4400' class='prod-cat-details upcp-list-details hidden-field'>\n<div id='prod-cat-thumb-div-4400' class='prod-cat-thumb-image-div upcp-list-image-div'><a class='upcp-catalogue-link'  href='\/index.php?rest_route=%2Fwp%2Fv2%2Fpages%2F3275&SingleProduct=4400' onclick='RecordView(4400);'><img src='http:\/\/www.lesautographes.com\/wp-content\/uploads\/2023\/10\/107.jpg' alt='107 Gaston CHAISSAC (1910-1964) peintre Image' id='prod-cat-thumb-4400' class='prod-cat-thumb-image upcp-thumb-image'><\/a><\/div>\n<div id='prod-cat-desc-4400' class='prod-cat-desc upcp-list-desc'><p style=\"text-align:justify;margin-left:0pt;margin-right:0pt;margin-top:0pt;margin-bottom:0pt;\"><span style=\"font-family:Times New Roman;font-size:12pt;font-weight: bold;\">2 L.A.S., dont une avec <\/span><span style=\"font-family:Times New Roman;font-size:12pt;font-weight: bold;text-transform: uppercase;\">collage<\/span><span style=\"font-family:Times New Roman;font-size:12pt;\">, [4 juillet 1957 et s.d.], <\/span><span style=\"font-family:Times New Roman;font-size:12pt;font-weight: bold;\">\u00e0 Jean <\/span><span style=\"font-family:Times New Roman;font-size:12pt;font-weight: bold;text-transform: uppercase;\">Paulhan<\/span><span style=\"font-family:Times New Roman;font-size:12pt;\">\u00a0; 2\u00a0pages in-4 (26,5 x 20,8 cm), et 1\u00a0page petit in-4 (22 x 16,5 cm).<\/span><\/p><p style=\"text-align:justify;margin-left:0pt;margin-right:0pt;margin-top:0pt;margin-bottom:0pt;\"><span style=\"font-family:Times New Roman;font-size:12pt;font-weight: bold;text-transform: uppercase;\">Amusante lettre avec collage original<\/span><span style=\"font-family:Times New Roman;font-size:12pt;\">.<\/span><\/p><p style=\"text-align:justify;margin-left:0pt;margin-right:0pt;margin-top:0pt;margin-bottom:0pt;\"><span style=\"font-family:Times New Roman;font-size:12pt;\">Ces deux lettres \u00e9taient destin\u00e9es \u00e0 \u00eatre publi\u00e9es dans la <\/span><span style=\"font-family:Times New Roman;font-size:12pt;font-style: italic;\">Nouvelle Revue fran\u00e7aise<\/span><span style=\"font-family:Times New Roman;font-size:12pt;\"> sous forme de chronique (la revue publiait r\u00e9guli\u00e8rement des lettres de Chaissac sous le titre <\/span><span style=\"font-family:Times New Roman;font-size:12pt;font-style: italic;\">Chronique de l\u2019Oie<\/span><span style=\"font-family:Times New Roman;font-size:12pt;\">), comme le montrent quelques mots biff\u00e9s au crayon bleu, dont le nom du destinataire, ainsi que leur transcription dactylographi\u00e9e (jointe) sous le titre <\/span><span style=\"font-family:Times New Roman;font-size:12pt;font-style: italic;\">Lettre des champs<\/span><span style=\"font-family:Times New Roman;font-size:12pt;\">, titre sous lequel la premi\u00e8re lettre a \u00e9t\u00e9 publi\u00e9e (avec quelques suppressions et modifications) dans le n\u00b064 d\u2019avril 1958 de la revue (reprise dans l\u2019\u00e9dition des <\/span><span style=\"font-family:Times New Roman;font-size:12pt;font-style: italic;\">Lettres \u00e0 Jean Paulhan<\/span><span style=\"font-family:Times New Roman;font-size:12pt;\">, n\u00b0\u00a0119)\u00a0; la seconde lettre est rest\u00e9e in\u00e9dite.<\/span><\/p><p style=\"text-align:justify;margin-left:0pt;margin-right:0pt;margin-top:0pt;margin-bottom:0pt;\"><span style=\"font-family:Times New Roman;font-size:12pt;\">\u00ab\u00a0Le pape actuel a vu le soleil danser mais il n\u2019est pas un self-made man. Qu\u2019importe \u00e0 un self-made man de ne pas avoir vu le soleil faire la danse du ventre mais la jument Polka, du fermier Baron, ou une autre faire travailler ses m\u00e2choires \u00e0 sa mangeoire. Mais ne verriez-vous pas un chic m\u00e9c\u00e8ne, partisant des chemins impraticables qui consentirait \u00e0 me b\u00e2tir un home surprenant sur celui qui vat de la Gu\u00e9rini\u00e8re, de l\u2019Oie, \u00e0 Mouchamps, via L\u00e9rablet\u00a0? [\u2026] Le chemin en question fait p\u00e9niblement r\u00e9unir deux petites routes dont l\u2019une dessert le ch\u00e2teau d\u2019un vieux pharmacien retir\u00e9 des affaires. C\u2019est un endroit d\u00e9sert et quelque peu mar\u00e9cageux, mais je lui trouve du sel. Ce n\u2019est pas l\u00e0 que les clients viendraient me trouver mais comme je n\u2019en ai pas. Ce serait assez cocasse de voir surgir l\u00e0 une maison comme la v\u00f4tre de Paris face aux ar\u00e8nes de Lut\u00e8ce\u00a0\u00bb. Il est \u00ab\u00a0en petit travaux de peinture. Impossible de voir grand dans la pur\u00e9e m\u00eame mousseline. Mais d\u2019habiter un chemin vraiment impossible pourrait contribuer \u00e0 faire amplifier ma l\u00e9gende\u00a0\u00bb\u2026 Il y souhaiterait \u00ab\u00a0la reconstitution d\u2019une loge de concierge\u00a0\u00bb avec \u00ab\u00a0une chambre de bonne haut perch\u00e9e. Mais pas la peine de reconstituer l\u2019immeuble en entier, je me contenterai d\u2019une cabine en haut d\u2019une construction asperge genre poste d\u2019observation. Puis il parle de <\/span><span style=\"font-family:Times New Roman;font-size:12pt;font-weight: bold;\">ses collages<\/span><span style=\"font-family:Times New Roman;font-size:12pt;\"> (le 2<\/span><span style=\"font-family:Times New Roman;font-size:9pt;vertical-align: super;\">e<\/span><span style=\"font-family:Times New Roman;font-size:12pt;\"> page est \u00e9crite par-dessus un collage fait de billets de banque d\u00e9chir\u00e9s)\u00a0: \u00ab\u00a0Comme \u201c\u0153uvres\u201d r\u00e9centes, j\u2019ai fait 1\u00a0collages avec comme font un papier d\u2019emballage des graines villemorin qui \u00e9tait dans un \u00e9tat aussi lamentable que ces restes de billets et j\u2019ai d\u00fb en camoufler les multiples \u00e9vantrations. Et bien malgr\u00e9 son froissage et reste de d\u00e9cr\u00e9pitude voyante et incurable, le r\u00e9sultat est assez satisfaisant. J\u2019ai aussi imagin\u00e9 de faire des collages artistiques au dos de mes tableaux peints sur papier pour les consolider. Hier 3.7.57, vers dix-neufs heures, j\u2019ai fait ma vaisselle de deux jours\u00a0\u00bb. <\/span><span style=\"font-family:Times New Roman;font-size:12pt;text-transform: uppercase;\">Jakowski<\/span><span style=\"font-family:Times New Roman;font-size:12pt;\"> veut venir le voir en vue de \u00ab\u00a0publier un livre dans lequel de mes lettres figureraient. Avec notice explicative sans doute en certificat d\u2019origine. Mais j\u2019aimerais autant sans commentaires\u00a0\u00bb. Il \u00e9voque pour finir <\/span><span style=\"font-family:Times New Roman;font-size:12pt;text-transform: uppercase;\">Queneau<\/span><span style=\"font-family:Times New Roman;font-size:12pt;\"> et <\/span><span style=\"font-family:Times New Roman;font-size:12pt;text-transform: uppercase;\">Pr\u00e9vert<\/span><span style=\"font-family:Times New Roman;font-size:12pt;\">, \u00ab\u00a0qui tournent un tantinet \u00e0 l\u2019enfant de ch\u0153ur avec sa ballade sur le mont chauve. Peut-\u00eatre parce que le soleil qui danse c\u2019est laiss\u00e9 voir au pape dans un pas de polka sans doute. Devant le vicaire du ma\u00eetre du monde il ne pouvait se laisser aller \u00e0 une danse lascive, des fois que \u00e7a lui aurait fait perdre sa situation\u00a0\u00bb.<\/span><\/p><p style=\"text-align:justify;margin-left:0pt;margin-right:0pt;margin-top:0pt;margin-bottom:0pt;\"><span style=\"font-family:Times New Roman;font-size:12pt;\">Dans la seconde lettre, Chaissac \u00e9voque sa \u00ab\u00a0chambre de jeune homme dans la Ni\u00e8vre\u00a0\u00bb, orn\u00e9e de \u00ab\u00a0bondieuseries\u00a0\u00bb et d\u2019une \u00ab\u00a0reproduction de la le\u00e7on de clavecin, de Muenier, et lorsque j\u2019ai vu le p\u00e8re <\/span><span style=\"font-family:Times New Roman;font-size:12pt;text-transform: uppercase;\">Mangaud<\/span><span style=\"font-family:Times New Roman;font-size:12pt;\">, pr\u00e9sident des ind\u00e9pendants de l\u2019Ouest, j\u2019ai cru avoir devant moi le vieux professeur de musique de cette peinture\u00a0\u00bb. La femme de Mangaud, qui vient de mourir , \u00ab\u00a0avait jou\u00e9 des petits r\u00f4les dans un casino de la banlieue de Bordeaux\u00a0\u00bb \u00a0; et les Mangaud ont une villa aux Sables d\u2019Olonne qui \u00ab\u00a0lou\u00e9e en mageure partie aux estivants augmenta leurs rentes. Ce n\u2019est pas en jouant son petit bonhomme de r\u00f4le en chemin creux d\u00e9sert ou les metteurs en sc\u00e8nes ne mettent jamais les pieds qu\u2019on parvient \u00e0 b\u00e2tir mais tout au plus \u00e0 se faire mettre en bo\u00eete\u00a0\u00bb\u2026<\/span><\/p><\/div>\n<div class='upcp-prod-desc-custom-fields upcp-custom-field-list'><\/div><a class='upcp-catalogue-link'  href='\/index.php?rest_route=%2Fwp%2Fv2%2Fpages%2F3275&SingleProduct=4400' onclick='RecordView(4400);'><div id='prod-cat-details-link-4400' class='prod-cat-details-link upcp-list-details-link'><span class='upcp-details-text'>d\u00e9tails<\/span><span class='upcp-details-icon'>s<\/span><\/div>\n<\/a><\/div><\/div>\n<div id='prod-cat-list-item-4398' class='prod-cat-item upcp-list-item ' data-itemid='4398'>\n<div id='prod-cat-title-4398' class='prod-cat-title upcp-list-title upcp-list-action-Expand' onclick='ToggleItem(4398);'>105 Jacques AUDIBERTI (1899-1965) \u00e9crivain<\/div>\n<div id='prod-cat-price-4398' class='prod-cat-price upcp-list-price' data-item_price='3\u00a0500  \u20ac' onclick='ToggleItem(4398);'><span class='full-price' itemprop='offers' itemscope itemtype='http:\/\/schema.org\/Offer'><span itemprop='price' content='3\u00a0500 '>3\u00a0500 <\/span><span itemprop='priceCurrency' content=''> \u20ac<\/span><\/span><\/div>\n<div id='prod-cat-details-4398' class='prod-cat-details upcp-list-details hidden-field'>\n<div id='prod-cat-thumb-div-4398' class='prod-cat-thumb-image-div upcp-list-image-div'><a class='upcp-catalogue-link'  href='\/index.php?rest_route=%2Fwp%2Fv2%2Fpages%2F3275&SingleProduct=4398' onclick='RecordView(4398);'><img src='http:\/\/www.lesautographes.com\/wp-content\/uploads\/2023\/10\/105.jpg' alt='105 Jacques AUDIBERTI (1899-1965) \u00e9crivain Image' id='prod-cat-thumb-4398' class='prod-cat-thumb-image upcp-thumb-image'><\/a><\/div>\n<div id='prod-cat-desc-4398' class='prod-cat-desc upcp-list-desc'><p style=\"text-align:justify;margin-left:0pt;margin-right:0pt;margin-top:0pt;margin-bottom:0pt;\"><span style=\"font-family:Times New Roman;font-size:12pt;font-weight: bold;\">36 L.A.S., 3 L.S. et un <\/span><span style=\"font-family:Times New Roman;font-size:12pt;font-weight: bold;text-transform: uppercase;\">dessin<\/span><span style=\"font-family:Times New Roman;font-size:12pt;font-weight: bold;\"> aquarell\u00e9 original sign\u00e9<\/span><span style=\"font-family:Times New Roman;font-size:12pt;\">, 1951-1955, <\/span><span style=\"font-family:Times New Roman;font-size:12pt;font-weight: bold;\">\u00e0 Valentine <\/span><span style=\"font-family:Times New Roman;font-size:12pt;font-weight: bold;text-transform: uppercase;\">Tessier<\/span><span style=\"font-family:Times New Roman;font-size:12pt;\">\u00a0; 69 pages formats divers, 2 adresses.<\/span><\/p><p style=\"text-align:justify;margin-left:0pt;margin-right:0pt;margin-top:0pt;margin-bottom:0pt;\"><span style=\"font-family:Times New Roman;font-size:12pt;font-weight: bold;text-transform: uppercase;\">T<\/span><span style=\"font-family:Times New Roman;font-size:12pt;font-weight: bold;\">r\u00e8s belle correspondance litt\u00e9raire et th\u00e9\u00e2trale<\/span><span style=\"font-family:Times New Roman;font-size:12pt;font-weight: bold;text-transform: uppercase;\"> <\/span><span style=\"font-family:Times New Roman;font-size:12pt;font-weight: bold;\">avec la merveilleuse actrice Valentine<\/span><span style=\"font-family:Times New Roman;font-size:12pt;font-weight: bold;text-transform: uppercase;\"> Tessier<\/span><span style=\"font-family:Times New Roman;font-size:12pt;\"> (1892-1981), qui cr\u00e9a le r\u00f4le-titre dans son adaptation de la pi\u00e8ce d\u2019Eduardo de <\/span><span style=\"font-family:Times New Roman;font-size:12pt;text-transform: uppercase;\">Filippo<\/span><span style=\"font-family:Times New Roman;font-size:12pt;\">, <\/span><span style=\"font-family:Times New Roman;font-size:12pt;font-weight: bold;font-style: italic;\">Filumena Marturano<\/span><span style=\"font-family:Times New Roman;font-size:12pt;\"> sous le titre<\/span><span style=\"font-family:Times New Roman;font-size:12pt;font-weight: bold;\"> <\/span><span style=\"font-family:Times New Roman;font-size:12pt;font-weight: bold;font-style: italic;\">Madame Filoum\u00e9<\/span><span style=\"font-family:Times New Roman;font-size:12pt;font-style: italic;\"> <\/span><span style=\"font-family:Times New Roman;font-size:12pt;\">[Th\u00e9\u00e2tre de la Renaissance, 25 octobre 1952]. Il est aussi question de<\/span><span style=\"font-family:Times New Roman;font-size:12pt;font-weight: bold;\"> <\/span><span style=\"font-family:Times New Roman;font-size:12pt;font-weight: bold;font-style: italic;\">La Logeuse<\/span><span style=\"font-family:Times New Roman;font-size:12pt;\">, qui fut jou\u00e9e finalement, en 1960, au Th\u00e9\u00e2tre de l\u2019\u0152uvre, par Lila K\u00e9drova.<\/span><\/p><p style=\"text-align:justify;margin-left:0pt;margin-right:0pt;margin-top:0pt;margin-bottom:0pt;\"><span style=\"font-family:Times New Roman;font-size:12pt;font-style: italic;\">Nice [juillet-ao\u00fbt <\/span><span style=\"font-family:Times New Roman;font-size:12pt;font-weight: bold;font-style: italic;\">1951<\/span><span style=\"font-family:Times New Roman;font-size:12pt;font-style: italic;\">]<\/span><span style=\"font-family:Times New Roman;font-size:12pt;\">. Il voudrait savoir si la traduction demand\u00e9e par l\u2019actrice servirait \u00ab\u00a0comme instrument de travail pour la sc\u00e8ne uniquement\u00a0\u00bb, ou si elle est destin\u00e9e \u00e0 \u00eatre publi\u00e9e\u2026 \u2013 \u00ab\u00a0Je connais bien de r\u00e9putation Eduardo <\/span><span style=\"font-family:Times New Roman;font-size:12pt;text-transform: uppercase;\">Filippo<\/span><span style=\"font-family:Times New Roman;font-size:12pt;\">. D\u2019une fa\u00e7on g\u00e9n\u00e9rale, j\u2019ai une tr\u00e8s vive pr\u00e9dilection pour l\u2019Italie en sa pr\u00e9sente vitalit\u00e9\u00a0\u00bb\u2026 <\/span><span style=\"font-family:Times New Roman;font-size:12pt;font-style: italic;\">Loz\u00e8re (Seine-et-Oise) 15 ao\u00fbt<\/span><span style=\"font-family:Times New Roman;font-size:12pt;\">. Audiberti souligne les difficult\u00e9s de traduction de pi\u00e8ces \u00e9crites en <\/span><span style=\"font-family:Times New Roman;font-size:12pt;font-weight: bold;\">dialecte napolitain<\/span><span style=\"font-family:Times New Roman;font-size:12pt;\">, \u00ab\u00a0<\/span><span style=\"font-family:Times New Roman;font-size:12pt;font-weight: bold;\">langage savoureux et familier en lui-m\u00eame<\/span><span style=\"font-family:Times New Roman;font-size:12pt;\">\u00a0\u00bb, source d\u2019effets comiques dans <\/span><span style=\"font-family:Times New Roman;font-size:12pt;font-weight: bold;font-style: italic;\">Filumena Marturano<\/span><span style=\"font-family:Times New Roman;font-size:12pt;\">... Texte et m\u0153urs napolitains \u00e9tant \u00e9troitement imbriqu\u00e9s, il y aurait risque que les allusions et les tournures tombent \u00e0 plat\u2026 Distinction entre ce dialecte, l\u2019argot, le patois\u2026 <\/span><span style=\"font-family:Times New Roman;font-size:12pt;font-style: italic;\">\u2013 <\/span><span style=\"font-family:Times New Roman;font-size:12pt;\">La pi\u00e8ce est excellente\u00a0; reste le probl\u00e8me de <\/span><span style=\"font-family:Times New Roman;font-size:12pt;font-weight: bold;\">trouver en fran\u00e7ais<\/span><span style=\"font-family:Times New Roman;font-size:12pt;\"> \u00ab\u00a0<\/span><span style=\"font-family:Times New Roman;font-size:12pt;font-weight: bold;\">des gags linguistiques perp\u00e9tuels<\/span><span style=\"font-family:Times New Roman;font-size:12pt;\"> qui proviennent de la confrontation du dialecte et de la langue nationale correcte. Mais quelle dr\u00f4lerie\u00a0! Quelle invention\u00a0!\u00a0\u00bb\u2026 \u2013 R\u00e9flexions sur la traduction de cette pi\u00e8ce \u00ab\u00a0topographiquement tr\u00e8s situ\u00e9e\u00a0\u00bb\u2026 <\/span><span style=\"font-family:Times New Roman;font-size:12pt;font-style: italic;\">2 octobre<\/span><span style=\"font-family:Times New Roman;font-size:12pt;\">. Ayant traduit deux actes de <\/span><span style=\"font-family:Times New Roman;font-size:12pt;font-style: italic;\">Filumena Marturano<\/span><span style=\"font-family:Times New Roman;font-size:12pt;\">, il pense qu\u2019il faudra que l\u2019actrice prononce en sc\u00e8ne quelques mots en napolitain\u2026 La pi\u00e8ce l\u2019attache de plus en plus, et il souhaite la rencontrer, pour qu\u2019ils prennent \u00ab\u00a0un premier contact pour ce qui est de la forme de mon travail et de ce que vous en pensez en vue de la sc\u00e8ne\u00a0\u00bb\u2026 <\/span><span style=\"font-family:Times New Roman;font-size:12pt;font-style: italic;\">Paris 3 novembre<\/span><span style=\"font-family:Times New Roman;font-size:12pt;\">. \u00ab\u00a0<\/span><span style=\"font-family:Times New Roman;font-size:12pt;font-weight: bold;\">Je me r\u00e9jouis \u00e0 la pens\u00e9e de voir bient\u00f4t Philom\u00e8ne vivre par vos soins et avec votre ardeur<\/span><span style=\"font-family:Times New Roman;font-size:12pt;\">. J\u2019esp\u00e8re que nous nous rencontrerons \u00e0 br\u00e8ve \u00e9ch\u00e9ance\u00a0\u00bb\u2026 <\/span><span style=\"font-family:Times New Roman;font-size:12pt;font-style: italic;\">[22 novembre]<\/span><span style=\"font-family:Times New Roman;font-size:12pt;\">. \u00ab\u00a0Entendu, ch\u00e8re Filumena, je viens vendredi [\u2026] &nbsp;Je suis content que le texte vous plaise\u00a0\u00bb\u2026<\/span><\/p><p style=\"text-align:justify;margin-left:0pt;margin-right:0pt;margin-top:0pt;margin-bottom:0pt;\"><span style=\"font-family:Times New Roman;font-size:12pt;font-style: italic;\">Rome [3 juillet <\/span><span style=\"font-family:Times New Roman;font-size:12pt;font-weight: bold;font-style: italic;\">1952<\/span><span style=\"font-family:Times New Roman;font-size:12pt;font-style: italic;\">]<\/span><span style=\"font-family:Times New Roman;font-size:12pt;\">. Lettre enthousiaste sur sa semaine \u00e0 Rome, ses entretiens avec <\/span><span style=\"font-family:Times New Roman;font-size:12pt;text-transform: uppercase;\">De Filippo<\/span><span style=\"font-family:Times New Roman;font-size:12pt;\"> et leurs conversations sur \u00ab\u00a0Philom\u00e8ne\u00a0\u00bb qui permettent d\u2019\u00e9claircir divers points concernant le bordel dans la pi\u00e8ce. Il a vu le film tir\u00e9 de la pi\u00e8ce et va partir \u00e0 Naples avec l\u2019auteur \u2026 <\/span><span style=\"font-family:Times New Roman;font-size:12pt;font-style: italic;\">[Nice juillet]<\/span><span style=\"font-family:Times New Roman;font-size:12pt;\">. \u00c9chos de ses discussions avec De Filippo, et <\/span><span style=\"font-family:Times New Roman;font-size:12pt;font-weight: bold;\">impressions de Naples<\/span><span style=\"font-family:Times New Roman;font-size:12pt;\">\u2026 Expression de la joie qu\u2019il aura \u00e0 surmonter les difficult\u00e9s, et de \u00ab\u00a0l\u2019orgueil\u00a0\u00bb d\u2019avoir Valentine comme interpr\u00e8te, \u00ab\u00a0car je suis un peu, \u00e0 la fin, l\u2019auteur de la pi\u00e8ce, ce que je finirais pour de bon par croire, surtout apr\u00e8s mes longues embrassades romaines avec De Filippo\u00a0\u00bb\u2026 <\/span><span style=\"font-family:Times New Roman;font-size:12pt;font-style: italic;\">Boulange (Moselle) [ao\u00fbt]<\/span><span style=\"font-family:Times New Roman;font-size:12pt;\">. Il lui adresse le deuxi\u00e8me acte avec l\u2019espoir qu\u2019elle sera moins d\u00e9\u00e7ue qu\u2019\u00e0 la lecture du premier, qu\u2019il va revoir. Il faudra un grand metteur en sc\u00e8ne \u00ab\u00a0pour <\/span><span style=\"font-family:Times New Roman;font-size:12pt;font-weight: bold;\">faire passer ce ton \u00e0 la fois douloureux et comique<\/span><span style=\"font-family:Times New Roman;font-size:12pt;\">\u00a0\u00bb\u2026 \u2013 Recommandation \u00ab\u00a0d\u2019une personne du th\u00e9\u00e2tre qui, selon moi, pr\u00e9sente tous les traits et tous les signes, rusticit\u00e9, intelligence, all\u00e9gresse, simplicit\u00e9, m\u00e9ridionalisme, qui sont ceux de Lucia. Il s\u2019agit de Jeannine <\/span><span style=\"font-family:Times New Roman;font-size:12pt;text-transform: uppercase;\">Camp<\/span><span style=\"font-family:Times New Roman;font-size:12pt;\">, que vous avez connue quand elle \u00e9tait petite fille et qu\u2019elle jouait, \u00e0 vos c\u00f4t\u00e9s, dans <\/span><span style=\"font-family:Times New Roman;font-size:12pt;font-style: italic;\">Intermezzo<\/span><span style=\"font-family:Times New Roman;font-size:12pt;\">\u00a0\u00bb\u2026 <\/span><span style=\"font-family:Times New Roman;font-size:12pt;font-style: italic;\">[Paris 27 octobre]<\/span><span style=\"font-family:Times New Roman;font-size:12pt;\">. \u00ab\u00a0En ce midi lundi,\/ avant que de vous voir,\/ je tiens \u00e0 c\u0153ur beaucoup\/ de vous faire savoir\/ que vous \u00eates,\/ parmi les grandes,\/ <\/span><span style=\"font-family:Times New Roman;font-size:12pt;text-transform: uppercase;\">la plus grande<\/span><span style=\"font-family:Times New Roman;font-size:12pt;\">\u00a0\u00bb\u2026 <\/span><span style=\"font-family:Times New Roman;font-size:12pt;font-style: italic;\">[Fin octobre]<\/span><span style=\"font-family:Times New Roman;font-size:12pt;\">. Sur le grand succ\u00e8s remport\u00e9 par &nbsp;l\u2019actrice, et les raisons pour lesquelles il n\u2019est pas rest\u00e9 le jour de la g\u00e9n\u00e9rale. Myst\u00e8re\u00a0: \u00ab\u00a0Thierry <\/span><span style=\"font-family:Times New Roman;font-size:12pt;text-transform: uppercase;\">Maulnier<\/span><span style=\"font-family:Times New Roman;font-size:12pt;\">, dans <\/span><span style=\"font-family:Times New Roman;font-size:12pt;font-style: italic;\">Combat<\/span><span style=\"font-family:Times New Roman;font-size:12pt;\">, a parl\u00e9 de M. Paolo Teglio comme traducteur de <\/span><span style=\"font-family:Times New Roman;font-size:12pt;font-style: italic;\">Madame Filoum\u00e9\u00a0<\/span><span style=\"font-family:Times New Roman;font-size:12pt;\">! Cela peut me porter un grand pr\u00e9judice dans des tractations qui sont en cours avec le th\u00e9\u00e2tre scandinave et finlandais\u00a0\u00bb\u2026 <\/span><span style=\"font-family:Times New Roman;font-size:12pt;font-style: italic;\"> [Suisse d\u00e9cembre]<\/span><span style=\"font-family:Times New Roman;font-size:12pt;\">\u00a0: \u00ab\u00a0Vous \u00eates certainement, dans ma vie, un \u00eatre \u00e0 qui je voue une grande et profonde affection, pour votre chaleur humaine et votre force vivante. [\u2026] <\/span><span style=\"font-family:Times New Roman;font-size:12pt;font-weight: bold;\">vous \u00eates, sans doute, la plus grande voix fran\u00e7aise au th\u00e9\u00e2tre, au-del\u00e0 du th\u00e9\u00e2tre habituel<\/span><span style=\"font-family:Times New Roman;font-size:12pt;\"> [\u2026]. <\/span><span style=\"font-family:Times New Roman;font-size:12pt;font-weight: bold;\">Ce que vous faites dans <\/span><span style=\"font-family:Times New Roman;font-size:12pt;font-weight: bold;font-style: italic;\">Filoum\u00e9<\/span><span style=\"font-family:Times New Roman;font-size:12pt;font-weight: bold;\"> est extraordinaire, comme vari\u00e9t\u00e9 de timbre\u00a0; vous avez tout un orchestre dans la voix<\/span><span style=\"font-family:Times New Roman;font-size:12pt;\">. <\/span><span style=\"font-family:Times New Roman;font-size:12pt;font-weight: bold;\">Je crois, je suis s\u00fbr que nous devrions aller plus loin ensemble, ou, plut\u00f4t, maintenir cette lanc\u00e9e.<\/span><span style=\"font-family:Times New Roman;font-size:12pt;\"> <\/span><span style=\"font-family:Times New Roman;font-size:12pt;font-weight: bold;\">Il vous faut des pi\u00e8ces que je ferai pour vous<\/span><span style=\"font-family:Times New Roman;font-size:12pt;\">\u00a0\u00bb\u2026<\/span><\/p><p style=\"text-align:justify;margin-left:0pt;margin-right:0pt;margin-top:0pt;margin-bottom:0pt;\"><span style=\"font-family:Times New Roman;font-size:12pt;font-style: italic;\">[1<\/span><span style=\"font-family:Times New Roman;font-size:9pt;font-style: italic;vertical-align: super;\">er<\/span><span style=\"font-family:Times New Roman;font-size:12pt;font-style: italic;\"> janvier <\/span><span style=\"font-family:Times New Roman;font-size:12pt;font-weight: bold;font-style: italic;\">1953<\/span><span style=\"font-family:Times New Roman;font-size:12pt;font-style: italic;\">].<\/span><span style=\"font-family:Times New Roman;font-size:12pt;\"> <\/span><span style=\"font-family:Times New Roman;font-size:12pt;font-weight: bold;\">Carte de v\u0153ux aquarell\u00e9e<\/span><span style=\"font-family:Times New Roman;font-size:12pt;\"> repr\u00e9sentant un personnage f\u00e9minin fantastique tendant les bras \u00e0 un petit personnage masculin\u00a0: \u00ab\u00a0A Valentine Tessier tous mes v\u0153ux pour 1953\u00a0\u00bb\u2026 <\/span><span style=\"font-family:Times New Roman;font-size:12pt;font-style: italic;\">Neuilly<\/span><span style=\"font-family:Times New Roman;font-size:12pt;\">. F\u00e9licitations sur son nouveau r\u00f4le. \u00ab\u00a0J\u2019ai h\u00e2te que vous soyez au centre d\u2019une action dramatique \u00e0 votre taille. <\/span><span style=\"font-family:Times New Roman;font-size:12pt;font-weight: bold;\">J\u2019ai malheureusement \u00e9crit trop de romans et pas assez de th\u00e9\u00e2tre<\/span><span style=\"font-family:Times New Roman;font-size:12pt;\">. [\u2026] Y a-t-il un th\u00e8me, un personnage, un souvenir qui vous plaise, vous int\u00e9resse, vous tienne \u00e0 c\u0153ur\u00a0? Je voudrais essayer de vous servir\u00a0\u00bb\u2026 <\/span><span style=\"font-family:Times New Roman;font-size:12pt;font-style: italic;\">Paris 16 septembre<\/span><span style=\"font-family:Times New Roman;font-size:12pt;\">. Pr\u00e9sentation de la pi\u00e8ce \u00e0 laquelle il songe pour elle\u00a0: <\/span><span style=\"font-family:Times New Roman;font-size:12pt;font-weight: bold;font-style: italic;\">La Logeuse<\/span><span style=\"font-family:Times New Roman;font-size:12pt;\">, cons\u00e9quences de ses tribulations locatives, nombreuses et pittoresques. \u00ab\u00a0<\/span><span style=\"font-family:Times New Roman;font-size:12pt;font-weight: bold;\">Cette logeuse, c\u2019est Circ\u00e9. La femme, ni jeune ni vieille, qui, dans sa caverne, attire les hommes afin de les changer en pourceaux<\/span><span style=\"font-family:Times New Roman;font-size:12pt;\">. Mais je m\u2019empresse de vous dire qu\u2019il n\u2019y a aucune esp\u00e8ce de trace ou d\u2019\u00e9bauche de langage philosophique, po\u00e9tique ou mythologique dans mon texte. Je crois que toutes les l\u00e9gendes et tous les mythes peuvent \u00eatre ais\u00e9ment transpos\u00e9s dans le langage usuel et quotidien\u00a0\u00bb\u2026 Il r\u00e9sume la situation de la logeuse, sa fille un peu folle, son mari \u00ab\u00a0s\u00e9questr\u00e9\u00a0\u00bb, et le locataire qui va d\u00e9masquer cette \u00ab\u00a0empoisonneuse morale\u00a0\u00bb\u2026 \u00c0 pr\u00e9sent, le premier acte est r\u00e9ussi, les deux suivants, pas du tout\u2026 \u2013 \u00ab\u00a0J\u2019ai annonc\u00e9 \u00e0 la t\u00e9l\u00e9vision que nous jouerions, c\u2019est-\u00e0-dire que vous joueriez <\/span><span style=\"font-family:Times New Roman;font-size:12pt;font-style: italic;\">La Logeuse<\/span><span style=\"font-family:Times New Roman;font-size:12pt;\"> \u00e0 la rentr\u00e9e\u00a0\u00bb\u2026 Il lui promet l\u2019acte II pour bient\u00f4t\u2026 \u2013 Il a perdu sa pi\u00e8ce et m\u00eame le plan g\u00e9n\u00e9ral\u00a0; il s\u2019est remis \u00e0 ses brouillons. Marie-Th\u00e9r\u00e8se lui dit qu\u2019il doit tout \u00e9crire en pensant \u00e0 Valentine, \u00ab\u00a0tout \u00e9crire en fonction de votre personne et de votre pr\u00e9sence [\u2026]. <\/span><span style=\"font-family:Times New Roman;font-size:12pt;font-weight: bold;\">Vous \u00eates une actrice extraordinaire, comme il n\u2019y en a pas, au-del\u00e0 des \u00e9coles et des ruses. Vous \u00eates la farce, la musique, la g\u00e9n\u00e9rosit\u00e9. <\/span><span style=\"font-family:Times New Roman;font-size:12pt;font-weight: bold;font-style: italic;\">Nous devons<\/span><span style=\"font-family:Times New Roman;font-size:12pt;font-weight: bold;\"> trouver notre alliance d\u00e9finitive dans une \u0153uvre. <\/span><span style=\"font-family:Times New Roman;font-size:12pt;\">Il faut que je r\u00e9\u00e9crive en \u00e9coutant votre voix, en regardant votre pas souverain\u00a0\u00bb\u2026<\/span><\/p><p style=\"text-align:justify;margin-left:0pt;margin-right:0pt;margin-top:0pt;margin-bottom:0pt;\"><span style=\"font-family:Times New Roman;font-size:12pt;font-style: italic;\">25 f\u00e9vrier <\/span><span style=\"font-family:Times New Roman;font-size:12pt;font-weight: bold;font-style: italic;\">1955<\/span><span style=\"font-family:Times New Roman;font-size:12pt;\">. Il ne faut pas se d\u00e9soler pour <\/span><span style=\"font-family:Times New Roman;font-size:12pt;font-style: italic;\">La Logeuse<\/span><span style=\"font-family:Times New Roman;font-size:12pt;\">, qui ne manquera pas d\u2019\u00eatre jou\u00e9e. \u00ab\u00a0Quand\u00a0? Je ne sais pas. J\u2019aurais aim\u00e9 que ce f\u00fbt vous qui la fassiez vivre, mais comme vous avez pris, tout d\u2019un coup, l\u2019habitude de me parler de cette pi\u00e8ce que pour me persuader qu\u2019elle ne vaut rien, <\/span><span style=\"font-family:Times New Roman;font-size:12pt;font-weight: bold;\">je dois me r\u00e9signer \u00e0 la pens\u00e9e que je n\u2019ai plus \u00e0 esp\u00e9rer voir nos deux noms unis sur l\u2019affiche dans un m\u00eame combat<\/span><span style=\"font-family:Times New Roman;font-size:12pt;\">\u00a0\u00bb\u2026 Cependant elle aurait du mal \u00e0 faire admettre qu\u2019il \u00e9crit des pi\u00e8ces \u00ab\u00a0idiotes ou susceptibles de rabaisser l\u2019acteur qui les interpr\u00e9terait\u00a0\u00bb, et il regrette qu\u2019elle soit pass\u00e9e \u00e0 c\u00f4t\u00e9 d\u2019une route qui lui semblait destin\u00e9e. \u00ab\u00a0Mais il ne faut pas nous attrister. <\/span><span style=\"font-family:Times New Roman;font-size:12pt;font-weight: bold;\">Vous \u00eates une trop extraordinaire artiste, et nous vous aimons trop, sans compter tout ce que je vous dois, pour que l\u2019ombre d\u2019une id\u00e9e d\u00e9sagr\u00e9able m\u2019effleure quand je vous \u00e9voque<\/span><span style=\"font-family:Times New Roman;font-size:12pt;\">\u00a0\u00bb\u2026<\/span><\/p><p style=\"text-align:justify;margin-left:0pt;margin-right:0pt;margin-top:0pt;margin-bottom:0pt;\"><span style=\"font-family:Times New Roman;font-size:12pt;\">Ailleurs, il est question de la Soci\u00e9t\u00e9 des Auteurs et Compositeurs dramatiques, du d\u00e9p\u00f4t des pi\u00e8ces et des droits d\u2019auteur, des <\/span><span style=\"font-family:Times New Roman;font-size:12pt;font-style: italic;\">Naturels du Bordelais<\/span><span style=\"font-family:Times New Roman;font-size:12pt;\">, de la L\u00e9gion d\u2019honneur, de ses filles\u2026 Etc.<\/span><\/p><\/div>\n<div class='upcp-prod-desc-custom-fields upcp-custom-field-list'><\/div><a class='upcp-catalogue-link'  href='\/index.php?rest_route=%2Fwp%2Fv2%2Fpages%2F3275&SingleProduct=4398' onclick='RecordView(4398);'><div id='prod-cat-details-link-4398' class='prod-cat-details-link upcp-list-details-link'><span class='upcp-details-text'>d\u00e9tails<\/span><span class='upcp-details-icon'>s<\/span><\/div>\n<\/a><\/div><\/div>\n<div id='prod-cat-list-item-4397' class='prod-cat-item upcp-list-item ' data-itemid='4397'>\n<div id='prod-cat-title-4397' class='prod-cat-title upcp-list-title upcp-list-action-Expand' onclick='ToggleItem(4397);'>104 Boris VIAN (1920-1959) \u00e9crivain<\/div>\n<div id='prod-cat-price-4397' class='prod-cat-price upcp-list-price' data-item_price='5\u00a0000  \u20ac' onclick='ToggleItem(4397);'><span class='full-price' itemprop='offers' itemscope itemtype='http:\/\/schema.org\/Offer'><span itemprop='price' content='5\u00a0000 '>5\u00a0000 <\/span><span itemprop='priceCurrency' content=''> \u20ac<\/span><\/span><\/div>\n<div id='prod-cat-details-4397' class='prod-cat-details upcp-list-details hidden-field'>\n<div id='prod-cat-thumb-div-4397' class='prod-cat-thumb-image-div upcp-list-image-div'><a class='upcp-catalogue-link'  href='\/index.php?rest_route=%2Fwp%2Fv2%2Fpages%2F3275&SingleProduct=4397' onclick='RecordView(4397);'><img src='http:\/\/www.lesautographes.com\/wp-content\/uploads\/2023\/10\/104.jpg' alt='104 Boris VIAN (1920-1959) \u00e9crivain Image' id='prod-cat-thumb-4397' class='prod-cat-thumb-image upcp-thumb-image'><\/a><\/div>\n<div id='prod-cat-desc-4397' class='prod-cat-desc upcp-list-desc'><p style=\"text-align:justify;margin-left:0pt;margin-right:0pt;margin-top:0pt;margin-bottom:0pt;\"><span style=\"font-family:Times New Roman;font-size:12pt;font-weight: bold;text-transform: uppercase;background-color:#FFFFFF;\">Manuscrit<\/span><span style=\"font-family:Times New Roman;font-size:12pt;font-weight: bold;background-color:#FFFFFF;\"> autographe<\/span><span style=\"font-family:Times New Roman;font-size:12pt;background-color:#FFFFFF;\">, [<\/span><span style=\"font-family:Times New Roman;font-size:12pt;font-weight: bold;font-style: italic;background-color:#FFFFFF;\">Adam,<\/span><span style=\"font-family:Times New Roman;font-size:12pt;background-color:#FFFFFF;\"> <\/span><span style=\"font-family:Times New Roman;font-size:12pt;font-weight: bold;font-style: italic;background-color:#FFFFFF;\">\u00c8ve et le troisi\u00e8me sexe<\/span><span style=\"font-family:Times New Roman;font-size:12pt;background-color:#FFFFFF;\">]\u00a0; 19 pages petit in-4 sur papier quadrill\u00e9 arrach\u00e9 \u00e0 un cahier d\u2019\u00e9colier.<\/span><\/p><p style=\"text-align:justify;margin-left:0pt;margin-right:0pt;margin-top:0pt;margin-bottom:0pt;\"><span style=\"font-family:Times New Roman;font-size:12pt;font-weight: bold;background-color:#FFFFFF;\">Amusante sayn\u00e8te<\/span><span style=\"font-family:Times New Roman;font-size:12pt;background-color:#FFFFFF;\">, en 8 sc\u00e8nes (mal num\u00e9rot\u00e9es) mettant en sc\u00e8ne Adam, <\/span><span style=\"font-family:Times New Roman;font-size:12pt;text-transform: uppercase;background-color:#FFFFFF;\">\u00e8<\/span><span style=\"font-family:Times New Roman;font-size:12pt;background-color:#FFFFFF;\">ve, l\u2019Archange Gabriel et le Serpent\u00a0; elle aurait \u00e9t\u00e9 pr\u00e9par\u00e9e en 1951 <\/span><span style=\"font-family:Times New Roman;font-size:12pt;font-weight: bold;background-color:#FFFFFF;\">pour un spectacle de Michel de R\u00e9<\/span><span style=\"font-family:Times New Roman;font-size:12pt;background-color:#FFFFFF;\">. Le manuscrit, \u00e0 l\u2019encre bleue, pr\u00e9sente quelques ratures et corrections\u00a0; il pr\u00e9sente des variantes avec la version publi\u00e9e par No\u00ebl Arnaud dans les <\/span><span style=\"font-family:Times New Roman;font-size:12pt;font-style: italic;background-color:#FFFFFF;\">Petits Spectacles<\/span><span style=\"font-family:Times New Roman;font-size:12pt;background-color:#FFFFFF;\">\u00a0; notamment la voix \u00ab\u00a0off\u00a0\u00bb de Dieu n\u2019apparait pas ici, ni les six derni\u00e8res r\u00e9pliques entre Gabriel et le Serpent.<\/span><\/p><p style=\"text-align:justify;margin-left:0pt;margin-right:0pt;margin-top:0pt;margin-bottom:0pt;\"><span style=\"font-family:Times New Roman;font-size:12pt;background-color:#FFFFFF;\">Adam et <\/span><span style=\"font-family:Times New Roman;font-size:12pt;text-transform: uppercase;background-color:#FFFFFF;\">\u00e8<\/span><span style=\"font-family:Times New Roman;font-size:12pt;background-color:#FFFFFF;\">ve s\u2019ennuient ferme au Paradis jusqu\u2019\u00e0 ce que le serpent \u2013 \u00ab\u00a0(Il est ravissant, il a l\u2019air d\u2019un affreux p\u00e9d\u00e9 et il parle comme \u00e7a)\u00a0\u00bb \u2013 fasse son entr\u00e9e\u00a0: il discute avec <\/span><span style=\"font-family:Times New Roman;font-size:12pt;text-transform: uppercase;background-color:#FFFFFF;\">\u00e8<\/span><span style=\"font-family:Times New Roman;font-size:12pt;background-color:#FFFFFF;\">ve, puis Adam, et tente d\u2019\u00e9veiller leur curiosit\u00e9 en leur montrant la pomme, qu\u2019il pr\u00e9sente comme le \u00ab\u00a0fruit de la connaissance\u00a0\u00bb. Mais ils s\u2019en moquent car ils en ont \u00ab\u00a0marre de manger des fruits\u00a0\u00bb, et Adam, furieux, le chasse et \u00ab\u00a0lui fout son pied dans les fesses\u00a0\u00bb... Mais le mal est fait\u00a0: excit\u00e9s, ils se caressent et s\u2019embrassent, jettent la pomme et s\u2019\u00e9clipsent pour satisfaire leurs d\u00e9sirs\u2026 Gabriel surgit sur sc\u00e8ne, furieux d\u2019avoir re\u00e7u une pomme sur la t\u00eate. Il accuse le Serpent, qui se vexe et explique que pour se distraire, il avait voulu faire \u00ab\u00a0une bonne blague aux idiots, l\u00e0-bas, et tout rate, et par surcro\u00eet, vous m\u2019engueulez\u2026 Et bien zut je m\u2019en vais (il essuie une larme)\u00a0\u00bb\u2026 C\u2019est alors que Gabriel surprend Adam et <\/span><span style=\"font-family:Times New Roman;font-size:12pt;text-transform: uppercase;background-color:#FFFFFF;\">\u00e8<\/span><span style=\"font-family:Times New Roman;font-size:12pt;background-color:#FFFFFF;\">ve dans leurs \u00e9bats, et les chasse du Paradis\u00a0: \u00ab\u00a0Vous pouvez faire vos paquets [\u2026] le patron ne veut pas d\u2019enfants ici\u00a0\u00bb\u2026 Le Serpent finit tout seul, d\u00e9pit\u00e9 et terriblement triste\u00a0: \u00ab\u00a0Voil\u00e0... je suis tout seul... et ils ne m\u2019ont m\u00eame pas regard\u00e9... et ils ne m\u2019ont m\u00eame pas dit au revoir\u2026 personne ne m\u2019aime\u00a0\u00bb...<\/span><\/p><p style=\"text-align:justify;margin-left:0pt;margin-right:0pt;margin-top:0pt;margin-bottom:0pt;\"><span style=\"font-family:Times New Roman;font-size:12pt;\">Et \u00ab\u00a0le rideau tombe en pleurant\u00a0\u00bb.<\/span><\/p><\/div>\n<div class='upcp-prod-desc-custom-fields upcp-custom-field-list'><\/div><a class='upcp-catalogue-link'  href='\/index.php?rest_route=%2Fwp%2Fv2%2Fpages%2F3275&SingleProduct=4397' onclick='RecordView(4397);'><div id='prod-cat-details-link-4397' class='prod-cat-details-link upcp-list-details-link'><span class='upcp-details-text'>d\u00e9tails<\/span><span class='upcp-details-icon'>s<\/span><\/div>\n<\/a><\/div><\/div>\n<div id='prod-cat-list-item-4396' class='prod-cat-item upcp-list-item ' data-itemid='4396'>\n<div id='prod-cat-title-4396' class='prod-cat-title upcp-list-title upcp-list-action-Expand' onclick='ToggleItem(4396);'>103 Francis PICABIA (1879-1953) peintre et \u00e9crivain<\/div>\n<div id='prod-cat-price-4396' class='prod-cat-price upcp-list-price' data-item_price='5\u00a0000  \u20ac' onclick='ToggleItem(4396);'><span class='full-price' itemprop='offers' itemscope itemtype='http:\/\/schema.org\/Offer'><span itemprop='price' content='5\u00a0000 '>5\u00a0000 <\/span><span itemprop='priceCurrency' content=''> \u20ac<\/span><\/span><\/div>\n<div id='prod-cat-details-4396' class='prod-cat-details upcp-list-details hidden-field'>\n<div id='prod-cat-thumb-div-4396' class='prod-cat-thumb-image-div upcp-list-image-div'><a class='upcp-catalogue-link'  href='\/index.php?rest_route=%2Fwp%2Fv2%2Fpages%2F3275&SingleProduct=4396' onclick='RecordView(4396);'><img src='http:\/\/www.lesautographes.com\/wp-content\/uploads\/2023\/10\/103.jpg' alt='103 Francis PICABIA (1879-1953) peintre et \u00e9crivain Image' id='prod-cat-thumb-4396' class='prod-cat-thumb-image upcp-thumb-image'><\/a><\/div>\n<div id='prod-cat-desc-4396' class='prod-cat-desc upcp-list-desc'><p style=\"text-align:justify;margin-left:0pt;margin-right:0pt;margin-top:0pt;margin-bottom:0pt;\"><span style=\"font-family:Times New Roman;font-size:12pt;font-weight: bold;text-transform: uppercase;\">Manuscrit<\/span><span style=\"font-family:Times New Roman;font-size:12pt;font-weight: bold;\"> autographe sign\u00e9<\/span><span style=\"font-family:Times New Roman;font-size:12pt;\">, <\/span><span style=\"font-family:Times New Roman;font-size:12pt;font-weight: bold;font-style: italic;\">Compr\u00e9hension de l\u2019illusion. Joseph et Marie<\/span><span style=\"font-family:Times New Roman;font-size:12pt;\">. [f\u00e9vrier-mars 1950]\u00a0; 2 cahiers petit in-4 (21,7 x 17,2 cm) de 14 et 15 [plus 2 bl.] feuillets, soit 31 pages, sans couverture.<\/span><\/p><p style=\"text-align:justify;margin-left:0pt;margin-right:0pt;margin-top:0pt;margin-bottom:0pt;\"><span style=\"font-family:Times New Roman;font-size:12pt;font-weight: bold;text-transform: uppercase;\">Manuscrit de travail d\u2019un conte in\u00e9dit<\/span><span style=\"font-family:Times New Roman;font-size:12pt;\">.<\/span><\/p><p style=\"text-align:justify;margin-left:0pt;margin-right:0pt;margin-top:0pt;margin-bottom:0pt;\"><span style=\"font-family:Times New Roman;font-size:12pt;\">Compos\u00e9 en 1950, ce conte humoristique, profanateur et blasph\u00e9matoire, se rattache \u00e0 la veine du <\/span><span style=\"font-family:Times New Roman;font-size:12pt;font-style: italic;\">J\u00e9sus-Christ Rastaquou\u00e8re<\/span><span style=\"font-family:Times New Roman;font-size:12pt;\"> de 1920. Marie sort avec Joseph dont elle garde le portrait\u00a0; elle est interrog\u00e9e et courtis\u00e9e par le narrateur et Pierre de <\/span><span style=\"font-family:Times New Roman;font-size:12pt;text-transform: uppercase;\">Massot<\/span><span style=\"font-family:Times New Roman;font-size:12pt;\">, qui la draguent ouvertement, en pr\u00e9sence de Joseph... Le second chapitre nous transporte \u00e0 la Foire de Paris, o\u00f9 erre Joseph, quand appara\u00eet une femme nue\u00a0: c\u2019est Marie, qui gagne sa vie en chantant dans les bo\u00eetes de nuit\u00a0; elle voudrait coucher avec Joseph. Joseph et Pierre vont alors initier Marie \u00e0 l\u2019art du mensonge et \u00e0 la compr\u00e9hension de l\u2019illusion, et tenter de l\u2019\u00e9loigner de Joseph, alors que la v\u00e9rit\u00e9 n\u2019existe pas\u2026<\/span><\/p><p style=\"text-align:justify;margin-left:0pt;margin-right:0pt;margin-top:0pt;margin-bottom:0pt;\"><span style=\"font-family:Times New Roman;font-size:12pt;\">\u00c9crit \u00e0 l\u2019encre bleue au recto (et 2 versos) de cahiers enlev\u00e9s de leur couverture, sur papier \u00e0 petits carreaux, ce manuscrit pr\u00e9sente de nombreuses ratures et corrections.<\/span><\/p><p style=\"text-align:justify;margin-left:0pt;margin-right:0pt;margin-top:0pt;margin-bottom:0pt;\"><span style=\"font-family:Times New Roman;font-size:12pt;\">Chapitre I. <\/span><span style=\"font-family:Times New Roman;font-size:12pt;font-style: italic;\">La volont\u00e9 de vie et ses complications<\/span><span style=\"font-family:Times New Roman;font-size:12pt;\">. \u00ab\u00a0Marie vint s\u2019assoir, sous le portrait de Joseph, avec beaucoup de majest\u00e9 et de grandeur. Marie vous me semblez jeune, me permettez-vous de vous poser quelques questions\u00a0? Avez-vous de l\u2019id\u00e9al\u00a0? \u00cates-vous pr\u00e9occup\u00e9e des hommes\u00a0? Marie est au mauvais \u00e2ge, \u00e0 l\u2019\u00e2ge o\u00f9 les filles deviennent tristes\u00a0\u00bb\u2026<\/span><\/p><p style=\"text-align:justify;margin-left:0pt;margin-right:0pt;margin-top:0pt;margin-bottom:0pt;\"><span style=\"font-family:Times New Roman;font-size:12pt;\">Chapitre II. <\/span><span style=\"font-family:Times New Roman;font-size:12pt;font-style: italic;\">Joseph ou l\u2019origine de l\u2019illogique<\/span><span style=\"font-family:Times New Roman;font-size:12pt;\">. \u00ab\u00a0Joseph \u00e9tait all\u00e9 \u00e0 la Foire de Paris, sur le c\u00f4t\u00e9 de l\u2019all\u00e9e qui descendait au stand des appartements silencieux, il vit soudain une porte s\u2019ouvrir avec pr\u00e9caution, p\u00e9niblement, une femme en sortit avec lenteur, cet effort l\u2019avait \u00e9puis\u00e9e. Elle \u00e9tait absolument nue\u00a0\u00bb\u2026<\/span><\/p><p style=\"text-align:justify;margin-left:0pt;margin-right:0pt;margin-top:0pt;margin-bottom:0pt;\"><span style=\"font-family:Times New Roman;font-size:12pt;\">Chapitre III. <\/span><span style=\"font-family:Times New Roman;font-size:12pt;font-style: italic;\">R\u00e9v\u00e9rances d\u2019un soir<\/span><span style=\"font-family:Times New Roman;font-size:12pt;\">. \u00ab\u00a0Joseph et Pierre se mirent \u00e0 penser \u00e0 Marie, la vie est belle\u00a0! car maintenant nous approuvons les arts du non\u00a0vrai, enfin la compr\u00e9hension de l\u2019illusion et peut-\u00eatre de l\u2019erreur comme condition d\u2019un monde intellectuel, car l\u2019Art est la bonne volont\u00e9 de l\u2019illusion. Cela, pas pour les pauvres idiots para\u00eet-il\u00a0\u00bb\u2026 La fin est tr\u00e8s corrig\u00e9e, pour conclure\u00a0: \u00ab\u00a0Marie et Joseph sont \u00e0 la fin de leur voyage, mais pas dans la perception de leur sexe\u00a0\u00bb.<\/span><\/p><p style=\"text-align:justify;margin-left:0pt;margin-right:0pt;margin-top:0pt;margin-bottom:0pt;\"><span style=\"font-family:Times New Roman;font-size:12pt;\">\u00c0 la suite, d\u00e9but d\u2019un texte intitul\u00e9 <\/span><span style=\"font-family:Times New Roman;font-size:12pt;font-style: italic;\">Pierre de L\u2019Illusion<\/span><span style=\"font-family:Times New Roman;font-size:12pt;\">, premi\u00e8re \u00e9tape vers une transformation du personnage de Pierre de Massot\u00a0: \u00ab\u00a0Le moindre effort est pour nous reposer des autres et de nous-m\u00eames pour nous regarder de haut et rire et pleurer\u00a0\u00bb\u2026<\/span><\/p><\/div>\n<div class='upcp-prod-desc-custom-fields upcp-custom-field-list'><\/div><a class='upcp-catalogue-link'  href='\/index.php?rest_route=%2Fwp%2Fv2%2Fpages%2F3275&SingleProduct=4396' onclick='RecordView(4396);'><div id='prod-cat-details-link-4396' class='prod-cat-details-link upcp-list-details-link'><span class='upcp-details-text'>d\u00e9tails<\/span><span class='upcp-details-icon'>s<\/span><\/div>\n<\/a><\/div><\/div>\n<div id='prod-cat-list-item-4395' class='prod-cat-item upcp-list-item ' data-itemid='4395'>\n<div id='prod-cat-title-4395' class='prod-cat-title upcp-list-title upcp-list-action-Expand' onclick='ToggleItem(4395);'>102 Jean GENET (1910-1986) \u00e9crivain<\/div>\n<div id='prod-cat-price-4395' class='prod-cat-price upcp-list-price' data-item_price='4\u00a0000  \u20ac' onclick='ToggleItem(4395);'><span class='full-price' itemprop='offers' itemscope itemtype='http:\/\/schema.org\/Offer'><span itemprop='price' content='4\u00a0000 '>4\u00a0000 <\/span><span itemprop='priceCurrency' content=''> \u20ac<\/span><\/span><\/div>\n<div id='prod-cat-details-4395' class='prod-cat-details upcp-list-details hidden-field'>\n<div id='prod-cat-thumb-div-4395' class='prod-cat-thumb-image-div upcp-list-image-div'><a class='upcp-catalogue-link'  href='\/index.php?rest_route=%2Fwp%2Fv2%2Fpages%2F3275&SingleProduct=4395' onclick='RecordView(4395);'><img src='http:\/\/www.lesautographes.com\/wp-content\/uploads\/2023\/10\/102.jpg' alt='102 Jean GENET (1910-1986) \u00e9crivain Image' id='prod-cat-thumb-4395' class='prod-cat-thumb-image upcp-thumb-image'><\/a><\/div>\n<div id='prod-cat-desc-4395' class='prod-cat-desc upcp-list-desc'><p style=\"text-align:justify;margin-left:0pt;margin-right:0pt;margin-top:0pt;margin-bottom:0pt;\"><span style=\"font-family:Times New Roman;font-size:12pt;font-weight: bold;text-transform: uppercase;\">Manuscrit<\/span><span style=\"font-family:Times New Roman;font-size:12pt;font-weight: bold;\"> autographe<\/span><span style=\"font-family:Times New Roman;font-size:12pt;\">, [<\/span><span style=\"font-family:Times New Roman;font-size:12pt;font-weight: bold;font-style: italic;\">Jean Cocteau<\/span><span style=\"font-family:Times New Roman;font-size:12pt;\">, 1950]\u00a0; 4 pages in-4 sur 4 feuillets quadrill\u00e9s d\u2019un cahier d\u2019\u00e9colier.<\/span><\/p><p style=\"text-align:justify;margin-left:0pt;margin-right:0pt;margin-top:0pt;margin-bottom:0pt;\"><span style=\"font-family:Times New Roman;font-size:12pt;font-weight: bold;\">Premier texte th\u00e9orique de Jean Genet, consacr\u00e9 \u00e0 celui qui l\u2019incita et l\u2019aida \u00e0 publier son premier livre, <\/span><span style=\"font-family:Times New Roman;font-size:12pt;font-weight: bold;font-style: italic;\">Notre-Dame des fleurs<\/span><span style=\"font-family:Times New Roman;font-size:12pt;\">. [Ce texte parut en mai 1950 dans la revue belge <\/span><span style=\"font-family:Times New Roman;font-size:12pt;font-style: italic;\">Empreintes<\/span><span style=\"font-family:Times New Roman;font-size:12pt;\">, num\u00e9ro sp\u00e9cial consacr\u00e9 \u00e0 Cocteau. Absent des <\/span><span style=\"font-family:Times New Roman;font-size:12pt;font-style: italic;\">\u0152uvres compl\u00e8tes<\/span><span style=\"font-family:Times New Roman;font-size:12pt;\">, il fut recueilli dans <\/span><span style=\"font-family:Times New Roman;font-size:12pt;font-style: italic;\">Fragments et autres textes<\/span><span style=\"font-family:Times New Roman;font-size:12pt;\"> (Gallimard, 1990).]<\/span><\/p><p style=\"text-align:justify;margin-left:0pt;margin-right:0pt;margin-top:0pt;margin-bottom:0pt;\"><span style=\"font-family:Times New Roman;font-size:12pt;\">\u00ab\u00a0<\/span><span style=\"font-family:Times New Roman;font-size:12pt;font-weight: bold;\">Grec\u00a0: la s\u00e8che \u00e9l\u00e9gance de ce mot, sa bri\u00e8vet\u00e9, sa cassure m\u00eame, un peu abrupte, sont les qualit\u00e9s qui s\u2019appliquent avec promptitude, \u00e0 Jean Cocteau<\/span><span style=\"font-family:Times New Roman;font-size:12pt;\">. Le mot est d\u00e9j\u00e0 un pr\u00e9cieux travail de d\u00e9coupage\u00a0: ainsi d\u00e9signe-t-il le po\u00e8te d\u00e9gag\u00e9, d\u00e9pris d\u2019une mati\u00e8re dont il a fait voler les copeaux. Le po\u00e8te \u2013 ou son \u0153uvre mais donc lui \u2013 reste un curieux fragment, bref, dur, \u00e9tincelant, cocassement inachev\u00e9 \u2013 comme le mot grec \u2013 et qui contient les vertus que je veux d\u00e9nombrer. Surtout la luminosit\u00e9. Un \u00e9clairage, d\u2019abord, uniforme et cruel, montrant avec pr\u00e9cision les d\u00e9tails d\u2019un paysage apparemment sans myst\u00e8re\u00a0: c\u2019est le classicisme hell\u00e9nique. L\u2019intelligence du po\u00e8te, en effet, \u00e9claire son \u0153uvre d\u2019une lumi\u00e8re si blanche, si unie, qu\u2019elle semble froide<\/span><span style=\"font-family:Times New Roman;font-size:12pt;font-weight: bold;\">. Cette \u0153uvre est \u00e9l\u00e9gamment d\u00e9sordonn\u00e9e, mais chacun de ses f\u00fbts ou socles, fut travaill\u00e9 avec rigueur, puis, semble-t-il, cass\u00e9 et laiss\u00e9 l\u00e0<\/span><span style=\"font-family:Times New Roman;font-size:12pt;\">. Aujourd\u2019hui de belles \u00e9trang\u00e8res la visitent. Elle baigne dans une atmosph\u00e8re tr\u00e8s pure, tr\u00e8s bleue. Ce n\u2019est pas un simple jeu qui nous fait, pour parler de Jean Cocteau, d\u00e9velopper une m\u00e9taphore. Le mot grec fut choisi par lui, et souvent la Gr\u00e8ce tout enti\u00e8re il voulut l\u2019illustrer ou se r\u00e9f\u00e9rer \u00e0 elle. C\u2019est qu\u2019il sait ce qu\u2019elle signifie de plus sombre, de plus souterrain, de farouche et de presque d\u00e9ment\u00a0\u00bb\u2026 Chez Cocteau, un c\u0153ur complexe et douloureux voudrait \u00e0 la fois se cacher et s\u2019\u00e9panouir\u00a0: \u00ab\u00a0Ainsi une profonde intelligence rend-elle cette \u0153uvre infiniment triste. Sa nature est orageuse. Elle frissonne. [\u2026] <\/span><span style=\"font-family:Times New Roman;font-size:12pt;font-weight: bold;\">Jean Cocteau\u00a0? C\u2019est un tr\u00e8s grand po\u00e8te, li\u00e9 aux autres po\u00e8tes par la fraternit\u00e9 du front, et aux hommes par le c\u0153ur<\/span><span style=\"font-family:Times New Roman;font-size:12pt;\">. Nous insistons encore sur cela car il semble qu\u2019un malentendu d\u00e9plorable s\u2019\u00e9tablisse \u00e0 son propos. La gr\u00e2ce de son style devait \u00eatre la proie de ce que le monde compte de plus vil\u00a0: l\u2019\u00e9lite. Aussi a-t-elle voulu accapparer, faire sienne cette forme \u00e9l\u00e9gante, n\u00e9gligeant l\u2019amande d\u00e9licate et sensible qu\u2019elle contient. Nous, cette fois, nous refusons violemment cette compromission, et venons <\/span><span style=\"font-family:Times New Roman;font-size:12pt;font-weight: bold;\">revendiquer nos droits sur un po\u00e8te non l\u00e9ger, mais grave<\/span><span style=\"font-family:Times New Roman;font-size:12pt;\">. Nous refusons \u00e0 Jean Cocteau le titre stupide d\u2019enchanteur\u00a0: nous le d\u00e9clarons <\/span><span style=\"font-family:Times New Roman;font-size:12pt;\">\u201cenchant\u00e9\u201d. Il ne charme pas\u00a0: il est \u201ccharm\u00e9\u201d. Il n\u2019est pas sorcier mais \u201censorcel\u00e9\u201d. Et ces mots ne servent pas \u00e0 contrer la basse frivolit\u00e9 d\u2019un certain monde\u00a0: je pr\u00e9tends qu\u2019ils disent mieux <\/span><span style=\"font-family:Times New Roman;font-size:12pt;font-weight: bold;\">le drame v\u00e9ritable du po\u00e8te<\/span><span style=\"font-family:Times New Roman;font-size:12pt;\">\u00a0\u00bb\u2026<\/span><\/p><\/div>\n<div class='upcp-prod-desc-custom-fields upcp-custom-field-list'><\/div><a class='upcp-catalogue-link'  href='\/index.php?rest_route=%2Fwp%2Fv2%2Fpages%2F3275&SingleProduct=4395' onclick='RecordView(4395);'><div id='prod-cat-details-link-4395' class='prod-cat-details-link upcp-list-details-link'><span class='upcp-details-text'>d\u00e9tails<\/span><span class='upcp-details-icon'>s<\/span><\/div>\n<\/a><\/div><\/div>\n<div id='prod-cat-list-item-4394' class='prod-cat-item upcp-list-item ' data-itemid='4394'>\n<div id='prod-cat-title-4394' class='prod-cat-title upcp-list-title upcp-list-action-Expand' onclick='ToggleItem(4394);'>101 Louis-Ferdinand C\u00c9LINE (1894-1961) romancier<\/div>\n<div id='prod-cat-price-4394' class='prod-cat-price upcp-list-price' data-item_price='15\u00a0000  \u20ac' onclick='ToggleItem(4394);'><span class='full-price' itemprop='offers' itemscope itemtype='http:\/\/schema.org\/Offer'><span itemprop='price' content='15\u00a0000 '>15\u00a0000 <\/span><span itemprop='priceCurrency' content=''> \u20ac<\/span><\/span><\/div>\n<div id='prod-cat-details-4394' class='prod-cat-details upcp-list-details hidden-field'>\n<div id='prod-cat-thumb-div-4394' class='prod-cat-thumb-image-div upcp-list-image-div'><a class='upcp-catalogue-link'  href='\/index.php?rest_route=%2Fwp%2Fv2%2Fpages%2F3275&SingleProduct=4394' onclick='RecordView(4394);'><img src='http:\/\/www.lesautographes.com\/wp-content\/uploads\/2023\/10\/101.jpg' alt='101 Louis-Ferdinand C\u00c9LINE (1894-1961) romancier Image' id='prod-cat-thumb-4394' class='prod-cat-thumb-image upcp-thumb-image'><\/a><\/div>\n<div id='prod-cat-desc-4394' class='prod-cat-desc upcp-list-desc'><p style=\"text-align:justify;margin-left:0pt;margin-right:0pt;margin-top:0pt;margin-bottom:0pt;\"><span style=\"font-family:Times New Roman;font-size:12pt;font-weight: bold;text-transform: uppercase;\">Manuscrit <\/span><span style=\"font-family:Times New Roman;font-size:12pt;font-weight: bold;\">autographe pour <\/span><span style=\"font-family:Times New Roman;font-size:12pt;font-weight: bold;font-style: italic;\">F\u00e9erie pour une autre fois\u00a0I<\/span><span style=\"font-family:Times New Roman;font-size:12pt;\">\u00a0; 50 pages in-fol., dont 28 au dos de pages autographes r\u00e9utilis\u00e9es, en feuilles.<\/span><\/p><p style=\"text-align:justify;margin-left:0pt;margin-right:0pt;margin-top:0pt;margin-bottom:0pt;\"><span style=\"font-family:Times New Roman;font-size:12pt;font-weight: bold;text-transform: uppercase;\">Important fragment de <\/span><span style=\"font-family:Times New Roman;font-size:12pt;font-weight: bold;font-style: italic;text-transform: uppercase;\">F\u00e9erie pour autre fois I<\/span><span style=\"font-family:Times New Roman;font-size:12pt;font-weight: bold;\">, version de travail<\/span><span style=\"font-family:Times New Roman;font-size:12pt;\"> de ce \u00ab\u00a0roman\u00a0\u00bb publi\u00e9 en 1952. Ce manuscrit est pagin\u00e9 de 110 \u00e0 149\u00a0; \u00e0 l\u2019encre bleu nuit sur des feuillets de papier verg\u00e9 ivoire, il pr\u00e9sente d\u2019<\/span><span style=\"font-family:Times New Roman;font-size:12pt;font-weight: bold;\">abondantes ratures et corrections<\/span><span style=\"font-family:Times New Roman;font-size:12pt;\">, et de <\/span><span style=\"font-family:Times New Roman;font-size:12pt;font-weight: bold;\">nombreuses variantes<\/span><span style=\"font-family:Times New Roman;font-size:12pt;\"> avec le texte d\u00e9finitif\u00a0; il est \u00e9crit, le plus souvent, au dos de <\/span><span style=\"font-family:Times New Roman;font-size:12pt;font-weight: bold;\">pages r\u00e9utilis\u00e9es d\u2019un brouillon ant\u00e9rieur<\/span><span style=\"font-family:Times New Roman;font-size:12pt;\"> au stylo bille bleu, le plus souvent barr\u00e9 d\u2019un trait de crayon rouge (sur Marc Empi\u00e8me, le pillage de son appartement, etc., pagin\u00e9es entre 49 et 110 ou non pagin\u00e9es, deux \u00e9tant des copies carbone, plus quelques notes). Il correspond aux pages 39 \u00e0 50 du tome IV des <\/span><span style=\"font-family:Times New Roman;font-size:12pt;font-style: italic;\">Romans<\/span><span style=\"font-family:Times New Roman;font-size:12pt;\"> dans la Biblioth\u00e8que de la Pl\u00e9iade.<\/span><\/p><p style=\"text-align:justify;margin-left:0pt;margin-right:0pt;margin-top:0pt;margin-bottom:0pt;\"><span style=\"font-family:Times New Roman;font-size:12pt;\">Le r\u00e9cit commence dans l\u2019infirmerie de la prison de Copenhague, imm\u00e9diatement apr\u00e8s l\u2019\u00e9pisode du lavement. \u00ab\u00a0Vous me verriez retourner au gnouf\u00a0! cet entrain\u00a0! l\u2019espoir\u00a0! [je gode je cr\u00e9pite\u00a0! et tout jeunot par le lavement\u00a0! les boyaux d\u00e9gag\u00e9s <\/span><span style=\"font-family:Times New Roman;font-size:12pt;font-style: italic;\">biff\u00e9<\/span><span style=\"font-family:Times New Roman;font-size:12pt;\">] revitaminis\u00e9 \u00e0 bloc\u00a0!\u00a0\u00bb\u2026 (p.\u00a0110). L\u2019apostrophe\u00a0: \u00ab\u00a0Et \u00e0 Dachau cabotin\u00a0?\u00a0\u00bb (111) sera chang\u00e9 dans l\u2019\u00e9dition par \u00ab\u00a0\u00e0 Wuppertal\u00a0\u00bb. Un passage sur la perte des dents est biff\u00e9 (113). La phrase \u00ab\u00a0Nenni que j\u2019aspouine\u00a0!\u00a0\u00bb (114) est trouv\u00e9e au bout de six ratures (asquine, arcasse, asquine, aspine, ascasse\u2026). C\u00e9line refuse de pr\u00e9ciser le lieu de sa d\u00e9tention pour \u00e9viter les journalistes\u00a0: \u00ab\u00a0Je suis haut au nord \u00e7a suffit\u00a0! plus haut encore\u00a0! ni ville\u00a0! ni lieu\u00a0! Je vous indiquerai l\u2019aire, azimut, le moindre bourg ou village, un bout [de] bosquet. \u00c7a y est voil\u00e0 le Cloporte en route, reporter, porteur, rapporteur, zozoteur\u2026 Frit suis\u00a0!\u00a0\u00bb\u2026 (114-115)\u2026 Discours du journaliste (115-119)\u00a0: \u00ab\u00a0Ah mon cher ma\u00eetre la France est folle\u00a0! Ah l\u2019infernal Quiproquo\u2026 le g\u00e9nie irradiant de l\u2019Europe\u00a0! le Bikikini du Roman\u00a0! Ah si vous saviez les Juifs [chang\u00e9 en \u00ab\u00a0Berb\u00e8res\u00a0\u00bb dans le livre] si on les bomine cette ann\u00e9e\u00a0!\u00a0\u00bb\u2026 La fin de ce monologue, ici tr\u00e8s ratur\u00e9e, sera modifi\u00e9e et d\u00e9velopp\u00e9e dans le livre\u00a0: \u00ab\u00a0Mais Mme Abetz est dans le coup\u00a0! Monsieur [Layer] Mayer et Mme [Blon\u00a0\/ Fleur] Virge\u00a0! et Monsieur Tonton des Abesses\u00a0! et l\u2019[archipr\u00eatre\u00a0\/ Archidiaconet] Archichanoine [de Bibracte\u00a0\/ Abibracte\u00a0\/ Elbibracte] d\u2019Albibracte\u00a0! mais c\u2019\u00e9tait que du cauchemar voyons\u00a0! Je vous enverrai des vitamines\u00a0! Ah bah 3 pillules par jour\u00a0! Gamin\u00a0! baste F\u00e9erie\u00a0! vous verrez\u00a0! Reprenez-vous\u00a0! Jouissez\u00a0! vive tout\u00a0! l\u2019instantan\u00e9 vous verrez\u00a0! [double page] l\u2019autre coup je reviens je vous ferai le son\u00a0! Je vous embrasse\u00a0! Je vous adule ma\u00eetre ma\u00eetre\u00a0!\u00a0\u00bb C\u00e9line se retrouve seul dans sa cellule (120-121)\u00a0; il interpelle le Pr\u00e9sident (122-123)\u00a0: \u00ab\u00a0Monsieur le Pr\u00e9sident\u00a0! [\u2026] J\u2019ai parl\u00e9 moi \u00e0 Laval je l\u2019ai soign\u00e9\u00a0! Je sais parler aux Pr\u00e9sidents tous les Pr\u00e9sidents\u00a0! Ma m\u00e8re est morte de chagrin toute seule sur un banc\u00a0!\u00a0\u00bb\u2026\u00a0; il \u00e9voque sa m\u00e8re et son enfance (123-124)\u00a0: \u00ab\u00a0Ma m\u00e8re tenait son local rue Th\u00e9r\u00e8se 14 [\u2026] Je suis l\u2019enfant du Passage Choiseul pour l\u2019\u00e9cole et l\u2019\u00e9ducation, de Puteaux par Madame Jouhaux ma nourrice\u00a0\u00bb\u2026 Le saccage de son appartement, les tueries, les avions (125). \u00ab\u00a0J\u2019ai sauv\u00e9 [78 familles] 220 personnes\u00a0! Elles glapiraient plus l\u2019heure actuelle. La reconnaissance existe pas la d\u00e9licatesse non plus\u00a0\u00bb\u2026 (126). \u00ab\u00a0Je suis parti en pure gentillesse, chevalerie, altruerie voisine, j\u2019ai \u00e9chang\u00e9 personne pour moi, br\u00fbl\u00e9 personne\u00a0!\u00a0\u00bb\u2026 (127). Il reparle de sa m\u00e8re (128-130), \u00ab\u00a0enterr\u00e9e P\u00e8re-Lachaise all\u00e9e 14 division 20\u2026 Je voudrais bien un laisser-passer juste le temps d\u2019aller voir la dalle\u00a0\u00bb, son travail de denteli\u00e8re, avec un passage biff\u00e9 sur ses insomnies et sa \u00ab\u00a0nature trop soucieuse\u00a0\u00bb\u2026 \u00c0 la fin, cri de col\u00e8re contre ceux qui l\u2019emp\u00eachent de se rendre sur la tombe de sa m\u00e8re (131)\u00a0: \u00ab\u00a0Excr\u00e9ment\u00a0! qu\u2019ils disent hors patrie\u00a0! Ils ont que des mots durs. Allez tendrir ces Rhadamtis\u00a0\/ Rhadamantis, Cerb\u00e8res, Deiblers r\u00e9unis\u00a0!\u00a0\u00bb (p.\u00a0132, autre liste avec l\u2019Hydre de Lerne et Gorgone). Visite de l\u2019ambassadeur [Guy Girard de Charbonni\u00e8res] dit \u00ab\u00a0l\u2019Hortensia\u00a0\u00bb (133-134, le texte sera att\u00e9nu\u00e9 dans le livre)\u00a0: \u00ab\u00a0L\u2019assesseur de l\u2019Ambassade c\u2019est quelqu\u2019un un peu\u00a0! fol + que fol, ectoplasme ou cr\u00eape\u00a0! n\u00e8gre qu\u2019il est\u00a0! et Louis XV\u00a0! qu\u2019il dit\u2026 \u2013 Viens m\u2019enculer bandit\u2026 ton lys\u00a0! la France et les colonies\u00a0! Dieu commande\u00a0! [\u2026] Ils l\u2019ont envoy\u00e9 expr\u00e8s du Quai des Nerveux \u00e0 Paris\u2026 pers\u00e9cuteur pl\u00e9nipotentiaire assesseur\u2026 Alors tu seras d\u00e9capit\u00e9\u00a0! Tous les vices n\u2019est-ce pas\u00a0? Sadique. Sodomiste\u00a0! Il me dore pas la pilule. Il veut mon anus puis ma t\u00eate\u00a0\u00bb\u2026 Sortie sur <\/span><span style=\"font-family:Times New Roman;font-size:12pt;text-transform: uppercase;\">Brasillach<\/span><span style=\"font-family:Times New Roman;font-size:12pt;\"> (134-135)\u00a0: \u00ab\u00a0Vous me faites chier avec Brasillach il a pas eu le temps de s\u2019enrhumer, ils l\u2019ont fusill\u00e9 \u00e0 chaud\u00a0\u00bb\u2026 Tirade contre les ministres (135, les noms r\u00e9els seront chang\u00e9s dans le livre)\u00a0: \u00ab\u00a0Et Andr\u00e9 Marie bel plaisant, ce fut tout de m\u00eame un autre martyr\u00a0? op\u00e9rette ou pas\u00a0! et Monsieur Mayer des Vignettes\u00a0?\u00a0\u00bb\u2026 \u00c9vocation des prisonniers historiques (136-138), Blanqui, Barb\u00e8s Latude, Rip van Winkle, Capet, avec un d\u00e9veloppement ray\u00e9 sur les millions de gens en cages\u00a0: \u00ab\u00a0c\u2019est une vrai oisellerie et encore, de caquets \u00e0 cage, devenus aristophanesques\u00a0\u00bb\u00a0; et une r\u00e9vision des \u00e2ges de l\u2019humanit\u00e9, comprenant ici \u00ab\u00a0l\u2019\u00e2ge des tranch\u00e9es, l\u2019\u00e2ge des cieux, des t\u00e9l\u00e9phones\u00a0\u00bb, pour arriver \u00e0 \u00ab\u00a0l\u2019\u00e2ge des cages\u00a0\u00bb\u2026 Le r\u00e9gime de la prison (139-146), avec ses \u00ab\u00a0dix minutes \u00e0 l\u2019air pur par jour, 23\u00a0h 50 en t\u00e9n\u00e8bres\u00a0!\u00a0\u00bb, le vent et le gel en hiver, la brutalit\u00e9 des gardiens\u2026 \u00ab\u00a0Je me plains de la pellagre, des bourdonnements, des vertiges et de mon n\u00e9vrome du bras droit, de la guerre 14 la guerre\u00a0! Qui c\u2019est la faute la guerre 14\u00a0! T\u2019avais qu\u2019\u00e0 pas y aller sale con\u00a0! Voil\u00e0 la raison qui raisonne\u00a0!! Pas de tout de r\u00e9gime aust\u00e8re, soupirail, barreaux tabouret, ombre entendu\u00a0! mais morue des 2 fois par jour\u00a0! non j\u2019\u00e9l\u00e8ve pas de clameur sp\u00e9ciale\u00a0! Je me plains de mes invalidit\u00e9s \u00e0 moi et ma carne trop fr\u00eale. 57 ans de vaches efforts pas des h\u00e9ro\u00efsmes trop sublimes\u2026 Personne t\u2019a pri\u00e9 sale coucou\u00a0! [\u2026] Gr\u00e2ce aux 10 minutes de cage que la cachexie n\u2019a pas pris. [\u2026] La chiourme m\u2019a sauv\u00e9 la vie\u00a0\u00bb\u2026 Le fragment se termine sur l\u2019\u00e9vocation de la Sib\u00e9rie (146-149)\u00a0; \u00e0 la fin du dernier feuillet, C\u00e9line a ajout\u00e9 quatre lignes au stylo bille (et ajout\u00e9 le n\u00b0\u00a0150 en haut \u00e0 c\u00f4t\u00e9 du 149), avec cette derni\u00e8re phrase\u00a0: \u00ab\u00a0J\u2019ai l\u2019h\u00f4pital et je paye pas\u00a0!\u00a0\u00bb<\/span><\/p><\/div>\n<div class='upcp-prod-desc-custom-fields upcp-custom-field-list'><\/div><a class='upcp-catalogue-link'  href='\/index.php?rest_route=%2Fwp%2Fv2%2Fpages%2F3275&SingleProduct=4394' onclick='RecordView(4394);'><div id='prod-cat-details-link-4394' class='prod-cat-details-link upcp-list-details-link'><span class='upcp-details-text'>d\u00e9tails<\/span><span class='upcp-details-icon'>s<\/span><\/div>\n<\/a><\/div><\/div>\n<div id='prod-cat-list-item-4393' class='prod-cat-item upcp-list-item ' data-itemid='4393'>\n<div id='prod-cat-title-4393' class='prod-cat-title upcp-list-title upcp-list-action-Expand' onclick='ToggleItem(4393);'>100 Marcel AYM\u00c9 (1902-1967) \u00e9crivain<\/div>\n<div id='prod-cat-price-4393' class='prod-cat-price upcp-list-price' data-item_price='6\u00a0000  \u20ac' onclick='ToggleItem(4393);'><span class='full-price' itemprop='offers' itemscope itemtype='http:\/\/schema.org\/Offer'><span itemprop='price' content='6\u00a0000 '>6\u00a0000 <\/span><span itemprop='priceCurrency' content=''> \u20ac<\/span><\/span><\/div>\n<div id='prod-cat-details-4393' class='prod-cat-details upcp-list-details hidden-field'>\n<div id='prod-cat-thumb-div-4393' class='prod-cat-thumb-image-div upcp-list-image-div'><a class='upcp-catalogue-link'  href='\/index.php?rest_route=%2Fwp%2Fv2%2Fpages%2F3275&SingleProduct=4393' onclick='RecordView(4393);'><img src='http:\/\/www.lesautographes.com\/wp-content\/uploads\/2023\/10\/100.jpg' alt='100 Marcel AYM\u00c9 (1902-1967) \u00e9crivain Image' id='prod-cat-thumb-4393' class='prod-cat-thumb-image upcp-thumb-image'><\/a><\/div>\n<div id='prod-cat-desc-4393' class='prod-cat-desc upcp-list-desc'><p style=\"text-align:justify;margin-left:0pt;margin-right:0pt;margin-top:0pt;margin-bottom:0pt;\"><span style=\"font-family:Times New Roman;font-size:12pt;font-weight: bold;text-transform: uppercase;\">Manuscrit<\/span><span style=\"font-family:Times New Roman;font-size:12pt;font-weight: bold;\"> autographe sign\u00e9<\/span><span style=\"font-family:Times New Roman;font-size:12pt;\">, <\/span><span style=\"font-family:Times New Roman;font-size:12pt;font-weight: bold;font-style: italic;\">Le Probl\u00e8me<\/span><span style=\"font-family:Times New Roman;font-size:12pt;\">, [1946]\u00a0; 5 pages in-4 (fente r\u00e9par\u00e9e au dernier f.), mont\u00e9es sur onglets sur ff. de papier v\u00e9lin fort, reliure demi-percaline beige.<\/span><\/p><p style=\"text-align:justify;margin-left:0pt;margin-right:0pt;margin-top:0pt;margin-bottom:0pt;\"><span style=\"font-family:Times New Roman;font-size:12pt;font-weight: bold;text-transform: uppercase;\">Manuscrit complet d\u2019un des <\/span><span style=\"font-family:Times New Roman;font-size:12pt;font-weight: bold;font-style: italic;text-transform: uppercase;\">Contes du chat perch\u00e9<\/span><span style=\"font-family:Times New Roman;font-size:12pt;\">, publi\u00e9 par Gallimard en 1946 avec des illustrations de Nathalie <\/span><span style=\"font-family:Times New Roman;font-size:12pt;text-transform: uppercase;\">Parain<\/span><span style=\"font-family:Times New Roman;font-size:12pt;\">, et recueilli en 1958 dans les <\/span><span style=\"font-family:Times New Roman;font-size:12pt;font-style: italic;\">Derniers contes du chat perch\u00e9<\/span><span style=\"font-family:Times New Roman;font-size:12pt;\">, illustr\u00e9s par Lesly Queneau, puis dans <\/span><span style=\"font-family:Times New Roman;font-size:12pt;font-style: italic;\">Les Contes rouges du chat perch\u00e9<\/span><span style=\"font-family:Times New Roman;font-size:12pt;\">, illustr\u00e9s par Palayer, en 1963.<\/span><\/p><p style=\"text-align:justify;margin-left:0pt;margin-right:0pt;margin-top:0pt;margin-bottom:0pt;\"><span style=\"font-family:Times New Roman;font-size:12pt;\">Le manuscrit, \u00e0 l\u2019encre bleu nuit, de la minuscule \u00e9criture serr\u00e9e de Marcel Aym\u00e9 qui remplit toute la page, sans marge, pr\u00e9sente quelques ratures et corrections.<\/span><\/p><p style=\"text-align:justify;margin-left:0pt;margin-right:0pt;margin-top:0pt;margin-bottom:0pt;\"><span style=\"font-family:Times New Roman;font-size:12pt;font-weight: bold;\">Delphine et Marinette<\/span><span style=\"font-family:Times New Roman;font-size:12pt;\"> sont fort grond\u00e9es par leurs parents\u00a0: elles ne savent r\u00e9soudre le probl\u00e8me d\u2019arithm\u00e9tique impos\u00e9 par leur ma\u00eetresse\u00a0: d\u00e9terminer le nombre d\u2019arbres de chaque esp\u00e8ce plant\u00e9s dans les bois de la commune. Leur chien, qui compatit, sollicite pour elles l\u2019assistance de toutes les b\u00eates de la ferme, et c\u2019est le d\u00e9but d\u2019une aventure qui r\u00e9v\u00e8le les qualit\u00e9s sociales de chacune, et les aspirations \u00e0 l\u2019\u00e9ducation de plusieurs. Le lendemain, dans la salle de classe, malgr\u00e9 les protestations de la ma\u00eetresse, l\u2019inspecteur d\u2019acad\u00e9mie fait un triomphe aux fillettes et aux b\u00eates, dont l\u2019une, m\u00eame, recevra la croix d\u2019honneur...<\/span><\/p><p style=\"text-align:justify;margin-left:0pt;margin-right:0pt;margin-top:0pt;margin-bottom:0pt;\"><span style=\"font-family:Times New Roman;font-size:12pt;font-weight: bold;\">On a reli\u00e9 en t\u00eate une<\/span><span style=\"font-family:Times New Roman;font-size:12pt;\"> <\/span><span style=\"font-family:Times New Roman;font-size:12pt;font-weight: bold;\">L.A.S. d\u2019envoi<\/span><span style=\"font-family:Times New Roman;font-size:12pt;\"> \u00e0 une dame, 5 juillet 1947 (demi-page in-4)\u00a0: Marcel Aym\u00e9 envoie ces pages en f\u00e9licitant sa correspondante de son initiative en faveur de <\/span><span style=\"font-family:Times New Roman;font-size:12pt;font-weight: bold;\">V\u00e9zelay<\/span><span style=\"font-family:Times New Roman;font-size:12pt;\">. \u00ab\u00a0Je suis tr\u00e8s sensible \u00e0 l\u2019honneur que vous me faites en me demandant mon concours [...] Je souhaite \u00e0 votre g\u00e9n\u00e9reuse entreprise tout le succ\u00e8s qu\u2019elle m\u00e9rite\u00a0\u00bb...<\/span><\/p><\/div>\n<div class='upcp-prod-desc-custom-fields upcp-custom-field-list'><\/div><a class='upcp-catalogue-link'  href='\/index.php?rest_route=%2Fwp%2Fv2%2Fpages%2F3275&SingleProduct=4393' onclick='RecordView(4393);'><div id='prod-cat-details-link-4393' class='prod-cat-details-link upcp-list-details-link'><span class='upcp-details-text'>d\u00e9tails<\/span><span class='upcp-details-icon'>s<\/span><\/div>\n<\/a><\/div><\/div>\n<div id='prod-cat-list-item-4391' class='prod-cat-item upcp-list-item ' data-itemid='4391'>\n<div id='prod-cat-title-4391' class='prod-cat-title upcp-list-title upcp-list-action-Expand' onclick='ToggleItem(4391);'>098 Henri MATISSE (1869-1954) peintre<\/div>\n<div id='prod-cat-price-4391' class='prod-cat-price upcp-list-price' data-item_price='3\u00a0000  \u20ac' onclick='ToggleItem(4391);'><span class='full-price' itemprop='offers' itemscope itemtype='http:\/\/schema.org\/Offer'><span itemprop='price' content='3\u00a0000 '>3\u00a0000 <\/span><span itemprop='priceCurrency' content=''> \u20ac<\/span><\/span><\/div>\n<div id='prod-cat-details-4391' class='prod-cat-details upcp-list-details hidden-field'>\n<div id='prod-cat-thumb-div-4391' class='prod-cat-thumb-image-div upcp-list-image-div'><a class='upcp-catalogue-link'  href='\/index.php?rest_route=%2Fwp%2Fv2%2Fpages%2F3275&SingleProduct=4391' onclick='RecordView(4391);'><img src='http:\/\/www.lesautographes.com\/wp-content\/uploads\/2023\/10\/98.jpg' alt='098 Henri MATISSE (1869-1954) peintre Image' id='prod-cat-thumb-4391' class='prod-cat-thumb-image upcp-thumb-image'><\/a><\/div>\n<div id='prod-cat-desc-4391' class='prod-cat-desc upcp-list-desc'><p style=\"text-align:justify;margin-left:0pt;margin-right:0pt;margin-top:0pt;margin-bottom:0pt;\"><span style=\"font-family:Times New Roman;font-size:12pt;font-weight: bold;\">L.A.S.<\/span><span style=\"font-family:Times New Roman;font-size:12pt;\">, <\/span><span style=\"font-family:Times New Roman;font-size:12pt;font-weight: bold;\">Vence<\/span><span style=\"font-family:Times New Roman;font-size:12pt;\"> 2 <\/span><span style=\"font-family:Times New Roman;font-size:12pt;font-weight: bold;\">juillet 1944<\/span><span style=\"font-family:Times New Roman;font-size:12pt;\">, [<\/span><span style=\"font-family:Times New Roman;font-size:12pt;font-weight: bold;\">\u00e0 Henry de <\/span><span style=\"font-family:Times New Roman;font-size:12pt;font-weight: bold;text-transform: uppercase;\">Montherlant<\/span><span style=\"font-family:Times New Roman;font-size:12pt;text-transform: uppercase;\">]<\/span><span style=\"font-family:Times New Roman;font-size:12pt;\">\u00a0; 5 pages in-8. <\/span><\/p><p style=\"text-align:justify;margin-left:0pt;margin-right:0pt;margin-top:0pt;margin-bottom:0pt;\"><span style=\"font-family:Times New Roman;font-size:12pt;font-weight: bold;\">Longue lettre sur la fin de la guerre et sur ses gravures pour <\/span><span style=\"font-family:Times New Roman;font-size:12pt;font-weight: bold;font-style: italic;\">Pasipha\u00e9. Chant de Minos. (Les Cr\u00e9tois) <\/span><span style=\"font-family:Times New Roman;font-size:12pt;font-weight: bold;\">de Montherlant<\/span><span style=\"font-family:Times New Roman;font-size:12pt;\"> (publi\u00e9 par M. Fabiani, 1944).<\/span><\/p><p style=\"text-align:justify;margin-left:0pt;margin-right:0pt;margin-top:0pt;margin-bottom:0pt;\"><span style=\"font-family:Times New Roman;font-size:12pt;\">\u00ab\u00a0Je suis boulott\u00e9 par une inqui\u00e9tude sourde. Les derni\u00e8res nouvelles que j\u2019ai eu de mon fils par une lettre dat\u00e9e du 2 (il y a un mois) juin et re\u00e7ue le 13, me donnait des espoirs tr\u00e8s vagues [la Gestapo avait arr\u00eat\u00e9 en avril la femme de Matisse et leur fille, Marguerite Duthuit, pour faits de r\u00e9sistance]. Que se passe-t-il\u00a0? Que me cache-t-on\u00a0? Je n\u2019ai d\u2019autres distractions que celles de mon travail, de ma curiosit\u00e9 \u00e0 son sujet jamais \u00e9puis\u00e9e, mais avec la fatigue de nuits p\u00e9nibles sans sommeil, que puis-je faire. Vence est tranquille aussi relativement \u2013 de petits incidents comme avis de suppression de Radio-appareils rapport\u00e9 apr\u00e8s quelques jours et circulations de bobards les plus contradictoires venant des milieux inform\u00e9s. Grasse le serait moins. Ravitaillement suffisant. Le paysan est l\u00e0. Je me doute bien que Paris doit \u00eatre moins facile \u00e0 tous points de vue. Malgr\u00e9 cela je voudrais bien y \u00eatre, il me semble que je pourrais faire qq. chose pour <\/span><span style=\"font-family:Times New Roman;font-size:12pt;font-weight: bold;\">\u00e9claircir la situation des miens<\/span><span style=\"font-family:Times New Roman;font-size:12pt;\">\u00a0\u00bb\u2026 Il demande si Montherlant a re\u00e7u ses volumes, et il raconte ses d\u00e9boires avec des feuilles sur lesquelles il devait faire un dessin avec d\u00e9dicace \u00e0 R.S. \u00ab\u00a0Rien ne presse cependant car la vente en Su\u00e8de, pour attendre le meilleur moment, ne peut se faire qu\u2019\u00e0 l\u2019automne. Mais o\u00f9 serons-nous, comme vous dites. Je suis toujours un peu blagueur, excusez-m\u2019en. C\u2019est avec \u00e7a que je me d\u00e9fends des choses contraires. \u00c9crivez-moi un peu. Il n\u2019y a tout de m\u00eame pas que des tableaux noirs \u00e0 Paris. <\/span><span style=\"font-family:Times New Roman;font-size:12pt;font-weight: bold;\">Dites-moi si votre <\/span><span style=\"font-family:Times New Roman;font-size:12pt;font-weight: bold;font-style: italic;\">Pasipha\u00e9<\/span><span style=\"font-family:Times New Roman;font-size:12pt;font-weight: bold;\"> nouvellement habill\u00e9e en a jet\u00e9 un peu dans votre milieu. <\/span><span style=\"font-family:Times New Roman;font-size:12pt;text-transform: uppercase;\">Cocteau<\/span><span style=\"font-family:Times New Roman;font-size:12pt;\"> a-t-il eu l\u2019occasion de vous en parler. Je dis Cocteau parce que c\u2019est une couleur. <\/span><span style=\"font-family:Times New Roman;font-size:12pt;font-weight: bold;\">Je pense beaucoup \u00e0 mon travail, qui me console. Je l\u2019aime beaucoup au fond. C\u2019est le seul point solide que j\u2019ai trouv\u00e9 dans la vie<\/span><span style=\"font-family:Times New Roman;font-size:12pt;\"> \u2013 et puis c\u2019est la chose qui ne trompe pas \u2013 surtout pour qui comme nous n\u2019avons pas d\u2019interm\u00e9diaire. Je veux dire que, si nous ne comptons pas trop avec les autres, les contemporains, nous aurons ce que nous m\u00e9ritons. <\/span><span style=\"font-family:Times New Roman;font-size:12pt;font-weight: bold;\">Nos \u0153uvres sont nos meilleures enfants<\/span><span style=\"font-family:Times New Roman;font-size:12pt;\">\u00a0\u00bb\u2026<\/span><\/p><\/div>\n<div class='upcp-prod-desc-custom-fields upcp-custom-field-list'><\/div><a class='upcp-catalogue-link'  href='\/index.php?rest_route=%2Fwp%2Fv2%2Fpages%2F3275&SingleProduct=4391' onclick='RecordView(4391);'><div id='prod-cat-details-link-4391' class='prod-cat-details-link upcp-list-details-link'><span class='upcp-details-text'>d\u00e9tails<\/span><span class='upcp-details-icon'>s<\/span><\/div>\n<\/a><\/div><\/div>\n<\/div><div class='upcp-clear'><\/div>\n<\/div>\n<div class='upcp-clear'><\/div><div id='prod-cat-23' class='prod-cat detail-display hidden-field'>\n<div id='prod-cat-category-12' class='prod-cat-category upcp-detail-category'>\n<div id='prod-cat-category-label-12' class='prod-cat-category-label upcp-detail-category-label'><div class='prod-cat-category-name'>Catalogue 2023<\/div><\/div><div id='prod-cat-detail-item-4402' class='prod-cat-item upcp-detail-item ' data-itemid='4402'>\n<div id='prod-cat-detail-div-4402' class='prod-cat-thumb-image-div upcp-detail-image-div'><a class='upcp-catalogue-link'  href='\/index.php?rest_route=%2Fwp%2Fv2%2Fpages%2F3275&SingleProduct=4402' onclick='RecordView(4402);'><img src='http:\/\/www.lesautographes.com\/wp-content\/uploads\/2023\/10\/109.jpg' alt='109 Jacques PR\u00c9VERT (1900-1977) po\u00e8te Image' id='prod-cat-thumb-4402' class='prod-cat-thumb-image upcp-thumb-image'><\/a><\/div>\n<div id='prod-cat-mid-div-4402' class='prod-cat-mid-detail-div upcp-mid-detail-div'><a class='upcp-catalogue-link'  href='\/index.php?rest_route=%2Fwp%2Fv2%2Fpages%2F3275&SingleProduct=4402' onclick='RecordView(4402);'><div id='prod-cat-title-4402' class='prod-cat-title upcp-detail-title'>109 Jacques PR\u00c9VERT (1900-1977) po\u00e8te<\/div>\n<\/a><div id='prod-cat-desc-4402' class='prod-cat-desc upcp-detail-desc'>Collage original sur carte postale avec L.A.S. \u00e0 Alexandre Trauner\u00a0; carte postale (15 x 10,5 cm) recto-verso (encadr\u00e9e). Joli collage pour son ami le d\u00e9corateur de cin\u00e9ma.Alexandre Trauner (1906-1993) \u00e9tait un ami proche de Pr\u00e9vert, et son voisin \u00e0 Omonville-la-Petite (Manche), o\u00f9 ils reposent tous deux pour l\u2019\u00e9ternit\u00e9. Il a notamment r\u00e9alis\u00e9 les d\u00e9cors de Dr\u00f4le de drame, Quai des brumes, Les Visiteurs du soir, Les Enfants du paradis, etc.Sur une carte postale en couleurs repr\u00e9sentant la place Vend\u00f4me, \u00e0 Paris, Pr\u00e9vert a coll\u00e9 un grand ch\u00eane chromolithographi\u00e9 qui occulte la colonne Vend\u00f4me, un wagon de chemin de fer parmi les voitures gar\u00e9es, et un \u00e9l\u00e9phant g\u00e9ant qui traverse la place. Pr\u00e9vert a \u00e9crit une lettre au verso\u00a0: \u00ab\u00a0Cher Petit Trau. Piero [son fr\u00e8re Pierre Pr\u00e9vert] m\u2019a dit que tu allais venir en oui-quand\u00a0? Je pense \u00e0 toi et \u00e0 ton exposition. Il fait un temps magnifique par rapport aux temps d\u2019ailleurs. Quand tu passeras aux studios de Boulogne, demande \u00e0 voir \u201cJean Pierre, de Puteaux\u201d. C\u2019est un merveilleux menuisier mais il d\u00e9bute au cin\u00e9. C\u2019est un ami, aide-le. Il travaille avec Pierre Michaud dit Pierrot\u00a0\u00bb. La fin de la lettre avec la signature est sous le collage\u00a0: \u00ab\u00a0Affectueusement Jacques\u00a0\u00bb.<div class='upcp-prod-desc-custom-fields upcp-custom-field-details'><\/div><\/div>\n<\/div><div id='prod-cat-end-div-4402' class='prod-cat-end-detail-div upcp-end-detail-div'><div id='prod-cat-price-4402' class='prod-cat-price upcp-detail-price' data-item_price='3\u00a0500  \u20ac'><span class='full-price' itemprop='offers' itemscope itemtype='http:\/\/schema.org\/Offer'><span itemprop='price' content='3\u00a0500 '>3\u00a0500 <\/span><span itemprop='priceCurrency' content=''> \u20ac<\/span><\/span><\/div>\n<a class='upcp-catalogue-link'  href='\/index.php?rest_route=%2Fwp%2Fv2%2Fpages%2F3275&SingleProduct=4402' onclick='RecordView(4402);'><div id='prod-cat-details-link-4402' class='prod-cat-details-link upcp-detail-details-link'><span class='upcp-details-text'>d\u00e9tails<\/span><span class='upcp-details-icon'>s<\/span><\/div>\n<\/a><\/div><\/div>\n<div id='prod-cat-detail-item-4379' class='prod-cat-item upcp-detail-item ' data-itemid='4379'>\n<div id='prod-cat-detail-div-4379' class='prod-cat-thumb-image-div upcp-detail-image-div'><a class='upcp-catalogue-link'  href='\/index.php?rest_route=%2Fwp%2Fv2%2Fpages%2F3275&SingleProduct=4379' onclick='RecordView(4379);'><img src='http:\/\/www.lesautographes.com\/wp-content\/uploads\/2023\/10\/86.jpg' alt='086 Valery LARBAUD (1881-1957) \u00e9crivain Image' id='prod-cat-thumb-4379' class='prod-cat-thumb-image upcp-thumb-image'><\/a><\/div>\n<div id='prod-cat-mid-div-4379' class='prod-cat-mid-detail-div upcp-mid-detail-div'><a class='upcp-catalogue-link'  href='\/index.php?rest_route=%2Fwp%2Fv2%2Fpages%2F3275&SingleProduct=4379' onclick='RecordView(4379);'><div id='prod-cat-title-4379' class='prod-cat-title upcp-detail-title'>086 Valery LARBAUD (1881-1957) \u00e9crivain<\/div>\n<\/a><div id='prod-cat-desc-4379' class='prod-cat-desc upcp-detail-desc'>Manuscrit autographe, [Le Patron des traducteurs, 1929 (fragments)]\u00a0; 37 pages petit in-4 sur papier lign\u00e9 d\u2019un cahier d\u2019\u00e9colier \u00e0 couverture illustr\u00e9e Le Regioni d\u2019Italia. La Venezia, mont\u00e9es sur onglets avec texte imprim\u00e9 mont\u00e9 en regard du manuscrit, rel. demi-v\u00e9lin ivoire, pi\u00e8ce de titre au dos Les Voyages de saint J\u00e9r\u00f4me. Manuscrit partiel du beau texte sur Saint J\u00e9r\u00f4me, patron des traducteurs [publi\u00e9 dans la revue Commerce, cahier XXI, automne 1929, et repris avec modifications dans Sous l\u2019invocation de saint J\u00e9r\u00f4me (Gallimard, 1946) o\u00f9 il constitue la Premi\u00e8re Partie du recueil]. Ces fragments manuscrits correspondent \u00e0 7 des 20 sections de l\u2019Invocation (dont des coupures figurent en regard)\u00a0: xii, xiii (chiffr\u00e9es xi et xii, ici), xvi, xvii, xviii, xix et xx. Cette derni\u00e8re porte \u00e0 la fin la mention \u00ab\u00a0Finis\u00a0\u00bb. Certains feuillets sont \u00e9crits recto-verso, avec quelques corrections\u00a0; quelques-uns ont \u00e9t\u00e9 biff\u00e9s ou foliot\u00e9s au crayon vert, par Larbaud qui a not\u00e9, \u00e0 la fin de sa section xii\u00a0: \u00ab\u00a0reprendre \u00e0 la p. 9, \u00e0 la marque verte\u00a0\u00bb\u00a0; y figurent aussi quelques marques au crayon rouge. On rel\u00e8ve de nombreuses variantes, par rapport \u00e0 la version d\u00e9finitive de 1946\u00a0; notamment un d\u00e9veloppement \u00e0 la fin de la section xix, qui sera r\u00e9duit \u00e0 quelques lignes dans le texte publi\u00e9\u00a0: \u00ab\u00a0Mais un temps viendra o\u00f9 il [J\u00e9r\u00f4me] dira, en parlant des philosophes grecs\u00a0: \u201cQu\u2019y a-t-il chez eux de clair et de simple\u00a0?\u201d Un temps viendra o\u00f9 la beaut\u00e9 du texte paulinien le transportera d\u2019enthousiasme et lui inspirera des jugements comme celui-ci qui devance Bossuet\u00a0: \u201cChaque fois que je lis l\u2019ap\u00f4tre Paul, je crois entendre, non pas des mots, mais des coups de tonnerre.\u201d Et plus loin dans la m\u00eame Lettre\u00a0: \u201cOn se trouve en pr\u00e9sence de paroles simples et qu\u2019on dirait celles d\u2019un homme sans artifice, d\u2019un campagnard qui ne saurait ni tendre ni \u00e9viter es emb\u00fbches\u00a0; mais si vous regardez en arri\u00e8re, vous vous trouvez de toutes parts environn\u00e9 d\u2019\u00e9clairs.\u201d (\u201c... sed quocumque respexeris, fulmina sunt.\u201d) Or, le style de saint Paul est bien voisin de ce que nous appelons le \u201cstyle biblique\u201d, et il n\u2019est pas douteux que J\u00e9r\u00f4me a senti la beaut\u00e9 d\u2019Isa\u00efe, de Job, de J\u00e9r\u00e9mie, et des Psaumes, comme il a senti celle des \u00c9p\u00eetres. Et il a fait le miracle de la transposer en un latin qui est encore aujourd\u2019hui assez facilement accessible aux peuples de la Romania\u00a0\u00bb... En revanche, le manuscrit s\u2019ach\u00e8ve par une pri\u00e8re plus br\u00e8ve au patron des traducteurs, que celle de l\u2019Invocation\u00a0; on n\u2019y lit pas non plus le paragraphe par lequel se conclut l\u2019essai imprim\u00e9 (xx)\u00a0: \u00ab\u00a0\u00d4 Docteur excellent, lumi\u00e8re de la sainte \u00e9glise, bienheureux J\u00e9r\u00f4me, ami de la loi divine, je vais entreprendre un ouvrage tr\u00e8s difficile\u00a0; mais fortifi\u00e9 du secours de vos saintes pri\u00e8res, je me souviendrai de ce verset\u00a0: \u201cLe Seigneur donnera aux h\u00e9rauts de sa gloire une parole d\u2019une grande force\u201d\u00a0\u00bb...On a mont\u00e9 en t\u00eate la couverture de Sous l\u2019invocation de saint J\u00e9r\u00f4me.<div class='upcp-prod-desc-custom-fields upcp-custom-field-details'><\/div><\/div>\n<\/div><div id='prod-cat-end-div-4379' class='prod-cat-end-detail-div upcp-end-detail-div'><div id='prod-cat-price-4379' class='prod-cat-price upcp-detail-price' data-item_price='4\u00a0500  \u20ac'><span class='full-price' itemprop='offers' itemscope itemtype='http:\/\/schema.org\/Offer'><span itemprop='price' content='4\u00a0500 '>4\u00a0500 <\/span><span itemprop='priceCurrency' content=''> \u20ac<\/span><\/span><\/div>\n<a class='upcp-catalogue-link'  href='\/index.php?rest_route=%2Fwp%2Fv2%2Fpages%2F3275&SingleProduct=4379' onclick='RecordView(4379);'><div id='prod-cat-details-link-4379' class='prod-cat-details-link upcp-detail-details-link'><span class='upcp-details-text'>d\u00e9tails<\/span><span class='upcp-details-icon'>s<\/span><\/div>\n<\/a><\/div><\/div>\n<div id='prod-cat-detail-item-4378' class='prod-cat-item upcp-detail-item ' data-itemid='4378'>\n<div id='prod-cat-detail-div-4378' class='prod-cat-thumb-image-div upcp-detail-image-div'><a class='upcp-catalogue-link'  href='\/index.php?rest_route=%2Fwp%2Fv2%2Fpages%2F3275&SingleProduct=4378' onclick='RecordView(4378);'><img src='http:\/\/www.lesautographes.com\/wp-content\/uploads\/2023\/10\/85.jpg' alt='085 Francis POULENC (1899-1963) compositeur Image' id='prod-cat-thumb-4378' class='prod-cat-thumb-image upcp-thumb-image'><\/a><\/div>\n<div id='prod-cat-mid-div-4378' class='prod-cat-mid-detail-div upcp-mid-detail-div'><a class='upcp-catalogue-link'  href='\/index.php?rest_route=%2Fwp%2Fv2%2Fpages%2F3275&SingleProduct=4378' onclick='RecordView(4378);'><div id='prod-cat-title-4378' class='prod-cat-title upcp-detail-title'>085 Francis POULENC (1899-1963) compositeur<\/div>\n<\/a><div id='prod-cat-desc-4378' class='prod-cat-desc upcp-detail-desc'>Manuscrit musical autographe sign\u00e9, [Vocalise], 1928\u00a0; titre et 5 pages in-4.Vocalise pour chant et piano [FP\u00a044].La page de titre servant de couverture au manuscrit porte le titre\u00a0: Trois Airs sans paroles, avec la d\u00e9dicace\u00a0: \u00ab\u00a0\u00e0 la m\u00e9moire d\u2019Evelyne Br\u00e9lia\u00a0\u00bb (cantatrice belge, assassin\u00e9e en juillet 1928). Au bas de cette page, Poulenc a not\u00e9\u00a0: \u00ab\u00a0Je pr\u00e9f\u00e8re que le 1er air, plut\u00f4t qu\u2019un autre paraisse dans le recueil Hettich, \u00e0 cause de son allure plus scholastique. Francis Poulenc\u00a0\u00bb.Cette pi\u00e8ce (plus tard intitul\u00e9e Vocalise) porte ici le num\u00e9ro I biff\u00e9, et l\u2019indication Andante con moto\u00a0; elle est en si mineur \u00e0 3\/4.Le manuscrit, \u00e0 l\u2019encre noire sur papier \u00e0 16 lignes, pr\u00e9sente des corrections par grattage\u00a0; il est dat\u00e9 en fin \u00ab\u00a0mars 1928\u00a0\u00bb. Il a servi pour la gravure de l\u2019\u00e9dition chez Alphonse Leduc en 1929 dans le 9e volume du R\u00e9pertoire moderne de vocalises-\u00e9tudes, dirig\u00e9 par A.L. Hettich.La Vocalise fut cr\u00e9\u00e9e par Jane Bathori, avec Poulenc au piano, le 3 mars 1928, au Th\u00e9\u00e2tre du Vieux-Colombier.<div class='upcp-prod-desc-custom-fields upcp-custom-field-details'><\/div><\/div>\n<\/div><div id='prod-cat-end-div-4378' class='prod-cat-end-detail-div upcp-end-detail-div'><div id='prod-cat-price-4378' class='prod-cat-price upcp-detail-price' data-item_price='12\u00a0000  \u20ac'><span class='full-price' itemprop='offers' itemscope itemtype='http:\/\/schema.org\/Offer'><span itemprop='price' content='12\u00a0000 '>12\u00a0000 <\/span><span itemprop='priceCurrency' content=''> \u20ac<\/span><\/span><\/div>\n<a class='upcp-catalogue-link'  href='\/index.php?rest_route=%2Fwp%2Fv2%2Fpages%2F3275&SingleProduct=4378' onclick='RecordView(4378);'><div id='prod-cat-details-link-4378' class='prod-cat-details-link upcp-detail-details-link'><span class='upcp-details-text'>d\u00e9tails<\/span><span class='upcp-details-icon'>s<\/span><\/div>\n<\/a><\/div><\/div>\n<div id='prod-cat-detail-item-4377' class='prod-cat-item upcp-detail-item ' data-itemid='4377'>\n<div id='prod-cat-detail-div-4377' class='prod-cat-thumb-image-div upcp-detail-image-div'><a class='upcp-catalogue-link'  href='\/index.php?rest_route=%2Fwp%2Fv2%2Fpages%2F3275&SingleProduct=4377' onclick='RecordView(4377);'><img src='http:\/\/www.lesautographes.com\/wp-content\/uploads\/2023\/10\/83.jpg' alt='083 Andr\u00e9 MESSAGER (1853-1929) compositeur Image' id='prod-cat-thumb-4377' class='prod-cat-thumb-image upcp-thumb-image'><\/a><\/div>\n<div id='prod-cat-mid-div-4377' class='prod-cat-mid-detail-div upcp-mid-detail-div'><a class='upcp-catalogue-link'  href='\/index.php?rest_route=%2Fwp%2Fv2%2Fpages%2F3275&SingleProduct=4377' onclick='RecordView(4377);'><div id='prod-cat-title-4377' class='prod-cat-title upcp-detail-title'>083 Andr\u00e9 MESSAGER (1853-1929) compositeur<\/div>\n<\/a><div id='prod-cat-desc-4377' class='prod-cat-desc upcp-detail-desc'>Manuscrit musical autographe, [L\u2019Amour masqu\u00e9, vers 1923]\u00a0; 420 pages grand in-fol. plus qqs ff. vierges. Partition d\u2019orchestre, compl\u00e8te, de L\u2019Amour masqu\u00e9, com\u00e9die musicale de Sacha Guitry.L\u2019Amour masqu\u00e9, com\u00e9die musicale en 3 actes et en vers libres de Sacha Guitry, cr\u00e9\u00e9e au Th\u00e9\u00e2tre \u00c9douard VII le 15 f\u00e9vrier 1923 avec Guitry (Lui) et Yvonne Printemps (Elle) dans les premiers r\u00f4les, et sous la direction musicale de Messager lui-m\u00eame. D\u2019Yvonne Printemps, qui rendit c\u00e9l\u00e8bres les fameux couplets\u00a0: \u00ab\u00a0J\u2019ai deux amants\u00a0\u00bb, Messager dira\u00a0: \u00ab\u00a0Mademoiselle Yvonne Printemps est une artiste admirable. Elle n\u2019avait jamais \u00e9t\u00e9 entendue dans une \u0153uvre lyrique de cette importance\u2026 Beaucoup de cantatrices pourraient prendre exemple sur elle\u00a0\u00bb.\u00ab\u00a0Elle\u00a0\u00bb, jeune cocotte de vingt ans, est entretenue par deux riches amants, le Baron d\u2019Agnot et un Maharadjah. Mais elle est tomb\u00e9e amoureuse d\u2019un jeune inconnu, au vu d\u2019un portrait qu\u2019elle a d\u00e9rob\u00e9 chez un photographe. Or la photo est ancienne, et \u00ab\u00a0Lui\u00a0\u00bb a maintenant quarante-cinq ans. Lui se rend chez Elle pour r\u00e9cup\u00e9rer la photo\u00a0; Elle le prend pour le p\u00e8re du jeune homme, dont elle accepte l\u2019invitation \u00e0 un bal masqu\u00e9, en costumes birmans, pour le soir m\u00eame. Lors de la f\u00eate, Elle charge ses deux soubrettes, habill\u00e9es comme leur ma\u00eetresse, de s\u2019occuper du Baron et du Maharadjah, tandis qu\u2019Elle passera la nuit avec le pr\u00e9tendu jeune homme. &nbsp;Lui, tout heureux de sa nuit, ne pensera qu\u2019\u00e0 garder sa ma\u00eetresse\u00a0; quant \u00e0 elle, elle aura ses deux amants, le p\u00e8re et le fils, en une seule personne.Gabriel Faur\u00e9 a salu\u00e9 l\u2019esprit et le charme de cette \u00ab\u00a0musique si personnelle et qui reste de l\u2019exquise musique, m\u00eame dans la bouffonnerie la plus vive\u00a0\u00bb.Dans sa pi\u00e8ce publi\u00e9e, Guitry rendit hommage \u00e0 la \u00ab\u00a0musique incomparable et d\u2019ailleurs n\u00e9cessaire de Andr\u00e9 Messager\u00a0\u00bb. L\u2019\u00e9dition originale de la partition (chant et piano) parut en 1923 aux \u00c9ditions Francis Salabert, ainsi que divers extraits, tels que le tango, la valse-h\u00e9sitation, la chanson des bonnes, le chant birman, etc., pour chant et piano ou arrang\u00e9s pour orchestre avec piano conducteur.Cette partition d\u2019orchestre est r\u00e9alis\u00e9e par Messager \u00e0 l\u2019encre noire ou \u00e0 l\u2019encre bleue, sur des bifeuillets de papier \u00e0 18 lignes. Pour la plupart des num\u00e9ros, la ligne vocale et les paroles ont \u00e9t\u00e9 au pr\u00e9alable \u00e9crites par un copiste d\u2019apr\u00e8s le manuscrit chant-piano [conserv\u00e9 \u00e0 la Pierpont Morgan Library], ainsi que les armatures, pour permettre au compositeur de r\u00e9aliser lui-m\u00eame l\u2019orchestration. La pagination et la num\u00e9rotation des airs t\u00e9moignent d\u2019ajouts et remaniements, ainsi que quelques ratures et corrections et des passages biff\u00e9s. Le manuscrit a servi de conducteur pour la direction d\u2019orchestre, comme l\u2019attestent des notes au crayon\u00a0: avec fins ou d\u00e9buts de r\u00e9pliques, entr\u00e9es ou sorties et lever ou baisser de rideau (\u00ab\u00a0Le lever \u00e0 la sortie de M. Guitry\u00a0\u00bb en t\u00eate du n\u00b0 6).Ouverture (16\u00a0pages), enti\u00e8rement autographe, marqu\u00e9e All\u00b0 vivace. L\u2019orchestre comprend\u00a0: fl\u00fbte, hautbois, clarinettes, basson, cors en fa, piano, 1ers et 2ds violons, altos, violoncelles et contrebasses.Acte I (chaque num\u00e9ro a sa propre pagination)\u00a0: \u2013 N\u00b0\u00a01, Allegretto (27\u00a0p.), Les deux Servantes\u00a0: \u00ab\u00a0Veuillez accepter quelques roses\u00a0\u00bb, puis Elle\u00a0: \u00ab\u00a0Vingt ans\u00a0! vingt ans\u00a0! D\u00e9j\u00e0 vingt ans\u00a0!\u00a0\u00bb\u2026 \u2013 N\u00b0\u00a02, Vivement (10\u00a0p.), les fameux couplets d\u2019Elle\u00a0: \u00ab\u00a0\u00ab\u00a0J\u2019ai deux amants\u00a0\u00bb\u2026 \u2013 N\u00b0\u00a03, Mt de Tango (12\u00a0p.), air du Baron\u00a0: \u00ab\u00a0Valentine a perdu la t\u00eate\u00a0\u00bb\u2026 \u2013 N\u00b04, Molto Modto (58p.), Quintette (Elle, l\u2019Interpr\u00e8te, le Maharadjah, les deux Servantes)\u00a0: \u00ab\u00a0Kartoum belefft\u00a0\u00bb\u2026 \u2013 N\u00b0\u00a05, Andte (20\u00a0p.), air d\u2019Elle\u00a0: \u00ab\u00a0Toute l\u2019histoire en quatre mots [\u2026] J\u2019avais un r\u00eave assur\u00e9ment\u00a0\u00bb\u2026 \u2013 N\u00b0\u00a06, All\u00b0 (mouvt de Valse) (9\u00a0p.), [Final], air d\u2019Elle\u00a0: \u00ab\u00a0\u00ab\u00a0Je m\u2019\u00e9tais jur\u00e9 qu\u2019\u00e0 vingt ans\u00a0\u00bb\u2026 (au dos du dernier feuillet, le d\u00e9but de l\u2019acte II a \u00e9t\u00e9 biff\u00e9).Acte II (pagination discontinue, qui t\u00e9moigne de remaniements)\u00a0: \u2013 1er Entracte (p. 1-7), enti\u00e8rement autographe, Mouvt de Valse. \u2013 N\u00b0\u00a07, All\u00b0 (p.\u00a0[10]-23), couplets d\u2019Elle et les Servantes\u00a0: \u00ab\u00a0Depuis l\u2019histoire de la pomm\u2019\u00a0\u00bb\u2026 (au verso du dernier f., le d\u00e9but du n\u00b0\u00a08 est biff\u00e9). \u2013 N\u00b0\u00a07\u00a0bis, All\u00b0 (3\u00a0p. non chiffr\u00e9es), air d\u2019Elle\u00a0: \u00ab\u00a0Que si l\u2019plus grand plaisir de l\u2019homme est de s\u2019offrir le corps des femm\u2019\u00a0\u00bb\u2026 \u2013 N\u00b0\u00a08, All\u00b0 (p.\u00a024-44), ch\u0153ur (les Dames, les Hommes)\u00a0: \u00ab\u00a0F\u00eate charmante\u00a0\u00bb\u2026 \u2013 N\u00b0\u00a08 bis, Sortie (avec reprise du ch\u0153ur) (p.\u00a045-50). \u2013 N\u00b0\u00a09, All\u00b0 (p.\u00a051-72), Duo, Lui (parl\u00e9) et Elle\u00a0: \u00ab\u00a0Entre tes bras que tu me tends\u00a0\u00bb\u2026 \u2013 N\u00b0\u00a010 (\u00e0 l\u2019origine 9\u00a0bis [la num\u00e9rotation des num\u00e9ros suivants en sera modifi\u00e9e] (12\u00a0p. non ch.), enti\u00e8rement autographe, chanson du Baron\u00a0: \u00ab\u00a0J\u2019aim\u2019 pas les bonn\u2019\u00a0\u00bb\u2026 \u2013 N\u00b0\u00a011, Moderato (ma con moto), enti\u00e8rement autographe (15\u00a0p.), air du Maharadjah\u00a0: \u00ab\u00a0D\u2019une voix tr\u00e8s douce et chantante\u00a0\u00bb\u2026 [qui deviendra, avec des paroles de fantaisie, le \u00ab\u00a0Chant Birman\u00a0\u00bb\u00a0: \u00ab\u00a0Lalla vabim\u00a0\u00bb\u2026] \u2013 N\u00b0\u00a012, All\u00b0 (p.\u00a053-82), ensemble (le ma\u00eetre d\u2019h\u00f4tel, les invit\u00e9s et l\u2019Interpr\u00e8te)\u00a0: &nbsp;\u00ab\u00a0Messieurs les invit\u00e9s\u00a0\u00bb\u2026, puis \u00ab\u00a0 \u00c0 table\u00a0\u00bb\u2026, et \u00ab\u00a0Le Koutchiska c\u2019est le ragout\u00a0\u00bb\u2026. \u2013 N\u00b0\u00a013, Alltto (p.83-98), \u00ab\u00a0Couplets du charme\u00a0\u00bb par Elle\u00a0: \u00ab\u00a0Il est un pouvoir dont le temps\u00a0\u00bb\u2026 \u2013 N\u00b0\u00a014, \u00ab\u00a0Final\u00a0\u00bb, Modto (pag. 1-42), ensemble\u00a0: \u00ab\u00a0\u00ab\u00a0Excusez-nous si nous partons\u00a0\u00bb\u2026Acte III (pagination discontinue, qui t\u00e9moigne de remaniements)\u00a0: \u2013 2e Entr\u2019acte (pag. 1-9), enti\u00e8rement autographe, marqu\u00e9 Con moto. \u2013 N\u00b0\u00a015 (pag. 99-108), Lui accompagn\u00e9 par un \u00ab\u00a0Violon solo\u00a0\u00bb\u00a0: \u00ab\u00a0Ah\u00a0! quelle nuit\u00a0! Quelle ma\u00eetresse\u00a0!\u00a0\u00bb\u2026 \u2013 N\u00b0\u00a016 (19\u00a0p.), Quatuor (l\u2019Interpr\u00e8te, Elle et les deux Servantes), marqu\u00e9 All\u00b0 molto moderato\u00a0: \u00ab\u00a0Le Maradjah m\u2019disait\u00a0\u00bb\u2026 \u2013 N\u00b0\u00a017, Couplets, marqu\u00e9 Allegro, enti\u00e8rement autographe (8\u00a0p.), Le Baron\u00a0: \u00ab\u00a0Ah\u00a0! quelle nuit\u00a0! Quelle ma\u00eetresse\u00a0!\u00a0\u00bb\u2026 \u2013 N\u00b018 (9\u00a0p.), Andte (assez lent), romance d\u2019Elle\u00a0: \u00ab\u00a0Pourquoi m\u2019en \u00e9crire un volume\u00a0?\u00a0\u00bb\u2026 \u2013 N\u00b0\u00a019, Duetto marqu\u00e9 All\u00b0 non troppo (15\u00a0p.), 1\u00e8re Servante et l\u2019Interpr\u00e8te\u00a0: \u00ab\u00a0Excellente combinaison\u00a0\u00bb\u2026 \u2013 N\u00b0\u00a020, Final, enti\u00e8rement autographe (7\u00a0p.), All\u00b0 molto, l\u2019introduction instrumentale (36 mesures) a \u00e9t\u00e9 biff\u00e9e au crayon bleu\u00a0; puis air d\u2019Elle\u00a0: \u00ab\u00a0J\u2019ai deux amants, c\u2019est beaucoup mieux. L\u2019un est tr\u00e8s jeune quand je veux Et l\u2019autre est le Monsieur s\u00e9rieux\u00a0\u00bb\u2026&nbsp;<div class='upcp-prod-desc-custom-fields upcp-custom-field-details'><\/div><\/div>\n<\/div><div id='prod-cat-end-div-4377' class='prod-cat-end-detail-div upcp-end-detail-div'><div id='prod-cat-price-4377' class='prod-cat-price upcp-detail-price' data-item_price='7\u00a0500  \u20ac'><span class='full-price' itemprop='offers' itemscope itemtype='http:\/\/schema.org\/Offer'><span itemprop='price' content='7\u00a0500 '>7\u00a0500 <\/span><span itemprop='priceCurrency' content=''> \u20ac<\/span><\/span><\/div>\n<a class='upcp-catalogue-link'  href='\/index.php?rest_route=%2Fwp%2Fv2%2Fpages%2F3275&SingleProduct=4377' onclick='RecordView(4377);'><div id='prod-cat-details-link-4377' class='prod-cat-details-link upcp-detail-details-link'><span class='upcp-details-text'>d\u00e9tails<\/span><span class='upcp-details-icon'>s<\/span><\/div>\n<\/a><\/div><\/div>\n<div id='prod-cat-detail-item-4376' class='prod-cat-item upcp-detail-item ' data-itemid='4376'>\n<div id='prod-cat-detail-div-4376' class='prod-cat-thumb-image-div upcp-detail-image-div'><a class='upcp-catalogue-link'  href='\/index.php?rest_route=%2Fwp%2Fv2%2Fpages%2F3275&SingleProduct=4376' onclick='RecordView(4376);'><img src='http:\/\/www.lesautographes.com\/wp-content\/uploads\/2023\/10\/82.jpg' alt='082 Pierre DRIEU LA ROCHELLE (1893-1945) \u00e9crivain Image' id='prod-cat-thumb-4376' class='prod-cat-thumb-image upcp-thumb-image'><\/a><\/div>\n<div id='prod-cat-mid-div-4376' class='prod-cat-mid-detail-div upcp-mid-detail-div'><a class='upcp-catalogue-link'  href='\/index.php?rest_route=%2Fwp%2Fv2%2Fpages%2F3275&SingleProduct=4376' onclick='RecordView(4376);'><div id='prod-cat-title-4376' class='prod-cat-title upcp-detail-title'>082 Pierre DRIEU LA ROCHELLE (1893-1945) \u00e9crivain<\/div>\n<\/a><div id='prod-cat-desc-4376' class='prod-cat-desc upcp-detail-desc'>18 L.A.S., 1921-[1937], \u00e0 Daniel Hal\u00e9vy (une \u00e0 Madame)\u00a0; 26 pages formats divers mont\u00e9es sur onglets sur des feuillets de papier v\u00e9lin fort, quelques adresses, en un volume in-4 dos box gris.Importante correspondance litt\u00e9raire et politique, autour de la publication de Mesure de la France (d\u00e9cembre 1922), et t\u00e9moignant du respect que Drieu portait \u00e0 son a\u00een\u00e9, directeur des \u00ab\u00a0Cahiers verts\u00a0\u00bb chez Grasset.[Paris 11 f\u00e9vrier 1921]. Il viendra chez Hal\u00e9vy\u00a0: \u00ab\u00a0Pour plusieurs raisons je serai content de me trouver en face de vous\u00a0\u00bb... [7 mars]. \u00ab\u00a0J\u2019\u00e9tais en Angleterre au moment o\u00f9 vous m\u2019avez rappel\u00e9 votre invitation \u00e0 laquelle je me serais rendu avec un vrai plaisir\u00a0\u00bb... [18 mars]. \u00ab\u00a0Je crains de ne pouvoir venir avec Jean Bernier qui est en Province pour quelque temps encore\u00a0\u00bb...Klobenstein 6 mai 1922. Il envoie \u00e0 son fr\u00e8re le manuscrit de La Mesure de la France, pour qu\u2019il le fasse dactylographier, et il interroge Hal\u00e9vy sur les d\u00e9lais, et divers points\u00a0: \u00ab\u00a01\u00b0) L\u2019article vous pla\u00eet-il dans le titre\u00a0? 2\u00b0) Faut-il mettre des titres dans le texte de la mesure et de citoyens 3\u00b0) Croyez-vous que j\u2019aie assez retravaill\u00e9 ces deux morceaux qui n\u2019en forment plus qu\u2019un seul. 4\u00b0) La pr\u00e9face est-elle utile\u00a0? suffisante\u00a0? 5\u00b0) Je crois que l\u2019habitude des Cahiers Verts est d\u2019ouvrir chaque cahier par une note introductrice. Voulez-vous me faire l\u2019honneur de la r\u00e9diger\u00a0?\u00a0\u00bb... Il interroge Hal\u00e9vy sur le rapprochement germano-sovi\u00e9tique\u00a0: \u00ab\u00a0Le trait\u00e9 de Rapallo ne vous angoisse-t-il pas\u00a0? La politique de Poincar\u00e9 tardive, inefficace ne vaut rien\u00a0? Il faudrait franchement faire la part du feu\u00a0\u00bb... Paris [25 mai]. \u00ab\u00a0Des \u00e9v\u00e9nements fortuits (et principalement la mauvaise sant\u00e9 de mon p\u00e8re) m\u2019ont oblig\u00e9 \u00e0 rentrer \u00e0 Paris. Les copies que m\u2019avait envoy\u00e9es mon fr\u00e8re voyagent encore. Est-il encore temps pour corriger la copie qui est entre vos mains\u00a0\u00bb... [D\u00e9but septembre]. \u00ab\u00a0D\u2019abord, faut-il vous f\u00e9liciter de ce petit signe rouge\u00a0? J\u2019ai trop d\u2019estime pour vos qualit\u00e9s les plus hautes pour oser croire que vous \u00eates bien sensible \u00e0 cette marque gouvernementale. Et pourtant c\u2019est rafra\u00eechissant de penser que dans les hauts lieux on se rend compte de l\u2019importance exemplaire de votre \u0153uvre et de votre vie\u00a0\u00bb... Il demande aussi des nouvelles de la publication de son \u00ab\u00a0petit bouquin\u00a0\u00bb... [Septembre]. \u00ab\u00a0Merci d\u2019avoir encore retouch\u00e9 cette pr\u00e9face dont quelques petits d\u00e9tails qui m\u2019ont accroch\u00e9 ne peuvent me cacher le mouvement d\u2019ensemble qui me porte g\u00e9n\u00e9reusement en avant. Au fond il sort de notre petit d\u00e9bat une le\u00e7on assez comique qui confirme bien ce que vous dites des difficult\u00e9s de compr\u00e9hension d\u2019une g\u00e9n\u00e9ration \u00e0 l\u2019autre\u00a0\u00bb... 25 septembre. Il remercie Hal\u00e9vy du soin qu\u2019il a pris de son \u00ab\u00a0informe copie\u00a0\u00bb, qu\u2019il aurait d\u00fb mieux corriger\u00a0: \u00ab\u00a0Mais il y a beaucoup de n\u00e9gligences de premier jet qui auraient encore \u00e9chapp\u00e9 \u00e0 ma r\u00e9vision. Vous verrez que presque partout j\u2019ai souscrit \u00e0 vos observations\u00a0\u00bb... Il demande de secondes \u00e9preuves \u00e0 Hy\u00e8res... Jeudi [octobre\u00a0?]. Tr\u00e8s reconnaissant de sa vigoureuse pr\u00e9face, il craint n\u00e9anmoins de ne pas l\u2019avoir renseign\u00e9 exactement\u00a0: \u00ab\u00a01\u00b0) au sujet des dadas. Les mots \u201cextravagance d\u00e9bile\u201d me heurtent. Je ne crois pas qu\u2019ils soient d\u00e9biles, ni m\u00eame qu\u2019ils voguent bien loin d\u2019un centre de pr\u00e9occupation commun \u00e0 nous tous\u00a0\u00bb... \u00ab\u00a02\u00b0) Je n\u2019ai jamais fr\u00e9quent\u00e9 les communistes, ni retrouv\u00e9 parmi eux Lefebvre. Mais au contraire, parce que j\u2019avais gard\u00e9 un contact intermittent avec Lef. j\u2019ai \u00e9t\u00e9 amen\u00e9 \u00e0 former des vues sur le milieu communiste o\u00f9 je ne connais personne et o\u00f9 personne ne m\u2019attire. De m\u00eame j\u2019ignorerais royalement Clart\u00e9 si Bernier n\u2019\u00e9tait pas mon ami. J\u2019ai suivi bien plus attentivement le mouvement d\u2019A.F. que celui de Clart\u00e9\u00a0\u00bb... Dada\u00efsme et communisme ne sont que deux choses entre dix auxquels il a port\u00e9 son regard, et il dirige celui-ci plus que Hal\u00e9vy ne le laisse entendre\u00a0: \u00ab\u00a0Je crois que dans Interrogation, Fond de cantine et \u00c9tat-Civil, il y a un d\u00e9veloppement coh\u00e9rent de m\u00e9ditation sur la guerre et sur la vie moderne\u00a0\u00bb... Benjamin Cr\u00e9mieux a reconnu cette continuit\u00e9 et cette direction dans un article de la N.R.F\u2026 [Novembre\u00a0?]. Renvoi de Mesure de la France, encore r\u00e9vis\u00e9, avec pri\u00e8re de faire imprimer son nom sans son pr\u00e9nom\u00a0; il aimerait une traduction anglaise...22 f\u00e9vrier 1923. \u00ab\u00a0Le Grix me demande pour la Revue Hebdomadaire de provoquer les r\u00e9flexions de quelques Fran\u00e7ais sur le fascisme. Est-ce que samedi, vers deux heures et demie je pourrais vous \u201cinterviewer\u201d pendant un bon moment\u00a0?\u00a0\u00bb... 21 avril. L\u2019article d\u2019Hal\u00e9vy dans la Revue de Gen\u00e8ve l\u2019emplit du \u00ab\u00a0sentiment fortifiant et d\u00e9licieux de notre entente\u00a0\u00bb\u00a0; il appr\u00e9cie les \u00ab\u00a0alliances intellectuelles\u00a0\u00bb tiss\u00e9es par Hal\u00e9vy. \u00ab\u00a0Il y a, en d\u00e9pit de tous nos soucis et de tous nos doutes, en France un groupe d\u2019hommes de bonne volont\u00e9. Il y a vous, il y a Jacques Rivi\u00e8re, il y a moi qui red\u00e9bouchons ces avenues par o\u00f9 la France peut sortir d\u2019elle-m\u00eame et \u00e9chapper \u00e0 l\u2019obsession historique dont ses meilleurs gardiens veulent l\u2019\u00e9touffer\u00a0\u00bb... Ainsi il pousse Rivi\u00e8re \u00e0 publier une conf\u00e9rence faite en Suisse pour contribuer \u00e0 maintenir la fonction europ\u00e9enne de la France... Il voudrait aussi entretenir Hal\u00e9vy de deux livres am\u00e9ricains\u00a0: Babbit, \u00ab\u00a0un roman de Sinclair Lewis qui a eu un \u00e9norme succ\u00e8s et qui est une tr\u00e8s compl\u00e8te et tr\u00e8s solide critique de la civil. am\u00e9r.\u00a0\u00bb, et The Waste Land de T.S. Eliot, \u00ab\u00a0r\u00e9cent chef-d\u2019\u0153uvre du meilleur po\u00e8te am\u00e9ricain et qui me para\u00eet \u00eatre la somme intellectuelle, sentimentale et lyrique de notre \u00e9poque en 433 vers. J\u2019\u00e9cris des nouvelles [Plainte contre inconnu], un roman [L\u2019Homme couvert de femmes] qui satisferont je crois vos pressentiments sur un c\u00f4t\u00e9 de mon esprit. Bernier ach\u00e8ve son roman qui me donne de plus en plus d\u2019espoir\u00a0\u00bb... 8 novembre. Envoi d\u2019un article\u00a0: \u00ab\u00a0J\u2019ai \u00e9crit cette note sur Vauban dans le feu de l\u2019int\u00e9r\u00eat que je ressentais pour ce livre exemplaire et avec cette absence de prudence dont je jouis tant quand je suis en face de quelqu\u2019un qui peut tout comprendre\u00a0\u00bb...15 janvier 1930. Trois D\u00eeners [chez Gambetta, de Ludovic Hal\u00e9vy, publi\u00e9 et annot\u00e9 par Daniel Hal\u00e9vy], est \u00ab\u00a0un petit morceau exquis. [\u2026] quelle tape pour Gambetta\u00a0! Au milieu de tous les plaisants prestiges dont le pare Ludovic Hal\u00e9vy\u00a0: \u00e9loquence et bonne volont\u00e9 litt\u00e9raire, honn\u00eatet\u00e9 et patriotisme, na\u00eff orgueil et vaniteuse bonhomie, c\u2019est le faux grand homme dans toute son horreur qui nous appara\u00eet\u00a0! Et comme je suis choqu\u00e9 par ce m\u00e9pris m\u00e9ridional pour la libert\u00e9 qu\u2019on sent chez ce dictateur manqu\u00e9. Il faudrait \u00e9crire un livre contre l\u2019influence des Italiens sur la polit. fran\u00e7aise\u00a0: les M\u00e9dicis (longue s\u00e9quelle), Mazarin, Bonaparte, Gambetta, Blanqui, Napol\u00e9on III, et les Corses\u00a0\u00bb... Il parle de l\u2019\u00e9volution de sa com\u00e9die [L\u2019Eau fra\u00eeche] depuis sa lecture, et regrette de ne pouvoir donner son essai, \u00ab\u00a0L\u2019Art est action\u00a0\u00bb, aux Cahiers verts\u00a0: \u00ab\u00a0d\u00e9cid\u00e9ment c\u2019est trop tard\u00a0\u00bb... Cap-Ferrat juillet. Condol\u00e9ances\u00a0: \u00ab\u00a0J\u2019avais rencontr\u00e9 votre m\u00e8re deux ou trois fois, et elle m\u2019avait vivement frapp\u00e9\u00a0\u00bb... Plus quelques r\u00e9ponses \u00e0 des invitations, etc.On a joint 4 l.a.s. de Jean Bernier (1894-1975) \u00e0 D. Hal\u00e9vy, 1921-1923\u00a0; et la coupure de l\u2019article que Drieu consacra au Vauban d\u2019Hal\u00e9vy dans la Nouvelle Revue Fran\u00e7aise du 1er octobre 1923.<div class='upcp-prod-desc-custom-fields upcp-custom-field-details'><\/div><\/div>\n<\/div><div id='prod-cat-end-div-4376' class='prod-cat-end-detail-div upcp-end-detail-div'><div id='prod-cat-price-4376' class='prod-cat-price upcp-detail-price' data-item_price='4\u00a0500  \u20ac'><span class='full-price' itemprop='offers' itemscope itemtype='http:\/\/schema.org\/Offer'><span itemprop='price' content='4\u00a0500 '>4\u00a0500 <\/span><span itemprop='priceCurrency' content=''> \u20ac<\/span><\/span><\/div>\n<a class='upcp-catalogue-link'  href='\/index.php?rest_route=%2Fwp%2Fv2%2Fpages%2F3275&SingleProduct=4376' onclick='RecordView(4376);'><div id='prod-cat-details-link-4376' class='prod-cat-details-link upcp-detail-details-link'><span class='upcp-details-text'>d\u00e9tails<\/span><span class='upcp-details-icon'>s<\/span><\/div>\n<\/a><\/div><\/div>\n<div id='prod-cat-detail-item-4373' class='prod-cat-item upcp-detail-item ' data-itemid='4373'>\n<div id='prod-cat-detail-div-4373' class='prod-cat-thumb-image-div upcp-detail-image-div'><a class='upcp-catalogue-link'  href='\/index.php?rest_route=%2Fwp%2Fv2%2Fpages%2F3275&SingleProduct=4373' onclick='RecordView(4373);'><img src='http:\/\/www.lesautographes.com\/wp-content\/uploads\/2023\/10\/79.jpg' alt='079 Andr\u00e9 BRETON (1896-1966) po\u00e8te Image' id='prod-cat-thumb-4373' class='prod-cat-thumb-image upcp-thumb-image'><\/a><\/div>\n<div id='prod-cat-mid-div-4373' class='prod-cat-mid-detail-div upcp-mid-detail-div'><a class='upcp-catalogue-link'  href='\/index.php?rest_route=%2Fwp%2Fv2%2Fpages%2F3275&SingleProduct=4373' onclick='RecordView(4373);'><div id='prod-cat-title-4373' class='prod-cat-title upcp-detail-title'>079 Andr\u00e9 BRETON (1896-1966) po\u00e8te<\/div>\n<\/a><div id='prod-cat-desc-4373' class='prod-cat-desc upcp-detail-desc'>Manuscrit autographe de 4 po\u00e8mes, Po\u00e8mes, [1919\u00a0?]\u00a0; 4\u00a0pages in-4.Beau manuscrit de trois po\u00e8mes du premier livre d\u2019Andr\u00e9 Breton, et du po\u00e8me Tournesol.Mont-de-pi\u00e9t\u00e9, rassemblant 15 po\u00e8mes compos\u00e9s entre 1913 et 1919, a \u00e9t\u00e9 publi\u00e9 en juin 1919 au Sans Pareil, avec deux dessins d\u2019Andr\u00e9 Derain, \u00e0 qui est consacr\u00e9 le premier po\u00e8me de ce manuscrit.Le manuscrit, soigneusement \u00e9crit \u00e0 l\u2019encre bleue au recto de 4 feuillets, a servi pour l\u2019impression dans une revue non identifi\u00e9e (avec des indications typographiques au crayon), et porte en marge le titre Po\u00e8mes, calligraphi\u00e9 au crayon bleu. Il comprend les po\u00e8mes suivants, chacun sur une page\u00a0:Andr\u00e9 Derain\u00a0: \u00ab\u00a0chante \u2013 pinsons \u2013 dressoir et pots crus en po\u00e8te\u00a0\u00bb\u2026 (Premi\u00e8re publication dans la revue Nord-Sud en f\u00e9vrier 1918).\u00c2ge\u00a0: \u00ab\u00a0Aube, adieu\u00a0! Je sors du bois hant\u00e9\u00a0\u00bb\u2026\u00a0; dat\u00e9 en fin \u00ab\u00a019 f\u00e9vrier 1916\u00a0\u00bb [vingti\u00e8me anniversaire de Breton] (Premi\u00e8re publication dans la revue Les Trois Roses en juillet 1918, avec d\u00e9dicace \u00e0 L\u00e9on-Paul Fargue).Une maison peu solide\u00a0: \u00ab\u00a0Le gardien des travaux est victime de son d\u00e9vouement. Depuis longtemps le mode de construction d\u2019un immeuble situ\u00e9 rue des Martyrs \u00e9tait jug\u00e9 d\u00e9raisonnable par les gens du quartier\u00a0\u00bb\u2026 (destin\u00e9 \u00e0 l\u2019origine \u00e0 la revue Dada\u00a05, le po\u00e8me sera d\u00e9di\u00e9 \u00e0 Tristan Tzara dans l\u2019\u00e9dition).Tournesol\u00a0: \u00ab\u00a0La voyageuse qui traversa les Halles \u00e0 la tomb\u00e9e de l\u2019\u00e9t\u00e9\u00a0\u00bb\u2026 (le po\u00e8me a \u00e9t\u00e9 publi\u00e9 en novembre 1923 dans le recueil Clair de terre, collection \u00ab\u00a0Litt\u00e9rature\u00a0\u00bb\u00a0; citons le commentaire de Marguerite Bonnet\u00a0: \u00ab\u00a0Ce po\u00e8me va prendre une importance majeure dans l\u2019histoire personnelle de Breton. En mai 1934, il y lit la pr\u00e9figuration de la rencontre qu\u2019il vient de faire de celle qui sera sa deuxi\u00e8me femme, Jacqueline Lamba\u00a0\u00bb, et il en donnera un commentaire au chapitre IV de L\u2019Amour fou). Le po\u00e8me s\u2019ach\u00e8ve sur cette phrase devenue fameuse, qui donnera son titre au livre de Charles Duits sur Breton\u00a0: \u00ab\u00a0Andr\u00e9 Breton a-t-il dit passe\u00a0\u00bb.&nbsp;<div class='upcp-prod-desc-custom-fields upcp-custom-field-details'><\/div><\/div>\n<\/div><div id='prod-cat-end-div-4373' class='prod-cat-end-detail-div upcp-end-detail-div'><div id='prod-cat-price-4373' class='prod-cat-price upcp-detail-price' data-item_price='5\u00a0000  \u20ac'><span class='full-price' itemprop='offers' itemscope itemtype='http:\/\/schema.org\/Offer'><span itemprop='price' content='5\u00a0000 '>5\u00a0000 <\/span><span itemprop='priceCurrency' content=''> \u20ac<\/span><\/span><\/div>\n<a class='upcp-catalogue-link'  href='\/index.php?rest_route=%2Fwp%2Fv2%2Fpages%2F3275&SingleProduct=4373' onclick='RecordView(4373);'><div id='prod-cat-details-link-4373' class='prod-cat-details-link upcp-detail-details-link'><span class='upcp-details-text'>d\u00e9tails<\/span><span class='upcp-details-icon'>s<\/span><\/div>\n<\/a><\/div><\/div>\n<div id='prod-cat-detail-item-4372' class='prod-cat-item upcp-detail-item ' data-itemid='4372'>\n<div id='prod-cat-detail-div-4372' class='prod-cat-thumb-image-div upcp-detail-image-div'><a class='upcp-catalogue-link'  href='\/index.php?rest_route=%2Fwp%2Fv2%2Fpages%2F3275&SingleProduct=4372' onclick='RecordView(4372);'><img src='http:\/\/www.lesautographes.com\/wp-content\/uploads\/2023\/10\/78.jpg' alt='078 Claude DEBUSSY (1862-1918) compositeur Image' id='prod-cat-thumb-4372' class='prod-cat-thumb-image upcp-thumb-image'><\/a><\/div>\n<div id='prod-cat-mid-div-4372' class='prod-cat-mid-detail-div upcp-mid-detail-div'><a class='upcp-catalogue-link'  href='\/index.php?rest_route=%2Fwp%2Fv2%2Fpages%2F3275&SingleProduct=4372' onclick='RecordView(4372);'><div id='prod-cat-title-4372' class='prod-cat-title upcp-detail-title'>078 Claude DEBUSSY (1862-1918) compositeur<\/div>\n<\/a><div id='prod-cat-desc-4372' class='prod-cat-desc upcp-detail-desc'>Manuscrit musical autographe, [1917]\u00a0; 2 pages in-4 (petite trace de rouille en haut du premier feuillet). Esquisse pour la Sonate pour violon et piano, compos\u00e9e par Debussy entre octobre 1916 et avril 1917 [Lesure 148].La premi\u00e8re audition eut lieu le 5 mai 1917 \u00e0 la salle Gaveau, dans un concert au b\u00e9n\u00e9fice du Foyer du soldat aveugle, par Gaston Poulet au violon et Debussy au piano. C\u2019est la troisi\u00e8me et derni\u00e8re des \u00ab\u00a0Sonates pour divers instruments\u00a0\u00bb compos\u00e9es par Debussy \u00ab\u00a0musicien fran\u00e7ais\u00a0\u00bb pendant la Guerre, apr\u00e8s celles pour violoncelle et piano et pour fl\u00fbte et piano, alors qu\u2019il envisageait un cycle de six sonates.Cette esquisse, soigneusement not\u00e9e \u00e0 l\u2019encre bleu nuit sur 2 feuillets de petit papier H. Lard-Esnault Ed. Bellamy Sr \u00e0 12 port\u00e9es, sans rature ni correction, donne une premi\u00e8re version du d\u00e9but du troisi\u00e8me et dernier mouvement (Finale. Tr\u00e8s anim\u00e9), soit 27 mesures.<div class='upcp-prod-desc-custom-fields upcp-custom-field-details'><\/div><\/div>\n<\/div><div id='prod-cat-end-div-4372' class='prod-cat-end-detail-div upcp-end-detail-div'><div id='prod-cat-price-4372' class='prod-cat-price upcp-detail-price' data-item_price='13\u00a0000  \u20ac'><span class='full-price' itemprop='offers' itemscope itemtype='http:\/\/schema.org\/Offer'><span itemprop='price' content='13\u00a0000 '>13\u00a0000 <\/span><span itemprop='priceCurrency' content=''> \u20ac<\/span><\/span><\/div>\n<a class='upcp-catalogue-link'  href='\/index.php?rest_route=%2Fwp%2Fv2%2Fpages%2F3275&SingleProduct=4372' onclick='RecordView(4372);'><div id='prod-cat-details-link-4372' class='prod-cat-details-link upcp-detail-details-link'><span class='upcp-details-text'>d\u00e9tails<\/span><span class='upcp-details-icon'>s<\/span><\/div>\n<\/a><\/div><\/div>\n<div id='prod-cat-detail-item-4370' class='prod-cat-item upcp-detail-item ' data-itemid='4370'>\n<div id='prod-cat-detail-div-4370' class='prod-cat-thumb-image-div upcp-detail-image-div'><a class='upcp-catalogue-link'  href='\/index.php?rest_route=%2Fwp%2Fv2%2Fpages%2F3275&SingleProduct=4370' onclick='RecordView(4370);'><img src='http:\/\/www.lesautographes.com\/wp-content\/uploads\/2023\/10\/76.jpg' alt='076 Charles P\u00c9GUY (1873-1914) \u00e9crivain Image' id='prod-cat-thumb-4370' class='prod-cat-thumb-image upcp-thumb-image'><\/a><\/div>\n<div id='prod-cat-mid-div-4370' class='prod-cat-mid-detail-div upcp-mid-detail-div'><a class='upcp-catalogue-link'  href='\/index.php?rest_route=%2Fwp%2Fv2%2Fpages%2F3275&SingleProduct=4370' onclick='RecordView(4370);'><div id='prod-cat-title-4370' class='prod-cat-title upcp-detail-title'>076 Charles P\u00c9GUY (1873-1914) \u00e9crivain<\/div>\n<\/a><div id='prod-cat-desc-4370' class='prod-cat-desc upcp-detail-desc'>Po\u00e8me autographe sign\u00e9, L\u2019Urne, [1912]\u00a0; 4\u00a0pages in-8 \u00e0 en-t\u00eate des Cahiers de la Quinzaine (papier l\u00e9g. jauni).Beau sonnet publi\u00e9 parmi les Sonnets et avec Les Sept contre Th\u00e8bes, dans Le Correspondant du 10 novembre 1912.\u00ab\u00a0Un regret r\u00e9v\u00e9r\u00e9 comme une discipline &nbsp; Repose dans ce c\u0153ur ennobli jusqu\u2019au bord. &nbsp; Un limon plus sacr\u00e9 que la cendre d\u2019un mort &nbsp; Est scell\u00e9 dans cette urne et dans cette poitrine.&nbsp; &nbsp; La terre d\u00e9pos\u00e9e au creux de la ravine, &nbsp; La poussi\u00e8re amass\u00e9e au long du contrefort &nbsp; Ont lentement empli le vase au fin support, &nbsp; Le marbre aux flancs courb\u00e9s jailli de la colline.&nbsp; &nbsp; Quand le dur vendangeur brisera toute amphore &nbsp; Et quand toute corbeille et quand toute doctrine &nbsp; S\u2019\u00e9croulera des mains de toute can\u00e9phore,&nbsp; &nbsp; \u00c9pouvant\u00e9s devant la col\u00e8re latine &nbsp; Oserons-nous pleurer jusqu\u2019au seuil de l\u2019aurore &nbsp; La poudre et le d\u00e9bris de cette humble terrine.\u00a0\u00bb&nbsp;<div class='upcp-prod-desc-custom-fields upcp-custom-field-details'><\/div><\/div>\n<\/div><div id='prod-cat-end-div-4370' class='prod-cat-end-detail-div upcp-end-detail-div'><div id='prod-cat-price-4370' class='prod-cat-price upcp-detail-price' data-item_price='3\u00a0500  \u20ac'><span class='full-price' itemprop='offers' itemscope itemtype='http:\/\/schema.org\/Offer'><span itemprop='price' content='3\u00a0500 '>3\u00a0500 <\/span><span itemprop='priceCurrency' content=''> \u20ac<\/span><\/span><\/div>\n<a class='upcp-catalogue-link'  href='\/index.php?rest_route=%2Fwp%2Fv2%2Fpages%2F3275&SingleProduct=4370' onclick='RecordView(4370);'><div id='prod-cat-details-link-4370' class='prod-cat-details-link upcp-detail-details-link'><span class='upcp-details-text'>d\u00e9tails<\/span><span class='upcp-details-icon'>s<\/span><\/div>\n<\/a><\/div><\/div>\n<div id='prod-cat-detail-item-4369' class='prod-cat-item upcp-detail-item ' data-itemid='4369'>\n<div id='prod-cat-detail-div-4369' class='prod-cat-thumb-image-div upcp-detail-image-div'><a class='upcp-catalogue-link'  href='\/index.php?rest_route=%2Fwp%2Fv2%2Fpages%2F3275&SingleProduct=4369' onclick='RecordView(4369);'><img src='http:\/\/www.lesautographes.com\/wp-content\/uploads\/2023\/10\/75.jpg' alt='075 Paul L\u00c9AUTAUD (1872-1956) \u00e9crivain Image' id='prod-cat-thumb-4369' class='prod-cat-thumb-image upcp-thumb-image'><\/a><\/div>\n<div id='prod-cat-mid-div-4369' class='prod-cat-mid-detail-div upcp-mid-detail-div'><a class='upcp-catalogue-link'  href='\/index.php?rest_route=%2Fwp%2Fv2%2Fpages%2F3275&SingleProduct=4369' onclick='RecordView(4369);'><div id='prod-cat-title-4369' class='prod-cat-title upcp-detail-title'>075 Paul L\u00c9AUTAUD (1872-1956) \u00e9crivain<\/div>\n<\/a><div id='prod-cat-desc-4369' class='prod-cat-desc upcp-detail-desc'>Manuscrit autographe sign\u00e9 \u00ab\u00a0Maurice Boissard\u00a0\u00bb, Les Th\u00e9\u00e2tres. Th\u00e9\u00e2tre R\u00e9jane\u00a0: L\u2019Oiseau bleu..., [fin mars 1911]\u00a0; 8 pages in-fol. mont\u00e9es sur onglets sur feuillets de papier fort, reliure demi-maroquin bleu \u00e0 coins, filets dor\u00e9s, t\u00eate dor\u00e9e (Maylander).Chronique dramatique consacr\u00e9e \u00e0 L\u2019Oiseau bleu de Maurice Maeterlinck et au Tribun de Paul Bourget.Le manuscrit pr\u00e9sente quelques ratures et corrections et plusieurs additions marginales\u00a0; il a servi pour l\u2019impression dans le Mercure de France du 1er avril 1911. Il est sign\u00e9 du pseudonyme de L\u00e9autaud pour ses chroniques th\u00e9\u00e2trales\u00a0: \u00ab\u00a0Maurice Boissard\u00a0\u00bb.Maurice Boissard reprend son service de chronique dramatique, pour remplacer Andr\u00e9 Fontainas, malade. La premi\u00e8re partie de la chronique est consacr\u00e9e \u00e0 L\u2019Oiseau bleu de Maurice Maeterlinck, au Th\u00e9\u00e2tre R\u00e9jane. L\u00e9autaud y raconte longuement l\u2019action de cette f\u00e9erie, un \u00ab\u00a0beau conte philosophique\u00a0\u00bb qui fait un \u00ab\u00a0fort beau spectacle\u00a0\u00bb, et d\u2019une \u00ab\u00a0profonde po\u00e9sie\u00a0\u00bb... Maeterlinck, \u00ab\u00a0po\u00e8te du myst\u00e8re et du silence, [\u2026] a vu et entendu ce qui nous \u00e9chappe, il a compris ces \u00e2mes famili\u00e8res et immobiles, et il nous le raconte [\u2026] sous la forme d\u2019un r\u00eave que font deux simples enfants pendant une nuit de No\u00ebl\u00a0\u00bb\u2026 Il en loue la mise en sc\u00e8ne et les excellents interpr\u00e8tes, y compris les enfants, qui \u00ab\u00a0au th\u00e9\u00e2tre sont g\u00e9n\u00e9ralement aga\u00e7ants\u00a0\u00bb et sont ici \u00ab\u00a0si bien styl\u00e9s qu\u2019ils sont tous charmants\u00a0\u00bb\u00a0; il distingue en particulier Georgette Leblanc, qui joue la Lumi\u00e8re\u00a0: \u00ab\u00a0c\u2019est la clart\u00e9 et la po\u00e9sie m\u00eames\u00a0\u00bb...Suit le compte rendu acerbe du Tribun de Paul Bourget, au Vaudeville. \u00ab\u00a0Pauvre M. Bourget. Quel bel \u00e9crivain r\u00e9volutionnaire il serait, si on ne le savait si traditionnaliste, et quel chef-d\u2019\u0153uvre d\u2019ironie cruelle aurait pu \u00eatre le Tribun s\u2019il l\u2019avait voulu\u00a0\u00bb... Le critique n\u2019a pas non plus trouv\u00e9 \u00e0 Lucien Guitry le physique du r\u00f4le-titre...Depuis qu\u2019il avait quitt\u00e9 sa chronique, Boissard est all\u00e9 \u00ab\u00a0voir un peu la com\u00e9die de la vie, autrement int\u00e9ressante, autrement vraie, autrement amusante, surtout\u00a0\u00bb, notamment dans les salons\u00a0; et il relate un amusant mot \u00e0 propos de Louis Pergaud. Pour finir, un Memento recense les divers spectacles du moment.On a mont\u00e9 \u00e0 la fin du volume les pages du Mercure de France du 1er avril 1911 correspondant au compte rendu de L\u2019Oiseau bleu.Ex-libris Charles Hayoit.<div class='upcp-prod-desc-custom-fields upcp-custom-field-details'><\/div><\/div>\n<\/div><div id='prod-cat-end-div-4369' class='prod-cat-end-detail-div upcp-end-detail-div'><div id='prod-cat-price-4369' class='prod-cat-price upcp-detail-price' data-item_price='3\u00a0800  \u20ac'><span class='full-price' itemprop='offers' itemscope itemtype='http:\/\/schema.org\/Offer'><span itemprop='price' content='3\u00a0800 '>3\u00a0800 <\/span><span itemprop='priceCurrency' content=''> \u20ac<\/span><\/span><\/div>\n<a class='upcp-catalogue-link'  href='\/index.php?rest_route=%2Fwp%2Fv2%2Fpages%2F3275&SingleProduct=4369' onclick='RecordView(4369);'><div id='prod-cat-details-link-4369' class='prod-cat-details-link upcp-detail-details-link'><span class='upcp-details-text'>d\u00e9tails<\/span><span class='upcp-details-icon'>s<\/span><\/div>\n<\/a><\/div><\/div>\n<div id='prod-cat-detail-item-4368' class='prod-cat-item upcp-detail-item ' data-itemid='4368'>\n<div id='prod-cat-detail-div-4368' class='prod-cat-thumb-image-div upcp-detail-image-div'><a class='upcp-catalogue-link'  href='\/index.php?rest_route=%2Fwp%2Fv2%2Fpages%2F3275&SingleProduct=4368' onclick='RecordView(4368);'><img src='http:\/\/www.lesautographes.com\/wp-content\/uploads\/2023\/10\/74.jpg' alt='074 Jean GIRAUDOUX (1882-1944) \u00e9crivain Image' id='prod-cat-thumb-4368' class='prod-cat-thumb-image upcp-thumb-image'><\/a><\/div>\n<div id='prod-cat-mid-div-4368' class='prod-cat-mid-detail-div upcp-mid-detail-div'><a class='upcp-catalogue-link'  href='\/index.php?rest_route=%2Fwp%2Fv2%2Fpages%2F3275&SingleProduct=4368' onclick='RecordView(4368);'><div id='prod-cat-title-4368' class='prod-cat-title upcp-detail-title'>074 Jean GIRAUDOUX (1882-1944) \u00e9crivain<\/div>\n<\/a><div id='prod-cat-desc-4368' class='prod-cat-desc upcp-detail-desc'>Manuscrit autographe sign\u00e9, [Jacques l\u2019\u00e9go\u00efste, 1910]\u00a0; 12 pages petit in-4 mont\u00e9es sur feuillets de papier verg\u00e9 en un volume petit in-4, reliure demi-maroquin bleu nuit \u00e0 coins avec dentelle \u00e0 froid.Premi\u00e8re version du d\u00e9but de la premi\u00e8re des trois nouvelles de L\u2019\u00c9cole des indiff\u00e9rents. Ce sont ici, dans une version primitive, les deux premiers chapitres (sur six) de la nouvelle publi\u00e9e dans La Nouvelle Revue Fran\u00e7aise des 1er ao\u00fbt et 1er septembre 1910, avant d\u2019ouvrir L\u2019\u00c9cole des indiff\u00e9rents (Grasset, 1911). Giraudoux s\u2019est un peu peint lui-m\u00eame dans le personnage de Jacques, \u00ab\u00a0m\u00e9lange d\u2019un c\u0153ur tr\u00e8s sec et d\u2019une tr\u00e8s vive imagination\u00a0\u00bb.Le manuscrit, \u00e0 l\u2019encre noire sur les rectos de six petits feuillets doubles, en deux sections chiffr\u00e9es I et II, pr\u00e9sente quelques corrections et additions, avec quelques blancs laiss\u00e9s en suspens par l\u2019auteur \u00e0 la recherche de l\u2019expression juste\u00a0; il pr\u00e9sente d\u2019importantes variantes avec le texte d\u00e9finitif, encore in\u00e9dites (ce manuscrit \u00e9tant inconnu des \u00e9diteurs des \u0153uvres romanesques dans la Biblioth\u00e8que de la Pl\u00e9iade).Le chapitre I est consacr\u00e9 \u00e0 l\u2019ami, \u00c9tienne. Citons deux passages du manuscrit qui seront d\u00e9velopp\u00e9s dans le texte publi\u00e9\u00a0: \u00ab\u00a0Un oiseau lui donne l\u2019envie d\u2019aller au Jardin des Plantes, un fruit la nostalgie de l\u2019\u00e9quateur, un chapeau en vitrine le d\u00e9sir de voir une femme, et d\u2019aimer\u00a0\u00bb... \u00ab\u00a0Le voil\u00e0 qui joue avec un enfant. Debout dans le cerceau, il feint de ne pouvoir sortir du cercle. Et les m\u00e8res, qui laissent leur fils s\u2019approcher de cet inconnu, jouer avec lui, comme elles leur permettent d\u2019entrer jusqu\u2019aux genoux dans l\u2019Oc\u00e9ans, les m\u00e8res lui souri[en]t\u00a0\u00bb...Le chapitre II est consacr\u00e9 \u00e0 l\u2019amie, Dolly. Il s\u2019ach\u00e8ve ainsi\u00a0: \u00ab\u00a0Nous sortons. C\u2019est l\u2019heure de l\u2019ang\u00e9lus, o\u00f9 les glaneuses se redressent \u00e0 demi et peuvent cueillir un \u00e9pi qui ne fut pas moissonn\u00e9\u00a0\u00bb.<div class='upcp-prod-desc-custom-fields upcp-custom-field-details'><\/div><\/div>\n<\/div><div id='prod-cat-end-div-4368' class='prod-cat-end-detail-div upcp-end-detail-div'><div id='prod-cat-price-4368' class='prod-cat-price upcp-detail-price' data-item_price='4\u00a0000  \u20ac'><span class='full-price' itemprop='offers' itemscope itemtype='http:\/\/schema.org\/Offer'><span itemprop='price' content='4\u00a0000 '>4\u00a0000 <\/span><span itemprop='priceCurrency' content=''> \u20ac<\/span><\/span><\/div>\n<a class='upcp-catalogue-link'  href='\/index.php?rest_route=%2Fwp%2Fv2%2Fpages%2F3275&SingleProduct=4368' onclick='RecordView(4368);'><div id='prod-cat-details-link-4368' class='prod-cat-details-link upcp-detail-details-link'><span class='upcp-details-text'>d\u00e9tails<\/span><span class='upcp-details-icon'>s<\/span><\/div>\n<\/a><\/div><\/div>\n<div id='prod-cat-detail-item-4364' class='prod-cat-item upcp-detail-item ' data-itemid='4364'>\n<div id='prod-cat-detail-div-4364' class='prod-cat-thumb-image-div upcp-detail-image-div'><a class='upcp-catalogue-link'  href='\/index.php?rest_route=%2Fwp%2Fv2%2Fpages%2F3275&SingleProduct=4364' onclick='RecordView(4364);'><img src='http:\/\/www.lesautographes.com\/wp-content\/uploads\/2023\/10\/70.jpg' alt='070 Joris-Karl HUYSMANS (1848-1907) \u00e9crivain Image' id='prod-cat-thumb-4364' class='prod-cat-thumb-image upcp-thumb-image'><\/a><\/div>\n<div id='prod-cat-mid-div-4364' class='prod-cat-mid-detail-div upcp-mid-detail-div'><a class='upcp-catalogue-link'  href='\/index.php?rest_route=%2Fwp%2Fv2%2Fpages%2F3275&SingleProduct=4364' onclick='RecordView(4364);'><div id='prod-cat-title-4364' class='prod-cat-title upcp-detail-title'>070 Joris-Karl HUYSMANS (1848-1907) \u00e9crivain<\/div>\n<\/a><div id='prod-cat-desc-4364' class='prod-cat-desc upcp-detail-desc'>2 manuscrits autographes sign\u00e9s, Bruges et Le Quartier St Pauli [1899]\u00a0; 4 pages in-fol. et 3 pages et demie in-fol. (l\u00e9g\u00e8res brunissures), avec coupures de presse correspondantes mont\u00e9es sur feuillets in-fol. \u00e0 la suite de chaque texte, le tout reli\u00e9 en un volume in-fol. bradel demi-percaline bleue, pi\u00e8ce de titre au dos (reliure un peu tach\u00e9e).Recueil de deux articles parus dans L\u2019\u00c9cho de Paris en 1899. Les manuscrits, \u00e0 l\u2019encre noire sur papier lign\u00e9, pr\u00e9sentent quelques additions et corrections. Le premier, consacr\u00e9 \u00e0 Bruges, montre le Huysmans mystique, inquiet et amateur d\u2019art\u00a0; le second est une plong\u00e9e dans les bas-fonds de Hambourg, dans la mani\u00e8re naturaliste et pittoresque du romancier des S\u0153urs Vatard.Bruges (paru dans L\u2019\u00c9cho de Paris du 1er f\u00e9vrier 1899, et recueilli dans De Tout en 1902) s\u2019ouvre par un hommage appuy\u00e9 \u00e0 l\u2019auteur de Bruges-la-Morte, Georges Rodenbach, \u00ab\u00a0l\u2019un des plus extraordinaires virtuoses de ce temps\u00a0\u00bb, \u00ab\u00a0en vers surtout, le chantre des convalescences, le dilettante de musiques lointaines entendues du fond de pi\u00e8ces \u00e0 peine \u00e9clair\u00e9es\u00a0\u00bb, qui trouvait dans Bruges \u00ab\u00a0un fid\u00e8le tremplin de r\u00eaves\u00a0\u00bb, et avait su d\u00e9chiffrer \u00ab\u00a0sous son calme d\u2019emprunt on ne sait quoi de f\u00e9lin et d\u2019\u00e9trange. [...] de m\u00eame que toutes les cit\u00e9s mystiques, elle a un endroit et un envers, \u2013 et son envers est inqui\u00e9tant\u00a0\u00bb. En venant de Bruxelles, Bruges \u00ab\u00a0se r\u00e9v\u00e8le d\u00e9licieuse et ayant, seule, conserv\u00e9 l\u2019\u00e2me catholique des Flandres\u00a0\u00bb\u2026 Et Huysmans \u00e9voque ses souvenirs de pri\u00e8re dans plusieurs \u00e9glises o\u00f9 vibre une \u00e2me m\u00e9di\u00e9vale\u00a0; mais \u00ab\u00a0le satanisme fleurit \u00e0 Bruges\u00a0\u00bb, qui a \u00ab\u00a0le diable cach\u00e9 en elle\u00a0\u00bb, elle fleure l\u2019encens et le soufre\u00a0: \u00ab\u00a0toujours l\u00e0 o\u00f9 le Seigneur est ma\u00eetre, Satan se glisse\u00a0\u00bb... Huysmans mentionne plusieurs monuments, et s\u2019attarde \u00e0 \u00ab\u00a0l\u2019h\u00f4pital Saint-Jean, si intime [\u2026] la Bruges charmante d\u2019antan est l\u00e0, surtout dans l\u2019ancienne salle du chapitre, o\u00f9 s\u2019exhibent les Memling\u00a0\u00bb, dont il \u00e9voque en quelques lignes les chefs-d\u2019\u0153uvre, notamment une Vierge, \u00ab\u00a0peut-\u00eatre la plus belle Madone que Memling ait jamais peinte [\u2026] d\u2019une ing\u00e9nuit\u00e9, d\u2019une candeur et aussi d\u2019une distinction et d\u2019une beaut\u00e9 qui ne sont d\u00e9j\u00e0 plus, malgr\u00e9 la forme rest\u00e9e humaine, terrestres. [\u2026] L\u2019\u00e2me a \u00e9tir\u00e9, a aminci, a presque rong\u00e9 sa p\u00e2le et d\u00e9licate gaine, et elle appara\u00eet, si rayonnante, si pure, que les mots se taisent\u00a0\u00bb\u2026 Puis il se rend au Mus\u00e9e, qui \u00ab\u00a0renferme des pi\u00e8ces de premier ordre\u00a0\u00bb, dont le Jugement de Cambyse de G\u00e9rard David\u00a0: \u00ab\u00a0Cette sc\u00e8ne de tortionnaires n\u2019a pas cette senteur de basse boucherie dont plus tard les peintres de l\u2019\u00c9cole espagnole s\u2019\u00e9prirent\u00a0; elle est vivante et terrible, mais pas r\u00e9pugnante et vraiment noble. Ce G\u00e9rard David fut un tr\u00e8s personnel ma\u00eetre\u00a0\u00bb\u2026 Et Huysmans conclut que Bruges \u00ab\u00a0est \u00e0 la fois mystique et d\u00e9moniaque, pu\u00e9rile et grave. Mystique par sa r\u00e9elle pi\u00e9t\u00e9, par ses mus\u00e9es uniques au point de vue de l\u2019art, par ses nombreux couvents et par son b\u00e9guinage\u00a0; \u2013 d\u00e9moniaque, par sa confr\u00e9rie secr\u00e8te de poss\u00e9d\u00e9s\u00a0; \u2013 pu\u00e9rile, par son go\u00fbt pour les insupportables verroteries des carillons, \u2013 et grave, par l\u2019allure m\u00eame de ses canaux et de ses places, de ses beffrois et de ses rues. Mais ce qui domine, en somme, c\u2019est la note mystique\u00a0; et elle est une ville d\u00e9licieuse parce qu\u2019elle est d\u00e9nu\u00e9e de commerce et que, par cons\u00e9quent, ses chapelles sont vivantes et que ses rues sont mortes\u00a0\u00bb.Le Quartier St Pauli (paru le 24 mai 1899, recueilli en 1966 par Fr\u00e9d\u00e9ric Chaleil dans Croquis de Paris et d\u2019ailleurs) se situe \u00e0 Hambourg, \u00ab\u00a0la ville la plus cosmopolite qui soit\u00a0\u00bb, et est un croquis plein de verve et pittoresque, o\u00f9 Huysmans enqu\u00eate sur les \u00ab\u00a0beuglants\u00a0\u00bb hambourgeois, d\u00e9crivant les salles et les chanteuses, comme celle-ci\u00a0: \u00ab\u00a0une fille \u00e9norme, dont les traits masculins, tr\u00e8s en relief, semblaient dessin\u00e9s au charbon sur une peau fronc\u00e9e et comme cendr\u00e9e par les noces. Elle secouait au-dessus d\u2019une jupe de velours vert des bras tremp\u00e9s dans du blanc\u00a0; et des bombes d\u2019anciens mortiers saupoudr\u00e9es de farine roulaient dans son corsage \u00e9tay\u00e9 par de puissants ressorts. Elle chanta et alors son ventre sans discipline, emplit la sc\u00e8ne; elle cria je ne sais quoi, vocif\u00e9ra des sons de scie en marche et des fils d\u2019or zigzagu\u00e8rent dans le trou \u00e9carlate sur les bords et noir dans le fond qui lui servait de bouche\u00a0; puis elle cl\u00f4tura ce trou et, tandis qu\u2019elle retournait s\u2019asseoir, une autre artiste s\u2019avan\u00e7a vers le public\u00a0\u00bb\u2026 Suivent d\u2019autres portraits atroces des \u00ab\u00a0viragos\u00a0\u00bb, des \u00ab\u00a0cabots\u00a0\u00bb et de leur public\u00a0: \u00ab\u00a0\u00e9videmment des commer\u00e7ants ais\u00e9s, \u00e7\u00e0 et l\u00e0, des types hircins de Juifs, de Juifs roux, avec des yeux en gomme, et des pattes sales, [...] puis les \u00e9ternelles t\u00eates des Allemands blonds, avec oreilles roses, aux yeux faux, fuyant sous des lunettes, des gens qui, apr\u00e8s \u00eatre all\u00e9 au pr\u00eache, se pochardent apr\u00e8s et s\u2019all\u00e8gent au hasard des rencontres, le soir. Mais que ces lourdes natures sont lentes \u00e0 s\u2019\u00e9mouvoir\u00a0!\u00a0\u00bb... Et dehors, sur la chauss\u00e9e, une foule qui se prom\u00e8ne la bouche pleine, des matelots, des prostitu\u00e9es, tous les accessoires d\u2019une \u00ab\u00a0Mecque crapuleuse\u00a0\u00bb. Mais \u00e0 Hambourg \u00ab\u00a0l\u2019hypocrisie protestante est moindre que dans les autres centres de l\u2019Allemagne\u00a0\u00bb\u00a0: on y est \u00ab\u00a0tr\u00e8s peu luth\u00e9rien, plus rastaquou\u00e8re m\u00eame qu\u2019allemand\u00a0; mais quand l\u2019on a connu la tartufferie \u00e9vang\u00e9lique de Berlin et autres lieux, cela para\u00eet presque sain de trouver une ville qui a la sinc\u00e9rit\u00e9 de sa bassesse et la rondeur de son ordure\u00a0!\u00a0\u00bbAncienne collection Victor Sanson (vente du 12 mars 1936, n\u00b0 72).<div class='upcp-prod-desc-custom-fields upcp-custom-field-details'><\/div><\/div>\n<\/div><div id='prod-cat-end-div-4364' class='prod-cat-end-detail-div upcp-end-detail-div'><div id='prod-cat-price-4364' class='prod-cat-price upcp-detail-price' data-item_price='5\u00a0000  \u20ac'><span class='full-price' itemprop='offers' itemscope itemtype='http:\/\/schema.org\/Offer'><span itemprop='price' content='5\u00a0000 '>5\u00a0000 <\/span><span itemprop='priceCurrency' content=''> \u20ac<\/span><\/span><\/div>\n<a class='upcp-catalogue-link'  href='\/index.php?rest_route=%2Fwp%2Fv2%2Fpages%2F3275&SingleProduct=4364' onclick='RecordView(4364);'><div id='prod-cat-details-link-4364' class='prod-cat-details-link upcp-detail-details-link'><span class='upcp-details-text'>d\u00e9tails<\/span><span class='upcp-details-icon'>s<\/span><\/div>\n<\/a><\/div><\/div>\n<div id='prod-cat-detail-item-4362' class='prod-cat-item upcp-detail-item ' data-itemid='4362'>\n<div id='prod-cat-detail-div-4362' class='prod-cat-thumb-image-div upcp-detail-image-div'><a class='upcp-catalogue-link'  href='\/index.php?rest_route=%2Fwp%2Fv2%2Fpages%2F3275&SingleProduct=4362' onclick='RecordView(4362);'><img src='http:\/\/www.lesautographes.com\/wp-content\/uploads\/2023\/10\/68.jpg' alt='068 Jean de TINAN (1874-1898) \u00e9crivain Image' id='prod-cat-thumb-4362' class='prod-cat-thumb-image upcp-thumb-image'><\/a><\/div>\n<div id='prod-cat-mid-div-4362' class='prod-cat-mid-detail-div upcp-mid-detail-div'><a class='upcp-catalogue-link'  href='\/index.php?rest_route=%2Fwp%2Fv2%2Fpages%2F3275&SingleProduct=4362' onclick='RecordView(4362);'><div id='prod-cat-title-4362' class='prod-cat-title upcp-detail-title'>068 Jean de TINAN (1874-1898) \u00e9crivain<\/div>\n<\/a><div id='prod-cat-desc-4362' class='prod-cat-desc upcp-detail-desc'>Manuscrit autographe du roman Ma\u00eetresse d\u2019Esth\u00e8tes, 1896\u00a0; 165 feuillets petit in-4 (env. 20 x 15,5 cm) mont\u00e9s sur onglets et interfoli\u00e9s, en un volume in-4 reli\u00e9 demi-maroquin brun \u00e0 coins, dos \u00e0 nerfs dor\u00e9 avec fleurs mosa\u00efqu\u00e9es, t\u00eate dor\u00e9e (Semet &amp; Plumelle).Manuscrit complet de Ma\u00eetresse d\u2019Esth\u00e8tes, roman publi\u00e9 sous le nom de Willy mais enti\u00e8rement r\u00e9dig\u00e9 par Jean de Tinan.Publi\u00e9 chez H. Simonis Empis en mars 1897, Ma\u00eetresse d\u2019esth\u00e8tes est le second roman sign\u00e9 de Willy, apr\u00e8s Une Passade (1895). Le pr\u00e9sent manuscrit permet d\u2019attribuer la totale paternit\u00e9 du roman au jeune Jean de Tinan, qui a travaill\u00e9 comme n\u00e8gre pour le compte de Willy, le pr\u00e9tendu auteur s\u2019\u00e9tant content\u00e9 d\u2019ajouter quelques digressions ou calembours au texte de Tinan. Jean de Tinan avait seulement publi\u00e9 sans succ\u00e8s en 1894 Un document sur l\u2019impuissance d\u2019aimer.Ce manuscrit rassemble quatre versions successives, depuis le brouillon (dat\u00e9 \u00ab\u00a0Montigny-Jumi\u00e8ges, Juin et Juillet 1896\u00a0\u00bb) jusqu\u2019\u00e0 la r\u00e9daction d\u00e9finitive\u00a0; parmi les brouillons, on rel\u00e8ve deux versions primitives du chapitre I\u00a0; tous les fragments pr\u00e9paratoires ont \u00e9t\u00e9 reli\u00e9s avec des feuillets intercalaires de couleur\u00a0: bleu pour les premiers jets, rose pour les r\u00e9\u00e9critures, jaune pour les troisi\u00e8mes \u00e9tats, le blanc \u00e9tant r\u00e9serv\u00e9 \u00e0 la version finale. Le manuscrit est enti\u00e8rement de la main de Jean de Tinan, \u00e0 l\u2019encre noire, bleue ou verte, au recto des feuillets\u00a0; il pr\u00e9sente des ratures et corrections, et des additions interlin\u00e9aires. On rel\u00e8ve quelques remarques au crayon d\u2019une autre main\u00a0; ainsi (f.\u00a018)\u00a0: \u00ab\u00a0\u00e9ternelllement froides\u00a0? parce qu\u2019il y a beaucoup d\u2019\u00e9pith\u00e8tes, d\u00e9j\u00e0\u00a0\u00bb. La fin est tr\u00e8s diff\u00e9rente de l\u2019\u00e9dition et a d\u00fb \u00eatre remani\u00e9e par Willy.Le roman s\u2019inspire de la liaison du sculpteur Fix-Masseau avec l\u2019ancienne ma\u00eetresse de Willy, Minna Schrader de Nyzot, aventuri\u00e8re qui hanta un temps les milieux artistiques et litt\u00e9raires. Le roman met en sc\u00e8ne, avec des clefs pour la plupart assez transparentes, le monde des lettres, des arts, des revues et des th\u00e9\u00e2tres d\u2019avant-garde et du Symbolisme. Outre Fix-Masseau (Franz Brotteaux) et Minna (Ysolde Vouillard), on y rencontre Jean de Tinan et Willy (Jim Smiley et Henry Maugis), le musicien Gaston Lemaire (Richard Buvard), le S\u00e2r P\u00e9ladan (Sotaukrack), Remy de Gourmont (Sixte Mouront), Camille Mauclair (Arill Vainpur), Lugn\u00e9-Poe et Suzanne Despr\u00e9s au Th\u00e9\u00e2tre de l\u2019\u0152uvre (Lug-Allan, Suzanne Gazon et le Th\u00e9\u00e2tre de l\u2019\u00c2me), Jean Mor\u00e9as (Constantin Bo\u00e9tis), Maurice Maeterlinck (Jef van der Kerkove), Jean Lorrain (Jean Nancy), Colette (Clarisse), Catulle Mend\u00e8s (Otto Bodens\u00e9e), la Rose+Croix (le Graal d\u2019Or), le Mercure de France (la Revue Mauve), etc.Dans une lettre reli\u00e9e en t\u00eate du volume, Willy demande \u00e0 Aur\u00e9lien Scholl de faire un compte rendu de son roman, qui ne se vend pas. Il r\u00e9sume ainsi l\u2019intrigue de Ma\u00eetresse d\u2019Esth\u00e8tes\u00a0: \u00ab\u00a0C\u2019est l\u2019histoire, banale, d\u2019un sculpteur coll\u00e9 \u00e0 une grue symboliste\u00a0; il commence \u00e0 cracher ses poumons quand un ami, \u00e0 temps, op\u00e8re le d\u00e9-collage\u00a0\u00bb... Outre la L.A.S. de Willy (2 pp. in-8), on a mont\u00e9 deux coupures de presse \u00e0 propos du roman, son auteur, et son attribution.Bibliographie\u00a0: Willy [Jean de Tinan], Ma\u00eetresse d\u2019esth\u00e8tes, \u00e9d. de Jean-Paul Goujon (Champ Vallon, 1995).Anciennes collections Henri Leclercq et Charles Hayoit.<div class='upcp-prod-desc-custom-fields upcp-custom-field-details'><\/div><\/div>\n<\/div><div id='prod-cat-end-div-4362' class='prod-cat-end-detail-div upcp-end-detail-div'><div id='prod-cat-price-4362' class='prod-cat-price upcp-detail-price' data-item_price='16\u00a0000  \u20ac'><span class='full-price' itemprop='offers' itemscope itemtype='http:\/\/schema.org\/Offer'><span itemprop='price' content='16\u00a0000 '>16\u00a0000 <\/span><span itemprop='priceCurrency' content=''> \u20ac<\/span><\/span><\/div>\n<a class='upcp-catalogue-link'  href='\/index.php?rest_route=%2Fwp%2Fv2%2Fpages%2F3275&SingleProduct=4362' onclick='RecordView(4362);'><div id='prod-cat-details-link-4362' class='prod-cat-details-link upcp-detail-details-link'><span class='upcp-details-text'>d\u00e9tails<\/span><span class='upcp-details-icon'>s<\/span><\/div>\n<\/a><\/div><\/div>\n<div id='prod-cat-detail-item-4361' class='prod-cat-item upcp-detail-item ' data-itemid='4361'>\n<div id='prod-cat-detail-div-4361' class='prod-cat-thumb-image-div upcp-detail-image-div'><a class='upcp-catalogue-link'  href='\/index.php?rest_route=%2Fwp%2Fv2%2Fpages%2F3275&SingleProduct=4361' onclick='RecordView(4361);'><img src='http:\/\/www.lesautographes.com\/wp-content\/uploads\/2023\/10\/67.jpg' alt='067 Ernest CHAUSSON (1855-1899) compositeur Image' id='prod-cat-thumb-4361' class='prod-cat-thumb-image upcp-thumb-image'><\/a><\/div>\n<div id='prod-cat-mid-div-4361' class='prod-cat-mid-detail-div upcp-mid-detail-div'><a class='upcp-catalogue-link'  href='\/index.php?rest_route=%2Fwp%2Fv2%2Fpages%2F3275&SingleProduct=4361' onclick='RecordView(4361);'><div id='prod-cat-title-4361' class='prod-cat-title upcp-detail-title'>067 Ernest CHAUSSON (1855-1899) compositeur<\/div>\n<\/a><div id='prod-cat-desc-4361' class='prod-cat-desc upcp-detail-desc'>Manuscrit musical autographe sign\u00e9, Ballade, 1896\u00a0; titre et 2 pages et demie in-fol.(quelques petites fentes marginales).M\u00e9lodie pour voix et piano, sur un po\u00e8me de Camille Mauclair\u00a0: \u00ab\u00a0Quand les anges se sont perdus\u00a0\u00bb\u2026 En la majeur \u00e0 6\/4, elle compte 64 mesures. C\u2019est le second des Trois Lieder sur des po\u00e8mes de Camille Mauclair, opus 27, publi\u00e9s chez Baudoux en 1897. Le manuscrit est soigneusement not\u00e9 \u00e0 l\u2019encre noire sur un bifeuillet \u00e0 24 port\u00e9es. Il est dat\u00e9 en fin \u00ab\u00a0Paris 13 mars 1896\u00e9, et sign\u00e9. Cette belle m\u00e9lodie prend la forme d\u2019une m\u00e9lop\u00e9e populaire ou m\u00e9di\u00e9vale, sur un accompagnement qui fait penser au battement des cloches, pour s\u2019achever par de d\u00e9licats arp\u00e8ges, comme un filigrane sur les mots du po\u00e8me.<div class='upcp-prod-desc-custom-fields upcp-custom-field-details'><\/div><\/div>\n<\/div><div id='prod-cat-end-div-4361' class='prod-cat-end-detail-div upcp-end-detail-div'><div id='prod-cat-price-4361' class='prod-cat-price upcp-detail-price' data-item_price='5\u00a0000  \u20ac'><span class='full-price' itemprop='offers' itemscope itemtype='http:\/\/schema.org\/Offer'><span itemprop='price' content='5\u00a0000 '>5\u00a0000 <\/span><span itemprop='priceCurrency' content=''> \u20ac<\/span><\/span><\/div>\n<a class='upcp-catalogue-link'  href='\/index.php?rest_route=%2Fwp%2Fv2%2Fpages%2F3275&SingleProduct=4361' onclick='RecordView(4361);'><div id='prod-cat-details-link-4361' class='prod-cat-details-link upcp-detail-details-link'><span class='upcp-details-text'>d\u00e9tails<\/span><span class='upcp-details-icon'>s<\/span><\/div>\n<\/a><\/div><\/div>\n<div id='prod-cat-detail-item-4358' class='prod-cat-item upcp-detail-item ' data-itemid='4358'>\n<div id='prod-cat-detail-div-4358' class='prod-cat-thumb-image-div upcp-detail-image-div'><a class='upcp-catalogue-link'  href='\/index.php?rest_route=%2Fwp%2Fv2%2Fpages%2F3275&SingleProduct=4358' onclick='RecordView(4358);'><img src='http:\/\/www.lesautographes.com\/wp-content\/uploads\/2023\/10\/64.jpg' alt='064 Octave MIRBEAU (1848-1917) \u00e9crivain Image' id='prod-cat-thumb-4358' class='prod-cat-thumb-image upcp-thumb-image'><\/a><\/div>\n<div id='prod-cat-mid-div-4358' class='prod-cat-mid-detail-div upcp-mid-detail-div'><a class='upcp-catalogue-link'  href='\/index.php?rest_route=%2Fwp%2Fv2%2Fpages%2F3275&SingleProduct=4358' onclick='RecordView(4358);'><div id='prod-cat-title-4358' class='prod-cat-title upcp-detail-title'>064 Octave MIRBEAU (1848-1917) \u00e9crivain<\/div>\n<\/a><div id='prod-cat-desc-4358' class='prod-cat-desc upcp-detail-desc'>Manuscrit autographe, Les Vieux M\u00e9nages, [1894]\u00a0; 16 ff. in-4 mont\u00e9s sur onglets et reli\u00e9s en un volume in-4 maroquin rouge, cadre int. orn\u00e9 de filets dor\u00e9s et \u00e0 froid (Marius Michel).Manuscrit complet de cette com\u00e9die en un acte, cr\u00e9\u00e9e le 20 d\u00e9cembre 1894 au Th\u00e9\u00e2tre d\u2019Application.\u00c9l\u00e9mir Bourges a soulign\u00e9 \u00ab\u00a0la douloureuse f\u00e9rocit\u00e9\u00a0\u00bb de la pi\u00e8ce. \u00c0 travers les r\u00e8glements de comptes d\u2019un vieux couple, c\u2019est une cruelle d\u00e9nonciation de l\u2019hypocrisie de la soci\u00e9t\u00e9 bourgeoise.Le manuscrit, \u00e0 l\u2019encre noire au recto des feuillets, pr\u00e9sente des ratures et corrections, notamment un important passage biff\u00e9 vers la fin, et remplac\u00e9 par un nouveau texte, coll\u00e9 au verso de l\u2019avant-dernier feuillet. Il a servi pour l\u2019impression, avec des notes typographiques au crayon bleu, pour l\u2019\u00e9dition originale chez Fasquelle en 1901, sous le titre Vieux M\u00e9nages. Le texte a ensuite \u00e9t\u00e9 recueilli en 1904, sous le titre Vieux M\u00e9nage, dans Farces et moralit\u00e9s. Une premi\u00e8re version des Vieux M\u00e9nages, sous forme de dialogue entre le mari et la femme, avait \u00e9t\u00e9 publi\u00e9e dans Le Journal du 29 juillet 1894. Dans cette version th\u00e9\u00e2trale, Mirbeau y ajoute un troisi\u00e8me r\u00f4le, avec la femme de chambre.Il pr\u00e9sente ainsi ses personnages\u00a0: \u00ab\u00a0Le mari, soixante-cinq ans, grand, maigre. Figure s\u00e8che et sanguine dans des favoris grisonnants et durs. La tenue et l\u2019allure d\u2019un ancien magistrat. La femme, soixante ans. Infirme, presque paralys\u00e9e, \u00e9norme, les cheveux tout blancs. Visage bouffi de graisse maladive. La femme de chambre, jeune, jolie, effront\u00e9e\u00a0\u00bb. Les r\u00f4les \u00e9taient tenus respectivement en 1894 par M. Tinbot, Louise France et Mme Vinet.Provenance\u00a0: Biblioth\u00e8que d\u2019Octave Mirbeau (24-28 mars 1919, n\u00b0 819)\u00a0; puis Georges-Emmanuel Lang (I, 16-17 d\u00e9cembre 1925, n\u00b0\u00a0288), Sacha Guitry, Daniel Sickles (XV, 1993, n\u00b0\u00a06516), b\u00e2tonnier Jean-Claude Delauney (7 novembre 2018, n\u00b0\u00a079, ex-libris).&nbsp;<div class='upcp-prod-desc-custom-fields upcp-custom-field-details'><\/div><\/div>\n<\/div><div id='prod-cat-end-div-4358' class='prod-cat-end-detail-div upcp-end-detail-div'><div id='prod-cat-price-4358' class='prod-cat-price upcp-detail-price' data-item_price='2\u00a0800  \u20ac'><span class='full-price' itemprop='offers' itemscope itemtype='http:\/\/schema.org\/Offer'><span itemprop='price' content='2\u00a0800 '>2\u00a0800 <\/span><span itemprop='priceCurrency' content=''> \u20ac<\/span><\/span><\/div>\n<a class='upcp-catalogue-link'  href='\/index.php?rest_route=%2Fwp%2Fv2%2Fpages%2F3275&SingleProduct=4358' onclick='RecordView(4358);'><div id='prod-cat-details-link-4358' class='prod-cat-details-link upcp-detail-details-link'><span class='upcp-details-text'>d\u00e9tails<\/span><span class='upcp-details-icon'>s<\/span><\/div>\n<\/a><\/div><\/div>\n<div id='prod-cat-detail-item-4380' class='prod-cat-item upcp-detail-item ' data-itemid='4380'>\n<div id='prod-cat-detail-div-4380' class='prod-cat-thumb-image-div upcp-detail-image-div'><a class='upcp-catalogue-link'  href='\/index.php?rest_route=%2Fwp%2Fv2%2Fpages%2F3275&SingleProduct=4380' onclick='RecordView(4380);'><img src='http:\/\/www.lesautographes.com\/wp-content\/uploads\/2023\/10\/87.jpg' alt='087 Heitor VILLA-LOBOS (1887-1959) compositeur br\u00e9silien Image' id='prod-cat-thumb-4380' class='prod-cat-thumb-image upcp-thumb-image'><\/a><\/div>\n<div id='prod-cat-mid-div-4380' class='prod-cat-mid-detail-div upcp-mid-detail-div'><a class='upcp-catalogue-link'  href='\/index.php?rest_route=%2Fwp%2Fv2%2Fpages%2F3275&SingleProduct=4380' onclick='RecordView(4380);'><div id='prod-cat-title-4380' class='prod-cat-title upcp-detail-title'>087 Heitor VILLA-LOBOS (1887-1959) compositeur br\u00e9silien<\/div>\n<\/a><div id='prod-cat-desc-4380' class='prod-cat-desc upcp-detail-desc'>manuscrit musical autographe sign\u00e9, Vocalise-\u00e9tude, [1929]\u00a0; 4 pages in-fol. Pi\u00e8ce pour chant et piano, pour voix moyennes. Marqu\u00e9e Un peu anim\u00e9, \u00e0 4\/4, elle compte 43 mesures et est ponctu\u00e9e de diverses nuances\u00a0: \u00ab\u00a0Tr\u00e8s rythm\u00e9\u00a0\u00bb, \u00ab\u00a0Moins anim\u00e9\u00a0\u00bb, \u00ab\u00a0Un peu lent\u00a0\u00bb, \u00ab\u00a0Tr\u00e8s lent\u00a0\u00bb...Le manuscrit, \u00e9crit \u00e0 l\u2019encre noire sur papier \u00e0 10 lignes, et sign\u00e9 en t\u00eate, a servi pour la gravure de l\u2019\u00e9dition en 1929 dans le R\u00e9pertoire moderne de Vocalises-\u00c9tudes figurant aux programmes des concours du Conservatoire de Paris, 8e volume, sous la direction de A. L. Hettich.<div class='upcp-prod-desc-custom-fields upcp-custom-field-details'><\/div><\/div>\n<\/div><div id='prod-cat-end-div-4380' class='prod-cat-end-detail-div upcp-end-detail-div'><div id='prod-cat-price-4380' class='prod-cat-price upcp-detail-price' data-item_price='6\u00a0000  \u20ac'><span class='full-price' itemprop='offers' itemscope itemtype='http:\/\/schema.org\/Offer'><span itemprop='price' content='6\u00a0000 '>6\u00a0000 <\/span><span itemprop='priceCurrency' content=''> \u20ac<\/span><\/span><\/div>\n<a class='upcp-catalogue-link'  href='\/index.php?rest_route=%2Fwp%2Fv2%2Fpages%2F3275&SingleProduct=4380' onclick='RecordView(4380);'><div id='prod-cat-details-link-4380' class='prod-cat-details-link upcp-detail-details-link'><span class='upcp-details-text'>d\u00e9tails<\/span><span class='upcp-details-icon'>s<\/span><\/div>\n<\/a><\/div><\/div>\n<div id='prod-cat-detail-item-4382' class='prod-cat-item upcp-detail-item ' data-itemid='4382'>\n<div id='prod-cat-detail-div-4382' class='prod-cat-thumb-image-div upcp-detail-image-div'><a class='upcp-catalogue-link'  href='\/index.php?rest_route=%2Fwp%2Fv2%2Fpages%2F3275&SingleProduct=4382' onclick='RecordView(4382);'><img src='http:\/\/www.lesautographes.com\/wp-content\/uploads\/2023\/10\/89.jpg' alt='089 Georges BERNANOS (1888-1948) \u00e9crivain Image' id='prod-cat-thumb-4382' class='prod-cat-thumb-image upcp-thumb-image'><\/a><\/div>\n<div id='prod-cat-mid-div-4382' class='prod-cat-mid-detail-div upcp-mid-detail-div'><a class='upcp-catalogue-link'  href='\/index.php?rest_route=%2Fwp%2Fv2%2Fpages%2F3275&SingleProduct=4382' onclick='RecordView(4382);'><div id='prod-cat-title-4382' class='prod-cat-title upcp-detail-title'>089 Georges BERNANOS (1888-1948) \u00e9crivain<\/div>\n<\/a><div id='prod-cat-desc-4382' class='prod-cat-desc upcp-detail-desc'>Manuscrit autographe pour Un mauvais r\u00eave, [1934]\u00a0; 87 pages in-4 en feuilles.Premi\u00e8re version de la fin d\u2019Un mauvais r\u00eave, roman policier con\u00e7u en 1931, remani\u00e9 en 1935 et paru posthum\u00e9ment en 1951. La gen\u00e8se de ce roman est complexe. C\u2019est en janvier 1931 que Bernanos a \u00e9crit les premi\u00e8res pages de ce qui deviendra Un mauvais r\u00eave, vite d\u00e9laiss\u00e9 pour Monsieur Ouine. En 1934, face \u00e0 d\u2019atroces difficult\u00e9s financi\u00e8res, il d\u00e9cide d\u2019\u00e9crire un roman policier, Un crime, pour la fin duquel il r\u00e9utilise le projet de 1931. Mais au d\u00e9but de 1935, Plon refuse les deux derni\u00e8res parties d\u2019Un crime, qui sera publi\u00e9 en juin-juillet 1935, amput\u00e9 de sa fin\u00a0; c\u2019est cette fin, mise au point dans l\u2019automne 1934, que Bernanos commence \u00e0 remanier dans un nouveau roman qu\u2019il intitule Un mauvais r\u00eave, rest\u00e9 inachev\u00e9 au profit du Journal d\u2019un cur\u00e9 de campagne\u00a0; c\u2019est Albert B\u00e9guin qui \u00e9tablira l\u2019\u00e9dition posthume de ce roman en 1951. Une nouvelle \u00e9dition en a \u00e9t\u00e9 donn\u00e9e en 2015 au tome II des \u0152uvres romanesques compl\u00e8tes dans la Biblioth\u00e8que de la Pl\u00e9iade, par les soins de Sarah Lacoste et Guillaume Louet en s\u2019appuyant sur le pr\u00e9sent manuscrit\u00a0; c\u2019est \u00e0 cette \u00e9dition que nous renvoyons.Notre manuscrit est la premi\u00e8re version de la fin du roman tel qu\u2019il a \u00e9t\u00e9 \u00e9labor\u00e9 \u00e0 l\u2019automne 1934, et envoy\u00e9 par morceaux \u00e0 Plon, puis int\u00e9gr\u00e9, dans une version remani\u00e9e, dans le nouveau projet d\u2019Un mauvais r\u00eave. Mis au net \u00e0 l\u2019encre bleu nuit au recto de feuillets lign\u00e9s, il pr\u00e9sente tr\u00e8s peu de corrections, avec quelques mots laiss\u00e9s en blanc\u00a0: il s\u2019agit souvent de noms de villes, que Bernanos n\u2019a pas encore choisis\u00a0; d\u2019autres noms propres seront choisis ou modifi\u00e9s ult\u00e9rieurement.3me Partie. Chapitre [non num\u00e9rot\u00e9], 11 et 49 pages, num\u00e9rot\u00e9es au crayon 41 \u00e0 51 (\u00e0 la fin, Bernanos a not\u00e9 \u00ab\u00a0\u00c0 suivre\u00a0\u00bb), puis 1 \u00e0 49, correspondant au chapitre X de l\u2019\u00e9dition de 1951, avec des variantes, et au chapitre VIII de la IIe partie dans l\u2019\u00e9dition de la Pl\u00e9iade (p.\u00a087-118). On y voit Simone Alfieri fausser compagnie au sous-chef de gare qui la surveille, changer prestement de train, et se livrer au r\u00eave du meurtre \u00e0 commettre... Au d\u00e9but de la seconde liasse, un long passage d\u00e9crivant Bragelonne, o\u00f9 descend Simone, a disparu de la version publi\u00e9e\u00a0: \u00ab\u00a0La petite ville au pied des montagnes sous la pluie, ressemblait moins \u00e0 une ville qu\u2019\u00e0 un amas de pierres d\u00e9color\u00e9es perdues dans la brume et Madame Alfieri qui l\u2019avait vue deux fois sous le soleil ne la reconnut pas\u00a0\u00bb\u2026 On suit les mouvements de Simone, qui s\u2019approche de la maison du crime\u00a0: sa rencontre fortuite du jeune pr\u00eatre est ici plus d\u00e9velopp\u00e9e que dans la version finale. Le chapitre s\u2019ach\u00e8ve ainsi\u00a0: \u00ab\u00a0\u201cVous avez eu toujours un ou deux cur\u00e9s dans votre vie\u201d disait le vieux Ganse, et le vieux Ganse n\u2019avait pas menti. Sa curiosit\u00e9 du pr\u00eatre date de loin, est toujours aussi vive qu\u2019\u00e0 onze ans lorsque tyrannis\u00e9e par un oncle de Saumur, tailleur pour eccl\u00e9siastiques et marguillier de sa paroisse, elle s\u2019est crue amoureuse du beau vicaire [\u2026] \u201cCe ne sont pas des hommes comme nous\u201d affirmait l\u2019oncle Baptiste qui, peu scrupuleux sur la messe et les sacrements, tenait \u00e0 sa client\u00e8le. Non\u00a0! ce n\u2019\u00e9tait pas des hommes comme les autres. Personne au monde n\u2019eut su, par exemple, poser aussi doucement que le vieil archipr\u00eatre, la main sur sa joue, ou la fixer d\u2019un regard \u00e0 la fois s\u00e9v\u00e8re et tendre \u2013 ce regard qui la hantait encore aujourd\u2019hui, \u00e0 son insu, apr\u00e8s tant d\u2019ann\u00e9es\u00a0!\u00a0\u00bbTexte complet du chapitre XI et dernier de l\u2019\u00e9d. B\u00e9guin (ici non chiffr\u00e9), pagin\u00e9 1 \u00e0 27 [chap. IX de la IIe partie dans l\u2019\u00e9dition de la Pl\u00e9iade (p.\u00a0 118-133), o\u00f9 Simone commet le crime, puis s\u2019enfuit et rencontre le pr\u00eatre\u00a0; il s\u2019ach\u00e8ve ainsi\u00a0: \u00ab\u00a0Avant m\u00eame que sa silhouette f\u00fbt sortie de l\u2019ombre, elle avait reconnu sa voix \u2013 cette inoubliable voix qui avait saisi son \u00e2me, quelques heures plus t\u00f4t, d\u2019un pr\u00e9sage sinistre \u2013 et elle cherchait son regard dans la nuit, avec \u00e9pouvante. Nul mensonge ne lui vint aux l\u00e8vres, et d\u2019ailleurs elle e\u00fbt jug\u00e9 vain n\u2019importe quel mensonge. Ce pr\u00eatre fantastique surgi deux fois des t\u00e9n\u00e8bres, savait tout. Une seule chance lui restait peut-\u00eatre \u2013 reconna\u00eetre sa fun\u00e8bre puissance, s\u2019avouer vaincue\u2026\u00a0\u00bb<div class='upcp-prod-desc-custom-fields upcp-custom-field-details'><\/div><\/div>\n<\/div><div id='prod-cat-end-div-4382' class='prod-cat-end-detail-div upcp-end-detail-div'><div id='prod-cat-price-4382' class='prod-cat-price upcp-detail-price' data-item_price='8\u00a0000  \u20ac'><span class='full-price' itemprop='offers' itemscope itemtype='http:\/\/schema.org\/Offer'><span itemprop='price' content='8\u00a0000 '>8\u00a0000 <\/span><span itemprop='priceCurrency' content=''> \u20ac<\/span><\/span><\/div>\n<a class='upcp-catalogue-link'  href='\/index.php?rest_route=%2Fwp%2Fv2%2Fpages%2F3275&SingleProduct=4382' onclick='RecordView(4382);'><div id='prod-cat-details-link-4382' class='prod-cat-details-link upcp-detail-details-link'><span class='upcp-details-text'>d\u00e9tails<\/span><span class='upcp-details-icon'>s<\/span><\/div>\n<\/a><\/div><\/div>\n<div id='prod-cat-detail-item-4384' class='prod-cat-item upcp-detail-item ' data-itemid='4384'>\n<div id='prod-cat-detail-div-4384' class='prod-cat-thumb-image-div upcp-detail-image-div'><a class='upcp-catalogue-link'  href='\/index.php?rest_route=%2Fwp%2Fv2%2Fpages%2F3275&SingleProduct=4384' onclick='RecordView(4384);'><img src='http:\/\/www.lesautographes.com\/wp-content\/uploads\/2023\/10\/91.jpg' alt='091 Marcel JOUHANDEAU (1888-1979) \u00e9crivain Image' id='prod-cat-thumb-4384' class='prod-cat-thumb-image upcp-thumb-image'><\/a><\/div>\n<div id='prod-cat-mid-div-4384' class='prod-cat-mid-detail-div upcp-mid-detail-div'><a class='upcp-catalogue-link'  href='\/index.php?rest_route=%2Fwp%2Fv2%2Fpages%2F3275&SingleProduct=4384' onclick='RecordView(4384);'><div id='prod-cat-title-4384' class='prod-cat-title upcp-detail-title'>091 Marcel JOUHANDEAU (1888-1979) \u00e9crivain<\/div>\n<\/a><div id='prod-cat-desc-4384' class='prod-cat-desc upcp-detail-desc'>Manuscrit autographe des Chroniques maritales, [1935]\u00a0; 350 pages petit in-4 (20 x 16 cm) sous chemises titr\u00e9es ou chiffr\u00e9es (quelques bords un peu effrang\u00e9s).Manuscrit de premier jet et de travail de ce livre d\u00e9vastateur sur le mariage.R\u00e9dig\u00e9 en 1935, le livre des Chroniques maritales a paru en 1938 chez Gallimard.Jouhandeau y retrace avec une pr\u00e9cision froide, souvent cruelle, sa vie conjugale avec la redoutable et extravagante \u00c9lise, et les atteintes incessantes \u00e0 sa ch\u00e8re solitude, sa dignit\u00e9, sa confiance, sa libert\u00e9, sa sensualit\u00e9 et son bonheur.Le manuscrit, \u00e0 l\u2019encre bleue, au recto de feuillets, la plupart class\u00e9s dans des bifeuillets chiffr\u00e9s ou titr\u00e9s, pr\u00e9sente de nombreuses ratures et corrections, des passages biff\u00e9s, et d\u2019importantes variantes avec le texte publi\u00e9, et des passages in\u00e9dits\u00a0; quelques passages, qui ne figurent pas dans le manuscrit, ont d\u00fb \u00eatre ajout\u00e9s plus tard. La pagination est discontinue, parfois double.Le livre est divis\u00e9 en trois parties\u00a0: I La maison, II L\u2019intimit\u00e9 (titre ici biff\u00e9 et remplac\u00e9 par L\u2019alc\u00f4ve), III La religion (ici \u00ab\u00a03e partie\u00a0\u00bb).I La maison (107\u00a0pages). Cette premi\u00e8re partie est divis\u00e9e en quinze sections, avec des h\u00e9sitations dans la num\u00e9rotation en chiffres romains et dans la pagination. On rel\u00e8ve plusieurs paragraphes supprim\u00e9s dans l\u2019\u00e9dition. Ainsi p.\u00a023 (ii)\u00a0: \u00ab\u00a0Suis-je persuad\u00e9 maintenant, que l\u2019iniquit\u00e9 ne peut \u00eatre partag\u00e9e sans p\u00e9ch\u00e9, m\u00eame sous le couvert du Mariage \u2013 qui est un sacrement.\u00a0\/ Je crois parfois \u00eatre heureux, mais le bonheur qu\u2019elle donne repose sur trop d\u2019injustices pour \u00eatre v\u00e9ritable\u00a0\u00bb\u2026 P.\u00a030 (d\u00e9but de iv), ce paragraphe biff\u00e9\u00a0: \u00ab\u00a0Je suis le tenancier d\u2019un asile d\u2019ali\u00e9n\u00e9s et malgr\u00e9 moi j\u2019y ai mon utilit\u00e9\u00a0; sans l\u2019avoir pr\u00e9vu ni le pr\u00e9voir une seconde \u00e0 l\u2019avance j\u2019ai n\u00e9cessairement \u00e0 y intervenir, pour jouer un r\u00f4le, un peu plus t\u00f4t ou un peu plus tard, \u2013 quand un fou a bris\u00e9 sa cha\u00eene\u00a0\u00bb\u2026, et cet autre (p.\u00a031)\u00a0: \u00ab\u00a0Consid\u00e9rer encore ma propre demeure sous l\u2019aspect d\u2019une m\u00e9nagerie \u2013 qui r\u00e9unirait sous le m\u00eame toit un tigre, une cynhy\u00e8ne, une lionne fourbue, une panth\u00e8re aux yeux de verre, une ch\u00e8vre de Mongolie. Dompteuse au charme, \u00c9lise et moi, le dompteur \u00e0 la col\u00e8re\u00a0\u00bb\u2026 Etc.II L\u2019alc\u00f4ve [L\u2019intimit\u00e9 dans l\u2019\u00e9dition, et en t\u00eate de la table des chapitres de cette partie] (107\u00a0pages, pagination continue). Cette partie est divis\u00e9e en neuf chapitres titr\u00e9s (dix dans l\u2019\u00e9dition), num\u00e9rot\u00e9s seulement dans la table\u00a0: I Je ne me lave plus\u00a0; II Coquetteries\u00a0; III Elle diminue tout\u00a0; IV Ce qu\u2019elle pense de moi\u00a0; V Le condamn\u00e9 \u00e0 mort\u00a0; VI Solitude inali\u00e9nable (Duel et solitude dans l\u2019\u00e9dition)\u00a0; VII Plaisirs du duel\u00a0; VIII L\u2019intimit\u00e9 avec elle (L\u2019alc\u00f4ve dans l\u2019\u00e9dition)\u00a0; [IX L\u2019amour maternel, ici r\u00e9duit \u00e0 3 pages (88-90), diff\u00e9rentes de l\u2019\u00e9dition et sans titre\u00a0; ne figure pas dans la table]\u00a0; IX [X] L\u2019amour conjugal.III La Religion (ici sans titre\u00a0; 136\u00a0pages [moins les p. 79-84]), avec en t\u00eate la table des 15 chapitres (16 dans l\u2019\u00e9dition, manque ici le chap. IX La religion de la Mante, qui ne figure pas dans la table, mais correspond aux 6\u00a0p. manquantes). I Nos mensonges\u00a0; II Absence du c\u0153ur\u00a0; III D\u00e9finition de la Bont\u00e9\u00a0; IV Naissance du c\u0153ur\u00a0; V Le pr\u00eatre apostat\u00a0; VI, Elle prie, elle chante\u00a0; VII De la douceur\u00a0; VIII La Religion de la Fourmi\u00a0; X Tu ne te prom\u00e8neras pas\u00a0; XI Sinc\u00e9rit\u00e9 de l\u2019acrobate\u00a0; XII Le montreur d\u2019ours\u00a0; XIII Sa nudit\u00e9\u00a0; XIV Complices\u00a0; XV Solitude du mari\u00a0; XVI \u00c9pilogue (titre absent du livre). Solitude aussi d\u2019\u00c9lise.<div class='upcp-prod-desc-custom-fields upcp-custom-field-details'><\/div><\/div>\n<\/div><div id='prod-cat-end-div-4384' class='prod-cat-end-detail-div upcp-end-detail-div'><div id='prod-cat-price-4384' class='prod-cat-price upcp-detail-price' data-item_price='10\u00a0000  \u20ac'><span class='full-price' itemprop='offers' itemscope itemtype='http:\/\/schema.org\/Offer'><span itemprop='price' content='10\u00a0000 '>10\u00a0000 <\/span><span itemprop='priceCurrency' content=''> \u20ac<\/span><\/span><\/div>\n<a class='upcp-catalogue-link'  href='\/index.php?rest_route=%2Fwp%2Fv2%2Fpages%2F3275&SingleProduct=4384' onclick='RecordView(4384);'><div id='prod-cat-details-link-4384' class='prod-cat-details-link upcp-detail-details-link'><span class='upcp-details-text'>d\u00e9tails<\/span><span class='upcp-details-icon'>s<\/span><\/div>\n<\/a><\/div><\/div>\n<div id='prod-cat-detail-item-4401' class='prod-cat-item upcp-detail-item ' data-itemid='4401'>\n<div id='prod-cat-detail-div-4401' class='prod-cat-thumb-image-div upcp-detail-image-div'><a class='upcp-catalogue-link'  href='\/index.php?rest_route=%2Fwp%2Fv2%2Fpages%2F3275&SingleProduct=4401' onclick='RecordView(4401);'><img src='http:\/\/www.lesautographes.com\/wp-content\/uploads\/2023\/10\/108.jpg' alt='108 Louis ARAGON (1897-1982) po\u00e8te Image' id='prod-cat-thumb-4401' class='prod-cat-thumb-image upcp-thumb-image'><\/a><\/div>\n<div id='prod-cat-mid-div-4401' class='prod-cat-mid-detail-div upcp-mid-detail-div'><a class='upcp-catalogue-link'  href='\/index.php?rest_route=%2Fwp%2Fv2%2Fpages%2F3275&SingleProduct=4401' onclick='RecordView(4401);'><div id='prod-cat-title-4401' class='prod-cat-title upcp-detail-title'>108 Louis ARAGON (1897-1982) po\u00e8te<\/div>\n<\/a><div id='prod-cat-desc-4401' class='prod-cat-desc upcp-detail-desc'>Manuscrit autographe sign\u00e9 (en t\u00eate), Sept Chagall\u00a0; 12 feuillets in-4.\u00ab\u00a0Chapeau\u00a0\u00bb de pr\u00e9sentation, et six po\u00e8mes consacr\u00e9s \u00e0 CHAGALL, pour publication dans Les Lettres fran\u00e7aises (31 d\u00e9cembre 1969)\u00a0: Chagall XVIII et Cinq l\u00e9gendes pr\u00e9c\u00e9d\u00e9es d\u2019Ouverture [pi\u00e8ces XVIII \u00e0 XXIV de Celui qui dit les choses sans rien dire, illustr\u00e9 par Chagall, Maeght, 1976].\u00ab\u00a0Je d\u00e9tache ici, comme fait le boucher de la chair, d\u2019un ensemble de po\u00e8mes pour Chagall, \u00e9crits sans suite depuis 1965, quelques pages pour ce temps d\u2019hommage au peintre, ils accompagneront ici les tableaux reproduits sans rapport direct avec eux. J\u2019ai d\u00e9j\u00e0 donn\u00e9 dans Les Lettres fran\u00e7aises dans plusieurs endroits quelques-uns des autres po\u00e8mes intitul\u00e9s Chagall, suivis d\u2019un num\u00e9ro. [\u2026] J\u2019en prends sept pour le num\u00e9ro que voici\u00a0: de Chagall XVIII \u00e0 Chagall XXIV (compris), le premier sans lien avec les suivants qui forment un ensemble, Cinq l\u00e9gendes, distingu\u00e9es par les cinq premi\u00e8res lettres de l\u2019alphabet, et pr\u00e9c\u00e9d\u00e9es d\u2019une Ouverture, qui est le Chagall XIX\u00a0\u00bb\u2026Citons le d\u00e9but de Chagall XVIII\u00a0: \u00ab\u00a0Dieu &nbsp; &nbsp; &nbsp; &nbsp; &nbsp; &nbsp;dit l\u2019homme pour son excuseOn ne peut pas vivre sans causeIl faut expliquer les oiseauxLe vent la mer &nbsp; &nbsp; &nbsp; &nbsp; &nbsp; &nbsp; &nbsp; &nbsp; &nbsp; &nbsp; &nbsp; &nbsp; &nbsp; &nbsp;L\u2019homme dit &nbsp; &nbsp; &nbsp; &nbsp; &nbsp; &nbsp; &nbsp; &nbsp; &nbsp; &nbsp; &nbsp; &nbsp; &nbsp; &nbsp; &nbsp; &nbsp; &nbsp; &nbsp; &nbsp; &nbsp; &nbsp; &nbsp; &nbsp; &nbsp; &nbsp; Dieu\u00c0 partir de l\u00e0 tout changeRien n\u2019est autrement qu\u2019il futEt &nbsp; &nbsp; tout fait &nbsp; &nbsp; &nbsp; &nbsp; &nbsp; &nbsp; &nbsp; &nbsp; &nbsp; &nbsp; &nbsp;dans le bras d\u2019un angeTout nu dans ce monde est venuL\u2019homme\u00a0\u00bb\u2026&nbsp;<div class='upcp-prod-desc-custom-fields upcp-custom-field-details'><\/div><\/div>\n<\/div><div id='prod-cat-end-div-4401' class='prod-cat-end-detail-div upcp-end-detail-div'><div id='prod-cat-price-4401' class='prod-cat-price upcp-detail-price' data-item_price='6\u00a0000  \u20ac'><span class='full-price' itemprop='offers' itemscope itemtype='http:\/\/schema.org\/Offer'><span itemprop='price' content='6\u00a0000 '>6\u00a0000 <\/span><span itemprop='priceCurrency' content=''> \u20ac<\/span><\/span><\/div>\n<a class='upcp-catalogue-link'  href='\/index.php?rest_route=%2Fwp%2Fv2%2Fpages%2F3275&SingleProduct=4401' onclick='RecordView(4401);'><div id='prod-cat-details-link-4401' class='prod-cat-details-link upcp-detail-details-link'><span class='upcp-details-text'>d\u00e9tails<\/span><span class='upcp-details-icon'>s<\/span><\/div>\n<\/a><\/div><\/div>\n<div id='prod-cat-detail-item-4400' class='prod-cat-item upcp-detail-item ' data-itemid='4400'>\n<div id='prod-cat-detail-div-4400' class='prod-cat-thumb-image-div upcp-detail-image-div'><a class='upcp-catalogue-link'  href='\/index.php?rest_route=%2Fwp%2Fv2%2Fpages%2F3275&SingleProduct=4400' onclick='RecordView(4400);'><img src='http:\/\/www.lesautographes.com\/wp-content\/uploads\/2023\/10\/107.jpg' alt='107 Gaston CHAISSAC (1910-1964) peintre Image' id='prod-cat-thumb-4400' class='prod-cat-thumb-image upcp-thumb-image'><\/a><\/div>\n<div id='prod-cat-mid-div-4400' class='prod-cat-mid-detail-div upcp-mid-detail-div'><a class='upcp-catalogue-link'  href='\/index.php?rest_route=%2Fwp%2Fv2%2Fpages%2F3275&SingleProduct=4400' onclick='RecordView(4400);'><div id='prod-cat-title-4400' class='prod-cat-title upcp-detail-title'>107 Gaston CHAISSAC (1910-1964) peintre<\/div>\n<\/a><div id='prod-cat-desc-4400' class='prod-cat-desc upcp-detail-desc'>2 L.A.S., dont une avec collage, [4 juillet 1957 et s.d.], \u00e0 Jean Paulhan\u00a0; 2\u00a0pages in-4 (26,5 x 20,8 cm), et 1\u00a0page petit in-4 (22 x 16,5 cm).Amusante lettre avec collage original.Ces deux lettres \u00e9taient destin\u00e9es \u00e0 \u00eatre publi\u00e9es dans la Nouvelle Revue fran\u00e7aise sous forme de chronique (la revue publiait r\u00e9guli\u00e8rement des lettres de Chaissac sous le titre Chronique de l\u2019Oie), comme le montrent quelques mots biff\u00e9s au crayon bleu, dont le nom du destinataire, ainsi que leur transcription dactylographi\u00e9e (jointe) sous le titre Lettre des champs, titre sous lequel la premi\u00e8re lettre a \u00e9t\u00e9 publi\u00e9e (avec quelques suppressions et modifications) dans le n\u00b064 d\u2019avril 1958 de la revue (reprise dans l\u2019\u00e9dition des Lettres \u00e0 Jean Paulhan, n\u00b0\u00a0119)\u00a0; la seconde lettre est rest\u00e9e in\u00e9dite.\u00ab\u00a0Le pape actuel a vu le soleil danser mais il n\u2019est pas un self-made man. Qu\u2019importe \u00e0 un self-made man de ne pas avoir vu le soleil faire la danse du ventre mais la jument Polka, du fermier Baron, ou une autre faire travailler ses m\u00e2choires \u00e0 sa mangeoire. Mais ne verriez-vous pas un chic m\u00e9c\u00e8ne, partisant des chemins impraticables qui consentirait \u00e0 me b\u00e2tir un home surprenant sur celui qui vat de la Gu\u00e9rini\u00e8re, de l\u2019Oie, \u00e0 Mouchamps, via L\u00e9rablet\u00a0? [\u2026] Le chemin en question fait p\u00e9niblement r\u00e9unir deux petites routes dont l\u2019une dessert le ch\u00e2teau d\u2019un vieux pharmacien retir\u00e9 des affaires. C\u2019est un endroit d\u00e9sert et quelque peu mar\u00e9cageux, mais je lui trouve du sel. Ce n\u2019est pas l\u00e0 que les clients viendraient me trouver mais comme je n\u2019en ai pas. Ce serait assez cocasse de voir surgir l\u00e0 une maison comme la v\u00f4tre de Paris face aux ar\u00e8nes de Lut\u00e8ce\u00a0\u00bb. Il est \u00ab\u00a0en petit travaux de peinture. Impossible de voir grand dans la pur\u00e9e m\u00eame mousseline. Mais d\u2019habiter un chemin vraiment impossible pourrait contribuer \u00e0 faire amplifier ma l\u00e9gende\u00a0\u00bb\u2026 Il y souhaiterait \u00ab\u00a0la reconstitution d\u2019une loge de concierge\u00a0\u00bb avec \u00ab\u00a0une chambre de bonne haut perch\u00e9e. Mais pas la peine de reconstituer l\u2019immeuble en entier, je me contenterai d\u2019une cabine en haut d\u2019une construction asperge genre poste d\u2019observation. Puis il parle de ses collages (le 2e page est \u00e9crite par-dessus un collage fait de billets de banque d\u00e9chir\u00e9s)\u00a0: \u00ab\u00a0Comme \u201c\u0153uvres\u201d r\u00e9centes, j\u2019ai fait 1\u00a0collages avec comme font un papier d\u2019emballage des graines villemorin qui \u00e9tait dans un \u00e9tat aussi lamentable que ces restes de billets et j\u2019ai d\u00fb en camoufler les multiples \u00e9vantrations. Et bien malgr\u00e9 son froissage et reste de d\u00e9cr\u00e9pitude voyante et incurable, le r\u00e9sultat est assez satisfaisant. J\u2019ai aussi imagin\u00e9 de faire des collages artistiques au dos de mes tableaux peints sur papier pour les consolider. Hier 3.7.57, vers dix-neufs heures, j\u2019ai fait ma vaisselle de deux jours\u00a0\u00bb. Jakowski veut venir le voir en vue de \u00ab\u00a0publier un livre dans lequel de mes lettres figureraient. Avec notice explicative sans doute en certificat d\u2019origine. Mais j\u2019aimerais autant sans commentaires\u00a0\u00bb. Il \u00e9voque pour finir Queneau et Pr\u00e9vert, \u00ab\u00a0qui tournent un tantinet \u00e0 l\u2019enfant de ch\u0153ur avec sa ballade sur le mont chauve. Peut-\u00eatre parce que le soleil qui danse c\u2019est laiss\u00e9 voir au pape dans un pas de polka sans doute. Devant le vicaire du ma\u00eetre du monde il ne pouvait se laisser aller \u00e0 une danse lascive, des fois que \u00e7a lui aurait fait perdre sa situation\u00a0\u00bb.Dans la seconde lettre, Chaissac \u00e9voque sa \u00ab\u00a0chambre de jeune homme dans la Ni\u00e8vre\u00a0\u00bb, orn\u00e9e de \u00ab\u00a0bondieuseries\u00a0\u00bb et d\u2019une \u00ab\u00a0reproduction de la le\u00e7on de clavecin, de Muenier, et lorsque j\u2019ai vu le p\u00e8re Mangaud, pr\u00e9sident des ind\u00e9pendants de l\u2019Ouest, j\u2019ai cru avoir devant moi le vieux professeur de musique de cette peinture\u00a0\u00bb. La femme de Mangaud, qui vient de mourir , \u00ab\u00a0avait jou\u00e9 des petits r\u00f4les dans un casino de la banlieue de Bordeaux\u00a0\u00bb \u00a0; et les Mangaud ont une villa aux Sables d\u2019Olonne qui \u00ab\u00a0lou\u00e9e en mageure partie aux estivants augmenta leurs rentes. Ce n\u2019est pas en jouant son petit bonhomme de r\u00f4le en chemin creux d\u00e9sert ou les metteurs en sc\u00e8nes ne mettent jamais les pieds qu\u2019on parvient \u00e0 b\u00e2tir mais tout au plus \u00e0 se faire mettre en bo\u00eete\u00a0\u00bb\u2026<div class='upcp-prod-desc-custom-fields upcp-custom-field-details'><\/div><\/div>\n<\/div><div id='prod-cat-end-div-4400' class='prod-cat-end-detail-div upcp-end-detail-div'><div id='prod-cat-price-4400' class='prod-cat-price upcp-detail-price' data-item_price='3\u00a0000  \u20ac'><span class='full-price' itemprop='offers' itemscope itemtype='http:\/\/schema.org\/Offer'><span itemprop='price' content='3\u00a0000 '>3\u00a0000 <\/span><span itemprop='priceCurrency' content=''> \u20ac<\/span><\/span><\/div>\n<a class='upcp-catalogue-link'  href='\/index.php?rest_route=%2Fwp%2Fv2%2Fpages%2F3275&SingleProduct=4400' onclick='RecordView(4400);'><div id='prod-cat-details-link-4400' class='prod-cat-details-link upcp-detail-details-link'><span class='upcp-details-text'>d\u00e9tails<\/span><span class='upcp-details-icon'>s<\/span><\/div>\n<\/a><\/div><\/div>\n<div id='prod-cat-detail-item-4398' class='prod-cat-item upcp-detail-item ' data-itemid='4398'>\n<div id='prod-cat-detail-div-4398' class='prod-cat-thumb-image-div upcp-detail-image-div'><a class='upcp-catalogue-link'  href='\/index.php?rest_route=%2Fwp%2Fv2%2Fpages%2F3275&SingleProduct=4398' onclick='RecordView(4398);'><img src='http:\/\/www.lesautographes.com\/wp-content\/uploads\/2023\/10\/105.jpg' alt='105 Jacques AUDIBERTI (1899-1965) \u00e9crivain Image' id='prod-cat-thumb-4398' class='prod-cat-thumb-image upcp-thumb-image'><\/a><\/div>\n<div id='prod-cat-mid-div-4398' class='prod-cat-mid-detail-div upcp-mid-detail-div'><a class='upcp-catalogue-link'  href='\/index.php?rest_route=%2Fwp%2Fv2%2Fpages%2F3275&SingleProduct=4398' onclick='RecordView(4398);'><div id='prod-cat-title-4398' class='prod-cat-title upcp-detail-title'>105 Jacques AUDIBERTI (1899-1965) \u00e9crivain<\/div>\n<\/a><div id='prod-cat-desc-4398' class='prod-cat-desc upcp-detail-desc'>36 L.A.S., 3 L.S. et un dessin aquarell\u00e9 original sign\u00e9, 1951-1955, \u00e0 Valentine Tessier\u00a0; 69 pages formats divers, 2 adresses.Tr\u00e8s belle correspondance litt\u00e9raire et th\u00e9\u00e2trale avec la merveilleuse actrice Valentine Tessier (1892-1981), qui cr\u00e9a le r\u00f4le-titre dans son adaptation de la pi\u00e8ce d\u2019Eduardo de Filippo, Filumena Marturano sous le titre Madame Filoum\u00e9 [Th\u00e9\u00e2tre de la Renaissance, 25 octobre 1952]. Il est aussi question de La Logeuse, qui fut jou\u00e9e finalement, en 1960, au Th\u00e9\u00e2tre de l\u2019\u0152uvre, par Lila K\u00e9drova.Nice [juillet-ao\u00fbt 1951]. Il voudrait savoir si la traduction demand\u00e9e par l\u2019actrice servirait \u00ab\u00a0comme instrument de travail pour la sc\u00e8ne uniquement\u00a0\u00bb, ou si elle est destin\u00e9e \u00e0 \u00eatre publi\u00e9e\u2026 \u2013 \u00ab\u00a0Je connais bien de r\u00e9putation Eduardo Filippo. D\u2019une fa\u00e7on g\u00e9n\u00e9rale, j\u2019ai une tr\u00e8s vive pr\u00e9dilection pour l\u2019Italie en sa pr\u00e9sente vitalit\u00e9\u00a0\u00bb\u2026 Loz\u00e8re (Seine-et-Oise) 15 ao\u00fbt. Audiberti souligne les difficult\u00e9s de traduction de pi\u00e8ces \u00e9crites en dialecte napolitain, \u00ab\u00a0langage savoureux et familier en lui-m\u00eame\u00a0\u00bb, source d\u2019effets comiques dans Filumena Marturano... Texte et m\u0153urs napolitains \u00e9tant \u00e9troitement imbriqu\u00e9s, il y aurait risque que les allusions et les tournures tombent \u00e0 plat\u2026 Distinction entre ce dialecte, l\u2019argot, le patois\u2026 \u2013 La pi\u00e8ce est excellente\u00a0; reste le probl\u00e8me de trouver en fran\u00e7ais \u00ab\u00a0des gags linguistiques perp\u00e9tuels qui proviennent de la confrontation du dialecte et de la langue nationale correcte. Mais quelle dr\u00f4lerie\u00a0! Quelle invention\u00a0!\u00a0\u00bb\u2026 \u2013 R\u00e9flexions sur la traduction de cette pi\u00e8ce \u00ab\u00a0topographiquement tr\u00e8s situ\u00e9e\u00a0\u00bb\u2026 2 octobre. Ayant traduit deux actes de Filumena Marturano, il pense qu\u2019il faudra que l\u2019actrice prononce en sc\u00e8ne quelques mots en napolitain\u2026 La pi\u00e8ce l\u2019attache de plus en plus, et il souhaite la rencontrer, pour qu\u2019ils prennent \u00ab\u00a0un premier contact pour ce qui est de la forme de mon travail et de ce que vous en pensez en vue de la sc\u00e8ne\u00a0\u00bb\u2026 Paris 3 novembre. \u00ab\u00a0Je me r\u00e9jouis \u00e0 la pens\u00e9e de voir bient\u00f4t Philom\u00e8ne vivre par vos soins et avec votre ardeur. J\u2019esp\u00e8re que nous nous rencontrerons \u00e0 br\u00e8ve \u00e9ch\u00e9ance\u00a0\u00bb\u2026 [22 novembre]. \u00ab\u00a0Entendu, ch\u00e8re Filumena, je viens vendredi [\u2026] &nbsp;Je suis content que le texte vous plaise\u00a0\u00bb\u2026Rome [3 juillet 1952]. Lettre enthousiaste sur sa semaine \u00e0 Rome, ses entretiens avec De Filippo et leurs conversations sur \u00ab\u00a0Philom\u00e8ne\u00a0\u00bb qui permettent d\u2019\u00e9claircir divers points concernant le bordel dans la pi\u00e8ce. Il a vu le film tir\u00e9 de la pi\u00e8ce et va partir \u00e0 Naples avec l\u2019auteur \u2026 [Nice juillet]. \u00c9chos de ses discussions avec De Filippo, et impressions de Naples\u2026 Expression de la joie qu\u2019il aura \u00e0 surmonter les difficult\u00e9s, et de \u00ab\u00a0l\u2019orgueil\u00a0\u00bb d\u2019avoir Valentine comme interpr\u00e8te, \u00ab\u00a0car je suis un peu, \u00e0 la fin, l\u2019auteur de la pi\u00e8ce, ce que je finirais pour de bon par croire, surtout apr\u00e8s mes longues embrassades romaines avec De Filippo\u00a0\u00bb\u2026 Boulange (Moselle) [ao\u00fbt]. Il lui adresse le deuxi\u00e8me acte avec l\u2019espoir qu\u2019elle sera moins d\u00e9\u00e7ue qu\u2019\u00e0 la lecture du premier, qu\u2019il va revoir. Il faudra un grand metteur en sc\u00e8ne \u00ab\u00a0pour faire passer ce ton \u00e0 la fois douloureux et comique\u00a0\u00bb\u2026 \u2013 Recommandation \u00ab\u00a0d\u2019une personne du th\u00e9\u00e2tre qui, selon moi, pr\u00e9sente tous les traits et tous les signes, rusticit\u00e9, intelligence, all\u00e9gresse, simplicit\u00e9, m\u00e9ridionalisme, qui sont ceux de Lucia. Il s\u2019agit de Jeannine Camp, que vous avez connue quand elle \u00e9tait petite fille et qu\u2019elle jouait, \u00e0 vos c\u00f4t\u00e9s, dans Intermezzo\u00a0\u00bb\u2026 [Paris 27 octobre]. \u00ab\u00a0En ce midi lundi,\/ avant que de vous voir,\/ je tiens \u00e0 c\u0153ur beaucoup\/ de vous faire savoir\/ que vous \u00eates,\/ parmi les grandes,\/ la plus grande\u00a0\u00bb\u2026 [Fin octobre]. Sur le grand succ\u00e8s remport\u00e9 par &nbsp;l\u2019actrice, et les raisons pour lesquelles il n\u2019est pas rest\u00e9 le jour de la g\u00e9n\u00e9rale. Myst\u00e8re\u00a0: \u00ab\u00a0Thierry Maulnier, dans Combat, a parl\u00e9 de M. Paolo Teglio comme traducteur de Madame Filoum\u00e9\u00a0! Cela peut me porter un grand pr\u00e9judice dans des tractations qui sont en cours avec le th\u00e9\u00e2tre scandinave et finlandais\u00a0\u00bb\u2026  [Suisse d\u00e9cembre]\u00a0: \u00ab\u00a0Vous \u00eates certainement, dans ma vie, un \u00eatre \u00e0 qui je voue une grande et profonde affection, pour votre chaleur humaine et votre force vivante. [\u2026] vous \u00eates, sans doute, la plus grande voix fran\u00e7aise au th\u00e9\u00e2tre, au-del\u00e0 du th\u00e9\u00e2tre habituel [\u2026]. Ce que vous faites dans Filoum\u00e9 est extraordinaire, comme vari\u00e9t\u00e9 de timbre\u00a0; vous avez tout un orchestre dans la voix. Je crois, je suis s\u00fbr que nous devrions aller plus loin ensemble, ou, plut\u00f4t, maintenir cette lanc\u00e9e. Il vous faut des pi\u00e8ces que je ferai pour vous\u00a0\u00bb\u2026[1er janvier 1953]. Carte de v\u0153ux aquarell\u00e9e repr\u00e9sentant un personnage f\u00e9minin fantastique tendant les bras \u00e0 un petit personnage masculin\u00a0: \u00ab\u00a0A Valentine Tessier tous mes v\u0153ux pour 1953\u00a0\u00bb\u2026 Neuilly. F\u00e9licitations sur son nouveau r\u00f4le. \u00ab\u00a0J\u2019ai h\u00e2te que vous soyez au centre d\u2019une action dramatique \u00e0 votre taille. J\u2019ai malheureusement \u00e9crit trop de romans et pas assez de th\u00e9\u00e2tre. [\u2026] Y a-t-il un th\u00e8me, un personnage, un souvenir qui vous plaise, vous int\u00e9resse, vous tienne \u00e0 c\u0153ur\u00a0? Je voudrais essayer de vous servir\u00a0\u00bb\u2026 Paris 16 septembre. Pr\u00e9sentation de la pi\u00e8ce \u00e0 laquelle il songe pour elle\u00a0: La Logeuse, cons\u00e9quences de ses tribulations locatives, nombreuses et pittoresques. \u00ab\u00a0Cette logeuse, c\u2019est Circ\u00e9. La femme, ni jeune ni vieille, qui, dans sa caverne, attire les hommes afin de les changer en pourceaux. Mais je m\u2019empresse de vous dire qu\u2019il n\u2019y a aucune esp\u00e8ce de trace ou d\u2019\u00e9bauche de langage philosophique, po\u00e9tique ou mythologique dans mon texte. Je crois que toutes les l\u00e9gendes et tous les mythes peuvent \u00eatre ais\u00e9ment transpos\u00e9s dans le langage usuel et quotidien\u00a0\u00bb\u2026 Il r\u00e9sume la situation de la logeuse, sa fille un peu folle, son mari \u00ab\u00a0s\u00e9questr\u00e9\u00a0\u00bb, et le locataire qui va d\u00e9masquer cette \u00ab\u00a0empoisonneuse morale\u00a0\u00bb\u2026 \u00c0 pr\u00e9sent, le premier acte est r\u00e9ussi, les deux suivants, pas du tout\u2026 \u2013 \u00ab\u00a0J\u2019ai annonc\u00e9 \u00e0 la t\u00e9l\u00e9vision que nous jouerions, c\u2019est-\u00e0-dire que vous joueriez La Logeuse \u00e0 la rentr\u00e9e\u00a0\u00bb\u2026 Il lui promet l\u2019acte II pour bient\u00f4t\u2026 \u2013 Il a perdu sa pi\u00e8ce et m\u00eame le plan g\u00e9n\u00e9ral\u00a0; il s\u2019est remis \u00e0 ses brouillons. Marie-Th\u00e9r\u00e8se lui dit qu\u2019il doit tout \u00e9crire en pensant \u00e0 Valentine, \u00ab\u00a0tout \u00e9crire en fonction de votre personne et de votre pr\u00e9sence [\u2026]. Vous \u00eates une actrice extraordinaire, comme il n\u2019y en a pas, au-del\u00e0 des \u00e9coles et des ruses. Vous \u00eates la farce, la musique, la g\u00e9n\u00e9rosit\u00e9. Nous devons trouver notre alliance d\u00e9finitive dans une \u0153uvre. Il faut que je r\u00e9\u00e9crive en \u00e9coutant votre voix, en regardant votre pas souverain\u00a0\u00bb\u202625 f\u00e9vrier 1955. Il ne faut pas se d\u00e9soler pour La Logeuse, qui ne manquera pas d\u2019\u00eatre jou\u00e9e. \u00ab\u00a0Quand\u00a0? Je ne sais pas. J\u2019aurais aim\u00e9 que ce f\u00fbt vous qui la fassiez vivre, mais comme vous avez pris, tout d\u2019un coup, l\u2019habitude de me parler de cette pi\u00e8ce que pour me persuader qu\u2019elle ne vaut rien, je dois me r\u00e9signer \u00e0 la pens\u00e9e que je n\u2019ai plus \u00e0 esp\u00e9rer voir nos deux noms unis sur l\u2019affiche dans un m\u00eame combat\u00a0\u00bb\u2026 Cependant elle aurait du mal \u00e0 faire admettre qu\u2019il \u00e9crit des pi\u00e8ces \u00ab\u00a0idiotes ou susceptibles de rabaisser l\u2019acteur qui les interpr\u00e9terait\u00a0\u00bb, et il regrette qu\u2019elle soit pass\u00e9e \u00e0 c\u00f4t\u00e9 d\u2019une route qui lui semblait destin\u00e9e. \u00ab\u00a0Mais il ne faut pas nous attrister. Vous \u00eates une trop extraordinaire artiste, et nous vous aimons trop, sans compter tout ce que je vous dois, pour que l\u2019ombre d\u2019une id\u00e9e d\u00e9sagr\u00e9able m\u2019effleure quand je vous \u00e9voque\u00a0\u00bb\u2026Ailleurs, il est question de la Soci\u00e9t\u00e9 des Auteurs et Compositeurs dramatiques, du d\u00e9p\u00f4t des pi\u00e8ces et des droits d\u2019auteur, des Naturels du Bordelais, de la L\u00e9gion d\u2019honneur, de ses filles\u2026 Etc.<div class='upcp-prod-desc-custom-fields upcp-custom-field-details'><\/div><\/div>\n<\/div><div id='prod-cat-end-div-4398' class='prod-cat-end-detail-div upcp-end-detail-div'><div id='prod-cat-price-4398' class='prod-cat-price upcp-detail-price' data-item_price='3\u00a0500  \u20ac'><span class='full-price' itemprop='offers' itemscope itemtype='http:\/\/schema.org\/Offer'><span itemprop='price' content='3\u00a0500 '>3\u00a0500 <\/span><span itemprop='priceCurrency' content=''> \u20ac<\/span><\/span><\/div>\n<a class='upcp-catalogue-link'  href='\/index.php?rest_route=%2Fwp%2Fv2%2Fpages%2F3275&SingleProduct=4398' onclick='RecordView(4398);'><div id='prod-cat-details-link-4398' class='prod-cat-details-link upcp-detail-details-link'><span class='upcp-details-text'>d\u00e9tails<\/span><span class='upcp-details-icon'>s<\/span><\/div>\n<\/a><\/div><\/div>\n<div id='prod-cat-detail-item-4397' class='prod-cat-item upcp-detail-item ' data-itemid='4397'>\n<div id='prod-cat-detail-div-4397' class='prod-cat-thumb-image-div upcp-detail-image-div'><a class='upcp-catalogue-link'  href='\/index.php?rest_route=%2Fwp%2Fv2%2Fpages%2F3275&SingleProduct=4397' onclick='RecordView(4397);'><img src='http:\/\/www.lesautographes.com\/wp-content\/uploads\/2023\/10\/104.jpg' alt='104 Boris VIAN (1920-1959) \u00e9crivain Image' id='prod-cat-thumb-4397' class='prod-cat-thumb-image upcp-thumb-image'><\/a><\/div>\n<div id='prod-cat-mid-div-4397' class='prod-cat-mid-detail-div upcp-mid-detail-div'><a class='upcp-catalogue-link'  href='\/index.php?rest_route=%2Fwp%2Fv2%2Fpages%2F3275&SingleProduct=4397' onclick='RecordView(4397);'><div id='prod-cat-title-4397' class='prod-cat-title upcp-detail-title'>104 Boris VIAN (1920-1959) \u00e9crivain<\/div>\n<\/a><div id='prod-cat-desc-4397' class='prod-cat-desc upcp-detail-desc'>Manuscrit autographe, [Adam, \u00c8ve et le troisi\u00e8me sexe]\u00a0; 19 pages petit in-4 sur papier quadrill\u00e9 arrach\u00e9 \u00e0 un cahier d\u2019\u00e9colier.Amusante sayn\u00e8te, en 8 sc\u00e8nes (mal num\u00e9rot\u00e9es) mettant en sc\u00e8ne Adam, \u00e8ve, l\u2019Archange Gabriel et le Serpent\u00a0; elle aurait \u00e9t\u00e9 pr\u00e9par\u00e9e en 1951 pour un spectacle de Michel de R\u00e9. Le manuscrit, \u00e0 l\u2019encre bleue, pr\u00e9sente quelques ratures et corrections\u00a0; il pr\u00e9sente des variantes avec la version publi\u00e9e par No\u00ebl Arnaud dans les Petits Spectacles\u00a0; notamment la voix \u00ab\u00a0off\u00a0\u00bb de Dieu n\u2019apparait pas ici, ni les six derni\u00e8res r\u00e9pliques entre Gabriel et le Serpent.Adam et \u00e8ve s\u2019ennuient ferme au Paradis jusqu\u2019\u00e0 ce que le serpent \u2013 \u00ab\u00a0(Il est ravissant, il a l\u2019air d\u2019un affreux p\u00e9d\u00e9 et il parle comme \u00e7a)\u00a0\u00bb \u2013 fasse son entr\u00e9e\u00a0: il discute avec \u00e8ve, puis Adam, et tente d\u2019\u00e9veiller leur curiosit\u00e9 en leur montrant la pomme, qu\u2019il pr\u00e9sente comme le \u00ab\u00a0fruit de la connaissance\u00a0\u00bb. Mais ils s\u2019en moquent car ils en ont \u00ab\u00a0marre de manger des fruits\u00a0\u00bb, et Adam, furieux, le chasse et \u00ab\u00a0lui fout son pied dans les fesses\u00a0\u00bb... Mais le mal est fait\u00a0: excit\u00e9s, ils se caressent et s\u2019embrassent, jettent la pomme et s\u2019\u00e9clipsent pour satisfaire leurs d\u00e9sirs\u2026 Gabriel surgit sur sc\u00e8ne, furieux d\u2019avoir re\u00e7u une pomme sur la t\u00eate. Il accuse le Serpent, qui se vexe et explique que pour se distraire, il avait voulu faire \u00ab\u00a0une bonne blague aux idiots, l\u00e0-bas, et tout rate, et par surcro\u00eet, vous m\u2019engueulez\u2026 Et bien zut je m\u2019en vais (il essuie une larme)\u00a0\u00bb\u2026 C\u2019est alors que Gabriel surprend Adam et \u00e8ve dans leurs \u00e9bats, et les chasse du Paradis\u00a0: \u00ab\u00a0Vous pouvez faire vos paquets [\u2026] le patron ne veut pas d\u2019enfants ici\u00a0\u00bb\u2026 Le Serpent finit tout seul, d\u00e9pit\u00e9 et terriblement triste\u00a0: \u00ab\u00a0Voil\u00e0... je suis tout seul... et ils ne m\u2019ont m\u00eame pas regard\u00e9... et ils ne m\u2019ont m\u00eame pas dit au revoir\u2026 personne ne m\u2019aime\u00a0\u00bb...Et \u00ab\u00a0le rideau tombe en pleurant\u00a0\u00bb.<div class='upcp-prod-desc-custom-fields upcp-custom-field-details'><\/div><\/div>\n<\/div><div id='prod-cat-end-div-4397' class='prod-cat-end-detail-div upcp-end-detail-div'><div id='prod-cat-price-4397' class='prod-cat-price upcp-detail-price' data-item_price='5\u00a0000  \u20ac'><span class='full-price' itemprop='offers' itemscope itemtype='http:\/\/schema.org\/Offer'><span itemprop='price' content='5\u00a0000 '>5\u00a0000 <\/span><span itemprop='priceCurrency' content=''> \u20ac<\/span><\/span><\/div>\n<a class='upcp-catalogue-link'  href='\/index.php?rest_route=%2Fwp%2Fv2%2Fpages%2F3275&SingleProduct=4397' onclick='RecordView(4397);'><div id='prod-cat-details-link-4397' class='prod-cat-details-link upcp-detail-details-link'><span class='upcp-details-text'>d\u00e9tails<\/span><span class='upcp-details-icon'>s<\/span><\/div>\n<\/a><\/div><\/div>\n<div id='prod-cat-detail-item-4396' class='prod-cat-item upcp-detail-item ' data-itemid='4396'>\n<div id='prod-cat-detail-div-4396' class='prod-cat-thumb-image-div upcp-detail-image-div'><a class='upcp-catalogue-link'  href='\/index.php?rest_route=%2Fwp%2Fv2%2Fpages%2F3275&SingleProduct=4396' onclick='RecordView(4396);'><img src='http:\/\/www.lesautographes.com\/wp-content\/uploads\/2023\/10\/103.jpg' alt='103 Francis PICABIA (1879-1953) peintre et \u00e9crivain Image' id='prod-cat-thumb-4396' class='prod-cat-thumb-image upcp-thumb-image'><\/a><\/div>\n<div id='prod-cat-mid-div-4396' class='prod-cat-mid-detail-div upcp-mid-detail-div'><a class='upcp-catalogue-link'  href='\/index.php?rest_route=%2Fwp%2Fv2%2Fpages%2F3275&SingleProduct=4396' onclick='RecordView(4396);'><div id='prod-cat-title-4396' class='prod-cat-title upcp-detail-title'>103 Francis PICABIA (1879-1953) peintre et \u00e9crivain<\/div>\n<\/a><div id='prod-cat-desc-4396' class='prod-cat-desc upcp-detail-desc'>Manuscrit autographe sign\u00e9, Compr\u00e9hension de l\u2019illusion. Joseph et Marie. [f\u00e9vrier-mars 1950]\u00a0; 2 cahiers petit in-4 (21,7 x 17,2 cm) de 14 et 15 [plus 2 bl.] feuillets, soit 31 pages, sans couverture.Manuscrit de travail d\u2019un conte in\u00e9dit.Compos\u00e9 en 1950, ce conte humoristique, profanateur et blasph\u00e9matoire, se rattache \u00e0 la veine du J\u00e9sus-Christ Rastaquou\u00e8re de 1920. Marie sort avec Joseph dont elle garde le portrait\u00a0; elle est interrog\u00e9e et courtis\u00e9e par le narrateur et Pierre de Massot, qui la draguent ouvertement, en pr\u00e9sence de Joseph... Le second chapitre nous transporte \u00e0 la Foire de Paris, o\u00f9 erre Joseph, quand appara\u00eet une femme nue\u00a0: c\u2019est Marie, qui gagne sa vie en chantant dans les bo\u00eetes de nuit\u00a0; elle voudrait coucher avec Joseph. Joseph et Pierre vont alors initier Marie \u00e0 l\u2019art du mensonge et \u00e0 la compr\u00e9hension de l\u2019illusion, et tenter de l\u2019\u00e9loigner de Joseph, alors que la v\u00e9rit\u00e9 n\u2019existe pas\u2026\u00c9crit \u00e0 l\u2019encre bleue au recto (et 2 versos) de cahiers enlev\u00e9s de leur couverture, sur papier \u00e0 petits carreaux, ce manuscrit pr\u00e9sente de nombreuses ratures et corrections.Chapitre I. La volont\u00e9 de vie et ses complications. \u00ab\u00a0Marie vint s\u2019assoir, sous le portrait de Joseph, avec beaucoup de majest\u00e9 et de grandeur. Marie vous me semblez jeune, me permettez-vous de vous poser quelques questions\u00a0? Avez-vous de l\u2019id\u00e9al\u00a0? \u00cates-vous pr\u00e9occup\u00e9e des hommes\u00a0? Marie est au mauvais \u00e2ge, \u00e0 l\u2019\u00e2ge o\u00f9 les filles deviennent tristes\u00a0\u00bb\u2026Chapitre II. Joseph ou l\u2019origine de l\u2019illogique. \u00ab\u00a0Joseph \u00e9tait all\u00e9 \u00e0 la Foire de Paris, sur le c\u00f4t\u00e9 de l\u2019all\u00e9e qui descendait au stand des appartements silencieux, il vit soudain une porte s\u2019ouvrir avec pr\u00e9caution, p\u00e9niblement, une femme en sortit avec lenteur, cet effort l\u2019avait \u00e9puis\u00e9e. Elle \u00e9tait absolument nue\u00a0\u00bb\u2026Chapitre III. R\u00e9v\u00e9rances d\u2019un soir. \u00ab\u00a0Joseph et Pierre se mirent \u00e0 penser \u00e0 Marie, la vie est belle\u00a0! car maintenant nous approuvons les arts du non\u00a0vrai, enfin la compr\u00e9hension de l\u2019illusion et peut-\u00eatre de l\u2019erreur comme condition d\u2019un monde intellectuel, car l\u2019Art est la bonne volont\u00e9 de l\u2019illusion. Cela, pas pour les pauvres idiots para\u00eet-il\u00a0\u00bb\u2026 La fin est tr\u00e8s corrig\u00e9e, pour conclure\u00a0: \u00ab\u00a0Marie et Joseph sont \u00e0 la fin de leur voyage, mais pas dans la perception de leur sexe\u00a0\u00bb.\u00c0 la suite, d\u00e9but d\u2019un texte intitul\u00e9 Pierre de L\u2019Illusion, premi\u00e8re \u00e9tape vers une transformation du personnage de Pierre de Massot\u00a0: \u00ab\u00a0Le moindre effort est pour nous reposer des autres et de nous-m\u00eames pour nous regarder de haut et rire et pleurer\u00a0\u00bb\u2026<div class='upcp-prod-desc-custom-fields upcp-custom-field-details'><\/div><\/div>\n<\/div><div id='prod-cat-end-div-4396' class='prod-cat-end-detail-div upcp-end-detail-div'><div id='prod-cat-price-4396' class='prod-cat-price upcp-detail-price' data-item_price='5\u00a0000  \u20ac'><span class='full-price' itemprop='offers' itemscope itemtype='http:\/\/schema.org\/Offer'><span itemprop='price' content='5\u00a0000 '>5\u00a0000 <\/span><span itemprop='priceCurrency' content=''> \u20ac<\/span><\/span><\/div>\n<a class='upcp-catalogue-link'  href='\/index.php?rest_route=%2Fwp%2Fv2%2Fpages%2F3275&SingleProduct=4396' onclick='RecordView(4396);'><div id='prod-cat-details-link-4396' class='prod-cat-details-link upcp-detail-details-link'><span class='upcp-details-text'>d\u00e9tails<\/span><span class='upcp-details-icon'>s<\/span><\/div>\n<\/a><\/div><\/div>\n<div id='prod-cat-detail-item-4395' class='prod-cat-item upcp-detail-item ' data-itemid='4395'>\n<div id='prod-cat-detail-div-4395' class='prod-cat-thumb-image-div upcp-detail-image-div'><a class='upcp-catalogue-link'  href='\/index.php?rest_route=%2Fwp%2Fv2%2Fpages%2F3275&SingleProduct=4395' onclick='RecordView(4395);'><img src='http:\/\/www.lesautographes.com\/wp-content\/uploads\/2023\/10\/102.jpg' alt='102 Jean GENET (1910-1986) \u00e9crivain Image' id='prod-cat-thumb-4395' class='prod-cat-thumb-image upcp-thumb-image'><\/a><\/div>\n<div id='prod-cat-mid-div-4395' class='prod-cat-mid-detail-div upcp-mid-detail-div'><a class='upcp-catalogue-link'  href='\/index.php?rest_route=%2Fwp%2Fv2%2Fpages%2F3275&SingleProduct=4395' onclick='RecordView(4395);'><div id='prod-cat-title-4395' class='prod-cat-title upcp-detail-title'>102 Jean GENET (1910-1986) \u00e9crivain<\/div>\n<\/a><div id='prod-cat-desc-4395' class='prod-cat-desc upcp-detail-desc'>Manuscrit autographe, [Jean Cocteau, 1950]\u00a0; 4 pages in-4 sur 4 feuillets quadrill\u00e9s d\u2019un cahier d\u2019\u00e9colier.Premier texte th\u00e9orique de Jean Genet, consacr\u00e9 \u00e0 celui qui l\u2019incita et l\u2019aida \u00e0 publier son premier livre, Notre-Dame des fleurs. [Ce texte parut en mai 1950 dans la revue belge Empreintes, num\u00e9ro sp\u00e9cial consacr\u00e9 \u00e0 Cocteau. Absent des \u0152uvres compl\u00e8tes, il fut recueilli dans Fragments et autres textes (Gallimard, 1990).]\u00ab\u00a0Grec\u00a0: la s\u00e8che \u00e9l\u00e9gance de ce mot, sa bri\u00e8vet\u00e9, sa cassure m\u00eame, un peu abrupte, sont les qualit\u00e9s qui s\u2019appliquent avec promptitude, \u00e0 Jean Cocteau. Le mot est d\u00e9j\u00e0 un pr\u00e9cieux travail de d\u00e9coupage\u00a0: ainsi d\u00e9signe-t-il le po\u00e8te d\u00e9gag\u00e9, d\u00e9pris d\u2019une mati\u00e8re dont il a fait voler les copeaux. Le po\u00e8te \u2013 ou son \u0153uvre mais donc lui \u2013 reste un curieux fragment, bref, dur, \u00e9tincelant, cocassement inachev\u00e9 \u2013 comme le mot grec \u2013 et qui contient les vertus que je veux d\u00e9nombrer. Surtout la luminosit\u00e9. Un \u00e9clairage, d\u2019abord, uniforme et cruel, montrant avec pr\u00e9cision les d\u00e9tails d\u2019un paysage apparemment sans myst\u00e8re\u00a0: c\u2019est le classicisme hell\u00e9nique. L\u2019intelligence du po\u00e8te, en effet, \u00e9claire son \u0153uvre d\u2019une lumi\u00e8re si blanche, si unie, qu\u2019elle semble froide. Cette \u0153uvre est \u00e9l\u00e9gamment d\u00e9sordonn\u00e9e, mais chacun de ses f\u00fbts ou socles, fut travaill\u00e9 avec rigueur, puis, semble-t-il, cass\u00e9 et laiss\u00e9 l\u00e0. Aujourd\u2019hui de belles \u00e9trang\u00e8res la visitent. Elle baigne dans une atmosph\u00e8re tr\u00e8s pure, tr\u00e8s bleue. Ce n\u2019est pas un simple jeu qui nous fait, pour parler de Jean Cocteau, d\u00e9velopper une m\u00e9taphore. Le mot grec fut choisi par lui, et souvent la Gr\u00e8ce tout enti\u00e8re il voulut l\u2019illustrer ou se r\u00e9f\u00e9rer \u00e0 elle. C\u2019est qu\u2019il sait ce qu\u2019elle signifie de plus sombre, de plus souterrain, de farouche et de presque d\u00e9ment\u00a0\u00bb\u2026 Chez Cocteau, un c\u0153ur complexe et douloureux voudrait \u00e0 la fois se cacher et s\u2019\u00e9panouir\u00a0: \u00ab\u00a0Ainsi une profonde intelligence rend-elle cette \u0153uvre infiniment triste. Sa nature est orageuse. Elle frissonne. [\u2026] Jean Cocteau\u00a0? C\u2019est un tr\u00e8s grand po\u00e8te, li\u00e9 aux autres po\u00e8tes par la fraternit\u00e9 du front, et aux hommes par le c\u0153ur. Nous insistons encore sur cela car il semble qu\u2019un malentendu d\u00e9plorable s\u2019\u00e9tablisse \u00e0 son propos. La gr\u00e2ce de son style devait \u00eatre la proie de ce que le monde compte de plus vil\u00a0: l\u2019\u00e9lite. Aussi a-t-elle voulu accapparer, faire sienne cette forme \u00e9l\u00e9gante, n\u00e9gligeant l\u2019amande d\u00e9licate et sensible qu\u2019elle contient. Nous, cette fois, nous refusons violemment cette compromission, et venons revendiquer nos droits sur un po\u00e8te non l\u00e9ger, mais grave. Nous refusons \u00e0 Jean Cocteau le titre stupide d\u2019enchanteur\u00a0: nous le d\u00e9clarons \u201cenchant\u00e9\u201d. Il ne charme pas\u00a0: il est \u201ccharm\u00e9\u201d. Il n\u2019est pas sorcier mais \u201censorcel\u00e9\u201d. Et ces mots ne servent pas \u00e0 contrer la basse frivolit\u00e9 d\u2019un certain monde\u00a0: je pr\u00e9tends qu\u2019ils disent mieux le drame v\u00e9ritable du po\u00e8te\u00a0\u00bb\u2026<div class='upcp-prod-desc-custom-fields upcp-custom-field-details'><\/div><\/div>\n<\/div><div id='prod-cat-end-div-4395' class='prod-cat-end-detail-div upcp-end-detail-div'><div id='prod-cat-price-4395' class='prod-cat-price upcp-detail-price' data-item_price='4\u00a0000  \u20ac'><span class='full-price' itemprop='offers' itemscope itemtype='http:\/\/schema.org\/Offer'><span itemprop='price' content='4\u00a0000 '>4\u00a0000 <\/span><span itemprop='priceCurrency' content=''> \u20ac<\/span><\/span><\/div>\n<a class='upcp-catalogue-link'  href='\/index.php?rest_route=%2Fwp%2Fv2%2Fpages%2F3275&SingleProduct=4395' onclick='RecordView(4395);'><div id='prod-cat-details-link-4395' class='prod-cat-details-link upcp-detail-details-link'><span class='upcp-details-text'>d\u00e9tails<\/span><span class='upcp-details-icon'>s<\/span><\/div>\n<\/a><\/div><\/div>\n<div id='prod-cat-detail-item-4394' class='prod-cat-item upcp-detail-item ' data-itemid='4394'>\n<div id='prod-cat-detail-div-4394' class='prod-cat-thumb-image-div upcp-detail-image-div'><a class='upcp-catalogue-link'  href='\/index.php?rest_route=%2Fwp%2Fv2%2Fpages%2F3275&SingleProduct=4394' onclick='RecordView(4394);'><img src='http:\/\/www.lesautographes.com\/wp-content\/uploads\/2023\/10\/101.jpg' alt='101 Louis-Ferdinand C\u00c9LINE (1894-1961) romancier Image' id='prod-cat-thumb-4394' class='prod-cat-thumb-image upcp-thumb-image'><\/a><\/div>\n<div id='prod-cat-mid-div-4394' class='prod-cat-mid-detail-div upcp-mid-detail-div'><a class='upcp-catalogue-link'  href='\/index.php?rest_route=%2Fwp%2Fv2%2Fpages%2F3275&SingleProduct=4394' onclick='RecordView(4394);'><div id='prod-cat-title-4394' class='prod-cat-title upcp-detail-title'>101 Louis-Ferdinand C\u00c9LINE (1894-1961) romancier<\/div>\n<\/a><div id='prod-cat-desc-4394' class='prod-cat-desc upcp-detail-desc'>Manuscrit autographe pour F\u00e9erie pour une autre fois\u00a0I\u00a0; 50 pages in-fol., dont 28 au dos de pages autographes r\u00e9utilis\u00e9es, en feuilles.Important fragment de F\u00e9erie pour autre fois I, version de travail de ce \u00ab\u00a0roman\u00a0\u00bb publi\u00e9 en 1952. Ce manuscrit est pagin\u00e9 de 110 \u00e0 149\u00a0; \u00e0 l\u2019encre bleu nuit sur des feuillets de papier verg\u00e9 ivoire, il pr\u00e9sente d\u2019abondantes ratures et corrections, et de nombreuses variantes avec le texte d\u00e9finitif\u00a0; il est \u00e9crit, le plus souvent, au dos de pages r\u00e9utilis\u00e9es d\u2019un brouillon ant\u00e9rieur au stylo bille bleu, le plus souvent barr\u00e9 d\u2019un trait de crayon rouge (sur Marc Empi\u00e8me, le pillage de son appartement, etc., pagin\u00e9es entre 49 et 110 ou non pagin\u00e9es, deux \u00e9tant des copies carbone, plus quelques notes). Il correspond aux pages 39 \u00e0 50 du tome IV des Romans dans la Biblioth\u00e8que de la Pl\u00e9iade.Le r\u00e9cit commence dans l\u2019infirmerie de la prison de Copenhague, imm\u00e9diatement apr\u00e8s l\u2019\u00e9pisode du lavement. \u00ab\u00a0Vous me verriez retourner au gnouf\u00a0! cet entrain\u00a0! l\u2019espoir\u00a0! [je gode je cr\u00e9pite\u00a0! et tout jeunot par le lavement\u00a0! les boyaux d\u00e9gag\u00e9s biff\u00e9] revitaminis\u00e9 \u00e0 bloc\u00a0!\u00a0\u00bb\u2026 (p.\u00a0110). L\u2019apostrophe\u00a0: \u00ab\u00a0Et \u00e0 Dachau cabotin\u00a0?\u00a0\u00bb (111) sera chang\u00e9 dans l\u2019\u00e9dition par \u00ab\u00a0\u00e0 Wuppertal\u00a0\u00bb. Un passage sur la perte des dents est biff\u00e9 (113). La phrase \u00ab\u00a0Nenni que j\u2019aspouine\u00a0!\u00a0\u00bb (114) est trouv\u00e9e au bout de six ratures (asquine, arcasse, asquine, aspine, ascasse\u2026). C\u00e9line refuse de pr\u00e9ciser le lieu de sa d\u00e9tention pour \u00e9viter les journalistes\u00a0: \u00ab\u00a0Je suis haut au nord \u00e7a suffit\u00a0! plus haut encore\u00a0! ni ville\u00a0! ni lieu\u00a0! Je vous indiquerai l\u2019aire, azimut, le moindre bourg ou village, un bout [de] bosquet. \u00c7a y est voil\u00e0 le Cloporte en route, reporter, porteur, rapporteur, zozoteur\u2026 Frit suis\u00a0!\u00a0\u00bb\u2026 (114-115)\u2026 Discours du journaliste (115-119)\u00a0: \u00ab\u00a0Ah mon cher ma\u00eetre la France est folle\u00a0! Ah l\u2019infernal Quiproquo\u2026 le g\u00e9nie irradiant de l\u2019Europe\u00a0! le Bikikini du Roman\u00a0! Ah si vous saviez les Juifs [chang\u00e9 en \u00ab\u00a0Berb\u00e8res\u00a0\u00bb dans le livre] si on les bomine cette ann\u00e9e\u00a0!\u00a0\u00bb\u2026 La fin de ce monologue, ici tr\u00e8s ratur\u00e9e, sera modifi\u00e9e et d\u00e9velopp\u00e9e dans le livre\u00a0: \u00ab\u00a0Mais Mme Abetz est dans le coup\u00a0! Monsieur [Layer] Mayer et Mme [Blon\u00a0\/ Fleur] Virge\u00a0! et Monsieur Tonton des Abesses\u00a0! et l\u2019[archipr\u00eatre\u00a0\/ Archidiaconet] Archichanoine [de Bibracte\u00a0\/ Abibracte\u00a0\/ Elbibracte] d\u2019Albibracte\u00a0! mais c\u2019\u00e9tait que du cauchemar voyons\u00a0! Je vous enverrai des vitamines\u00a0! Ah bah 3 pillules par jour\u00a0! Gamin\u00a0! baste F\u00e9erie\u00a0! vous verrez\u00a0! Reprenez-vous\u00a0! Jouissez\u00a0! vive tout\u00a0! l\u2019instantan\u00e9 vous verrez\u00a0! [double page] l\u2019autre coup je reviens je vous ferai le son\u00a0! Je vous embrasse\u00a0! Je vous adule ma\u00eetre ma\u00eetre\u00a0!\u00a0\u00bb C\u00e9line se retrouve seul dans sa cellule (120-121)\u00a0; il interpelle le Pr\u00e9sident (122-123)\u00a0: \u00ab\u00a0Monsieur le Pr\u00e9sident\u00a0! [\u2026] J\u2019ai parl\u00e9 moi \u00e0 Laval je l\u2019ai soign\u00e9\u00a0! Je sais parler aux Pr\u00e9sidents tous les Pr\u00e9sidents\u00a0! Ma m\u00e8re est morte de chagrin toute seule sur un banc\u00a0!\u00a0\u00bb\u2026\u00a0; il \u00e9voque sa m\u00e8re et son enfance (123-124)\u00a0: \u00ab\u00a0Ma m\u00e8re tenait son local rue Th\u00e9r\u00e8se 14 [\u2026] Je suis l\u2019enfant du Passage Choiseul pour l\u2019\u00e9cole et l\u2019\u00e9ducation, de Puteaux par Madame Jouhaux ma nourrice\u00a0\u00bb\u2026 Le saccage de son appartement, les tueries, les avions (125). \u00ab\u00a0J\u2019ai sauv\u00e9 [78 familles] 220 personnes\u00a0! Elles glapiraient plus l\u2019heure actuelle. La reconnaissance existe pas la d\u00e9licatesse non plus\u00a0\u00bb\u2026 (126). \u00ab\u00a0Je suis parti en pure gentillesse, chevalerie, altruerie voisine, j\u2019ai \u00e9chang\u00e9 personne pour moi, br\u00fbl\u00e9 personne\u00a0!\u00a0\u00bb\u2026 (127). Il reparle de sa m\u00e8re (128-130), \u00ab\u00a0enterr\u00e9e P\u00e8re-Lachaise all\u00e9e 14 division 20\u2026 Je voudrais bien un laisser-passer juste le temps d\u2019aller voir la dalle\u00a0\u00bb, son travail de denteli\u00e8re, avec un passage biff\u00e9 sur ses insomnies et sa \u00ab\u00a0nature trop soucieuse\u00a0\u00bb\u2026 \u00c0 la fin, cri de col\u00e8re contre ceux qui l\u2019emp\u00eachent de se rendre sur la tombe de sa m\u00e8re (131)\u00a0: \u00ab\u00a0Excr\u00e9ment\u00a0! qu\u2019ils disent hors patrie\u00a0! Ils ont que des mots durs. Allez tendrir ces Rhadamtis\u00a0\/ Rhadamantis, Cerb\u00e8res, Deiblers r\u00e9unis\u00a0!\u00a0\u00bb (p.\u00a0132, autre liste avec l\u2019Hydre de Lerne et Gorgone). Visite de l\u2019ambassadeur [Guy Girard de Charbonni\u00e8res] dit \u00ab\u00a0l\u2019Hortensia\u00a0\u00bb (133-134, le texte sera att\u00e9nu\u00e9 dans le livre)\u00a0: \u00ab\u00a0L\u2019assesseur de l\u2019Ambassade c\u2019est quelqu\u2019un un peu\u00a0! fol + que fol, ectoplasme ou cr\u00eape\u00a0! n\u00e8gre qu\u2019il est\u00a0! et Louis XV\u00a0! qu\u2019il dit\u2026 \u2013 Viens m\u2019enculer bandit\u2026 ton lys\u00a0! la France et les colonies\u00a0! Dieu commande\u00a0! [\u2026] Ils l\u2019ont envoy\u00e9 expr\u00e8s du Quai des Nerveux \u00e0 Paris\u2026 pers\u00e9cuteur pl\u00e9nipotentiaire assesseur\u2026 Alors tu seras d\u00e9capit\u00e9\u00a0! Tous les vices n\u2019est-ce pas\u00a0? Sadique. Sodomiste\u00a0! Il me dore pas la pilule. Il veut mon anus puis ma t\u00eate\u00a0\u00bb\u2026 Sortie sur Brasillach (134-135)\u00a0: \u00ab\u00a0Vous me faites chier avec Brasillach il a pas eu le temps de s\u2019enrhumer, ils l\u2019ont fusill\u00e9 \u00e0 chaud\u00a0\u00bb\u2026 Tirade contre les ministres (135, les noms r\u00e9els seront chang\u00e9s dans le livre)\u00a0: \u00ab\u00a0Et Andr\u00e9 Marie bel plaisant, ce fut tout de m\u00eame un autre martyr\u00a0? op\u00e9rette ou pas\u00a0! et Monsieur Mayer des Vignettes\u00a0?\u00a0\u00bb\u2026 \u00c9vocation des prisonniers historiques (136-138), Blanqui, Barb\u00e8s Latude, Rip van Winkle, Capet, avec un d\u00e9veloppement ray\u00e9 sur les millions de gens en cages\u00a0: \u00ab\u00a0c\u2019est une vrai oisellerie et encore, de caquets \u00e0 cage, devenus aristophanesques\u00a0\u00bb\u00a0; et une r\u00e9vision des \u00e2ges de l\u2019humanit\u00e9, comprenant ici \u00ab\u00a0l\u2019\u00e2ge des tranch\u00e9es, l\u2019\u00e2ge des cieux, des t\u00e9l\u00e9phones\u00a0\u00bb, pour arriver \u00e0 \u00ab\u00a0l\u2019\u00e2ge des cages\u00a0\u00bb\u2026 Le r\u00e9gime de la prison (139-146), avec ses \u00ab\u00a0dix minutes \u00e0 l\u2019air pur par jour, 23\u00a0h 50 en t\u00e9n\u00e8bres\u00a0!\u00a0\u00bb, le vent et le gel en hiver, la brutalit\u00e9 des gardiens\u2026 \u00ab\u00a0Je me plains de la pellagre, des bourdonnements, des vertiges et de mon n\u00e9vrome du bras droit, de la guerre 14 la guerre\u00a0! Qui c\u2019est la faute la guerre 14\u00a0! T\u2019avais qu\u2019\u00e0 pas y aller sale con\u00a0! Voil\u00e0 la raison qui raisonne\u00a0!! Pas de tout de r\u00e9gime aust\u00e8re, soupirail, barreaux tabouret, ombre entendu\u00a0! mais morue des 2 fois par jour\u00a0! non j\u2019\u00e9l\u00e8ve pas de clameur sp\u00e9ciale\u00a0! Je me plains de mes invalidit\u00e9s \u00e0 moi et ma carne trop fr\u00eale. 57 ans de vaches efforts pas des h\u00e9ro\u00efsmes trop sublimes\u2026 Personne t\u2019a pri\u00e9 sale coucou\u00a0! [\u2026] Gr\u00e2ce aux 10 minutes de cage que la cachexie n\u2019a pas pris. [\u2026] La chiourme m\u2019a sauv\u00e9 la vie\u00a0\u00bb\u2026 Le fragment se termine sur l\u2019\u00e9vocation de la Sib\u00e9rie (146-149)\u00a0; \u00e0 la fin du dernier feuillet, C\u00e9line a ajout\u00e9 quatre lignes au stylo bille (et ajout\u00e9 le n\u00b0\u00a0150 en haut \u00e0 c\u00f4t\u00e9 du 149), avec cette derni\u00e8re phrase\u00a0: \u00ab\u00a0J\u2019ai l\u2019h\u00f4pital et je paye pas\u00a0!\u00a0\u00bb<div class='upcp-prod-desc-custom-fields upcp-custom-field-details'><\/div><\/div>\n<\/div><div id='prod-cat-end-div-4394' class='prod-cat-end-detail-div upcp-end-detail-div'><div id='prod-cat-price-4394' class='prod-cat-price upcp-detail-price' data-item_price='15\u00a0000  \u20ac'><span class='full-price' itemprop='offers' itemscope itemtype='http:\/\/schema.org\/Offer'><span itemprop='price' content='15\u00a0000 '>15\u00a0000 <\/span><span itemprop='priceCurrency' content=''> \u20ac<\/span><\/span><\/div>\n<a class='upcp-catalogue-link'  href='\/index.php?rest_route=%2Fwp%2Fv2%2Fpages%2F3275&SingleProduct=4394' onclick='RecordView(4394);'><div id='prod-cat-details-link-4394' class='prod-cat-details-link upcp-detail-details-link'><span class='upcp-details-text'>d\u00e9tails<\/span><span class='upcp-details-icon'>s<\/span><\/div>\n<\/a><\/div><\/div>\n<div id='prod-cat-detail-item-4393' class='prod-cat-item upcp-detail-item ' data-itemid='4393'>\n<div id='prod-cat-detail-div-4393' class='prod-cat-thumb-image-div upcp-detail-image-div'><a class='upcp-catalogue-link'  href='\/index.php?rest_route=%2Fwp%2Fv2%2Fpages%2F3275&SingleProduct=4393' onclick='RecordView(4393);'><img src='http:\/\/www.lesautographes.com\/wp-content\/uploads\/2023\/10\/100.jpg' alt='100 Marcel AYM\u00c9 (1902-1967) \u00e9crivain Image' id='prod-cat-thumb-4393' class='prod-cat-thumb-image upcp-thumb-image'><\/a><\/div>\n<div id='prod-cat-mid-div-4393' class='prod-cat-mid-detail-div upcp-mid-detail-div'><a class='upcp-catalogue-link'  href='\/index.php?rest_route=%2Fwp%2Fv2%2Fpages%2F3275&SingleProduct=4393' onclick='RecordView(4393);'><div id='prod-cat-title-4393' class='prod-cat-title upcp-detail-title'>100 Marcel AYM\u00c9 (1902-1967) \u00e9crivain<\/div>\n<\/a><div id='prod-cat-desc-4393' class='prod-cat-desc upcp-detail-desc'>Manuscrit autographe sign\u00e9, Le Probl\u00e8me, [1946]\u00a0; 5 pages in-4 (fente r\u00e9par\u00e9e au dernier f.), mont\u00e9es sur onglets sur ff. de papier v\u00e9lin fort, reliure demi-percaline beige.Manuscrit complet d\u2019un des Contes du chat perch\u00e9, publi\u00e9 par Gallimard en 1946 avec des illustrations de Nathalie Parain, et recueilli en 1958 dans les Derniers contes du chat perch\u00e9, illustr\u00e9s par Lesly Queneau, puis dans Les Contes rouges du chat perch\u00e9, illustr\u00e9s par Palayer, en 1963.Le manuscrit, \u00e0 l\u2019encre bleu nuit, de la minuscule \u00e9criture serr\u00e9e de Marcel Aym\u00e9 qui remplit toute la page, sans marge, pr\u00e9sente quelques ratures et corrections.Delphine et Marinette sont fort grond\u00e9es par leurs parents\u00a0: elles ne savent r\u00e9soudre le probl\u00e8me d\u2019arithm\u00e9tique impos\u00e9 par leur ma\u00eetresse\u00a0: d\u00e9terminer le nombre d\u2019arbres de chaque esp\u00e8ce plant\u00e9s dans les bois de la commune. Leur chien, qui compatit, sollicite pour elles l\u2019assistance de toutes les b\u00eates de la ferme, et c\u2019est le d\u00e9but d\u2019une aventure qui r\u00e9v\u00e8le les qualit\u00e9s sociales de chacune, et les aspirations \u00e0 l\u2019\u00e9ducation de plusieurs. Le lendemain, dans la salle de classe, malgr\u00e9 les protestations de la ma\u00eetresse, l\u2019inspecteur d\u2019acad\u00e9mie fait un triomphe aux fillettes et aux b\u00eates, dont l\u2019une, m\u00eame, recevra la croix d\u2019honneur...On a reli\u00e9 en t\u00eate une L.A.S. d\u2019envoi \u00e0 une dame, 5 juillet 1947 (demi-page in-4)\u00a0: Marcel Aym\u00e9 envoie ces pages en f\u00e9licitant sa correspondante de son initiative en faveur de V\u00e9zelay. \u00ab\u00a0Je suis tr\u00e8s sensible \u00e0 l\u2019honneur que vous me faites en me demandant mon concours [...] Je souhaite \u00e0 votre g\u00e9n\u00e9reuse entreprise tout le succ\u00e8s qu\u2019elle m\u00e9rite\u00a0\u00bb...<div class='upcp-prod-desc-custom-fields upcp-custom-field-details'><\/div><\/div>\n<\/div><div id='prod-cat-end-div-4393' class='prod-cat-end-detail-div upcp-end-detail-div'><div id='prod-cat-price-4393' class='prod-cat-price upcp-detail-price' data-item_price='6\u00a0000  \u20ac'><span class='full-price' itemprop='offers' itemscope itemtype='http:\/\/schema.org\/Offer'><span itemprop='price' content='6\u00a0000 '>6\u00a0000 <\/span><span itemprop='priceCurrency' content=''> \u20ac<\/span><\/span><\/div>\n<a class='upcp-catalogue-link'  href='\/index.php?rest_route=%2Fwp%2Fv2%2Fpages%2F3275&SingleProduct=4393' onclick='RecordView(4393);'><div id='prod-cat-details-link-4393' class='prod-cat-details-link upcp-detail-details-link'><span class='upcp-details-text'>d\u00e9tails<\/span><span class='upcp-details-icon'>s<\/span><\/div>\n<\/a><\/div><\/div>\n<div id='prod-cat-detail-item-4391' class='prod-cat-item upcp-detail-item ' data-itemid='4391'>\n<div id='prod-cat-detail-div-4391' class='prod-cat-thumb-image-div upcp-detail-image-div'><a class='upcp-catalogue-link'  href='\/index.php?rest_route=%2Fwp%2Fv2%2Fpages%2F3275&SingleProduct=4391' onclick='RecordView(4391);'><img src='http:\/\/www.lesautographes.com\/wp-content\/uploads\/2023\/10\/98.jpg' alt='098 Henri MATISSE (1869-1954) peintre Image' id='prod-cat-thumb-4391' class='prod-cat-thumb-image upcp-thumb-image'><\/a><\/div>\n<div id='prod-cat-mid-div-4391' class='prod-cat-mid-detail-div upcp-mid-detail-div'><a class='upcp-catalogue-link'  href='\/index.php?rest_route=%2Fwp%2Fv2%2Fpages%2F3275&SingleProduct=4391' onclick='RecordView(4391);'><div id='prod-cat-title-4391' class='prod-cat-title upcp-detail-title'>098 Henri MATISSE (1869-1954) peintre<\/div>\n<\/a><div id='prod-cat-desc-4391' class='prod-cat-desc upcp-detail-desc'>L.A.S., Vence 2 juillet 1944, [\u00e0 Henry de Montherlant]\u00a0; 5 pages in-8. Longue lettre sur la fin de la guerre et sur ses gravures pour Pasipha\u00e9. Chant de Minos. (Les Cr\u00e9tois) de Montherlant (publi\u00e9 par M. Fabiani, 1944).\u00ab\u00a0Je suis boulott\u00e9 par une inqui\u00e9tude sourde. Les derni\u00e8res nouvelles que j\u2019ai eu de mon fils par une lettre dat\u00e9e du 2 (il y a un mois) juin et re\u00e7ue le 13, me donnait des espoirs tr\u00e8s vagues [la Gestapo avait arr\u00eat\u00e9 en avril la femme de Matisse et leur fille, Marguerite Duthuit, pour faits de r\u00e9sistance]. Que se passe-t-il\u00a0? Que me cache-t-on\u00a0? Je n\u2019ai d\u2019autres distractions que celles de mon travail, de ma curiosit\u00e9 \u00e0 son sujet jamais \u00e9puis\u00e9e, mais avec la fatigue de nuits p\u00e9nibles sans sommeil, que puis-je faire. Vence est tranquille aussi relativement \u2013 de petits incidents comme avis de suppression de Radio-appareils rapport\u00e9 apr\u00e8s quelques jours et circulations de bobards les plus contradictoires venant des milieux inform\u00e9s. Grasse le serait moins. Ravitaillement suffisant. Le paysan est l\u00e0. Je me doute bien que Paris doit \u00eatre moins facile \u00e0 tous points de vue. Malgr\u00e9 cela je voudrais bien y \u00eatre, il me semble que je pourrais faire qq. chose pour \u00e9claircir la situation des miens\u00a0\u00bb\u2026 Il demande si Montherlant a re\u00e7u ses volumes, et il raconte ses d\u00e9boires avec des feuilles sur lesquelles il devait faire un dessin avec d\u00e9dicace \u00e0 R.S. \u00ab\u00a0Rien ne presse cependant car la vente en Su\u00e8de, pour attendre le meilleur moment, ne peut se faire qu\u2019\u00e0 l\u2019automne. Mais o\u00f9 serons-nous, comme vous dites. Je suis toujours un peu blagueur, excusez-m\u2019en. C\u2019est avec \u00e7a que je me d\u00e9fends des choses contraires. \u00c9crivez-moi un peu. Il n\u2019y a tout de m\u00eame pas que des tableaux noirs \u00e0 Paris. Dites-moi si votre Pasipha\u00e9 nouvellement habill\u00e9e en a jet\u00e9 un peu dans votre milieu. Cocteau a-t-il eu l\u2019occasion de vous en parler. Je dis Cocteau parce que c\u2019est une couleur. Je pense beaucoup \u00e0 mon travail, qui me console. Je l\u2019aime beaucoup au fond. C\u2019est le seul point solide que j\u2019ai trouv\u00e9 dans la vie \u2013 et puis c\u2019est la chose qui ne trompe pas \u2013 surtout pour qui comme nous n\u2019avons pas d\u2019interm\u00e9diaire. Je veux dire que, si nous ne comptons pas trop avec les autres, les contemporains, nous aurons ce que nous m\u00e9ritons. Nos \u0153uvres sont nos meilleures enfants\u00a0\u00bb\u2026<div class='upcp-prod-desc-custom-fields upcp-custom-field-details'><\/div><\/div>\n<\/div><div id='prod-cat-end-div-4391' class='prod-cat-end-detail-div upcp-end-detail-div'><div id='prod-cat-price-4391' class='prod-cat-price upcp-detail-price' data-item_price='3\u00a0000  \u20ac'><span class='full-price' itemprop='offers' itemscope itemtype='http:\/\/schema.org\/Offer'><span itemprop='price' content='3\u00a0000 '>3\u00a0000 <\/span><span itemprop='priceCurrency' content=''> \u20ac<\/span><\/span><\/div>\n<a class='upcp-catalogue-link'  href='\/index.php?rest_route=%2Fwp%2Fv2%2Fpages%2F3275&SingleProduct=4391' onclick='RecordView(4391);'><div id='prod-cat-details-link-4391' class='prod-cat-details-link upcp-detail-details-link'><span class='upcp-details-text'>d\u00e9tails<\/span><span class='upcp-details-icon'>s<\/span><\/div>\n<\/a><\/div><\/div>\n<\/div><div class='upcp-clear'><\/div>\n<\/div>\n<div class='upcp-clear'><\/div><div class='upcp-infinite-scroll-content-area'><div class='shortcode-attr upcp-Hide-Item' id='upcp-max-page'>3<\/div><\/div><\/div><script language='JavaScript' type='text\/javascript'><\/script><div class='upcp-clear'><\/div><\/div>\n","protected":false},"excerpt":{"rendered":"","protected":false},"author":1,"featured_media":0,"parent":0,"menu_order":0,"comment_status":"closed","ping_status":"closed","template":"","meta":{"footnotes":""},"class_list":["post-3275","page","type-page","status-publish","hentry"],"_links":{"self":[{"href":"http:\/\/www.lesautographes.com\/index.php?rest_route=\/wp\/v2\/pages\/3275","targetHints":{"allow":["GET"]}}],"collection":[{"href":"http:\/\/www.lesautographes.com\/index.php?rest_route=\/wp\/v2\/pages"}],"about":[{"href":"http:\/\/www.lesautographes.com\/index.php?rest_route=\/wp\/v2\/types\/page"}],"author":[{"embeddable":true,"href":"http:\/\/www.lesautographes.com\/index.php?rest_route=\/wp\/v2\/users\/1"}],"replies":[{"embeddable":true,"href":"http:\/\/www.lesautographes.com\/index.php?rest_route=%2Fwp%2Fv2%2Fcomments&post=3275"}],"version-history":[{"count":1,"href":"http:\/\/www.lesautographes.com\/index.php?rest_route=\/wp\/v2\/pages\/3275\/revisions"}],"predecessor-version":[{"id":3276,"href":"http:\/\/www.lesautographes.com\/index.php?rest_route=\/wp\/v2\/pages\/3275\/revisions\/3276"}],"wp:attachment":[{"href":"http:\/\/www.lesautographes.com\/index.php?rest_route=%2Fwp%2Fv2%2Fmedia&parent=3275"}],"curies":[{"name":"wp","href":"https:\/\/api.w.org\/{rel}","templated":true}]}}