{"id":2928,"date":"2022-09-27T11:53:20","date_gmt":"2022-09-27T09:53:20","guid":{"rendered":"http:\/\/www.lesautographes.com\/?page_id=2928"},"modified":"2022-09-27T11:58:31","modified_gmt":"2022-09-27T09:58:31","slug":"catalogue-2022","status":"publish","type":"page","link":"http:\/\/www.lesautographes.com\/?page_id=2928","title":{"rendered":"Catalogue 2022"},"content":{"rendered":"<div class='upcp-Hide-Item' id='upcp-shortcode-atts'><div class='shortcode-attr' id='upcp-catalogue-id'>22<\/div><div class='shortcode-attr' id='upcp-catalogue-sidebar'>Yes<\/div><div class='shortcode-attr' id='upcp-starting-layout'><\/div><div class='shortcode-attr' id='upcp-current-layout'><\/div><div class='shortcode-attr' id='upcp-exclude-layouts'>None<\/div><div class='shortcode-attr' id='upcp-current-page'>1<\/div><div class='shortcode-attr' id='upcp-products-per-page'>26<\/div><div class='shortcode-attr' id='upcp-default-search-text'> <\/div><div class='shortcode-attr' id='upcp-base-url'>\/index.php<\/div><\/div><div class='prod-cat-container'><style>.upcp-product-comparison-button { }\n.upcp-product-comparison-button span.compareSpan { }\n.upcp-product-comparison-button.comparisonClicked { }\n.upcp-product-comparison-button.comparisonClicked span.compareSpan { }\n.upcp-sale-flag { }\n.upcp-sale-flag span.saleSpan { }\n.upcp-details-icon {opacity: 0;}\ndiv.upcp-thumb-image-div img { border: None; }\n.upcp-thumb-image-div { }\n.upcp-thumb-image-div a { }\n.upcp-thumb-item {padding:0px;border-color:;}\n.upcp-thumb-title a {}\n.upcp-thumb-price {}\n.upcp-thumb-details-link {}\n.upcp-list-image-div img { }\n.upcp-list-image-div { height:200px ;background-color:#fafafa;}\n.upcp-list-item { margin-left:5px;margin-top:10px;padding:0px;}\n.upcp-list-details {min-height:240px;}\n.upcp-list-title {color:#1b8be0;}\n.upcp-list-price {color:#2e8f9a;}\n.upcp-list-details-link {}\ndiv.upcp-detail-image-div img { }\ndiv.upcp-detail-image-div { }\n.upcp-detail-item { padding:0px;margin:15px autopx;}\n.upcp-detail-title { color:#1b8be0;}\n.upcp-detail-price {}\n.upcp-detail-details-link { }\n.upcp-mid-detail-div { }\n.prod-cat-sidebar-cat-title h3 { }\n.prod-cat-sort-by, .prod-cat-text-search, .prod-cat-sidebar-cat-title span { }\n.prod-cat-sidebar-content .upcp-label { }\n.prod-cat-back-link a, .upcp-product-page-breadcrumbs a, .prod-cat-back-link, .upcp-product-page-breadcrumbs { }\n.prod-cat-back-link a:hover, .upcp-product-page-breadcrumbs a:hover { }\n.upcp-product-comparison-title a { }\n.upcp-product-comparison-price { }\n.prod-cat .pagination-links a { border: none;}\n.prod-cat .pagination-links a:hover { }\n<\/style><style type='text\/css'>.upcp-thumb-details-link, .upcp-list-details-link, .upcp-detail-details-link {background: url('http:\/\/www.lesautographes.com\/wp-content\/2017\/09\/FFFFFF-0.png') no-repeat;}<\/style><script language='JavaScript' type='text\/javascript'>var maintain_filtering = 'Yes';<\/script><form id='upcp-hidden-filtering-form' method='post' target='_self'><input type='hidden' id='upcp-selected-categories' name='categories' value='' \/><input type='hidden' id='upcp-selected-subcategories' name='sub-categories' value='' \/><input type='hidden' id='upcp-selected-tags' name='tags' value='' \/><input type='hidden' id='upcp-selected-prod-name' name='prod_name' value='' \/><input type='hidden' id='upcp-selected-current-page' name='current_page' value='' \/><input type='hidden' id='upcp-selected-current-url' name='current_url' value='http:\/\/www.lesautographes.com\/?page_id=2928' \/><\/form><script language='JavaScript' type='text\/javascript'>var max_price = '950';var min_price = '0';var currency_symbol = ' \u20ac';var symbol_position = 'After';var filtering_values = '[{\"ID\":\"3995\",\"Price\":\"80\\u00a0\",\"Category\":\"11\",\"SubCategory\":\"0\",\"Tags\":[],\"CustomFields\":[]},{\"ID\":\"3996\",\"Price\":\"600\\u00a0\",\"Category\":\"11\",\"SubCategory\":\"0\",\"Tags\":[],\"CustomFields\":[]},{\"ID\":\"3998\",\"Price\":\"300\\u00a0\",\"Category\":\"11\",\"SubCategory\":\"0\",\"Tags\":[],\"CustomFields\":[]},{\"ID\":\"3999\",\"Price\":\"2\\u00a0000\\u00a0\",\"Category\":\"11\",\"SubCategory\":\"0\",\"Tags\":[],\"CustomFields\":[]},{\"ID\":\"4002\",\"Price\":\"500\\u00a0\",\"Category\":\"11\",\"SubCategory\":\"0\",\"Tags\":[],\"CustomFields\":[]},{\"ID\":\"4003\",\"Price\":\"300\\u00a0\",\"Category\":\"11\",\"SubCategory\":\"0\",\"Tags\":[],\"CustomFields\":[]},{\"ID\":\"4006\",\"Price\":\"800\\u00a0\",\"Category\":\"11\",\"SubCategory\":\"0\",\"Tags\":[],\"CustomFields\":[]},{\"ID\":\"4007\",\"Price\":\"400\\u00a0\",\"Category\":\"11\",\"SubCategory\":\"0\",\"Tags\":[],\"CustomFields\":[]},{\"ID\":\"4008\",\"Price\":\"500\\u00a0\",\"Category\":\"11\",\"SubCategory\":\"0\",\"Tags\":[],\"CustomFields\":[]},{\"ID\":\"4009\",\"Price\":\"100\\u00a0\",\"Category\":\"11\",\"SubCategory\":\"0\",\"Tags\":[],\"CustomFields\":[]},{\"ID\":\"4010\",\"Price\":\"250\\u00a0\",\"Category\":\"11\",\"SubCategory\":\"0\",\"Tags\":[],\"CustomFields\":[]},{\"ID\":\"4011\",\"Price\":\"170\\u00a0\",\"Category\":\"11\",\"SubCategory\":\"0\",\"Tags\":[],\"CustomFields\":[]},{\"ID\":\"4013\",\"Price\":\"400\\u00a0\",\"Category\":\"11\",\"SubCategory\":\"0\",\"Tags\":[],\"CustomFields\":[]},{\"ID\":\"4015\",\"Price\":\"100\\u00a0\",\"Category\":\"11\",\"SubCategory\":\"0\",\"Tags\":[],\"CustomFields\":[]},{\"ID\":\"4016\",\"Price\":\"300\\u00a0\",\"Category\":\"11\",\"SubCategory\":\"0\",\"Tags\":[],\"CustomFields\":[]},{\"ID\":\"4018\",\"Price\":\"250\\u00a0\",\"Category\":\"11\",\"SubCategory\":\"0\",\"Tags\":[],\"CustomFields\":[]},{\"ID\":\"4019\",\"Price\":\"250\\u00a0\",\"Category\":\"11\",\"SubCategory\":\"0\",\"Tags\":[],\"CustomFields\":[]},{\"ID\":\"4021\",\"Price\":\"150\\u00a0\",\"Category\":\"11\",\"SubCategory\":\"0\",\"Tags\":[],\"CustomFields\":[]},{\"ID\":\"4023\",\"Price\":\"600\\u00a0\",\"Category\":\"11\",\"SubCategory\":\"0\",\"Tags\":[],\"CustomFields\":[]},{\"ID\":\"4025\",\"Price\":\"250\\u00a0\",\"Category\":\"11\",\"SubCategory\":\"0\",\"Tags\":[],\"CustomFields\":[]},{\"ID\":\"4026\",\"Price\":\"1\\u00a0500\\u00a0\",\"Category\":\"11\",\"SubCategory\":\"0\",\"Tags\":[],\"CustomFields\":[]},{\"ID\":\"4027\",\"Price\":\"250\\u00a0\",\"Category\":\"11\",\"SubCategory\":\"0\",\"Tags\":[],\"CustomFields\":[]},{\"ID\":\"4028\",\"Price\":\"25\\u00a0\",\"Category\":\"11\",\"SubCategory\":\"0\",\"Tags\":[],\"CustomFields\":[]},{\"ID\":\"4029\",\"Price\":\"150\\u00a0\",\"Category\":\"11\",\"SubCategory\":\"0\",\"Tags\":[],\"CustomFields\":[]},{\"ID\":\"4030\",\"Price\":\"4\\u00a0500\\u00a0\",\"Category\":\"11\",\"SubCategory\":\"0\",\"Tags\":[],\"CustomFields\":[]},{\"ID\":\"4032\",\"Price\":\"150\\u00a0\",\"Category\":\"11\",\"SubCategory\":\"0\",\"Tags\":[],\"CustomFields\":[]},{\"ID\":\"4033\",\"Price\":\"120\\u00a0\",\"Category\":\"11\",\"SubCategory\":\"0\",\"Tags\":[],\"CustomFields\":[]},{\"ID\":\"4034\",\"Price\":\"500\\u00a0\",\"Category\":\"11\",\"SubCategory\":\"0\",\"Tags\":[],\"CustomFields\":[]},{\"ID\":\"4035\",\"Price\":\"6 500\\u00a0\",\"Category\":\"11\",\"SubCategory\":\"0\",\"Tags\":[],\"CustomFields\":[]},{\"ID\":\"4036\",\"Price\":\"1\\u00a0000\\u00a0\",\"Category\":\"11\",\"SubCategory\":\"0\",\"Tags\":[],\"CustomFields\":[]},{\"ID\":\"4037\",\"Price\":\"20\\u00a0\",\"Category\":\"11\",\"SubCategory\":\"0\",\"Tags\":[],\"CustomFields\":[]},{\"ID\":\"4038\",\"Price\":\"800\\u00a0\",\"Category\":\"11\",\"SubCategory\":\"0\",\"Tags\":[],\"CustomFields\":[]},{\"ID\":\"4039\",\"Price\":\"250\\u00a0\",\"Category\":\"11\",\"SubCategory\":\"0\",\"Tags\":[],\"CustomFields\":[]},{\"ID\":\"4040\",\"Price\":\"30\\u00a0\",\"Category\":\"11\",\"SubCategory\":\"0\",\"Tags\":[],\"CustomFields\":[]},{\"ID\":\"4041\",\"Price\":\"600\\u00a0\",\"Category\":\"11\",\"SubCategory\":\"0\",\"Tags\":[],\"CustomFields\":[]},{\"ID\":\"4042\",\"Price\":\"700\\u00a0\",\"Category\":\"11\",\"SubCategory\":\"0\",\"Tags\":[],\"CustomFields\":[]},{\"ID\":\"4043\",\"Price\":\"250\\u00a0\",\"Category\":\"11\",\"SubCategory\":\"0\",\"Tags\":[],\"CustomFields\":[]},{\"ID\":\"4044\",\"Price\":\"900\\u00a0\",\"Category\":\"11\",\"SubCategory\":\"0\",\"Tags\":[],\"CustomFields\":[]},{\"ID\":\"4046\",\"Price\":\"1\\u00a0000\\u00a0\",\"Category\":\"11\",\"SubCategory\":\"0\",\"Tags\":[],\"CustomFields\":[]},{\"ID\":\"4047\",\"Price\":\"700\\u00a0\",\"Category\":\"11\",\"SubCategory\":\"0\",\"Tags\":[],\"CustomFields\":[]},{\"ID\":\"4049\",\"Price\":\"800\\u00a0\",\"Category\":\"11\",\"SubCategory\":\"0\",\"Tags\":[],\"CustomFields\":[]},{\"ID\":\"4050\",\"Price\":\"500\\u00a0\",\"Category\":\"11\",\"SubCategory\":\"0\",\"Tags\":[],\"CustomFields\":[]},{\"ID\":\"4051\",\"Price\":\"100\\u00a0\",\"Category\":\"11\",\"SubCategory\":\"0\",\"Tags\":[],\"CustomFields\":[]},{\"ID\":\"4052\",\"Price\":\"300\\u00a0\",\"Category\":\"11\",\"SubCategory\":\"0\",\"Tags\":[],\"CustomFields\":[]},{\"ID\":\"4055\",\"Price\":\"4\\u00a0500\\u00a0\",\"Category\":\"11\",\"SubCategory\":\"0\",\"Tags\":[],\"CustomFields\":[]},{\"ID\":\"4056\",\"Price\":\"150\\u00a0\",\"Category\":\"11\",\"SubCategory\":\"0\",\"Tags\":[],\"CustomFields\":[]},{\"ID\":\"4057\",\"Price\":\"400\\u00a0\",\"Category\":\"11\",\"SubCategory\":\"0\",\"Tags\":[],\"CustomFields\":[]},{\"ID\":\"4060\",\"Price\":\"400\\u00a0\",\"Category\":\"11\",\"SubCategory\":\"0\",\"Tags\":[],\"CustomFields\":[]},{\"ID\":\"4061\",\"Price\":\"60\\u00a0\",\"Category\":\"11\",\"SubCategory\":\"0\",\"Tags\":[],\"CustomFields\":[]},{\"ID\":\"4064\",\"Price\":\"750\\u00a0\",\"Category\":\"11\",\"SubCategory\":\"0\",\"Tags\":[],\"CustomFields\":[]},{\"ID\":\"4065\",\"Price\":\"100\\u00a0\",\"Category\":\"11\",\"SubCategory\":\"0\",\"Tags\":[],\"CustomFields\":[]},{\"ID\":\"4066\",\"Price\":\"100\\u00a0\",\"Category\":\"11\",\"SubCategory\":\"0\",\"Tags\":[],\"CustomFields\":[]},{\"ID\":\"4070\",\"Price\":\"80\\u00a0\",\"Category\":\"11\",\"SubCategory\":\"0\",\"Tags\":[],\"CustomFields\":[]},{\"ID\":\"4073\",\"Price\":\"200\\u00a0\",\"Category\":\"11\",\"SubCategory\":\"0\",\"Tags\":[],\"CustomFields\":[]},{\"ID\":\"4074\",\"Price\":\"1\\u00a0500\\u00a0\",\"Category\":\"11\",\"SubCategory\":\"0\",\"Tags\":[],\"CustomFields\":[]},{\"ID\":\"4079\",\"Price\":\"300\\u00a0\",\"Category\":\"11\",\"SubCategory\":\"0\",\"Tags\":[],\"CustomFields\":[]},{\"ID\":\"4081\",\"Price\":\"50\\u00a0\",\"Category\":\"11\",\"SubCategory\":\"0\",\"Tags\":[],\"CustomFields\":[]},{\"ID\":\"4082\",\"Price\":\"100\\u00a0\",\"Category\":\"11\",\"SubCategory\":\"0\",\"Tags\":[],\"CustomFields\":[]},{\"ID\":\"4084\",\"Price\":\"500\\u00a0\",\"Category\":\"11\",\"SubCategory\":\"0\",\"Tags\":[],\"CustomFields\":[]},{\"ID\":\"4086\",\"Price\":\"100\\u00a0\",\"Category\":\"11\",\"SubCategory\":\"0\",\"Tags\":[],\"CustomFields\":[]},{\"ID\":\"4087\",\"Price\":\"80\\u00a0\",\"Category\":\"11\",\"SubCategory\":\"0\",\"Tags\":[],\"CustomFields\":[]},{\"ID\":\"4088\",\"Price\":\"900\\u00a0\",\"Category\":\"11\",\"SubCategory\":\"0\",\"Tags\":[],\"CustomFields\":[]},{\"ID\":\"4089\",\"Price\":\"60\\u00a0\",\"Category\":\"11\",\"SubCategory\":\"0\",\"Tags\":[],\"CustomFields\":[]},{\"ID\":\"4090\",\"Price\":\"2 000\\u00a0\",\"Category\":\"11\",\"SubCategory\":\"0\",\"Tags\":[],\"CustomFields\":[]},{\"ID\":\"4093\",\"Price\":\"80\\u00a0\",\"Category\":\"11\",\"SubCategory\":\"0\",\"Tags\":[],\"CustomFields\":[]},{\"ID\":\"4094\",\"Price\":\"500\\u00a0\",\"Category\":\"11\",\"SubCategory\":\"0\",\"Tags\":[],\"CustomFields\":[]},{\"ID\":\"4095\",\"Price\":\"1\\u00a0500\\u00a0\",\"Category\":\"11\",\"SubCategory\":\"0\",\"Tags\":[],\"CustomFields\":[]},{\"ID\":\"4097\",\"Price\":\"200\\u00a0\",\"Category\":\"11\",\"SubCategory\":\"0\",\"Tags\":[],\"CustomFields\":[]},{\"ID\":\"4099\",\"Price\":\"70\\u00a0\",\"Category\":\"11\",\"SubCategory\":\"0\",\"Tags\":[],\"CustomFields\":[]},{\"ID\":\"4100\",\"Price\":\"13\\u00a0000\\u00a0\",\"Category\":\"11\",\"SubCategory\":\"0\",\"Tags\":[],\"CustomFields\":[]},{\"ID\":\"4104\",\"Price\":\"500\\u00a0\",\"Category\":\"11\",\"SubCategory\":\"0\",\"Tags\":[],\"CustomFields\":[]},{\"ID\":\"4105\",\"Price\":\"120\\u00a0\",\"Category\":\"11\",\"SubCategory\":\"0\",\"Tags\":[],\"CustomFields\":[]},{\"ID\":\"4107\",\"Price\":\"200\\u00a0\",\"Category\":\"11\",\"SubCategory\":\"0\",\"Tags\":[],\"CustomFields\":[]},{\"ID\":\"4109\",\"Price\":\"2\\u00a0000\\u00a0\",\"Category\":\"11\",\"SubCategory\":\"0\",\"Tags\":[],\"CustomFields\":[]},{\"ID\":\"4110\",\"Price\":\"120\\u00a0\",\"Category\":\"11\",\"SubCategory\":\"0\",\"Tags\":[],\"CustomFields\":[]},{\"ID\":\"4111\",\"Price\":\"500\\u00a0\",\"Category\":\"11\",\"SubCategory\":\"0\",\"Tags\":[],\"CustomFields\":[]},{\"ID\":\"4112\",\"Price\":\"400\\u00a0\",\"Category\":\"11\",\"SubCategory\":\"0\",\"Tags\":[],\"CustomFields\":[]},{\"ID\":\"4113\",\"Price\":\"500\\u00a0\",\"Category\":\"11\",\"SubCategory\":\"0\",\"Tags\":[],\"CustomFields\":[]},{\"ID\":\"4114\",\"Price\":\"80\\u00a0\",\"Category\":\"11\",\"SubCategory\":\"0\",\"Tags\":[],\"CustomFields\":[]},{\"ID\":\"4115\",\"Price\":\"1\\u00a0200\\u00a0\",\"Category\":\"11\",\"SubCategory\":\"0\",\"Tags\":[],\"CustomFields\":[]},{\"ID\":\"4116\",\"Price\":\"1\\u00a0500\\u00a0\",\"Category\":\"11\",\"SubCategory\":\"0\",\"Tags\":[],\"CustomFields\":[]},{\"ID\":\"4117\",\"Price\":\"250\\u00a0\",\"Category\":\"11\",\"SubCategory\":\"0\",\"Tags\":[],\"CustomFields\":[]},{\"ID\":\"4118\",\"Price\":\"700\\u00a0\",\"Category\":\"11\",\"SubCategory\":\"0\",\"Tags\":[],\"CustomFields\":[]},{\"ID\":\"4119\",\"Price\":\"70\\u00a0\",\"Category\":\"11\",\"SubCategory\":\"0\",\"Tags\":[],\"CustomFields\":[]},{\"ID\":\"4121\",\"Price\":\"150\\u00a0\",\"Category\":\"11\",\"SubCategory\":\"0\",\"Tags\":[],\"CustomFields\":[]},{\"ID\":\"4122\",\"Price\":\"500\\u00a0\",\"Category\":\"11\",\"SubCategory\":\"0\",\"Tags\":[],\"CustomFields\":[]},{\"ID\":\"4123\",\"Price\":\"100\\u00a0\",\"Category\":\"11\",\"SubCategory\":\"0\",\"Tags\":[],\"CustomFields\":[]},{\"ID\":\"4124\",\"Price\":\"80\\u00a0\",\"Category\":\"11\",\"SubCategory\":\"0\",\"Tags\":[],\"CustomFields\":[]},{\"ID\":\"4125\",\"Price\":\"2\\u00a0800\\u00a0\",\"Category\":\"11\",\"SubCategory\":\"0\",\"Tags\":[],\"CustomFields\":[]},{\"ID\":\"4126\",\"Price\":\"100\\u00a0\",\"Category\":\"11\",\"SubCategory\":\"0\",\"Tags\":[],\"CustomFields\":[]},{\"ID\":\"4127\",\"Price\":\"500\\u00a0\",\"Category\":\"11\",\"SubCategory\":\"0\",\"Tags\":[],\"CustomFields\":[]},{\"ID\":\"4128\",\"Price\":\"150\\u00a0\",\"Category\":\"11\",\"SubCategory\":\"0\",\"Tags\":[],\"CustomFields\":[]},{\"ID\":\"4129\",\"Price\":\"60\\u00a0\",\"Category\":\"11\",\"SubCategory\":\"0\",\"Tags\":[],\"CustomFields\":[]},{\"ID\":\"4130\",\"Price\":\"450\\u00a0\",\"Category\":\"11\",\"SubCategory\":\"0\",\"Tags\":[],\"CustomFields\":[]},{\"ID\":\"4131\",\"Price\":\"450\\u00a0\",\"Category\":\"11\",\"SubCategory\":\"0\",\"Tags\":[],\"CustomFields\":[]},{\"ID\":\"4133\",\"Price\":\"100\\u00a0\",\"Category\":\"11\",\"SubCategory\":\"0\",\"Tags\":[],\"CustomFields\":[]},{\"ID\":\"4134\",\"Price\":\"200\\u00a0\",\"Category\":\"11\",\"SubCategory\":\"0\",\"Tags\":[],\"CustomFields\":[]},{\"ID\":\"4137\",\"Price\":\"1\\u00a0500\\u00a0\",\"Category\":\"11\",\"SubCategory\":\"0\",\"Tags\":[],\"CustomFields\":[]},{\"ID\":\"4139\",\"Price\":\"300\\u00a0\",\"Category\":\"11\",\"SubCategory\":\"0\",\"Tags\":[],\"CustomFields\":[]},{\"ID\":\"4140\",\"Price\":\"50\\u00a0\",\"Category\":\"11\",\"SubCategory\":\"0\",\"Tags\":[],\"CustomFields\":[]},{\"ID\":\"4141\",\"Price\":\"1\\u00a0500\\u00a0\",\"Category\":\"11\",\"SubCategory\":\"0\",\"Tags\":[],\"CustomFields\":[]},{\"ID\":\"4142\",\"Price\":\"500\\u00a0\",\"Category\":\"11\",\"SubCategory\":\"0\",\"Tags\":[],\"CustomFields\":[]},{\"ID\":\"4143\",\"Price\":\"3\\u00a0500\\u00a0\",\"Category\":\"11\",\"SubCategory\":\"0\",\"Tags\":[],\"CustomFields\":[]},{\"ID\":\"4145\",\"Price\":\"300\\u00a0\",\"Category\":\"11\",\"SubCategory\":\"0\",\"Tags\":[],\"CustomFields\":[]},{\"ID\":\"4147\",\"Price\":\"400\\u00a0\",\"Category\":\"11\",\"SubCategory\":\"0\",\"Tags\":[],\"CustomFields\":[]},{\"ID\":\"4148\",\"Price\":\"800\\u00a0\",\"Category\":\"11\",\"SubCategory\":\"0\",\"Tags\":[],\"CustomFields\":[]},{\"ID\":\"4150\",\"Price\":\"1\\u00a0500\\u00a0\",\"Category\":\"11\",\"SubCategory\":\"0\",\"Tags\":[],\"CustomFields\":[]},{\"ID\":\"4151\",\"Price\":\"50\\u00a0\",\"Category\":\"11\",\"SubCategory\":\"0\",\"Tags\":[],\"CustomFields\":[]},{\"ID\":\"4156\",\"Price\":\"800\\u00a0\",\"Category\":\"11\",\"SubCategory\":\"0\",\"Tags\":[],\"CustomFields\":[]},{\"ID\":\"4158\",\"Price\":\"100\\u00a0\",\"Category\":\"11\",\"SubCategory\":\"0\",\"Tags\":[],\"CustomFields\":[]},{\"ID\":\"4159\",\"Price\":\"350\\u00a0\",\"Category\":\"11\",\"SubCategory\":\"0\",\"Tags\":[],\"CustomFields\":[]},{\"ID\":\"4161\",\"Price\":\"750\\u00a0\",\"Category\":\"11\",\"SubCategory\":\"0\",\"Tags\":[],\"CustomFields\":[]},{\"ID\":\"4164\",\"Price\":\"200\\u00a0\",\"Category\":\"11\",\"SubCategory\":\"0\",\"Tags\":[],\"CustomFields\":[]},{\"ID\":\"4165\",\"Price\":\"70\\u00a0\",\"Category\":\"11\",\"SubCategory\":\"0\",\"Tags\":[],\"CustomFields\":[]},{\"ID\":\"4166\",\"Price\":\"80\\u00a0\",\"Category\":\"11\",\"SubCategory\":\"0\",\"Tags\":[],\"CustomFields\":[]},{\"ID\":\"4171\",\"Price\":\"200\\u00a0\",\"Category\":\"11\",\"SubCategory\":\"0\",\"Tags\":[],\"CustomFields\":[]},{\"ID\":\"4172\",\"Price\":\"30\\u00a0\",\"Category\":\"11\",\"SubCategory\":\"0\",\"Tags\":[],\"CustomFields\":[]},{\"ID\":\"4173\",\"Price\":\"200\\u00a0\",\"Category\":\"11\",\"SubCategory\":\"0\",\"Tags\":[],\"CustomFields\":[]},{\"ID\":\"4174\",\"Price\":\"950\\u00a0\",\"Category\":\"11\",\"SubCategory\":\"0\",\"Tags\":[],\"CustomFields\":[]},{\"ID\":\"4175\",\"Price\":\"200\\u00a0\",\"Category\":\"11\",\"SubCategory\":\"0\",\"Tags\":[],\"CustomFields\":[]},{\"ID\":\"4176\",\"Price\":\"300\\u00a0\",\"Category\":\"11\",\"SubCategory\":\"0\",\"Tags\":[],\"CustomFields\":[]},{\"ID\":\"4177\",\"Price\":\"500\\u00a0\",\"Category\":\"11\",\"SubCategory\":\"0\",\"Tags\":[],\"CustomFields\":[]},{\"ID\":\"4178\",\"Price\":\"60\\u00a0\",\"Category\":\"11\",\"SubCategory\":\"0\",\"Tags\":[],\"CustomFields\":[]},{\"ID\":\"4179\",\"Price\":\"1\\u00a0300\\u00a0\",\"Category\":\"11\",\"SubCategory\":\"0\",\"Tags\":[],\"CustomFields\":[]},{\"ID\":\"4180\",\"Price\":\"1\\u00a0200\\u00a0\",\"Category\":\"11\",\"SubCategory\":\"0\",\"Tags\":[],\"CustomFields\":[]},{\"ID\":\"4184\",\"Price\":\"900\\u00a0\",\"Category\":\"11\",\"SubCategory\":\"0\",\"Tags\":[],\"CustomFields\":[]},{\"ID\":\"4185\",\"Price\":\"400\\u00a0\",\"Category\":\"11\",\"SubCategory\":\"0\",\"Tags\":[],\"CustomFields\":[]},{\"ID\":\"4186\",\"Price\":\"350\\u00a0\",\"Category\":\"11\",\"SubCategory\":\"0\",\"Tags\":[],\"CustomFields\":[]},{\"ID\":\"4189\",\"Price\":\"180\\u00a0\",\"Category\":\"11\",\"SubCategory\":\"0\",\"Tags\":[],\"CustomFields\":[]},{\"ID\":\"4190\",\"Price\":\"250\\u00a0\",\"Category\":\"11\",\"SubCategory\":\"0\",\"Tags\":[],\"CustomFields\":[]},{\"ID\":\"4193\",\"Price\":\"2\\u00a0000\\u00a0\",\"Category\":\"11\",\"SubCategory\":\"0\",\"Tags\":[],\"CustomFields\":[]},{\"ID\":\"4195\",\"Price\":\"1\\u00a0800\\u00a0\",\"Category\":\"11\",\"SubCategory\":\"0\",\"Tags\":[],\"CustomFields\":[]},{\"ID\":\"4198\",\"Price\":\"2\\u00a0500\\u00a0\",\"Category\":\"11\",\"SubCategory\":\"0\",\"Tags\":[],\"CustomFields\":[]},{\"ID\":\"4199\",\"Price\":\"600\\u00a0\",\"Category\":\"11\",\"SubCategory\":\"0\",\"Tags\":[],\"CustomFields\":[]},{\"ID\":\"4200\",\"Price\":\"200\\u00a0\",\"Category\":\"11\",\"SubCategory\":\"0\",\"Tags\":[],\"CustomFields\":[]},{\"ID\":\"4203\",\"Price\":\"50\\u00a0\",\"Category\":\"11\",\"SubCategory\":\"0\",\"Tags\":[],\"CustomFields\":[]},{\"ID\":\"4206\",\"Price\":\"300\\u00a0\",\"Category\":\"11\",\"SubCategory\":\"0\",\"Tags\":[],\"CustomFields\":[]},{\"ID\":\"4208\",\"Price\":\"150\\u00a0\",\"Category\":\"11\",\"SubCategory\":\"0\",\"Tags\":[],\"CustomFields\":[]},{\"ID\":\"4213\",\"Price\":\"450\\u00a0\",\"Category\":\"11\",\"SubCategory\":\"0\",\"Tags\":[],\"CustomFields\":[]},{\"ID\":\"4216\",\"Price\":\"250\\u00a0\",\"Category\":\"11\",\"SubCategory\":\"0\",\"Tags\":[],\"CustomFields\":[]},{\"ID\":\"4218\",\"Price\":\"500\\u00a0\",\"Category\":\"11\",\"SubCategory\":\"0\",\"Tags\":[],\"CustomFields\":[]},{\"ID\":\"4219\",\"Price\":\"450\\u00a0\",\"Category\":\"11\",\"SubCategory\":\"0\",\"Tags\":[],\"CustomFields\":[]},{\"ID\":\"4220\",\"Price\":\"750\\u00a0\",\"Category\":\"11\",\"SubCategory\":\"0\",\"Tags\":[],\"CustomFields\":[]},{\"ID\":\"4222\",\"Price\":\"180\\u00a0\",\"Category\":\"11\",\"SubCategory\":\"0\",\"Tags\":[],\"CustomFields\":[]},{\"ID\":\"4226\",\"Price\":\"600\\u00a0\",\"Category\":\"11\",\"SubCategory\":\"0\",\"Tags\":[],\"CustomFields\":[]},{\"ID\":\"4227\",\"Price\":\"80\\u00a0\",\"Category\":\"11\",\"SubCategory\":\"0\",\"Tags\":[],\"CustomFields\":[]},{\"ID\":\"4228\",\"Price\":\"250\\u00a0\",\"Category\":\"11\",\"SubCategory\":\"0\",\"Tags\":[],\"CustomFields\":[]},{\"ID\":\"4230\",\"Price\":\"100\\u00a0\",\"Category\":\"11\",\"SubCategory\":\"0\",\"Tags\":[],\"CustomFields\":[]},{\"ID\":\"4232\",\"Price\":\"2\\u00a0000\\u00a0\",\"Category\":\"11\",\"SubCategory\":\"0\",\"Tags\":[],\"CustomFields\":[]},{\"ID\":\"4234\",\"Price\":\"650\\u00a0\",\"Category\":\"11\",\"SubCategory\":\"0\",\"Tags\":[],\"CustomFields\":[]},{\"ID\":\"4235\",\"Price\":\"850\\u00a0\",\"Category\":\"11\",\"SubCategory\":\"0\",\"Tags\":[],\"CustomFields\":[]},{\"ID\":\"4237\",\"Price\":\"180\\u00a0\",\"Category\":\"11\",\"SubCategory\":\"0\",\"Tags\":[],\"CustomFields\":[]},{\"ID\":\"4241\",\"Price\":\"800\\u00a0\",\"Category\":\"11\",\"SubCategory\":\"0\",\"Tags\":[],\"CustomFields\":[]},{\"ID\":\"4242\",\"Price\":\"500\\u00a0\",\"Category\":\"11\",\"SubCategory\":\"0\",\"Tags\":[],\"CustomFields\":[]},{\"ID\":\"4243\",\"Price\":\"70\\u00a0\",\"Category\":\"11\",\"SubCategory\":\"0\",\"Tags\":[],\"CustomFields\":[]},{\"ID\":\"4244\",\"Price\":\"2\\u00a0500\\u00a0\",\"Category\":\"11\",\"SubCategory\":\"0\",\"Tags\":[],\"CustomFields\":[]},{\"ID\":\"4247\",\"Price\":\"1\\u00a0200\\u00a0\",\"Category\":\"11\",\"SubCategory\":\"0\",\"Tags\":[],\"CustomFields\":[]},{\"ID\":\"4251\",\"Price\":\"300\\u00a0\",\"Category\":\"11\",\"SubCategory\":\"0\",\"Tags\":[],\"CustomFields\":[]},{\"ID\":\"4253\",\"Price\":\"2\\u00a0000\\u00a0\",\"Category\":\"11\",\"SubCategory\":\"0\",\"Tags\":[],\"CustomFields\":[]},{\"ID\":\"4255\",\"Price\":\"100\\u00a0\",\"Category\":\"11\",\"SubCategory\":\"0\",\"Tags\":[],\"CustomFields\":[]},{\"ID\":\"4256\",\"Price\":\"3\\u00a0500\\u00a0\",\"Category\":\"11\",\"SubCategory\":\"0\",\"Tags\":[],\"CustomFields\":[]},{\"ID\":\"4257\",\"Price\":\"250\\u00a0\",\"Category\":\"11\",\"SubCategory\":\"0\",\"Tags\":[],\"CustomFields\":[]},{\"ID\":\"4258\",\"Price\":\"1\\u00a0000\\u00a0\",\"Category\":\"11\",\"SubCategory\":\"0\",\"Tags\":[],\"CustomFields\":[]},{\"ID\":\"4260\",\"Price\":\"200\\u00a0\",\"Category\":\"11\",\"SubCategory\":\"0\",\"Tags\":[],\"CustomFields\":[]},{\"ID\":\"4261\",\"Price\":\"2\\u00a0000\\u00a0\",\"Category\":\"11\",\"SubCategory\":\"0\",\"Tags\":[],\"CustomFields\":[]},{\"ID\":\"4262\",\"Price\":\"150\\u00a0\",\"Category\":\"11\",\"SubCategory\":\"0\",\"Tags\":[],\"CustomFields\":[]},{\"ID\":\"4263\",\"Price\":\"150\\u00a0\",\"Category\":\"11\",\"SubCategory\":\"0\",\"Tags\":[],\"CustomFields\":[]},{\"ID\":\"4265\",\"Price\":\"150\\u00a0\",\"Category\":\"11\",\"SubCategory\":\"0\",\"Tags\":[],\"CustomFields\":[]},{\"ID\":\"4266\",\"Price\":\"350\\u00a0\",\"Category\":\"11\",\"SubCategory\":\"0\",\"Tags\":[],\"CustomFields\":[]},{\"ID\":\"4267\",\"Price\":\"250\\u00a0\",\"Category\":\"11\",\"SubCategory\":\"0\",\"Tags\":[],\"CustomFields\":[]},{\"ID\":\"4269\",\"Price\":\"450\\u00a0\",\"Category\":\"11\",\"SubCategory\":\"0\",\"Tags\":[],\"CustomFields\":[]},{\"ID\":\"4270\",\"Price\":\"100\\u00a0\",\"Category\":\"11\",\"SubCategory\":\"0\",\"Tags\":[],\"CustomFields\":[]},{\"ID\":\"4271\",\"Price\":\"400\\u00a0\",\"Category\":\"11\",\"SubCategory\":\"0\",\"Tags\":[],\"CustomFields\":[]},{\"ID\":\"4272\",\"Price\":\"900\\u00a0\",\"Category\":\"11\",\"SubCategory\":\"0\",\"Tags\":[],\"CustomFields\":[]},{\"ID\":\"4273\",\"Price\":\"3\\u00a0500\\u00a0\",\"Category\":\"11\",\"SubCategory\":\"0\",\"Tags\":[],\"CustomFields\":[]},{\"ID\":\"4274\",\"Price\":\"250\\u00a0\",\"Category\":\"11\",\"SubCategory\":\"0\",\"Tags\":[],\"CustomFields\":[]},{\"ID\":\"4275\",\"Price\":\"2\\u00a0800\\u00a0\",\"Category\":\"11\",\"SubCategory\":\"0\",\"Tags\":[],\"CustomFields\":[]},{\"ID\":\"4276\",\"Price\":\"800\\u00a0\",\"Category\":\"11\",\"SubCategory\":\"0\",\"Tags\":[],\"CustomFields\":[]},{\"ID\":\"4278\",\"Price\":\"1\\u00a0300\\u00a0\",\"Category\":\"11\",\"SubCategory\":\"0\",\"Tags\":[],\"CustomFields\":[]},{\"ID\":\"4279\",\"Price\":\"200\\u00a0\",\"Category\":\"11\",\"SubCategory\":\"0\",\"Tags\":[],\"CustomFields\":[]},{\"ID\":\"4282\",\"Price\":\"900\\u00a0\",\"Category\":\"11\",\"SubCategory\":\"0\",\"Tags\":[],\"CustomFields\":[]},{\"ID\":\"4283\",\"Price\":\"180\\u00a0\",\"Category\":\"11\",\"SubCategory\":\"0\",\"Tags\":[],\"CustomFields\":[]},{\"ID\":\"4284\",\"Price\":\"1\\u00a0000\\u00a0\",\"Category\":\"11\",\"SubCategory\":\"0\",\"Tags\":[],\"CustomFields\":[]},{\"ID\":\"4285\",\"Price\":\"600\\u00a0\",\"Category\":\"11\",\"SubCategory\":\"0\",\"Tags\":[],\"CustomFields\":[]},{\"ID\":\"4287\",\"Price\":\"3\\u00a0000\\u00a0\",\"Category\":\"11\",\"SubCategory\":\"0\",\"Tags\":[],\"CustomFields\":[]},{\"ID\":\"4288\",\"Price\":\"1\\u00a0800\\u00a0\",\"Category\":\"11\",\"SubCategory\":\"0\",\"Tags\":[],\"CustomFields\":[]},{\"ID\":\"4290\",\"Price\":\"1\\u00a0500\\u00a0\",\"Category\":\"11\",\"SubCategory\":\"0\",\"Tags\":[],\"CustomFields\":[]},{\"ID\":\"4293\",\"Price\":\"150\\u00a0\",\"Category\":\"11\",\"SubCategory\":\"0\",\"Tags\":[],\"CustomFields\":[]},{\"ID\":\"4294\",\"Price\":\"950\\u00a0\",\"Category\":\"11\",\"SubCategory\":\"0\",\"Tags\":[],\"CustomFields\":[]}]';<\/script><div class='prod-cat-header-div Black-prod-cat-header-div'><div class='prod-cat-header-padding'><\/div><div id='starting-layout' class='hidden-field'>Thumbnail<\/div><a href='#' onclick='ToggleView(\"Thumbnail\");return false;' title='Thumbnail'><div class='upcp-thumb-toggle-icon Black-thumb-icon'><\/div><\/a><a href='#' onclick='ToggleView(\"List\"); return false;' title='List'><div class='upcp-list-toggle-icon Black-list-icon'><\/div><\/a><a href='#' onclick='ToggleView(\"Detail\"); return false;' title='Detail'><div class='upcp-details-toggle-icon Black-details-icon'><\/div><\/a><div class='upcp-clear'><\/div><\/div><div id='prod-cat-sidebar-' class='prod-cat-sidebar '>\n<form onsubmit='return false;' name='Product_Catalog_Sidebar_Form'>\n<div id='prod-cat-text-search' class='prod-cat-text-search'>\nRechercher un produit<br \/><div class='styled-input'><input type='text' id='upcp-name-search' class='jquery-prod-name-text' name='Text_Search' value=' ' onfocus='FieldFocus(this);' onblur='FieldBlur(this);' onkeyup='UPCP_DisplayPage(\"1\");'>\n<\/div><\/div>\n<div id='prod-cat-sidebar-category-div-' class='prod-cat-sidebar-category-div'>\n<div id='prod-cat-sidebar-category-title-' class='prod-cat-sidebar-cat-title prod-cat-sidebar-category-title prod-cat-sidebar-hover-none' data-title='1'><h3>Cat\u00e9gories:<\/h3><\/div>\n<div class='prod-cat-sidebar-content prod-cat-sidebar-category-content ' data-title='1' >\n<div id='prod-cat-sidebar-category-item-11' class='prod-cat-sidebar-category prod-sidebar-checkbox-none checkbox-color-Black'>\n<input type='checkbox' name='Category' value='11' onclick='UPCP_DisplayPage(\"1\"); UPCPHighlight(this, \"Black\");' id='cat-11' class='jquery-prod-cat-value'><label class='upcp-label' for='cat-11'> <span>Catalogue 2022 <span>(189)<\/span><\/span><\/label>\n<\/div>\n<\/div>\n<\/div>\n<\/form>\n<\/div>\n<div class='prod-cat-inner upcp-infinite-scroll'><div id='prod-cat-22' class='prod-cat thumb-display '>\n<div id='prod-cat-category-11' class='prod-cat-category upcp-thumb-category'>\n<div id='prod-cat-category-label-11' class='prod-cat-category-label upcp-thumb-category-label'><div class='prod-cat-category-name'>Catalogue 2022<\/div><\/div><div id='prod-cat-thumb-item-3995' class='prod-cat-item upcp-thumb-item  ' data-itemid='3995'>\n<div id='prod-cat-thumb-div-3995' class='prod-cat-thumb-image-div upcp-thumb-image-div'><a class='upcp-catalogue-link '  href='\/index.php?rest_route=%2Fwp%2Fv2%2Fpages%2F2928&SingleProduct=3995' onclick='RecordView(3995);'><img src='http:\/\/www.lesautographes.com\/wp-content\/uploads\/2022\/09\/1-235x300.jpg' alt='001 Louis AIM\u00c9-MARTIN (1786-1847) litt\u00e9rateur, disciple de Bernardin de Saint-Pierre dont il \u00e9pousa la veuve et \u00e9dita les \u0153uvres Image' id='prod-cat-thumb-3995' class='prod-cat-thumb-image upcp-thumb-image'><\/a><\/div>\n<div id='prod-cat-title-3995' class='prod-cat-title upcp-thumb-title'><a class='upcp-catalogue-link no-underline '  href='\/index.php?rest_route=%2Fwp%2Fv2%2Fpages%2F2928&SingleProduct=3995' onclick='RecordView(3995);'>001 Louis AIM\u00c9-MARTIN (1786-1847) litt\u00e9rateur, disciple de Bernardin de Saint-Pierre dont il \u00e9pousa la veuve et \u00e9dita les \u0153uvres<\/a><div class='upcp-prod-desc-custom-fields upcp-custom-field-thumbs'><\/div><\/div>\n<div id='prod-cat-price-3995' class='prod-cat-price upcp-thumb-price' data-item_price='80\u00a0 \u20ac'><span class='full-price' itemprop='offers' itemscope itemtype='http:\/\/schema.org\/Offer'><span itemprop='price' content='80\u00a0'>80\u00a0<\/span><span itemprop='priceCurrency' content=''> \u20ac<\/span><\/span><\/div>\n<a class='upcp-catalogue-link '  href='\/index.php?rest_route=%2Fwp%2Fv2%2Fpages%2F2928&SingleProduct=3995' onclick='RecordView(3995);'><div id='prod-cat-details-link-3995' class='prod-cat-details-link upcp-thumb-details-link'><span class='upcp-details-text'>d\u00e9tails<\/span><span class='upcp-details-icon'>s<\/span><\/div>\n<\/a><\/div>\n<div id='prod-cat-thumb-item-3996' class='prod-cat-item upcp-thumb-item  ' data-itemid='3996'>\n<div id='prod-cat-thumb-div-3996' class='prod-cat-thumb-image-div upcp-thumb-image-div'><a class='upcp-catalogue-link '  href='\/index.php?rest_route=%2Fwp%2Fv2%2Fpages%2F2928&SingleProduct=3996' onclick='RecordView(3996);'><img src='http:\/\/www.lesautographes.com\/wp-content\/uploads\/2022\/09\/2-300x230.jpg' alt='002 \u00c9mile Chartier dit ALAIN (1868-1951) philosophe Image' id='prod-cat-thumb-3996' class='prod-cat-thumb-image upcp-thumb-image'><\/a><\/div>\n<div id='prod-cat-title-3996' class='prod-cat-title upcp-thumb-title'><a class='upcp-catalogue-link no-underline '  href='\/index.php?rest_route=%2Fwp%2Fv2%2Fpages%2F2928&SingleProduct=3996' onclick='RecordView(3996);'>002 \u00c9mile Chartier dit ALAIN (1868-1951) philosophe<\/a><div class='upcp-prod-desc-custom-fields upcp-custom-field-thumbs'><\/div><\/div>\n<div id='prod-cat-price-3996' class='prod-cat-price upcp-thumb-price' data-item_price='600\u00a0 \u20ac'><span class='full-price' itemprop='offers' itemscope itemtype='http:\/\/schema.org\/Offer'><span itemprop='price' content='600\u00a0'>600\u00a0<\/span><span itemprop='priceCurrency' content=''> \u20ac<\/span><\/span><\/div>\n<a class='upcp-catalogue-link '  href='\/index.php?rest_route=%2Fwp%2Fv2%2Fpages%2F2928&SingleProduct=3996' onclick='RecordView(3996);'><div id='prod-cat-details-link-3996' class='prod-cat-details-link upcp-thumb-details-link'><span class='upcp-details-text'>d\u00e9tails<\/span><span class='upcp-details-icon'>s<\/span><\/div>\n<\/a><\/div>\n<div id='prod-cat-thumb-item-3998' class='prod-cat-item upcp-thumb-item  ' data-itemid='3998'>\n<div id='prod-cat-thumb-div-3998' class='prod-cat-thumb-image-div upcp-thumb-image-div'><a class='upcp-catalogue-link '  href='\/index.php?rest_route=%2Fwp%2Fv2%2Fpages%2F2928&SingleProduct=3998' onclick='RecordView(3998);'><img src='http:\/\/www.lesautographes.com\/wp-content\/uploads\/2022\/09\/4-234x300.jpg' alt='004 Jacques-Denis ANTOINE (1733-1804) architecte Image' id='prod-cat-thumb-3998' class='prod-cat-thumb-image upcp-thumb-image'><\/a><\/div>\n<div id='prod-cat-title-3998' class='prod-cat-title upcp-thumb-title'><a class='upcp-catalogue-link no-underline '  href='\/index.php?rest_route=%2Fwp%2Fv2%2Fpages%2F2928&SingleProduct=3998' onclick='RecordView(3998);'>004 Jacques-Denis ANTOINE (1733-1804) architecte<\/a><div class='upcp-prod-desc-custom-fields upcp-custom-field-thumbs'><\/div><\/div>\n<div id='prod-cat-price-3998' class='prod-cat-price upcp-thumb-price' data-item_price='300\u00a0 \u20ac'><span class='full-price' itemprop='offers' itemscope itemtype='http:\/\/schema.org\/Offer'><span itemprop='price' content='300\u00a0'>300\u00a0<\/span><span itemprop='priceCurrency' content=''> \u20ac<\/span><\/span><\/div>\n<a class='upcp-catalogue-link '  href='\/index.php?rest_route=%2Fwp%2Fv2%2Fpages%2F2928&SingleProduct=3998' onclick='RecordView(3998);'><div id='prod-cat-details-link-3998' class='prod-cat-details-link upcp-thumb-details-link'><span class='upcp-details-text'>d\u00e9tails<\/span><span class='upcp-details-icon'>s<\/span><\/div>\n<\/a><\/div>\n<div id='prod-cat-thumb-item-3999' class='prod-cat-item upcp-thumb-item  ' data-itemid='3999'>\n<div id='prod-cat-thumb-div-3999' class='prod-cat-thumb-image-div upcp-thumb-image-div'><a class='upcp-catalogue-link '  href='\/index.php?rest_route=%2Fwp%2Fv2%2Fpages%2F2928&SingleProduct=3999' onclick='RecordView(3999);'><img src='http:\/\/www.lesautographes.com\/wp-content\/uploads\/2022\/09\/5-232x300.jpg' alt='005 Louis ARAGON (1897-1982) \u00e9crivain Image' id='prod-cat-thumb-3999' class='prod-cat-thumb-image upcp-thumb-image'><\/a><\/div>\n<div id='prod-cat-title-3999' class='prod-cat-title upcp-thumb-title'><a class='upcp-catalogue-link no-underline '  href='\/index.php?rest_route=%2Fwp%2Fv2%2Fpages%2F2928&SingleProduct=3999' onclick='RecordView(3999);'>005 Louis ARAGON (1897-1982) \u00e9crivain<\/a><div class='upcp-prod-desc-custom-fields upcp-custom-field-thumbs'><\/div><\/div>\n<div id='prod-cat-price-3999' class='prod-cat-price upcp-thumb-price' data-item_price='2\u00a0000\u00a0 \u20ac'><span class='full-price' itemprop='offers' itemscope itemtype='http:\/\/schema.org\/Offer'><span itemprop='price' content='2\u00a0000\u00a0'>2\u00a0000\u00a0<\/span><span itemprop='priceCurrency' content=''> \u20ac<\/span><\/span><\/div>\n<a class='upcp-catalogue-link '  href='\/index.php?rest_route=%2Fwp%2Fv2%2Fpages%2F2928&SingleProduct=3999' onclick='RecordView(3999);'><div id='prod-cat-details-link-3999' class='prod-cat-details-link upcp-thumb-details-link'><span class='upcp-details-text'>d\u00e9tails<\/span><span class='upcp-details-icon'>s<\/span><\/div>\n<\/a><\/div>\n<div id='prod-cat-thumb-item-4002' class='prod-cat-item upcp-thumb-item  ' data-itemid='4002'>\n<div id='prod-cat-thumb-div-4002' class='prod-cat-thumb-image-div upcp-thumb-image-div'><a class='upcp-catalogue-link '  href='\/index.php?rest_route=%2Fwp%2Fv2%2Fpages%2F2928&SingleProduct=4002' onclick='RecordView(4002);'><img src='http:\/\/www.lesautographes.com\/wp-content\/uploads\/2022\/09\/8-190x300.jpg' alt='008 ASSIGNATS Image' id='prod-cat-thumb-4002' class='prod-cat-thumb-image upcp-thumb-image'><\/a><\/div>\n<div id='prod-cat-title-4002' class='prod-cat-title upcp-thumb-title'><a class='upcp-catalogue-link no-underline '  href='\/index.php?rest_route=%2Fwp%2Fv2%2Fpages%2F2928&SingleProduct=4002' onclick='RecordView(4002);'>008 ASSIGNATS<\/a><div class='upcp-prod-desc-custom-fields upcp-custom-field-thumbs'><\/div><\/div>\n<div id='prod-cat-price-4002' class='prod-cat-price upcp-thumb-price' data-item_price='500\u00a0 \u20ac'><span class='full-price' itemprop='offers' itemscope itemtype='http:\/\/schema.org\/Offer'><span itemprop='price' content='500\u00a0'>500\u00a0<\/span><span itemprop='priceCurrency' content=''> \u20ac<\/span><\/span><\/div>\n<a class='upcp-catalogue-link '  href='\/index.php?rest_route=%2Fwp%2Fv2%2Fpages%2F2928&SingleProduct=4002' onclick='RecordView(4002);'><div id='prod-cat-details-link-4002' class='prod-cat-details-link upcp-thumb-details-link'><span class='upcp-details-text'>d\u00e9tails<\/span><span class='upcp-details-icon'>s<\/span><\/div>\n<\/a><\/div>\n<div id='prod-cat-thumb-item-4003' class='prod-cat-item upcp-thumb-item  ' data-itemid='4003'>\n<div id='prod-cat-thumb-div-4003' class='prod-cat-thumb-image-div upcp-thumb-image-div'><a class='upcp-catalogue-link '  href='\/index.php?rest_route=%2Fwp%2Fv2%2Fpages%2F2928&SingleProduct=4003' onclick='RecordView(4003);'><img src='http:\/\/www.lesautographes.com\/wp-content\/uploads\/2022\/09\/9.jpg' alt='009 Jacques AUDIBERTI (1899-1965) \u00e9crivain Image' id='prod-cat-thumb-4003' class='prod-cat-thumb-image upcp-thumb-image'><\/a><\/div>\n<div id='prod-cat-title-4003' class='prod-cat-title upcp-thumb-title'><a class='upcp-catalogue-link no-underline '  href='\/index.php?rest_route=%2Fwp%2Fv2%2Fpages%2F2928&SingleProduct=4003' onclick='RecordView(4003);'>009 Jacques AUDIBERTI (1899-1965) \u00e9crivain<\/a><div class='upcp-prod-desc-custom-fields upcp-custom-field-thumbs'><\/div><\/div>\n<div id='prod-cat-price-4003' class='prod-cat-price upcp-thumb-price' data-item_price='300\u00a0 \u20ac'><span class='full-price' itemprop='offers' itemscope itemtype='http:\/\/schema.org\/Offer'><span itemprop='price' content='300\u00a0'>300\u00a0<\/span><span itemprop='priceCurrency' content=''> \u20ac<\/span><\/span><\/div>\n<a class='upcp-catalogue-link '  href='\/index.php?rest_route=%2Fwp%2Fv2%2Fpages%2F2928&SingleProduct=4003' onclick='RecordView(4003);'><div id='prod-cat-details-link-4003' class='prod-cat-details-link upcp-thumb-details-link'><span class='upcp-details-text'>d\u00e9tails<\/span><span class='upcp-details-icon'>s<\/span><\/div>\n<\/a><\/div>\n<div id='prod-cat-thumb-item-4006' class='prod-cat-item upcp-thumb-item  ' data-itemid='4006'>\n<div id='prod-cat-thumb-div-4006' class='prod-cat-thumb-image-div upcp-thumb-image-div'><a class='upcp-catalogue-link '  href='\/index.php?rest_route=%2Fwp%2Fv2%2Fpages%2F2928&SingleProduct=4006' onclick='RecordView(4006);'><img src='http:\/\/www.lesautographes.com\/wp-content\/uploads\/2022\/09\/12-186x300.jpg' alt='012 Jules BARBEY D'AUREVILLY (1808-1889) \u00e9crivain Image' id='prod-cat-thumb-4006' class='prod-cat-thumb-image upcp-thumb-image'><\/a><\/div>\n<div id='prod-cat-title-4006' class='prod-cat-title upcp-thumb-title'><a class='upcp-catalogue-link no-underline '  href='\/index.php?rest_route=%2Fwp%2Fv2%2Fpages%2F2928&SingleProduct=4006' onclick='RecordView(4006);'>012 Jules BARBEY D'AUREVILLY (1808-1889) \u00e9crivain<\/a><div class='upcp-prod-desc-custom-fields upcp-custom-field-thumbs'><\/div><\/div>\n<div id='prod-cat-price-4006' class='prod-cat-price upcp-thumb-price' data-item_price='800\u00a0 \u20ac'><span class='full-price' itemprop='offers' itemscope itemtype='http:\/\/schema.org\/Offer'><span itemprop='price' content='800\u00a0'>800\u00a0<\/span><span itemprop='priceCurrency' content=''> \u20ac<\/span><\/span><\/div>\n<a class='upcp-catalogue-link '  href='\/index.php?rest_route=%2Fwp%2Fv2%2Fpages%2F2928&SingleProduct=4006' onclick='RecordView(4006);'><div id='prod-cat-details-link-4006' class='prod-cat-details-link upcp-thumb-details-link'><span class='upcp-details-text'>d\u00e9tails<\/span><span class='upcp-details-icon'>s<\/span><\/div>\n<\/a><\/div>\n<div id='prod-cat-thumb-item-4007' class='prod-cat-item upcp-thumb-item  ' data-itemid='4007'>\n<div id='prod-cat-thumb-div-4007' class='prod-cat-thumb-image-div upcp-thumb-image-div'><a class='upcp-catalogue-link '  href='\/index.php?rest_route=%2Fwp%2Fv2%2Fpages%2F2928&SingleProduct=4007' onclick='RecordView(4007);'><img src='http:\/\/www.lesautographes.com\/wp-content\/uploads\/2022\/09\/13-194x300.jpg' alt='013 [Jules BARBEY D\u2019AUREVILLY (1808-1889)] Image' id='prod-cat-thumb-4007' class='prod-cat-thumb-image upcp-thumb-image'><\/a><\/div>\n<div id='prod-cat-title-4007' class='prod-cat-title upcp-thumb-title'><a class='upcp-catalogue-link no-underline '  href='\/index.php?rest_route=%2Fwp%2Fv2%2Fpages%2F2928&SingleProduct=4007' onclick='RecordView(4007);'>013 [Jules BARBEY D\u2019AUREVILLY (1808-1889)]<\/a><div class='upcp-prod-desc-custom-fields upcp-custom-field-thumbs'><\/div><\/div>\n<div id='prod-cat-price-4007' class='prod-cat-price upcp-thumb-price' data-item_price='400\u00a0 \u20ac'><span class='full-price' itemprop='offers' itemscope itemtype='http:\/\/schema.org\/Offer'><span itemprop='price' content='400\u00a0'>400\u00a0<\/span><span itemprop='priceCurrency' content=''> \u20ac<\/span><\/span><\/div>\n<a class='upcp-catalogue-link '  href='\/index.php?rest_route=%2Fwp%2Fv2%2Fpages%2F2928&SingleProduct=4007' onclick='RecordView(4007);'><div id='prod-cat-details-link-4007' class='prod-cat-details-link upcp-thumb-details-link'><span class='upcp-details-text'>d\u00e9tails<\/span><span class='upcp-details-icon'>s<\/span><\/div>\n<\/a><\/div>\n<div id='prod-cat-thumb-item-4008' class='prod-cat-item upcp-thumb-item  ' data-itemid='4008'>\n<div id='prod-cat-thumb-div-4008' class='prod-cat-thumb-image-div upcp-thumb-image-div'><a class='upcp-catalogue-link '  href='\/index.php?rest_route=%2Fwp%2Fv2%2Fpages%2F2928&SingleProduct=4008' onclick='RecordView(4008);'><img src='http:\/\/www.lesautographes.com\/wp-content\/uploads\/2022\/09\/14-220x300.jpg' alt='014 L\u00e9on BARBEY D\u2019AUREVILLY (1809-1876) abb\u00e9, missionnaire eudiste, fr\u00e8re du romancier Image' id='prod-cat-thumb-4008' class='prod-cat-thumb-image upcp-thumb-image'><\/a><\/div>\n<div id='prod-cat-title-4008' class='prod-cat-title upcp-thumb-title'><a class='upcp-catalogue-link no-underline '  href='\/index.php?rest_route=%2Fwp%2Fv2%2Fpages%2F2928&SingleProduct=4008' onclick='RecordView(4008);'>014 L\u00e9on BARBEY D\u2019AUREVILLY (1809-1876) abb\u00e9, missionnaire eudiste, fr\u00e8re du romancier<\/a><div class='upcp-prod-desc-custom-fields upcp-custom-field-thumbs'><\/div><\/div>\n<div id='prod-cat-price-4008' class='prod-cat-price upcp-thumb-price' data-item_price='500\u00a0 \u20ac'><span class='full-price' itemprop='offers' itemscope itemtype='http:\/\/schema.org\/Offer'><span itemprop='price' content='500\u00a0'>500\u00a0<\/span><span itemprop='priceCurrency' content=''> \u20ac<\/span><\/span><\/div>\n<a class='upcp-catalogue-link '  href='\/index.php?rest_route=%2Fwp%2Fv2%2Fpages%2F2928&SingleProduct=4008' onclick='RecordView(4008);'><div id='prod-cat-details-link-4008' class='prod-cat-details-link upcp-thumb-details-link'><span class='upcp-details-text'>d\u00e9tails<\/span><span class='upcp-details-icon'>s<\/span><\/div>\n<\/a><\/div>\n<div id='prod-cat-thumb-item-4009' class='prod-cat-item upcp-thumb-item  ' data-itemid='4009'>\n<div id='prod-cat-thumb-div-4009' class='prod-cat-thumb-image-div upcp-thumb-image-div'><a class='upcp-catalogue-link '  href='\/index.php?rest_route=%2Fwp%2Fv2%2Fpages%2F2928&SingleProduct=4009' onclick='RecordView(4009);'><img src='http:\/\/www.lesautographes.com\/wp-content\/uploads\/2022\/09\/15-198x300.jpg' alt='015 Auguste BARBIER (1805-1882) po\u00e8te Image' id='prod-cat-thumb-4009' class='prod-cat-thumb-image upcp-thumb-image'><\/a><\/div>\n<div id='prod-cat-title-4009' class='prod-cat-title upcp-thumb-title'><a class='upcp-catalogue-link no-underline '  href='\/index.php?rest_route=%2Fwp%2Fv2%2Fpages%2F2928&SingleProduct=4009' onclick='RecordView(4009);'>015 Auguste BARBIER (1805-1882) po\u00e8te<\/a><div class='upcp-prod-desc-custom-fields upcp-custom-field-thumbs'><\/div><\/div>\n<div id='prod-cat-price-4009' class='prod-cat-price upcp-thumb-price' data-item_price='100\u00a0 \u20ac'><span class='full-price' itemprop='offers' itemscope itemtype='http:\/\/schema.org\/Offer'><span itemprop='price' content='100\u00a0'>100\u00a0<\/span><span itemprop='priceCurrency' content=''> \u20ac<\/span><\/span><\/div>\n<a class='upcp-catalogue-link '  href='\/index.php?rest_route=%2Fwp%2Fv2%2Fpages%2F2928&SingleProduct=4009' onclick='RecordView(4009);'><div id='prod-cat-details-link-4009' class='prod-cat-details-link upcp-thumb-details-link'><span class='upcp-details-text'>d\u00e9tails<\/span><span class='upcp-details-icon'>s<\/span><\/div>\n<\/a><\/div>\n<div id='prod-cat-thumb-item-4010' class='prod-cat-item upcp-thumb-item  ' data-itemid='4010'>\n<div id='prod-cat-thumb-div-4010' class='prod-cat-thumb-image-div upcp-thumb-image-div'><a class='upcp-catalogue-link '  href='\/index.php?rest_route=%2Fwp%2Fv2%2Fpages%2F2928&SingleProduct=4010' onclick='RecordView(4010);'><img src='http:\/\/www.lesautographes.com\/wp-content\/uploads\/2022\/09\/16-195x300.jpg' alt='016 Maurice BARR\u00c8S (1862-1923) \u00e9crivain Image' id='prod-cat-thumb-4010' class='prod-cat-thumb-image upcp-thumb-image'><\/a><\/div>\n<div id='prod-cat-title-4010' class='prod-cat-title upcp-thumb-title'><a class='upcp-catalogue-link no-underline '  href='\/index.php?rest_route=%2Fwp%2Fv2%2Fpages%2F2928&SingleProduct=4010' onclick='RecordView(4010);'>016 Maurice BARR\u00c8S (1862-1923) \u00e9crivain<\/a><div class='upcp-prod-desc-custom-fields upcp-custom-field-thumbs'><\/div><\/div>\n<div id='prod-cat-price-4010' class='prod-cat-price upcp-thumb-price' data-item_price='250\u00a0 \u20ac'><span class='full-price' itemprop='offers' itemscope itemtype='http:\/\/schema.org\/Offer'><span itemprop='price' content='250\u00a0'>250\u00a0<\/span><span itemprop='priceCurrency' content=''> \u20ac<\/span><\/span><\/div>\n<a class='upcp-catalogue-link '  href='\/index.php?rest_route=%2Fwp%2Fv2%2Fpages%2F2928&SingleProduct=4010' onclick='RecordView(4010);'><div id='prod-cat-details-link-4010' class='prod-cat-details-link upcp-thumb-details-link'><span class='upcp-details-text'>d\u00e9tails<\/span><span class='upcp-details-icon'>s<\/span><\/div>\n<\/a><\/div>\n<div id='prod-cat-thumb-item-4011' class='prod-cat-item upcp-thumb-item  ' data-itemid='4011'>\n<div id='prod-cat-thumb-div-4011' class='prod-cat-thumb-image-div upcp-thumb-image-div'><a class='upcp-catalogue-link '  href='\/index.php?rest_route=%2Fwp%2Fv2%2Fpages%2F2928&SingleProduct=4011' onclick='RecordView(4011);'><img src='http:\/\/www.lesautographes.com\/wp-content\/uploads\/2022\/09\/17-192x300.jpg' alt='017 Antoine Louis BARYE (1795-1875) sculpteur animalier Image' id='prod-cat-thumb-4011' class='prod-cat-thumb-image upcp-thumb-image'><\/a><\/div>\n<div id='prod-cat-title-4011' class='prod-cat-title upcp-thumb-title'><a class='upcp-catalogue-link no-underline '  href='\/index.php?rest_route=%2Fwp%2Fv2%2Fpages%2F2928&SingleProduct=4011' onclick='RecordView(4011);'>017 Antoine Louis BARYE (1795-1875) sculpteur animalier<\/a><div class='upcp-prod-desc-custom-fields upcp-custom-field-thumbs'><\/div><\/div>\n<div id='prod-cat-price-4011' class='prod-cat-price upcp-thumb-price' data-item_price='170\u00a0 \u20ac'><span class='full-price' itemprop='offers' itemscope itemtype='http:\/\/schema.org\/Offer'><span itemprop='price' content='170\u00a0'>170\u00a0<\/span><span itemprop='priceCurrency' content=''> \u20ac<\/span><\/span><\/div>\n<a class='upcp-catalogue-link '  href='\/index.php?rest_route=%2Fwp%2Fv2%2Fpages%2F2928&SingleProduct=4011' onclick='RecordView(4011);'><div id='prod-cat-details-link-4011' class='prod-cat-details-link upcp-thumb-details-link'><span class='upcp-details-text'>d\u00e9tails<\/span><span class='upcp-details-icon'>s<\/span><\/div>\n<\/a><\/div>\n<div id='prod-cat-thumb-item-4013' class='prod-cat-item upcp-thumb-item  ' data-itemid='4013'>\n<div id='prod-cat-thumb-div-4013' class='prod-cat-thumb-image-div upcp-thumb-image-div'><a class='upcp-catalogue-link '  href='\/index.php?rest_route=%2Fwp%2Fv2%2Fpages%2F2928&SingleProduct=4013' onclick='RecordView(4013);'><img src='http:\/\/www.lesautographes.com\/wp-content\/uploads\/2022\/09\/19-300x212.jpg' alt='019 Henry BECQUE (1837-1899) auteur dramatique Image' id='prod-cat-thumb-4013' class='prod-cat-thumb-image upcp-thumb-image'><\/a><\/div>\n<div id='prod-cat-title-4013' class='prod-cat-title upcp-thumb-title'><a class='upcp-catalogue-link no-underline '  href='\/index.php?rest_route=%2Fwp%2Fv2%2Fpages%2F2928&SingleProduct=4013' onclick='RecordView(4013);'>019 Henry BECQUE (1837-1899) auteur dramatique<\/a><div class='upcp-prod-desc-custom-fields upcp-custom-field-thumbs'><\/div><\/div>\n<div id='prod-cat-price-4013' class='prod-cat-price upcp-thumb-price' data-item_price='400\u00a0 \u20ac'><span class='full-price' itemprop='offers' itemscope itemtype='http:\/\/schema.org\/Offer'><span itemprop='price' content='400\u00a0'>400\u00a0<\/span><span itemprop='priceCurrency' content=''> \u20ac<\/span><\/span><\/div>\n<a class='upcp-catalogue-link '  href='\/index.php?rest_route=%2Fwp%2Fv2%2Fpages%2F2928&SingleProduct=4013' onclick='RecordView(4013);'><div id='prod-cat-details-link-4013' class='prod-cat-details-link upcp-thumb-details-link'><span class='upcp-details-text'>d\u00e9tails<\/span><span class='upcp-details-icon'>s<\/span><\/div>\n<\/a><\/div>\n<div id='prod-cat-thumb-item-4015' class='prod-cat-item upcp-thumb-item  ' data-itemid='4015'>\n<div id='prod-cat-thumb-div-4015' class='prod-cat-thumb-image-div upcp-thumb-image-div'><a class='upcp-catalogue-link '  href='\/index.php?rest_route=%2Fwp%2Fv2%2Fpages%2F2928&SingleProduct=4015' onclick='RecordView(4015);'><img src='http:\/\/www.lesautographes.com\/wp-content\/uploads\/2022\/09\/21-227x300.jpg' alt='021 Ren\u00e9 BENJAMIN (1885-1948) \u00e9crivain Image' id='prod-cat-thumb-4015' class='prod-cat-thumb-image upcp-thumb-image'><\/a><\/div>\n<div id='prod-cat-title-4015' class='prod-cat-title upcp-thumb-title'><a class='upcp-catalogue-link no-underline '  href='\/index.php?rest_route=%2Fwp%2Fv2%2Fpages%2F2928&SingleProduct=4015' onclick='RecordView(4015);'>021 Ren\u00e9 BENJAMIN (1885-1948) \u00e9crivain<\/a><div class='upcp-prod-desc-custom-fields upcp-custom-field-thumbs'><\/div><\/div>\n<div id='prod-cat-price-4015' class='prod-cat-price upcp-thumb-price' data-item_price='100\u00a0 \u20ac'><span class='full-price' itemprop='offers' itemscope itemtype='http:\/\/schema.org\/Offer'><span itemprop='price' content='100\u00a0'>100\u00a0<\/span><span itemprop='priceCurrency' content=''> \u20ac<\/span><\/span><\/div>\n<a class='upcp-catalogue-link '  href='\/index.php?rest_route=%2Fwp%2Fv2%2Fpages%2F2928&SingleProduct=4015' onclick='RecordView(4015);'><div id='prod-cat-details-link-4015' class='prod-cat-details-link upcp-thumb-details-link'><span class='upcp-details-text'>d\u00e9tails<\/span><span class='upcp-details-icon'>s<\/span><\/div>\n<\/a><\/div>\n<div id='prod-cat-thumb-item-4016' class='prod-cat-item upcp-thumb-item  ' data-itemid='4016'>\n<div id='prod-cat-thumb-div-4016' class='prod-cat-thumb-image-div upcp-thumb-image-div'><a class='upcp-catalogue-link '  href='\/index.php?rest_route=%2Fwp%2Fv2%2Fpages%2F2928&SingleProduct=4016' onclick='RecordView(4016);'><img src='http:\/\/www.lesautographes.com\/wp-content\/uploads\/2022\/09\/22-235x300.jpg' alt='022 Pierre-Jean de B\u00c9RANGER (1780-1857) po\u00e8te et chansonnier Image' id='prod-cat-thumb-4016' class='prod-cat-thumb-image upcp-thumb-image'><\/a><\/div>\n<div id='prod-cat-title-4016' class='prod-cat-title upcp-thumb-title'><a class='upcp-catalogue-link no-underline '  href='\/index.php?rest_route=%2Fwp%2Fv2%2Fpages%2F2928&SingleProduct=4016' onclick='RecordView(4016);'>022 Pierre-Jean de B\u00c9RANGER (1780-1857) po\u00e8te et chansonnier<\/a><div class='upcp-prod-desc-custom-fields upcp-custom-field-thumbs'><\/div><\/div>\n<div id='prod-cat-price-4016' class='prod-cat-price upcp-thumb-price' data-item_price='300\u00a0 \u20ac'><span class='full-price' itemprop='offers' itemscope itemtype='http:\/\/schema.org\/Offer'><span itemprop='price' content='300\u00a0'>300\u00a0<\/span><span itemprop='priceCurrency' content=''> \u20ac<\/span><\/span><\/div>\n<a class='upcp-catalogue-link '  href='\/index.php?rest_route=%2Fwp%2Fv2%2Fpages%2F2928&SingleProduct=4016' onclick='RecordView(4016);'><div id='prod-cat-details-link-4016' class='prod-cat-details-link upcp-thumb-details-link'><span class='upcp-details-text'>d\u00e9tails<\/span><span class='upcp-details-icon'>s<\/span><\/div>\n<\/a><\/div>\n<div id='prod-cat-thumb-item-4018' class='prod-cat-item upcp-thumb-item  ' data-itemid='4018'>\n<div id='prod-cat-thumb-div-4018' class='prod-cat-thumb-image-div upcp-thumb-image-div'><a class='upcp-catalogue-link '  href='\/index.php?rest_route=%2Fwp%2Fv2%2Fpages%2F2928&SingleProduct=4018' onclick='RecordView(4018);'><img src='http:\/\/www.lesautographes.com\/wp-content\/uploads\/2022\/09\/24-232x300.jpg' alt='024 Georges BERNANOS (1888-1948) \u00e9crivain Image' id='prod-cat-thumb-4018' class='prod-cat-thumb-image upcp-thumb-image'><\/a><\/div>\n<div id='prod-cat-title-4018' class='prod-cat-title upcp-thumb-title'><a class='upcp-catalogue-link no-underline '  href='\/index.php?rest_route=%2Fwp%2Fv2%2Fpages%2F2928&SingleProduct=4018' onclick='RecordView(4018);'>024 Georges BERNANOS (1888-1948) \u00e9crivain<\/a><div class='upcp-prod-desc-custom-fields upcp-custom-field-thumbs'><\/div><\/div>\n<div id='prod-cat-price-4018' class='prod-cat-price upcp-thumb-price' data-item_price='250\u00a0 \u20ac'><span class='full-price' itemprop='offers' itemscope itemtype='http:\/\/schema.org\/Offer'><span itemprop='price' content='250\u00a0'>250\u00a0<\/span><span itemprop='priceCurrency' content=''> \u20ac<\/span><\/span><\/div>\n<a class='upcp-catalogue-link '  href='\/index.php?rest_route=%2Fwp%2Fv2%2Fpages%2F2928&SingleProduct=4018' onclick='RecordView(4018);'><div id='prod-cat-details-link-4018' class='prod-cat-details-link upcp-thumb-details-link'><span class='upcp-details-text'>d\u00e9tails<\/span><span class='upcp-details-icon'>s<\/span><\/div>\n<\/a><\/div>\n<div id='prod-cat-thumb-item-4019' class='prod-cat-item upcp-thumb-item  ' data-itemid='4019'>\n<div id='prod-cat-thumb-div-4019' class='prod-cat-thumb-image-div upcp-thumb-image-div'><a class='upcp-catalogue-link '  href='\/index.php?rest_route=%2Fwp%2Fv2%2Fpages%2F2928&SingleProduct=4019' onclick='RecordView(4019);'><img src='http:\/\/www.lesautographes.com\/wp-content\/uploads\/2022\/09\/25-246x300.jpg' alt='025 Simon BERNARD (1779-1839) g\u00e9n\u00e9ral et ing\u00e9nieur, il r\u00e9alisa de grands travaux aux \u00c9tats-Unis, et fut ministre de la Guerre Image' id='prod-cat-thumb-4019' class='prod-cat-thumb-image upcp-thumb-image'><\/a><\/div>\n<div id='prod-cat-title-4019' class='prod-cat-title upcp-thumb-title'><a class='upcp-catalogue-link no-underline '  href='\/index.php?rest_route=%2Fwp%2Fv2%2Fpages%2F2928&SingleProduct=4019' onclick='RecordView(4019);'>025 Simon BERNARD (1779-1839) g\u00e9n\u00e9ral et ing\u00e9nieur, il r\u00e9alisa de grands travaux aux \u00c9tats-Unis, et fut ministre de la Guerre<\/a><div class='upcp-prod-desc-custom-fields upcp-custom-field-thumbs'><\/div><\/div>\n<div id='prod-cat-price-4019' class='prod-cat-price upcp-thumb-price' data-item_price='250\u00a0 \u20ac'><span class='full-price' itemprop='offers' itemscope itemtype='http:\/\/schema.org\/Offer'><span itemprop='price' content='250\u00a0'>250\u00a0<\/span><span itemprop='priceCurrency' content=''> \u20ac<\/span><\/span><\/div>\n<a class='upcp-catalogue-link '  href='\/index.php?rest_route=%2Fwp%2Fv2%2Fpages%2F2928&SingleProduct=4019' onclick='RecordView(4019);'><div id='prod-cat-details-link-4019' class='prod-cat-details-link upcp-thumb-details-link'><span class='upcp-details-text'>d\u00e9tails<\/span><span class='upcp-details-icon'>s<\/span><\/div>\n<\/a><\/div>\n<div id='prod-cat-thumb-item-4021' class='prod-cat-item upcp-thumb-item  ' data-itemid='4021'>\n<div id='prod-cat-thumb-div-4021' class='prod-cat-thumb-image-div upcp-thumb-image-div'><a class='upcp-catalogue-link '  href='\/index.php?rest_route=%2Fwp%2Fv2%2Fpages%2F2928&SingleProduct=4021' onclick='RecordView(4021);'><img src='http:\/\/www.lesautographes.com\/wp-content\/uploads\/2022\/09\/27-240x300.jpg' alt='027 Pierre de Riel, marquis de BEURNONVILLE (1752-1821) g\u00e9n\u00e9ral, ministre de la Guerre en 1793, il fut livr\u00e9 comme otage par Dumouriez aux Autrichiens\u00a0; mar\u00e9chal de France Image' id='prod-cat-thumb-4021' class='prod-cat-thumb-image upcp-thumb-image'><\/a><\/div>\n<div id='prod-cat-title-4021' class='prod-cat-title upcp-thumb-title'><a class='upcp-catalogue-link no-underline '  href='\/index.php?rest_route=%2Fwp%2Fv2%2Fpages%2F2928&SingleProduct=4021' onclick='RecordView(4021);'>027 Pierre de Riel, marquis de BEURNONVILLE (1752-1821) g\u00e9n\u00e9ral, ministre de la Guerre en 1793, il fut livr\u00e9 comme otage par Dumouriez aux Autrichiens\u00a0; mar\u00e9chal de France<\/a><div class='upcp-prod-desc-custom-fields upcp-custom-field-thumbs'><\/div><\/div>\n<div id='prod-cat-price-4021' class='prod-cat-price upcp-thumb-price' data-item_price='150\u00a0 \u20ac'><span class='full-price' itemprop='offers' itemscope itemtype='http:\/\/schema.org\/Offer'><span itemprop='price' content='150\u00a0'>150\u00a0<\/span><span itemprop='priceCurrency' content=''> \u20ac<\/span><\/span><\/div>\n<a class='upcp-catalogue-link '  href='\/index.php?rest_route=%2Fwp%2Fv2%2Fpages%2F2928&SingleProduct=4021' onclick='RecordView(4021);'><div id='prod-cat-details-link-4021' class='prod-cat-details-link upcp-thumb-details-link'><span class='upcp-details-text'>d\u00e9tails<\/span><span class='upcp-details-icon'>s<\/span><\/div>\n<\/a><\/div>\n<div id='prod-cat-thumb-item-4023' class='prod-cat-item upcp-thumb-item  ' data-itemid='4023'>\n<div id='prod-cat-thumb-div-4023' class='prod-cat-thumb-image-div upcp-thumb-image-div'><a class='upcp-catalogue-link '  href='\/index.php?rest_route=%2Fwp%2Fv2%2Fpages%2F2928&SingleProduct=4023' onclick='RecordView(4023);'><img src='http:\/\/www.lesautographes.com\/wp-content\/uploads\/2022\/09\/29-185x300.jpg' alt='029 L\u00e9on BLOY (1846-1917) \u00e9crivain Image' id='prod-cat-thumb-4023' class='prod-cat-thumb-image upcp-thumb-image'><\/a><\/div>\n<div id='prod-cat-title-4023' class='prod-cat-title upcp-thumb-title'><a class='upcp-catalogue-link no-underline '  href='\/index.php?rest_route=%2Fwp%2Fv2%2Fpages%2F2928&SingleProduct=4023' onclick='RecordView(4023);'>029 L\u00e9on BLOY (1846-1917) \u00e9crivain<\/a><div class='upcp-prod-desc-custom-fields upcp-custom-field-thumbs'><\/div><\/div>\n<div id='prod-cat-price-4023' class='prod-cat-price upcp-thumb-price' data-item_price='600\u00a0 \u20ac'><span class='full-price' itemprop='offers' itemscope itemtype='http:\/\/schema.org\/Offer'><span itemprop='price' content='600\u00a0'>600\u00a0<\/span><span itemprop='priceCurrency' content=''> \u20ac<\/span><\/span><\/div>\n<a class='upcp-catalogue-link '  href='\/index.php?rest_route=%2Fwp%2Fv2%2Fpages%2F2928&SingleProduct=4023' onclick='RecordView(4023);'><div id='prod-cat-details-link-4023' class='prod-cat-details-link upcp-thumb-details-link'><span class='upcp-details-text'>d\u00e9tails<\/span><span class='upcp-details-icon'>s<\/span><\/div>\n<\/a><\/div>\n<div id='prod-cat-thumb-item-4025' class='prod-cat-item upcp-thumb-item  ' data-itemid='4025'>\n<div id='prod-cat-thumb-div-4025' class='prod-cat-thumb-image-div upcp-thumb-image-div'><a class='upcp-catalogue-link '  href='\/index.php?rest_route=%2Fwp%2Fv2%2Fpages%2F2928&SingleProduct=4025' onclick='RecordView(4025);'><img src='http:\/\/www.lesautographes.com\/wp-content\/uploads\/2022\/09\/31-229x300.jpg' alt='031 Louis, vicomte de BONALD (1754-1840) \u00e9crivain, philosophe et homme politique l\u00e9gitimiste Image' id='prod-cat-thumb-4025' class='prod-cat-thumb-image upcp-thumb-image'><\/a><\/div>\n<div id='prod-cat-title-4025' class='prod-cat-title upcp-thumb-title'><a class='upcp-catalogue-link no-underline '  href='\/index.php?rest_route=%2Fwp%2Fv2%2Fpages%2F2928&SingleProduct=4025' onclick='RecordView(4025);'>031 Louis, vicomte de BONALD (1754-1840) \u00e9crivain, philosophe et homme politique l\u00e9gitimiste<\/a><div class='upcp-prod-desc-custom-fields upcp-custom-field-thumbs'><\/div><\/div>\n<div id='prod-cat-price-4025' class='prod-cat-price upcp-thumb-price' data-item_price='250\u00a0 \u20ac'><span class='full-price' itemprop='offers' itemscope itemtype='http:\/\/schema.org\/Offer'><span itemprop='price' content='250\u00a0'>250\u00a0<\/span><span itemprop='priceCurrency' content=''> \u20ac<\/span><\/span><\/div>\n<a class='upcp-catalogue-link '  href='\/index.php?rest_route=%2Fwp%2Fv2%2Fpages%2F2928&SingleProduct=4025' onclick='RecordView(4025);'><div id='prod-cat-details-link-4025' class='prod-cat-details-link upcp-thumb-details-link'><span class='upcp-details-text'>d\u00e9tails<\/span><span class='upcp-details-icon'>s<\/span><\/div>\n<\/a><\/div>\n<div id='prod-cat-thumb-item-4026' class='prod-cat-item upcp-thumb-item  ' data-itemid='4026'>\n<div id='prod-cat-thumb-div-4026' class='prod-cat-thumb-image-div upcp-thumb-image-div'><a class='upcp-catalogue-link '  href='\/index.php?rest_route=%2Fwp%2Fv2%2Fpages%2F2928&SingleProduct=4026' onclick='RecordView(4026);'><img src='http:\/\/www.lesautographes.com\/wp-content\/uploads\/2022\/09\/32-236x300.jpg' alt='032 Letizia BONAPARTE (1750-1836) m\u00e8re de Napol\u00e9on Image' id='prod-cat-thumb-4026' class='prod-cat-thumb-image upcp-thumb-image'><\/a><\/div>\n<div id='prod-cat-title-4026' class='prod-cat-title upcp-thumb-title'><a class='upcp-catalogue-link no-underline '  href='\/index.php?rest_route=%2Fwp%2Fv2%2Fpages%2F2928&SingleProduct=4026' onclick='RecordView(4026);'>032 Letizia BONAPARTE (1750-1836) m\u00e8re de Napol\u00e9on<\/a><div class='upcp-prod-desc-custom-fields upcp-custom-field-thumbs'><\/div><\/div>\n<div id='prod-cat-price-4026' class='prod-cat-price upcp-thumb-price' data-item_price='1\u00a0500\u00a0 \u20ac'><span class='full-price' itemprop='offers' itemscope itemtype='http:\/\/schema.org\/Offer'><span itemprop='price' content='1\u00a0500\u00a0'>1\u00a0500\u00a0<\/span><span itemprop='priceCurrency' content=''> \u20ac<\/span><\/span><\/div>\n<a class='upcp-catalogue-link '  href='\/index.php?rest_route=%2Fwp%2Fv2%2Fpages%2F2928&SingleProduct=4026' onclick='RecordView(4026);'><div id='prod-cat-details-link-4026' class='prod-cat-details-link upcp-thumb-details-link'><span class='upcp-details-text'>d\u00e9tails<\/span><span class='upcp-details-icon'>s<\/span><\/div>\n<\/a><\/div>\n<div id='prod-cat-thumb-item-4027' class='prod-cat-item upcp-thumb-item  ' data-itemid='4027'>\n<div id='prod-cat-thumb-div-4027' class='prod-cat-thumb-image-div upcp-thumb-image-div'><a class='upcp-catalogue-link '  href='\/index.php?rest_route=%2Fwp%2Fv2%2Fpages%2F2928&SingleProduct=4027' onclick='RecordView(4027);'><img src='http:\/\/www.lesautographes.com\/wp-content\/uploads\/2022\/09\/33-231x300.jpg' alt='033 Marie BONAPARTE (1882-1962) descendante de Lucien Bonaparte\u00a0; princesse de Gr\u00e8ce, traductrice de Freud et introductrice de la psychanalyse en France Image' id='prod-cat-thumb-4027' class='prod-cat-thumb-image upcp-thumb-image'><\/a><\/div>\n<div id='prod-cat-title-4027' class='prod-cat-title upcp-thumb-title'><a class='upcp-catalogue-link no-underline '  href='\/index.php?rest_route=%2Fwp%2Fv2%2Fpages%2F2928&SingleProduct=4027' onclick='RecordView(4027);'>033 Marie BONAPARTE (1882-1962) descendante de Lucien Bonaparte\u00a0; princesse de Gr\u00e8ce, traductrice de Freud et introductrice de la psychanalyse en France<\/a><div class='upcp-prod-desc-custom-fields upcp-custom-field-thumbs'><\/div><\/div>\n<div id='prod-cat-price-4027' class='prod-cat-price upcp-thumb-price' data-item_price='250\u00a0 \u20ac'><span class='full-price' itemprop='offers' itemscope itemtype='http:\/\/schema.org\/Offer'><span itemprop='price' content='250\u00a0'>250\u00a0<\/span><span itemprop='priceCurrency' content=''> \u20ac<\/span><\/span><\/div>\n<a class='upcp-catalogue-link '  href='\/index.php?rest_route=%2Fwp%2Fv2%2Fpages%2F2928&SingleProduct=4027' onclick='RecordView(4027);'><div id='prod-cat-details-link-4027' class='prod-cat-details-link upcp-thumb-details-link'><span class='upcp-details-text'>d\u00e9tails<\/span><span class='upcp-details-icon'>s<\/span><\/div>\n<\/a><\/div>\n<div id='prod-cat-thumb-item-4028' class='prod-cat-item upcp-thumb-item  ' data-itemid='4028'>\n<div id='prod-cat-thumb-div-4028' class='prod-cat-thumb-image-div upcp-thumb-image-div'><a class='upcp-catalogue-link '  href='\/index.php?rest_route=%2Fwp%2Fv2%2Fpages%2F2928&SingleProduct=4028' onclick='RecordView(4028);'><img src='http:\/\/www.lesautographes.com\/wp-content\/uploads\/2022\/09\/34-218x300.jpg' alt='034 Emmanuel BONDEVILLE (1898-1987) compositeu Image' id='prod-cat-thumb-4028' class='prod-cat-thumb-image upcp-thumb-image'><\/a><\/div>\n<div id='prod-cat-title-4028' class='prod-cat-title upcp-thumb-title'><a class='upcp-catalogue-link no-underline '  href='\/index.php?rest_route=%2Fwp%2Fv2%2Fpages%2F2928&SingleProduct=4028' onclick='RecordView(4028);'>034 Emmanuel BONDEVILLE (1898-1987) compositeu<\/a><div class='upcp-prod-desc-custom-fields upcp-custom-field-thumbs'><\/div><\/div>\n<div id='prod-cat-price-4028' class='prod-cat-price upcp-thumb-price' data-item_price='25\u00a0 \u20ac'><span class='full-price' itemprop='offers' itemscope itemtype='http:\/\/schema.org\/Offer'><span itemprop='price' content='25\u00a0'>25\u00a0<\/span><span itemprop='priceCurrency' content=''> \u20ac<\/span><\/span><\/div>\n<a class='upcp-catalogue-link '  href='\/index.php?rest_route=%2Fwp%2Fv2%2Fpages%2F2928&SingleProduct=4028' onclick='RecordView(4028);'><div id='prod-cat-details-link-4028' class='prod-cat-details-link upcp-thumb-details-link'><span class='upcp-details-text'>d\u00e9tails<\/span><span class='upcp-details-icon'>s<\/span><\/div>\n<\/a><\/div>\n<div id='prod-cat-thumb-item-4029' class='prod-cat-item upcp-thumb-item  ' data-itemid='4029'>\n<div id='prod-cat-thumb-div-4029' class='prod-cat-thumb-image-div upcp-thumb-image-div'><a class='upcp-catalogue-link '  href='\/index.php?rest_route=%2Fwp%2Fv2%2Fpages%2F2928&SingleProduct=4029' onclick='RecordView(4029);'><img src='http:\/\/www.lesautographes.com\/wp-content\/uploads\/2022\/09\/35-188x300.jpg' alt='035 Henri de BORNIER (1825-1901) auteur dramatique Image' id='prod-cat-thumb-4029' class='prod-cat-thumb-image upcp-thumb-image'><\/a><\/div>\n<div id='prod-cat-title-4029' class='prod-cat-title upcp-thumb-title'><a class='upcp-catalogue-link no-underline '  href='\/index.php?rest_route=%2Fwp%2Fv2%2Fpages%2F2928&SingleProduct=4029' onclick='RecordView(4029);'>035 Henri de BORNIER (1825-1901) auteur dramatique<\/a><div class='upcp-prod-desc-custom-fields upcp-custom-field-thumbs'><\/div><\/div>\n<div id='prod-cat-price-4029' class='prod-cat-price upcp-thumb-price' data-item_price='150\u00a0 \u20ac'><span class='full-price' itemprop='offers' itemscope itemtype='http:\/\/schema.org\/Offer'><span itemprop='price' content='150\u00a0'>150\u00a0<\/span><span itemprop='priceCurrency' content=''> \u20ac<\/span><\/span><\/div>\n<a class='upcp-catalogue-link '  href='\/index.php?rest_route=%2Fwp%2Fv2%2Fpages%2F2928&SingleProduct=4029' onclick='RecordView(4029);'><div id='prod-cat-details-link-4029' class='prod-cat-details-link upcp-thumb-details-link'><span class='upcp-details-text'>d\u00e9tails<\/span><span class='upcp-details-icon'>s<\/span><\/div>\n<\/a><\/div>\n<div id='prod-cat-thumb-item-4030' class='prod-cat-item upcp-thumb-item  ' data-itemid='4030'>\n<div id='prod-cat-thumb-div-4030' class='prod-cat-thumb-image-div upcp-thumb-image-div'><a class='upcp-catalogue-link '  href='\/index.php?rest_route=%2Fwp%2Fv2%2Fpages%2F2928&SingleProduct=4030' onclick='RecordView(4030);'><img src='http:\/\/www.lesautographes.com\/wp-content\/uploads\/2022\/09\/36-300x218.jpg' alt='036 Jacques-B\u00e9nigne BOSSUET (1627-1704) pr\u00e9lat, th\u00e9ologien, pr\u00e9dicateur et \u00e9crivain\u00a0; \u00e9v\u00eaque de Meaux Image' id='prod-cat-thumb-4030' class='prod-cat-thumb-image upcp-thumb-image'><\/a><\/div>\n<div id='prod-cat-title-4030' class='prod-cat-title upcp-thumb-title'><a class='upcp-catalogue-link no-underline '  href='\/index.php?rest_route=%2Fwp%2Fv2%2Fpages%2F2928&SingleProduct=4030' onclick='RecordView(4030);'>036 Jacques-B\u00e9nigne BOSSUET (1627-1704) pr\u00e9lat, th\u00e9ologien, pr\u00e9dicateur et \u00e9crivain\u00a0; \u00e9v\u00eaque de Meaux<\/a><div class='upcp-prod-desc-custom-fields upcp-custom-field-thumbs'><\/div><\/div>\n<div id='prod-cat-price-4030' class='prod-cat-price upcp-thumb-price' data-item_price='4\u00a0500\u00a0 \u20ac'><span class='full-price' itemprop='offers' itemscope itemtype='http:\/\/schema.org\/Offer'><span itemprop='price' content='4\u00a0500\u00a0'>4\u00a0500\u00a0<\/span><span itemprop='priceCurrency' content=''> \u20ac<\/span><\/span><\/div>\n<a class='upcp-catalogue-link '  href='\/index.php?rest_route=%2Fwp%2Fv2%2Fpages%2F2928&SingleProduct=4030' onclick='RecordView(4030);'><div id='prod-cat-details-link-4030' class='prod-cat-details-link upcp-thumb-details-link'><span class='upcp-details-text'>d\u00e9tails<\/span><span class='upcp-details-icon'>s<\/span><\/div>\n<\/a><\/div>\n<div id='prod-cat-thumb-item-4032' class='prod-cat-item upcp-thumb-item  ' data-itemid='4032'>\n<div id='prod-cat-thumb-div-4032' class='prod-cat-thumb-image-div upcp-thumb-image-div'><a class='upcp-catalogue-link '  href='\/index.php?rest_route=%2Fwp%2Fv2%2Fpages%2F2928&SingleProduct=4032' onclick='RecordView(4032);'><img src='http:\/\/www.lesautographes.com\/wp-content\/uploads\/2022\/09\/38-227x300.jpg' alt='038 Ren\u00e9 BOYLESVE (1867-1926) \u00e9crivain Image' id='prod-cat-thumb-4032' class='prod-cat-thumb-image upcp-thumb-image'><\/a><\/div>\n<div id='prod-cat-title-4032' class='prod-cat-title upcp-thumb-title'><a class='upcp-catalogue-link no-underline '  href='\/index.php?rest_route=%2Fwp%2Fv2%2Fpages%2F2928&SingleProduct=4032' onclick='RecordView(4032);'>038 Ren\u00e9 BOYLESVE (1867-1926) \u00e9crivain<\/a><div class='upcp-prod-desc-custom-fields upcp-custom-field-thumbs'><\/div><\/div>\n<div id='prod-cat-price-4032' class='prod-cat-price upcp-thumb-price' data-item_price='150\u00a0 \u20ac'><span class='full-price' itemprop='offers' itemscope itemtype='http:\/\/schema.org\/Offer'><span itemprop='price' content='150\u00a0'>150\u00a0<\/span><span itemprop='priceCurrency' content=''> \u20ac<\/span><\/span><\/div>\n<a class='upcp-catalogue-link '  href='\/index.php?rest_route=%2Fwp%2Fv2%2Fpages%2F2928&SingleProduct=4032' onclick='RecordView(4032);'><div id='prod-cat-details-link-4032' class='prod-cat-details-link upcp-thumb-details-link'><span class='upcp-details-text'>d\u00e9tails<\/span><span class='upcp-details-icon'>s<\/span><\/div>\n<\/a><\/div>\n<\/div><div class='upcp-clear'><\/div>\n<\/div>\n<div class='upcp-clear'><\/div><div id='prod-cat-22' class='prod-cat list-display hidden-field'>\n<div id='prod-cat-category-11' class='prod-cat-category upcp-list-category'>\n<div id='prod-cat-category-label-11' class='prod-cat-category-label upcp-list-category-label'><div class='prod-cat-category-name'>Catalogue 2022<\/div><\/div><div id='prod-cat-list-item-3995' class='prod-cat-item upcp-list-item ' data-itemid='3995'>\n<div id='prod-cat-title-3995' class='prod-cat-title upcp-list-title upcp-list-action-Expand' onclick='ToggleItem(3995);'>001 Louis AIM\u00c9-MARTIN (1786-1847) litt\u00e9rateur, disciple de Bernardin de Saint-Pierre dont il \u00e9pousa la veuve et \u00e9dita les \u0153uvres<\/div>\n<div id='prod-cat-price-3995' class='prod-cat-price upcp-list-price' data-item_price='80\u00a0 \u20ac' onclick='ToggleItem(3995);'><span class='full-price' itemprop='offers' itemscope itemtype='http:\/\/schema.org\/Offer'><span itemprop='price' content='80\u00a0'>80\u00a0<\/span><span itemprop='priceCurrency' content=''> \u20ac<\/span><\/span><\/div>\n<div id='prod-cat-details-3995' class='prod-cat-details upcp-list-details hidden-field'>\n<div id='prod-cat-thumb-div-3995' class='prod-cat-thumb-image-div upcp-list-image-div'><a class='upcp-catalogue-link'  href='\/index.php?rest_route=%2Fwp%2Fv2%2Fpages%2F2928&SingleProduct=3995' onclick='RecordView(3995);'><img src='http:\/\/www.lesautographes.com\/wp-content\/uploads\/2022\/09\/1-235x300.jpg' alt='001 Louis AIM\u00c9-MARTIN (1786-1847) litt\u00e9rateur, disciple de Bernardin de Saint-Pierre dont il \u00e9pousa la veuve et \u00e9dita les \u0153uvres Image' id='prod-cat-thumb-3995' class='prod-cat-thumb-image upcp-thumb-image'><\/a><\/div>\n<div id='prod-cat-desc-3995' class='prod-cat-desc upcp-list-desc'><p style=\"text-align:justify;margin-left:0pt;margin-right:0pt;margin-top:0pt;margin-bottom:0pt;\"><span style=\"font-family:Times New Roman;font-size:12pt;\"> <\/span><span style=\"font-family:Times New Roman;font-size:12pt;font-weight: bold;\">6 L.A.S.<\/span><span style=\"font-family:Times New Roman;font-size:12pt;\">, <\/span><span style=\"font-family:Times New Roman;font-size:12pt;font-style: italic;\">Paris <\/span><span style=\"font-family:Times New Roman;font-size:12pt;\">1811-1832\u00a0; 11 pages in-4 ou petit in-4, qqs en-t\u00eates <\/span><span style=\"font-family:Times New Roman;font-size:12pt;font-style: italic;\">Chambre des D\u00e9put\u00e9s<\/span><span style=\"font-family:Times New Roman;font-size:12pt;\"> ou <\/span><span style=\"font-family:Times New Roman;font-size:12pt;font-style: italic;\">D\u00e9p\u00f4t l\u00e9gal..<\/span><span style=\"font-family:Times New Roman;font-size:12pt;\">. <\/span><span style=\"font-family:Times New Roman;font-size:12pt;font-style: italic;\">5 janvier 1811<\/span><span style=\"font-family:Times New Roman;font-size:12pt;\">, <\/span><span style=\"font-family:Times New Roman;font-size:12pt;font-weight: bold;\">\u00e0 Andr\u00e9-Marie <\/span><span style=\"font-family:Times New Roman;font-size:12pt;font-weight: bold;text-transform: uppercase;\">Amp\u00e8re<\/span><span style=\"font-family:Times New Roman;font-size:12pt;\">, pour placer dans un coll\u00e8ge ou un lyc\u00e9e M. Spani\u00e8re, professeur tr\u00e8s instruit, avec envoi de son trait\u00e9 <\/span><span style=\"font-family:Times New Roman;font-size:12pt;font-style: italic;\">De l\u2019existence de Dieu d\u00e9montr\u00e9e par les merveilles de la nature<\/span><span style=\"font-family:Times New Roman;font-size:12pt;\">. Je vous demande beaucoup d\u2019indulgence, et vous \u00eates trop savant et trop aimable pour me refuser ce dont j\u2019ai un si grand besoin\u00a0\u00bb\u2026 <\/span><span style=\"font-family:Times New Roman;font-size:12pt;font-style: italic;\">181-<\/span><span style=\"font-family:Times New Roman;font-size:12pt;\">, \u00e0 un ma\u00eetre. Envoi d\u2019un petit article, avec invitation d\u2019y retrancher ce qui ne lui plaira pas\u00a0: \u00ab\u00a0<\/span><span style=\"font-family:Times New Roman;font-size:12pt;font-weight: bold;\">C\u2019est un jeune homme qui a fait l\u2019article et vous savez que les jeunes gens ont beaucoup d\u2019indulgence pour leurs amis<\/span><span style=\"font-family:Times New Roman;font-size:12pt;\">\u00a0\u00bb\u2026 <\/span><span style=\"font-family:Times New Roman;font-size:12pt;font-style: italic;\">20 juillet 1824<\/span><span style=\"font-family:Times New Roman;font-size:12pt;\">. Chef du bureau des proc\u00e8s-verbaux de la Chambre des D\u00e9put\u00e9s, il se plaint aux questeurs de deux employ\u00e9s non ponctuels, et propose pour les punir \u00ab\u00a0une retenue de 8 ou dix jours sur leur traitement\u00a0\u00bb\u2026 <\/span><span style=\"font-family:Times New Roman;font-size:12pt;font-style: italic;\">24 f\u00e9vrier 1825<\/span><span style=\"font-family:Times New Roman;font-size:12pt;\">, pour faire rendre \u00e0 sa compatriote Mme Jardin son brevet de libraire\u2026<\/span><span style=\"font-family:Times New Roman;font-size:12pt;font-style: italic;\">3 avril 1826<\/span><span style=\"font-family:Times New Roman;font-size:12pt;\">, en faveur d\u2019une gratification pour M. Rogier, \u00ab\u00a0employ\u00e9 extraordinaire au bureau des proc\u00e8s-verbaux\u00a0\u00bb de la Chambre des d\u00e9put\u00e9s, \u00e0 l\u2019occasion de sa retraite\u2026 <\/span><span style=\"font-family:Times New Roman;font-size:12pt;font-style: italic;\">6 janvier 1832<\/span><span style=\"font-family:Times New Roman;font-size:12pt;\">, comme Directeur du D\u00e9p\u00f4t l\u00e9gal\u2026<\/span><\/p><\/div>\n<div class='upcp-prod-desc-custom-fields upcp-custom-field-list'><\/div><a class='upcp-catalogue-link'  href='\/index.php?rest_route=%2Fwp%2Fv2%2Fpages%2F2928&SingleProduct=3995' onclick='RecordView(3995);'><div id='prod-cat-details-link-3995' class='prod-cat-details-link upcp-list-details-link'><span class='upcp-details-text'>d\u00e9tails<\/span><span class='upcp-details-icon'>s<\/span><\/div>\n<\/a><\/div><\/div>\n<div id='prod-cat-list-item-3996' class='prod-cat-item upcp-list-item ' data-itemid='3996'>\n<div id='prod-cat-title-3996' class='prod-cat-title upcp-list-title upcp-list-action-Expand' onclick='ToggleItem(3996);'>002 \u00c9mile Chartier dit ALAIN (1868-1951) philosophe<\/div>\n<div id='prod-cat-price-3996' class='prod-cat-price upcp-list-price' data-item_price='600\u00a0 \u20ac' onclick='ToggleItem(3996);'><span class='full-price' itemprop='offers' itemscope itemtype='http:\/\/schema.org\/Offer'><span itemprop='price' content='600\u00a0'>600\u00a0<\/span><span itemprop='priceCurrency' content=''> \u20ac<\/span><\/span><\/div>\n<div id='prod-cat-details-3996' class='prod-cat-details upcp-list-details hidden-field'>\n<div id='prod-cat-thumb-div-3996' class='prod-cat-thumb-image-div upcp-list-image-div'><a class='upcp-catalogue-link'  href='\/index.php?rest_route=%2Fwp%2Fv2%2Fpages%2F2928&SingleProduct=3996' onclick='RecordView(3996);'><img src='http:\/\/www.lesautographes.com\/wp-content\/uploads\/2022\/09\/2-300x230.jpg' alt='002 \u00c9mile Chartier dit ALAIN (1868-1951) philosophe Image' id='prod-cat-thumb-3996' class='prod-cat-thumb-image upcp-thumb-image'><\/a><\/div>\n<div id='prod-cat-desc-3996' class='prod-cat-desc upcp-list-desc'><p style=\"text-align:justify;margin-left:0pt;margin-right:0pt;margin-top:0pt;margin-bottom:0pt;\"><span style=\"font-family:Times New Roman;font-size:12pt;\"> <\/span><span style=\"font-family:Times New Roman;font-size:12pt;font-weight: bold;text-transform: uppercase;\">Manuscrit<\/span><span style=\"font-family:Times New Roman;font-size:12pt;font-weight: bold;\"> autographe sign\u00e9, <\/span><span style=\"font-family:Times New Roman;font-size:12pt;font-weight: bold;font-style: italic;\">Propos d\u2019un Normand<\/span><span style=\"font-family:Times New Roman;font-size:12pt;\">, [1910]<\/span><span style=\"font-family:Times New Roman;font-size:12pt;font-style: italic;\">\u00a0<\/span><span style=\"font-family:Times New Roman;font-size:12pt;\">; 2 pages in-8. <\/span><span style=\"font-family:Times New Roman;font-size:12pt;font-weight: bold;text-transform: uppercase;\">S<\/span><span style=\"font-family:Times New Roman;font-size:12pt;font-weight: bold;\">ur la contagion de la peur <\/span><span style=\"font-family:Times New Roman;font-size:12pt;\">(texte publi\u00e9 dans <\/span><span style=\"font-family:Times New Roman;font-size:12pt;font-style: italic;\">La D\u00e9p\u00eache de Rouen<\/span><span style=\"font-family:Times New Roman;font-size:12pt;\"> du 8 mai 1910). Il n\u2019a pas peur lorsqu\u2019il pense \u00e0 la com\u00e8te, il peut m\u00eame s\u2019amuser \u00e0 imaginer des catastrophes qu\u2019elle pourrait provoquer, mais nous ne sommes pas r\u00e9ellement \u00e9mus par des id\u00e9es\u00a0: \u00ab\u00a0si, par l\u2019effet de la com\u00e8te, nous nous sentions tous en m\u00eame temps paralys\u00e9s, ou glac\u00e9s, ou chauff\u00e9s, ou chatouill\u00e9s, ou fatigu\u00e9s, ou pris de vertige, il y aurait une formidable peur sur la terre. Et cela viendrait surtout de ce que la peur se multiplierait par la contagion. Une centaine de visages hagards sous mes yeux feraient en un instant ce que les discours d\u2019astronomes, pendant des mois, ne sauraient faire\u00a0\u00bb\u2026 Ainsi il comprend <\/span><span style=\"font-family:Times New Roman;font-size:12pt;font-weight: bold;\">la grande peur de l\u2019an mil<\/span><span style=\"font-family:Times New Roman;font-size:12pt;\">, et le grand mouvement de repentir et de d\u00e9sespoir, face non \u00e0 quelque catastrophe, mais \u00e0 la peur d\u2019une catastrophe\u2026 De m\u00eame, on n\u2019a pas peur de voyager en train, mais on aurait peur de voir la peur de voyageurs qui s\u2019enfuiraient en hurlant. \u00ab\u00a0Les discours sur la com\u00e8te me font rire. Mais s\u2019ils m\u2019\u00e9taient faits dans la rue par mille bouches sinc\u00e8res, je ne sais si je ne deviendrais pas aussi fou qu\u2019eux. [\u2026] <\/span><span style=\"font-family:Times New Roman;font-size:12pt;font-weight: bold;\">Car qu\u2019est-ce que croire\u00a0? C\u2019est agir et sentir comme si on croyait<\/span><span style=\"font-family:Times New Roman;font-size:12pt;\">. Ma propre peur me convertirait en un tour de main. En revanche un moine, au milieu de nous, n\u2019arrivera pas \u00e0 croire. <\/span><span style=\"font-family:Times New Roman;font-size:12pt;font-weight: bold;\">Voil\u00e0 pourquoi il faut aimer la sagesse d\u2019autrui autant que la sienne propre<\/span><span style=\"font-family:Times New Roman;font-size:12pt;\">\u00a0\u00bb\u2026<\/span><\/p><\/div>\n<div class='upcp-prod-desc-custom-fields upcp-custom-field-list'><\/div><a class='upcp-catalogue-link'  href='\/index.php?rest_route=%2Fwp%2Fv2%2Fpages%2F2928&SingleProduct=3996' onclick='RecordView(3996);'><div id='prod-cat-details-link-3996' class='prod-cat-details-link upcp-list-details-link'><span class='upcp-details-text'>d\u00e9tails<\/span><span class='upcp-details-icon'>s<\/span><\/div>\n<\/a><\/div><\/div>\n<div id='prod-cat-list-item-3998' class='prod-cat-item upcp-list-item ' data-itemid='3998'>\n<div id='prod-cat-title-3998' class='prod-cat-title upcp-list-title upcp-list-action-Expand' onclick='ToggleItem(3998);'>004 Jacques-Denis ANTOINE (1733-1804) architecte<\/div>\n<div id='prod-cat-price-3998' class='prod-cat-price upcp-list-price' data-item_price='300\u00a0 \u20ac' onclick='ToggleItem(3998);'><span class='full-price' itemprop='offers' itemscope itemtype='http:\/\/schema.org\/Offer'><span itemprop='price' content='300\u00a0'>300\u00a0<\/span><span itemprop='priceCurrency' content=''> \u20ac<\/span><\/span><\/div>\n<div id='prod-cat-details-3998' class='prod-cat-details upcp-list-details hidden-field'>\n<div id='prod-cat-thumb-div-3998' class='prod-cat-thumb-image-div upcp-list-image-div'><a class='upcp-catalogue-link'  href='\/index.php?rest_route=%2Fwp%2Fv2%2Fpages%2F2928&SingleProduct=3998' onclick='RecordView(3998);'><img src='http:\/\/www.lesautographes.com\/wp-content\/uploads\/2022\/09\/4-234x300.jpg' alt='004 Jacques-Denis ANTOINE (1733-1804) architecte Image' id='prod-cat-thumb-3998' class='prod-cat-thumb-image upcp-thumb-image'><\/a><\/div>\n<div id='prod-cat-desc-3998' class='prod-cat-desc upcp-list-desc'><p style=\"text-align:justify;margin-left:0pt;margin-right:0pt;margin-top:0pt;margin-bottom:0pt;\"><span style=\"font-family:Times New Roman;font-size:12pt;font-weight: bold;\">L.A.S.<\/span><span style=\"font-family:Times New Roman;font-size:12pt;\">, 24 novembre <\/span><span style=\"font-family:Times New Roman;font-size:12pt;font-weight: bold;\">1790<\/span><span style=\"font-family:Times New Roman;font-size:12pt;\">, <\/span><span style=\"font-family:Times New Roman;font-size:12pt;font-weight: bold;\">\u00e0 Pierre-Fran\u00e7ois <\/span><span style=\"font-family:Times New Roman;font-size:12pt;font-weight: bold;text-transform: uppercase;\">Palloy<\/span><span style=\"font-family:Times New Roman;font-size:12pt;\">, \u00ab\u00a0entrepreneur de b\u00e2timents\u00a0\u00bb<\/span><span style=\"font-family:Times New Roman;font-size:12pt;font-weight: bold;\">\u00a0<\/span><span style=\"font-family:Times New Roman;font-size:12pt;\">; 1\u00a0page in-4, adresse. Il le prie de procurer au nomm\u00e9 Philippe, \u00ab\u00a0de l\u2019ouvrage n\u2019importe en quel endroit et dans quel genre\u00a0\u00bb\u2026 C\u2019est un \u00ab\u00a0assez bon menuisier\u00a0\u00bb\u00a0:. Palloy pourra l\u2019\u00ab\u00a0employer avec confiance dans les ouvrages de cette proffession\u00a0; mais comme on fait tout quand il s\u2019agit de vivre, il ne r\u00e9pugnera \u00e0 rien, tant est pressant son besoin, celui de sa femme et de ses enfants\u00a0\u00bb\u2026 Sous la signature d\u2019Antoine, Palloy a not\u00e9\u00a0: \u00ab\u00a0architecte du Roy\u00a0\u00bb<\/span><\/p><\/div>\n<div class='upcp-prod-desc-custom-fields upcp-custom-field-list'><\/div><a class='upcp-catalogue-link'  href='\/index.php?rest_route=%2Fwp%2Fv2%2Fpages%2F2928&SingleProduct=3998' onclick='RecordView(3998);'><div id='prod-cat-details-link-3998' class='prod-cat-details-link upcp-list-details-link'><span class='upcp-details-text'>d\u00e9tails<\/span><span class='upcp-details-icon'>s<\/span><\/div>\n<\/a><\/div><\/div>\n<div id='prod-cat-list-item-3999' class='prod-cat-item upcp-list-item ' data-itemid='3999'>\n<div id='prod-cat-title-3999' class='prod-cat-title upcp-list-title upcp-list-action-Expand' onclick='ToggleItem(3999);'>005 Louis ARAGON (1897-1982) \u00e9crivain<\/div>\n<div id='prod-cat-price-3999' class='prod-cat-price upcp-list-price' data-item_price='2\u00a0000\u00a0 \u20ac' onclick='ToggleItem(3999);'><span class='full-price' itemprop='offers' itemscope itemtype='http:\/\/schema.org\/Offer'><span itemprop='price' content='2\u00a0000\u00a0'>2\u00a0000\u00a0<\/span><span itemprop='priceCurrency' content=''> \u20ac<\/span><\/span><\/div>\n<div id='prod-cat-details-3999' class='prod-cat-details upcp-list-details hidden-field'>\n<div id='prod-cat-thumb-div-3999' class='prod-cat-thumb-image-div upcp-list-image-div'><a class='upcp-catalogue-link'  href='\/index.php?rest_route=%2Fwp%2Fv2%2Fpages%2F2928&SingleProduct=3999' onclick='RecordView(3999);'><img src='http:\/\/www.lesautographes.com\/wp-content\/uploads\/2022\/09\/5-232x300.jpg' alt='005 Louis ARAGON (1897-1982) \u00e9crivain Image' id='prod-cat-thumb-3999' class='prod-cat-thumb-image upcp-thumb-image'><\/a><\/div>\n<div id='prod-cat-desc-3999' class='prod-cat-desc upcp-list-desc'><p style=\"text-align:justify;margin-left:0pt;margin-right:0pt;margin-top:0pt;margin-bottom:0pt;\"><span style=\"font-family:Times New Roman;font-size:12pt;font-weight: bold;text-transform: uppercase;\">Manuscrit<\/span><span style=\"font-family:Times New Roman;font-size:12pt;font-weight: bold;\"> autographe sign\u00e9<\/span><span style=\"font-family:Times New Roman;font-size:12pt;\">, [<\/span><span style=\"font-family:Times New Roman;font-size:12pt;font-weight: bold;font-style: italic;\">Pour Alexandre Sojenitsyne<\/span><span style=\"font-family:Times New Roman;font-size:12pt;\">, novembre 1969]\u00a0; 1 page et quart in-4. <\/span><span style=\"font-family:Times New Roman;font-size:12pt;font-weight: bold;\">Contre l\u2019exclusion de SOLJENITSYNE de l\u2019Union des \u00c9crivains sovi\u00e9tiques<\/span><span style=\"font-family:Times New Roman;font-size:12pt;\"> (4 novembre 1969). Cette d\u00e9claration au nom du Comit\u00e9 National des \u00c9crivains parut dans <\/span><span style=\"font-family:Times New Roman;font-size:12pt;font-style: italic;\">Les Lettres fran\u00e7aises<\/span><span style=\"font-family:Times New Roman;font-size:12pt;\"> du 19 novembre 1969 (n\u00b0 1309). \u00ab\u00a0L\u2019exclusion de Solj\u00e9nitsyne de l\u2019<\/span><span style=\"font-family:Times New Roman;font-size:12pt;font-style: italic;\">Union des \u00c9crivains Sovi\u00e9tiques<\/span><span style=\"font-family:Times New Roman;font-size:12pt;\">, annonc\u00e9e, puis d\u00e9mentie, et enfin confirm\u00e9e, suivant une technique t\u00e9l\u00e9guid\u00e9e dont nous commen\u00e7ons \u00e0 prendre l\u2019habitude, constitue aux yeux du monde entier <\/span><span style=\"font-family:Times New Roman;font-size:12pt;font-weight: bold;\">une erreur monumentale, qui ne se borne pas \u00e0 nuire \u00e0 l\u2019Union Sovi\u00e9tique, mais contribue \u00e0 confirmer l\u2019opinion du socialisme qu\u2019en propagent ses ennemis<\/span><span style=\"font-family:Times New Roman;font-size:12pt;\">. Nous croyons savoir qu\u2019en d\u2019autres temps l\u00e0-bas les hommes les plus raisonnables, et ceci jusqu\u2019aux plus hautes instances du pouvoir, ont profond\u00e9ment regrett\u00e9 l\u2019erreur analogue commise \u00e0 l\u2019\u00e9gard de Boris Pasternak. <\/span><span style=\"font-family:Times New Roman;font-size:12pt;font-weight: bold;\">Faut-il vraiment que les grands \u00e9crivains de l\u2019URSS soient trait\u00e9s comme des \u00eatres nuisibles\u00a0?<\/span><span style=\"font-family:Times New Roman;font-size:12pt;\">\u00a0\u00bb\u2026 Et de nommer quelques \u00e9crivains victimes des Grandes Purges\u2026 \u00ab\u00a0Faut-il dire \u00e0 nos confr\u00e8res sovi\u00e9tiques, \u00e0 ceux qui se taisent ou qu\u2019on force \u00e0 parler comme \u00e0 ceux qui attachent aujourd\u2019hui leur nom \u00e0 des actes en lesquels comment ne voient-ils pas le reflet d\u2019un pass\u00e9 r\u00e9cent\u00a0? qu\u2019ils devraient se rappeler que la signature de certains de leurs devanciers confirmant <\/span><span style=\"font-family:Times New Roman;font-size:12pt;font-weight: bold;\">des exclusions semblables a \u00e9t\u00e9 trop souvent le blanc-seing donn\u00e9 au bourreau<\/span><span style=\"font-family:Times New Roman;font-size:12pt;\">\u00a0? [\u2026] nous voulons encore croire que comme au temps des col\u00e8res d\u00e9cha\u00een\u00e9es par un jury qui avait os\u00e9 couronner le plus grand po\u00e8te russe alors vivant, dans les hauts conseils de ce peuple \u00e0 qui nous devons l\u2019aurore d\u2019Octobre et la d\u00e9faite du fascisme hitl\u00e9rien, il se trouvera des gens capables de comprendre le mal fait et de ne pas le laisser s\u2019accomplir\u00a0\u00bb\u2026 Et Aragon inscrit le nom des signataires de la p\u00e9tition, membres du Comit\u00e9 directeur du CNE\u00a0: Elsa Triolet, Vercors,Jacques Madaule, Arthur Adamov, Aragon, Jean-Louis Bory, Michel Butor, Jean-Pierre Faye, Georges Govy, Guillevic, Pierre Paraf, Vladimir Pozner, Alain Pr\u00e9vost, Christiane Rochefort, Jean Rousselot, Jean-Paul Sartre.<\/span><\/p><\/div>\n<div class='upcp-prod-desc-custom-fields upcp-custom-field-list'><\/div><a class='upcp-catalogue-link'  href='\/index.php?rest_route=%2Fwp%2Fv2%2Fpages%2F2928&SingleProduct=3999' onclick='RecordView(3999);'><div id='prod-cat-details-link-3999' class='prod-cat-details-link upcp-list-details-link'><span class='upcp-details-text'>d\u00e9tails<\/span><span class='upcp-details-icon'>s<\/span><\/div>\n<\/a><\/div><\/div>\n<div id='prod-cat-list-item-4002' class='prod-cat-item upcp-list-item ' data-itemid='4002'>\n<div id='prod-cat-title-4002' class='prod-cat-title upcp-list-title upcp-list-action-Expand' onclick='ToggleItem(4002);'>008 ASSIGNATS<\/div>\n<div id='prod-cat-price-4002' class='prod-cat-price upcp-list-price' data-item_price='500\u00a0 \u20ac' onclick='ToggleItem(4002);'><span class='full-price' itemprop='offers' itemscope itemtype='http:\/\/schema.org\/Offer'><span itemprop='price' content='500\u00a0'>500\u00a0<\/span><span itemprop='priceCurrency' content=''> \u20ac<\/span><\/span><\/div>\n<div id='prod-cat-details-4002' class='prod-cat-details upcp-list-details hidden-field'>\n<div id='prod-cat-thumb-div-4002' class='prod-cat-thumb-image-div upcp-list-image-div'><a class='upcp-catalogue-link'  href='\/index.php?rest_route=%2Fwp%2Fv2%2Fpages%2F2928&SingleProduct=4002' onclick='RecordView(4002);'><img src='http:\/\/www.lesautographes.com\/wp-content\/uploads\/2022\/09\/8-190x300.jpg' alt='008 ASSIGNATS Image' id='prod-cat-thumb-4002' class='prod-cat-thumb-image upcp-thumb-image'><\/a><\/div>\n<div id='prod-cat-desc-4002' class='prod-cat-desc upcp-list-desc'><p style=\"text-align:justify;margin-left:0pt;margin-right:0pt;margin-top:0pt;margin-bottom:0pt;\"><span style=\"font-family:Times New Roman;font-size:12pt;font-weight: bold;\">P.S.<\/span><span style=\"font-family:Times New Roman;font-size:12pt;\"> <\/span><span style=\"font-family:Times New Roman;font-size:12pt;font-weight: bold;\">par Philippe Antoine <\/span><span style=\"font-family:Times New Roman;font-size:12pt;font-weight: bold;text-transform: uppercase;\">Grouvelle<\/span><span style=\"font-family:Times New Roman;font-size:12pt;font-weight: bold;\"> <\/span><span style=\"font-family:Times New Roman;font-size:12pt;\">(1753-1806)<\/span><span style=\"font-family:Times New Roman;font-size:12pt;font-weight: bold;\"> et <\/span><span style=\"font-family:Times New Roman;font-size:12pt;font-weight: bold;text-transform: uppercase;\">Guillot<\/span><span style=\"font-family:Times New Roman;font-size:12pt;\">, \u00ab\u00a0<\/span><span style=\"font-family:Times New Roman;font-size:12pt;font-weight: bold;\">Directeurs de la fabrication des Assignats<\/span><span style=\"font-family:Times New Roman;font-size:12pt;\">\u00a0\u00bb, Paris 11 septembre <\/span><span style=\"font-family:Times New Roman;font-size:12pt;font-weight: bold;\">1793<\/span><span style=\"font-family:Times New Roman;font-size:12pt;\">\u00a0; 11 pages et demie gr. in-fol. <\/span><span style=\"font-family:Times New Roman;font-size:12pt;font-weight: bold;\">Int\u00e9ressant document sur les employ\u00e9s \u00e0 la fabrication des assignats<\/span><span style=\"font-family:Times New Roman;font-size:12pt;\">. \u00c9tat des \u00ab\u00a0Mandats fournis\u00a0\u00bb, tir\u00e9s sur la Tr\u00e9sorerie, et remis aux <\/span><span style=\"font-family:Times New Roman;font-size:12pt;font-weight: bold;\">ouvriers et artisans employ\u00e9s par l\u2019imprimerie<\/span><span style=\"font-family:Times New Roman;font-size:12pt;\">, en 1792-1793\u00a0: Herhan, \u00ab\u00a0pour la multiplication de la taille douce\u00a0\u00bb, Grassal m\u00e9canicien, Pierre timbreur, Chaulin papetier, Gallois planeur en cuivre, Daumy fondeur, Tardieu graveur, ainsi que des fondeurs, graveurs, serruriers, m\u00e9caniciens, menuisiers, \u00e9pingliers, plombiers, etc.<\/span><\/p><\/div>\n<div class='upcp-prod-desc-custom-fields upcp-custom-field-list'><\/div><a class='upcp-catalogue-link'  href='\/index.php?rest_route=%2Fwp%2Fv2%2Fpages%2F2928&SingleProduct=4002' onclick='RecordView(4002);'><div id='prod-cat-details-link-4002' class='prod-cat-details-link upcp-list-details-link'><span class='upcp-details-text'>d\u00e9tails<\/span><span class='upcp-details-icon'>s<\/span><\/div>\n<\/a><\/div><\/div>\n<div id='prod-cat-list-item-4003' class='prod-cat-item upcp-list-item ' data-itemid='4003'>\n<div id='prod-cat-title-4003' class='prod-cat-title upcp-list-title upcp-list-action-Expand' onclick='ToggleItem(4003);'>009 Jacques AUDIBERTI (1899-1965) \u00e9crivain<\/div>\n<div id='prod-cat-price-4003' class='prod-cat-price upcp-list-price' data-item_price='300\u00a0 \u20ac' onclick='ToggleItem(4003);'><span class='full-price' itemprop='offers' itemscope itemtype='http:\/\/schema.org\/Offer'><span itemprop='price' content='300\u00a0'>300\u00a0<\/span><span itemprop='priceCurrency' content=''> \u20ac<\/span><\/span><\/div>\n<div id='prod-cat-details-4003' class='prod-cat-details upcp-list-details hidden-field'>\n<div id='prod-cat-thumb-div-4003' class='prod-cat-thumb-image-div upcp-list-image-div'><a class='upcp-catalogue-link'  href='\/index.php?rest_route=%2Fwp%2Fv2%2Fpages%2F2928&SingleProduct=4003' onclick='RecordView(4003);'><img src='http:\/\/www.lesautographes.com\/wp-content\/uploads\/2022\/09\/9.jpg' alt='009 Jacques AUDIBERTI (1899-1965) \u00e9crivain Image' id='prod-cat-thumb-4003' class='prod-cat-thumb-image upcp-thumb-image'><\/a><\/div>\n<div id='prod-cat-desc-4003' class='prod-cat-desc upcp-list-desc'><p style=\"text-align:justify;margin-left:0pt;margin-right:0pt;margin-top:0pt;margin-bottom:0pt;\"><span style=\"font-family:Times New Roman;font-size:12pt;font-weight: bold;\">L.A.S. avec <\/span><span style=\"font-family:Times New Roman;font-size:12pt;font-weight: bold;text-transform: uppercase;\">dessin<\/span><span style=\"font-family:Times New Roman;font-size:12pt;\">, [Paris 10 avril 1938], <\/span><span style=\"font-family:Times New Roman;font-size:12pt;font-weight: bold;\">\u00e0 Andr\u00e9 <\/span><span style=\"font-family:Times New Roman;font-size:12pt;font-weight: bold;text-transform: uppercase;\">Rolland de Ren\u00e9ville<\/span><span style=\"font-family:Times New Roman;font-size:12pt;font-weight: bold;\">\u00a0<\/span><span style=\"font-family:Times New Roman;font-size:12pt;\">; 1\u00a0page in-4, enveloppe. <\/span><span style=\"font-family:Times New Roman;font-size:12pt;font-weight: bold;\">Belle lettre<\/span><span style=\"font-family:Times New Roman;font-size:12pt;\">. \u00ab\u00a0Pardonnez-moi de ne pas vous avoir remerci\u00e9 plus t\u00f4t pour votre livre [<\/span><span style=\"font-family:Times New Roman;font-size:12pt;font-style: italic;\">L\u2019Exp\u00e9rience po\u00e9tique<\/span><span style=\"font-family:Times New Roman;font-size:12pt;\">]. Vous savez combien <\/span><span style=\"font-family:Times New Roman;font-size:12pt;font-weight: bold;\">je vous admire pour<\/span><span style=\"font-family:Times New Roman;font-size:12pt;\"> <\/span><span style=\"font-family:Times New Roman;font-size:12pt;font-weight: bold;\">cette lucide amour que vous portez \u00e0 ce qui est tout, et qui n\u2019est rien, \u00e0 ce qui est nous, et notre mort \u2013 \u00e0 la po\u00e9sie<\/span><span style=\"font-family:Times New Roman;font-size:12pt;\">. Lucide amour, amour exalt\u00e9e et sacrifi\u00e9e. Faire comprendre que l\u2019ombre \u00e9voqu\u00e9e d\u2019un nuage par les mots nombreux, cela compte, cela est s\u00e9rieux, voil\u00e0 la haute part que vous avez choisie \u2013 un nuage sur la face de la Puissance Assise \u2013 et vivre pour cette t\u00e2che, vivre comme on mourrait\u00a0\u00bb... En marge, <\/span><span style=\"font-family:Times New Roman;font-size:12pt;font-weight: bold;\">Audiberti a dessin\u00e9<\/span><span style=\"font-family:Times New Roman;font-size:12pt;\"> \u00e0 la plume un crucifi\u00e9 et un personnage f\u00e9minin, drap\u00e9.<\/span><\/p><\/div>\n<div class='upcp-prod-desc-custom-fields upcp-custom-field-list'><\/div><a class='upcp-catalogue-link'  href='\/index.php?rest_route=%2Fwp%2Fv2%2Fpages%2F2928&SingleProduct=4003' onclick='RecordView(4003);'><div id='prod-cat-details-link-4003' class='prod-cat-details-link upcp-list-details-link'><span class='upcp-details-text'>d\u00e9tails<\/span><span class='upcp-details-icon'>s<\/span><\/div>\n<\/a><\/div><\/div>\n<div id='prod-cat-list-item-4006' class='prod-cat-item upcp-list-item ' data-itemid='4006'>\n<div id='prod-cat-title-4006' class='prod-cat-title upcp-list-title upcp-list-action-Expand' onclick='ToggleItem(4006);'>012 Jules BARBEY D'AUREVILLY (1808-1889) \u00e9crivain<\/div>\n<div id='prod-cat-price-4006' class='prod-cat-price upcp-list-price' data-item_price='800\u00a0 \u20ac' onclick='ToggleItem(4006);'><span class='full-price' itemprop='offers' itemscope itemtype='http:\/\/schema.org\/Offer'><span itemprop='price' content='800\u00a0'>800\u00a0<\/span><span itemprop='priceCurrency' content=''> \u20ac<\/span><\/span><\/div>\n<div id='prod-cat-details-4006' class='prod-cat-details upcp-list-details hidden-field'>\n<div id='prod-cat-thumb-div-4006' class='prod-cat-thumb-image-div upcp-list-image-div'><a class='upcp-catalogue-link'  href='\/index.php?rest_route=%2Fwp%2Fv2%2Fpages%2F2928&SingleProduct=4006' onclick='RecordView(4006);'><img src='http:\/\/www.lesautographes.com\/wp-content\/uploads\/2022\/09\/12-186x300.jpg' alt='012 Jules BARBEY D'AUREVILLY (1808-1889) \u00e9crivain Image' id='prod-cat-thumb-4006' class='prod-cat-thumb-image upcp-thumb-image'><\/a><\/div>\n<div id='prod-cat-desc-4006' class='prod-cat-desc upcp-list-desc'><p style=\"text-align:justify;margin-left:0pt;margin-right:0pt;margin-top:0pt;margin-bottom:0pt;\"><span style=\"font-family:Times New Roman;font-size:12pt;font-weight: bold;\">L.A.S.<\/span><span style=\"font-family:Times New Roman;font-size:12pt;\">, [1858], <\/span><span style=\"font-family:Times New Roman;font-size:12pt;font-weight: bold;\">\u00e0 Marie <\/span><span style=\"font-family:Times New Roman;font-size:12pt;font-weight: bold;text-transform: uppercase;\">Escudier<\/span><span style=\"font-family:Times New Roman;font-size:12pt;font-weight: bold;\">, directeur du <\/span><span style=\"font-family:Times New Roman;font-size:12pt;font-weight: bold;font-style: italic;\">R\u00e9veil\u00a0<\/span><span style=\"font-family:Times New Roman;font-size:12pt;\">; 1\u00a0page in-fol. \u00e0 l\u2019encre rouge, enveloppe. Il s\u2019est plac\u00e9 dans un \u00e9tat nerveux tr\u00e8s \u00e9trange, hier, en voulant travailler toute la journ\u00e9e. \u00ab\u00a0Le <\/span><span style=\"font-family:Times New Roman;font-size:12pt;font-style: italic;\">Napol\u00e9on III<\/span><span style=\"font-family:Times New Roman;font-size:12pt;\"> \u00e9tait la brochure sur l\u2019<\/span><span style=\"font-family:Times New Roman;font-size:12pt;font-style: italic;\">Angleterre<\/span><span style=\"font-family:Times New Roman;font-size:12pt;\">, mais quand j\u2019ai \u00e9t\u00e9 <\/span><span style=\"font-family:Times New Roman;font-size:12pt;font-style: italic;\">l\u00e0-dedans<\/span><span style=\"font-family:Times New Roman;font-size:12pt;\">, j\u2019ai bien vite reconnu que la politique \u00e9tait in\u00e9vitable\u00a0: alors j\u2019ai chang\u00e9 de guitare. J\u2019ai voulu railler et j\u2019ai commenc\u00e9 <\/span><span style=\"font-family:Times New Roman;font-size:12pt;font-weight: bold;\">un article sur les <\/span><span style=\"font-family:Times New Roman;font-size:12pt;font-weight: bold;font-style: italic;\">Cuisiniers litt\u00e9raires<\/span><span style=\"font-family:Times New Roman;font-size:12pt;\"> (<\/span><span style=\"font-family:Times New Roman;font-size:12pt;font-style: italic;\">Le Gourmet<\/span><span style=\"font-family:Times New Roman;font-size:12pt;\">) mais il ne faut pas \u00eatre \u00e9puis\u00e9 d\u2019\u00e9lectricit\u00e9 pour avoir du <\/span><span style=\"font-family:Times New Roman;font-size:12pt;font-style: italic;\">vif<\/span><span style=\"font-family:Times New Roman;font-size:12pt;\"> et du <\/span><span style=\"font-family:Times New Roman;font-size:12pt;font-style: italic;\">mordant<\/span><span style=\"font-family:Times New Roman;font-size:12pt;\">. Le <\/span><span style=\"font-family:Times New Roman;font-size:12pt;font-style: italic;\">mordu<\/span><span style=\"font-family:Times New Roman;font-size:12pt;\">, c\u2019\u00e9tait moi\u00a0! <\/span><span style=\"font-family:Times New Roman;font-size:12pt;font-weight: bold;\">Je me suis donc couch\u00e9 comme on tombe sur le champ de bataille<\/span><span style=\"font-family:Times New Roman;font-size:12pt;\">. [...] Avec un esprit aussi <\/span><span style=\"font-family:Times New Roman;font-size:12pt;font-style: italic;\">mors aux dents<\/span><span style=\"font-family:Times New Roman;font-size:12pt;\"> et aussi t\u00eatu que le mien, il me faudrait, pour que l\u2019horrible chose d\u2019hier ne recommen\u00e7\u00e2t point, un article toujours fait d\u2019avance qui serait un <\/span><span style=\"font-family:Times New Roman;font-size:12pt;font-style: italic;\">en cas<\/span><span style=\"font-family:Times New Roman;font-size:12pt;\"> pour les jours o\u00f9 je ne pourrais <\/span><span style=\"font-family:Times New Roman;font-size:12pt;font-style: italic;\">rimer malgr\u00e9 Minerve<\/span><span style=\"font-family:Times New Roman;font-size:12pt;\">\u00a0\u00bb... Mais il proteste\u00a0: \u00ab\u00a0plus d\u2019articles <\/span><span style=\"font-family:Times New Roman;font-size:12pt;font-style: italic;\">en l\u2019air\u00a0<\/span><span style=\"font-family:Times New Roman;font-size:12pt;\">! J\u2019abhorre les g\u00e9n\u00e9ralit\u00e9s. Si pour <\/span><span style=\"font-family:Times New Roman;font-size:12pt;font-weight: bold;\">mon article sur ces mis\u00e9rables <\/span><span style=\"font-family:Times New Roman;font-size:12pt;font-weight: bold;font-style: italic;\">femmes<\/span><span style=\"font-family:Times New Roman;font-size:12pt;\">, j\u2019avais eu un livre, \u2013 que j\u2019eusse dit mes id\u00e9es \u00e0 propos d\u2019un livre, \u2013 je n\u2019aurais pas manqu\u00e9 mon bond\u00a0\u00bb...<\/span><\/p><\/div>\n<div class='upcp-prod-desc-custom-fields upcp-custom-field-list'><\/div><a class='upcp-catalogue-link'  href='\/index.php?rest_route=%2Fwp%2Fv2%2Fpages%2F2928&SingleProduct=4006' onclick='RecordView(4006);'><div id='prod-cat-details-link-4006' class='prod-cat-details-link upcp-list-details-link'><span class='upcp-details-text'>d\u00e9tails<\/span><span class='upcp-details-icon'>s<\/span><\/div>\n<\/a><\/div><\/div>\n<div id='prod-cat-list-item-4007' class='prod-cat-item upcp-list-item ' data-itemid='4007'>\n<div id='prod-cat-title-4007' class='prod-cat-title upcp-list-title upcp-list-action-Expand' onclick='ToggleItem(4007);'>013 [Jules BARBEY D\u2019AUREVILLY (1808-1889)]<\/div>\n<div id='prod-cat-price-4007' class='prod-cat-price upcp-list-price' data-item_price='400\u00a0 \u20ac' onclick='ToggleItem(4007);'><span class='full-price' itemprop='offers' itemscope itemtype='http:\/\/schema.org\/Offer'><span itemprop='price' content='400\u00a0'>400\u00a0<\/span><span itemprop='priceCurrency' content=''> \u20ac<\/span><\/span><\/div>\n<div id='prod-cat-details-4007' class='prod-cat-details upcp-list-details hidden-field'>\n<div id='prod-cat-thumb-div-4007' class='prod-cat-thumb-image-div upcp-list-image-div'><a class='upcp-catalogue-link'  href='\/index.php?rest_route=%2Fwp%2Fv2%2Fpages%2F2928&SingleProduct=4007' onclick='RecordView(4007);'><img src='http:\/\/www.lesautographes.com\/wp-content\/uploads\/2022\/09\/13-194x300.jpg' alt='013 [Jules BARBEY D\u2019AUREVILLY (1808-1889)] Image' id='prod-cat-thumb-4007' class='prod-cat-thumb-image upcp-thumb-image'><\/a><\/div>\n<div id='prod-cat-desc-4007' class='prod-cat-desc upcp-list-desc'><p style=\"text-align:justify;margin-left:0pt;margin-right:0pt;margin-top:0pt;margin-bottom:0pt;\"><span style=\"font-family:Times New Roman;font-size:12pt;font-weight: bold;\">Copies autographes par Guillaume-Stanislas TREBUTIEN<\/span><span style=\"font-family:Times New Roman;font-size:12pt;\"> (1800-1870)\u00a0; 10 pages et demie in-4. <\/span><span style=\"font-family:Times New Roman;font-size:12pt;font-weight: bold;\">Int\u00e9ressant ensemble de copies de lettres et de po\u00e8mes de Barbey, de la main de son fid\u00e8le ami<\/span><span style=\"font-family:Times New Roman;font-size:12pt;\">. \u2014 \u00ab\u00a0Oh\u00a0! pourquoi voyager\u00a0\u00bb...\u00a0: po\u00e8me de 96 vers, Caen 9 d\u00e9cembre 1834, avec copie d\u2019une lettre de Barbey \u00e0 Tr\u00e9butien le 13 d\u00e9cembre 1834 dans laquelle il parle de cette pi\u00e8ce de vers qui a re\u00e7u les applaudissements de son fr\u00e8re et qu\u2019il croit \u00ab\u00a0antique de puret\u00e9, d\u2019attitude et de simplicit\u00e9 fi\u00e8re\u00a0\u00bb... \u2014 <\/span><span style=\"font-family:Times New Roman;font-size:12pt;font-style: italic;\">Saigne mon c\u0153ur <\/span><span style=\"font-family:Times New Roman;font-size:12pt;\">(20 vers), suivi d\u2019un extrait d\u2019une lettre du 29 juillet 1851, expliquant le dernier vers de cette \u00ab\u00a0boucherie\u00a0\u00bb. \u2014 Lettre du 13 septembre 1854 dans laquelle Barbey propose \u00e0 Trebutien de collaborer \u00e0 l\u2019\u00e9laboration de deux ouvrages, l\u2019un s\u2019intitulerait <\/span><span style=\"font-family:Times New Roman;font-size:12pt;font-style: italic;\">Rhythme par Rhythme<\/span><span style=\"font-family:Times New Roman;font-size:12pt;\"> et se composerait peu \u00e0 peu de ce qu\u2019il lui enverrait, l\u2019autre serait \u00ab\u00a0<\/span><span style=\"font-family:Times New Roman;font-size:12pt;font-style: italic;\">des pens\u00e9es sur toutes choses<\/span><span style=\"font-family:Times New Roman;font-size:12pt;\"> [...] la limaille du fer que je scie [...] les \u0153uvres d\u2019haleine ne seraient pas pour cela interrompues, et ce serait comme <\/span><span style=\"font-family:Times New Roman;font-size:12pt;font-style: italic;\">un par dessus le march\u00e9<\/span><span style=\"font-family:Times New Roman;font-size:12pt;\"> de mes autres occupations et travaux\u00a0\u00bb... \u2014 <\/span><span style=\"font-family:Times New Roman;font-size:12pt;font-style: italic;\">A Roger de Beauvoir<\/span><span style=\"font-family:Times New Roman;font-size:12pt;\">\u00a0: envoi de 21 vers pour <\/span><span style=\"font-family:Times New Roman;font-size:12pt;font-style: italic;\">La Bague d\u2019Annibal<\/span><span style=\"font-family:Times New Roman;font-size:12pt;\">.<\/span><\/p><\/div>\n<div class='upcp-prod-desc-custom-fields upcp-custom-field-list'><\/div><a class='upcp-catalogue-link'  href='\/index.php?rest_route=%2Fwp%2Fv2%2Fpages%2F2928&SingleProduct=4007' onclick='RecordView(4007);'><div id='prod-cat-details-link-4007' class='prod-cat-details-link upcp-list-details-link'><span class='upcp-details-text'>d\u00e9tails<\/span><span class='upcp-details-icon'>s<\/span><\/div>\n<\/a><\/div><\/div>\n<div id='prod-cat-list-item-4008' class='prod-cat-item upcp-list-item ' data-itemid='4008'>\n<div id='prod-cat-title-4008' class='prod-cat-title upcp-list-title upcp-list-action-Expand' onclick='ToggleItem(4008);'>014 L\u00e9on BARBEY D\u2019AUREVILLY (1809-1876) abb\u00e9, missionnaire eudiste, fr\u00e8re du romancier<\/div>\n<div id='prod-cat-price-4008' class='prod-cat-price upcp-list-price' data-item_price='500\u00a0 \u20ac' onclick='ToggleItem(4008);'><span class='full-price' itemprop='offers' itemscope itemtype='http:\/\/schema.org\/Offer'><span itemprop='price' content='500\u00a0'>500\u00a0<\/span><span itemprop='priceCurrency' content=''> \u20ac<\/span><\/span><\/div>\n<div id='prod-cat-details-4008' class='prod-cat-details upcp-list-details hidden-field'>\n<div id='prod-cat-thumb-div-4008' class='prod-cat-thumb-image-div upcp-list-image-div'><a class='upcp-catalogue-link'  href='\/index.php?rest_route=%2Fwp%2Fv2%2Fpages%2F2928&SingleProduct=4008' onclick='RecordView(4008);'><img src='http:\/\/www.lesautographes.com\/wp-content\/uploads\/2022\/09\/14-220x300.jpg' alt='014 L\u00e9on BARBEY D\u2019AUREVILLY (1809-1876) abb\u00e9, missionnaire eudiste, fr\u00e8re du romancier Image' id='prod-cat-thumb-4008' class='prod-cat-thumb-image upcp-thumb-image'><\/a><\/div>\n<div id='prod-cat-desc-4008' class='prod-cat-desc upcp-list-desc'><p style=\"text-align:justify;margin-left:0pt;margin-right:0pt;margin-top:0pt;margin-bottom:0pt;\"><span style=\"font-family:Times New Roman;font-size:12pt;font-weight: bold;\">L.A.S.<\/span><span style=\"font-family:Times New Roman;font-size:12pt;\">, St Sauveur le Vicomte 17 janvier 1833, au pr\u00e9sident d\u2019A<\/span><span style=\"font-family:Times New Roman;font-size:12pt;text-transform: uppercase;\">vannes<\/span><span style=\"font-family:Times New Roman;font-size:12pt;\">, et <\/span><span style=\"font-family:Times New Roman;font-size:12pt;font-weight: bold;text-transform: uppercase;\">po\u00e8me<\/span><span style=\"font-family:Times New Roman;font-size:12pt;font-weight: bold;\"> autographe sign\u00e9<\/span><span style=\"font-family:Times New Roman;font-size:12pt;\">, <\/span><span style=\"font-family:Times New Roman;font-size:12pt;font-style: italic;\">La Mauve et la petite fille<\/span><span style=\"font-family:Times New Roman;font-size:12pt;\">\u00a0; 2 pages et demie et 4 pages in-4. \u2014 Il remercie du dipl\u00f4me envoy\u00e9 par <\/span><span style=\"font-family:Times New Roman;font-size:12pt;font-weight: bold;\">l\u2019Acad\u00e9mie \u00e9bro\u00efcienne<\/span><span style=\"font-family:Times New Roman;font-size:12pt;\">, \u00ab\u00a0soci\u00e9t\u00e9 d\u2019hommes spirituels, &amp; distingu\u00e9s par le talent &amp; par la science\u00a0\u00bb, pour le bulletin de laquelle il propose une \u00ab\u00a0Chronique Normande in\u00e9dite\u00a0\u00bb. Il accepte d\u2019\u00eatre inscrit comme directeur de la correspondance car \u00ab\u00a0<\/span><span style=\"font-family:Times New Roman;font-size:12pt;font-weight: bold;\">la r\u00e9volution de Juillet m\u2019a fait assez de loisir <\/span><span style=\"font-family:Times New Roman;font-size:12pt;\">pour que je puisse donner \u00e0 l\u2019\u00e9tude, aux r\u00eaveries, &amp; aux choses de la science [...] toutes les parties de ma journ\u00e9e qui s\u2019\u00e9coulent ici dans <\/span><span style=\"font-family:Times New Roman;font-size:12pt;font-weight: bold;\">une solitude de famille tr\u00e8s favorable au travail et \u00e0 la m\u00e9ditation\u00a0<\/span><span style=\"font-family:Times New Roman;font-size:12pt;\">\u00bb... \u2014 <\/span><span style=\"font-family:Times New Roman;font-size:12pt;font-weight: bold;font-style: italic;\">La Mauve et la petite fille<\/span><span style=\"font-family:Times New Roman;font-size:12pt;\">, <\/span><span style=\"font-family:Times New Roman;font-size:12pt;font-style: italic;\">Harmonie marine<\/span><span style=\"font-family:Times New Roman;font-size:12pt;\">, est une ballade de 88 vers dat\u00e9e de Carteret et sign\u00e9e \u00ab\u00a0L\u00e9on d\u2019Aurevilly r\u00e9dacteur fondateur du Momus Normand\u00a0\u00bb\u00a0: <\/span><\/p><p style=\"text-align:justify;margin-left:0pt;margin-right:0pt;margin-top:0pt;margin-bottom:0pt;\"><span style=\"font-family:Times New Roman;font-size:11pt;\"> \u00ab\u00a0Vous n\u2019avez pas de larmes dans le c\u0153ur\u00a0<\/span><\/p><p style=\"text-align:justify;margin-left:0pt;margin-right:0pt;margin-top:0pt;margin-bottom:0pt;\"><span style=\"font-family:Times New Roman;font-size:11pt;\">Si, pr\u00e8s de l\u2019eau qui bouillonne &amp; scintille\u00a0\u00bb....<\/span><\/p><\/div>\n<div class='upcp-prod-desc-custom-fields upcp-custom-field-list'><\/div><a class='upcp-catalogue-link'  href='\/index.php?rest_route=%2Fwp%2Fv2%2Fpages%2F2928&SingleProduct=4008' onclick='RecordView(4008);'><div id='prod-cat-details-link-4008' class='prod-cat-details-link upcp-list-details-link'><span class='upcp-details-text'>d\u00e9tails<\/span><span class='upcp-details-icon'>s<\/span><\/div>\n<\/a><\/div><\/div>\n<div id='prod-cat-list-item-4009' class='prod-cat-item upcp-list-item ' data-itemid='4009'>\n<div id='prod-cat-title-4009' class='prod-cat-title upcp-list-title upcp-list-action-Expand' onclick='ToggleItem(4009);'>015 Auguste BARBIER (1805-1882) po\u00e8te<\/div>\n<div id='prod-cat-price-4009' class='prod-cat-price upcp-list-price' data-item_price='100\u00a0 \u20ac' onclick='ToggleItem(4009);'><span class='full-price' itemprop='offers' itemscope itemtype='http:\/\/schema.org\/Offer'><span itemprop='price' content='100\u00a0'>100\u00a0<\/span><span itemprop='priceCurrency' content=''> \u20ac<\/span><\/span><\/div>\n<div id='prod-cat-details-4009' class='prod-cat-details upcp-list-details hidden-field'>\n<div id='prod-cat-thumb-div-4009' class='prod-cat-thumb-image-div upcp-list-image-div'><a class='upcp-catalogue-link'  href='\/index.php?rest_route=%2Fwp%2Fv2%2Fpages%2F2928&SingleProduct=4009' onclick='RecordView(4009);'><img src='http:\/\/www.lesautographes.com\/wp-content\/uploads\/2022\/09\/15-198x300.jpg' alt='015 Auguste BARBIER (1805-1882) po\u00e8te Image' id='prod-cat-thumb-4009' class='prod-cat-thumb-image upcp-thumb-image'><\/a><\/div>\n<div id='prod-cat-desc-4009' class='prod-cat-desc upcp-list-desc'><p style=\"text-align:justify;margin-left:0pt;margin-right:0pt;margin-top:0pt;margin-bottom:0pt;\"><span style=\"font-family:Times New Roman;font-size:12pt;font-weight: bold;\">L.A.S.<\/span><span style=\"font-family:Times New Roman;font-size:12pt;\">, 21 juin 1854, [\u00e0 Philippe BUSONI]\u00a0; 1\u00a0page in-8. Il remercie des deux volumes de sa belle traduction, qui l\u2019ont surpris \u00e0 son retour de la campagne\u00a0: \u00ab\u00a0je ne puis mieux r\u00e9pondre qu\u2019en vous relisant avec plus d\u2019attention et en vous priant d\u2019accepter deux volumes de ma fa\u00e7on. Les vers sont un peu vieux, ils ne sont pas de Dante, cependant je ne les crois pas indignes de votre int\u00e9r\u00eat\u00a0\u00bb...<\/span><\/p><\/div>\n<div class='upcp-prod-desc-custom-fields upcp-custom-field-list'><\/div><a class='upcp-catalogue-link'  href='\/index.php?rest_route=%2Fwp%2Fv2%2Fpages%2F2928&SingleProduct=4009' onclick='RecordView(4009);'><div id='prod-cat-details-link-4009' class='prod-cat-details-link upcp-list-details-link'><span class='upcp-details-text'>d\u00e9tails<\/span><span class='upcp-details-icon'>s<\/span><\/div>\n<\/a><\/div><\/div>\n<div id='prod-cat-list-item-4010' class='prod-cat-item upcp-list-item ' data-itemid='4010'>\n<div id='prod-cat-title-4010' class='prod-cat-title upcp-list-title upcp-list-action-Expand' onclick='ToggleItem(4010);'>016 Maurice BARR\u00c8S (1862-1923) \u00e9crivain<\/div>\n<div id='prod-cat-price-4010' class='prod-cat-price upcp-list-price' data-item_price='250\u00a0 \u20ac' onclick='ToggleItem(4010);'><span class='full-price' itemprop='offers' itemscope itemtype='http:\/\/schema.org\/Offer'><span itemprop='price' content='250\u00a0'>250\u00a0<\/span><span itemprop='priceCurrency' content=''> \u20ac<\/span><\/span><\/div>\n<div id='prod-cat-details-4010' class='prod-cat-details upcp-list-details hidden-field'>\n<div id='prod-cat-thumb-div-4010' class='prod-cat-thumb-image-div upcp-list-image-div'><a class='upcp-catalogue-link'  href='\/index.php?rest_route=%2Fwp%2Fv2%2Fpages%2F2928&SingleProduct=4010' onclick='RecordView(4010);'><img src='http:\/\/www.lesautographes.com\/wp-content\/uploads\/2022\/09\/16-195x300.jpg' alt='016 Maurice BARR\u00c8S (1862-1923) \u00e9crivain Image' id='prod-cat-thumb-4010' class='prod-cat-thumb-image upcp-thumb-image'><\/a><\/div>\n<div id='prod-cat-desc-4010' class='prod-cat-desc upcp-list-desc'><p style=\"text-align:justify;margin-left:0pt;margin-right:0pt;margin-top:0pt;margin-bottom:0pt;\"><span style=\"font-family:Times New Roman;font-size:12pt;font-weight: bold;\">L.A.S.<\/span><span style=\"font-family:Times New Roman;font-size:12pt;\">, 27 novembre [vers 1890], <\/span><span style=\"font-family:Times New Roman;font-size:12pt;font-weight: bold;\">\u00e0 Edmond <\/span><span style=\"font-family:Times New Roman;font-size:12pt;font-weight: bold;text-transform: uppercase;\">Deschaumes<\/span><span style=\"font-family:Times New Roman;font-size:12pt;text-transform: uppercase;\">\u00a0<\/span><span style=\"font-family:Times New Roman;font-size:12pt;\">; 2 pages in-8.<\/span><span style=\"font-family:Times New Roman;font-size:12pt;\"> Il le remercie de son int\u00e9r\u00eat pour son dernier ouvrage\u00a0: \u00ab\u00a0Assur\u00e9ment j\u2019aurais aim\u00e9 que votre opinion ainsi motiv\u00e9e fut mise sous les yeux du public, car il est improbable que je re\u00e7oive de plus s\u00fbre marque de ce qui est la grande satisfaction\u00a0: faire penser [...] Il est assez \u00e9vident \u2013 sans y mettre une vanit\u00e9 qui, selon moi, n\u2019a pas de sens \u2013 que <\/span><span style=\"font-family:Times New Roman;font-size:12pt;font-weight: bold;\">j\u2019\u00e9cris pour des intelligences particuli\u00e8res plut\u00f4t que pour la masse<\/span><span style=\"font-family:Times New Roman;font-size:12pt;\">. Je suis encore trop pr\u00e8s de l\u2019instant o\u00f9 j\u2019ai senti tout ce qui est dans ce livre pour accepter les objections. D\u00e9tach\u00e9 de moi depuis quelques semaines seulement, ce bouquin-l\u00e0 a encore le m\u00eame rythme que moi-m\u00eame. Et pourtant j\u2019entrevois d\u00e9j\u00e0 que dans quelque d\u00e9lai je serai de votre opinion. Je perdrai le <\/span><span style=\"font-family:Times New Roman;font-size:12pt;font-style: italic;\">parti pris si n\u00e9cessaire<\/span><span style=\"font-family:Times New Roman;font-size:12pt;\"> \u00e0 l\u2019entra\u00eenement de la production\u00a0\u00bb\u2026<\/span><\/p><\/div>\n<div class='upcp-prod-desc-custom-fields upcp-custom-field-list'><\/div><a class='upcp-catalogue-link'  href='\/index.php?rest_route=%2Fwp%2Fv2%2Fpages%2F2928&SingleProduct=4010' onclick='RecordView(4010);'><div id='prod-cat-details-link-4010' class='prod-cat-details-link upcp-list-details-link'><span class='upcp-details-text'>d\u00e9tails<\/span><span class='upcp-details-icon'>s<\/span><\/div>\n<\/a><\/div><\/div>\n<div id='prod-cat-list-item-4011' class='prod-cat-item upcp-list-item ' data-itemid='4011'>\n<div id='prod-cat-title-4011' class='prod-cat-title upcp-list-title upcp-list-action-Expand' onclick='ToggleItem(4011);'>017 Antoine Louis BARYE (1795-1875) sculpteur animalier<\/div>\n<div id='prod-cat-price-4011' class='prod-cat-price upcp-list-price' data-item_price='170\u00a0 \u20ac' onclick='ToggleItem(4011);'><span class='full-price' itemprop='offers' itemscope itemtype='http:\/\/schema.org\/Offer'><span itemprop='price' content='170\u00a0'>170\u00a0<\/span><span itemprop='priceCurrency' content=''> \u20ac<\/span><\/span><\/div>\n<div id='prod-cat-details-4011' class='prod-cat-details upcp-list-details hidden-field'>\n<div id='prod-cat-thumb-div-4011' class='prod-cat-thumb-image-div upcp-list-image-div'><a class='upcp-catalogue-link'  href='\/index.php?rest_route=%2Fwp%2Fv2%2Fpages%2F2928&SingleProduct=4011' onclick='RecordView(4011);'><img src='http:\/\/www.lesautographes.com\/wp-content\/uploads\/2022\/09\/17-192x300.jpg' alt='017 Antoine Louis BARYE (1795-1875) sculpteur animalier Image' id='prod-cat-thumb-4011' class='prod-cat-thumb-image upcp-thumb-image'><\/a><\/div>\n<div id='prod-cat-desc-4011' class='prod-cat-desc upcp-list-desc'><p style=\"text-align:justify;margin-left:0pt;margin-right:0pt;margin-top:0pt;margin-bottom:0pt;\"><span style=\"font-family:Times New Roman;font-size:12pt;font-weight: bold;\">L.A.S.<\/span><span style=\"font-family:Times New Roman;font-size:12pt;\">, 13 novembre <\/span><span style=\"font-family:Times New Roman;font-size:12pt;font-weight: bold;\">1873<\/span><span style=\"font-family:Times New Roman;font-size:12pt;\">, <\/span><span style=\"font-family:Times New Roman;font-size:12pt;font-weight: bold;\">\u00e0 M. <\/span><span style=\"font-family:Times New Roman;font-size:12pt;font-weight: bold;text-transform: uppercase;\">Pingard<\/span><span style=\"font-family:Times New Roman;font-size:12pt;\">, secr\u00e9taire de l\u2019Institut\u00a0; 1 page in-8. Il le prie de retirer au secr\u00e9tariat les billets qui lui sont r\u00e9serv\u00e9s pour la S\u00e9ance annuelle de l\u2019Institut.<\/span><\/p><\/div>\n<div class='upcp-prod-desc-custom-fields upcp-custom-field-list'><\/div><a class='upcp-catalogue-link'  href='\/index.php?rest_route=%2Fwp%2Fv2%2Fpages%2F2928&SingleProduct=4011' onclick='RecordView(4011);'><div id='prod-cat-details-link-4011' class='prod-cat-details-link upcp-list-details-link'><span class='upcp-details-text'>d\u00e9tails<\/span><span class='upcp-details-icon'>s<\/span><\/div>\n<\/a><\/div><\/div>\n<div id='prod-cat-list-item-4013' class='prod-cat-item upcp-list-item ' data-itemid='4013'>\n<div id='prod-cat-title-4013' class='prod-cat-title upcp-list-title upcp-list-action-Expand' onclick='ToggleItem(4013);'>019 Henry BECQUE (1837-1899) auteur dramatique<\/div>\n<div id='prod-cat-price-4013' class='prod-cat-price upcp-list-price' data-item_price='400\u00a0 \u20ac' onclick='ToggleItem(4013);'><span class='full-price' itemprop='offers' itemscope itemtype='http:\/\/schema.org\/Offer'><span itemprop='price' content='400\u00a0'>400\u00a0<\/span><span itemprop='priceCurrency' content=''> \u20ac<\/span><\/span><\/div>\n<div id='prod-cat-details-4013' class='prod-cat-details upcp-list-details hidden-field'>\n<div id='prod-cat-thumb-div-4013' class='prod-cat-thumb-image-div upcp-list-image-div'><a class='upcp-catalogue-link'  href='\/index.php?rest_route=%2Fwp%2Fv2%2Fpages%2F2928&SingleProduct=4013' onclick='RecordView(4013);'><img src='http:\/\/www.lesautographes.com\/wp-content\/uploads\/2022\/09\/19-300x212.jpg' alt='019 Henry BECQUE (1837-1899) auteur dramatique Image' id='prod-cat-thumb-4013' class='prod-cat-thumb-image upcp-thumb-image'><\/a><\/div>\n<div id='prod-cat-desc-4013' class='prod-cat-desc upcp-list-desc'><p style=\"text-align:justify;margin-left:0pt;margin-right:0pt;margin-top:0pt;margin-bottom:0pt;\"><span style=\"font-family:Times New Roman;font-size:12pt;font-weight: bold;\">4 L.A.S.<\/span><span style=\"font-family:Times New Roman;font-size:12pt;\">, [1867 et 1898], <\/span><span style=\"font-family:Times New Roman;font-size:12pt;font-weight: bold;\">au compositeur Victorin de <\/span><span style=\"font-family:Times New Roman;font-size:12pt;font-weight: bold;text-transform: uppercase;\">Jonci\u00e8res<\/span><span style=\"font-family:Times New Roman;font-size:12pt;\">\u00a0; 10\u00a0pages in-8. De Dieppe, il attend une r\u00e9ponse \u00e0 sa derni\u00e8re lettre \u00ab\u00a0avec un l\u00e9ger <\/span><span style=\"font-family:Times New Roman;font-size:12pt;font-style: italic;\">impatientement<\/span><span style=\"font-family:Times New Roman;font-size:12pt;\">\u00a0\u00bb \u00e0 propos des rapports avec une certaine famille B. Il envoie deux actes de la com\u00e9die \u00e0 laquelle il travaille et dont il est plut\u00f4t satisfait\u00a0: \u00ab\u00a0le 1<\/span><span style=\"font-family:Times New Roman;font-size:9pt;vertical-align: super;\">er<\/span><span style=\"font-family:Times New Roman;font-size:12pt;\"> acte, exposition, me para\u00eet bon, le 4<\/span><span style=\"font-family:Times New Roman;font-size:9pt;vertical-align: super;\">e<\/span><span style=\"font-family:Times New Roman;font-size:12pt;\"> acte, oh le 4<\/span><span style=\"font-family:Times New Roman;font-size:9pt;vertical-align: super;\">e<\/span><span style=\"font-family:Times New Roman;font-size:12pt;\"> &nbsp;acte c\u2019est tr\u00e8s fort, le 3<\/span><span style=\"font-family:Times New Roman;font-size:9pt;vertical-align: super;\">e<\/span><span style=\"font-family:Times New Roman;font-size:12pt;\"> avance\u00a0\u00bb. Il est question de leur op\u00e9ra <\/span><span style=\"font-family:Times New Roman;font-size:12pt;font-style: italic;\">Sardanapale<\/span><span style=\"font-family:Times New Roman;font-size:12pt;\"> qu\u2019il faut placer, de l\u2019Exposition universelle \u00e0 Paris o\u00f9 il voudrait bien se rendre, du spectacle laid et bouffon d\u2019une procession de la F\u00eate-Dieu \u00e0 Dieppe, des articles que Jonci\u00e8res pourrait proposer au journal <\/span><span style=\"font-family:Times New Roman;font-size:12pt;font-style: italic;\">La Volont\u00e9<\/span><span style=\"font-family:Times New Roman;font-size:12pt;\">, etc.<\/span><\/p><\/div>\n<div class='upcp-prod-desc-custom-fields upcp-custom-field-list'><\/div><a class='upcp-catalogue-link'  href='\/index.php?rest_route=%2Fwp%2Fv2%2Fpages%2F2928&SingleProduct=4013' onclick='RecordView(4013);'><div id='prod-cat-details-link-4013' class='prod-cat-details-link upcp-list-details-link'><span class='upcp-details-text'>d\u00e9tails<\/span><span class='upcp-details-icon'>s<\/span><\/div>\n<\/a><\/div><\/div>\n<div id='prod-cat-list-item-4015' class='prod-cat-item upcp-list-item ' data-itemid='4015'>\n<div id='prod-cat-title-4015' class='prod-cat-title upcp-list-title upcp-list-action-Expand' onclick='ToggleItem(4015);'>021 Ren\u00e9 BENJAMIN (1885-1948) \u00e9crivain<\/div>\n<div id='prod-cat-price-4015' class='prod-cat-price upcp-list-price' data-item_price='100\u00a0 \u20ac' onclick='ToggleItem(4015);'><span class='full-price' itemprop='offers' itemscope itemtype='http:\/\/schema.org\/Offer'><span itemprop='price' content='100\u00a0'>100\u00a0<\/span><span itemprop='priceCurrency' content=''> \u20ac<\/span><\/span><\/div>\n<div id='prod-cat-details-4015' class='prod-cat-details upcp-list-details hidden-field'>\n<div id='prod-cat-thumb-div-4015' class='prod-cat-thumb-image-div upcp-list-image-div'><a class='upcp-catalogue-link'  href='\/index.php?rest_route=%2Fwp%2Fv2%2Fpages%2F2928&SingleProduct=4015' onclick='RecordView(4015);'><img src='http:\/\/www.lesautographes.com\/wp-content\/uploads\/2022\/09\/21-227x300.jpg' alt='021 Ren\u00e9 BENJAMIN (1885-1948) \u00e9crivain Image' id='prod-cat-thumb-4015' class='prod-cat-thumb-image upcp-thumb-image'><\/a><\/div>\n<div id='prod-cat-desc-4015' class='prod-cat-desc upcp-list-desc'><p style=\"text-align:justify;margin-left:0pt;margin-right:0pt;margin-top:0pt;margin-bottom:0pt;\"><span style=\"font-family:Times New Roman;font-size:12pt;font-weight: bold;text-transform: uppercase;\">Manuscrit<\/span><span style=\"font-family:Times New Roman;font-size:12pt;font-weight: bold;\"> autographe sign\u00e9<\/span><span style=\"font-family:Times New Roman;font-size:12pt;\">, <\/span><span style=\"font-family:Times New Roman;font-size:12pt;font-weight: bold;font-style: italic;\">Sacr\u00e9s Humoristes\u00a0!\u00a0<\/span><span style=\"font-family:Times New Roman;font-size:12pt;\">; 3 pages et demie petit in-4. Sayn\u00e8te entre Monsieur, Madame et leur fille Alice, 18 ans. Au retour d\u2019une visite au <\/span><span style=\"font-family:Times New Roman;font-size:12pt;font-weight: bold;\">Salon des Humoristes<\/span><span style=\"font-family:Times New Roman;font-size:12pt;\">, Madame indique \u00e0 Monsieur son m\u00e9contentement d\u2019avoir men\u00e9 leur fille, \u00ab\u00a0une vraie jeune fille, voir des gaudrioles, des petites ordures\u00a0!\u00a0\u00bb\u2026 Monsieur se d\u00e9fend\u00a0: ils ont vu des choses dr\u00f4les\u2026 Mais Alice d\u00e9montre, avec beaucoup de naturel, qu\u2019elle a appr\u00e9ci\u00e9 la grivoiserie, et Monsieur, \u00e0 son tour, bl\u00e2me son \u00e9pouse de ne s\u2019\u00eatre pas enquise d\u2019avance de ce que c\u2019\u00e9tait que ce salon, afin de prot\u00e9ger leur fille\u00a0: \u00ab\u00a0un jour ou l\u2019autre il t\u2019en cuira\u00a0\u00bb\u2026 <\/span><\/p><\/div>\n<div class='upcp-prod-desc-custom-fields upcp-custom-field-list'><\/div><a class='upcp-catalogue-link'  href='\/index.php?rest_route=%2Fwp%2Fv2%2Fpages%2F2928&SingleProduct=4015' onclick='RecordView(4015);'><div id='prod-cat-details-link-4015' class='prod-cat-details-link upcp-list-details-link'><span class='upcp-details-text'>d\u00e9tails<\/span><span class='upcp-details-icon'>s<\/span><\/div>\n<\/a><\/div><\/div>\n<div id='prod-cat-list-item-4016' class='prod-cat-item upcp-list-item ' data-itemid='4016'>\n<div id='prod-cat-title-4016' class='prod-cat-title upcp-list-title upcp-list-action-Expand' onclick='ToggleItem(4016);'>022 Pierre-Jean de B\u00c9RANGER (1780-1857) po\u00e8te et chansonnier<\/div>\n<div id='prod-cat-price-4016' class='prod-cat-price upcp-list-price' data-item_price='300\u00a0 \u20ac' onclick='ToggleItem(4016);'><span class='full-price' itemprop='offers' itemscope itemtype='http:\/\/schema.org\/Offer'><span itemprop='price' content='300\u00a0'>300\u00a0<\/span><span itemprop='priceCurrency' content=''> \u20ac<\/span><\/span><\/div>\n<div id='prod-cat-details-4016' class='prod-cat-details upcp-list-details hidden-field'>\n<div id='prod-cat-thumb-div-4016' class='prod-cat-thumb-image-div upcp-list-image-div'><a class='upcp-catalogue-link'  href='\/index.php?rest_route=%2Fwp%2Fv2%2Fpages%2F2928&SingleProduct=4016' onclick='RecordView(4016);'><img src='http:\/\/www.lesautographes.com\/wp-content\/uploads\/2022\/09\/22-235x300.jpg' alt='022 Pierre-Jean de B\u00c9RANGER (1780-1857) po\u00e8te et chansonnier Image' id='prod-cat-thumb-4016' class='prod-cat-thumb-image upcp-thumb-image'><\/a><\/div>\n<div id='prod-cat-desc-4016' class='prod-cat-desc upcp-list-desc'><p style=\"text-align:justify;margin-left:0pt;margin-right:0pt;margin-top:0pt;margin-bottom:0pt;\"><span style=\"font-family:Times New Roman;font-size:12pt;font-weight: bold;\">L.A.S.<\/span><span style=\"font-family:Times New Roman;font-size:12pt;\">, [<\/span><span style=\"font-family:Times New Roman;font-size:12pt;font-weight: bold;\">\u00e0 son ami <\/span><span style=\"font-family:Times New Roman;font-size:12pt;font-weight: bold;text-transform: uppercase;\">Guernu<\/span><span style=\"font-family:Times New Roman;font-size:12pt;\">]\u00a0; 4 pages in-4. <\/span><span style=\"font-family:Times New Roman;font-size:12pt;font-weight: bold;\">Longue et int\u00e9ressante analyse et critique d\u2019une com\u00e9die satirique et politique sous la Restauration<\/span><span style=\"font-family:Times New Roman;font-size:12pt;\">. Il lui conseille de mieux r\u00e9partir l\u2019action sur les trois actes, et d\u2019indiquer d\u00e8s le d\u00e9but \u00ab\u00a0le but vers lequel tu fais marcher ton caract\u00e8re. Cela me para\u00eet d\u2019autant plus convenable que les deux premiers actes me paraissent vides d\u2019action\u00a0\u00bb... Il reproche certaines plaisanteries, qui ne sont pas du meilleur go\u00fbt, m\u00eame si son style lui para\u00eet fort appropri\u00e9 \u00e0 la com\u00e9die\u00a0: \u00ab\u00a0Il y a des passages qui, revus un peu, para\u00eetront excellents\u00a0\u00bb, \u00e0 condition de renoncer aux \u00ab\u00a0plaisanteries de mots\u00a0\u00bb\u2026 Il encourage l\u2019esprit satirique et politique du sujet\u00a0: \u00ab\u00a0L\u2019ind\u00e9pendance n\u2019est appel\u00e9e manie, que pour les usages priv\u00e9s. Elle est presque inconnue chez nous dans l\u2019application \u00e0 la politique, et c\u2019est une esp\u00e8ce de malheur. Le titre d\u2019ind\u00e9pendant donn\u00e9 \u00e0 certains hommes est un mot sans signification. <\/span><span style=\"font-family:Times New Roman;font-size:12pt;font-weight: bold;\">Ta pi\u00e8ce donnera lieu \u00e0 de fr\u00e9quentes applications contre les lib\u00e9raux<\/span><span style=\"font-family:Times New Roman;font-size:12pt;\">\u00a0: elle pourra te conduire \u00e0 des r\u00e9compenses minist\u00e9rielles, et tu ne peux \u00e9viter cet inconv\u00e9nient. <\/span><span style=\"font-family:Times New Roman;font-size:12pt;font-weight: bold;\">Dans un pays aussi monarchique que le n\u00f4tre, dans un pays o\u00f9 l\u2019on aura tant de peine \u00e0 cr\u00e9er une opposition forte, vigoureuse, quoique toujours mesur\u00e9e, il est au moins imprudent de tourner en ridicule l\u2019ind\u00e9pendance de caract\u00e8re<\/span><span style=\"font-family:Times New Roman;font-size:12pt;\"> [\u2026] Apr\u00e8s 50 ou 60 ans de gouvernement repr\u00e9sentatif, il n\u2019y aurait pas de mal \u00e0 donner des pi\u00e8ces de ce genre\u00a0; aujourd\u2019hui j\u2019en vois beaucoup\u00a0\u00bb\u2026 Etc.<\/span><\/p><\/div>\n<div class='upcp-prod-desc-custom-fields upcp-custom-field-list'><\/div><a class='upcp-catalogue-link'  href='\/index.php?rest_route=%2Fwp%2Fv2%2Fpages%2F2928&SingleProduct=4016' onclick='RecordView(4016);'><div id='prod-cat-details-link-4016' class='prod-cat-details-link upcp-list-details-link'><span class='upcp-details-text'>d\u00e9tails<\/span><span class='upcp-details-icon'>s<\/span><\/div>\n<\/a><\/div><\/div>\n<div id='prod-cat-list-item-4018' class='prod-cat-item upcp-list-item ' data-itemid='4018'>\n<div id='prod-cat-title-4018' class='prod-cat-title upcp-list-title upcp-list-action-Expand' onclick='ToggleItem(4018);'>024 Georges BERNANOS (1888-1948) \u00e9crivain<\/div>\n<div id='prod-cat-price-4018' class='prod-cat-price upcp-list-price' data-item_price='250\u00a0 \u20ac' onclick='ToggleItem(4018);'><span class='full-price' itemprop='offers' itemscope itemtype='http:\/\/schema.org\/Offer'><span itemprop='price' content='250\u00a0'>250\u00a0<\/span><span itemprop='priceCurrency' content=''> \u20ac<\/span><\/span><\/div>\n<div id='prod-cat-details-4018' class='prod-cat-details upcp-list-details hidden-field'>\n<div id='prod-cat-thumb-div-4018' class='prod-cat-thumb-image-div upcp-list-image-div'><a class='upcp-catalogue-link'  href='\/index.php?rest_route=%2Fwp%2Fv2%2Fpages%2F2928&SingleProduct=4018' onclick='RecordView(4018);'><img src='http:\/\/www.lesautographes.com\/wp-content\/uploads\/2022\/09\/24-232x300.jpg' alt='024 Georges BERNANOS (1888-1948) \u00e9crivain Image' id='prod-cat-thumb-4018' class='prod-cat-thumb-image upcp-thumb-image'><\/a><\/div>\n<div id='prod-cat-desc-4018' class='prod-cat-desc upcp-list-desc'><p style=\"text-align:justify;margin-left:0pt;margin-right:0pt;margin-top:0pt;margin-bottom:0pt;\"><span style=\"font-family:Times New Roman;font-size:12pt;font-weight: bold;text-transform: uppercase;\">Manuscrit<\/span><span style=\"font-family:Times New Roman;font-size:12pt;font-weight: bold;\"> autographe<\/span><span style=\"font-family:Times New Roman;font-size:12pt;\">\u00a0; 1 page et demie in-4 sur feuillet de papier quadrill\u00e9. Brouillon tr\u00e8s ratur\u00e9 et corrig\u00e9 d\u2019un feuillet d\u2019une conf\u00e9rence ou d\u2019un article pendant ou juste apr\u00e8s la guerre (1939-1945)\u00a0: \u00ab\u00a0C\u2019est bien joli par exemple de pr\u00e9tendre que la France ne reconna\u00eet d\u2019autre loi que celle de son propre int\u00e9r\u00eat, mais dans un monde livr\u00e9 \u00e0 un d\u00e9terminisme impitoyable qui s\u2019appelle la concurrence totale, la France, pr\u00e9cis\u00e9ment, ne sera pas grand-chose, en attendant qu\u2019elle ne soit plus rien\u00a0\u00bb\u2026 Etc.<\/span><\/p><\/div>\n<div class='upcp-prod-desc-custom-fields upcp-custom-field-list'><\/div><a class='upcp-catalogue-link'  href='\/index.php?rest_route=%2Fwp%2Fv2%2Fpages%2F2928&SingleProduct=4018' onclick='RecordView(4018);'><div id='prod-cat-details-link-4018' class='prod-cat-details-link upcp-list-details-link'><span class='upcp-details-text'>d\u00e9tails<\/span><span class='upcp-details-icon'>s<\/span><\/div>\n<\/a><\/div><\/div>\n<div id='prod-cat-list-item-4019' class='prod-cat-item upcp-list-item ' data-itemid='4019'>\n<div id='prod-cat-title-4019' class='prod-cat-title upcp-list-title upcp-list-action-Expand' onclick='ToggleItem(4019);'>025 Simon BERNARD (1779-1839) g\u00e9n\u00e9ral et ing\u00e9nieur, il r\u00e9alisa de grands travaux aux \u00c9tats-Unis, et fut ministre de la Guerre<\/div>\n<div id='prod-cat-price-4019' class='prod-cat-price upcp-list-price' data-item_price='250\u00a0 \u20ac' onclick='ToggleItem(4019);'><span class='full-price' itemprop='offers' itemscope itemtype='http:\/\/schema.org\/Offer'><span itemprop='price' content='250\u00a0'>250\u00a0<\/span><span itemprop='priceCurrency' content=''> \u20ac<\/span><\/span><\/div>\n<div id='prod-cat-details-4019' class='prod-cat-details upcp-list-details hidden-field'>\n<div id='prod-cat-thumb-div-4019' class='prod-cat-thumb-image-div upcp-list-image-div'><a class='upcp-catalogue-link'  href='\/index.php?rest_route=%2Fwp%2Fv2%2Fpages%2F2928&SingleProduct=4019' onclick='RecordView(4019);'><img src='http:\/\/www.lesautographes.com\/wp-content\/uploads\/2022\/09\/25-246x300.jpg' alt='025 Simon BERNARD (1779-1839) g\u00e9n\u00e9ral et ing\u00e9nieur, il r\u00e9alisa de grands travaux aux \u00c9tats-Unis, et fut ministre de la Guerre Image' id='prod-cat-thumb-4019' class='prod-cat-thumb-image upcp-thumb-image'><\/a><\/div>\n<div id='prod-cat-desc-4019' class='prod-cat-desc upcp-list-desc'><p style=\"text-align:justify;margin-left:0pt;margin-right:0pt;margin-top:0pt;margin-bottom:0pt;\"><span style=\"font-family:Times New Roman;font-size:12pt;font-weight: bold;\">L.A.S.<\/span><span style=\"font-family:Times New Roman;font-size:12pt;\">, Neuilly 12 juillet <\/span><span style=\"font-family:Times New Roman;font-size:12pt;font-weight: bold;\">1833<\/span><span style=\"font-family:Times New Roman;font-size:12pt;\">, <\/span><span style=\"font-family:Times New Roman;font-size:12pt;font-weight: bold;\">au g\u00e9n\u00e9ral <\/span><span style=\"font-family:Times New Roman;font-size:12pt;font-weight: bold;text-transform: uppercase;\">Bertrand<\/span><span style=\"font-family:Times New Roman;font-size:12pt;\">\u00a0; 3 pages in-4 \u00e0 en-t\u00eate biff\u00e9 <\/span><span style=\"font-family:Times New Roman;font-size:12pt;font-style: italic;\">Aide de Camp de service pr\u00e8s du Roi<\/span><span style=\"font-family:Times New Roman;font-size:12pt;\"> (petite fente r\u00e9par\u00e9e). <\/span><span style=\"font-family:Times New Roman;font-size:12pt;font-weight: bold;\">I<\/span><span style=\"font-family:Times New Roman;font-size:12pt;font-weight: bold;text-transform: uppercase;\">nt\u00e9ressante lettre sur la fortification et la d\u00e9fense de Paris<\/span><span style=\"font-family:Times New Roman;font-size:12pt;\">. Il a lu avec un vif int\u00e9r\u00eat son discours sur les fortifications de Paris, question trait\u00e9e \u00ab\u00a0non seulement avec la haute exp\u00e9rience que vous avez acquise, mais encore avec cette noble et consciencieuse conviction qui distingue votre beau caract\u00e8re devenu, depuis longtemps, europ\u00e9en\u00a0\u00bb\u2026 Il lui fait part de ses convictions personnelles\u00a0: \u00e0 son avis, Napol\u00e9on n\u2019a jamais explicitement donn\u00e9 \u00ab\u00a0un mode positif pour fortifier Paris d\u2019une mani\u00e8re permanente\u00a0\u00bb, ce qu\u2019il a toujours regrett\u00e9\u00a0: \u00ab\u00a0La pens\u00e9e de <\/span><span style=\"font-family:Times New Roman;font-size:12pt;font-weight: bold;text-transform: uppercase;\">Vauban<\/span><span style=\"font-family:Times New Roman;font-size:12pt;font-weight: bold;\">, notre grand ma\u00eetre<\/span><span style=\"font-family:Times New Roman;font-size:12pt;\">, est plus positive\u00a0; deux enceintes concentriques et deux citadelles l\u2019une en amont, l\u2019autre en aval, celles-ci destin\u00e9es \u00e0 conserver la position apr\u00e8s la prise des enceintes, et \u00e0 recevoir tout le mat\u00e9riel d\u2019une aussi grande d\u00e9fense. C\u2019est une id\u00e9e g\u00e9n\u00e9rale \u00e0 laquelle je me suis attach\u00e9\u00a0; [\u2026] je crois qu\u2019une ceinture de forts occupant les postions autour de Paris, le mur d\u2019octroi convenablement organis\u00e9 et prot\u00e9g\u00e9 en avant par les faubourgs barricad\u00e9s forment deux lignes concentriques de d\u00e9fense [\u2026] analogues \u00e0 celles de Vauban. Je crois ce syst\u00e8me moins co\u00fbteux que celui d\u2019une seule enceinte bastionn\u00e9e\u00a0\u00bb\u2026 La situation politique de l\u2019Europe ne permettant pas de s\u2019abandonner \u00e0 l\u2019id\u00e9e flatteuse d\u2019une longue paix, il pense que Paris devrait \u00eatre fortifi\u00e9e, et au plus vite\u2026 De plus, il est persuad\u00e9 que Paris ne peut \u00eatre d\u00e9fendu par une simple garnison\u00a0: \u00ab\u00a0dans le cas d\u2019une invasion, l\u2019arm\u00e9e d\u00e9fensive ne peut man\u0153uvrer que dans le sens d\u2019une concentration sur Paris\u00a0: point d\u2019une importance immense\u00a0\u00bb\u2026.<\/span><\/p><\/div>\n<div class='upcp-prod-desc-custom-fields upcp-custom-field-list'><\/div><a class='upcp-catalogue-link'  href='\/index.php?rest_route=%2Fwp%2Fv2%2Fpages%2F2928&SingleProduct=4019' onclick='RecordView(4019);'><div id='prod-cat-details-link-4019' class='prod-cat-details-link upcp-list-details-link'><span class='upcp-details-text'>d\u00e9tails<\/span><span class='upcp-details-icon'>s<\/span><\/div>\n<\/a><\/div><\/div>\n<div id='prod-cat-list-item-4021' class='prod-cat-item upcp-list-item ' data-itemid='4021'>\n<div id='prod-cat-title-4021' class='prod-cat-title upcp-list-title upcp-list-action-Expand' onclick='ToggleItem(4021);'>027 Pierre de Riel, marquis de BEURNONVILLE (1752-1821) g\u00e9n\u00e9ral, ministre de la Guerre en 1793, il fut livr\u00e9 comme otage par Dumouriez aux Autrichiens\u00a0; mar\u00e9chal de France<\/div>\n<div id='prod-cat-price-4021' class='prod-cat-price upcp-list-price' data-item_price='150\u00a0 \u20ac' onclick='ToggleItem(4021);'><span class='full-price' itemprop='offers' itemscope itemtype='http:\/\/schema.org\/Offer'><span itemprop='price' content='150\u00a0'>150\u00a0<\/span><span itemprop='priceCurrency' content=''> \u20ac<\/span><\/span><\/div>\n<div id='prod-cat-details-4021' class='prod-cat-details upcp-list-details hidden-field'>\n<div id='prod-cat-thumb-div-4021' class='prod-cat-thumb-image-div upcp-list-image-div'><a class='upcp-catalogue-link'  href='\/index.php?rest_route=%2Fwp%2Fv2%2Fpages%2F2928&SingleProduct=4021' onclick='RecordView(4021);'><img src='http:\/\/www.lesautographes.com\/wp-content\/uploads\/2022\/09\/27-240x300.jpg' alt='027 Pierre de Riel, marquis de BEURNONVILLE (1752-1821) g\u00e9n\u00e9ral, ministre de la Guerre en 1793, il fut livr\u00e9 comme otage par Dumouriez aux Autrichiens\u00a0; mar\u00e9chal de France Image' id='prod-cat-thumb-4021' class='prod-cat-thumb-image upcp-thumb-image'><\/a><\/div>\n<div id='prod-cat-desc-4021' class='prod-cat-desc upcp-list-desc'><p style=\"text-align:justify;margin-left:0pt;margin-right:0pt;margin-top:0pt;margin-bottom:0pt;\"><span style=\"font-family:Times New Roman;font-size:12pt;font-weight: bold;\">L.A.S.<\/span><span style=\"font-family:Times New Roman;font-size:12pt;\">, Paris 9 pluvi\u00f4se VII (28 janvier <\/span><span style=\"font-family:Times New Roman;font-size:12pt;font-weight: bold;\">1799<\/span><span style=\"font-family:Times New Roman;font-size:12pt;\">), au citoyen <\/span><span style=\"font-family:Times New Roman;font-size:12pt;text-transform: uppercase;\">Bottot<\/span><span style=\"font-family:Times New Roman;font-size:12pt;\">\u00a0; 2 pages et demie in-4. En faveur de son 1<\/span><span style=\"font-family:Times New Roman;font-size:9pt;vertical-align: super;\">er<\/span><span style=\"font-family:Times New Roman;font-size:12pt;\"> aide-de-camp pour la promotion duquel il pr\u00e9sente un m\u00e9moire, et qui est \u00e0 la t\u00eate de ses bureaux depuis quatre ans\u00a0: \u00ab\u00a0sans <\/span><span style=\"font-family:Times New Roman;font-size:12pt;font-weight: bold;text-transform: uppercase;\">Carnot<\/span><span style=\"font-family:Times New Roman;font-size:12pt;\"> <\/span><span style=\"font-family:Times New Roman;font-size:12pt;font-weight: bold;\">qui n\u2019aimoit pas plus le <\/span><span style=\"font-family:Times New Roman;font-size:12pt;font-weight: bold;font-style: italic;\">Bourgeois<\/span><span style=\"font-family:Times New Roman;font-size:12pt;font-weight: bold;\"> qu\u2019il n\u2019aimoit le <\/span><span style=\"font-family:Times New Roman;font-size:12pt;font-weight: bold;font-style: italic;\">diable<\/span><span style=\"font-family:Times New Roman;font-size:12pt;\">, l\u2019aide de camp seroit depuis longtemps chef de brigade. Il vient de faire encore avec moi la tourn\u00e9e la plus p\u00e9nible et la plus int\u00e9ressante. Il est un des plus anciens capitaines de l\u2019arm\u00e9e\u00a0\u00bb, et devrait \u00eatre depuis longtemps chef d\u2019escadron\u00a0: \u00ab\u00a0le Ministre de la Guerre qui lui rend toute justice, est tr\u00e8s dispos\u00e9 \u00e0 lui accorder ce brevet, si les directeurs apostillent ce m\u00e9moire. [\u2026] C\u2019est la seule faveur que j\u2019aye demand\u00e9 depuis quatre ans au gouvernement, c\u2019est aussi la seulle promotion\u00a0\u00bb\u2026<\/span><\/p><\/div>\n<div class='upcp-prod-desc-custom-fields upcp-custom-field-list'><\/div><a class='upcp-catalogue-link'  href='\/index.php?rest_route=%2Fwp%2Fv2%2Fpages%2F2928&SingleProduct=4021' onclick='RecordView(4021);'><div id='prod-cat-details-link-4021' class='prod-cat-details-link upcp-list-details-link'><span class='upcp-details-text'>d\u00e9tails<\/span><span class='upcp-details-icon'>s<\/span><\/div>\n<\/a><\/div><\/div>\n<div id='prod-cat-list-item-4023' class='prod-cat-item upcp-list-item ' data-itemid='4023'>\n<div id='prod-cat-title-4023' class='prod-cat-title upcp-list-title upcp-list-action-Expand' onclick='ToggleItem(4023);'>029 L\u00e9on BLOY (1846-1917) \u00e9crivain<\/div>\n<div id='prod-cat-price-4023' class='prod-cat-price upcp-list-price' data-item_price='600\u00a0 \u20ac' onclick='ToggleItem(4023);'><span class='full-price' itemprop='offers' itemscope itemtype='http:\/\/schema.org\/Offer'><span itemprop='price' content='600\u00a0'>600\u00a0<\/span><span itemprop='priceCurrency' content=''> \u20ac<\/span><\/span><\/div>\n<div id='prod-cat-details-4023' class='prod-cat-details upcp-list-details hidden-field'>\n<div id='prod-cat-thumb-div-4023' class='prod-cat-thumb-image-div upcp-list-image-div'><a class='upcp-catalogue-link'  href='\/index.php?rest_route=%2Fwp%2Fv2%2Fpages%2F2928&SingleProduct=4023' onclick='RecordView(4023);'><img src='http:\/\/www.lesautographes.com\/wp-content\/uploads\/2022\/09\/29-185x300.jpg' alt='029 L\u00e9on BLOY (1846-1917) \u00e9crivain Image' id='prod-cat-thumb-4023' class='prod-cat-thumb-image upcp-thumb-image'><\/a><\/div>\n<div id='prod-cat-desc-4023' class='prod-cat-desc upcp-list-desc'><p style=\"text-align:justify;margin-left:0pt;margin-right:0pt;margin-top:0pt;margin-bottom:0pt;\"><span style=\"font-family:Times New Roman;font-size:12pt;font-weight: bold;\">L.A.S.<\/span><span style=\"font-family:Times New Roman;font-size:12pt;\">, Paris rue Blomet Vendredi soir [8 novembre <\/span><span style=\"font-family:Times New Roman;font-size:12pt;font-weight: bold;\">1889<\/span><span style=\"font-family:Times New Roman;font-size:12pt;\">], <\/span><span style=\"font-family:Times New Roman;font-size:12pt;font-weight: bold;\">\u00e0 Johanne <\/span><span style=\"font-family:Times New Roman;font-size:12pt;font-weight: bold;text-transform: uppercase;\">Molbech<\/span><span style=\"font-family:Times New Roman;font-size:12pt;\">\u00a0; 2 pages in-8. <\/span><span style=\"font-family:Times New Roman;font-size:12pt;font-weight: bold;text-transform: uppercase;\">Curieuse lettre in\u00e9dite \u00e0 sa future femme<\/span><span style=\"font-family:Times New Roman;font-size:12pt;text-transform: uppercase;\">,<\/span><span style=\"font-family:Times New Roman;font-size:12pt;\"> o\u00f9 Bloy refuse de se rendre \u00e0 la pension de sa \u00ab\u00a0bien aim\u00e9e Jeanne\u00a0\u00bb, o\u00f9 un \u00ab\u00a0jeune homme\u00a0\u00bb souhaite le rencontrer, de peur de la compromettre. Il pressent un danger\u00a0: \u00ab\u00a0D\u2019ailleurs, je ne crois pas du tout \u00e0 ces belles promesses\u00a0\u00bb, et il risque de trouver les conditions inacceptables. \u00ab\u00a0Ce qui est exasp\u00e9rant, c\u2019est l\u2019impossibilit\u00e9 de se voir. <\/span><span style=\"font-family:Times New Roman;font-size:12pt;font-weight: bold;\">Cinq minutes de conversation avec toi, ma ch\u00e9rie, m\u2019en apprendrait plus que plusieurs lettres<\/span><span style=\"font-family:Times New Roman;font-size:12pt;\">. [\u2026] je suis plein de d\u00e9fiance. Pour que j\u2019allasse en Alg\u00e9rie, il faudrait tant de choses que je n\u2019y crois gu\u00e8re. [\u2026] <\/span><span style=\"font-family:Times New Roman;font-size:12pt;font-weight: bold;\">Je ne veux pas me d\u00e9ranger sans autre profit que de satisfaire la curiosit\u00e9 des gens qui, probablement, ne peuvent rien pour moi. J\u2019ai endur\u00e9 souvent cette humiliation et j\u2019en ai assez. Je suis d\u00e9j\u00e0 aussi malheureux qu\u2019on puisse l\u2019\u00eatre<\/span><span style=\"font-family:Times New Roman;font-size:12pt;\">\u00a0\u00bb. Cette situation l\u2019irrite profond\u00e9ment et le met \u00ab\u00a0dans un \u00e9tat d\u2019esprit tr\u00e8s violent\u00a0\u00bb\u2026 O<\/span><span style=\"font-family:Times New Roman;font-size:12pt;text-transform: uppercase;\">n joint<\/span><span style=\"font-family:Times New Roman;font-size:12pt;\"> une enveloppe autographe \u00ab\u00a0Dipl\u00f4me de Jeanne\u00a0\u00bb (vide).<\/span><\/p><\/div>\n<div class='upcp-prod-desc-custom-fields upcp-custom-field-list'><\/div><a class='upcp-catalogue-link'  href='\/index.php?rest_route=%2Fwp%2Fv2%2Fpages%2F2928&SingleProduct=4023' onclick='RecordView(4023);'><div id='prod-cat-details-link-4023' class='prod-cat-details-link upcp-list-details-link'><span class='upcp-details-text'>d\u00e9tails<\/span><span class='upcp-details-icon'>s<\/span><\/div>\n<\/a><\/div><\/div>\n<div id='prod-cat-list-item-4025' class='prod-cat-item upcp-list-item ' data-itemid='4025'>\n<div id='prod-cat-title-4025' class='prod-cat-title upcp-list-title upcp-list-action-Expand' onclick='ToggleItem(4025);'>031 Louis, vicomte de BONALD (1754-1840) \u00e9crivain, philosophe et homme politique l\u00e9gitimiste<\/div>\n<div id='prod-cat-price-4025' class='prod-cat-price upcp-list-price' data-item_price='250\u00a0 \u20ac' onclick='ToggleItem(4025);'><span class='full-price' itemprop='offers' itemscope itemtype='http:\/\/schema.org\/Offer'><span itemprop='price' content='250\u00a0'>250\u00a0<\/span><span itemprop='priceCurrency' content=''> \u20ac<\/span><\/span><\/div>\n<div id='prod-cat-details-4025' class='prod-cat-details upcp-list-details hidden-field'>\n<div id='prod-cat-thumb-div-4025' class='prod-cat-thumb-image-div upcp-list-image-div'><a class='upcp-catalogue-link'  href='\/index.php?rest_route=%2Fwp%2Fv2%2Fpages%2F2928&SingleProduct=4025' onclick='RecordView(4025);'><img src='http:\/\/www.lesautographes.com\/wp-content\/uploads\/2022\/09\/31-229x300.jpg' alt='031 Louis, vicomte de BONALD (1754-1840) \u00e9crivain, philosophe et homme politique l\u00e9gitimiste Image' id='prod-cat-thumb-4025' class='prod-cat-thumb-image upcp-thumb-image'><\/a><\/div>\n<div id='prod-cat-desc-4025' class='prod-cat-desc upcp-list-desc'><p style=\"text-align:justify;margin-left:0pt;margin-right:0pt;margin-top:0pt;margin-bottom:0pt;\"><span style=\"font-family:Times New Roman;font-size:12pt;font-weight: bold;\">L.A.S.<\/span><span style=\"font-family:Times New Roman;font-size:12pt;\">, mercredi soir [<\/span><span style=\"font-family:Times New Roman;font-size:12pt;font-weight: bold;\">1814<\/span><span style=\"font-family:Times New Roman;font-size:12pt;\">\u00a0?], <\/span><span style=\"font-family:Times New Roman;font-size:12pt;font-weight: bold;\">\u00e0 son fr\u00e8re Auguste de <\/span><span style=\"font-family:Times New Roman;font-size:12pt;font-weight: bold;text-transform: uppercase;\">Bonald<\/span><span style=\"font-family:Times New Roman;font-size:12pt;\">, \u00e0 Rodez (Aveyron)\u00a0; 2\u00a0pages in-4, adresse. Recommandation du fils a\u00een\u00e9 du \u00ab\u00a0plus grand propri\u00e9taire de notre paroisse\u00a0\u00bb, le sieur Causse de Longuers, veuf charg\u00e9 de neuf enfants, dont le deuxi\u00e8me \u00ab\u00a0etoit dans les grenadiers de la garde, il n\u2019en a pas eu de nouvelles depuis le mois d\u2019avril 1812 [...] Je n\u2019ay pu \u00e0 Paris savoir ce qu\u2019il etoit devenu et je ne doute pas qu\u2019il n\u2019ait p\u00e9ri dans la campagne de Russie. \u00c0 present on demande l\u2019a\u00een\u00e9 pour les gardes d\u2019honneur, l\u2019a\u00een\u00e9 qui est pr\u00e9sent \u00e0 l\u2019arm\u00e9e puisqu\u2019il y a un rempla\u00e7ant qui lui a cout\u00e9 8000<\/span><span style=\"font-family:Times New Roman;font-size:9pt;vertical-align: super;\">ll<\/span><span style=\"font-family:Times New Roman;font-size:12pt;\">. Cette maison o\u00f9 il y a un gros bien et d\u2019une exploitation penible seroit perdue si on prenoit ce jeune homme\u00a0\u00bb... \u00c9tant d\u00e9j\u00e0 intervenu aupr\u00e8s du pr\u00e9fet pour L\u00e9opold de P\u00e9quinolles, il ne veut encore \u00e9crire pour celui-ci, \u00ab\u00a0mais j\u2019ay pens\u00e9 que vous lui serviri\u00e9s de patron, et qu\u2019il vous seroit permis de faire valoir des moyens legitimes d\u2019exemption\u00a0\u00bb... Il s\u2019interroge ensuite sur les grands succ\u00e8s qui pourraient tourner \u00e0 leur avantage\u00a0: \u00ab\u00a0<\/span><span style=\"font-family:Times New Roman;font-size:12pt;font-weight: bold;\">Aurons nous enfin la paix<\/span><span style=\"font-family:Times New Roman;font-size:12pt;\"> \u00e0 force de retraites [?], serons [nous] toujours heureux au-dehors et malheureux au-dedans\u00a0? En v\u00e9rit\u00e9, <\/span><span style=\"font-family:Times New Roman;font-size:12pt;font-weight: bold;\">on ne scaurait ass\u00e9s s\u2019\u00e9tonner et de la constante fortune de cet homme et de l\u2019\u00e9ternelle inf\u00e9riorit\u00e9 de nations si guerri\u00e8res et si nombreuses<\/span><span style=\"font-family:Times New Roman;font-size:12pt;\">\u00a0\u00bb...<\/span><\/p><\/div>\n<div class='upcp-prod-desc-custom-fields upcp-custom-field-list'><\/div><a class='upcp-catalogue-link'  href='\/index.php?rest_route=%2Fwp%2Fv2%2Fpages%2F2928&SingleProduct=4025' onclick='RecordView(4025);'><div id='prod-cat-details-link-4025' class='prod-cat-details-link upcp-list-details-link'><span class='upcp-details-text'>d\u00e9tails<\/span><span class='upcp-details-icon'>s<\/span><\/div>\n<\/a><\/div><\/div>\n<div id='prod-cat-list-item-4026' class='prod-cat-item upcp-list-item ' data-itemid='4026'>\n<div id='prod-cat-title-4026' class='prod-cat-title upcp-list-title upcp-list-action-Expand' onclick='ToggleItem(4026);'>032 Letizia BONAPARTE (1750-1836) m\u00e8re de Napol\u00e9on<\/div>\n<div id='prod-cat-price-4026' class='prod-cat-price upcp-list-price' data-item_price='1\u00a0500\u00a0 \u20ac' onclick='ToggleItem(4026);'><span class='full-price' itemprop='offers' itemscope itemtype='http:\/\/schema.org\/Offer'><span itemprop='price' content='1\u00a0500\u00a0'>1\u00a0500\u00a0<\/span><span itemprop='priceCurrency' content=''> \u20ac<\/span><\/span><\/div>\n<div id='prod-cat-details-4026' class='prod-cat-details upcp-list-details hidden-field'>\n<div id='prod-cat-thumb-div-4026' class='prod-cat-thumb-image-div upcp-list-image-div'><a class='upcp-catalogue-link'  href='\/index.php?rest_route=%2Fwp%2Fv2%2Fpages%2F2928&SingleProduct=4026' onclick='RecordView(4026);'><img src='http:\/\/www.lesautographes.com\/wp-content\/uploads\/2022\/09\/32-236x300.jpg' alt='032 Letizia BONAPARTE (1750-1836) m\u00e8re de Napol\u00e9on Image' id='prod-cat-thumb-4026' class='prod-cat-thumb-image upcp-thumb-image'><\/a><\/div>\n<div id='prod-cat-desc-4026' class='prod-cat-desc upcp-list-desc'><p style=\"text-align:justify;margin-left:0pt;margin-right:0pt;margin-top:0pt;margin-bottom:0pt;\"><span style=\"font-family:Times New Roman;font-size:12pt;font-weight: bold;\">L.S. <\/span><span style=\"font-family:Times New Roman;font-size:12pt;\">\u00ab\u00a0<\/span><span style=\"font-family:Times New Roman;font-size:12pt;font-weight: bold;\">vostra affma sorella<\/span><span style=\"font-family:Times New Roman;font-size:12pt;\">\u00a0\u00bb, Paris 9 avril <\/span><span style=\"font-family:Times New Roman;font-size:12pt;font-weight: bold;\">1807<\/span><span style=\"font-family:Times New Roman;font-size:12pt;\">, [<\/span><span style=\"font-family:Times New Roman;font-size:12pt;font-weight: bold;\">\u00e0 son demi-fr\u00e8re, le cardinal Joseph <\/span><span style=\"font-family:Times New Roman;font-size:12pt;font-weight: bold;text-transform: uppercase;\">Fesch<\/span><span style=\"font-family:Times New Roman;font-size:12pt;\">]\u00a0; 1 page in-4. <\/span><span style=\"font-family:Times New Roman;font-size:12pt;font-weight: bold;text-transform: uppercase;\">Nouvelles familiales<\/span><span style=\"font-family:Times New Roman;font-size:12pt;\">. Elle a re\u00e7u ses lettres\u00a0: \u00ab\u00a0Celle qui m\u2019annonce la fausset\u00e9 de la nouvelle de votre pr\u00e9tendu accident a \u00e9t\u00e9 tr\u00e8s consolante pour moi. Je reconnois tout votre attachement dans le conseil que l\u2019autre contient d\u2019aller aux eaux, mais j\u2019ai de fortes raisons que vous m\u00eame ne pourrez qu\u2019approuver lorsque je vous les ferai conno\u00eetre, pour ne pas y aller dans le courant de cette saison. Ma sant\u00e9 continue \u00e0 \u00eatre bonne. Tous ceux de la famille \u00e0 Paris se portent aussi bien. Hier j\u2019ai re\u00e7u une lettre de <\/span><span style=\"font-family:Times New Roman;font-size:12pt;font-weight: bold;\">J\u00e9r\u00f4me<\/span><span style=\"font-family:Times New Roman;font-size:12pt;\"> dat\u00e9e de Breslau. <\/span><span style=\"font-family:Times New Roman;font-size:12pt;font-weight: bold;\">L\u2019Empereur vient de le nommer G\u00e9n\u00e9ral de Division en lui conservant toujours son grade d\u2019Amiral<\/span><span style=\"font-family:Times New Roman;font-size:12pt;\">, et cela le comble de contentement et de joie. [\u2026] Je pense que <\/span><span style=\"font-family:Times New Roman;font-size:12pt;font-weight: bold;\">Paulette<\/span><span style=\"font-family:Times New Roman;font-size:12pt;\"> [<\/span><span style=\"font-family:Times New Roman;font-size:12pt;font-weight: bold;\">Pauline<\/span><span style=\"font-family:Times New Roman;font-size:12pt;\">] vous a d\u00e9j\u00e0 prevenu que <\/span><span style=\"font-family:Times New Roman;font-size:12pt;font-weight: bold;\">l\u2019Empereur<\/span><span style=\"font-family:Times New Roman;font-size:12pt;\"> ne trouve pas bien qu\u2019elle aille prendre les eaux en Provence\u00a0\u00bb\u2026<\/span><\/p><\/div>\n<div class='upcp-prod-desc-custom-fields upcp-custom-field-list'><\/div><a class='upcp-catalogue-link'  href='\/index.php?rest_route=%2Fwp%2Fv2%2Fpages%2F2928&SingleProduct=4026' onclick='RecordView(4026);'><div id='prod-cat-details-link-4026' class='prod-cat-details-link upcp-list-details-link'><span class='upcp-details-text'>d\u00e9tails<\/span><span class='upcp-details-icon'>s<\/span><\/div>\n<\/a><\/div><\/div>\n<div id='prod-cat-list-item-4027' class='prod-cat-item upcp-list-item ' data-itemid='4027'>\n<div id='prod-cat-title-4027' class='prod-cat-title upcp-list-title upcp-list-action-Expand' onclick='ToggleItem(4027);'>033 Marie BONAPARTE (1882-1962) descendante de Lucien Bonaparte\u00a0; princesse de Gr\u00e8ce, traductrice de Freud et introductrice de la psychanalyse en France<\/div>\n<div id='prod-cat-price-4027' class='prod-cat-price upcp-list-price' data-item_price='250\u00a0 \u20ac' onclick='ToggleItem(4027);'><span class='full-price' itemprop='offers' itemscope itemtype='http:\/\/schema.org\/Offer'><span itemprop='price' content='250\u00a0'>250\u00a0<\/span><span itemprop='priceCurrency' content=''> \u20ac<\/span><\/span><\/div>\n<div id='prod-cat-details-4027' class='prod-cat-details upcp-list-details hidden-field'>\n<div id='prod-cat-thumb-div-4027' class='prod-cat-thumb-image-div upcp-list-image-div'><a class='upcp-catalogue-link'  href='\/index.php?rest_route=%2Fwp%2Fv2%2Fpages%2F2928&SingleProduct=4027' onclick='RecordView(4027);'><img src='http:\/\/www.lesautographes.com\/wp-content\/uploads\/2022\/09\/33-231x300.jpg' alt='033 Marie BONAPARTE (1882-1962) descendante de Lucien Bonaparte\u00a0; princesse de Gr\u00e8ce, traductrice de Freud et introductrice de la psychanalyse en France Image' id='prod-cat-thumb-4027' class='prod-cat-thumb-image upcp-thumb-image'><\/a><\/div>\n<div id='prod-cat-desc-4027' class='prod-cat-desc upcp-list-desc'><p style=\"text-align:justify;margin-left:0pt;margin-right:0pt;margin-top:0pt;margin-bottom:0pt;\"><span style=\"font-family:Times New Roman;font-size:12pt;font-weight: bold;\">L.A.S.<\/span><span style=\"font-family:Times New Roman;font-size:12pt;\"> \u00ab\u00a0Marie (P<\/span><span style=\"font-family:Times New Roman;font-size:9pt;vertical-align: super;\">se<\/span><span style=\"font-family:Times New Roman;font-size:12pt;\"> de Gr\u00e8ce)\u00a0\u00bb, <\/span><span style=\"font-family:Times New Roman;font-size:12pt;font-style: italic;\">Le Lys de Mer, Saint-Tropez<\/span><span style=\"font-family:Times New Roman;font-size:12pt;\"> 20 septembre <\/span><span style=\"font-family:Times New Roman;font-size:12pt;font-weight: bold;\">1958<\/span><span style=\"font-family:Times New Roman;font-size:12pt;\">, [<\/span><span style=\"font-family:Times New Roman;font-size:12pt;font-weight: bold;\">\u00e0 Robert <\/span><span style=\"font-family:Times New Roman;font-size:12pt;font-weight: bold;text-transform: uppercase;\">Kemp<\/span><span style=\"font-family:Times New Roman;font-size:12pt;\">]\u00a0; 1 page et demie in-4 \u00e0 son adresse. \u00ab\u00a0Les Presses universitaires ont l\u2019intention de mettre en vente <\/span><span style=\"font-family:Times New Roman;font-size:12pt;font-weight: bold;\">le second volume de<\/span><span style=\"font-family:Times New Roman;font-size:12pt;\"> <\/span><span style=\"font-family:Times New Roman;font-size:12pt;font-weight: bold;\">mes souvenirs de jeunesse<\/span><span style=\"font-family:Times New Roman;font-size:12pt;\"> <\/span><span style=\"font-family:Times New Roman;font-size:12pt;font-weight: bold;font-style: italic;\">L\u2019Appel des S\u00e8ves<\/span><span style=\"font-family:Times New Roman;font-size:12pt;\"> au d\u00e9but d\u2019octobre. Et, comme je vous ai d\u00e9j\u00e0 remis ce volume au Lys de Mer, M. Josselin des Presses ne vous enverra pas d\u2019autre exemplaire [\u2026]. Je veux vous dire le grand plaisir que nous avons eu toutes, ma fille, ma petite-fille et moi, \u00e0 vous avoir quelques heures parmi nous, ainsi que Madame Robert Kemp\u00a0\u00bb\u2026<\/span><\/p><\/div>\n<div class='upcp-prod-desc-custom-fields upcp-custom-field-list'><\/div><a class='upcp-catalogue-link'  href='\/index.php?rest_route=%2Fwp%2Fv2%2Fpages%2F2928&SingleProduct=4027' onclick='RecordView(4027);'><div id='prod-cat-details-link-4027' class='prod-cat-details-link upcp-list-details-link'><span class='upcp-details-text'>d\u00e9tails<\/span><span class='upcp-details-icon'>s<\/span><\/div>\n<\/a><\/div><\/div>\n<div id='prod-cat-list-item-4028' class='prod-cat-item upcp-list-item ' data-itemid='4028'>\n<div id='prod-cat-title-4028' class='prod-cat-title upcp-list-title upcp-list-action-Expand' onclick='ToggleItem(4028);'>034 Emmanuel BONDEVILLE (1898-1987) compositeu<\/div>\n<div id='prod-cat-price-4028' class='prod-cat-price upcp-list-price' data-item_price='25\u00a0 \u20ac' onclick='ToggleItem(4028);'><span class='full-price' itemprop='offers' itemscope itemtype='http:\/\/schema.org\/Offer'><span itemprop='price' content='25\u00a0'>25\u00a0<\/span><span itemprop='priceCurrency' content=''> \u20ac<\/span><\/span><\/div>\n<div id='prod-cat-details-4028' class='prod-cat-details upcp-list-details hidden-field'>\n<div id='prod-cat-thumb-div-4028' class='prod-cat-thumb-image-div upcp-list-image-div'><a class='upcp-catalogue-link'  href='\/index.php?rest_route=%2Fwp%2Fv2%2Fpages%2F2928&SingleProduct=4028' onclick='RecordView(4028);'><img src='http:\/\/www.lesautographes.com\/wp-content\/uploads\/2022\/09\/34-218x300.jpg' alt='034 Emmanuel BONDEVILLE (1898-1987) compositeu Image' id='prod-cat-thumb-4028' class='prod-cat-thumb-image upcp-thumb-image'><\/a><\/div>\n<div id='prod-cat-desc-4028' class='prod-cat-desc upcp-list-desc'><p style=\"text-align:justify;margin-left:0pt;margin-right:0pt;margin-top:0pt;margin-bottom:0pt;\"><span style=\"font-family:Times New Roman;font-size:12pt;font-weight: bold;\">L.A.S.<\/span><span style=\"font-family:Times New Roman;font-size:12pt;\">, jeudi, [<\/span><span style=\"font-family:Times New Roman;font-size:12pt;font-weight: bold;\">\u00e0 \u00c9mile <\/span><span style=\"font-family:Times New Roman;font-size:12pt;font-weight: bold;text-transform: uppercase;\">Vuillermoz<\/span><span style=\"font-family:Times New Roman;font-size:12pt;\">]\u00a0; 4 pages in-8. Il a failli lui t\u00e9l\u00e9graphier pour le rencontrer et \u00ab\u00a0fixer la temp\u00e9rature... d\u2019un Normand que, fort gentiment, vous qualifiez de calme et pond\u00e9r\u00e9\u00a0!\u00a0\u00bb... Il a h\u00e2te de le revoir \u00ab\u00a0pour pr\u00e9parer \u2013 \u00e0 la Radio \u2013 certaines r\u00e9alisations qui peuvent \u00eatre belles. Il arrive souvent que je me demande si je dois rester \u00e0 la Radio. Je crois vraiment qu\u2019<\/span><span style=\"font-family:Times New Roman;font-size:12pt;font-weight: bold;\">un Normand authentiquement sage et authentiquement pond\u00e9r\u00e9 <\/span><span style=\"font-family:Times New Roman;font-size:12pt;\">n\u2019y demeurerait pas \u00e9ternellement. Et cet examen de conscience ne tourne jamais \u00e0 mon \u00e9loge par moi-m\u00eame\u00a0!\u00a0\u00bb...<\/span><\/p><\/div>\n<div class='upcp-prod-desc-custom-fields upcp-custom-field-list'><\/div><a class='upcp-catalogue-link'  href='\/index.php?rest_route=%2Fwp%2Fv2%2Fpages%2F2928&SingleProduct=4028' onclick='RecordView(4028);'><div id='prod-cat-details-link-4028' class='prod-cat-details-link upcp-list-details-link'><span class='upcp-details-text'>d\u00e9tails<\/span><span class='upcp-details-icon'>s<\/span><\/div>\n<\/a><\/div><\/div>\n<div id='prod-cat-list-item-4029' class='prod-cat-item upcp-list-item ' data-itemid='4029'>\n<div id='prod-cat-title-4029' class='prod-cat-title upcp-list-title upcp-list-action-Expand' onclick='ToggleItem(4029);'>035 Henri de BORNIER (1825-1901) auteur dramatique<\/div>\n<div id='prod-cat-price-4029' class='prod-cat-price upcp-list-price' data-item_price='150\u00a0 \u20ac' onclick='ToggleItem(4029);'><span class='full-price' itemprop='offers' itemscope itemtype='http:\/\/schema.org\/Offer'><span itemprop='price' content='150\u00a0'>150\u00a0<\/span><span itemprop='priceCurrency' content=''> \u20ac<\/span><\/span><\/div>\n<div id='prod-cat-details-4029' class='prod-cat-details upcp-list-details hidden-field'>\n<div id='prod-cat-thumb-div-4029' class='prod-cat-thumb-image-div upcp-list-image-div'><a class='upcp-catalogue-link'  href='\/index.php?rest_route=%2Fwp%2Fv2%2Fpages%2F2928&SingleProduct=4029' onclick='RecordView(4029);'><img src='http:\/\/www.lesautographes.com\/wp-content\/uploads\/2022\/09\/35-188x300.jpg' alt='035 Henri de BORNIER (1825-1901) auteur dramatique Image' id='prod-cat-thumb-4029' class='prod-cat-thumb-image upcp-thumb-image'><\/a><\/div>\n<div id='prod-cat-desc-4029' class='prod-cat-desc upcp-list-desc'><p style=\"text-align:justify;margin-left:0pt;margin-right:0pt;margin-top:0pt;margin-bottom:0pt;\"><span style=\"font-family:Times New Roman;font-size:12pt;font-weight: bold;\">3 L.A.S.<\/span><span style=\"font-family:Times New Roman;font-size:12pt;\">, 1894-1897, <\/span><span style=\"font-family:Times New Roman;font-size:12pt;font-weight: bold;\">\u00e0 Victorin de <\/span><span style=\"font-family:Times New Roman;font-size:12pt;font-weight: bold;text-transform: uppercase;\">Jonci\u00e8res<\/span><span style=\"font-family:Times New Roman;font-size:12pt;\">, et <\/span><span style=\"font-family:Times New Roman;font-size:12pt;font-weight: bold;text-transform: uppercase;\">po\u00e8me<\/span><span style=\"font-family:Times New Roman;font-size:12pt;font-weight: bold;\"> autographe<\/span><span style=\"font-family:Times New Roman;font-size:12pt;\">, <\/span><span style=\"font-family:Times New Roman;font-size:12pt;font-weight: bold;font-style: italic;\">La Chanson de G\u00e9rontia<\/span><span style=\"font-family:Times New Roman;font-size:12pt;\">\u00a0; 3 pages in-4 dont 2 \u00e0 en-t\u00eate <\/span><span style=\"font-family:Times New Roman;font-size:12pt;font-style: italic;\">Biblioth\u00e8que de l\u2019Arsenal<\/span><span style=\"font-family:Times New Roman;font-size:12pt;\"> et 1 page in-fol. \u2014 Il rassure Jonci\u00e8res \u00e0 propos de sa candidature, recommande Mlle <\/span><span style=\"font-family:Times New Roman;font-size:12pt;text-transform: uppercase;\">Dreyfus<\/span><span style=\"font-family:Times New Roman;font-size:12pt;\"> une cantatrice am\u00e9ricaine, assure qu\u2019il a fait ce qu\u2019il fallait pour rendre justice au po\u00e8te de<\/span><span style=\"font-family:Times New Roman;font-size:12pt;font-style: italic;\"> L\u2019\u00c2me du Sphinx<\/span><span style=\"font-family:Times New Roman;font-size:12pt;\">... \u2014 <\/span><span style=\"font-family:Times New Roman;font-size:12pt;font-weight: bold;font-style: italic;\">La Chanson de G\u00e9rontia<\/span><span style=\"font-family:Times New Roman;font-size:12pt;\">, po\u00e8me de 16 vers, chanson \u00ab\u00a0retranch\u00e9e des <\/span><span style=\"font-family:Times New Roman;font-size:12pt;font-style: italic;\">Noces d\u2019Attila<\/span><span style=\"font-family:Times New Roman;font-size:12pt;\">\u00a0\u00bb\u00a0: \u00ab\u00a0Dans sa tombe solitaire\u00a0\/ L\u2019enfant dort\u00a0\u00bb... <\/span><span style=\"font-family:Times New Roman;font-size:12pt;font-weight: bold;\">On joint<\/span><span style=\"font-family:Times New Roman;font-size:12pt;\"> une L.A.S., 10 avril 1896, \u00e0 l\u2019auteur de <\/span><span style=\"font-family:Times New Roman;font-size:12pt;font-style: italic;\">L\u2019\u00e2me du Sphinx<\/span><span style=\"font-family:Times New Roman;font-size:12pt;\"> qui lui a rappel\u00e9 des vers de V. Hugo (1 page in-8), et une carte de visite autogr.<\/span><\/p><\/div>\n<div class='upcp-prod-desc-custom-fields upcp-custom-field-list'><\/div><a class='upcp-catalogue-link'  href='\/index.php?rest_route=%2Fwp%2Fv2%2Fpages%2F2928&SingleProduct=4029' onclick='RecordView(4029);'><div id='prod-cat-details-link-4029' class='prod-cat-details-link upcp-list-details-link'><span class='upcp-details-text'>d\u00e9tails<\/span><span class='upcp-details-icon'>s<\/span><\/div>\n<\/a><\/div><\/div>\n<div id='prod-cat-list-item-4030' class='prod-cat-item upcp-list-item ' data-itemid='4030'>\n<div id='prod-cat-title-4030' class='prod-cat-title upcp-list-title upcp-list-action-Expand' onclick='ToggleItem(4030);'>036 Jacques-B\u00e9nigne BOSSUET (1627-1704) pr\u00e9lat, th\u00e9ologien, pr\u00e9dicateur et \u00e9crivain\u00a0; \u00e9v\u00eaque de Meaux<\/div>\n<div id='prod-cat-price-4030' class='prod-cat-price upcp-list-price' data-item_price='4\u00a0500\u00a0 \u20ac' onclick='ToggleItem(4030);'><span class='full-price' itemprop='offers' itemscope itemtype='http:\/\/schema.org\/Offer'><span itemprop='price' content='4\u00a0500\u00a0'>4\u00a0500\u00a0<\/span><span itemprop='priceCurrency' content=''> \u20ac<\/span><\/span><\/div>\n<div id='prod-cat-details-4030' class='prod-cat-details upcp-list-details hidden-field'>\n<div id='prod-cat-thumb-div-4030' class='prod-cat-thumb-image-div upcp-list-image-div'><a class='upcp-catalogue-link'  href='\/index.php?rest_route=%2Fwp%2Fv2%2Fpages%2F2928&SingleProduct=4030' onclick='RecordView(4030);'><img src='http:\/\/www.lesautographes.com\/wp-content\/uploads\/2022\/09\/36-300x218.jpg' alt='036 Jacques-B\u00e9nigne BOSSUET (1627-1704) pr\u00e9lat, th\u00e9ologien, pr\u00e9dicateur et \u00e9crivain\u00a0; \u00e9v\u00eaque de Meaux Image' id='prod-cat-thumb-4030' class='prod-cat-thumb-image upcp-thumb-image'><\/a><\/div>\n<div id='prod-cat-desc-4030' class='prod-cat-desc upcp-list-desc'><p style=\"text-align:justify;margin-left:0pt;margin-right:0pt;margin-top:0pt;margin-bottom:0pt;\"><span style=\"font-family:Times New Roman;font-size:12pt;font-weight: bold;\">L.A.<\/span><span style=\"font-family:Times New Roman;font-size:12pt;\">, Paris 13 janvier <\/span><span style=\"font-family:Times New Roman;font-size:12pt;font-weight: bold;\">1698<\/span><span style=\"font-family:Times New Roman;font-size:12pt;\">, [<\/span><span style=\"font-family:Times New Roman;font-size:12pt;font-weight: bold;\">\u00e0 son neveu l\u2019abb\u00e9 Jacques-B\u00e9nigne <\/span><span style=\"font-family:Times New Roman;font-size:12pt;font-weight: bold;text-transform: uppercase;\">Bossuet<\/span><span style=\"font-family:Times New Roman;font-size:12pt;\"> (1664-1743), d\u00e9put\u00e9 \u00e0 Rome pour l\u2019affaire du qui\u00e9tisme]\u00a0; 6 pages et demie in-8, fragment de cachet cire rouge au dos, quelques mots en chiffre (d\u00e9chiffr\u00e9s dans les interlignes). <\/span><span style=\"font-family:Times New Roman;font-size:12pt;font-weight: bold;text-transform: uppercase;\">Importante lettre sur la querelle du qui\u00e9tisme<\/span><span style=\"font-family:Times New Roman;font-size:12pt;font-weight: bold;\">, faisant allusion \u00e0 son <\/span><span style=\"font-family:Times New Roman;font-size:12pt;font-weight: bold;font-style: italic;\">Explication des maximes des Saints<\/span><span style=\"font-family:Times New Roman;font-size:12pt;font-weight: bold;\"> (<\/span><span style=\"font-family:Times New Roman;font-size:12pt;font-weight: bold;font-style: italic;\">Summa doctrin\u00e6<\/span><span style=\"font-family:Times New Roman;font-size:12pt;font-weight: bold;\">), \u00e0 la r\u00e9ponse publi\u00e9e par <\/span><span style=\"font-family:Times New Roman;font-size:12pt;font-weight: bold;text-transform: uppercase;\">F\u00e9nelon<\/span><span style=\"font-family:Times New Roman;font-size:12pt;font-weight: bold;\">, au proc\u00e8s de Mgr <\/span><span style=\"font-family:Times New Roman;font-size:12pt;font-weight: bold;text-transform: uppercase;\">Le Tellier<\/span><span style=\"font-family:Times New Roman;font-size:12pt;font-weight: bold;\"> archev\u00eaque de Reims contre les J\u00e9suites, et \u00e0 d\u2019autres personnalit\u00e9s et affaires du jour<\/span><span style=\"font-family:Times New Roman;font-size:12pt;\">. Sa lettre du 10 d\u00e9cembre lui apprend des choses qu\u2019il e\u00fbt \u00e9t\u00e9 f\u00e2ch\u00e9 d\u2019ignorer. \u00ab\u00a0Je croy vous avoir mand\u00e9 que j\u2019ay veu entre les mains de Bonacurse [le cardinal de <\/span><span style=\"font-family:Times New Roman;font-size:12pt;text-transform: uppercase;\">Janson<\/span><span style=\"font-family:Times New Roman;font-size:12pt;\">] une lettre de 4003 [Mgr <\/span><span style=\"font-family:Times New Roman;font-size:12pt;text-transform: uppercase;\">Giori<\/span><span style=\"font-family:Times New Roman;font-size:12pt;\">], ou le feu ecrit en conformit\u00e9 avec 32 [l\u2019abb\u00e9 Bossuet]. 23 [Janson] m\u2019a promis de la faire voir ou il faut. On est fort aise ici de la continuation des conferences des examinateurs. J\u2019ai receu de Flandre un petit livre contre le <\/span><span style=\"font-family:Times New Roman;font-size:12pt;font-weight: bold;font-style: italic;\">Summa doctrin\u00e6<\/span><span style=\"font-family:Times New Roman;font-size:12pt;\"> qui a beaucoup de venin et de dissimulation. Il y est fait mention d\u2019une reponse a la declaration qui n\u2019est pas encore ven\u00fce a ma connoissance. Je l\u2019attend pour prendre ma resolution. Je ne ferai rien que de court. On ne croira pas ici aisement 8 [que] le duc Jean [le cardinal de <\/span><span style=\"font-family:Times New Roman;font-size:12pt;text-transform: uppercase;\">Bouillon<\/span><span style=\"font-family:Times New Roman;font-size:12pt;\">] ait 2.9.70.71.5. [hast\u00e9 (la suite des conf\u00e9rences)]. Il se passe ici une chose qui fait grand bruit au sujet d\u2019une remontrance que <\/span><span style=\"font-family:Times New Roman;font-size:12pt;font-weight: bold;\">les Jesuites<\/span><span style=\"font-family:Times New Roman;font-size:12pt;\"> ont imprim\u00e9e a M. de R[eims] sur son ordonnance. Ils la croyent fort respectueuse\u00a0: et ce prelat la trouve pleine de derision et de brocards. Apres avoir attendu longtemps, et avoir pris les mesures qu\u2019il falloit, on luy a permis d\u2019avoir recours a la justice du Parlement sans entamer le fonds. Il s\u2019agira seulement de la reparation sur le manque de respect et une impression sans aveu. M. de Reims a donn\u00e9 une requeste forte mais moder\u00e9e\u00a0:<\/span><span style=\"font-family:Times New Roman;font-size:12pt;font-weight: bold;\"> les superieurs des trois maisons des Jesuites ont est\u00e9 mand\u00e9s a demain pour venir avouer ou desavouer<\/span><span style=\"font-family:Times New Roman;font-size:12pt;\"> et faire leur declaration telle qu\u2019ils trouveront a propos. Ils avoueront sans doute et <\/span><span style=\"font-family:Times New Roman;font-size:12pt;font-weight: bold;\">sur la forme la condamnation est indubitable<\/span><span style=\"font-family:Times New Roman;font-size:12pt;\">. Scavoir comment cela se tournera et ce que feront les Jesuites en satisfaction pour prevenir le coup c\u2019est ce que l\u2019on ne peut encore prevoir. <\/span><span style=\"font-family:Times New Roman;font-size:12pt;font-weight: bold;\">Le RP de La <\/span><span style=\"font-family:Times New Roman;font-size:12pt;font-weight: bold;text-transform: uppercase;\">Chaise<\/span><span style=\"font-family:Times New Roman;font-size:12pt;\"> prit la peine de venir hier ici avec le P. <\/span><span style=\"font-family:Times New Roman;font-size:12pt;text-transform: uppercase;\">Gaillard<\/span><span style=\"font-family:Times New Roman;font-size:12pt;\"> et ils me parlerent amplement de cette affaire. Je leur fis quelque ouverture comme de moy mesme. Je les recevrai demain. Il sera encore temp par ce qu\u2019on croit que les Jesuites ont obtenu un delay de quelque jours\u00a0\u00bb... Bossuet \u00e9voque les bont\u00e9s du cardinal de <\/span><span style=\"font-family:Times New Roman;font-size:12pt;text-transform: uppercase;\">Bouillon<\/span><span style=\"font-family:Times New Roman;font-size:12pt;\"> pour l\u2019abb\u00e9. M. de Paris \u00e9tait \u00e0 Versailles, hier, lorsque Bossuet alla lui faire les compliments de l\u2019abb\u00e9. \u00ab\u00a0On envoyera au premier jour <\/span><span style=\"font-family:Times New Roman;font-size:12pt;font-weight: bold;\">l\u2019exposition de la foy et le recueil d\u2019oraisons funebres<\/span><span style=\"font-family:Times New Roman;font-size:12pt;\"> [ces deux livres pour \u00eatre offerts au cardinal Casanata] Vous aurez aussi les remarques des anglois sur M<\/span><span style=\"font-family:Times New Roman;font-size:9pt;vertical-align: super;\">r<\/span><span style=\"font-family:Times New Roman;font-size:12pt;\"> l\u2019abb\u00e9 de <\/span><span style=\"font-family:Times New Roman;font-size:12pt;text-transform: uppercase;\">Fenelon<\/span><span style=\"font-family:Times New Roman;font-size:12pt;\">. Nous y joindrons la Remonstrance a M<\/span><span style=\"font-family:Times New Roman;font-size:9pt;vertical-align: super;\">r<\/span><span style=\"font-family:Times New Roman;font-size:12pt;\"> de Reims, la requeste et l\u2019arrest intervenu dessus pour mander les Jesuites. Cela s\u2019est fait tres civilement par un greffier qui est Donois leur ami. Cet arrest prejuge assez contre eux. <\/span><span style=\"font-family:Times New Roman;font-size:12pt;font-weight: bold;\">Continuez a servir l\u2019\u00e9glise. Dieu vous aidera de plus en plus<\/span><span style=\"font-family:Times New Roman;font-size:12pt;\">\u00a0\u00bb... Il fera voir au Prince de <\/span><span style=\"font-family:Times New Roman;font-size:12pt;text-transform: uppercase;\">Conti \u00ab\u00a0<\/span><span style=\"font-family:Times New Roman;font-size:12pt;\">ce que vous m\u2019ecrivez sur son sujet qui est tres juste. Il va bientost gaigner son proces par arrest comme il l\u2019a d\u00e9j\u00e0 gaign\u00e9 par sentence des requettes du Palais\u00a0\u00bb. Il ajoute en chiffre\u00a0: \u00ab\u00a0<\/span><span style=\"font-family:Times New Roman;font-size:12pt;font-weight: bold;\">Les<\/span><span style=\"font-family:Times New Roman;font-size:12pt;\"> <\/span><span style=\"font-family:Times New Roman;font-size:12pt;font-weight: bold;\">J\u00e9suites enragent<\/span><span style=\"font-family:Times New Roman;font-size:12pt;\">\u00a0\u00bb.<\/span><\/p><\/div>\n<div class='upcp-prod-desc-custom-fields upcp-custom-field-list'><\/div><a class='upcp-catalogue-link'  href='\/index.php?rest_route=%2Fwp%2Fv2%2Fpages%2F2928&SingleProduct=4030' onclick='RecordView(4030);'><div id='prod-cat-details-link-4030' class='prod-cat-details-link upcp-list-details-link'><span class='upcp-details-text'>d\u00e9tails<\/span><span class='upcp-details-icon'>s<\/span><\/div>\n<\/a><\/div><\/div>\n<div id='prod-cat-list-item-4032' class='prod-cat-item upcp-list-item ' data-itemid='4032'>\n<div id='prod-cat-title-4032' class='prod-cat-title upcp-list-title upcp-list-action-Expand' onclick='ToggleItem(4032);'>038 Ren\u00e9 BOYLESVE (1867-1926) \u00e9crivain<\/div>\n<div id='prod-cat-price-4032' class='prod-cat-price upcp-list-price' data-item_price='150\u00a0 \u20ac' onclick='ToggleItem(4032);'><span class='full-price' itemprop='offers' itemscope itemtype='http:\/\/schema.org\/Offer'><span itemprop='price' content='150\u00a0'>150\u00a0<\/span><span itemprop='priceCurrency' content=''> \u20ac<\/span><\/span><\/div>\n<div id='prod-cat-details-4032' class='prod-cat-details upcp-list-details hidden-field'>\n<div id='prod-cat-thumb-div-4032' class='prod-cat-thumb-image-div upcp-list-image-div'><a class='upcp-catalogue-link'  href='\/index.php?rest_route=%2Fwp%2Fv2%2Fpages%2F2928&SingleProduct=4032' onclick='RecordView(4032);'><img src='http:\/\/www.lesautographes.com\/wp-content\/uploads\/2022\/09\/38-227x300.jpg' alt='038 Ren\u00e9 BOYLESVE (1867-1926) \u00e9crivain Image' id='prod-cat-thumb-4032' class='prod-cat-thumb-image upcp-thumb-image'><\/a><\/div>\n<div id='prod-cat-desc-4032' class='prod-cat-desc upcp-list-desc'><p style=\"text-align:justify;margin-left:0pt;margin-right:0pt;margin-top:0pt;margin-bottom:0pt;\"><span style=\"font-family:Times New Roman;font-size:12pt;\"> <\/span><span style=\"font-family:Times New Roman;font-size:12pt;font-weight: bold;text-transform: uppercase;\">po\u00e8me<\/span><span style=\"font-family:Times New Roman;font-size:12pt;\"> <\/span><span style=\"font-family:Times New Roman;font-size:12pt;font-weight: bold;\">autographe<\/span><span style=\"font-family:Times New Roman;font-size:12pt;\">, <\/span><span style=\"font-family:Times New Roman;font-size:12pt;font-weight: bold;font-style: italic;\">Nuit sur la gr\u00e8ve\u00a0<\/span><span style=\"font-family:Times New Roman;font-size:12pt;\">; 1 page et demie in-4. <\/span><span style=\"font-family:Times New Roman;font-size:12pt;font-weight: bold;\">Po\u00e8me en prose de jeunesse<\/span><span style=\"font-family:Times New Roman;font-size:12pt;\">, avec ratures et corrections\u00a0: \u00ab\u00a0Du loin immesurable, dans l\u2019opaque de la nuit, sourdent les lames qui vont venir.\u00a0\/ Qui conna\u00eet l\u2019antre des Conciles de la Mer\u00a0? qui pourrait dire o\u00f9 sourdent les lames\u00a0?\u00a0\/ Et dans quel but sourdent les lames\u00a0? et pour quelles fins les lames sont parties\u00a0?\u00a0\/ Larges d\u2019un Oc\u00e9an, muettes d\u2019un myst\u00e8re, vont et roulent les lames sur l\u2019immense des eaux sombres\u00a0\u00bb...<\/span><\/p><\/div>\n<div class='upcp-prod-desc-custom-fields upcp-custom-field-list'><\/div><a class='upcp-catalogue-link'  href='\/index.php?rest_route=%2Fwp%2Fv2%2Fpages%2F2928&SingleProduct=4032' onclick='RecordView(4032);'><div id='prod-cat-details-link-4032' class='prod-cat-details-link upcp-list-details-link'><span class='upcp-details-text'>d\u00e9tails<\/span><span class='upcp-details-icon'>s<\/span><\/div>\n<\/a><\/div><\/div>\n<\/div><div class='upcp-clear'><\/div>\n<\/div>\n<div class='upcp-clear'><\/div><div id='prod-cat-22' class='prod-cat detail-display hidden-field'>\n<div id='prod-cat-category-11' class='prod-cat-category upcp-detail-category'>\n<div id='prod-cat-category-label-11' class='prod-cat-category-label upcp-detail-category-label'><div class='prod-cat-category-name'>Catalogue 2022<\/div><\/div><div id='prod-cat-detail-item-3995' class='prod-cat-item upcp-detail-item ' data-itemid='3995'>\n<div id='prod-cat-detail-div-3995' class='prod-cat-thumb-image-div upcp-detail-image-div'><a class='upcp-catalogue-link'  href='\/index.php?rest_route=%2Fwp%2Fv2%2Fpages%2F2928&SingleProduct=3995' onclick='RecordView(3995);'><img src='http:\/\/www.lesautographes.com\/wp-content\/uploads\/2022\/09\/1-235x300.jpg' alt='001 Louis AIM\u00c9-MARTIN (1786-1847) litt\u00e9rateur, disciple de Bernardin de Saint-Pierre dont il \u00e9pousa la veuve et \u00e9dita les \u0153uvres Image' id='prod-cat-thumb-3995' class='prod-cat-thumb-image upcp-thumb-image'><\/a><\/div>\n<div id='prod-cat-mid-div-3995' class='prod-cat-mid-detail-div upcp-mid-detail-div'><a class='upcp-catalogue-link'  href='\/index.php?rest_route=%2Fwp%2Fv2%2Fpages%2F2928&SingleProduct=3995' onclick='RecordView(3995);'><div id='prod-cat-title-3995' class='prod-cat-title upcp-detail-title'>001 Louis AIM\u00c9-MARTIN (1786-1847) litt\u00e9rateur, disciple de Bernardin de Saint-Pierre dont il \u00e9pousa la veuve et \u00e9dita les \u0153uvres<\/div>\n<\/a><div id='prod-cat-desc-3995' class='prod-cat-desc upcp-detail-desc'> 6 L.A.S., Paris 1811-1832\u00a0; 11 pages in-4 ou petit in-4, qqs en-t\u00eates Chambre des D\u00e9put\u00e9s ou D\u00e9p\u00f4t l\u00e9gal... 5 janvier 1811, \u00e0 Andr\u00e9-Marie Amp\u00e8re, pour placer dans un coll\u00e8ge ou un lyc\u00e9e M. Spani\u00e8re, professeur tr\u00e8s instruit, avec envoi de son trait\u00e9 De l\u2019existence de Dieu d\u00e9montr\u00e9e par les merveilles de la nature. Je vous demande beaucoup d\u2019indulgence, et vous \u00eates trop savant et trop aimable pour me refuser ce dont j\u2019ai un si grand besoin\u00a0\u00bb\u2026 181-, \u00e0 un ma\u00eetre. Envoi d\u2019un petit article, avec invitation d\u2019y retrancher ce qui ne lui plaira pas\u00a0: \u00ab\u00a0C\u2019est un jeune homme qui a fait l\u2019article et vous savez que les jeunes gens ont beaucoup d\u2019indulgence pour leurs amis\u00a0\u00bb\u2026 20 juillet 1824. Chef du bureau des proc\u00e8s-verbaux de la Chambre des D\u00e9put\u00e9s, il se plaint aux questeurs de deux employ\u00e9s non ponctuels, et propose pour les punir \u00ab\u00a0une retenue de 8 ou dix jours sur leur traitement\u00a0\u00bb\u2026 24 f\u00e9vrier 1825, pour faire rendre \u00e0 sa compatriote Mme Jardin son brevet de libraire\u20263 avril 1826, en faveur d\u2019une gratification pour M. Rogier, \u00ab\u00a0employ\u00e9 extraordinaire au bureau des proc\u00e8s-verbaux\u00a0\u00bb de la Chambre des d\u00e9put\u00e9s, \u00e0 l\u2019occasion de sa retraite\u2026 6 janvier 1832, comme Directeur du D\u00e9p\u00f4t l\u00e9gal\u2026<div class='upcp-prod-desc-custom-fields upcp-custom-field-details'><\/div><\/div>\n<\/div><div id='prod-cat-end-div-3995' class='prod-cat-end-detail-div upcp-end-detail-div'><div id='prod-cat-price-3995' class='prod-cat-price upcp-detail-price' data-item_price='80\u00a0 \u20ac'><span class='full-price' itemprop='offers' itemscope itemtype='http:\/\/schema.org\/Offer'><span itemprop='price' content='80\u00a0'>80\u00a0<\/span><span itemprop='priceCurrency' content=''> \u20ac<\/span><\/span><\/div>\n<a class='upcp-catalogue-link'  href='\/index.php?rest_route=%2Fwp%2Fv2%2Fpages%2F2928&SingleProduct=3995' onclick='RecordView(3995);'><div id='prod-cat-details-link-3995' class='prod-cat-details-link upcp-detail-details-link'><span class='upcp-details-text'>d\u00e9tails<\/span><span class='upcp-details-icon'>s<\/span><\/div>\n<\/a><\/div><\/div>\n<div id='prod-cat-detail-item-3996' class='prod-cat-item upcp-detail-item ' data-itemid='3996'>\n<div id='prod-cat-detail-div-3996' class='prod-cat-thumb-image-div upcp-detail-image-div'><a class='upcp-catalogue-link'  href='\/index.php?rest_route=%2Fwp%2Fv2%2Fpages%2F2928&SingleProduct=3996' onclick='RecordView(3996);'><img src='http:\/\/www.lesautographes.com\/wp-content\/uploads\/2022\/09\/2-300x230.jpg' alt='002 \u00c9mile Chartier dit ALAIN (1868-1951) philosophe Image' id='prod-cat-thumb-3996' class='prod-cat-thumb-image upcp-thumb-image'><\/a><\/div>\n<div id='prod-cat-mid-div-3996' class='prod-cat-mid-detail-div upcp-mid-detail-div'><a class='upcp-catalogue-link'  href='\/index.php?rest_route=%2Fwp%2Fv2%2Fpages%2F2928&SingleProduct=3996' onclick='RecordView(3996);'><div id='prod-cat-title-3996' class='prod-cat-title upcp-detail-title'>002 \u00c9mile Chartier dit ALAIN (1868-1951) philosophe<\/div>\n<\/a><div id='prod-cat-desc-3996' class='prod-cat-desc upcp-detail-desc'> Manuscrit autographe sign\u00e9, Propos d\u2019un Normand, [1910]\u00a0; 2 pages in-8. Sur la contagion de la peur (texte publi\u00e9 dans La D\u00e9p\u00eache de Rouen du 8 mai 1910). Il n\u2019a pas peur lorsqu\u2019il pense \u00e0 la com\u00e8te, il peut m\u00eame s\u2019amuser \u00e0 imaginer des catastrophes qu\u2019elle pourrait provoquer, mais nous ne sommes pas r\u00e9ellement \u00e9mus par des id\u00e9es\u00a0: \u00ab\u00a0si, par l\u2019effet de la com\u00e8te, nous nous sentions tous en m\u00eame temps paralys\u00e9s, ou glac\u00e9s, ou chauff\u00e9s, ou chatouill\u00e9s, ou fatigu\u00e9s, ou pris de vertige, il y aurait une formidable peur sur la terre. Et cela viendrait surtout de ce que la peur se multiplierait par la contagion. Une centaine de visages hagards sous mes yeux feraient en un instant ce que les discours d\u2019astronomes, pendant des mois, ne sauraient faire\u00a0\u00bb\u2026 Ainsi il comprend la grande peur de l\u2019an mil, et le grand mouvement de repentir et de d\u00e9sespoir, face non \u00e0 quelque catastrophe, mais \u00e0 la peur d\u2019une catastrophe\u2026 De m\u00eame, on n\u2019a pas peur de voyager en train, mais on aurait peur de voir la peur de voyageurs qui s\u2019enfuiraient en hurlant. \u00ab\u00a0Les discours sur la com\u00e8te me font rire. Mais s\u2019ils m\u2019\u00e9taient faits dans la rue par mille bouches sinc\u00e8res, je ne sais si je ne deviendrais pas aussi fou qu\u2019eux. [\u2026] Car qu\u2019est-ce que croire\u00a0? C\u2019est agir et sentir comme si on croyait. Ma propre peur me convertirait en un tour de main. En revanche un moine, au milieu de nous, n\u2019arrivera pas \u00e0 croire. Voil\u00e0 pourquoi il faut aimer la sagesse d\u2019autrui autant que la sienne propre\u00a0\u00bb\u2026<div class='upcp-prod-desc-custom-fields upcp-custom-field-details'><\/div><\/div>\n<\/div><div id='prod-cat-end-div-3996' class='prod-cat-end-detail-div upcp-end-detail-div'><div id='prod-cat-price-3996' class='prod-cat-price upcp-detail-price' data-item_price='600\u00a0 \u20ac'><span class='full-price' itemprop='offers' itemscope itemtype='http:\/\/schema.org\/Offer'><span itemprop='price' content='600\u00a0'>600\u00a0<\/span><span itemprop='priceCurrency' content=''> \u20ac<\/span><\/span><\/div>\n<a class='upcp-catalogue-link'  href='\/index.php?rest_route=%2Fwp%2Fv2%2Fpages%2F2928&SingleProduct=3996' onclick='RecordView(3996);'><div id='prod-cat-details-link-3996' class='prod-cat-details-link upcp-detail-details-link'><span class='upcp-details-text'>d\u00e9tails<\/span><span class='upcp-details-icon'>s<\/span><\/div>\n<\/a><\/div><\/div>\n<div id='prod-cat-detail-item-3998' class='prod-cat-item upcp-detail-item ' data-itemid='3998'>\n<div id='prod-cat-detail-div-3998' class='prod-cat-thumb-image-div upcp-detail-image-div'><a class='upcp-catalogue-link'  href='\/index.php?rest_route=%2Fwp%2Fv2%2Fpages%2F2928&SingleProduct=3998' onclick='RecordView(3998);'><img src='http:\/\/www.lesautographes.com\/wp-content\/uploads\/2022\/09\/4-234x300.jpg' alt='004 Jacques-Denis ANTOINE (1733-1804) architecte Image' id='prod-cat-thumb-3998' class='prod-cat-thumb-image upcp-thumb-image'><\/a><\/div>\n<div id='prod-cat-mid-div-3998' class='prod-cat-mid-detail-div upcp-mid-detail-div'><a class='upcp-catalogue-link'  href='\/index.php?rest_route=%2Fwp%2Fv2%2Fpages%2F2928&SingleProduct=3998' onclick='RecordView(3998);'><div id='prod-cat-title-3998' class='prod-cat-title upcp-detail-title'>004 Jacques-Denis ANTOINE (1733-1804) architecte<\/div>\n<\/a><div id='prod-cat-desc-3998' class='prod-cat-desc upcp-detail-desc'>L.A.S., 24 novembre 1790, \u00e0 Pierre-Fran\u00e7ois Palloy, \u00ab\u00a0entrepreneur de b\u00e2timents\u00a0\u00bb\u00a0; 1\u00a0page in-4, adresse. Il le prie de procurer au nomm\u00e9 Philippe, \u00ab\u00a0de l\u2019ouvrage n\u2019importe en quel endroit et dans quel genre\u00a0\u00bb\u2026 C\u2019est un \u00ab\u00a0assez bon menuisier\u00a0\u00bb\u00a0:. Palloy pourra l\u2019\u00ab\u00a0employer avec confiance dans les ouvrages de cette proffession\u00a0; mais comme on fait tout quand il s\u2019agit de vivre, il ne r\u00e9pugnera \u00e0 rien, tant est pressant son besoin, celui de sa femme et de ses enfants\u00a0\u00bb\u2026 Sous la signature d\u2019Antoine, Palloy a not\u00e9\u00a0: \u00ab\u00a0architecte du Roy\u00a0\u00bb<div class='upcp-prod-desc-custom-fields upcp-custom-field-details'><\/div><\/div>\n<\/div><div id='prod-cat-end-div-3998' class='prod-cat-end-detail-div upcp-end-detail-div'><div id='prod-cat-price-3998' class='prod-cat-price upcp-detail-price' data-item_price='300\u00a0 \u20ac'><span class='full-price' itemprop='offers' itemscope itemtype='http:\/\/schema.org\/Offer'><span itemprop='price' content='300\u00a0'>300\u00a0<\/span><span itemprop='priceCurrency' content=''> \u20ac<\/span><\/span><\/div>\n<a class='upcp-catalogue-link'  href='\/index.php?rest_route=%2Fwp%2Fv2%2Fpages%2F2928&SingleProduct=3998' onclick='RecordView(3998);'><div id='prod-cat-details-link-3998' class='prod-cat-details-link upcp-detail-details-link'><span class='upcp-details-text'>d\u00e9tails<\/span><span class='upcp-details-icon'>s<\/span><\/div>\n<\/a><\/div><\/div>\n<div id='prod-cat-detail-item-3999' class='prod-cat-item upcp-detail-item ' data-itemid='3999'>\n<div id='prod-cat-detail-div-3999' class='prod-cat-thumb-image-div upcp-detail-image-div'><a class='upcp-catalogue-link'  href='\/index.php?rest_route=%2Fwp%2Fv2%2Fpages%2F2928&SingleProduct=3999' onclick='RecordView(3999);'><img src='http:\/\/www.lesautographes.com\/wp-content\/uploads\/2022\/09\/5-232x300.jpg' alt='005 Louis ARAGON (1897-1982) \u00e9crivain Image' id='prod-cat-thumb-3999' class='prod-cat-thumb-image upcp-thumb-image'><\/a><\/div>\n<div id='prod-cat-mid-div-3999' class='prod-cat-mid-detail-div upcp-mid-detail-div'><a class='upcp-catalogue-link'  href='\/index.php?rest_route=%2Fwp%2Fv2%2Fpages%2F2928&SingleProduct=3999' onclick='RecordView(3999);'><div id='prod-cat-title-3999' class='prod-cat-title upcp-detail-title'>005 Louis ARAGON (1897-1982) \u00e9crivain<\/div>\n<\/a><div id='prod-cat-desc-3999' class='prod-cat-desc upcp-detail-desc'>Manuscrit autographe sign\u00e9, [Pour Alexandre Sojenitsyne, novembre 1969]\u00a0; 1 page et quart in-4. Contre l\u2019exclusion de SOLJENITSYNE de l\u2019Union des \u00c9crivains sovi\u00e9tiques (4 novembre 1969). Cette d\u00e9claration au nom du Comit\u00e9 National des \u00c9crivains parut dans Les Lettres fran\u00e7aises du 19 novembre 1969 (n\u00b0 1309). \u00ab\u00a0L\u2019exclusion de Solj\u00e9nitsyne de l\u2019Union des \u00c9crivains Sovi\u00e9tiques, annonc\u00e9e, puis d\u00e9mentie, et enfin confirm\u00e9e, suivant une technique t\u00e9l\u00e9guid\u00e9e dont nous commen\u00e7ons \u00e0 prendre l\u2019habitude, constitue aux yeux du monde entier une erreur monumentale, qui ne se borne pas \u00e0 nuire \u00e0 l\u2019Union Sovi\u00e9tique, mais contribue \u00e0 confirmer l\u2019opinion du socialisme qu\u2019en propagent ses ennemis. Nous croyons savoir qu\u2019en d\u2019autres temps l\u00e0-bas les hommes les plus raisonnables, et ceci jusqu\u2019aux plus hautes instances du pouvoir, ont profond\u00e9ment regrett\u00e9 l\u2019erreur analogue commise \u00e0 l\u2019\u00e9gard de Boris Pasternak. Faut-il vraiment que les grands \u00e9crivains de l\u2019URSS soient trait\u00e9s comme des \u00eatres nuisibles\u00a0?\u00a0\u00bb\u2026 Et de nommer quelques \u00e9crivains victimes des Grandes Purges\u2026 \u00ab\u00a0Faut-il dire \u00e0 nos confr\u00e8res sovi\u00e9tiques, \u00e0 ceux qui se taisent ou qu\u2019on force \u00e0 parler comme \u00e0 ceux qui attachent aujourd\u2019hui leur nom \u00e0 des actes en lesquels comment ne voient-ils pas le reflet d\u2019un pass\u00e9 r\u00e9cent\u00a0? qu\u2019ils devraient se rappeler que la signature de certains de leurs devanciers confirmant des exclusions semblables a \u00e9t\u00e9 trop souvent le blanc-seing donn\u00e9 au bourreau\u00a0? [\u2026] nous voulons encore croire que comme au temps des col\u00e8res d\u00e9cha\u00een\u00e9es par un jury qui avait os\u00e9 couronner le plus grand po\u00e8te russe alors vivant, dans les hauts conseils de ce peuple \u00e0 qui nous devons l\u2019aurore d\u2019Octobre et la d\u00e9faite du fascisme hitl\u00e9rien, il se trouvera des gens capables de comprendre le mal fait et de ne pas le laisser s\u2019accomplir\u00a0\u00bb\u2026 Et Aragon inscrit le nom des signataires de la p\u00e9tition, membres du Comit\u00e9 directeur du CNE\u00a0: Elsa Triolet, Vercors,Jacques Madaule, Arthur Adamov, Aragon, Jean-Louis Bory, Michel Butor, Jean-Pierre Faye, Georges Govy, Guillevic, Pierre Paraf, Vladimir Pozner, Alain Pr\u00e9vost, Christiane Rochefort, Jean Rousselot, Jean-Paul Sartre.<div class='upcp-prod-desc-custom-fields upcp-custom-field-details'><\/div><\/div>\n<\/div><div id='prod-cat-end-div-3999' class='prod-cat-end-detail-div upcp-end-detail-div'><div id='prod-cat-price-3999' class='prod-cat-price upcp-detail-price' data-item_price='2\u00a0000\u00a0 \u20ac'><span class='full-price' itemprop='offers' itemscope itemtype='http:\/\/schema.org\/Offer'><span itemprop='price' content='2\u00a0000\u00a0'>2\u00a0000\u00a0<\/span><span itemprop='priceCurrency' content=''> \u20ac<\/span><\/span><\/div>\n<a class='upcp-catalogue-link'  href='\/index.php?rest_route=%2Fwp%2Fv2%2Fpages%2F2928&SingleProduct=3999' onclick='RecordView(3999);'><div id='prod-cat-details-link-3999' class='prod-cat-details-link upcp-detail-details-link'><span class='upcp-details-text'>d\u00e9tails<\/span><span class='upcp-details-icon'>s<\/span><\/div>\n<\/a><\/div><\/div>\n<div id='prod-cat-detail-item-4002' class='prod-cat-item upcp-detail-item ' data-itemid='4002'>\n<div id='prod-cat-detail-div-4002' class='prod-cat-thumb-image-div upcp-detail-image-div'><a class='upcp-catalogue-link'  href='\/index.php?rest_route=%2Fwp%2Fv2%2Fpages%2F2928&SingleProduct=4002' onclick='RecordView(4002);'><img src='http:\/\/www.lesautographes.com\/wp-content\/uploads\/2022\/09\/8-190x300.jpg' alt='008 ASSIGNATS Image' id='prod-cat-thumb-4002' class='prod-cat-thumb-image upcp-thumb-image'><\/a><\/div>\n<div id='prod-cat-mid-div-4002' class='prod-cat-mid-detail-div upcp-mid-detail-div'><a class='upcp-catalogue-link'  href='\/index.php?rest_route=%2Fwp%2Fv2%2Fpages%2F2928&SingleProduct=4002' onclick='RecordView(4002);'><div id='prod-cat-title-4002' class='prod-cat-title upcp-detail-title'>008 ASSIGNATS<\/div>\n<\/a><div id='prod-cat-desc-4002' class='prod-cat-desc upcp-detail-desc'>P.S. par Philippe Antoine Grouvelle (1753-1806) et Guillot, \u00ab\u00a0Directeurs de la fabrication des Assignats\u00a0\u00bb, Paris 11 septembre 1793\u00a0; 11 pages et demie gr. in-fol. Int\u00e9ressant document sur les employ\u00e9s \u00e0 la fabrication des assignats. \u00c9tat des \u00ab\u00a0Mandats fournis\u00a0\u00bb, tir\u00e9s sur la Tr\u00e9sorerie, et remis aux ouvriers et artisans employ\u00e9s par l\u2019imprimerie, en 1792-1793\u00a0: Herhan, \u00ab\u00a0pour la multiplication de la taille douce\u00a0\u00bb, Grassal m\u00e9canicien, Pierre timbreur, Chaulin papetier, Gallois planeur en cuivre, Daumy fondeur, Tardieu graveur, ainsi que des fondeurs, graveurs, serruriers, m\u00e9caniciens, menuisiers, \u00e9pingliers, plombiers, etc.<div class='upcp-prod-desc-custom-fields upcp-custom-field-details'><\/div><\/div>\n<\/div><div id='prod-cat-end-div-4002' class='prod-cat-end-detail-div upcp-end-detail-div'><div id='prod-cat-price-4002' class='prod-cat-price upcp-detail-price' data-item_price='500\u00a0 \u20ac'><span class='full-price' itemprop='offers' itemscope itemtype='http:\/\/schema.org\/Offer'><span itemprop='price' content='500\u00a0'>500\u00a0<\/span><span itemprop='priceCurrency' content=''> \u20ac<\/span><\/span><\/div>\n<a class='upcp-catalogue-link'  href='\/index.php?rest_route=%2Fwp%2Fv2%2Fpages%2F2928&SingleProduct=4002' onclick='RecordView(4002);'><div id='prod-cat-details-link-4002' class='prod-cat-details-link upcp-detail-details-link'><span class='upcp-details-text'>d\u00e9tails<\/span><span class='upcp-details-icon'>s<\/span><\/div>\n<\/a><\/div><\/div>\n<div id='prod-cat-detail-item-4003' class='prod-cat-item upcp-detail-item ' data-itemid='4003'>\n<div id='prod-cat-detail-div-4003' class='prod-cat-thumb-image-div upcp-detail-image-div'><a class='upcp-catalogue-link'  href='\/index.php?rest_route=%2Fwp%2Fv2%2Fpages%2F2928&SingleProduct=4003' onclick='RecordView(4003);'><img src='http:\/\/www.lesautographes.com\/wp-content\/uploads\/2022\/09\/9.jpg' alt='009 Jacques AUDIBERTI (1899-1965) \u00e9crivain Image' id='prod-cat-thumb-4003' class='prod-cat-thumb-image upcp-thumb-image'><\/a><\/div>\n<div id='prod-cat-mid-div-4003' class='prod-cat-mid-detail-div upcp-mid-detail-div'><a class='upcp-catalogue-link'  href='\/index.php?rest_route=%2Fwp%2Fv2%2Fpages%2F2928&SingleProduct=4003' onclick='RecordView(4003);'><div id='prod-cat-title-4003' class='prod-cat-title upcp-detail-title'>009 Jacques AUDIBERTI (1899-1965) \u00e9crivain<\/div>\n<\/a><div id='prod-cat-desc-4003' class='prod-cat-desc upcp-detail-desc'>L.A.S. avec dessin, [Paris 10 avril 1938], \u00e0 Andr\u00e9 Rolland de Ren\u00e9ville\u00a0; 1\u00a0page in-4, enveloppe. Belle lettre. \u00ab\u00a0Pardonnez-moi de ne pas vous avoir remerci\u00e9 plus t\u00f4t pour votre livre [L\u2019Exp\u00e9rience po\u00e9tique]. Vous savez combien je vous admire pour cette lucide amour que vous portez \u00e0 ce qui est tout, et qui n\u2019est rien, \u00e0 ce qui est nous, et notre mort \u2013 \u00e0 la po\u00e9sie. Lucide amour, amour exalt\u00e9e et sacrifi\u00e9e. Faire comprendre que l\u2019ombre \u00e9voqu\u00e9e d\u2019un nuage par les mots nombreux, cela compte, cela est s\u00e9rieux, voil\u00e0 la haute part que vous avez choisie \u2013 un nuage sur la face de la Puissance Assise \u2013 et vivre pour cette t\u00e2che, vivre comme on mourrait\u00a0\u00bb... En marge, Audiberti a dessin\u00e9 \u00e0 la plume un crucifi\u00e9 et un personnage f\u00e9minin, drap\u00e9.<div class='upcp-prod-desc-custom-fields upcp-custom-field-details'><\/div><\/div>\n<\/div><div id='prod-cat-end-div-4003' class='prod-cat-end-detail-div upcp-end-detail-div'><div id='prod-cat-price-4003' class='prod-cat-price upcp-detail-price' data-item_price='300\u00a0 \u20ac'><span class='full-price' itemprop='offers' itemscope itemtype='http:\/\/schema.org\/Offer'><span itemprop='price' content='300\u00a0'>300\u00a0<\/span><span itemprop='priceCurrency' content=''> \u20ac<\/span><\/span><\/div>\n<a class='upcp-catalogue-link'  href='\/index.php?rest_route=%2Fwp%2Fv2%2Fpages%2F2928&SingleProduct=4003' onclick='RecordView(4003);'><div id='prod-cat-details-link-4003' class='prod-cat-details-link upcp-detail-details-link'><span class='upcp-details-text'>d\u00e9tails<\/span><span class='upcp-details-icon'>s<\/span><\/div>\n<\/a><\/div><\/div>\n<div id='prod-cat-detail-item-4006' class='prod-cat-item upcp-detail-item ' data-itemid='4006'>\n<div id='prod-cat-detail-div-4006' class='prod-cat-thumb-image-div upcp-detail-image-div'><a class='upcp-catalogue-link'  href='\/index.php?rest_route=%2Fwp%2Fv2%2Fpages%2F2928&SingleProduct=4006' onclick='RecordView(4006);'><img src='http:\/\/www.lesautographes.com\/wp-content\/uploads\/2022\/09\/12-186x300.jpg' alt='012 Jules BARBEY D'AUREVILLY (1808-1889) \u00e9crivain Image' id='prod-cat-thumb-4006' class='prod-cat-thumb-image upcp-thumb-image'><\/a><\/div>\n<div id='prod-cat-mid-div-4006' class='prod-cat-mid-detail-div upcp-mid-detail-div'><a class='upcp-catalogue-link'  href='\/index.php?rest_route=%2Fwp%2Fv2%2Fpages%2F2928&SingleProduct=4006' onclick='RecordView(4006);'><div id='prod-cat-title-4006' class='prod-cat-title upcp-detail-title'>012 Jules BARBEY D'AUREVILLY (1808-1889) \u00e9crivain<\/div>\n<\/a><div id='prod-cat-desc-4006' class='prod-cat-desc upcp-detail-desc'>L.A.S., [1858], \u00e0 Marie Escudier, directeur du R\u00e9veil\u00a0; 1\u00a0page in-fol. \u00e0 l\u2019encre rouge, enveloppe. Il s\u2019est plac\u00e9 dans un \u00e9tat nerveux tr\u00e8s \u00e9trange, hier, en voulant travailler toute la journ\u00e9e. \u00ab\u00a0Le Napol\u00e9on III \u00e9tait la brochure sur l\u2019Angleterre, mais quand j\u2019ai \u00e9t\u00e9 l\u00e0-dedans, j\u2019ai bien vite reconnu que la politique \u00e9tait in\u00e9vitable\u00a0: alors j\u2019ai chang\u00e9 de guitare. J\u2019ai voulu railler et j\u2019ai commenc\u00e9 un article sur les Cuisiniers litt\u00e9raires (Le Gourmet) mais il ne faut pas \u00eatre \u00e9puis\u00e9 d\u2019\u00e9lectricit\u00e9 pour avoir du vif et du mordant. Le mordu, c\u2019\u00e9tait moi\u00a0! Je me suis donc couch\u00e9 comme on tombe sur le champ de bataille. [...] Avec un esprit aussi mors aux dents et aussi t\u00eatu que le mien, il me faudrait, pour que l\u2019horrible chose d\u2019hier ne recommen\u00e7\u00e2t point, un article toujours fait d\u2019avance qui serait un en cas pour les jours o\u00f9 je ne pourrais rimer malgr\u00e9 Minerve\u00a0\u00bb... Mais il proteste\u00a0: \u00ab\u00a0plus d\u2019articles en l\u2019air\u00a0! J\u2019abhorre les g\u00e9n\u00e9ralit\u00e9s. Si pour mon article sur ces mis\u00e9rables femmes, j\u2019avais eu un livre, \u2013 que j\u2019eusse dit mes id\u00e9es \u00e0 propos d\u2019un livre, \u2013 je n\u2019aurais pas manqu\u00e9 mon bond\u00a0\u00bb...<div class='upcp-prod-desc-custom-fields upcp-custom-field-details'><\/div><\/div>\n<\/div><div id='prod-cat-end-div-4006' class='prod-cat-end-detail-div upcp-end-detail-div'><div id='prod-cat-price-4006' class='prod-cat-price upcp-detail-price' data-item_price='800\u00a0 \u20ac'><span class='full-price' itemprop='offers' itemscope itemtype='http:\/\/schema.org\/Offer'><span itemprop='price' content='800\u00a0'>800\u00a0<\/span><span itemprop='priceCurrency' content=''> \u20ac<\/span><\/span><\/div>\n<a class='upcp-catalogue-link'  href='\/index.php?rest_route=%2Fwp%2Fv2%2Fpages%2F2928&SingleProduct=4006' onclick='RecordView(4006);'><div id='prod-cat-details-link-4006' class='prod-cat-details-link upcp-detail-details-link'><span class='upcp-details-text'>d\u00e9tails<\/span><span class='upcp-details-icon'>s<\/span><\/div>\n<\/a><\/div><\/div>\n<div id='prod-cat-detail-item-4007' class='prod-cat-item upcp-detail-item ' data-itemid='4007'>\n<div id='prod-cat-detail-div-4007' class='prod-cat-thumb-image-div upcp-detail-image-div'><a class='upcp-catalogue-link'  href='\/index.php?rest_route=%2Fwp%2Fv2%2Fpages%2F2928&SingleProduct=4007' onclick='RecordView(4007);'><img src='http:\/\/www.lesautographes.com\/wp-content\/uploads\/2022\/09\/13-194x300.jpg' alt='013 [Jules BARBEY D\u2019AUREVILLY (1808-1889)] Image' id='prod-cat-thumb-4007' class='prod-cat-thumb-image upcp-thumb-image'><\/a><\/div>\n<div id='prod-cat-mid-div-4007' class='prod-cat-mid-detail-div upcp-mid-detail-div'><a class='upcp-catalogue-link'  href='\/index.php?rest_route=%2Fwp%2Fv2%2Fpages%2F2928&SingleProduct=4007' onclick='RecordView(4007);'><div id='prod-cat-title-4007' class='prod-cat-title upcp-detail-title'>013 [Jules BARBEY D\u2019AUREVILLY (1808-1889)]<\/div>\n<\/a><div id='prod-cat-desc-4007' class='prod-cat-desc upcp-detail-desc'>Copies autographes par Guillaume-Stanislas TREBUTIEN (1800-1870)\u00a0; 10 pages et demie in-4. Int\u00e9ressant ensemble de copies de lettres et de po\u00e8mes de Barbey, de la main de son fid\u00e8le ami. \u2014 \u00ab\u00a0Oh\u00a0! pourquoi voyager\u00a0\u00bb...\u00a0: po\u00e8me de 96 vers, Caen 9 d\u00e9cembre 1834, avec copie d\u2019une lettre de Barbey \u00e0 Tr\u00e9butien le 13 d\u00e9cembre 1834 dans laquelle il parle de cette pi\u00e8ce de vers qui a re\u00e7u les applaudissements de son fr\u00e8re et qu\u2019il croit \u00ab\u00a0antique de puret\u00e9, d\u2019attitude et de simplicit\u00e9 fi\u00e8re\u00a0\u00bb... \u2014 Saigne mon c\u0153ur (20 vers), suivi d\u2019un extrait d\u2019une lettre du 29 juillet 1851, expliquant le dernier vers de cette \u00ab\u00a0boucherie\u00a0\u00bb. \u2014 Lettre du 13 septembre 1854 dans laquelle Barbey propose \u00e0 Trebutien de collaborer \u00e0 l\u2019\u00e9laboration de deux ouvrages, l\u2019un s\u2019intitulerait Rhythme par Rhythme et se composerait peu \u00e0 peu de ce qu\u2019il lui enverrait, l\u2019autre serait \u00ab\u00a0des pens\u00e9es sur toutes choses [...] la limaille du fer que je scie [...] les \u0153uvres d\u2019haleine ne seraient pas pour cela interrompues, et ce serait comme un par dessus le march\u00e9 de mes autres occupations et travaux\u00a0\u00bb... \u2014 A Roger de Beauvoir\u00a0: envoi de 21 vers pour La Bague d\u2019Annibal.<div class='upcp-prod-desc-custom-fields upcp-custom-field-details'><\/div><\/div>\n<\/div><div id='prod-cat-end-div-4007' class='prod-cat-end-detail-div upcp-end-detail-div'><div id='prod-cat-price-4007' class='prod-cat-price upcp-detail-price' data-item_price='400\u00a0 \u20ac'><span class='full-price' itemprop='offers' itemscope itemtype='http:\/\/schema.org\/Offer'><span itemprop='price' content='400\u00a0'>400\u00a0<\/span><span itemprop='priceCurrency' content=''> \u20ac<\/span><\/span><\/div>\n<a class='upcp-catalogue-link'  href='\/index.php?rest_route=%2Fwp%2Fv2%2Fpages%2F2928&SingleProduct=4007' onclick='RecordView(4007);'><div id='prod-cat-details-link-4007' class='prod-cat-details-link upcp-detail-details-link'><span class='upcp-details-text'>d\u00e9tails<\/span><span class='upcp-details-icon'>s<\/span><\/div>\n<\/a><\/div><\/div>\n<div id='prod-cat-detail-item-4008' class='prod-cat-item upcp-detail-item ' data-itemid='4008'>\n<div id='prod-cat-detail-div-4008' class='prod-cat-thumb-image-div upcp-detail-image-div'><a class='upcp-catalogue-link'  href='\/index.php?rest_route=%2Fwp%2Fv2%2Fpages%2F2928&SingleProduct=4008' onclick='RecordView(4008);'><img src='http:\/\/www.lesautographes.com\/wp-content\/uploads\/2022\/09\/14-220x300.jpg' alt='014 L\u00e9on BARBEY D\u2019AUREVILLY (1809-1876) abb\u00e9, missionnaire eudiste, fr\u00e8re du romancier Image' id='prod-cat-thumb-4008' class='prod-cat-thumb-image upcp-thumb-image'><\/a><\/div>\n<div id='prod-cat-mid-div-4008' class='prod-cat-mid-detail-div upcp-mid-detail-div'><a class='upcp-catalogue-link'  href='\/index.php?rest_route=%2Fwp%2Fv2%2Fpages%2F2928&SingleProduct=4008' onclick='RecordView(4008);'><div id='prod-cat-title-4008' class='prod-cat-title upcp-detail-title'>014 L\u00e9on BARBEY D\u2019AUREVILLY (1809-1876) abb\u00e9, missionnaire eudiste, fr\u00e8re du romancier<\/div>\n<\/a><div id='prod-cat-desc-4008' class='prod-cat-desc upcp-detail-desc'>L.A.S., St Sauveur le Vicomte 17 janvier 1833, au pr\u00e9sident d\u2019Avannes, et po\u00e8me autographe sign\u00e9, La Mauve et la petite fille\u00a0; 2 pages et demie et 4 pages in-4. \u2014 Il remercie du dipl\u00f4me envoy\u00e9 par l\u2019Acad\u00e9mie \u00e9bro\u00efcienne, \u00ab\u00a0soci\u00e9t\u00e9 d\u2019hommes spirituels, &amp; distingu\u00e9s par le talent &amp; par la science\u00a0\u00bb, pour le bulletin de laquelle il propose une \u00ab\u00a0Chronique Normande in\u00e9dite\u00a0\u00bb. Il accepte d\u2019\u00eatre inscrit comme directeur de la correspondance car \u00ab\u00a0la r\u00e9volution de Juillet m\u2019a fait assez de loisir pour que je puisse donner \u00e0 l\u2019\u00e9tude, aux r\u00eaveries, &amp; aux choses de la science [...] toutes les parties de ma journ\u00e9e qui s\u2019\u00e9coulent ici dans une solitude de famille tr\u00e8s favorable au travail et \u00e0 la m\u00e9ditation\u00a0\u00bb... \u2014 La Mauve et la petite fille, Harmonie marine, est une ballade de 88 vers dat\u00e9e de Carteret et sign\u00e9e \u00ab\u00a0L\u00e9on d\u2019Aurevilly r\u00e9dacteur fondateur du Momus Normand\u00a0\u00bb\u00a0:  \u00ab\u00a0Vous n\u2019avez pas de larmes dans le c\u0153ur\u00a0Si, pr\u00e8s de l\u2019eau qui bouillonne &amp; scintille\u00a0\u00bb....<div class='upcp-prod-desc-custom-fields upcp-custom-field-details'><\/div><\/div>\n<\/div><div id='prod-cat-end-div-4008' class='prod-cat-end-detail-div upcp-end-detail-div'><div id='prod-cat-price-4008' class='prod-cat-price upcp-detail-price' data-item_price='500\u00a0 \u20ac'><span class='full-price' itemprop='offers' itemscope itemtype='http:\/\/schema.org\/Offer'><span itemprop='price' content='500\u00a0'>500\u00a0<\/span><span itemprop='priceCurrency' content=''> \u20ac<\/span><\/span><\/div>\n<a class='upcp-catalogue-link'  href='\/index.php?rest_route=%2Fwp%2Fv2%2Fpages%2F2928&SingleProduct=4008' onclick='RecordView(4008);'><div id='prod-cat-details-link-4008' class='prod-cat-details-link upcp-detail-details-link'><span class='upcp-details-text'>d\u00e9tails<\/span><span class='upcp-details-icon'>s<\/span><\/div>\n<\/a><\/div><\/div>\n<div id='prod-cat-detail-item-4009' class='prod-cat-item upcp-detail-item ' data-itemid='4009'>\n<div id='prod-cat-detail-div-4009' class='prod-cat-thumb-image-div upcp-detail-image-div'><a class='upcp-catalogue-link'  href='\/index.php?rest_route=%2Fwp%2Fv2%2Fpages%2F2928&SingleProduct=4009' onclick='RecordView(4009);'><img src='http:\/\/www.lesautographes.com\/wp-content\/uploads\/2022\/09\/15-198x300.jpg' alt='015 Auguste BARBIER (1805-1882) po\u00e8te Image' id='prod-cat-thumb-4009' class='prod-cat-thumb-image upcp-thumb-image'><\/a><\/div>\n<div id='prod-cat-mid-div-4009' class='prod-cat-mid-detail-div upcp-mid-detail-div'><a class='upcp-catalogue-link'  href='\/index.php?rest_route=%2Fwp%2Fv2%2Fpages%2F2928&SingleProduct=4009' onclick='RecordView(4009);'><div id='prod-cat-title-4009' class='prod-cat-title upcp-detail-title'>015 Auguste BARBIER (1805-1882) po\u00e8te<\/div>\n<\/a><div id='prod-cat-desc-4009' class='prod-cat-desc upcp-detail-desc'>L.A.S., 21 juin 1854, [\u00e0 Philippe BUSONI]\u00a0; 1\u00a0page in-8. Il remercie des deux volumes de sa belle traduction, qui l\u2019ont surpris \u00e0 son retour de la campagne\u00a0: \u00ab\u00a0je ne puis mieux r\u00e9pondre qu\u2019en vous relisant avec plus d\u2019attention et en vous priant d\u2019accepter deux volumes de ma fa\u00e7on. Les vers sont un peu vieux, ils ne sont pas de Dante, cependant je ne les crois pas indignes de votre int\u00e9r\u00eat\u00a0\u00bb...<div class='upcp-prod-desc-custom-fields upcp-custom-field-details'><\/div><\/div>\n<\/div><div id='prod-cat-end-div-4009' class='prod-cat-end-detail-div upcp-end-detail-div'><div id='prod-cat-price-4009' class='prod-cat-price upcp-detail-price' data-item_price='100\u00a0 \u20ac'><span class='full-price' itemprop='offers' itemscope itemtype='http:\/\/schema.org\/Offer'><span itemprop='price' content='100\u00a0'>100\u00a0<\/span><span itemprop='priceCurrency' content=''> \u20ac<\/span><\/span><\/div>\n<a class='upcp-catalogue-link'  href='\/index.php?rest_route=%2Fwp%2Fv2%2Fpages%2F2928&SingleProduct=4009' onclick='RecordView(4009);'><div id='prod-cat-details-link-4009' class='prod-cat-details-link upcp-detail-details-link'><span class='upcp-details-text'>d\u00e9tails<\/span><span class='upcp-details-icon'>s<\/span><\/div>\n<\/a><\/div><\/div>\n<div id='prod-cat-detail-item-4010' class='prod-cat-item upcp-detail-item ' data-itemid='4010'>\n<div id='prod-cat-detail-div-4010' class='prod-cat-thumb-image-div upcp-detail-image-div'><a class='upcp-catalogue-link'  href='\/index.php?rest_route=%2Fwp%2Fv2%2Fpages%2F2928&SingleProduct=4010' onclick='RecordView(4010);'><img src='http:\/\/www.lesautographes.com\/wp-content\/uploads\/2022\/09\/16-195x300.jpg' alt='016 Maurice BARR\u00c8S (1862-1923) \u00e9crivain Image' id='prod-cat-thumb-4010' class='prod-cat-thumb-image upcp-thumb-image'><\/a><\/div>\n<div id='prod-cat-mid-div-4010' class='prod-cat-mid-detail-div upcp-mid-detail-div'><a class='upcp-catalogue-link'  href='\/index.php?rest_route=%2Fwp%2Fv2%2Fpages%2F2928&SingleProduct=4010' onclick='RecordView(4010);'><div id='prod-cat-title-4010' class='prod-cat-title upcp-detail-title'>016 Maurice BARR\u00c8S (1862-1923) \u00e9crivain<\/div>\n<\/a><div id='prod-cat-desc-4010' class='prod-cat-desc upcp-detail-desc'>L.A.S., 27 novembre [vers 1890], \u00e0 Edmond Deschaumes\u00a0; 2 pages in-8. Il le remercie de son int\u00e9r\u00eat pour son dernier ouvrage\u00a0: \u00ab\u00a0Assur\u00e9ment j\u2019aurais aim\u00e9 que votre opinion ainsi motiv\u00e9e fut mise sous les yeux du public, car il est improbable que je re\u00e7oive de plus s\u00fbre marque de ce qui est la grande satisfaction\u00a0: faire penser [...] Il est assez \u00e9vident \u2013 sans y mettre une vanit\u00e9 qui, selon moi, n\u2019a pas de sens \u2013 que j\u2019\u00e9cris pour des intelligences particuli\u00e8res plut\u00f4t que pour la masse. Je suis encore trop pr\u00e8s de l\u2019instant o\u00f9 j\u2019ai senti tout ce qui est dans ce livre pour accepter les objections. D\u00e9tach\u00e9 de moi depuis quelques semaines seulement, ce bouquin-l\u00e0 a encore le m\u00eame rythme que moi-m\u00eame. Et pourtant j\u2019entrevois d\u00e9j\u00e0 que dans quelque d\u00e9lai je serai de votre opinion. Je perdrai le parti pris si n\u00e9cessaire \u00e0 l\u2019entra\u00eenement de la production\u00a0\u00bb\u2026<div class='upcp-prod-desc-custom-fields upcp-custom-field-details'><\/div><\/div>\n<\/div><div id='prod-cat-end-div-4010' class='prod-cat-end-detail-div upcp-end-detail-div'><div id='prod-cat-price-4010' class='prod-cat-price upcp-detail-price' data-item_price='250\u00a0 \u20ac'><span class='full-price' itemprop='offers' itemscope itemtype='http:\/\/schema.org\/Offer'><span itemprop='price' content='250\u00a0'>250\u00a0<\/span><span itemprop='priceCurrency' content=''> \u20ac<\/span><\/span><\/div>\n<a class='upcp-catalogue-link'  href='\/index.php?rest_route=%2Fwp%2Fv2%2Fpages%2F2928&SingleProduct=4010' onclick='RecordView(4010);'><div id='prod-cat-details-link-4010' class='prod-cat-details-link upcp-detail-details-link'><span class='upcp-details-text'>d\u00e9tails<\/span><span class='upcp-details-icon'>s<\/span><\/div>\n<\/a><\/div><\/div>\n<div id='prod-cat-detail-item-4011' class='prod-cat-item upcp-detail-item ' data-itemid='4011'>\n<div id='prod-cat-detail-div-4011' class='prod-cat-thumb-image-div upcp-detail-image-div'><a class='upcp-catalogue-link'  href='\/index.php?rest_route=%2Fwp%2Fv2%2Fpages%2F2928&SingleProduct=4011' onclick='RecordView(4011);'><img src='http:\/\/www.lesautographes.com\/wp-content\/uploads\/2022\/09\/17-192x300.jpg' alt='017 Antoine Louis BARYE (1795-1875) sculpteur animalier Image' id='prod-cat-thumb-4011' class='prod-cat-thumb-image upcp-thumb-image'><\/a><\/div>\n<div id='prod-cat-mid-div-4011' class='prod-cat-mid-detail-div upcp-mid-detail-div'><a class='upcp-catalogue-link'  href='\/index.php?rest_route=%2Fwp%2Fv2%2Fpages%2F2928&SingleProduct=4011' onclick='RecordView(4011);'><div id='prod-cat-title-4011' class='prod-cat-title upcp-detail-title'>017 Antoine Louis BARYE (1795-1875) sculpteur animalier<\/div>\n<\/a><div id='prod-cat-desc-4011' class='prod-cat-desc upcp-detail-desc'>L.A.S., 13 novembre 1873, \u00e0 M. Pingard, secr\u00e9taire de l\u2019Institut\u00a0; 1 page in-8. Il le prie de retirer au secr\u00e9tariat les billets qui lui sont r\u00e9serv\u00e9s pour la S\u00e9ance annuelle de l\u2019Institut.<div class='upcp-prod-desc-custom-fields upcp-custom-field-details'><\/div><\/div>\n<\/div><div id='prod-cat-end-div-4011' class='prod-cat-end-detail-div upcp-end-detail-div'><div id='prod-cat-price-4011' class='prod-cat-price upcp-detail-price' data-item_price='170\u00a0 \u20ac'><span class='full-price' itemprop='offers' itemscope itemtype='http:\/\/schema.org\/Offer'><span itemprop='price' content='170\u00a0'>170\u00a0<\/span><span itemprop='priceCurrency' content=''> \u20ac<\/span><\/span><\/div>\n<a class='upcp-catalogue-link'  href='\/index.php?rest_route=%2Fwp%2Fv2%2Fpages%2F2928&SingleProduct=4011' onclick='RecordView(4011);'><div id='prod-cat-details-link-4011' class='prod-cat-details-link upcp-detail-details-link'><span class='upcp-details-text'>d\u00e9tails<\/span><span class='upcp-details-icon'>s<\/span><\/div>\n<\/a><\/div><\/div>\n<div id='prod-cat-detail-item-4013' class='prod-cat-item upcp-detail-item ' data-itemid='4013'>\n<div id='prod-cat-detail-div-4013' class='prod-cat-thumb-image-div upcp-detail-image-div'><a class='upcp-catalogue-link'  href='\/index.php?rest_route=%2Fwp%2Fv2%2Fpages%2F2928&SingleProduct=4013' onclick='RecordView(4013);'><img src='http:\/\/www.lesautographes.com\/wp-content\/uploads\/2022\/09\/19-300x212.jpg' alt='019 Henry BECQUE (1837-1899) auteur dramatique Image' id='prod-cat-thumb-4013' class='prod-cat-thumb-image upcp-thumb-image'><\/a><\/div>\n<div id='prod-cat-mid-div-4013' class='prod-cat-mid-detail-div upcp-mid-detail-div'><a class='upcp-catalogue-link'  href='\/index.php?rest_route=%2Fwp%2Fv2%2Fpages%2F2928&SingleProduct=4013' onclick='RecordView(4013);'><div id='prod-cat-title-4013' class='prod-cat-title upcp-detail-title'>019 Henry BECQUE (1837-1899) auteur dramatique<\/div>\n<\/a><div id='prod-cat-desc-4013' class='prod-cat-desc upcp-detail-desc'>4 L.A.S., [1867 et 1898], au compositeur Victorin de Jonci\u00e8res\u00a0; 10\u00a0pages in-8. De Dieppe, il attend une r\u00e9ponse \u00e0 sa derni\u00e8re lettre \u00ab\u00a0avec un l\u00e9ger impatientement\u00a0\u00bb \u00e0 propos des rapports avec une certaine famille B. Il envoie deux actes de la com\u00e9die \u00e0 laquelle il travaille et dont il est plut\u00f4t satisfait\u00a0: \u00ab\u00a0le 1er acte, exposition, me para\u00eet bon, le 4e acte, oh le 4e &nbsp;acte c\u2019est tr\u00e8s fort, le 3e avance\u00a0\u00bb. Il est question de leur op\u00e9ra Sardanapale qu\u2019il faut placer, de l\u2019Exposition universelle \u00e0 Paris o\u00f9 il voudrait bien se rendre, du spectacle laid et bouffon d\u2019une procession de la F\u00eate-Dieu \u00e0 Dieppe, des articles que Jonci\u00e8res pourrait proposer au journal La Volont\u00e9, etc.<div class='upcp-prod-desc-custom-fields upcp-custom-field-details'><\/div><\/div>\n<\/div><div id='prod-cat-end-div-4013' class='prod-cat-end-detail-div upcp-end-detail-div'><div id='prod-cat-price-4013' class='prod-cat-price upcp-detail-price' data-item_price='400\u00a0 \u20ac'><span class='full-price' itemprop='offers' itemscope itemtype='http:\/\/schema.org\/Offer'><span itemprop='price' content='400\u00a0'>400\u00a0<\/span><span itemprop='priceCurrency' content=''> \u20ac<\/span><\/span><\/div>\n<a class='upcp-catalogue-link'  href='\/index.php?rest_route=%2Fwp%2Fv2%2Fpages%2F2928&SingleProduct=4013' onclick='RecordView(4013);'><div id='prod-cat-details-link-4013' class='prod-cat-details-link upcp-detail-details-link'><span class='upcp-details-text'>d\u00e9tails<\/span><span class='upcp-details-icon'>s<\/span><\/div>\n<\/a><\/div><\/div>\n<div id='prod-cat-detail-item-4015' class='prod-cat-item upcp-detail-item ' data-itemid='4015'>\n<div id='prod-cat-detail-div-4015' class='prod-cat-thumb-image-div upcp-detail-image-div'><a class='upcp-catalogue-link'  href='\/index.php?rest_route=%2Fwp%2Fv2%2Fpages%2F2928&SingleProduct=4015' onclick='RecordView(4015);'><img src='http:\/\/www.lesautographes.com\/wp-content\/uploads\/2022\/09\/21-227x300.jpg' alt='021 Ren\u00e9 BENJAMIN (1885-1948) \u00e9crivain Image' id='prod-cat-thumb-4015' class='prod-cat-thumb-image upcp-thumb-image'><\/a><\/div>\n<div id='prod-cat-mid-div-4015' class='prod-cat-mid-detail-div upcp-mid-detail-div'><a class='upcp-catalogue-link'  href='\/index.php?rest_route=%2Fwp%2Fv2%2Fpages%2F2928&SingleProduct=4015' onclick='RecordView(4015);'><div id='prod-cat-title-4015' class='prod-cat-title upcp-detail-title'>021 Ren\u00e9 BENJAMIN (1885-1948) \u00e9crivain<\/div>\n<\/a><div id='prod-cat-desc-4015' class='prod-cat-desc upcp-detail-desc'>Manuscrit autographe sign\u00e9, Sacr\u00e9s Humoristes\u00a0!\u00a0; 3 pages et demie petit in-4. Sayn\u00e8te entre Monsieur, Madame et leur fille Alice, 18 ans. Au retour d\u2019une visite au Salon des Humoristes, Madame indique \u00e0 Monsieur son m\u00e9contentement d\u2019avoir men\u00e9 leur fille, \u00ab\u00a0une vraie jeune fille, voir des gaudrioles, des petites ordures\u00a0!\u00a0\u00bb\u2026 Monsieur se d\u00e9fend\u00a0: ils ont vu des choses dr\u00f4les\u2026 Mais Alice d\u00e9montre, avec beaucoup de naturel, qu\u2019elle a appr\u00e9ci\u00e9 la grivoiserie, et Monsieur, \u00e0 son tour, bl\u00e2me son \u00e9pouse de ne s\u2019\u00eatre pas enquise d\u2019avance de ce que c\u2019\u00e9tait que ce salon, afin de prot\u00e9ger leur fille\u00a0: \u00ab\u00a0un jour ou l\u2019autre il t\u2019en cuira\u00a0\u00bb\u2026 <div class='upcp-prod-desc-custom-fields upcp-custom-field-details'><\/div><\/div>\n<\/div><div id='prod-cat-end-div-4015' class='prod-cat-end-detail-div upcp-end-detail-div'><div id='prod-cat-price-4015' class='prod-cat-price upcp-detail-price' data-item_price='100\u00a0 \u20ac'><span class='full-price' itemprop='offers' itemscope itemtype='http:\/\/schema.org\/Offer'><span itemprop='price' content='100\u00a0'>100\u00a0<\/span><span itemprop='priceCurrency' content=''> \u20ac<\/span><\/span><\/div>\n<a class='upcp-catalogue-link'  href='\/index.php?rest_route=%2Fwp%2Fv2%2Fpages%2F2928&SingleProduct=4015' onclick='RecordView(4015);'><div id='prod-cat-details-link-4015' class='prod-cat-details-link upcp-detail-details-link'><span class='upcp-details-text'>d\u00e9tails<\/span><span class='upcp-details-icon'>s<\/span><\/div>\n<\/a><\/div><\/div>\n<div id='prod-cat-detail-item-4016' class='prod-cat-item upcp-detail-item ' data-itemid='4016'>\n<div id='prod-cat-detail-div-4016' class='prod-cat-thumb-image-div upcp-detail-image-div'><a class='upcp-catalogue-link'  href='\/index.php?rest_route=%2Fwp%2Fv2%2Fpages%2F2928&SingleProduct=4016' onclick='RecordView(4016);'><img src='http:\/\/www.lesautographes.com\/wp-content\/uploads\/2022\/09\/22-235x300.jpg' alt='022 Pierre-Jean de B\u00c9RANGER (1780-1857) po\u00e8te et chansonnier Image' id='prod-cat-thumb-4016' class='prod-cat-thumb-image upcp-thumb-image'><\/a><\/div>\n<div id='prod-cat-mid-div-4016' class='prod-cat-mid-detail-div upcp-mid-detail-div'><a class='upcp-catalogue-link'  href='\/index.php?rest_route=%2Fwp%2Fv2%2Fpages%2F2928&SingleProduct=4016' onclick='RecordView(4016);'><div id='prod-cat-title-4016' class='prod-cat-title upcp-detail-title'>022 Pierre-Jean de B\u00c9RANGER (1780-1857) po\u00e8te et chansonnier<\/div>\n<\/a><div id='prod-cat-desc-4016' class='prod-cat-desc upcp-detail-desc'>L.A.S., [\u00e0 son ami Guernu]\u00a0; 4 pages in-4. Longue et int\u00e9ressante analyse et critique d\u2019une com\u00e9die satirique et politique sous la Restauration. Il lui conseille de mieux r\u00e9partir l\u2019action sur les trois actes, et d\u2019indiquer d\u00e8s le d\u00e9but \u00ab\u00a0le but vers lequel tu fais marcher ton caract\u00e8re. Cela me para\u00eet d\u2019autant plus convenable que les deux premiers actes me paraissent vides d\u2019action\u00a0\u00bb... Il reproche certaines plaisanteries, qui ne sont pas du meilleur go\u00fbt, m\u00eame si son style lui para\u00eet fort appropri\u00e9 \u00e0 la com\u00e9die\u00a0: \u00ab\u00a0Il y a des passages qui, revus un peu, para\u00eetront excellents\u00a0\u00bb, \u00e0 condition de renoncer aux \u00ab\u00a0plaisanteries de mots\u00a0\u00bb\u2026 Il encourage l\u2019esprit satirique et politique du sujet\u00a0: \u00ab\u00a0L\u2019ind\u00e9pendance n\u2019est appel\u00e9e manie, que pour les usages priv\u00e9s. Elle est presque inconnue chez nous dans l\u2019application \u00e0 la politique, et c\u2019est une esp\u00e8ce de malheur. Le titre d\u2019ind\u00e9pendant donn\u00e9 \u00e0 certains hommes est un mot sans signification. Ta pi\u00e8ce donnera lieu \u00e0 de fr\u00e9quentes applications contre les lib\u00e9raux\u00a0: elle pourra te conduire \u00e0 des r\u00e9compenses minist\u00e9rielles, et tu ne peux \u00e9viter cet inconv\u00e9nient. Dans un pays aussi monarchique que le n\u00f4tre, dans un pays o\u00f9 l\u2019on aura tant de peine \u00e0 cr\u00e9er une opposition forte, vigoureuse, quoique toujours mesur\u00e9e, il est au moins imprudent de tourner en ridicule l\u2019ind\u00e9pendance de caract\u00e8re [\u2026] Apr\u00e8s 50 ou 60 ans de gouvernement repr\u00e9sentatif, il n\u2019y aurait pas de mal \u00e0 donner des pi\u00e8ces de ce genre\u00a0; aujourd\u2019hui j\u2019en vois beaucoup\u00a0\u00bb\u2026 Etc.<div class='upcp-prod-desc-custom-fields upcp-custom-field-details'><\/div><\/div>\n<\/div><div id='prod-cat-end-div-4016' class='prod-cat-end-detail-div upcp-end-detail-div'><div id='prod-cat-price-4016' class='prod-cat-price upcp-detail-price' data-item_price='300\u00a0 \u20ac'><span class='full-price' itemprop='offers' itemscope itemtype='http:\/\/schema.org\/Offer'><span itemprop='price' content='300\u00a0'>300\u00a0<\/span><span itemprop='priceCurrency' content=''> \u20ac<\/span><\/span><\/div>\n<a class='upcp-catalogue-link'  href='\/index.php?rest_route=%2Fwp%2Fv2%2Fpages%2F2928&SingleProduct=4016' onclick='RecordView(4016);'><div id='prod-cat-details-link-4016' class='prod-cat-details-link upcp-detail-details-link'><span class='upcp-details-text'>d\u00e9tails<\/span><span class='upcp-details-icon'>s<\/span><\/div>\n<\/a><\/div><\/div>\n<div id='prod-cat-detail-item-4018' class='prod-cat-item upcp-detail-item ' data-itemid='4018'>\n<div id='prod-cat-detail-div-4018' class='prod-cat-thumb-image-div upcp-detail-image-div'><a class='upcp-catalogue-link'  href='\/index.php?rest_route=%2Fwp%2Fv2%2Fpages%2F2928&SingleProduct=4018' onclick='RecordView(4018);'><img src='http:\/\/www.lesautographes.com\/wp-content\/uploads\/2022\/09\/24-232x300.jpg' alt='024 Georges BERNANOS (1888-1948) \u00e9crivain Image' id='prod-cat-thumb-4018' class='prod-cat-thumb-image upcp-thumb-image'><\/a><\/div>\n<div id='prod-cat-mid-div-4018' class='prod-cat-mid-detail-div upcp-mid-detail-div'><a class='upcp-catalogue-link'  href='\/index.php?rest_route=%2Fwp%2Fv2%2Fpages%2F2928&SingleProduct=4018' onclick='RecordView(4018);'><div id='prod-cat-title-4018' class='prod-cat-title upcp-detail-title'>024 Georges BERNANOS (1888-1948) \u00e9crivain<\/div>\n<\/a><div id='prod-cat-desc-4018' class='prod-cat-desc upcp-detail-desc'>Manuscrit autographe\u00a0; 1 page et demie in-4 sur feuillet de papier quadrill\u00e9. Brouillon tr\u00e8s ratur\u00e9 et corrig\u00e9 d\u2019un feuillet d\u2019une conf\u00e9rence ou d\u2019un article pendant ou juste apr\u00e8s la guerre (1939-1945)\u00a0: \u00ab\u00a0C\u2019est bien joli par exemple de pr\u00e9tendre que la France ne reconna\u00eet d\u2019autre loi que celle de son propre int\u00e9r\u00eat, mais dans un monde livr\u00e9 \u00e0 un d\u00e9terminisme impitoyable qui s\u2019appelle la concurrence totale, la France, pr\u00e9cis\u00e9ment, ne sera pas grand-chose, en attendant qu\u2019elle ne soit plus rien\u00a0\u00bb\u2026 Etc.<div class='upcp-prod-desc-custom-fields upcp-custom-field-details'><\/div><\/div>\n<\/div><div id='prod-cat-end-div-4018' class='prod-cat-end-detail-div upcp-end-detail-div'><div id='prod-cat-price-4018' class='prod-cat-price upcp-detail-price' data-item_price='250\u00a0 \u20ac'><span class='full-price' itemprop='offers' itemscope itemtype='http:\/\/schema.org\/Offer'><span itemprop='price' content='250\u00a0'>250\u00a0<\/span><span itemprop='priceCurrency' content=''> \u20ac<\/span><\/span><\/div>\n<a class='upcp-catalogue-link'  href='\/index.php?rest_route=%2Fwp%2Fv2%2Fpages%2F2928&SingleProduct=4018' onclick='RecordView(4018);'><div id='prod-cat-details-link-4018' class='prod-cat-details-link upcp-detail-details-link'><span class='upcp-details-text'>d\u00e9tails<\/span><span class='upcp-details-icon'>s<\/span><\/div>\n<\/a><\/div><\/div>\n<div id='prod-cat-detail-item-4019' class='prod-cat-item upcp-detail-item ' data-itemid='4019'>\n<div id='prod-cat-detail-div-4019' class='prod-cat-thumb-image-div upcp-detail-image-div'><a class='upcp-catalogue-link'  href='\/index.php?rest_route=%2Fwp%2Fv2%2Fpages%2F2928&SingleProduct=4019' onclick='RecordView(4019);'><img src='http:\/\/www.lesautographes.com\/wp-content\/uploads\/2022\/09\/25-246x300.jpg' alt='025 Simon BERNARD (1779-1839) g\u00e9n\u00e9ral et ing\u00e9nieur, il r\u00e9alisa de grands travaux aux \u00c9tats-Unis, et fut ministre de la Guerre Image' id='prod-cat-thumb-4019' class='prod-cat-thumb-image upcp-thumb-image'><\/a><\/div>\n<div id='prod-cat-mid-div-4019' class='prod-cat-mid-detail-div upcp-mid-detail-div'><a class='upcp-catalogue-link'  href='\/index.php?rest_route=%2Fwp%2Fv2%2Fpages%2F2928&SingleProduct=4019' onclick='RecordView(4019);'><div id='prod-cat-title-4019' class='prod-cat-title upcp-detail-title'>025 Simon BERNARD (1779-1839) g\u00e9n\u00e9ral et ing\u00e9nieur, il r\u00e9alisa de grands travaux aux \u00c9tats-Unis, et fut ministre de la Guerre<\/div>\n<\/a><div id='prod-cat-desc-4019' class='prod-cat-desc upcp-detail-desc'>L.A.S., Neuilly 12 juillet 1833, au g\u00e9n\u00e9ral Bertrand\u00a0; 3 pages in-4 \u00e0 en-t\u00eate biff\u00e9 Aide de Camp de service pr\u00e8s du Roi (petite fente r\u00e9par\u00e9e). Int\u00e9ressante lettre sur la fortification et la d\u00e9fense de Paris. Il a lu avec un vif int\u00e9r\u00eat son discours sur les fortifications de Paris, question trait\u00e9e \u00ab\u00a0non seulement avec la haute exp\u00e9rience que vous avez acquise, mais encore avec cette noble et consciencieuse conviction qui distingue votre beau caract\u00e8re devenu, depuis longtemps, europ\u00e9en\u00a0\u00bb\u2026 Il lui fait part de ses convictions personnelles\u00a0: \u00e0 son avis, Napol\u00e9on n\u2019a jamais explicitement donn\u00e9 \u00ab\u00a0un mode positif pour fortifier Paris d\u2019une mani\u00e8re permanente\u00a0\u00bb, ce qu\u2019il a toujours regrett\u00e9\u00a0: \u00ab\u00a0La pens\u00e9e de Vauban, notre grand ma\u00eetre, est plus positive\u00a0; deux enceintes concentriques et deux citadelles l\u2019une en amont, l\u2019autre en aval, celles-ci destin\u00e9es \u00e0 conserver la position apr\u00e8s la prise des enceintes, et \u00e0 recevoir tout le mat\u00e9riel d\u2019une aussi grande d\u00e9fense. C\u2019est une id\u00e9e g\u00e9n\u00e9rale \u00e0 laquelle je me suis attach\u00e9\u00a0; [\u2026] je crois qu\u2019une ceinture de forts occupant les postions autour de Paris, le mur d\u2019octroi convenablement organis\u00e9 et prot\u00e9g\u00e9 en avant par les faubourgs barricad\u00e9s forment deux lignes concentriques de d\u00e9fense [\u2026] analogues \u00e0 celles de Vauban. Je crois ce syst\u00e8me moins co\u00fbteux que celui d\u2019une seule enceinte bastionn\u00e9e\u00a0\u00bb\u2026 La situation politique de l\u2019Europe ne permettant pas de s\u2019abandonner \u00e0 l\u2019id\u00e9e flatteuse d\u2019une longue paix, il pense que Paris devrait \u00eatre fortifi\u00e9e, et au plus vite\u2026 De plus, il est persuad\u00e9 que Paris ne peut \u00eatre d\u00e9fendu par une simple garnison\u00a0: \u00ab\u00a0dans le cas d\u2019une invasion, l\u2019arm\u00e9e d\u00e9fensive ne peut man\u0153uvrer que dans le sens d\u2019une concentration sur Paris\u00a0: point d\u2019une importance immense\u00a0\u00bb\u2026.<div class='upcp-prod-desc-custom-fields upcp-custom-field-details'><\/div><\/div>\n<\/div><div id='prod-cat-end-div-4019' class='prod-cat-end-detail-div upcp-end-detail-div'><div id='prod-cat-price-4019' class='prod-cat-price upcp-detail-price' data-item_price='250\u00a0 \u20ac'><span class='full-price' itemprop='offers' itemscope itemtype='http:\/\/schema.org\/Offer'><span itemprop='price' content='250\u00a0'>250\u00a0<\/span><span itemprop='priceCurrency' content=''> \u20ac<\/span><\/span><\/div>\n<a class='upcp-catalogue-link'  href='\/index.php?rest_route=%2Fwp%2Fv2%2Fpages%2F2928&SingleProduct=4019' onclick='RecordView(4019);'><div id='prod-cat-details-link-4019' class='prod-cat-details-link upcp-detail-details-link'><span class='upcp-details-text'>d\u00e9tails<\/span><span class='upcp-details-icon'>s<\/span><\/div>\n<\/a><\/div><\/div>\n<div id='prod-cat-detail-item-4021' class='prod-cat-item upcp-detail-item ' data-itemid='4021'>\n<div id='prod-cat-detail-div-4021' class='prod-cat-thumb-image-div upcp-detail-image-div'><a class='upcp-catalogue-link'  href='\/index.php?rest_route=%2Fwp%2Fv2%2Fpages%2F2928&SingleProduct=4021' onclick='RecordView(4021);'><img src='http:\/\/www.lesautographes.com\/wp-content\/uploads\/2022\/09\/27-240x300.jpg' alt='027 Pierre de Riel, marquis de BEURNONVILLE (1752-1821) g\u00e9n\u00e9ral, ministre de la Guerre en 1793, il fut livr\u00e9 comme otage par Dumouriez aux Autrichiens\u00a0; mar\u00e9chal de France Image' id='prod-cat-thumb-4021' class='prod-cat-thumb-image upcp-thumb-image'><\/a><\/div>\n<div id='prod-cat-mid-div-4021' class='prod-cat-mid-detail-div upcp-mid-detail-div'><a class='upcp-catalogue-link'  href='\/index.php?rest_route=%2Fwp%2Fv2%2Fpages%2F2928&SingleProduct=4021' onclick='RecordView(4021);'><div id='prod-cat-title-4021' class='prod-cat-title upcp-detail-title'>027 Pierre de Riel, marquis de BEURNONVILLE (1752-1821) g\u00e9n\u00e9ral, ministre de la Guerre en 1793, il fut livr\u00e9 comme otage par Dumouriez aux Autrichiens\u00a0; mar\u00e9chal de France<\/div>\n<\/a><div id='prod-cat-desc-4021' class='prod-cat-desc upcp-detail-desc'>L.A.S., Paris 9 pluvi\u00f4se VII (28 janvier 1799), au citoyen Bottot\u00a0; 2 pages et demie in-4. En faveur de son 1er aide-de-camp pour la promotion duquel il pr\u00e9sente un m\u00e9moire, et qui est \u00e0 la t\u00eate de ses bureaux depuis quatre ans\u00a0: \u00ab\u00a0sans Carnot qui n\u2019aimoit pas plus le Bourgeois qu\u2019il n\u2019aimoit le diable, l\u2019aide de camp seroit depuis longtemps chef de brigade. Il vient de faire encore avec moi la tourn\u00e9e la plus p\u00e9nible et la plus int\u00e9ressante. Il est un des plus anciens capitaines de l\u2019arm\u00e9e\u00a0\u00bb, et devrait \u00eatre depuis longtemps chef d\u2019escadron\u00a0: \u00ab\u00a0le Ministre de la Guerre qui lui rend toute justice, est tr\u00e8s dispos\u00e9 \u00e0 lui accorder ce brevet, si les directeurs apostillent ce m\u00e9moire. [\u2026] C\u2019est la seule faveur que j\u2019aye demand\u00e9 depuis quatre ans au gouvernement, c\u2019est aussi la seulle promotion\u00a0\u00bb\u2026<div class='upcp-prod-desc-custom-fields upcp-custom-field-details'><\/div><\/div>\n<\/div><div id='prod-cat-end-div-4021' class='prod-cat-end-detail-div upcp-end-detail-div'><div id='prod-cat-price-4021' class='prod-cat-price upcp-detail-price' data-item_price='150\u00a0 \u20ac'><span class='full-price' itemprop='offers' itemscope itemtype='http:\/\/schema.org\/Offer'><span itemprop='price' content='150\u00a0'>150\u00a0<\/span><span itemprop='priceCurrency' content=''> \u20ac<\/span><\/span><\/div>\n<a class='upcp-catalogue-link'  href='\/index.php?rest_route=%2Fwp%2Fv2%2Fpages%2F2928&SingleProduct=4021' onclick='RecordView(4021);'><div id='prod-cat-details-link-4021' class='prod-cat-details-link upcp-detail-details-link'><span class='upcp-details-text'>d\u00e9tails<\/span><span class='upcp-details-icon'>s<\/span><\/div>\n<\/a><\/div><\/div>\n<div id='prod-cat-detail-item-4023' class='prod-cat-item upcp-detail-item ' data-itemid='4023'>\n<div id='prod-cat-detail-div-4023' class='prod-cat-thumb-image-div upcp-detail-image-div'><a class='upcp-catalogue-link'  href='\/index.php?rest_route=%2Fwp%2Fv2%2Fpages%2F2928&SingleProduct=4023' onclick='RecordView(4023);'><img src='http:\/\/www.lesautographes.com\/wp-content\/uploads\/2022\/09\/29-185x300.jpg' alt='029 L\u00e9on BLOY (1846-1917) \u00e9crivain Image' id='prod-cat-thumb-4023' class='prod-cat-thumb-image upcp-thumb-image'><\/a><\/div>\n<div id='prod-cat-mid-div-4023' class='prod-cat-mid-detail-div upcp-mid-detail-div'><a class='upcp-catalogue-link'  href='\/index.php?rest_route=%2Fwp%2Fv2%2Fpages%2F2928&SingleProduct=4023' onclick='RecordView(4023);'><div id='prod-cat-title-4023' class='prod-cat-title upcp-detail-title'>029 L\u00e9on BLOY (1846-1917) \u00e9crivain<\/div>\n<\/a><div id='prod-cat-desc-4023' class='prod-cat-desc upcp-detail-desc'>L.A.S., Paris rue Blomet Vendredi soir [8 novembre 1889], \u00e0 Johanne Molbech\u00a0; 2 pages in-8. Curieuse lettre in\u00e9dite \u00e0 sa future femme, o\u00f9 Bloy refuse de se rendre \u00e0 la pension de sa \u00ab\u00a0bien aim\u00e9e Jeanne\u00a0\u00bb, o\u00f9 un \u00ab\u00a0jeune homme\u00a0\u00bb souhaite le rencontrer, de peur de la compromettre. Il pressent un danger\u00a0: \u00ab\u00a0D\u2019ailleurs, je ne crois pas du tout \u00e0 ces belles promesses\u00a0\u00bb, et il risque de trouver les conditions inacceptables. \u00ab\u00a0Ce qui est exasp\u00e9rant, c\u2019est l\u2019impossibilit\u00e9 de se voir. Cinq minutes de conversation avec toi, ma ch\u00e9rie, m\u2019en apprendrait plus que plusieurs lettres. [\u2026] je suis plein de d\u00e9fiance. Pour que j\u2019allasse en Alg\u00e9rie, il faudrait tant de choses que je n\u2019y crois gu\u00e8re. [\u2026] Je ne veux pas me d\u00e9ranger sans autre profit que de satisfaire la curiosit\u00e9 des gens qui, probablement, ne peuvent rien pour moi. J\u2019ai endur\u00e9 souvent cette humiliation et j\u2019en ai assez. Je suis d\u00e9j\u00e0 aussi malheureux qu\u2019on puisse l\u2019\u00eatre\u00a0\u00bb. Cette situation l\u2019irrite profond\u00e9ment et le met \u00ab\u00a0dans un \u00e9tat d\u2019esprit tr\u00e8s violent\u00a0\u00bb\u2026 On joint une enveloppe autographe \u00ab\u00a0Dipl\u00f4me de Jeanne\u00a0\u00bb (vide).<div class='upcp-prod-desc-custom-fields upcp-custom-field-details'><\/div><\/div>\n<\/div><div id='prod-cat-end-div-4023' class='prod-cat-end-detail-div upcp-end-detail-div'><div id='prod-cat-price-4023' class='prod-cat-price upcp-detail-price' data-item_price='600\u00a0 \u20ac'><span class='full-price' itemprop='offers' itemscope itemtype='http:\/\/schema.org\/Offer'><span itemprop='price' content='600\u00a0'>600\u00a0<\/span><span itemprop='priceCurrency' content=''> \u20ac<\/span><\/span><\/div>\n<a class='upcp-catalogue-link'  href='\/index.php?rest_route=%2Fwp%2Fv2%2Fpages%2F2928&SingleProduct=4023' onclick='RecordView(4023);'><div id='prod-cat-details-link-4023' class='prod-cat-details-link upcp-detail-details-link'><span class='upcp-details-text'>d\u00e9tails<\/span><span class='upcp-details-icon'>s<\/span><\/div>\n<\/a><\/div><\/div>\n<div id='prod-cat-detail-item-4025' class='prod-cat-item upcp-detail-item ' data-itemid='4025'>\n<div id='prod-cat-detail-div-4025' class='prod-cat-thumb-image-div upcp-detail-image-div'><a class='upcp-catalogue-link'  href='\/index.php?rest_route=%2Fwp%2Fv2%2Fpages%2F2928&SingleProduct=4025' onclick='RecordView(4025);'><img src='http:\/\/www.lesautographes.com\/wp-content\/uploads\/2022\/09\/31-229x300.jpg' alt='031 Louis, vicomte de BONALD (1754-1840) \u00e9crivain, philosophe et homme politique l\u00e9gitimiste Image' id='prod-cat-thumb-4025' class='prod-cat-thumb-image upcp-thumb-image'><\/a><\/div>\n<div id='prod-cat-mid-div-4025' class='prod-cat-mid-detail-div upcp-mid-detail-div'><a class='upcp-catalogue-link'  href='\/index.php?rest_route=%2Fwp%2Fv2%2Fpages%2F2928&SingleProduct=4025' onclick='RecordView(4025);'><div id='prod-cat-title-4025' class='prod-cat-title upcp-detail-title'>031 Louis, vicomte de BONALD (1754-1840) \u00e9crivain, philosophe et homme politique l\u00e9gitimiste<\/div>\n<\/a><div id='prod-cat-desc-4025' class='prod-cat-desc upcp-detail-desc'>L.A.S., mercredi soir [1814\u00a0?], \u00e0 son fr\u00e8re Auguste de Bonald, \u00e0 Rodez (Aveyron)\u00a0; 2\u00a0pages in-4, adresse. Recommandation du fils a\u00een\u00e9 du \u00ab\u00a0plus grand propri\u00e9taire de notre paroisse\u00a0\u00bb, le sieur Causse de Longuers, veuf charg\u00e9 de neuf enfants, dont le deuxi\u00e8me \u00ab\u00a0etoit dans les grenadiers de la garde, il n\u2019en a pas eu de nouvelles depuis le mois d\u2019avril 1812 [...] Je n\u2019ay pu \u00e0 Paris savoir ce qu\u2019il etoit devenu et je ne doute pas qu\u2019il n\u2019ait p\u00e9ri dans la campagne de Russie. \u00c0 present on demande l\u2019a\u00een\u00e9 pour les gardes d\u2019honneur, l\u2019a\u00een\u00e9 qui est pr\u00e9sent \u00e0 l\u2019arm\u00e9e puisqu\u2019il y a un rempla\u00e7ant qui lui a cout\u00e9 8000ll. Cette maison o\u00f9 il y a un gros bien et d\u2019une exploitation penible seroit perdue si on prenoit ce jeune homme\u00a0\u00bb... \u00c9tant d\u00e9j\u00e0 intervenu aupr\u00e8s du pr\u00e9fet pour L\u00e9opold de P\u00e9quinolles, il ne veut encore \u00e9crire pour celui-ci, \u00ab\u00a0mais j\u2019ay pens\u00e9 que vous lui serviri\u00e9s de patron, et qu\u2019il vous seroit permis de faire valoir des moyens legitimes d\u2019exemption\u00a0\u00bb... Il s\u2019interroge ensuite sur les grands succ\u00e8s qui pourraient tourner \u00e0 leur avantage\u00a0: \u00ab\u00a0Aurons nous enfin la paix \u00e0 force de retraites [?], serons [nous] toujours heureux au-dehors et malheureux au-dedans\u00a0? En v\u00e9rit\u00e9, on ne scaurait ass\u00e9s s\u2019\u00e9tonner et de la constante fortune de cet homme et de l\u2019\u00e9ternelle inf\u00e9riorit\u00e9 de nations si guerri\u00e8res et si nombreuses\u00a0\u00bb...<div class='upcp-prod-desc-custom-fields upcp-custom-field-details'><\/div><\/div>\n<\/div><div id='prod-cat-end-div-4025' class='prod-cat-end-detail-div upcp-end-detail-div'><div id='prod-cat-price-4025' class='prod-cat-price upcp-detail-price' data-item_price='250\u00a0 \u20ac'><span class='full-price' itemprop='offers' itemscope itemtype='http:\/\/schema.org\/Offer'><span itemprop='price' content='250\u00a0'>250\u00a0<\/span><span itemprop='priceCurrency' content=''> \u20ac<\/span><\/span><\/div>\n<a class='upcp-catalogue-link'  href='\/index.php?rest_route=%2Fwp%2Fv2%2Fpages%2F2928&SingleProduct=4025' onclick='RecordView(4025);'><div id='prod-cat-details-link-4025' class='prod-cat-details-link upcp-detail-details-link'><span class='upcp-details-text'>d\u00e9tails<\/span><span class='upcp-details-icon'>s<\/span><\/div>\n<\/a><\/div><\/div>\n<div id='prod-cat-detail-item-4026' class='prod-cat-item upcp-detail-item ' data-itemid='4026'>\n<div id='prod-cat-detail-div-4026' class='prod-cat-thumb-image-div upcp-detail-image-div'><a class='upcp-catalogue-link'  href='\/index.php?rest_route=%2Fwp%2Fv2%2Fpages%2F2928&SingleProduct=4026' onclick='RecordView(4026);'><img src='http:\/\/www.lesautographes.com\/wp-content\/uploads\/2022\/09\/32-236x300.jpg' alt='032 Letizia BONAPARTE (1750-1836) m\u00e8re de Napol\u00e9on Image' id='prod-cat-thumb-4026' class='prod-cat-thumb-image upcp-thumb-image'><\/a><\/div>\n<div id='prod-cat-mid-div-4026' class='prod-cat-mid-detail-div upcp-mid-detail-div'><a class='upcp-catalogue-link'  href='\/index.php?rest_route=%2Fwp%2Fv2%2Fpages%2F2928&SingleProduct=4026' onclick='RecordView(4026);'><div id='prod-cat-title-4026' class='prod-cat-title upcp-detail-title'>032 Letizia BONAPARTE (1750-1836) m\u00e8re de Napol\u00e9on<\/div>\n<\/a><div id='prod-cat-desc-4026' class='prod-cat-desc upcp-detail-desc'>L.S. \u00ab\u00a0vostra affma sorella\u00a0\u00bb, Paris 9 avril 1807, [\u00e0 son demi-fr\u00e8re, le cardinal Joseph Fesch]\u00a0; 1 page in-4. Nouvelles familiales. Elle a re\u00e7u ses lettres\u00a0: \u00ab\u00a0Celle qui m\u2019annonce la fausset\u00e9 de la nouvelle de votre pr\u00e9tendu accident a \u00e9t\u00e9 tr\u00e8s consolante pour moi. Je reconnois tout votre attachement dans le conseil que l\u2019autre contient d\u2019aller aux eaux, mais j\u2019ai de fortes raisons que vous m\u00eame ne pourrez qu\u2019approuver lorsque je vous les ferai conno\u00eetre, pour ne pas y aller dans le courant de cette saison. Ma sant\u00e9 continue \u00e0 \u00eatre bonne. Tous ceux de la famille \u00e0 Paris se portent aussi bien. Hier j\u2019ai re\u00e7u une lettre de J\u00e9r\u00f4me dat\u00e9e de Breslau. L\u2019Empereur vient de le nommer G\u00e9n\u00e9ral de Division en lui conservant toujours son grade d\u2019Amiral, et cela le comble de contentement et de joie. [\u2026] Je pense que Paulette [Pauline] vous a d\u00e9j\u00e0 prevenu que l\u2019Empereur ne trouve pas bien qu\u2019elle aille prendre les eaux en Provence\u00a0\u00bb\u2026<div class='upcp-prod-desc-custom-fields upcp-custom-field-details'><\/div><\/div>\n<\/div><div id='prod-cat-end-div-4026' class='prod-cat-end-detail-div upcp-end-detail-div'><div id='prod-cat-price-4026' class='prod-cat-price upcp-detail-price' data-item_price='1\u00a0500\u00a0 \u20ac'><span class='full-price' itemprop='offers' itemscope itemtype='http:\/\/schema.org\/Offer'><span itemprop='price' content='1\u00a0500\u00a0'>1\u00a0500\u00a0<\/span><span itemprop='priceCurrency' content=''> \u20ac<\/span><\/span><\/div>\n<a class='upcp-catalogue-link'  href='\/index.php?rest_route=%2Fwp%2Fv2%2Fpages%2F2928&SingleProduct=4026' onclick='RecordView(4026);'><div id='prod-cat-details-link-4026' class='prod-cat-details-link upcp-detail-details-link'><span class='upcp-details-text'>d\u00e9tails<\/span><span class='upcp-details-icon'>s<\/span><\/div>\n<\/a><\/div><\/div>\n<div id='prod-cat-detail-item-4027' class='prod-cat-item upcp-detail-item ' data-itemid='4027'>\n<div id='prod-cat-detail-div-4027' class='prod-cat-thumb-image-div upcp-detail-image-div'><a class='upcp-catalogue-link'  href='\/index.php?rest_route=%2Fwp%2Fv2%2Fpages%2F2928&SingleProduct=4027' onclick='RecordView(4027);'><img src='http:\/\/www.lesautographes.com\/wp-content\/uploads\/2022\/09\/33-231x300.jpg' alt='033 Marie BONAPARTE (1882-1962) descendante de Lucien Bonaparte\u00a0; princesse de Gr\u00e8ce, traductrice de Freud et introductrice de la psychanalyse en France Image' id='prod-cat-thumb-4027' class='prod-cat-thumb-image upcp-thumb-image'><\/a><\/div>\n<div id='prod-cat-mid-div-4027' class='prod-cat-mid-detail-div upcp-mid-detail-div'><a class='upcp-catalogue-link'  href='\/index.php?rest_route=%2Fwp%2Fv2%2Fpages%2F2928&SingleProduct=4027' onclick='RecordView(4027);'><div id='prod-cat-title-4027' class='prod-cat-title upcp-detail-title'>033 Marie BONAPARTE (1882-1962) descendante de Lucien Bonaparte\u00a0; princesse de Gr\u00e8ce, traductrice de Freud et introductrice de la psychanalyse en France<\/div>\n<\/a><div id='prod-cat-desc-4027' class='prod-cat-desc upcp-detail-desc'>L.A.S. \u00ab\u00a0Marie (Pse de Gr\u00e8ce)\u00a0\u00bb, Le Lys de Mer, Saint-Tropez 20 septembre 1958, [\u00e0 Robert Kemp]\u00a0; 1 page et demie in-4 \u00e0 son adresse. \u00ab\u00a0Les Presses universitaires ont l\u2019intention de mettre en vente le second volume de mes souvenirs de jeunesse L\u2019Appel des S\u00e8ves au d\u00e9but d\u2019octobre. Et, comme je vous ai d\u00e9j\u00e0 remis ce volume au Lys de Mer, M. Josselin des Presses ne vous enverra pas d\u2019autre exemplaire [\u2026]. Je veux vous dire le grand plaisir que nous avons eu toutes, ma fille, ma petite-fille et moi, \u00e0 vous avoir quelques heures parmi nous, ainsi que Madame Robert Kemp\u00a0\u00bb\u2026<div class='upcp-prod-desc-custom-fields upcp-custom-field-details'><\/div><\/div>\n<\/div><div id='prod-cat-end-div-4027' class='prod-cat-end-detail-div upcp-end-detail-div'><div id='prod-cat-price-4027' class='prod-cat-price upcp-detail-price' data-item_price='250\u00a0 \u20ac'><span class='full-price' itemprop='offers' itemscope itemtype='http:\/\/schema.org\/Offer'><span itemprop='price' content='250\u00a0'>250\u00a0<\/span><span itemprop='priceCurrency' content=''> \u20ac<\/span><\/span><\/div>\n<a class='upcp-catalogue-link'  href='\/index.php?rest_route=%2Fwp%2Fv2%2Fpages%2F2928&SingleProduct=4027' onclick='RecordView(4027);'><div id='prod-cat-details-link-4027' class='prod-cat-details-link upcp-detail-details-link'><span class='upcp-details-text'>d\u00e9tails<\/span><span class='upcp-details-icon'>s<\/span><\/div>\n<\/a><\/div><\/div>\n<div id='prod-cat-detail-item-4028' class='prod-cat-item upcp-detail-item ' data-itemid='4028'>\n<div id='prod-cat-detail-div-4028' class='prod-cat-thumb-image-div upcp-detail-image-div'><a class='upcp-catalogue-link'  href='\/index.php?rest_route=%2Fwp%2Fv2%2Fpages%2F2928&SingleProduct=4028' onclick='RecordView(4028);'><img src='http:\/\/www.lesautographes.com\/wp-content\/uploads\/2022\/09\/34-218x300.jpg' alt='034 Emmanuel BONDEVILLE (1898-1987) compositeu Image' id='prod-cat-thumb-4028' class='prod-cat-thumb-image upcp-thumb-image'><\/a><\/div>\n<div id='prod-cat-mid-div-4028' class='prod-cat-mid-detail-div upcp-mid-detail-div'><a class='upcp-catalogue-link'  href='\/index.php?rest_route=%2Fwp%2Fv2%2Fpages%2F2928&SingleProduct=4028' onclick='RecordView(4028);'><div id='prod-cat-title-4028' class='prod-cat-title upcp-detail-title'>034 Emmanuel BONDEVILLE (1898-1987) compositeu<\/div>\n<\/a><div id='prod-cat-desc-4028' class='prod-cat-desc upcp-detail-desc'>L.A.S., jeudi, [\u00e0 \u00c9mile Vuillermoz]\u00a0; 4 pages in-8. Il a failli lui t\u00e9l\u00e9graphier pour le rencontrer et \u00ab\u00a0fixer la temp\u00e9rature... d\u2019un Normand que, fort gentiment, vous qualifiez de calme et pond\u00e9r\u00e9\u00a0!\u00a0\u00bb... Il a h\u00e2te de le revoir \u00ab\u00a0pour pr\u00e9parer \u2013 \u00e0 la Radio \u2013 certaines r\u00e9alisations qui peuvent \u00eatre belles. Il arrive souvent que je me demande si je dois rester \u00e0 la Radio. Je crois vraiment qu\u2019un Normand authentiquement sage et authentiquement pond\u00e9r\u00e9 n\u2019y demeurerait pas \u00e9ternellement. Et cet examen de conscience ne tourne jamais \u00e0 mon \u00e9loge par moi-m\u00eame\u00a0!\u00a0\u00bb...<div class='upcp-prod-desc-custom-fields upcp-custom-field-details'><\/div><\/div>\n<\/div><div id='prod-cat-end-div-4028' class='prod-cat-end-detail-div upcp-end-detail-div'><div id='prod-cat-price-4028' class='prod-cat-price upcp-detail-price' data-item_price='25\u00a0 \u20ac'><span class='full-price' itemprop='offers' itemscope itemtype='http:\/\/schema.org\/Offer'><span itemprop='price' content='25\u00a0'>25\u00a0<\/span><span itemprop='priceCurrency' content=''> \u20ac<\/span><\/span><\/div>\n<a class='upcp-catalogue-link'  href='\/index.php?rest_route=%2Fwp%2Fv2%2Fpages%2F2928&SingleProduct=4028' onclick='RecordView(4028);'><div id='prod-cat-details-link-4028' class='prod-cat-details-link upcp-detail-details-link'><span class='upcp-details-text'>d\u00e9tails<\/span><span class='upcp-details-icon'>s<\/span><\/div>\n<\/a><\/div><\/div>\n<div id='prod-cat-detail-item-4029' class='prod-cat-item upcp-detail-item ' data-itemid='4029'>\n<div id='prod-cat-detail-div-4029' class='prod-cat-thumb-image-div upcp-detail-image-div'><a class='upcp-catalogue-link'  href='\/index.php?rest_route=%2Fwp%2Fv2%2Fpages%2F2928&SingleProduct=4029' onclick='RecordView(4029);'><img src='http:\/\/www.lesautographes.com\/wp-content\/uploads\/2022\/09\/35-188x300.jpg' alt='035 Henri de BORNIER (1825-1901) auteur dramatique Image' id='prod-cat-thumb-4029' class='prod-cat-thumb-image upcp-thumb-image'><\/a><\/div>\n<div id='prod-cat-mid-div-4029' class='prod-cat-mid-detail-div upcp-mid-detail-div'><a class='upcp-catalogue-link'  href='\/index.php?rest_route=%2Fwp%2Fv2%2Fpages%2F2928&SingleProduct=4029' onclick='RecordView(4029);'><div id='prod-cat-title-4029' class='prod-cat-title upcp-detail-title'>035 Henri de BORNIER (1825-1901) auteur dramatique<\/div>\n<\/a><div id='prod-cat-desc-4029' class='prod-cat-desc upcp-detail-desc'>3 L.A.S., 1894-1897, \u00e0 Victorin de Jonci\u00e8res, et po\u00e8me autographe, La Chanson de G\u00e9rontia\u00a0; 3 pages in-4 dont 2 \u00e0 en-t\u00eate Biblioth\u00e8que de l\u2019Arsenal et 1 page in-fol. \u2014 Il rassure Jonci\u00e8res \u00e0 propos de sa candidature, recommande Mlle Dreyfus une cantatrice am\u00e9ricaine, assure qu\u2019il a fait ce qu\u2019il fallait pour rendre justice au po\u00e8te de L\u2019\u00c2me du Sphinx... \u2014 La Chanson de G\u00e9rontia, po\u00e8me de 16 vers, chanson \u00ab\u00a0retranch\u00e9e des Noces d\u2019Attila\u00a0\u00bb\u00a0: \u00ab\u00a0Dans sa tombe solitaire\u00a0\/ L\u2019enfant dort\u00a0\u00bb... On joint une L.A.S., 10 avril 1896, \u00e0 l\u2019auteur de L\u2019\u00e2me du Sphinx qui lui a rappel\u00e9 des vers de V. Hugo (1 page in-8), et une carte de visite autogr.<div class='upcp-prod-desc-custom-fields upcp-custom-field-details'><\/div><\/div>\n<\/div><div id='prod-cat-end-div-4029' class='prod-cat-end-detail-div upcp-end-detail-div'><div id='prod-cat-price-4029' class='prod-cat-price upcp-detail-price' data-item_price='150\u00a0 \u20ac'><span class='full-price' itemprop='offers' itemscope itemtype='http:\/\/schema.org\/Offer'><span itemprop='price' content='150\u00a0'>150\u00a0<\/span><span itemprop='priceCurrency' content=''> \u20ac<\/span><\/span><\/div>\n<a class='upcp-catalogue-link'  href='\/index.php?rest_route=%2Fwp%2Fv2%2Fpages%2F2928&SingleProduct=4029' onclick='RecordView(4029);'><div id='prod-cat-details-link-4029' class='prod-cat-details-link upcp-detail-details-link'><span class='upcp-details-text'>d\u00e9tails<\/span><span class='upcp-details-icon'>s<\/span><\/div>\n<\/a><\/div><\/div>\n<div id='prod-cat-detail-item-4030' class='prod-cat-item upcp-detail-item ' data-itemid='4030'>\n<div id='prod-cat-detail-div-4030' class='prod-cat-thumb-image-div upcp-detail-image-div'><a class='upcp-catalogue-link'  href='\/index.php?rest_route=%2Fwp%2Fv2%2Fpages%2F2928&SingleProduct=4030' onclick='RecordView(4030);'><img src='http:\/\/www.lesautographes.com\/wp-content\/uploads\/2022\/09\/36-300x218.jpg' alt='036 Jacques-B\u00e9nigne BOSSUET (1627-1704) pr\u00e9lat, th\u00e9ologien, pr\u00e9dicateur et \u00e9crivain\u00a0; \u00e9v\u00eaque de Meaux Image' id='prod-cat-thumb-4030' class='prod-cat-thumb-image upcp-thumb-image'><\/a><\/div>\n<div id='prod-cat-mid-div-4030' class='prod-cat-mid-detail-div upcp-mid-detail-div'><a class='upcp-catalogue-link'  href='\/index.php?rest_route=%2Fwp%2Fv2%2Fpages%2F2928&SingleProduct=4030' onclick='RecordView(4030);'><div id='prod-cat-title-4030' class='prod-cat-title upcp-detail-title'>036 Jacques-B\u00e9nigne BOSSUET (1627-1704) pr\u00e9lat, th\u00e9ologien, pr\u00e9dicateur et \u00e9crivain\u00a0; \u00e9v\u00eaque de Meaux<\/div>\n<\/a><div id='prod-cat-desc-4030' class='prod-cat-desc upcp-detail-desc'>L.A., Paris 13 janvier 1698, [\u00e0 son neveu l\u2019abb\u00e9 Jacques-B\u00e9nigne Bossuet (1664-1743), d\u00e9put\u00e9 \u00e0 Rome pour l\u2019affaire du qui\u00e9tisme]\u00a0; 6 pages et demie in-8, fragment de cachet cire rouge au dos, quelques mots en chiffre (d\u00e9chiffr\u00e9s dans les interlignes). Importante lettre sur la querelle du qui\u00e9tisme, faisant allusion \u00e0 son Explication des maximes des Saints (Summa doctrin\u00e6), \u00e0 la r\u00e9ponse publi\u00e9e par F\u00e9nelon, au proc\u00e8s de Mgr Le Tellier archev\u00eaque de Reims contre les J\u00e9suites, et \u00e0 d\u2019autres personnalit\u00e9s et affaires du jour. Sa lettre du 10 d\u00e9cembre lui apprend des choses qu\u2019il e\u00fbt \u00e9t\u00e9 f\u00e2ch\u00e9 d\u2019ignorer. \u00ab\u00a0Je croy vous avoir mand\u00e9 que j\u2019ay veu entre les mains de Bonacurse [le cardinal de Janson] une lettre de 4003 [Mgr Giori], ou le feu ecrit en conformit\u00e9 avec 32 [l\u2019abb\u00e9 Bossuet]. 23 [Janson] m\u2019a promis de la faire voir ou il faut. On est fort aise ici de la continuation des conferences des examinateurs. J\u2019ai receu de Flandre un petit livre contre le Summa doctrin\u00e6 qui a beaucoup de venin et de dissimulation. Il y est fait mention d\u2019une reponse a la declaration qui n\u2019est pas encore ven\u00fce a ma connoissance. Je l\u2019attend pour prendre ma resolution. Je ne ferai rien que de court. On ne croira pas ici aisement 8 [que] le duc Jean [le cardinal de Bouillon] ait 2.9.70.71.5. [hast\u00e9 (la suite des conf\u00e9rences)]. Il se passe ici une chose qui fait grand bruit au sujet d\u2019une remontrance que les Jesuites ont imprim\u00e9e a M. de R[eims] sur son ordonnance. Ils la croyent fort respectueuse\u00a0: et ce prelat la trouve pleine de derision et de brocards. Apres avoir attendu longtemps, et avoir pris les mesures qu\u2019il falloit, on luy a permis d\u2019avoir recours a la justice du Parlement sans entamer le fonds. Il s\u2019agira seulement de la reparation sur le manque de respect et une impression sans aveu. M. de Reims a donn\u00e9 une requeste forte mais moder\u00e9e\u00a0: les superieurs des trois maisons des Jesuites ont est\u00e9 mand\u00e9s a demain pour venir avouer ou desavouer et faire leur declaration telle qu\u2019ils trouveront a propos. Ils avoueront sans doute et sur la forme la condamnation est indubitable. Scavoir comment cela se tournera et ce que feront les Jesuites en satisfaction pour prevenir le coup c\u2019est ce que l\u2019on ne peut encore prevoir. Le RP de La Chaise prit la peine de venir hier ici avec le P. Gaillard et ils me parlerent amplement de cette affaire. Je leur fis quelque ouverture comme de moy mesme. Je les recevrai demain. Il sera encore temp par ce qu\u2019on croit que les Jesuites ont obtenu un delay de quelque jours\u00a0\u00bb... Bossuet \u00e9voque les bont\u00e9s du cardinal de Bouillon pour l\u2019abb\u00e9. M. de Paris \u00e9tait \u00e0 Versailles, hier, lorsque Bossuet alla lui faire les compliments de l\u2019abb\u00e9. \u00ab\u00a0On envoyera au premier jour l\u2019exposition de la foy et le recueil d\u2019oraisons funebres [ces deux livres pour \u00eatre offerts au cardinal Casanata] Vous aurez aussi les remarques des anglois sur Mr l\u2019abb\u00e9 de Fenelon. Nous y joindrons la Remonstrance a Mr de Reims, la requeste et l\u2019arrest intervenu dessus pour mander les Jesuites. Cela s\u2019est fait tres civilement par un greffier qui est Donois leur ami. Cet arrest prejuge assez contre eux. Continuez a servir l\u2019\u00e9glise. Dieu vous aidera de plus en plus\u00a0\u00bb... Il fera voir au Prince de Conti \u00ab\u00a0ce que vous m\u2019ecrivez sur son sujet qui est tres juste. Il va bientost gaigner son proces par arrest comme il l\u2019a d\u00e9j\u00e0 gaign\u00e9 par sentence des requettes du Palais\u00a0\u00bb. Il ajoute en chiffre\u00a0: \u00ab\u00a0Les J\u00e9suites enragent\u00a0\u00bb.<div class='upcp-prod-desc-custom-fields upcp-custom-field-details'><\/div><\/div>\n<\/div><div id='prod-cat-end-div-4030' class='prod-cat-end-detail-div upcp-end-detail-div'><div id='prod-cat-price-4030' class='prod-cat-price upcp-detail-price' data-item_price='4\u00a0500\u00a0 \u20ac'><span class='full-price' itemprop='offers' itemscope itemtype='http:\/\/schema.org\/Offer'><span itemprop='price' content='4\u00a0500\u00a0'>4\u00a0500\u00a0<\/span><span itemprop='priceCurrency' content=''> \u20ac<\/span><\/span><\/div>\n<a class='upcp-catalogue-link'  href='\/index.php?rest_route=%2Fwp%2Fv2%2Fpages%2F2928&SingleProduct=4030' onclick='RecordView(4030);'><div id='prod-cat-details-link-4030' class='prod-cat-details-link upcp-detail-details-link'><span class='upcp-details-text'>d\u00e9tails<\/span><span class='upcp-details-icon'>s<\/span><\/div>\n<\/a><\/div><\/div>\n<div id='prod-cat-detail-item-4032' class='prod-cat-item upcp-detail-item ' data-itemid='4032'>\n<div id='prod-cat-detail-div-4032' class='prod-cat-thumb-image-div upcp-detail-image-div'><a class='upcp-catalogue-link'  href='\/index.php?rest_route=%2Fwp%2Fv2%2Fpages%2F2928&SingleProduct=4032' onclick='RecordView(4032);'><img src='http:\/\/www.lesautographes.com\/wp-content\/uploads\/2022\/09\/38-227x300.jpg' alt='038 Ren\u00e9 BOYLESVE (1867-1926) \u00e9crivain Image' id='prod-cat-thumb-4032' class='prod-cat-thumb-image upcp-thumb-image'><\/a><\/div>\n<div id='prod-cat-mid-div-4032' class='prod-cat-mid-detail-div upcp-mid-detail-div'><a class='upcp-catalogue-link'  href='\/index.php?rest_route=%2Fwp%2Fv2%2Fpages%2F2928&SingleProduct=4032' onclick='RecordView(4032);'><div id='prod-cat-title-4032' class='prod-cat-title upcp-detail-title'>038 Ren\u00e9 BOYLESVE (1867-1926) \u00e9crivain<\/div>\n<\/a><div id='prod-cat-desc-4032' class='prod-cat-desc upcp-detail-desc'> po\u00e8me autographe, Nuit sur la gr\u00e8ve\u00a0; 1 page et demie in-4. Po\u00e8me en prose de jeunesse, avec ratures et corrections\u00a0: \u00ab\u00a0Du loin immesurable, dans l\u2019opaque de la nuit, sourdent les lames qui vont venir.\u00a0\/ Qui conna\u00eet l\u2019antre des Conciles de la Mer\u00a0? qui pourrait dire o\u00f9 sourdent les lames\u00a0?\u00a0\/ Et dans quel but sourdent les lames\u00a0? et pour quelles fins les lames sont parties\u00a0?\u00a0\/ Larges d\u2019un Oc\u00e9an, muettes d\u2019un myst\u00e8re, vont et roulent les lames sur l\u2019immense des eaux sombres\u00a0\u00bb...<div class='upcp-prod-desc-custom-fields upcp-custom-field-details'><\/div><\/div>\n<\/div><div id='prod-cat-end-div-4032' class='prod-cat-end-detail-div upcp-end-detail-div'><div id='prod-cat-price-4032' class='prod-cat-price upcp-detail-price' data-item_price='150\u00a0 \u20ac'><span class='full-price' itemprop='offers' itemscope itemtype='http:\/\/schema.org\/Offer'><span itemprop='price' content='150\u00a0'>150\u00a0<\/span><span itemprop='priceCurrency' content=''> \u20ac<\/span><\/span><\/div>\n<a class='upcp-catalogue-link'  href='\/index.php?rest_route=%2Fwp%2Fv2%2Fpages%2F2928&SingleProduct=4032' onclick='RecordView(4032);'><div id='prod-cat-details-link-4032' class='prod-cat-details-link upcp-detail-details-link'><span class='upcp-details-text'>d\u00e9tails<\/span><span class='upcp-details-icon'>s<\/span><\/div>\n<\/a><\/div><\/div>\n<\/div><div class='upcp-clear'><\/div>\n<\/div>\n<div class='upcp-clear'><\/div><div class='upcp-infinite-scroll-content-area'><div class='shortcode-attr upcp-Hide-Item' id='upcp-max-page'>8<\/div><\/div><\/div><script language='JavaScript' type='text\/javascript'><\/script><div class='upcp-clear'><\/div><\/div>\n","protected":false},"excerpt":{"rendered":"","protected":false},"author":1,"featured_media":0,"parent":0,"menu_order":0,"comment_status":"closed","ping_status":"closed","template":"","meta":{"footnotes":""},"class_list":["post-2928","page","type-page","status-publish","hentry"],"_links":{"self":[{"href":"http:\/\/www.lesautographes.com\/index.php?rest_route=\/wp\/v2\/pages\/2928","targetHints":{"allow":["GET"]}}],"collection":[{"href":"http:\/\/www.lesautographes.com\/index.php?rest_route=\/wp\/v2\/pages"}],"about":[{"href":"http:\/\/www.lesautographes.com\/index.php?rest_route=\/wp\/v2\/types\/page"}],"author":[{"embeddable":true,"href":"http:\/\/www.lesautographes.com\/index.php?rest_route=\/wp\/v2\/users\/1"}],"replies":[{"embeddable":true,"href":"http:\/\/www.lesautographes.com\/index.php?rest_route=%2Fwp%2Fv2%2Fcomments&post=2928"}],"version-history":[{"count":2,"href":"http:\/\/www.lesautographes.com\/index.php?rest_route=\/wp\/v2\/pages\/2928\/revisions"}],"predecessor-version":[{"id":2931,"href":"http:\/\/www.lesautographes.com\/index.php?rest_route=\/wp\/v2\/pages\/2928\/revisions\/2931"}],"wp:attachment":[{"href":"http:\/\/www.lesautographes.com\/index.php?rest_route=%2Fwp%2Fv2%2Fmedia&parent=2928"}],"curies":[{"name":"wp","href":"https:\/\/api.w.org\/{rel}","templated":true}]}}